{"id":61297,"date":"2025-05-15T11:44:25","date_gmt":"2025-05-15T09:44:25","guid":{"rendered":"https:\/\/www.anika-net.de\/event\/rapid-si-usor-germania\/"},"modified":"2025-05-15T11:44:25","modified_gmt":"2025-05-15T09:44:25","slug":"rapid-si-usor-germania","status":"publish","type":"event","link":"https:\/\/www.anika-net.de\/ro\/event\/rapid-si-usor-germania\/","title":{"rendered":"Rapid \u0219i u\u0219or Germania"},"content":{"rendered":"<h3><span style=\"color: #666699;\">\u00cen\u021be\u00adle\u00adge\u00adrea Ger\u00adma\u00adniei: Aspec\u00adte inter\u00adcul\u00adtu\u00adra\u00adle pen\u00adtru via\u00ad\u021ba \u0219i mun\u00adca \u00een Germania<\/span><\/h3>\n<h1><span style=\"color: #ffcc00;\">Rapid \u0219i u\u0219or Germania<\/span><\/h1>\n<p>Acest Thin\u00adk\u00adcen\u00adter ofe\u00adr\u0103 o intro\u00addu\u00adce\u00adre prac\u00adti\u00adc\u0103 \u0219i inte\u00adrac\u00adti\u00adv\u0103 la subiec\u00adtul \u201cA tr\u0103i \u0219i a ajun\u00adge \u00een Ger\u00adma\u00adnia\u201d. Vom arun\u00adca o scur\u00adt\u0103 pri\u00advi\u00adre la \u00eentre\u00adba\u00adrea fun\u00addamen\u00adta\u00adl\u0103: <strong>Ce este cul\u00adtu\u00adra<\/strong> \u2014 \u0219i cum ne mode\u00adlea\u00adz\u0103 ea g\u00e2n\u00addu\u00adri\u00adle, ac\u021biu\u00adni\u00adle \u0219i a\u0219tep\u00adt\u0103\u00adri\u00adle? \u00cen acest con\u00adtext, ne vom uita, de ase\u00adme\u00adnea, la carac\u00adte\u00adris\u00adti\u00adci\u00adle tipi\u00adce care sunt ade\u00adsea aso\u00adci\u00ada\u00adte cu \u201cger\u00adma\u00adnii\u201d. Sco\u00adpul este de a crea o \u00een\u021be\u00adle\u00adge\u00adre ini\u00ad\u021bia\u00adl\u0103 a dife\u00adren\u00ad\u021be\u00adlor \u0219i ase\u00adm\u0103\u00adn\u0103\u00adri\u00adlor culturale.&nbsp;<\/p>\n<p>Par\u00adti\u00adci\u00adpan\u00ad\u021bii vor avea apoi oca\u00adzia s\u0103 reflec\u00adte\u00adze \u00een gru\u00adpuri mici asu\u00adpra pro\u00adpri\u00adi\u00adlor expe\u00adrien\u00ad\u021be inter\u00adcul\u00adtu\u00adra\u00adle. Ce \u00eent\u00e2l\u00adniri au fost deo\u00adse\u00adbit de for\u00adma\u00adti\u00adve?   <strong>Ce le\u2011a f\u0103cut pozi\u00adti\u00adve sau pro\u00advo\u00adca\u00adtoa\u00adre?<\/strong>  Schim\u00adbul are rolul de a extin\u00adde per\u00adspec\u00adti\u00adve\u00adle per\u00adso\u00adna\u00adle \u0219i de a \u00eenv\u0103\u00ad\u021ba unii de la&nbsp;al\u021bii.<\/p>\n<p>O alt\u0103 tem\u0103 cen\u00adtra\u00adl\u0103 a pre\u00adle\u00adge\u00adrii va fi g\u0103si\u00adrea unui loc de mun\u00adc\u0103 \u00een Ger\u00adma\u00adnia. \u00cen spe\u00adcial, se va pune accen\u00adtul pe a\u0219tep\u00adt\u0103\u00adri\u00adle recr\u00adu\u00adto\u00adri\u00adlor ger\u00admani \u0219i pe par\u00adti\u00adcu\u00adla\u00adri\u00adt\u0103\u00ad\u021bi\u00adle inter\u00adcul\u00adtu\u00adra\u00adle \u00een tim\u00adpul inter\u00adviu\u00adri\u00adlor de anga\u00adja\u00adre. Par\u00adti\u00adci\u00adpan\u00ad\u021bii vor pri\u00admi sfa\u00adturi uti\u00adle des\u00adpre cum s\u0103 se pre\u00adg\u0103\u00adteas\u00adc\u0103 pen\u00adtru situ\u00ada\u00ad\u021bi\u00adi\u00adle de soli\u00adci\u00adta\u00adre a unui loc de mun\u00adc\u0103 \u00eentr-un mediu de lucru german.&nbsp;<\/p>\n<p>Urm\u0103\u00adto\u00adrul bloc tema\u00adtic se refe\u00adr\u0103 la via\u00ad\u021ba soci\u00ada\u00adl\u0103:<strong> Cum v\u0103 pute\u021bi face pri\u00ade\u00adte\u00adni \u00een Ger\u00adma\u00adnia \u0219i cum pute\u021bi sta\u00adbili \u0219i men\u00ad\u021bi\u00adne con\u00adtac\u00adte soci\u00ada\u00adle?<\/strong> Ce rol joa\u00adc\u0103 acti\u00advi\u00adt\u0103\u00ad\u021bi\u00adle de petre\u00adce\u00adre a tim\u00adpu\u00adlui liber, invi\u00adta\u00ad\u021bi\u00adi\u00adle \u0219i schim\u00adbu\u00adri\u00adle \u00een via\u00ad\u021ba de zi cu zi? \u00cen plus, vor fi pre\u00adzen\u00adta\u00adte ofer\u00adte spe\u00adci\u00adfi\u00adce din regiu\u00adnea Karl\u00adsru\u00adhe \u2014 inclu\u00adsiv clu\u00adburi, eve\u00adni\u00admen\u00adte \u0219i fes\u00adti\u00adva\u00adluri \u2014 care pot servi drept punc\u00adte de ple\u00adca\u00adre pen\u00adtru noi \u00eent\u00e2lniri.&nbsp;<\/p>\n<h4><span style=\"color: #008080;\"><strong>\ud83d\udca1 Impor\u00adtant<\/strong><\/span><\/h4>\n<p><strong>Atunci c\u00e2nd v\u0103 \u00eenre\u00adgis\u00adtra\u021bi, v\u0103 rug\u0103m s\u0103 men\u00ad\u021bio\u00adna\u021bi \u00een c\u00e2m\u00adpul \u201cWarum neh\u00admen Sie an der Veranstalt\u00adung teil?\u201d dac\u0103 dori\u021bi s\u0103 par\u00adti\u00adci\u00adpa\u021bi la masa rot\u00adun\u00add\u0103 \u00een engle\u00adz\u0103 sau german\u0103.<\/strong><\/p>\n<h4><strong>\ud83c\udfa4 <\/strong><span style=\"color: #008080;\"><strong>Vor\u00adbi\u00adtor <\/strong><\/span> <\/h4>\n<p>Elke M\u00fcl\u00adler este pro\u00adpri\u00ade\u00adta\u00adra com\u00adpa\u00adss inter\u00adna\u00adtio\u00adnal gmbh din Stut\u00adtgart, un eco\u00adno\u00admist de afa\u00adceri spe\u00adcia\u00adli\u00adzat \u00een mana\u00adge\u00admen\u00adtul resur\u00adse\u00adlor uma\u00adne. \u00cen cali\u00adta\u00adte de for\u00adma\u00adtor, teme\u00adle sale prin\u00adci\u00adpa\u00adle sunt sen\u00adsi\u00adbi\u00adli\u00adza\u00adrea inter\u00adcul\u00adtu\u00adra\u00adl\u0103, ate\u00adli\u00ade\u00adre\u00adle \u00een dome\u00adni\u00adul anti-dis\u00adcri\u00admi\u00adn\u0103\u00adrii sau sen\u00adsi\u00adbi\u00adli\u00adza\u00adrea pen\u00adtru diver\u00adsi\u00adta\u00adte \u2014 \u00een spe\u00adcial pen\u00adtru mana\u00adgeri sau echi\u00adpe diver\u00adse. \u00cen cali\u00adta\u00adte de con\u00adsul\u00adtant, ea se ocu\u00adp\u0103 de subiec\u00adte pre\u00adcum inter\u00adna\u021bio\u00adna\u00adli\u00adza\u00adrea \u00een sec\u00adto\u00adrul resur\u00adse\u00adlor uma\u00adne, intro\u00addu\u00adce\u00adrea \u0219i imple\u00admen\u00adta\u00adrea pro\u00adiec\u00adte\u00adlor de diver\u00adsi\u00adta\u00adte \u0219i inclu\u00adziu\u00adne, pre\u00adcum \u0219i inte\u00adgra\u00adrea stra\u00adte\u00adgi\u00adc\u0103 a anga\u00adja\u00ad\u021bi\u00adlor interna\u021bionali.&nbsp;<\/p>\n<h2>\ud83d\udc49\ud83c\udffd <span style=\"color: #800080;\"><a style=\"color: #800080;\" href=\"https:\/\/www.cyberforum.de\/veranstaltungen\/anmeldung?tx_wrcyberforumevents_register%5Baction%5D=login&amp;tx_wrcyberforumevents_register%5Bcontroller%5D=Registration&amp;tx_wrcyberforumevents_register%5Bevent%5D=9689&amp;cHash=24a78d60c41712fc13dc0738b42d1cf2\" rel=\"noopener\">\u00cenre\u00adgis\u00adtra\u00adre<\/a><\/span><\/h2>\n","protected":false},"author":12,"featured_media":59059,"template":"","class_list":["post-61297","event","type-event","status-publish","has-post-thumbnail","hentry","event_category-asistenta"],"acf":{"event-recurring":false,"event-category":81,"event-is-language-course":false,"event-recurring-still-active":true,"event-display-details":true,"event-schedules-recurring":null,"event-schedules-calendar":[{"event-calendar-day":"20250605","event-calendar-time":"09:00 - 11:00","event-calendar-time-text":""}],"event-is-online":true,"event-online-url":"","event-location-building":"","event-location-street":"","event-location-zip":"","event-location-city":"","event-location-contact-person":"","event-location-phone":"","event-location-phone-2":"","event-location-mail":"","event-location-mail-2":"","event-location-website":"https:\/\/www.cyberforum.de\/veranstaltungen\/quickn-easy-germany-05-06-2025","event-target-group":null,"event-target-group-comment":"Masa rotund\u0103 se adreseaz\u0103 \u00een primul r\u00e2nd profesioni\u0219tilor interna\u021bionali, dar \u0219i membrilor familiilor sau partenerilor acestora.","event-free":true,"event-organiser":[15697],"event-header-copyright-overlay":true,"event-copyright-note-description-end":false},"featured_image_urls_v2":{"full":["https:\/\/www.anika-net.de\/wp-content\/uploads\/2025\/02\/webinar-links-seo-hand-cyberspace-concept-scaled.jpg",2560,2560,false],"thumbnail":["https:\/\/www.anika-net.de\/wp-content\/uploads\/2025\/02\/webinar-links-seo-hand-cyberspace-concept-150x150.jpg",150,150,true],"medium":["https:\/\/www.anika-net.de\/wp-content\/uploads\/2025\/02\/webinar-links-seo-hand-cyberspace-concept-300x300.jpg",300,300,true],"medium_large":["https:\/\/www.anika-net.de\/wp-content\/uploads\/2025\/02\/webinar-links-seo-hand-cyberspace-concept-768x768.jpg",640,640,true],"large":["https:\/\/www.anika-net.de\/wp-content\/uploads\/2025\/02\/webinar-links-seo-hand-cyberspace-concept-1024x1024.jpg",640,640,true],"1536x1536":["https:\/\/www.anika-net.de\/wp-content\/uploads\/2025\/02\/webinar-links-seo-hand-cyberspace-concept-1536x1536.jpg",1536,1536,true],"2048x2048":["https:\/\/www.anika-net.de\/wp-content\/uploads\/2025\/02\/webinar-links-seo-hand-cyberspace-concept-2048x2048.jpg",2048,2048,true],"event-overview":["https:\/\/www.anika-net.de\/wp-content\/uploads\/2025\/02\/webinar-links-seo-hand-cyberspace-concept-960x640.jpg",960,640,true],"event-archive-thumb":["https:\/\/www.anika-net.de\/wp-content\/uploads\/2025\/02\/webinar-links-seo-hand-cyberspace-concept-480x480.jpg",480,480,true],"grid-item-thumbnail":["https:\/\/www.anika-net.de\/wp-content\/uploads\/2025\/02\/webinar-links-seo-hand-cyberspace-concept-360x200.jpg",360,200,true],"network-partner-icon":["https:\/\/www.anika-net.de\/wp-content\/uploads\/2025\/02\/webinar-links-seo-hand-cyberspace-concept-100x100.jpg",100,100,true],"organiser-icon":["https:\/\/www.anika-net.de\/wp-content\/uploads\/2025\/02\/webinar-links-seo-hand-cyberspace-concept-200x200.jpg",200,200,true],"gform-image-choice-sm":["https:\/\/www.anika-net.de\/wp-content\/uploads\/2025\/02\/webinar-links-seo-hand-cyberspace-concept-scaled.jpg",300,300,false],"gform-image-choice-md":["https:\/\/www.anika-net.de\/wp-content\/uploads\/2025\/02\/webinar-links-seo-hand-cyberspace-concept-scaled.jpg",400,400,false],"gform-image-choice-lg":["https:\/\/www.anika-net.de\/wp-content\/uploads\/2025\/02\/webinar-links-seo-hand-cyberspace-concept-scaled.jpg",600,600,false]},"post_excerpt_stackable_v2":"<p>\u00cen\u021be\u00adle\u00adge\u00adrea Ger\u00adma\u00adniei: Aspec\u00adte inter\u00adcul\u00adtu\u00adra\u00adle pen\u00adtru via\u00ad\u021ba \u0219i mun\u00adca \u00een Ger\u00adma\u00adnia Rapid \u0219i u\u0219or Ger\u00adma\u00adnia Acest Thin\u00adk\u00adcen\u00adter ofe\u00adr\u0103 o intro\u00addu\u00adce\u00adre prac\u00adti\u00adc\u0103 \u0219i inte\u00adrac\u00adti\u00adv\u0103 la subiec\u00adtul \u201cA tr\u0103i \u0219i a ajun\u00adge \u00een Ger\u00adma\u00adnia\u201d. Vom arun\u00adca o scur\u00adt\u0103 pri\u00advi\u00adre la \u00eentre\u00adba\u00adrea fun\u00addamen\u00adta\u00adl\u0103: Ce este cul\u00adtu\u00adra \u2014 \u0219i cum ne mode\u00adlea\u00adz\u0103 ea g\u00e2n\u00addu\u00adri\u00adle, ac\u021biu\u00adni\u00adle \u0219i a\u0219tep\u00adt\u0103\u00adri\u00adle? \u00cen acest con\u00adtext, ne vom uita, de ase\u00adme\u00adnea, la carac\u00adte\u00adris\u00adti\u00adci\u00adle tipi\u00adce care sunt ade\u00adsea aso\u00adci\u00ada\u00adte cu \u201cger\u00adma\u00adnii\u201d. Sco\u00adpul este de a crea o \u00een\u021be\u00adle\u00adge\u00adre ini\u00ad\u021bia\u00adl\u0103 a dife\u00adren\u00ad\u021be\u00adlor \u0219i ase\u00adm\u0103\u00adn\u0103\u00adri\u00adlor cul\u00adtu\u00adra\u00adle.&nbsp; Par\u00adti\u00adci\u00adpan\u00ad\u021bii vor avea apoi oca\u00adzia s\u0103 reflec\u00adte\u00adze \u00een gru\u00adpuri mici asu\u00adpra pro\u00adpri\u00adi\u00adlor expe\u00adrien\u00ad\u021be inter\u00adcul\u00adtu\u00adra\u00adle. Ce \u00eent\u00e2l\u00adniri au&nbsp;fost\u2026<\/p>\n","category_list_v2":"","author_info_v2":{"name":"Andrea Ramirez","url":"https:\/\/www.anika-net.de\/ro\/author\/andrea-ramirez\/"},"comments_num_v2":"0 comments","uagb_featured_image_src":{"full":["https:\/\/www.anika-net.de\/wp-content\/uploads\/2025\/02\/webinar-links-seo-hand-cyberspace-concept-scaled.jpg",2560,2560,false],"thumbnail":["https:\/\/www.anika-net.de\/wp-content\/uploads\/2025\/02\/webinar-links-seo-hand-cyberspace-concept-150x150.jpg",150,150,true],"medium":["https:\/\/www.anika-net.de\/wp-content\/uploads\/2025\/02\/webinar-links-seo-hand-cyberspace-concept-300x300.jpg",300,300,true],"medium_large":["https:\/\/www.anika-net.de\/wp-content\/uploads\/2025\/02\/webinar-links-seo-hand-cyberspace-concept-768x768.jpg",640,640,true],"large":["https:\/\/www.anika-net.de\/wp-content\/uploads\/2025\/02\/webinar-links-seo-hand-cyberspace-concept-1024x1024.jpg",640,640,true],"1536x1536":["https:\/\/www.anika-net.de\/wp-content\/uploads\/2025\/02\/webinar-links-seo-hand-cyberspace-concept-1536x1536.jpg",1536,1536,true],"2048x2048":["https:\/\/www.anika-net.de\/wp-content\/uploads\/2025\/02\/webinar-links-seo-hand-cyberspace-concept-2048x2048.jpg",2048,2048,true],"event-overview":["https:\/\/www.anika-net.de\/wp-content\/uploads\/2025\/02\/webinar-links-seo-hand-cyberspace-concept-960x640.jpg",960,640,true],"event-archive-thumb":["https:\/\/www.anika-net.de\/wp-content\/uploads\/2025\/02\/webinar-links-seo-hand-cyberspace-concept-480x480.jpg",480,480,true],"grid-item-thumbnail":["https:\/\/www.anika-net.de\/wp-content\/uploads\/2025\/02\/webinar-links-seo-hand-cyberspace-concept-360x200.jpg",360,200,true],"network-partner-icon":["https:\/\/www.anika-net.de\/wp-content\/uploads\/2025\/02\/webinar-links-seo-hand-cyberspace-concept-100x100.jpg",100,100,true],"organiser-icon":["https:\/\/www.anika-net.de\/wp-content\/uploads\/2025\/02\/webinar-links-seo-hand-cyberspace-concept-200x200.jpg",200,200,true],"gform-image-choice-sm":["https:\/\/www.anika-net.de\/wp-content\/uploads\/2025\/02\/webinar-links-seo-hand-cyberspace-concept-scaled.jpg",300,300,false],"gform-image-choice-md":["https:\/\/www.anika-net.de\/wp-content\/uploads\/2025\/02\/webinar-links-seo-hand-cyberspace-concept-scaled.jpg",400,400,false],"gform-image-choice-lg":["https:\/\/www.anika-net.de\/wp-content\/uploads\/2025\/02\/webinar-links-seo-hand-cyberspace-concept-scaled.jpg",600,600,false]},"uagb_author_info":{"display_name":"Andrea Ramirez","author_link":"https:\/\/www.anika-net.de\/ro\/author\/andrea-ramirez\/"},"uagb_comment_info":0,"uagb_excerpt":"\u00cen\u021be\u00adle\u00adge\u00adrea Ger\u00adma\u00adniei: Aspec\u00adte inter\u00adcul\u00adtu\u00adra\u00adle pen\u00adtru via\u00ad\u021ba \u0219i mun\u00adca \u00een Germania Rapid \u0219i u\u0219or Germania Acest Thin\u00adk\u00adcen\u00adter ofe\u00adr\u0103 o intro\u00addu\u00adce\u00adre prac\u00adti\u00adc\u0103 \u0219i inte\u00adrac\u00adti\u00adv\u0103 la subiec\u00adtul \u201cA tr\u0103i \u0219i a ajun\u00adge \u00een&nbsp;Citi\u021bi mai mult","_links":{"self":[{"href":"https:\/\/www.anika-net.de\/ro\/wp-json\/wp\/v2\/event\/61297","targetHints":{"allow":["GET"]}}],"collection":[{"href":"https:\/\/www.anika-net.de\/ro\/wp-json\/wp\/v2\/event"}],"about":[{"href":"https:\/\/www.anika-net.de\/ro\/wp-json\/wp\/v2\/types\/event"}],"author":[{"embeddable":true,"href":"https:\/\/www.anika-net.de\/ro\/wp-json\/wp\/v2\/users\/12"}],"version-history":[{"count":0,"href":"https:\/\/www.anika-net.de\/ro\/wp-json\/wp\/v2\/event\/61297\/revisions"}],"acf:post":[{"embeddable":true,"href":"https:\/\/www.anika-net.de\/ro\/wp-json\/wp\/v2\/organiser\/15697"}],"acf:term":[{"embeddable":true,"taxonomy":"event_category","href":"https:\/\/www.anika-net.de\/ro\/wp-json\/wp\/v2\/event_category\/81"}],"wp:featuredmedia":[{"embeddable":true,"href":"https:\/\/www.anika-net.de\/ro\/wp-json\/wp\/v2\/media\/59059"}],"wp:attachment":[{"href":"https:\/\/www.anika-net.de\/ro\/wp-json\/wp\/v2\/media?parent=61297"}],"curies":[{"name":"wp","href":"https:\/\/api.w.org\/{rel}","templated":true}]}}