{"id":59771,"date":"2025-03-12T12:08:01","date_gmt":"2025-03-12T11:08:01","guid":{"rendered":"https:\/\/www.anika-net.de\/event\/ziua-ocupatiilor-de-formare-necunoscute\/"},"modified":"2025-03-12T12:08:01","modified_gmt":"2025-03-12T11:08:01","slug":"ziua-ocupatiilor-de-formare-necunoscute","status":"publish","type":"event","link":"https:\/\/www.anika-net.de\/ro\/event\/ziua-ocupatiilor-de-formare-necunoscute\/","title":{"rendered":"Ziua ocu\u00adpa\u00ad\u021bi\u00adi\u00adlor de for\u00adma\u00adre necunoscute"},"content":{"rendered":"<h4><span style=\"color: #666699;\">Sun\u00adte\u021bi inte\u00adre\u00adsat de o ucenicie<br>\n\u0219i dori\u021bi s\u0103 cunoa\u0219\u00adte\u021bi une\u00adle din\u00adtre cele mai necu\u00adnos\u00adcu\u00adte ucenicii?<\/span><\/h4>\n<h1><span style=\"color: #008080;\">Ziua ocu\u00adpa\u00ad\u021bi\u00adi\u00adlor de for\u00adma\u00adre necunoscute<\/span><\/h1>\n<p><span style=\"color: #999999;\"><em>De exem\u00adplu, ce face de fapt un ingi\u00adner hidra\u00adulic? Cum lucrea\u00adz\u0103 un pla\u00adni\u00adfi\u00adca\u00adtor de sis\u00adte\u00adme tehnice?&nbsp;<\/em><\/span><br>\n<span style=\"color: #999999;\"><em>Unde lucrea\u00adz\u0103 teh\u00adno\u00adlo\u00adgii de mediu? Ce fac spe\u00adcia\u00adli\u0219\u00adtii \u00een ser\u00advi\u00adcii de ocu\u00adpa\u00adre a for\u00ad\u021bei de mun\u00adc\u0103? Arun\u00adca\u021bi o pri\u00advi\u00adre la lis\u00adta noas\u00adtr\u0103 de mai jos pen\u00adtru a vedea ce uce\u00adni\u00adcii inte\u00adre\u00adsan\u00adte v\u0103 putem prezenta.&nbsp;<\/em><\/span><\/p>\n<p>Pes\u00adte 20 de sta\u00adgii de uce\u00adni\u00adcie sunt pre\u00adzen\u00adta\u00adte de anga\u00adja\u00adtori din regiu\u00adnea noas\u00adtr\u0103. Pute\u021bi dis\u00adcu\u00adta cu sta\u00adgi\u00ada\u00adrii \u0219i ob\u021bine infor\u00adma\u00ad\u021bii de pri\u00adm\u0103&nbsp;m\u00e2n\u0103.&nbsp;<\/p>\n<p>A\u021bi redac\u00adtat deja o cere\u00adre? <strong>The<\/strong> <a href=\"https:\/\/www.anika-net.de\/event\/support-with-application-for-jobs\/\"><strong>Beo\u00adNe\u00adtwork<\/strong><\/a> va fi bucu\u00adroa\u00ads\u0103 s\u0103 arun\u00adce o pri\u00advi\u00adre asu\u00adpra docu\u00admen\u00adte\u00adlor dvs. sau s\u0103 v\u0103 ofe\u00adre sfa\u00adturi valoroase.&nbsp;<\/p>\n<p>Dori\u021bi infor\u00adma\u00ad\u021bii gene\u00adra\u00adle des\u00adpre ceea ce se ofe\u00adr\u0103 aici? Con\u00adsi\u00adli\u00ade\u00adrul dvs. de carie\u00adr\u0103 v\u0103 va a\u0219tep\u00adta la Ziua uce\u00adni\u00adci\u00adlor necunoscu\u021bi.&nbsp;<\/p>\n<p><strong> <span style=\"color: #ff6600;\">Mar\u021bi, 25 mar\u00adtie 2025<\/span>, <\/strong>\u00eentre ore\u00adle 15:00 \u0219i 18:00, veni\u021bi la <strong>Cen\u00adtrul de infor\u00adma\u00adre pen\u00adtru cari\u00ade\u00adre (BiZ)<\/strong> <strong>al Agen\u00ad\u021bi\u00adei pen\u00adtru ocu\u00adpa\u00adrea for\u00ad\u021bei de mun\u00adc\u0103 din Karl\u00adsru\u00adhe, situ\u00adat pe Brau\u00ader\u00adstra\u00ad\u00dfe 10 <\/strong>.<\/p>\n<h3><span style=\"color: #008080;\"><strong>Noap\u00adte de uce\u00adni\u00adcie necu\u00adnos\u00adcu\u00adt\u0103 \u00een Rastatt<\/strong><\/span><\/h3>\n<p>De alt\u00adfel, Noap\u00adtea uce\u00adni\u00adci\u00adlor necu\u00adnos\u00adcu\u021bi va avea <strong>loc<\/strong>, de ase\u00adme\u00adnea <a href=\"https:\/\/eveeno.com\/nacht-der-unbekannten-ausbildungsberufe\" rel=\"noopener\"><strong>\u00een Ras\u00adtatt pe 27 mar\u00adtie 2025 la BiZ \u00een Karls\u00adtra\u00ad\u00dfe 18<\/strong><\/a>.<\/p>\n<p>&nbsp;<\/p>\n<p><strong><a href=\"https:\/\/www.anika-net.de\/wp-content\/uploads\/2025\/03\/20250300_MduA_Plakat.pdf\">\ud83d\udcceFlyer<\/a><\/strong><\/p>\n<p><em><strong><span style=\"color: #008080;\">A\u0219tep\u00adt\u0103m cu ner\u0103b\u00adda\u00adre s\u0103 v\u0103 vedem&nbsp;acolo!<\/span><\/strong><\/em><\/p>\n","protected":false},"author":12,"featured_media":59738,"template":"","class_list":["post-59771","event","type-event","status-publish","has-post-thumbnail","hentry","event_category-munca"],"acf":{"event-recurring":false,"event-category":84,"event-is-language-course":false,"event-recurring-still-active":true,"event-display-details":true,"event-schedules-recurring":null,"event-schedules-calendar":[{"event-calendar-day":"20250325","event-calendar-time":"","event-calendar-time-text":"15:00 - 18:00 \u00een Karlsruhe"},{"event-calendar-day":"20250327","event-calendar-time":"","event-calendar-time-text":"17:00 - 20:00 \u00een Rastatt  "}],"event-is-online":false,"event-online-url":"","event-location-building":"Berufsinformationszentrum (BiZ) der Agentur f\u00fcr Arbeit","event-location-street":"Brauerstra\u00dfe 10","event-location-zip":"76133","event-location-city":"Karlsruhe","event-location-contact-person":"","event-location-phone":"","event-location-phone-2":"","event-location-mail":"","event-location-mail-2":"","event-location-website":"https:\/\/eveeno.com\/tag-der-unbekannten-ausbildungsberufe-ka","event-target-group":[{"target-group":"all"}],"event-target-group-comment":"","event-free":true,"event-organiser":[34902],"event-header-copyright-overlay":true,"event-copyright-note-description-end":false},"featured_image_urls_v2":{"full":["https:\/\/www.anika-net.de\/wp-content\/uploads\/2025\/03\/freepik__upload__51887.png",2000,1334,false],"thumbnail":["https:\/\/www.anika-net.de\/wp-content\/uploads\/2025\/03\/freepik__upload__51887-150x150.png",150,150,true],"medium":["https:\/\/www.anika-net.de\/wp-content\/uploads\/2025\/03\/freepik__upload__51887-300x200.png",300,200,true],"medium_large":["https:\/\/www.anika-net.de\/wp-content\/uploads\/2025\/03\/freepik__upload__51887-768x512.png",640,427,true],"large":["https:\/\/www.anika-net.de\/wp-content\/uploads\/2025\/03\/freepik__upload__51887-1024x683.png",640,427,true],"1536x1536":["https:\/\/www.anika-net.de\/wp-content\/uploads\/2025\/03\/freepik__upload__51887-1536x1025.png",1536,1025,true],"2048x2048":["https:\/\/www.anika-net.de\/wp-content\/uploads\/2025\/03\/freepik__upload__51887.png",2000,1334,false],"event-overview":["https:\/\/www.anika-net.de\/wp-content\/uploads\/2025\/03\/freepik__upload__51887-960x640.png",960,640,true],"event-archive-thumb":["https:\/\/www.anika-net.de\/wp-content\/uploads\/2025\/03\/freepik__upload__51887-480x320.png",480,320,true],"grid-item-thumbnail":["https:\/\/www.anika-net.de\/wp-content\/uploads\/2025\/03\/freepik__upload__51887-360x200.png",360,200,true],"network-partner-icon":["https:\/\/www.anika-net.de\/wp-content\/uploads\/2025\/03\/freepik__upload__51887-100x100.png",100,100,true],"organiser-icon":["https:\/\/www.anika-net.de\/wp-content\/uploads\/2025\/03\/freepik__upload__51887-200x200.png",200,200,true],"gform-image-choice-sm":["https:\/\/www.anika-net.de\/wp-content\/uploads\/2025\/03\/freepik__upload__51887.png",300,200,false],"gform-image-choice-md":["https:\/\/www.anika-net.de\/wp-content\/uploads\/2025\/03\/freepik__upload__51887.png",400,267,false],"gform-image-choice-lg":["https:\/\/www.anika-net.de\/wp-content\/uploads\/2025\/03\/freepik__upload__51887.png",600,400,false]},"post_excerpt_stackable_v2":"<p>Sun\u00adte\u021bi inte\u00adre\u00adsat de o uce\u00adni\u00adcie \u0219i dori\u021bi s\u0103 cunoa\u0219\u00adte\u021bi une\u00adle din\u00adtre cele mai necu\u00adnos\u00adcu\u00adte uce\u00adni\u00adcii? Ziua ocu\u00adpa\u00ad\u021bi\u00adi\u00adlor de for\u00adma\u00adre necu\u00adnos\u00adcu\u00adte De exem\u00adplu, ce face de fapt un ingi\u00adner hidra\u00adulic? Cum lucrea\u00adz\u0103 un pla\u00adni\u00adfi\u00adca\u00adtor de sis\u00adte\u00adme teh\u00adni\u00adce?&nbsp; Unde lucrea\u00adz\u0103 teh\u00adno\u00adlo\u00adgii de mediu? Ce fac spe\u00adcia\u00adli\u0219\u00adtii \u00een ser\u00advi\u00adcii de ocu\u00adpa\u00adre a for\u00ad\u021bei de mun\u00adc\u0103? Arun\u00adca\u021bi o pri\u00advi\u00adre la lis\u00adta noas\u00adtr\u0103 de mai jos pen\u00adtru a vedea ce uce\u00adni\u00adcii inte\u00adre\u00adsan\u00adte v\u0103 putem pre\u00adzen\u00adta.&nbsp; Pes\u00adte 20 de sta\u00adgii de uce\u00adni\u00adcie sunt pre\u00adzen\u00adta\u00adte de anga\u00adja\u00adtori din regiu\u00adnea noas\u00adtr\u0103. Pute\u021bi dis\u00adcu\u00adta cu sta\u00adgi\u00ada\u00adrii \u0219i ob\u021bine infor\u00adma\u00ad\u021bii de pri\u00adm\u0103&nbsp;m\u00e2n\u0103.&nbsp; A\u021bi redac\u00adtat deja o cere\u00adre? The Beo\u00adNe\u00adtwork&nbsp;va\u2026<\/p>\n","category_list_v2":"","author_info_v2":{"name":"Andrea Ramirez","url":"https:\/\/www.anika-net.de\/ro\/author\/andrea-ramirez\/"},"comments_num_v2":"0 comments","uagb_featured_image_src":{"full":["https:\/\/www.anika-net.de\/wp-content\/uploads\/2025\/03\/freepik__upload__51887.png",2000,1334,false],"thumbnail":["https:\/\/www.anika-net.de\/wp-content\/uploads\/2025\/03\/freepik__upload__51887-150x150.png",150,150,true],"medium":["https:\/\/www.anika-net.de\/wp-content\/uploads\/2025\/03\/freepik__upload__51887-300x200.png",300,200,true],"medium_large":["https:\/\/www.anika-net.de\/wp-content\/uploads\/2025\/03\/freepik__upload__51887-768x512.png",640,427,true],"large":["https:\/\/www.anika-net.de\/wp-content\/uploads\/2025\/03\/freepik__upload__51887-1024x683.png",640,427,true],"1536x1536":["https:\/\/www.anika-net.de\/wp-content\/uploads\/2025\/03\/freepik__upload__51887-1536x1025.png",1536,1025,true],"2048x2048":["https:\/\/www.anika-net.de\/wp-content\/uploads\/2025\/03\/freepik__upload__51887.png",2000,1334,false],"event-overview":["https:\/\/www.anika-net.de\/wp-content\/uploads\/2025\/03\/freepik__upload__51887-960x640.png",960,640,true],"event-archive-thumb":["https:\/\/www.anika-net.de\/wp-content\/uploads\/2025\/03\/freepik__upload__51887-480x320.png",480,320,true],"grid-item-thumbnail":["https:\/\/www.anika-net.de\/wp-content\/uploads\/2025\/03\/freepik__upload__51887-360x200.png",360,200,true],"network-partner-icon":["https:\/\/www.anika-net.de\/wp-content\/uploads\/2025\/03\/freepik__upload__51887-100x100.png",100,100,true],"organiser-icon":["https:\/\/www.anika-net.de\/wp-content\/uploads\/2025\/03\/freepik__upload__51887-200x200.png",200,200,true],"gform-image-choice-sm":["https:\/\/www.anika-net.de\/wp-content\/uploads\/2025\/03\/freepik__upload__51887.png",300,200,false],"gform-image-choice-md":["https:\/\/www.anika-net.de\/wp-content\/uploads\/2025\/03\/freepik__upload__51887.png",400,267,false],"gform-image-choice-lg":["https:\/\/www.anika-net.de\/wp-content\/uploads\/2025\/03\/freepik__upload__51887.png",600,400,false]},"uagb_author_info":{"display_name":"Andrea Ramirez","author_link":"https:\/\/www.anika-net.de\/ro\/author\/andrea-ramirez\/"},"uagb_comment_info":0,"uagb_excerpt":"Sun\u00adte\u021bi inte\u00adre\u00adsat de o ucenicie \u0219i dori\u021bi s\u0103 cunoa\u0219\u00adte\u021bi une\u00adle din\u00adtre cele mai necu\u00adnos\u00adcu\u00adte ucenicii? Ziua ocu\u00adpa\u00ad\u021bi\u00adi\u00adlor de for\u00adma\u00adre necunoscute De exem\u00adplu, ce face de fapt un ingi\u00adner hidra\u00adulic? Cum&nbsp;Citi\u021bi mai mult","_links":{"self":[{"href":"https:\/\/www.anika-net.de\/ro\/wp-json\/wp\/v2\/event\/59771","targetHints":{"allow":["GET"]}}],"collection":[{"href":"https:\/\/www.anika-net.de\/ro\/wp-json\/wp\/v2\/event"}],"about":[{"href":"https:\/\/www.anika-net.de\/ro\/wp-json\/wp\/v2\/types\/event"}],"author":[{"embeddable":true,"href":"https:\/\/www.anika-net.de\/ro\/wp-json\/wp\/v2\/users\/12"}],"version-history":[{"count":0,"href":"https:\/\/www.anika-net.de\/ro\/wp-json\/wp\/v2\/event\/59771\/revisions"}],"acf:post":[{"embeddable":true,"href":"https:\/\/www.anika-net.de\/ro\/wp-json\/wp\/v2\/organiser\/34902"}],"acf:term":[{"embeddable":true,"taxonomy":"event_category","href":"https:\/\/www.anika-net.de\/ro\/wp-json\/wp\/v2\/event_category\/84"}],"wp:featuredmedia":[{"embeddable":true,"href":"https:\/\/www.anika-net.de\/ro\/wp-json\/wp\/v2\/media\/59738"}],"wp:attachment":[{"href":"https:\/\/www.anika-net.de\/ro\/wp-json\/wp\/v2\/media?parent=59771"}],"curies":[{"name":"wp","href":"https:\/\/api.w.org\/{rel}","templated":true}]}}