{"id":59641,"date":"2025-03-09T12:36:28","date_gmt":"2025-03-09T11:36:28","guid":{"rendered":"https:\/\/www.anika-net.de\/event\/mini-targ-pentru-femeile-din-orasul-karlsruhe\/"},"modified":"2025-03-09T12:36:28","modified_gmt":"2025-03-09T11:36:28","slug":"mini-targ-pentru-femeile-din-orasul-karlsruhe","status":"publish","type":"event","link":"https:\/\/www.anika-net.de\/ro\/event\/mini-targ-pentru-femeile-din-orasul-karlsruhe\/","title":{"rendered":"Mini-t\u00e2rg pen\u00adtru feme\u00adi\u00adle din ora\u00ad\u0219ul Karlsruhe"},"content":{"rendered":"<h1><span style=\"color: #008080;\">Mini-t\u00e2rg <\/span><span style=\"color: #008080; font-size: 16px;\">pen\u00adtru feme\u00adi\u00adle din ora\u00ad\u0219ul Karlsruhe<\/span><\/h1>\n<p><strong data-start=\"0\" data-end=\"19\" data-is-only-node>La ce s\u0103 v\u0103 a\u0219tepta\u021bi?<\/strong><\/p>\n<p>Con\u00adsul\u00adta\u00adre \u0219i infor\u00adma\u00ad\u021bii personale<\/p>\n<p>\u2713 Echi\u00adli\u00adbrul din\u00adtre fami\u00adlie \u0219i carie\u00adr\u0103<br data-start=\"29\" data-end=\"32\">\u2713 Rein\u00adtro\u00addu\u00adce\u00adrea \u0219i alter\u00adna\u00adti\u00adve\u00adle<br data-start=\"59\" data-end=\"62\">\u2713 Ale\u00adgeri \u0219i oport\u00adu\u00adni\u00adt\u0103\u021bi de carie\u00adr\u0103<br data-start=\"96\" data-end=\"99\">\u2713 Cereri de anga\u00adja\u00adre de suc\u00adces<br data-start=\"128\" data-end=\"131\">\u2713 Ser\u00advi\u00adcii de spri\u00adjin pen\u00adtru familii<\/p>\n<p data-start=\"0\" data-end=\"15\"><strong data-start=\"0\" data-end=\"13\">Pre\u00adle\u00adgeri:<\/strong><\/p>\n<p data-start=\"17\" data-end=\"207\" data-is-last-node data-is-only-node>\ud83d\udd58 <strong data-start=\"20\" data-end=\"32\">09:15 AM<\/strong> \u2014 Edu\u00adca\u00ad\u021bie \u0219i par\u00adti\u00adci\u00adpa\u00adre \u2014 \u00een prac\u00adti\u00adc\u0103<br data-start=\"76\" data-end=\"79\">\ud83d\udd59 <strong data-start=\"82\" data-end=\"94\">10:00 AM<\/strong> \u2014 Oport\u00adu\u00adni\u00adt\u0103\u021bi pen\u00adtru femei pe pia\u00ad\u021ba mun\u00adcii<br data-start=\"138\" data-end=\"141\">\ud83d\udd5a <strong data-start=\"144\" data-end=\"156\">11:00 AM<\/strong> \u2014 Totul des\u00adpre apli\u00adca\u00ad\u021bii \u0219i inter\u00adviuri de angajare<\/p>\n<p data-start=\"0\" data-end=\"23\"><strong data-start=\"0\" data-end=\"21\">Veri\u00adfi\u00adca\u00adrea cererii<\/strong><\/p>\n<p data-start=\"25\" data-end=\"150\" data-is-last-node data-is-only-node>Revi\u00adzu\u00adi\u00adrea \u0219i con\u00adsul\u00adta\u00adrea docu\u00admen\u00adte\u00adlor de can\u00addi\u00adda\u00adtu\u00adr\u0103<br data-start=\"78\" data-end=\"81\">\ud83d\udcc4 V\u0103 rug\u0103m s\u0103 adu\u00adce\u021bi docu\u00admen\u00adte\u00adle de can\u00addi\u00adda\u00adtu\u00adr\u0103 actu\u00ada\u00adle (\u00een for\u00admat de h\u00e2rtie).<\/p>\n<p data-start=\"25\" data-end=\"150\" data-is-last-node data-is-only-node><a href=\"https:\/\/www.anika-net.de\/wp-content\/uploads\/2025\/03\/25041_Minimesse_Frauen_Stadt_KA.pdf\"><span style=\"color: #666699;\">Pli\u00adant<\/span><\/a><\/p>\n<p data-start=\"25\" data-end=\"150\" data-is-last-node data-is-only-node><strong data-start=\"0\" data-end=\"49\" data-is-only-node>Nu este nece\u00adsa\u00adr\u0103 \u00eenre\u00adgis\u00adtra\u00adrea \u2014 par\u00adti\u00adci\u00adpa\u00adre gra\u00adtu\u00adi\u00adt\u0103<\/strong><br data-start=\"49\" data-end=\"52\">V\u0103 a\u0219tep\u00adt\u0103m cu&nbsp;drag!&nbsp;\ud83d\ude0a<\/p>\n","protected":false},"author":14,"featured_media":59625,"template":"","class_list":["post-59641","event","type-event","status-publish","has-post-thumbnail","hentry","event_category-munca"],"acf":{"event-recurring":false,"event-category":84,"event-is-language-course":false,"event-recurring-still-active":true,"event-display-details":true,"event-schedules-recurring":null,"event-schedules-calendar":[{"event-calendar-day":"20250411","event-calendar-time":"9:00 - 12:00","event-calendar-time-text":"12:00"}],"event-is-online":false,"event-online-url":"","event-location-building":"BerufsInformationsZentrum","event-location-street":"Brauerstra\u00dfe 10","event-location-zip":"76135","event-location-city":" Karlsruhe","event-location-contact-person":"","event-location-phone":"","event-location-phone-2":"","event-location-mail":"","event-location-mail-2":"","event-location-website":"","event-target-group":[{"target-group":"women"}],"event-target-group-comment":"","event-free":true,"event-organiser":[15670],"event-header-copyright-overlay":true,"event-copyright-note-description-end":false},"featured_image_urls_v2":{"full":["https:\/\/www.anika-net.de\/wp-content\/uploads\/2025\/03\/35256461_8294927.jpg",2000,2000,false],"thumbnail":["https:\/\/www.anika-net.de\/wp-content\/uploads\/2025\/03\/35256461_8294927-150x150.jpg",150,150,true],"medium":["https:\/\/www.anika-net.de\/wp-content\/uploads\/2025\/03\/35256461_8294927-300x300.jpg",300,300,true],"medium_large":["https:\/\/www.anika-net.de\/wp-content\/uploads\/2025\/03\/35256461_8294927-768x768.jpg",640,640,true],"large":["https:\/\/www.anika-net.de\/wp-content\/uploads\/2025\/03\/35256461_8294927-1024x1024.jpg",640,640,true],"1536x1536":["https:\/\/www.anika-net.de\/wp-content\/uploads\/2025\/03\/35256461_8294927-1536x1536.jpg",1536,1536,true],"2048x2048":["https:\/\/www.anika-net.de\/wp-content\/uploads\/2025\/03\/35256461_8294927.jpg",2000,2000,false],"event-overview":["https:\/\/www.anika-net.de\/wp-content\/uploads\/2025\/03\/35256461_8294927-960x640.jpg",960,640,true],"event-archive-thumb":["https:\/\/www.anika-net.de\/wp-content\/uploads\/2025\/03\/35256461_8294927-480x480.jpg",480,480,true],"grid-item-thumbnail":["https:\/\/www.anika-net.de\/wp-content\/uploads\/2025\/03\/35256461_8294927-360x200.jpg",360,200,true],"network-partner-icon":["https:\/\/www.anika-net.de\/wp-content\/uploads\/2025\/03\/35256461_8294927-100x100.jpg",100,100,true],"organiser-icon":["https:\/\/www.anika-net.de\/wp-content\/uploads\/2025\/03\/35256461_8294927-200x200.jpg",200,200,true],"gform-image-choice-sm":["https:\/\/www.anika-net.de\/wp-content\/uploads\/2025\/03\/35256461_8294927.jpg",300,300,false],"gform-image-choice-md":["https:\/\/www.anika-net.de\/wp-content\/uploads\/2025\/03\/35256461_8294927.jpg",400,400,false],"gform-image-choice-lg":["https:\/\/www.anika-net.de\/wp-content\/uploads\/2025\/03\/35256461_8294927.jpg",600,600,false]},"post_excerpt_stackable_v2":"<p>Mini-t\u00e2rg pen\u00adtru feme\u00adi\u00adle din ora\u00ad\u0219ul Karl\u00adsru\u00adhe La ce s\u0103 v\u0103 a\u0219tep\u00adta\u021bi? Con\u00adsul\u00adta\u00adre \u0219i infor\u00adma\u00ad\u021bii per\u00adso\u00adna\u00adle \u2713 Echi\u00adli\u00adbrul din\u00adtre fami\u00adlie \u0219i carie\u00adr\u0103\u2713 Rein\u00adtro\u00addu\u00adce\u00adrea \u0219i alter\u00adna\u00adti\u00adve\u00adle\u2713 Ale\u00adgeri \u0219i oport\u00adu\u00adni\u00adt\u0103\u021bi de carie\u00adr\u0103\u2713 Cereri de anga\u00adja\u00adre de suc\u00adces\u2713 Ser\u00advi\u00adcii de spri\u00adjin pen\u00adtru fami\u00adlii Pre\u00adle\u00adgeri: \ud83d\udd58 09:15 AM \u2014 Edu\u00adca\u00ad\u021bie \u0219i par\u00adti\u00adci\u00adpa\u00adre \u2014 \u00een prac\u00adti\u00adc\u0103\ud83d\udd59 10:00 AM \u2014 Oport\u00adu\u00adni\u00adt\u0103\u021bi pen\u00adtru femei pe pia\u00ad\u021ba mun\u00adcii\ud83d\udd5a 11:00 AM \u2014 Totul des\u00adpre apli\u00adca\u00ad\u021bii \u0219i inter\u00adviuri de anga\u00adja\u00adre Veri\u00adfi\u00adca\u00adrea cere\u00adrii Revi\u00adzu\u00adi\u00adrea \u0219i con\u00adsul\u00adta\u00adrea docu\u00admen\u00adte\u00adlor de can\u00addi\u00adda\u00adtu\u00adr\u0103\ud83d\udcc4 V\u0103 rug\u0103m s\u0103 adu\u00adce\u021bi docu\u00admen\u00adte\u00adle de can\u00addi\u00adda\u00adtu\u00adr\u0103 actu\u00ada\u00adle (\u00een for\u00admat de h\u00e2r\u00adtie). Pli\u00adant Nu este nece\u00adsa\u00adr\u0103 \u00eenre\u00adgis\u00adtra\u00adrea \u2014 par\u00adti\u00adci\u00adpa\u00adre gra\u00adtu\u00adi\u00adt\u0103V\u0103 a\u0219tep\u00adt\u0103m cu&nbsp;drag!&nbsp;\ud83d\ude0a<\/p>\n","category_list_v2":"","author_info_v2":{"name":"Aida Aayani","url":"https:\/\/www.anika-net.de\/ro\/author\/aida_aayani\/"},"comments_num_v2":"0 comments","uagb_featured_image_src":{"full":["https:\/\/www.anika-net.de\/wp-content\/uploads\/2025\/03\/35256461_8294927.jpg",2000,2000,false],"thumbnail":["https:\/\/www.anika-net.de\/wp-content\/uploads\/2025\/03\/35256461_8294927-150x150.jpg",150,150,true],"medium":["https:\/\/www.anika-net.de\/wp-content\/uploads\/2025\/03\/35256461_8294927-300x300.jpg",300,300,true],"medium_large":["https:\/\/www.anika-net.de\/wp-content\/uploads\/2025\/03\/35256461_8294927-768x768.jpg",640,640,true],"large":["https:\/\/www.anika-net.de\/wp-content\/uploads\/2025\/03\/35256461_8294927-1024x1024.jpg",640,640,true],"1536x1536":["https:\/\/www.anika-net.de\/wp-content\/uploads\/2025\/03\/35256461_8294927-1536x1536.jpg",1536,1536,true],"2048x2048":["https:\/\/www.anika-net.de\/wp-content\/uploads\/2025\/03\/35256461_8294927.jpg",2000,2000,false],"event-overview":["https:\/\/www.anika-net.de\/wp-content\/uploads\/2025\/03\/35256461_8294927-960x640.jpg",960,640,true],"event-archive-thumb":["https:\/\/www.anika-net.de\/wp-content\/uploads\/2025\/03\/35256461_8294927-480x480.jpg",480,480,true],"grid-item-thumbnail":["https:\/\/www.anika-net.de\/wp-content\/uploads\/2025\/03\/35256461_8294927-360x200.jpg",360,200,true],"network-partner-icon":["https:\/\/www.anika-net.de\/wp-content\/uploads\/2025\/03\/35256461_8294927-100x100.jpg",100,100,true],"organiser-icon":["https:\/\/www.anika-net.de\/wp-content\/uploads\/2025\/03\/35256461_8294927-200x200.jpg",200,200,true],"gform-image-choice-sm":["https:\/\/www.anika-net.de\/wp-content\/uploads\/2025\/03\/35256461_8294927.jpg",300,300,false],"gform-image-choice-md":["https:\/\/www.anika-net.de\/wp-content\/uploads\/2025\/03\/35256461_8294927.jpg",400,400,false],"gform-image-choice-lg":["https:\/\/www.anika-net.de\/wp-content\/uploads\/2025\/03\/35256461_8294927.jpg",600,600,false]},"uagb_author_info":{"display_name":"Aida Aayani","author_link":"https:\/\/www.anika-net.de\/ro\/author\/aida_aayani\/"},"uagb_comment_info":0,"uagb_excerpt":"Mini-t\u00e2rg pen\u00adtru feme\u00adi\u00adle din ora\u00ad\u0219ul Karlsruhe La ce s\u0103 v\u0103 a\u0219tepta\u021bi? Con\u00adsul\u00adta\u00adre \u0219i infor\u00adma\u00ad\u021bii personale \u2713 Echi\u00adli\u00adbrul din\u00adtre fami\u00adlie \u0219i carie\u00adr\u0103\u2713 Rein\u00adtro\u00addu\u00adce\u00adrea \u0219i alter\u00adna\u00adti\u00adve\u00adle\u2713 Ale\u00adgeri \u0219i oport\u00adu\u00adni\u00adt\u0103\u021bi de carie\u00adr\u0103\u2713 Cereri&nbsp;Citi\u021bi mai mult","_links":{"self":[{"href":"https:\/\/www.anika-net.de\/ro\/wp-json\/wp\/v2\/event\/59641","targetHints":{"allow":["GET"]}}],"collection":[{"href":"https:\/\/www.anika-net.de\/ro\/wp-json\/wp\/v2\/event"}],"about":[{"href":"https:\/\/www.anika-net.de\/ro\/wp-json\/wp\/v2\/types\/event"}],"author":[{"embeddable":true,"href":"https:\/\/www.anika-net.de\/ro\/wp-json\/wp\/v2\/users\/14"}],"version-history":[{"count":0,"href":"https:\/\/www.anika-net.de\/ro\/wp-json\/wp\/v2\/event\/59641\/revisions"}],"acf:post":[{"embeddable":true,"href":"https:\/\/www.anika-net.de\/ro\/wp-json\/wp\/v2\/organiser\/15670"}],"acf:term":[{"embeddable":true,"taxonomy":"event_category","href":"https:\/\/www.anika-net.de\/ro\/wp-json\/wp\/v2\/event_category\/84"}],"wp:featuredmedia":[{"embeddable":true,"href":"https:\/\/www.anika-net.de\/ro\/wp-json\/wp\/v2\/media\/59625"}],"wp:attachment":[{"href":"https:\/\/www.anika-net.de\/ro\/wp-json\/wp\/v2\/media?parent=59641"}],"curies":[{"name":"wp","href":"https:\/\/api.w.org\/{rel}","templated":true}]}}