{"id":59218,"date":"2025-03-03T13:21:23","date_gmt":"2025-03-03T12:21:23","guid":{"rendered":"https:\/\/www.anika-net.de\/event\/consiliere-si-sprijin-din-partea-freunde-fur-fremde-e-v\/"},"modified":"2025-03-03T13:21:23","modified_gmt":"2025-03-03T12:21:23","slug":"consiliere-si-sprijin-din-partea-freunde-fur-fremde-e-v","status":"publish","type":"event","link":"https:\/\/www.anika-net.de\/ro\/event\/consiliere-si-sprijin-din-partea-freunde-fur-fremde-e-v\/","title":{"rendered":"Con\u00adsi\u00adli\u00ade\u00adre \u0219i spri\u00adjin din par\u00adtea Fre\u00adun\u00adde f\u00fcr Frem\u00adde e.V."},"content":{"rendered":"<h3><span style=\"color: #666699;\"><em>Spri\u00adjin \u00een pro\u00adble\u00adme lega\u00adte de imi\u00adgra\u00ad\u021bie, rela\u00ad\u021bii cu auto\u00adri\u00adt\u0103\u00ad\u021bi\u00adle, g\u0103si\u00adrea unui loc de mun\u00adc\u0103 \u0219i a unei locu\u00adin\u00ad\u021be \u0219i par\u00adte\u00adne\u00adri\u00ada\u00adte biculturale<\/em><\/span><\/h3>\n<h1><span style=\"color: #ffcc00;\">Con\u00adsi\u00adli\u00ade\u00adre \u0219i spri\u00adjin din par\u00adtea Fre\u00adun\u00adde f\u00fcr Frem\u00adde e.V.<\/span><\/h1>\n<p>Aso\u00adci\u00ada\u00ad\u021bia <em>Fre\u00adun\u00adde f\u00fcr Frem\u00adde e.V.<\/em> din Karl\u00adsru\u00adhe pro\u00admo\u00advea\u00adz\u0103 \u00eent\u00e2l\u00adni\u00adri\u00adle din\u00adtre ger\u00admani \u0219i per\u00adsoa\u00adne din alte cul\u00adturi pen\u00adtru a faci\u00adli\u00adta buna coexisten\u021b\u0103.<\/p>\n<h4><strong>Acti\u00advi\u00adta\u00adtea noas\u00adtr\u0103 are urm\u0103\u00adtoa\u00adre\u00adle dome\u00adnii principale:<\/strong><\/h4>\n<p><span style=\"color: #008080;\"><strong>1. con\u00adsul\u00adt\u0103ri privind:<\/strong><\/span><\/p>\n<ul>\n<li>Aspec\u00adte juri\u00addi\u00adce pri\u00advind str\u0103inii<\/li>\n<li>Rela\u00ad\u021bio\u00adna\u00adrea cu autorit\u0103\u021bile<\/li>\n<li>G\u0103si\u00adrea unui loc de mun\u00adc\u0103 sau a unei locuin\u021be<\/li>\n<li>Pro\u00adble\u00adme de par\u00adte\u00adne\u00adri\u00adat bicul\u00adtu\u00adral sau alte pro\u00adble\u00adme care pot ap\u0103rea<\/li>\n<\/ul>\n<p><strong>Pro\u00adgra\u00adm\u0103ri:<\/strong><br>\n\ud83d\udcc6 Joi 10.00 \u2014 13.00 \u0219i prin pro\u00adgra\u00adma\u00adre telefonic\u0103&nbsp;\ud83d\udcde&nbsp;<\/p>\n<hr>\n<p><span style=\"color: #008080;\"><strong>2. Lec\u00ad\u021bii de german\u0103<\/strong><\/span><br>\nOfe\u00adrim lec\u00ad\u021bii indi\u00advi\u00addu\u00ada\u00adle \u0219i de grup pen\u00adtru persoane:<\/p>\n<ul>\n<li>care nu au drep\u00adtul la un curs de integrare,<\/li>\n<li>sunt \u00een impo\u00adsi\u00adbi\u00adli\u00adta\u00adtea de a par\u00adti\u00adci\u00adpa din cau\u00adza situ\u00ada\u00ad\u021bi\u00adei lor per\u00adso\u00adna\u00adle&nbsp;sau<\/li>\n<li>a\u0219teap\u00adt\u0103 un curs de german\u0103.<\/li>\n<\/ul>\n<p><strong>\u00cenre\u00adgis\u00adtra\u00adre:<\/strong><br>\n\ud83d\udcc6 Luni la ora 10.00.<\/p>\n<hr>\n<p><strong><span style=\"color: #008080;\">3. Intro\u00addu\u00adce\u00adre pe pia\u00ad\u021ba muncii<\/span><\/strong><\/p>\n<p>Ve\u021bi pri\u00admi infor\u00adma\u00ad\u021bii \u0219i spri\u00adjin spe\u00adcial pen\u00adtru intro\u00addu\u00adce\u00adrea pe pia\u00ad\u021ba mun\u00adcii \u0219i pen\u00adtru sec\u00adto\u00adrul de formare.<\/p>\n<hr>\n<p><span style=\"color: #008080;\"><strong>4. Spri\u00adjin pen\u00adtru per\u00adsoa\u00adne \u00een para\u00adlel cu formarea<\/strong><\/span><\/p>\n<p>Dac\u0103 ave\u021bi nevo\u00adie de medi\u00adta\u00ad\u021bii la \u0219coa\u00adla pro\u00adfe\u00adsio\u00adna\u00adl\u0103 sau pen\u00adtru a v\u0103 pre\u00adg\u0103ti pen\u00adtru exa\u00adme\u00adne, v\u0103 rug\u0103m s\u0103 ne contacta\u021bi.<\/p>\n<hr>\n<p><span style=\"color: #008080;\"><strong>5. Con\u00adsul\u00adtan\u00ad\u021b\u0103 medical\u0103<\/strong><\/span><\/p>\n<p>Pen\u00adtru mul\u021bi oameni, sis\u00adte\u00admul de s\u0103n\u0103\u00adta\u00adte din Ger\u00adma\u00adnia este nou \u0219i greu de \u00een\u021be\u00adles. Noi v\u0103 aju\u00adt\u0103m cu \u00eentre\u00adb\u0103\u00adri\u00adle dum\u00adne\u00ada\u00advoas\u00adtr\u0103 medicale.&nbsp;<\/p>\n<p><strong>Noi v\u0103 putem oferi r\u0103s\u00adpun\u00adsuri la aces\u00adte \u00eentreb\u0103ri:<\/strong><\/p>\n<ul>\n<li>\u00centre\u00adb\u0103ri des\u00adpre sis\u00adte\u00admul de s\u0103n\u0103tate<\/li>\n<li>Care medici sunt res\u00adpon\u00adsa\u00adbili pen\u00adtru&nbsp;ce?<\/li>\n<li>Cum g\u0103sesc medi\u00adcul potrivit?<\/li>\n<\/ul>\n<p>Un medic, mem\u00adbru al aso\u00adci\u00ada\u00ad\u021bi\u00adei noas\u00adtre Fre\u00adun\u00adde f\u00fcr Frem\u00adde e.V., v\u0103 va r\u0103s\u00adpun\u00adde la \u00eentreb\u0103ri.<\/p>\n<p>Aceas\u00adt\u0103 con\u00adsul\u00adta\u00ad\u021bie este gra\u00adtu\u00adi\u00adt\u0103 \u0219i nu este nece\u00adsa\u00adr\u0103 o asi\u00adgu\u00adra\u00adre de s\u0103n\u0103tate.<\/p>\n<p><strong>Pro\u00adgra\u00adm\u0103ri prin \u00eenregistrare:<\/strong><br>\n\ud83d\udcc6 De luni p\u00e2n\u0103 vineri de la 9:00 la 12:00<\/p>\n","protected":false},"author":12,"featured_media":26513,"template":"","class_list":["post-59218","event","type-event","status-publish","has-post-thumbnail","hentry","event_category-asistenta"],"acf":{"event-recurring":true,"event-category":81,"event-is-language-course":false,"event-recurring-still-active":true,"event-display-details":true,"event-schedules-recurring":[{"event-recurring-week-day":"1","event-recurring-time":"15:30 - 17:00","event-recurring-time-text":""},{"event-recurring-week-day":"3","event-recurring-time":"10:00 - 13:00","event-recurring-time-text":""}],"event-schedules-calendar":null,"event-is-online":false,"event-online-url":"","event-location-building":"ibz, 1st floor","event-location-street":"Kaiserallee 12 d","event-location-zip":"76133","event-location-city":"Karlsruhe","event-location-contact-person":"","event-location-phone":"0721\/ 84 53 41","event-location-phone-2":"","event-location-mail":"freunde.fuer.fremde@gmx.de","event-location-mail-2":"","event-location-website":"https:\/\/freunde-fuer-fremde.de\/arbeitsbereiche","event-target-group":[{"target-group":"all"}],"event-target-group-comment":"","event-free":true,"event-organiser":[16145],"event-header-copyright-overlay":true,"event-copyright-note-description-end":false},"featured_image_urls_v2":{"full":["https:\/\/www.anika-net.de\/wp-content\/uploads\/2022\/09\/freunde-fuer-fremde-quadrat.png",368,368,false],"thumbnail":["https:\/\/www.anika-net.de\/wp-content\/uploads\/2022\/09\/freunde-fuer-fremde-quadrat-150x150.png",150,150,true],"medium":["https:\/\/www.anika-net.de\/wp-content\/uploads\/2022\/09\/freunde-fuer-fremde-quadrat-300x300.png",300,300,true],"medium_large":["https:\/\/www.anika-net.de\/wp-content\/uploads\/2022\/09\/freunde-fuer-fremde-quadrat.png",368,368,false],"large":["https:\/\/www.anika-net.de\/wp-content\/uploads\/2022\/09\/freunde-fuer-fremde-quadrat.png",368,368,false],"1536x1536":["https:\/\/www.anika-net.de\/wp-content\/uploads\/2022\/09\/freunde-fuer-fremde-quadrat.png",368,368,false],"2048x2048":["https:\/\/www.anika-net.de\/wp-content\/uploads\/2022\/09\/freunde-fuer-fremde-quadrat.png",368,368,false],"event-overview":["https:\/\/www.anika-net.de\/wp-content\/uploads\/2022\/09\/freunde-fuer-fremde-quadrat.png",368,368,false],"event-archive-thumb":["https:\/\/www.anika-net.de\/wp-content\/uploads\/2022\/09\/freunde-fuer-fremde-quadrat.png",368,368,false],"grid-item-thumbnail":["https:\/\/www.anika-net.de\/wp-content\/uploads\/2022\/09\/freunde-fuer-fremde-quadrat-360x200.png",360,200,true],"network-partner-icon":["https:\/\/www.anika-net.de\/wp-content\/uploads\/2022\/09\/freunde-fuer-fremde-quadrat-100x100.png",100,100,true],"organiser-icon":["https:\/\/www.anika-net.de\/wp-content\/uploads\/2022\/09\/freunde-fuer-fremde-quadrat-200x200.png",200,200,true],"gform-image-choice-sm":["https:\/\/www.anika-net.de\/wp-content\/uploads\/2022\/09\/freunde-fuer-fremde-quadrat.png",300,300,false],"gform-image-choice-md":["https:\/\/www.anika-net.de\/wp-content\/uploads\/2022\/09\/freunde-fuer-fremde-quadrat.png",368,368,false],"gform-image-choice-lg":["https:\/\/www.anika-net.de\/wp-content\/uploads\/2022\/09\/freunde-fuer-fremde-quadrat.png",368,368,false]},"post_excerpt_stackable_v2":"<p>Spri\u00adjin \u00een pro\u00adble\u00adme lega\u00adte de imi\u00adgra\u00ad\u021bie, rela\u00ad\u021bii cu auto\u00adri\u00adt\u0103\u00ad\u021bi\u00adle, g\u0103si\u00adrea unui loc de mun\u00adc\u0103 \u0219i a unei locu\u00adin\u00ad\u021be \u0219i par\u00adte\u00adne\u00adri\u00ada\u00adte bicul\u00adtu\u00adra\u00adle Con\u00adsi\u00adli\u00ade\u00adre \u0219i spri\u00adjin din par\u00adtea Fre\u00adun\u00adde f\u00fcr Frem\u00adde e.V. Aso\u00adci\u00ada\u00ad\u021bia Fre\u00adun\u00adde f\u00fcr Frem\u00adde e.V. din Karl\u00adsru\u00adhe pro\u00admo\u00advea\u00adz\u0103 \u00eent\u00e2l\u00adni\u00adri\u00adle din\u00adtre ger\u00admani \u0219i per\u00adsoa\u00adne din alte cul\u00adturi pen\u00adtru a faci\u00adli\u00adta buna coe\u00adxis\u00adten\u00ad\u021b\u0103. Acti\u00advi\u00adta\u00adtea noas\u00adtr\u0103 are urm\u0103\u00adtoa\u00adre\u00adle dome\u00adnii prin\u00adci\u00adpa\u00adle: 1. con\u00adsul\u00adt\u0103ri pri\u00advind: Aspec\u00adte juri\u00addi\u00adce pri\u00advind str\u0103\u00adi\u00adnii Rela\u00ad\u021bio\u00adna\u00adrea cu auto\u00adri\u00adt\u0103\u00ad\u021bi\u00adle G\u0103si\u00adrea unui loc de mun\u00adc\u0103 sau a unei locu\u00adin\u00ad\u021be Pro\u00adble\u00adme de par\u00adte\u00adne\u00adri\u00adat bicul\u00adtu\u00adral sau alte pro\u00adble\u00adme care pot ap\u0103\u00adrea Pro\u00adgra\u00adm\u0103ri: \ud83d\udcc6 Joi 10.00 \u2014 13.00 \u0219i prin pro\u00adgra\u00adma\u00adre tele\u00adfo\u00adni\u00adc\u0103&nbsp;\ud83d\udcde&nbsp; 2. Lec\u00ad\u021bii de german\u0103\u2026<\/p>\n","category_list_v2":"","author_info_v2":{"name":"Andrea Ramirez","url":"https:\/\/www.anika-net.de\/ro\/author\/andrea-ramirez\/"},"comments_num_v2":"0 comments","uagb_featured_image_src":{"full":["https:\/\/www.anika-net.de\/wp-content\/uploads\/2022\/09\/freunde-fuer-fremde-quadrat.png",368,368,false],"thumbnail":["https:\/\/www.anika-net.de\/wp-content\/uploads\/2022\/09\/freunde-fuer-fremde-quadrat-150x150.png",150,150,true],"medium":["https:\/\/www.anika-net.de\/wp-content\/uploads\/2022\/09\/freunde-fuer-fremde-quadrat-300x300.png",300,300,true],"medium_large":["https:\/\/www.anika-net.de\/wp-content\/uploads\/2022\/09\/freunde-fuer-fremde-quadrat.png",368,368,false],"large":["https:\/\/www.anika-net.de\/wp-content\/uploads\/2022\/09\/freunde-fuer-fremde-quadrat.png",368,368,false],"1536x1536":["https:\/\/www.anika-net.de\/wp-content\/uploads\/2022\/09\/freunde-fuer-fremde-quadrat.png",368,368,false],"2048x2048":["https:\/\/www.anika-net.de\/wp-content\/uploads\/2022\/09\/freunde-fuer-fremde-quadrat.png",368,368,false],"event-overview":["https:\/\/www.anika-net.de\/wp-content\/uploads\/2022\/09\/freunde-fuer-fremde-quadrat.png",368,368,false],"event-archive-thumb":["https:\/\/www.anika-net.de\/wp-content\/uploads\/2022\/09\/freunde-fuer-fremde-quadrat.png",368,368,false],"grid-item-thumbnail":["https:\/\/www.anika-net.de\/wp-content\/uploads\/2022\/09\/freunde-fuer-fremde-quadrat-360x200.png",360,200,true],"network-partner-icon":["https:\/\/www.anika-net.de\/wp-content\/uploads\/2022\/09\/freunde-fuer-fremde-quadrat-100x100.png",100,100,true],"organiser-icon":["https:\/\/www.anika-net.de\/wp-content\/uploads\/2022\/09\/freunde-fuer-fremde-quadrat-200x200.png",200,200,true],"gform-image-choice-sm":["https:\/\/www.anika-net.de\/wp-content\/uploads\/2022\/09\/freunde-fuer-fremde-quadrat.png",300,300,false],"gform-image-choice-md":["https:\/\/www.anika-net.de\/wp-content\/uploads\/2022\/09\/freunde-fuer-fremde-quadrat.png",368,368,false],"gform-image-choice-lg":["https:\/\/www.anika-net.de\/wp-content\/uploads\/2022\/09\/freunde-fuer-fremde-quadrat.png",368,368,false]},"uagb_author_info":{"display_name":"Andrea Ramirez","author_link":"https:\/\/www.anika-net.de\/ro\/author\/andrea-ramirez\/"},"uagb_comment_info":0,"uagb_excerpt":"Spri\u00adjin \u00een pro\u00adble\u00adme lega\u00adte de imi\u00adgra\u00ad\u021bie, rela\u00ad\u021bii cu auto\u00adri\u00adt\u0103\u00ad\u021bi\u00adle, g\u0103si\u00adrea unui loc de mun\u00adc\u0103 \u0219i a unei locu\u00adin\u00ad\u021be \u0219i par\u00adte\u00adne\u00adri\u00ada\u00adte biculturale Con\u00adsi\u00adli\u00ade\u00adre \u0219i spri\u00adjin din par\u00adtea Fre\u00adun\u00adde f\u00fcr Frem\u00adde e.V.&nbsp;Citi\u021bi mai mult","_links":{"self":[{"href":"https:\/\/www.anika-net.de\/ro\/wp-json\/wp\/v2\/event\/59218","targetHints":{"allow":["GET"]}}],"collection":[{"href":"https:\/\/www.anika-net.de\/ro\/wp-json\/wp\/v2\/event"}],"about":[{"href":"https:\/\/www.anika-net.de\/ro\/wp-json\/wp\/v2\/types\/event"}],"author":[{"embeddable":true,"href":"https:\/\/www.anika-net.de\/ro\/wp-json\/wp\/v2\/users\/12"}],"version-history":[{"count":0,"href":"https:\/\/www.anika-net.de\/ro\/wp-json\/wp\/v2\/event\/59218\/revisions"}],"acf:post":[{"embeddable":true,"href":"https:\/\/www.anika-net.de\/ro\/wp-json\/wp\/v2\/organiser\/16145"}],"acf:term":[{"embeddable":true,"taxonomy":"event_category","href":"https:\/\/www.anika-net.de\/ro\/wp-json\/wp\/v2\/event_category\/81"}],"wp:featuredmedia":[{"embeddable":true,"href":"https:\/\/www.anika-net.de\/ro\/wp-json\/wp\/v2\/media\/26513"}],"wp:attachment":[{"href":"https:\/\/www.anika-net.de\/ro\/wp-json\/wp\/v2\/media?parent=59218"}],"curies":[{"name":"wp","href":"https:\/\/api.w.org\/{rel}","templated":true}]}}