{"id":58853,"date":"2025-02-19T19:23:51","date_gmt":"2025-02-19T18:23:51","guid":{"rendered":"https:\/\/www.anika-net.de\/event\/ce-inseamna-sa-fii-un-strain\/"},"modified":"2025-02-19T19:23:51","modified_gmt":"2025-02-19T18:23:51","slug":"ce-inseamna-sa-fii-un-strain","status":"publish","type":"event","link":"https:\/\/www.anika-net.de\/ro\/event\/ce-inseamna-sa-fii-un-strain\/","title":{"rendered":"Ce \u00eenseam\u00adn\u0103 s\u0103 fii un str\u0103in?"},"content":{"rendered":"<h4><span style=\"color: #808080;\">S\u0103p\u00adt\u0103m\u00e2\u00adni\u00adle inter\u00adna\u021bio\u00adna\u00adle \u00eempo\u00adtri\u00adva rasis\u00admu\u00adlui Karl\u00adsru\u00adhe&nbsp;2025<\/span><\/h4>\n<h1><span style=\"color: #800080;\">Ce \u00eenseam\u00adn\u0103 s\u0103 fii un str\u0103in?<\/span><br>\n<span style=\"color: #666699;\">Nu sun\u00adtem noi to\u021bi str\u0103\u00adini la un moment dat \u0219i undeva?<\/span><\/h1>\n<p>Pro\u00adiec\u00adtul artis\u00adtic explo\u00adrea\u00adz\u0103 rasis\u00admul, dis\u00adcri\u00admi\u00adna\u00adrea \u0219i inclu\u00adziu\u00adnea prin poe\u00adzie, film \u0219i teatru.<\/p>\n<p>Expe\u00adri\u00admen\u00adta\u021bi pove\u0219ti emo\u00ad\u021bio\u00adnan\u00adte des\u00adpre migra\u00ad\u021bie, pier\u00adde\u00adre \u0219i iden\u00adti\u00adta\u00adte \u2014 lega\u00adte de muzi\u00adc\u0103 ca ele\u00adment emo\u021bional.<\/p>\n<p><em>\u00cen coo\u00adpe\u00adra\u00adre cu Tiya\u00adtro Dia\u00adlo\u00adgue \u0219i Thea\u00adtre Kaleidoskopic.<\/em><\/p>\n","protected":false},"author":12,"featured_media":58840,"template":"","class_list":["post-58853","event","type-event","status-publish","has-post-thumbnail","hentry","event_category-timp-liber"],"acf":{"event-recurring":false,"event-category":83,"event-is-language-course":false,"event-recurring-still-active":true,"event-display-details":true,"event-schedules-recurring":null,"event-schedules-calendar":[{"event-calendar-day":"20250319","event-calendar-time":"19:00","event-calendar-time-text":""}],"event-is-online":false,"event-online-url":"","event-location-building":"Tempel Kulturzentrum","event-location-street":"Hardstra\u00dfe 37 a","event-location-zip":"76185","event-location-city":"Karlsruhe","event-location-contact-person":"Frau Anna Kastalion","event-location-phone":"0721\/ 831 45 70","event-location-phone-2":"","event-location-mail":"anna.kastalion@lmdr.de","event-location-mail-2":"","event-location-website":"","event-target-group":[{"target-group":"all"}],"event-target-group-comment":"","event-free":true,"event-organiser":[16337],"event-header-copyright-overlay":true,"event-copyright-note-description-end":false},"featured_image_urls_v2":{"full":["https:\/\/www.anika-net.de\/wp-content\/uploads\/2025\/02\/Woche-gegen-Ras-.png",1472,830,false],"thumbnail":["https:\/\/www.anika-net.de\/wp-content\/uploads\/2025\/02\/Woche-gegen-Ras--150x150.png",150,150,true],"medium":["https:\/\/www.anika-net.de\/wp-content\/uploads\/2025\/02\/Woche-gegen-Ras--300x169.png",300,169,true],"medium_large":["https:\/\/www.anika-net.de\/wp-content\/uploads\/2025\/02\/Woche-gegen-Ras--768x433.png",640,361,true],"large":["https:\/\/www.anika-net.de\/wp-content\/uploads\/2025\/02\/Woche-gegen-Ras--1024x577.png",640,361,true],"1536x1536":["https:\/\/www.anika-net.de\/wp-content\/uploads\/2025\/02\/Woche-gegen-Ras-.png",1472,830,false],"2048x2048":["https:\/\/www.anika-net.de\/wp-content\/uploads\/2025\/02\/Woche-gegen-Ras-.png",1472,830,false],"event-overview":["https:\/\/www.anika-net.de\/wp-content\/uploads\/2025\/02\/Woche-gegen-Ras--960x640.png",960,640,true],"event-archive-thumb":["https:\/\/www.anika-net.de\/wp-content\/uploads\/2025\/02\/Woche-gegen-Ras--480x271.png",480,271,true],"grid-item-thumbnail":["https:\/\/www.anika-net.de\/wp-content\/uploads\/2025\/02\/Woche-gegen-Ras--360x200.png",360,200,true],"network-partner-icon":["https:\/\/www.anika-net.de\/wp-content\/uploads\/2025\/02\/Woche-gegen-Ras--100x100.png",100,100,true],"organiser-icon":["https:\/\/www.anika-net.de\/wp-content\/uploads\/2025\/02\/Woche-gegen-Ras--200x200.png",200,200,true],"gform-image-choice-sm":["https:\/\/www.anika-net.de\/wp-content\/uploads\/2025\/02\/Woche-gegen-Ras-.png",300,169,false],"gform-image-choice-md":["https:\/\/www.anika-net.de\/wp-content\/uploads\/2025\/02\/Woche-gegen-Ras-.png",400,226,false],"gform-image-choice-lg":["https:\/\/www.anika-net.de\/wp-content\/uploads\/2025\/02\/Woche-gegen-Ras-.png",600,338,false]},"post_excerpt_stackable_v2":"<p>S\u0103p\u00adt\u0103m\u00e2\u00adni\u00adle inter\u00adna\u021bio\u00adna\u00adle \u00eempo\u00adtri\u00adva rasis\u00admu\u00adlui Karl\u00adsru\u00adhe&nbsp;2025 Ce \u00eenseam\u00adn\u0103 s\u0103 fii un str\u0103\u00adin? Nu sun\u00adtem noi to\u021bi str\u0103\u00adini la un moment dat \u0219i unde\u00adva? Pro\u00adiec\u00adtul artis\u00adtic explo\u00adrea\u00adz\u0103 rasis\u00admul, dis\u00adcri\u00admi\u00adna\u00adrea \u0219i inclu\u00adziu\u00adnea prin poe\u00adzie, film \u0219i tea\u00adtru. Expe\u00adri\u00admen\u00adta\u021bi pove\u0219ti emo\u00ad\u021bio\u00adnan\u00adte des\u00adpre migra\u00ad\u021bie, pier\u00adde\u00adre \u0219i iden\u00adti\u00adta\u00adte \u2014 lega\u00adte de muzi\u00adc\u0103 ca ele\u00adment emo\u00ad\u021bio\u00adnal. \u00cen coo\u00adpe\u00adra\u00adre cu Tiya\u00adtro Dia\u00adlo\u00adgue \u0219i Thea\u00adtre Kaleidoskopic.<\/p>\n","category_list_v2":"","author_info_v2":{"name":"Andrea Ramirez","url":"https:\/\/www.anika-net.de\/ro\/author\/andrea-ramirez\/"},"comments_num_v2":"0 comments","uagb_featured_image_src":{"full":["https:\/\/www.anika-net.de\/wp-content\/uploads\/2025\/02\/Woche-gegen-Ras-.png",1472,830,false],"thumbnail":["https:\/\/www.anika-net.de\/wp-content\/uploads\/2025\/02\/Woche-gegen-Ras--150x150.png",150,150,true],"medium":["https:\/\/www.anika-net.de\/wp-content\/uploads\/2025\/02\/Woche-gegen-Ras--300x169.png",300,169,true],"medium_large":["https:\/\/www.anika-net.de\/wp-content\/uploads\/2025\/02\/Woche-gegen-Ras--768x433.png",640,361,true],"large":["https:\/\/www.anika-net.de\/wp-content\/uploads\/2025\/02\/Woche-gegen-Ras--1024x577.png",640,361,true],"1536x1536":["https:\/\/www.anika-net.de\/wp-content\/uploads\/2025\/02\/Woche-gegen-Ras-.png",1472,830,false],"2048x2048":["https:\/\/www.anika-net.de\/wp-content\/uploads\/2025\/02\/Woche-gegen-Ras-.png",1472,830,false],"event-overview":["https:\/\/www.anika-net.de\/wp-content\/uploads\/2025\/02\/Woche-gegen-Ras--960x640.png",960,640,true],"event-archive-thumb":["https:\/\/www.anika-net.de\/wp-content\/uploads\/2025\/02\/Woche-gegen-Ras--480x271.png",480,271,true],"grid-item-thumbnail":["https:\/\/www.anika-net.de\/wp-content\/uploads\/2025\/02\/Woche-gegen-Ras--360x200.png",360,200,true],"network-partner-icon":["https:\/\/www.anika-net.de\/wp-content\/uploads\/2025\/02\/Woche-gegen-Ras--100x100.png",100,100,true],"organiser-icon":["https:\/\/www.anika-net.de\/wp-content\/uploads\/2025\/02\/Woche-gegen-Ras--200x200.png",200,200,true],"gform-image-choice-sm":["https:\/\/www.anika-net.de\/wp-content\/uploads\/2025\/02\/Woche-gegen-Ras-.png",300,169,false],"gform-image-choice-md":["https:\/\/www.anika-net.de\/wp-content\/uploads\/2025\/02\/Woche-gegen-Ras-.png",400,226,false],"gform-image-choice-lg":["https:\/\/www.anika-net.de\/wp-content\/uploads\/2025\/02\/Woche-gegen-Ras-.png",600,338,false]},"uagb_author_info":{"display_name":"Andrea Ramirez","author_link":"https:\/\/www.anika-net.de\/ro\/author\/andrea-ramirez\/"},"uagb_comment_info":0,"uagb_excerpt":"S\u0103p\u00adt\u0103m\u00e2\u00adni\u00adle inter\u00adna\u021bio\u00adna\u00adle \u00eempo\u00adtri\u00adva rasis\u00admu\u00adlui Karl\u00adsru\u00adhe&nbsp;2025 Ce \u00eenseam\u00adn\u0103 s\u0103 fii un str\u0103in? Nu sun\u00adtem noi to\u021bi str\u0103\u00adini la un moment dat \u0219i undeva? Pro\u00adiec\u00adtul artis\u00adtic explo\u00adrea\u00adz\u0103 rasis\u00admul, dis\u00adcri\u00admi\u00adna\u00adrea \u0219i inclu\u00adziu\u00adnea prin&nbsp;Citi\u021bi mai mult","_links":{"self":[{"href":"https:\/\/www.anika-net.de\/ro\/wp-json\/wp\/v2\/event\/58853","targetHints":{"allow":["GET"]}}],"collection":[{"href":"https:\/\/www.anika-net.de\/ro\/wp-json\/wp\/v2\/event"}],"about":[{"href":"https:\/\/www.anika-net.de\/ro\/wp-json\/wp\/v2\/types\/event"}],"author":[{"embeddable":true,"href":"https:\/\/www.anika-net.de\/ro\/wp-json\/wp\/v2\/users\/12"}],"version-history":[{"count":0,"href":"https:\/\/www.anika-net.de\/ro\/wp-json\/wp\/v2\/event\/58853\/revisions"}],"acf:post":[{"embeddable":true,"href":"https:\/\/www.anika-net.de\/ro\/wp-json\/wp\/v2\/organiser\/16337"}],"acf:term":[{"embeddable":true,"taxonomy":"event_category","href":"https:\/\/www.anika-net.de\/ro\/wp-json\/wp\/v2\/event_category\/83"}],"wp:featuredmedia":[{"embeddable":true,"href":"https:\/\/www.anika-net.de\/ro\/wp-json\/wp\/v2\/media\/58840"}],"wp:attachment":[{"href":"https:\/\/www.anika-net.de\/ro\/wp-json\/wp\/v2\/media?parent=58853"}],"curies":[{"name":"wp","href":"https:\/\/api.w.org\/{rel}","templated":true}]}}