{"id":58748,"date":"2025-02-19T12:59:33","date_gmt":"2025-02-19T11:59:33","guid":{"rendered":"https:\/\/www.anika-net.de\/event\/ideile-tale-pentru-orasul-tau-a-11-a-conferinta-a-tineretului-din-karlsruhe\/"},"modified":"2025-02-19T12:59:33","modified_gmt":"2025-02-19T11:59:33","slug":"ideile-tale-pentru-orasul-tau-a-11-a-conferinta-a-tineretului-din-karlsruhe","status":"publish","type":"event","link":"https:\/\/www.anika-net.de\/ro\/event\/ideile-tale-pentru-orasul-tau-a-11-a-conferinta-a-tineretului-din-karlsruhe\/","title":{"rendered":"Ide\u00adi\u00adle tale pen\u00adtru ora\u00ad\u0219ul t\u0103u \u2014 a 11\u2011a Con\u00adfe\u00adrin\u00ad\u021b\u0103 a tine\u00adre\u00adtu\u00adlui din Karlsruhe"},"content":{"rendered":"<h4><span style=\"color: #666699;\">A 11\u2011a Con\u00adfe\u00adrin\u00ad\u021b\u0103 de tine\u00adret de la Karlsruhe<\/span><\/h4>\n<h1><span style=\"color: #333399;\">Ide\u00adi\u00adle tale pen\u00adtru ora\u00ad\u0219ul&nbsp;t\u0103u<\/span><\/h1>\n<blockquote>\n<p style=\"text-align: center;\"><em>\u201cCe este \u00een nere\u00adgu\u00adl\u0103 cu tere\u00adnul de fotbal din dis\u00adtric\u00adtul t\u0103u? Unde v\u0103 pute\u021bi \u00eent\u00e2l\u00adni? \u0218i ce a\u021bi dori s\u0103 schim\u00adba\u021bi sau s\u0103 \u00eembu\u00adn\u0103\u00adt\u0103\u00ad\u021bi\u021bi la Karlsruhe?\u201d<br>\nAces\u00adtea sunt doar trei din\u00adtre nume\u00adroa\u00adse\u00adle \u00eentre\u00adb\u0103ri care pot fi adre\u00adsa\u00adte \u00een cadrul Con\u00adfe\u00adrin\u00ad\u021bei Tine\u00adri\u00adlor din Karlsruhe.<\/em><\/p>\n<\/blockquote>\n<p>La <strong>cea de\u2011a 11\u2011a Con\u00adfe\u00adrin\u00ad\u021b\u0103 a tine\u00adre\u00adtu\u00adlui din Karl\u00adsru\u00adhe<\/strong>, care va avea loc la 22 mar\u00adtie 2025 la Pri\u00adm\u0103\u00adria ora\u00ad\u0219u\u00adlui Karl\u00adsru\u00adhe, tine\u00adrii vor putea din nou s\u0103 par\u00adti\u00adci\u00adpe la mode\u00adla\u00adrea ora\u00ad\u0219u\u00adlui lor \u0219i s\u0103 expe\u00adri\u00admen\u00adte\u00adze pro\u00adce\u00adse\u00adle demo\u00adcra\u00adti\u00adce la pri\u00adma&nbsp;m\u00e2n\u0103.<\/p>\n<p>Feza\u00adbi\u00adli\u00adta\u00adtea pro\u00adpu\u00adne\u00adri\u00adlor va fi dis\u00adcu\u00adta\u00adt\u0103 cu repre\u00adzen\u00adtan\u021bi din poli\u00adti\u00adc\u0103 \u0219i administra\u021bie.<br>\nTo\u021bi tine\u00adrii cu v\u00e2r\u00adsta de pes\u00adte 14 ani sunt invi\u00adta\u021bi s\u0103 par\u00adti\u00adci\u00adpe. Am fi \u00eenc\u00e2n\u00adta\u021bi dac\u0103 mul\u021bi tineri ar ajun\u00adge la Pri\u00adm\u0103\u00adria Karl\u00adsru\u00adhe \u0219i ar lua par\u00adte la dezvol\u00adta\u00adrea ora\u00ad\u0219u\u00adlui cu pro\u00adpri\u00adi\u00adle idei \u0219i sugestii.&nbsp;<\/p>\n","protected":false},"author":12,"featured_media":58733,"template":"","class_list":["post-58748","event","type-event","status-publish","has-post-thumbnail","hentry","event_category-timp-liber"],"acf":{"event-recurring":false,"event-category":83,"event-is-language-course":false,"event-recurring-still-active":true,"event-display-details":true,"event-schedules-recurring":null,"event-schedules-calendar":[{"event-calendar-day":"20250322","event-calendar-time":"14:00","event-calendar-time-text":""}],"event-is-online":false,"event-online-url":"","event-location-building":"B\u00fcrgersaal (Rathaus Karlsruhe)","event-location-street":"Karl-Friedrich-Stra\u00dfe 10","event-location-zip":"76133","event-location-city":"Karlsruhe","event-location-contact-person":"Nicolai B\u00f6rckel","event-location-phone":"0721 133 5603","event-location-phone-2":"","event-location-mail":"n.boerckel@stja.de","event-location-mail-2":"","event-location-website":"https:\/\/karlsruherjugendkonferenz.de\/","event-target-group":[{"target-group":"teens"},{"target-group":"students"}],"event-target-group-comment":"","event-free":true,"event-organiser":[16578],"event-header-copyright-overlay":true,"event-copyright-note-description-end":false},"featured_image_urls_v2":{"full":["https:\/\/www.anika-net.de\/wp-content\/uploads\/2025\/02\/Jugendkonferenz.png",1414,2000,false],"thumbnail":["https:\/\/www.anika-net.de\/wp-content\/uploads\/2025\/02\/Jugendkonferenz-150x150.png",150,150,true],"medium":["https:\/\/www.anika-net.de\/wp-content\/uploads\/2025\/02\/Jugendkonferenz-212x300.png",212,300,true],"medium_large":["https:\/\/www.anika-net.de\/wp-content\/uploads\/2025\/02\/Jugendkonferenz-768x1086.png",640,905,true],"large":["https:\/\/www.anika-net.de\/wp-content\/uploads\/2025\/02\/Jugendkonferenz-724x1024.png",640,905,true],"1536x1536":["https:\/\/www.anika-net.de\/wp-content\/uploads\/2025\/02\/Jugendkonferenz-1086x1536.png",1086,1536,true],"2048x2048":["https:\/\/www.anika-net.de\/wp-content\/uploads\/2025\/02\/Jugendkonferenz.png",1414,2000,false],"event-overview":["https:\/\/www.anika-net.de\/wp-content\/uploads\/2025\/02\/Jugendkonferenz-960x640.png",960,640,true],"event-archive-thumb":["https:\/\/www.anika-net.de\/wp-content\/uploads\/2025\/02\/Jugendkonferenz-480x679.png",480,679,true],"grid-item-thumbnail":["https:\/\/www.anika-net.de\/wp-content\/uploads\/2025\/02\/Jugendkonferenz-360x200.png",360,200,true],"network-partner-icon":["https:\/\/www.anika-net.de\/wp-content\/uploads\/2025\/02\/Jugendkonferenz-100x100.png",100,100,true],"organiser-icon":["https:\/\/www.anika-net.de\/wp-content\/uploads\/2025\/02\/Jugendkonferenz-200x200.png",200,200,true],"gform-image-choice-sm":["https:\/\/www.anika-net.de\/wp-content\/uploads\/2025\/02\/Jugendkonferenz.png",212,300,false],"gform-image-choice-md":["https:\/\/www.anika-net.de\/wp-content\/uploads\/2025\/02\/Jugendkonferenz.png",283,400,false],"gform-image-choice-lg":["https:\/\/www.anika-net.de\/wp-content\/uploads\/2025\/02\/Jugendkonferenz.png",424,600,false]},"post_excerpt_stackable_v2":"<p>A 11\u2011a Con\u00adfe\u00adrin\u00ad\u021b\u0103 de tine\u00adret de la Karl\u00adsru\u00adhe Ide\u00adi\u00adle tale pen\u00adtru ora\u00ad\u0219ul&nbsp;t\u0103u \u201cCe este \u00een nere\u00adgu\u00adl\u0103 cu tere\u00adnul de fotbal din dis\u00adtric\u00adtul t\u0103u? Unde v\u0103 pute\u021bi \u00eent\u00e2l\u00adni? \u0218i ce a\u021bi dori s\u0103 schim\u00adba\u021bi sau s\u0103 \u00eembu\u00adn\u0103\u00adt\u0103\u00ad\u021bi\u021bi la Karl\u00adsru\u00adhe?\u201d Aces\u00adtea sunt doar trei din\u00adtre nume\u00adroa\u00adse\u00adle \u00eentre\u00adb\u0103ri care pot fi adre\u00adsa\u00adte \u00een cadrul Con\u00adfe\u00adrin\u00ad\u021bei Tine\u00adri\u00adlor din Karl\u00adsru\u00adhe. La cea de\u2011a 11\u2011a Con\u00adfe\u00adrin\u00ad\u021b\u0103 a tine\u00adre\u00adtu\u00adlui din Karl\u00adsru\u00adhe, care va avea loc la 22 mar\u00adtie 2025 la Pri\u00adm\u0103\u00adria ora\u00ad\u0219u\u00adlui Karl\u00adsru\u00adhe, tine\u00adrii vor putea din nou s\u0103 par\u00adti\u00adci\u00adpe la mode\u00adla\u00adrea ora\u00ad\u0219u\u00adlui lor \u0219i s\u0103 expe\u00adri\u00admen\u00adte\u00adze pro\u00adce\u00adse\u00adle demo\u00adcra\u00adti\u00adce la pri\u00adma&nbsp;m\u00e2n\u0103. Feza\u00adbi\u00adli\u00adta\u00adtea pro\u00adpu\u00adne\u00adri\u00adlor va fi dis\u00adcu\u00adta\u00adt\u0103&nbsp;cu\u2026<\/p>\n","category_list_v2":"","author_info_v2":{"name":"Andrea Ramirez","url":"https:\/\/www.anika-net.de\/ro\/author\/andrea-ramirez\/"},"comments_num_v2":"0 comments","uagb_featured_image_src":{"full":["https:\/\/www.anika-net.de\/wp-content\/uploads\/2025\/02\/Jugendkonferenz.png",1414,2000,false],"thumbnail":["https:\/\/www.anika-net.de\/wp-content\/uploads\/2025\/02\/Jugendkonferenz-150x150.png",150,150,true],"medium":["https:\/\/www.anika-net.de\/wp-content\/uploads\/2025\/02\/Jugendkonferenz-212x300.png",212,300,true],"medium_large":["https:\/\/www.anika-net.de\/wp-content\/uploads\/2025\/02\/Jugendkonferenz-768x1086.png",640,905,true],"large":["https:\/\/www.anika-net.de\/wp-content\/uploads\/2025\/02\/Jugendkonferenz-724x1024.png",640,905,true],"1536x1536":["https:\/\/www.anika-net.de\/wp-content\/uploads\/2025\/02\/Jugendkonferenz-1086x1536.png",1086,1536,true],"2048x2048":["https:\/\/www.anika-net.de\/wp-content\/uploads\/2025\/02\/Jugendkonferenz.png",1414,2000,false],"event-overview":["https:\/\/www.anika-net.de\/wp-content\/uploads\/2025\/02\/Jugendkonferenz-960x640.png",960,640,true],"event-archive-thumb":["https:\/\/www.anika-net.de\/wp-content\/uploads\/2025\/02\/Jugendkonferenz-480x679.png",480,679,true],"grid-item-thumbnail":["https:\/\/www.anika-net.de\/wp-content\/uploads\/2025\/02\/Jugendkonferenz-360x200.png",360,200,true],"network-partner-icon":["https:\/\/www.anika-net.de\/wp-content\/uploads\/2025\/02\/Jugendkonferenz-100x100.png",100,100,true],"organiser-icon":["https:\/\/www.anika-net.de\/wp-content\/uploads\/2025\/02\/Jugendkonferenz-200x200.png",200,200,true],"gform-image-choice-sm":["https:\/\/www.anika-net.de\/wp-content\/uploads\/2025\/02\/Jugendkonferenz.png",212,300,false],"gform-image-choice-md":["https:\/\/www.anika-net.de\/wp-content\/uploads\/2025\/02\/Jugendkonferenz.png",283,400,false],"gform-image-choice-lg":["https:\/\/www.anika-net.de\/wp-content\/uploads\/2025\/02\/Jugendkonferenz.png",424,600,false]},"uagb_author_info":{"display_name":"Andrea Ramirez","author_link":"https:\/\/www.anika-net.de\/ro\/author\/andrea-ramirez\/"},"uagb_comment_info":0,"uagb_excerpt":"A 11\u2011a Con\u00adfe\u00adrin\u00ad\u021b\u0103 de tine\u00adret de la Karlsruhe Ide\u00adi\u00adle tale pen\u00adtru ora\u00ad\u0219ul&nbsp;t\u0103u \u201cCe este \u00een nere\u00adgu\u00adl\u0103 cu tere\u00adnul de fotbal din dis\u00adtric\u00adtul t\u0103u? Unde v\u0103 pute\u021bi \u00eent\u00e2l\u00adni? \u0218i ce a\u021bi&nbsp;Citi\u021bi mai mult","_links":{"self":[{"href":"https:\/\/www.anika-net.de\/ro\/wp-json\/wp\/v2\/event\/58748","targetHints":{"allow":["GET"]}}],"collection":[{"href":"https:\/\/www.anika-net.de\/ro\/wp-json\/wp\/v2\/event"}],"about":[{"href":"https:\/\/www.anika-net.de\/ro\/wp-json\/wp\/v2\/types\/event"}],"author":[{"embeddable":true,"href":"https:\/\/www.anika-net.de\/ro\/wp-json\/wp\/v2\/users\/12"}],"version-history":[{"count":0,"href":"https:\/\/www.anika-net.de\/ro\/wp-json\/wp\/v2\/event\/58748\/revisions"}],"acf:post":[{"embeddable":true,"href":"https:\/\/www.anika-net.de\/ro\/wp-json\/wp\/v2\/organiser\/16578"}],"acf:term":[{"embeddable":true,"taxonomy":"event_category","href":"https:\/\/www.anika-net.de\/ro\/wp-json\/wp\/v2\/event_category\/83"}],"wp:featuredmedia":[{"embeddable":true,"href":"https:\/\/www.anika-net.de\/ro\/wp-json\/wp\/v2\/media\/58733"}],"wp:attachment":[{"href":"https:\/\/www.anika-net.de\/ro\/wp-json\/wp\/v2\/media?parent=58748"}],"curies":[{"name":"wp","href":"https:\/\/api.w.org\/{rel}","templated":true}]}}