{"id":56013,"date":"2024-11-28T14:52:03","date_gmt":"2024-11-28T13:52:03","guid":{"rendered":"https:\/\/www.anika-net.de\/event\/brutarie-de-craciun-2024\/"},"modified":"2024-11-28T14:52:03","modified_gmt":"2024-11-28T13:52:03","slug":"brutarie-de-craciun-2024","status":"publish","type":"event","link":"https:\/\/www.anika-net.de\/ro\/event\/brutarie-de-craciun-2024\/","title":{"rendered":"Bru\u00adt\u0103\u00adrie de Cr\u0103\u00adciun&nbsp;2024"},"content":{"rendered":"<h4><span style=\"color: #666699;\"><b>Tra\u00addi\u00ad\u021bii de Cr\u0103\u00adciun \u00een Germania<\/b><\/span><\/h4>\n<blockquote>\n<h3><strong><em>Ast\u0103zi am dori s\u0103 v\u0103 invi\u00adt\u0103m la urm\u0103\u00adto\u00adrul nos\u00adtru \u201cInter\u00adna\u00adtio\u00adnal Come Toge\u00adther\u201d din Karlsruhe<\/em><\/strong><\/h3>\n<\/blockquote>\n<h1><span style=\"color: #008080;\"><b>Bru\u00adt\u0103\u00adrie de Cr\u0103\u00adciun&nbsp;2024<\/b><\/span><\/h1>\n<p>\u00cempre\u00adu\u00adn\u0103 cu Depar\u00adta\u00admen\u00adtul de Dezvol\u00adta\u00adre Eco\u00adno\u00admi\u00adc\u0103 al ora\u00ad\u0219u\u00adlui Karl\u00adsru\u00adhe \u0219i com\u00adpa\u00adnia de asi\u00adgu\u00adr\u0103ri de s\u0103n\u0103\u00adta\u00adte TK, v\u0103 invi\u00adt\u0103m cu drag la vin fiert, pun\u00adch \u0219i bis\u00adcu\u00adi\u021bi sub \u00eendru\u00adma\u00adrea unui bru\u00adtar pro\u00adfe\u00adsi\u00ado\u00adnist. <b>V\u0103 rug\u0103m s\u0103 v\u0103 \u00eenscri\u00ade\u021bi la <\/b><a href=\"https:\/\/www.landingpage.tk.de\/christmas-bakery-2024-6\" target=\"_blank\" rel=\"noopener\"><b>https:\/\/www.landingpage.tk.de\/christmas-bakery-2024\u20136<\/b><\/a><\/p>\n<h3><a href=\"https:\/\/www.anika-net.de\/wp-content\/uploads\/2024\/11\/Invitation_ICT_10.12.2024.pdf\">\ud83d\udcce Pli\u00adant<\/a><\/h3>\n<h3><span style=\"color: #008080;\">Inter\u00adna\u021bio\u00adnal Come Together<\/span><\/h3>\n<p>\u201cInter\u00adna\u00adtio\u00adnal Come Toge\u00adther\u201d este \u00eent\u00e2l\u00adni\u00adrea de re\u021bea pen\u00adtru spe\u00adcia\u00adli\u0219\u00adtii inter\u00adna\u021bio\u00adnali, stu\u00adden\u00ad\u021bii \u0219i p\u0103r\u00ad\u021bi\u00adle inte\u00adre\u00adsa\u00adte din regiu\u00adnea teh\u00adno\u00adlo\u00adgi\u00adc\u0103 Karl\u00adsru\u00adhe: o oport\u00adu\u00adni\u00adta\u00adte ide\u00ada\u00adl\u0103 de a face con\u00ade\u00adxiuni valo\u00adroa\u00adse, de a bene\u00adfi\u00adcia de expe\u00adrien\u00ad\u021be dife\u00adri\u00adte \u0219i de a face schimb de idei cu oameni care g\u00e2n\u00addesc la&nbsp;fel.<\/p>\n","protected":false},"author":12,"featured_media":55975,"template":"","class_list":["post-56013","event","type-event","status-publish","has-post-thumbnail","hentry","event_category-timp-liber"],"acf":{"event-recurring":false,"event-category":83,"event-is-language-course":false,"event-recurring-still-active":true,"event-display-details":true,"event-schedules-recurring":null,"event-schedules-calendar":[{"event-calendar-day":"20241210","event-calendar-time":"17:00 20:00","event-calendar-time-text":""}],"event-is-online":false,"event-online-url":"","event-location-building":"Anne-Frank-Haus","event-location-street":"Moltkestra\u00dfe 20","event-location-zip":"76133","event-location-city":"Karlsruhe","event-location-contact-person":"","event-location-phone":"0721\/ 40244 713","event-location-phone-2":"","event-location-mail":"","event-location-mail-2":"","event-location-website":"https:\/\/www.landingpage.tk.de\/christmas-bakery-2024-6.","event-target-group":null,"event-target-group-comment":"pentru speciali\u0219ti interna\u021bionali, studen\u021bi","event-free":true,"event-organiser":[16650],"event-header-copyright-overlay":true,"event-copyright-note-description-end":false},"featured_image_urls_v2":{"full":["https:\/\/www.anika-net.de\/wp-content\/uploads\/2024\/11\/Christmas-Bakery-2024.png",944,483,false],"thumbnail":["https:\/\/www.anika-net.de\/wp-content\/uploads\/2024\/11\/Christmas-Bakery-2024-150x150.png",150,150,true],"medium":["https:\/\/www.anika-net.de\/wp-content\/uploads\/2024\/11\/Christmas-Bakery-2024-300x153.png",300,153,true],"medium_large":["https:\/\/www.anika-net.de\/wp-content\/uploads\/2024\/11\/Christmas-Bakery-2024-768x393.png",640,328,true],"large":["https:\/\/www.anika-net.de\/wp-content\/uploads\/2024\/11\/Christmas-Bakery-2024.png",640,327,false],"1536x1536":["https:\/\/www.anika-net.de\/wp-content\/uploads\/2024\/11\/Christmas-Bakery-2024.png",944,483,false],"2048x2048":["https:\/\/www.anika-net.de\/wp-content\/uploads\/2024\/11\/Christmas-Bakery-2024.png",944,483,false],"event-overview":["https:\/\/www.anika-net.de\/wp-content\/uploads\/2024\/11\/Christmas-Bakery-2024.png",944,483,false],"event-archive-thumb":["https:\/\/www.anika-net.de\/wp-content\/uploads\/2024\/11\/Christmas-Bakery-2024-480x246.png",480,246,true],"grid-item-thumbnail":["https:\/\/www.anika-net.de\/wp-content\/uploads\/2024\/11\/Christmas-Bakery-2024-360x200.png",360,200,true],"network-partner-icon":["https:\/\/www.anika-net.de\/wp-content\/uploads\/2024\/11\/Christmas-Bakery-2024-100x100.png",100,100,true],"organiser-icon":["https:\/\/www.anika-net.de\/wp-content\/uploads\/2024\/11\/Christmas-Bakery-2024-200x200.png",200,200,true],"gform-image-choice-sm":["https:\/\/www.anika-net.de\/wp-content\/uploads\/2024\/11\/Christmas-Bakery-2024-300x300.png",300,300,true],"gform-image-choice-md":["https:\/\/www.anika-net.de\/wp-content\/uploads\/2024\/11\/Christmas-Bakery-2024-400x400.png",400,400,true],"gform-image-choice-lg":["https:\/\/www.anika-net.de\/wp-content\/uploads\/2024\/11\/Christmas-Bakery-2024-600x483.png",600,483,true]},"post_excerpt_stackable_v2":"<p>Tra\u00addi\u00ad\u021bii de Cr\u0103\u00adciun \u00een Ger\u00adma\u00adnia Ast\u0103zi am dori s\u0103 v\u0103 invi\u00adt\u0103m la urm\u0103\u00adto\u00adrul nos\u00adtru \u201cInter\u00adna\u00adtio\u00adnal Come Toge\u00adther\u201d din Karl\u00adsru\u00adhe Bru\u00adt\u0103\u00adrie de Cr\u0103\u00adciun&nbsp;2024 \u00cempre\u00adu\u00adn\u0103 cu Depar\u00adta\u00admen\u00adtul de Dezvol\u00adta\u00adre Eco\u00adno\u00admi\u00adc\u0103 al ora\u00ad\u0219u\u00adlui Karl\u00adsru\u00adhe \u0219i com\u00adpa\u00adnia de asi\u00adgu\u00adr\u0103ri de s\u0103n\u0103\u00adta\u00adte TK, v\u0103 invi\u00adt\u0103m cu drag la vin fiert, pun\u00adch \u0219i bis\u00adcu\u00adi\u021bi sub \u00eendru\u00adma\u00adrea unui bru\u00adtar pro\u00adfe\u00adsi\u00ado\u00adnist. V\u0103 rug\u0103m s\u0103 v\u0103 \u00eenscri\u00ade\u021bi la https:\/\/www.landingpage.tk.de\/christmas-bakery-2024\u20136 \ud83d\udcce Pli\u00adant Inter\u00adna\u021bio\u00adnal Come Toge\u00adther \u201cInter\u00adna\u00adtio\u00adnal Come Toge\u00adther\u201d este \u00eent\u00e2l\u00adni\u00adrea de re\u021bea pen\u00adtru spe\u00adcia\u00adli\u0219\u00adtii inter\u00adna\u021bio\u00adnali, stu\u00adden\u00ad\u021bii \u0219i p\u0103r\u00ad\u021bi\u00adle inte\u00adre\u00adsa\u00adte din regiu\u00adnea teh\u00adno\u00adlo\u00adgi\u00adc\u0103 Karl\u00adsru\u00adhe: o oport\u00adu\u00adni\u00adta\u00adte ide\u00ada\u00adl\u0103 de a face con\u00ade\u00adxiuni valo\u00adroa\u00adse, de a bene\u00adfi\u00adcia de expe\u00adrien\u00ad\u021be dife\u00adri\u00adte \u0219i de&nbsp;a\u2026<\/p>\n","category_list_v2":"","author_info_v2":{"name":"Andrea Ramirez","url":"https:\/\/www.anika-net.de\/ro\/author\/andrea-ramirez\/"},"comments_num_v2":"0 comments","uagb_featured_image_src":{"full":["https:\/\/www.anika-net.de\/wp-content\/uploads\/2024\/11\/Christmas-Bakery-2024.png",944,483,false],"thumbnail":["https:\/\/www.anika-net.de\/wp-content\/uploads\/2024\/11\/Christmas-Bakery-2024-150x150.png",150,150,true],"medium":["https:\/\/www.anika-net.de\/wp-content\/uploads\/2024\/11\/Christmas-Bakery-2024-300x153.png",300,153,true],"medium_large":["https:\/\/www.anika-net.de\/wp-content\/uploads\/2024\/11\/Christmas-Bakery-2024-768x393.png",640,328,true],"large":["https:\/\/www.anika-net.de\/wp-content\/uploads\/2024\/11\/Christmas-Bakery-2024.png",640,327,false],"1536x1536":["https:\/\/www.anika-net.de\/wp-content\/uploads\/2024\/11\/Christmas-Bakery-2024.png",944,483,false],"2048x2048":["https:\/\/www.anika-net.de\/wp-content\/uploads\/2024\/11\/Christmas-Bakery-2024.png",944,483,false],"event-overview":["https:\/\/www.anika-net.de\/wp-content\/uploads\/2024\/11\/Christmas-Bakery-2024.png",944,483,false],"event-archive-thumb":["https:\/\/www.anika-net.de\/wp-content\/uploads\/2024\/11\/Christmas-Bakery-2024-480x246.png",480,246,true],"grid-item-thumbnail":["https:\/\/www.anika-net.de\/wp-content\/uploads\/2024\/11\/Christmas-Bakery-2024-360x200.png",360,200,true],"network-partner-icon":["https:\/\/www.anika-net.de\/wp-content\/uploads\/2024\/11\/Christmas-Bakery-2024-100x100.png",100,100,true],"organiser-icon":["https:\/\/www.anika-net.de\/wp-content\/uploads\/2024\/11\/Christmas-Bakery-2024-200x200.png",200,200,true],"gform-image-choice-sm":["https:\/\/www.anika-net.de\/wp-content\/uploads\/2024\/11\/Christmas-Bakery-2024-300x300.png",300,300,true],"gform-image-choice-md":["https:\/\/www.anika-net.de\/wp-content\/uploads\/2024\/11\/Christmas-Bakery-2024-400x400.png",400,400,true],"gform-image-choice-lg":["https:\/\/www.anika-net.de\/wp-content\/uploads\/2024\/11\/Christmas-Bakery-2024-600x483.png",600,483,true]},"uagb_author_info":{"display_name":"Andrea Ramirez","author_link":"https:\/\/www.anika-net.de\/ro\/author\/andrea-ramirez\/"},"uagb_comment_info":0,"uagb_excerpt":"Tra\u00addi\u00ad\u021bii de Cr\u0103\u00adciun \u00een Germania Ast\u0103zi am dori s\u0103 v\u0103 invi\u00adt\u0103m la urm\u0103\u00adto\u00adrul nos\u00adtru \u201cInter\u00adna\u00adtio\u00adnal Come Toge\u00adther\u201d din Karlsruhe Bru\u00adt\u0103\u00adrie de Cr\u0103\u00adciun&nbsp;2024 \u00cempre\u00adu\u00adn\u0103 cu Depar\u00adta\u00admen\u00adtul de Dezvol\u00adta\u00adre Eco\u00adno\u00admi\u00adc\u0103 al ora\u00ad\u0219u\u00adlui&nbsp;Citi\u021bi mai mult","_links":{"self":[{"href":"https:\/\/www.anika-net.de\/ro\/wp-json\/wp\/v2\/event\/56013","targetHints":{"allow":["GET"]}}],"collection":[{"href":"https:\/\/www.anika-net.de\/ro\/wp-json\/wp\/v2\/event"}],"about":[{"href":"https:\/\/www.anika-net.de\/ro\/wp-json\/wp\/v2\/types\/event"}],"author":[{"embeddable":true,"href":"https:\/\/www.anika-net.de\/ro\/wp-json\/wp\/v2\/users\/12"}],"version-history":[{"count":0,"href":"https:\/\/www.anika-net.de\/ro\/wp-json\/wp\/v2\/event\/56013\/revisions"}],"acf:post":[{"embeddable":true,"href":"https:\/\/www.anika-net.de\/ro\/wp-json\/wp\/v2\/organiser\/16650"}],"acf:term":[{"embeddable":true,"taxonomy":"event_category","href":"https:\/\/www.anika-net.de\/ro\/wp-json\/wp\/v2\/event_category\/83"}],"wp:featuredmedia":[{"embeddable":true,"href":"https:\/\/www.anika-net.de\/ro\/wp-json\/wp\/v2\/media\/55975"}],"wp:attachment":[{"href":"https:\/\/www.anika-net.de\/ro\/wp-json\/wp\/v2\/media?parent=56013"}],"curies":[{"name":"wp","href":"https:\/\/api.w.org\/{rel}","templated":true}]}}