{"id":55574,"date":"2024-11-21T11:14:55","date_gmt":"2024-11-21T10:14:55","guid":{"rendered":"https:\/\/www.anika-net.de\/event\/waldklassenzimmer\/"},"modified":"2024-11-21T11:14:55","modified_gmt":"2024-11-21T10:14:55","slug":"waldklassenzimmer","status":"publish","type":"event","link":"https:\/\/www.anika-net.de\/ro\/event\/waldklassenzimmer\/","title":{"rendered":"Wal\u00add\u00adk\u00adla\u00ads\u00adsen\u00adzi\u00adm\u00admer"},"content":{"rendered":"<p>The <a href=\"https:\/\/www.waldpaedagogik-karlsruhe.de\/aktuelles\/\" rel=\"noopener\"><em><strong><span style=\"color: #008080;\">Wal\u00add\u00adk\u00adla\u00ads\u00adsen\u00adzi\u00adm\u00admer<\/span> <\/strong><\/em><\/a>(sala de cla\u00ads\u0103 din p\u0103du\u00adre) a fost uti\u00adli\u00adza\u00adt\u0103 ca punct de con\u00adtact pen\u00adtru eve\u00adni\u00admen\u00adte de edu\u00adca\u00ad\u021bie fores\u00adti\u00ade\u00adr\u0103 \u00eence\u00adp\u00e2nd cu&nbsp;1996.<br>\nPoa\u00adte fi uti\u00adli\u00adza\u00adt\u0103 numai cu pro\u00adgra\u00adma\u00adre pre\u00ada\u00adla\u00adbi\u00adl\u0103 sau \u00een zile\u00adle de des\u00adco\u00adpe\u00adri\u00adre \u0219i me\u0219\u00adte\u00ad\u0219u\u00adguri din pro\u00adgra\u00admul anu\u00adal. <span style=\"color: #666699;\"><strong>Zona de acti\u00advi\u00adt\u0103\u021bi:<\/strong><\/span> Aici, copi\u00adii \u00ee\u0219i pot satis\u00adfa\u00adce nevo\u00adia natu\u00adra\u00adl\u0103 de mi\u0219\u00adca\u00adre \u0219i se pot c\u0103\u021b\u0103\u00adra, echi\u00adli\u00adbra, aler\u00adga, zbu\u00adr\u00adda \u0219i \u00ee\u0219i pot dezvol\u00adta abi\u00adli\u00adt\u0103\u00ad\u021bi\u00adle moto\u00adrii. Fie c\u0103 este vor\u00adba des\u00adpre labi\u00adrin\u00adtul din copac, gau\u00adra iepu\u00adre\u00adlui, cur\u00adsul de aven\u00adtu\u00adr\u0103 sau casa din copac \u2014 copi\u00adii dezvol\u00adt\u0103 rapid idei, acti\u00advi\u00adt\u0103\u021bi \u0219i jocuri de rol care nu sunt pres\u00adta\u00adbi\u00adli\u00adte, ci dezvol\u00adta\u00adte din pro\u00adpria lor ima\u00adgi\u00adna\u00ad\u021bie. <strong><span style=\"color: #666699;\">Zona sen\u00adzo\u00adri\u00ada\u00adl\u0103:<\/span><\/strong> Natu\u00adra nu este expe\u00adri\u00admen\u00adta\u00adt\u0103 doar cog\u00adni\u00adtiv \u00een cla\u00adsa de p\u0103du\u00adre, ci cu toa\u00adte sim\u00ad\u021bu\u00adri\u00adle. Un curs des\u00adcul\u021b, caba\u00adna sono\u00adr\u0103 \u0219i tra\u00adse\u00adul sen\u00adzo\u00adri\u00adal v\u0103 invi\u00adt\u0103 s\u0103 face\u021bi acest lucru. <strong><span style=\"color: #666699;\">Zona bio\u00adto\u00adpu\u00adlui:<\/span> <\/strong>Zona de bio\u00adtop inclu\u00adde, prin\u00adtre alte\u00adle: Iaz, paji\u0219\u00adte de liva\u00add\u0103, zid de pia\u00adtr\u0103 usca\u00adt\u0103 sau gr\u0103\u00addi\u00adn\u0103 (pro\u00adiect de coo\u00adpe\u00adra\u00adre cu&nbsp;BUND).<br>\nAces\u00adte habi\u00adta\u00adte se pre\u00adtea\u00adz\u0103 la com\u00adpa\u00adra\u00ad\u021bii cu eco\u00adsis\u00adte\u00admul fores\u00adti\u00ader. Cu aju\u00adto\u00adrul zidu\u00adlui albi\u00adne\u00adlor s\u0103l\u00adba\u00adti\u00adce sau al Tier-WG, sunt pre\u00adzen\u00adta\u00adte m\u0103suri pen\u00adtru pro\u00adtec\u00ad\u021bia spe\u00adci\u00adi\u00adlor aplicate.<\/p>\n<h3><strong><span style=\"color: #008080;\">Pro\u00adgram anu\u00adal \u2014 Waldklassenzimmer<br>\n<\/span><\/strong><\/h3>\n<p>Pro\u00adgra\u00admul <a href=\"https:\/\/www.waldpaedagogik-karlsruhe.de\/jahresprogramm\/\" rel=\"noopener\"><strong>pro\u00adgram anu\u00adal<\/strong><\/a> se adre\u00adsea\u00adz\u0103 fami\u00adli\u00adi\u00adlor \u0219i adul\u00ad\u021bi\u00adlor care sunt inte\u00adre\u00adsa\u021bi de p\u0103du\u00adre, natu\u00adr\u0103 \u0219i pro\u00adble\u00adme de mediu \u00een tim\u00adpul lor liber \u0219i care se bucu\u00adr\u0103 de expe\u00adrien\u00ad\u021be comu\u00adne \u00eentr-un grup. Avem mai mul\u00adte acti\u00advi\u00adt\u0103\u021bi de vacan\u00ad\u021b\u0103 pen\u00adtru copii \u00een pro\u00adgra\u00admul nostru.<\/p>\n<h3><span style=\"color: #800080;\">Fami\u00adlii \u00een p\u0103dure<\/span><\/h3>\n<p>Aici ve\u021bi g\u0103si <strong><a href=\"https:\/\/www.waldpaedagogik-karlsruhe.de\/weitere-angebote\/auf-eigene-faust-im-wald-unterwegs\/\" rel=\"noopener\">diver\u00adse acti\u00advi\u00adt\u0103\u021bi pen\u00adtru fami\u00adlii<\/a><\/strong> care pot fi rea\u00adli\u00adza\u00adte pe cont pro\u00adpriu, f\u0103r\u0103 \u00eendru\u00adma\u00adre. Ve\u021bi ob\u021bine o pre\u00adzen\u00adta\u00adre gene\u00adra\u00adl\u0103 a locu\u00adri\u00adlor de joa\u00adc\u0103 \u0219i a tra\u00adse\u00ade\u00adlor de aven\u00adtu\u00adr\u0103 \u00een p\u0103du\u00adre din \u00eempre\u00adju\u00adri\u00admi. De ase\u00adme\u00adnea, am con\u00adce\u00adput diver\u00adse raliuri pen\u00adtru dumneavoastr\u0103.<\/p>\n<h4><span style=\"color: #008080;\">Direc\u00ad\u021bii<\/span><\/h4>\n<p>Cla\u00adsa fores\u00adti\u00ade\u00adr\u0103 este situ\u00ada\u00adt\u0103 \u00een mij\u00adlo\u00adcul p\u0103du\u00adrii Har\u00add\u00adtwald, pe Kana\u00adlweg, \u00eentre Lin\u00adkenhe\u00adi\u00admer Allee \u0219i Gra\u00adbe\u00adner Allee. Cen\u00adtrul fores\u00adti\u00ader \u00eenve\u00adci\u00adnat se afl\u0103 la apro\u00adxi\u00adma\u00adtiv 200 de metri dis\u00adtan\u00ad\u021b\u0103 \u0219i se poa\u00adte ajun\u00adge pe jos prin R\u00e4t\u00adse\u00adlwald. <strong><a href=\"https:\/\/www.waldpaedagogik-karlsruhe.de\/home\/kontakt\/\" rel=\"noopener\">Pla\u00adnul sitului<\/a><\/strong><\/p>\n","protected":false},"author":12,"featured_media":55556,"template":"","class_list":["post-55574","event","type-event","status-publish","has-post-thumbnail","hentry","event_category-timp-liber"],"acf":{"event-recurring":true,"event-category":83,"event-is-language-course":false,"event-recurring-still-active":true,"event-display-details":true,"event-schedules-recurring":[{"event-recurring-week-day":false,"event-recurring-time":"9:00 - 11:00","event-recurring-time-text":""},{"event-recurring-week-day":"1","event-recurring-time":"14:00 - 16:00","event-recurring-time-text":""},{"event-recurring-week-day":"2","event-recurring-time":"14:00 - 16:00","event-recurring-time-text":""}],"event-schedules-calendar":null,"event-is-online":false,"event-online-url":"","event-location-building":"Waldklassenzimmer","event-location-street":"Linkenheimer Allee 10","event-location-zip":"76131","event-location-city":"Karlsruhe","event-location-contact-person":"","event-location-phone":"0721\/ 1337354","event-location-phone-2":"","event-location-mail":"waldpaedagogik@fa.karlsruhe.de","event-location-mail-2":"","event-location-website":"","event-target-group":[{"target-group":"families"},{"target-group":"teens"},{"target-group":"children"}],"event-target-group-comment":"","event-free":false,"event-organiser":[55526],"event-header-copyright-overlay":true,"event-copyright-note-description-end":false},"featured_image_urls_v2":{"full":["https:\/\/www.anika-net.de\/wp-content\/uploads\/2024\/11\/Waldklassenzimmer-Karlsruhe-scaled.jpg",2560,1707,false],"thumbnail":["https:\/\/www.anika-net.de\/wp-content\/uploads\/2024\/11\/Waldklassenzimmer-Karlsruhe-150x150.jpg",150,150,true],"medium":["https:\/\/www.anika-net.de\/wp-content\/uploads\/2024\/11\/Waldklassenzimmer-Karlsruhe-300x200.jpg",300,200,true],"medium_large":["https:\/\/www.anika-net.de\/wp-content\/uploads\/2024\/11\/Waldklassenzimmer-Karlsruhe-768x512.jpg",640,427,true],"large":["https:\/\/www.anika-net.de\/wp-content\/uploads\/2024\/11\/Waldklassenzimmer-Karlsruhe-1024x683.jpg",640,427,true],"1536x1536":["https:\/\/www.anika-net.de\/wp-content\/uploads\/2024\/11\/Waldklassenzimmer-Karlsruhe-1536x1024.jpg",1536,1024,true],"2048x2048":["https:\/\/www.anika-net.de\/wp-content\/uploads\/2024\/11\/Waldklassenzimmer-Karlsruhe-2048x1365.jpg",2048,1365,true],"event-overview":["https:\/\/www.anika-net.de\/wp-content\/uploads\/2024\/11\/Waldklassenzimmer-Karlsruhe-960x640.jpg",960,640,true],"event-archive-thumb":["https:\/\/www.anika-net.de\/wp-content\/uploads\/2024\/11\/Waldklassenzimmer-Karlsruhe-480x320.jpg",480,320,true],"grid-item-thumbnail":["https:\/\/www.anika-net.de\/wp-content\/uploads\/2024\/11\/Waldklassenzimmer-Karlsruhe-360x200.jpg",360,200,true],"network-partner-icon":["https:\/\/www.anika-net.de\/wp-content\/uploads\/2024\/11\/Waldklassenzimmer-Karlsruhe-100x100.jpg",100,100,true],"organiser-icon":["https:\/\/www.anika-net.de\/wp-content\/uploads\/2024\/11\/Waldklassenzimmer-Karlsruhe-200x200.jpg",200,200,true],"gform-image-choice-sm":["https:\/\/www.anika-net.de\/wp-content\/uploads\/2024\/11\/Waldklassenzimmer-Karlsruhe-300x300.jpg",300,300,true],"gform-image-choice-md":["https:\/\/www.anika-net.de\/wp-content\/uploads\/2024\/11\/Waldklassenzimmer-Karlsruhe-400x400.jpg",400,400,true],"gform-image-choice-lg":["https:\/\/www.anika-net.de\/wp-content\/uploads\/2024\/11\/Waldklassenzimmer-Karlsruhe-600x600.jpg",600,600,true]},"post_excerpt_stackable_v2":"<p>The Wal\u00add\u00adk\u00adla\u00ads\u00adsen\u00adzi\u00adm\u00admer (sala de cla\u00ads\u0103 din p\u0103du\u00adre) a fost uti\u00adli\u00adza\u00adt\u0103 ca punct de con\u00adtact pen\u00adtru eve\u00adni\u00admen\u00adte de edu\u00adca\u00ad\u021bie fores\u00adti\u00ade\u00adr\u0103 \u00eence\u00adp\u00e2nd cu&nbsp;1996. Poa\u00adte fi uti\u00adli\u00adza\u00adt\u0103 numai cu pro\u00adgra\u00adma\u00adre pre\u00ada\u00adla\u00adbi\u00adl\u0103 sau \u00een zile\u00adle de des\u00adco\u00adpe\u00adri\u00adre \u0219i me\u0219\u00adte\u00ad\u0219u\u00adguri din pro\u00adgra\u00admul anu\u00adal. Zona de acti\u00advi\u00adt\u0103\u021bi: Aici, copi\u00adii \u00ee\u0219i pot satis\u00adfa\u00adce nevo\u00adia natu\u00adra\u00adl\u0103 de mi\u0219\u00adca\u00adre \u0219i se pot c\u0103\u021b\u0103\u00adra, echi\u00adli\u00adbra, aler\u00adga, zbu\u00adr\u00adda \u0219i \u00ee\u0219i pot dezvol\u00adta abi\u00adli\u00adt\u0103\u00ad\u021bi\u00adle moto\u00adrii. Fie c\u0103 este vor\u00adba des\u00adpre labi\u00adrin\u00adtul din copac, gau\u00adra iepu\u00adre\u00adlui, cur\u00adsul de aven\u00adtu\u00adr\u0103 sau casa din copac \u2014 copi\u00adii dezvol\u00adt\u0103 rapid idei, acti\u00advi\u00adt\u0103\u021bi \u0219i jocuri de rol care nu sunt pres\u00adta\u00adbi\u00adli\u00adte, ci dezvol\u00adta\u00adte din pro\u00adpria lor imagina\u021bie.\u2026<\/p>\n","category_list_v2":"","author_info_v2":{"name":"Andrea Ramirez","url":"https:\/\/www.anika-net.de\/ro\/author\/andrea-ramirez\/"},"comments_num_v2":"0 comments","uagb_featured_image_src":{"full":["https:\/\/www.anika-net.de\/wp-content\/uploads\/2024\/11\/Waldklassenzimmer-Karlsruhe-scaled.jpg",2560,1707,false],"thumbnail":["https:\/\/www.anika-net.de\/wp-content\/uploads\/2024\/11\/Waldklassenzimmer-Karlsruhe-150x150.jpg",150,150,true],"medium":["https:\/\/www.anika-net.de\/wp-content\/uploads\/2024\/11\/Waldklassenzimmer-Karlsruhe-300x200.jpg",300,200,true],"medium_large":["https:\/\/www.anika-net.de\/wp-content\/uploads\/2024\/11\/Waldklassenzimmer-Karlsruhe-768x512.jpg",640,427,true],"large":["https:\/\/www.anika-net.de\/wp-content\/uploads\/2024\/11\/Waldklassenzimmer-Karlsruhe-1024x683.jpg",640,427,true],"1536x1536":["https:\/\/www.anika-net.de\/wp-content\/uploads\/2024\/11\/Waldklassenzimmer-Karlsruhe-1536x1024.jpg",1536,1024,true],"2048x2048":["https:\/\/www.anika-net.de\/wp-content\/uploads\/2024\/11\/Waldklassenzimmer-Karlsruhe-2048x1365.jpg",2048,1365,true],"event-overview":["https:\/\/www.anika-net.de\/wp-content\/uploads\/2024\/11\/Waldklassenzimmer-Karlsruhe-960x640.jpg",960,640,true],"event-archive-thumb":["https:\/\/www.anika-net.de\/wp-content\/uploads\/2024\/11\/Waldklassenzimmer-Karlsruhe-480x320.jpg",480,320,true],"grid-item-thumbnail":["https:\/\/www.anika-net.de\/wp-content\/uploads\/2024\/11\/Waldklassenzimmer-Karlsruhe-360x200.jpg",360,200,true],"network-partner-icon":["https:\/\/www.anika-net.de\/wp-content\/uploads\/2024\/11\/Waldklassenzimmer-Karlsruhe-100x100.jpg",100,100,true],"organiser-icon":["https:\/\/www.anika-net.de\/wp-content\/uploads\/2024\/11\/Waldklassenzimmer-Karlsruhe-200x200.jpg",200,200,true],"gform-image-choice-sm":["https:\/\/www.anika-net.de\/wp-content\/uploads\/2024\/11\/Waldklassenzimmer-Karlsruhe-300x300.jpg",300,300,true],"gform-image-choice-md":["https:\/\/www.anika-net.de\/wp-content\/uploads\/2024\/11\/Waldklassenzimmer-Karlsruhe-400x400.jpg",400,400,true],"gform-image-choice-lg":["https:\/\/www.anika-net.de\/wp-content\/uploads\/2024\/11\/Waldklassenzimmer-Karlsruhe-600x600.jpg",600,600,true]},"uagb_author_info":{"display_name":"Andrea Ramirez","author_link":"https:\/\/www.anika-net.de\/ro\/author\/andrea-ramirez\/"},"uagb_comment_info":0,"uagb_excerpt":"The Wal\u00add\u00adk\u00adla\u00ads\u00adsen\u00adzi\u00adm\u00admer (sala de cla\u00ads\u0103 din p\u0103du\u00adre) a fost uti\u00adli\u00adza\u00adt\u0103 ca punct de con\u00adtact pen\u00adtru eve\u00adni\u00admen\u00adte de edu\u00adca\u00ad\u021bie fores\u00adti\u00ade\u00adr\u0103 \u00eence\u00adp\u00e2nd cu&nbsp;1996. Poa\u00adte fi uti\u00adli\u00adza\u00adt\u0103 numai cu pro\u00adgra\u00adma\u00adre pre\u00ada\u00adla\u00adbi\u00adl\u0103 sau \u00een&nbsp;Citi\u021bi mai mult","_links":{"self":[{"href":"https:\/\/www.anika-net.de\/ro\/wp-json\/wp\/v2\/event\/55574","targetHints":{"allow":["GET"]}}],"collection":[{"href":"https:\/\/www.anika-net.de\/ro\/wp-json\/wp\/v2\/event"}],"about":[{"href":"https:\/\/www.anika-net.de\/ro\/wp-json\/wp\/v2\/types\/event"}],"author":[{"embeddable":true,"href":"https:\/\/www.anika-net.de\/ro\/wp-json\/wp\/v2\/users\/12"}],"version-history":[{"count":0,"href":"https:\/\/www.anika-net.de\/ro\/wp-json\/wp\/v2\/event\/55574\/revisions"}],"acf:post":[{"embeddable":true,"href":"https:\/\/www.anika-net.de\/ro\/wp-json\/wp\/v2\/organiser\/55526"}],"acf:term":[{"embeddable":true,"taxonomy":"event_category","href":"https:\/\/www.anika-net.de\/ro\/wp-json\/wp\/v2\/event_category\/83"}],"wp:featuredmedia":[{"embeddable":true,"href":"https:\/\/www.anika-net.de\/ro\/wp-json\/wp\/v2\/media\/55556"}],"wp:attachment":[{"href":"https:\/\/www.anika-net.de\/ro\/wp-json\/wp\/v2\/media?parent=55574"}],"curies":[{"name":"wp","href":"https:\/\/api.w.org\/{rel}","templated":true}]}}