{"id":54589,"date":"2024-10-29T14:02:32","date_gmt":"2024-10-29T13:02:32","guid":{"rendered":"https:\/\/www.anika-net.de\/event\/climathon-x-link-idea-lab\/"},"modified":"2024-10-29T14:02:32","modified_gmt":"2024-10-29T13:02:32","slug":"climathon-x-link-idea-lab","status":"publish","type":"event","link":"https:\/\/www.anika-net.de\/ro\/event\/climathon-x-link-idea-lab\/","title":{"rendered":"Cli\u00adma\u00adthon x LiNK Idea&nbsp;Lab"},"content":{"rendered":"<blockquote>\n<h3><em><span style=\"color: #666699;\">Cre\u00ada\u00adrea de idei mai pri\u00ade\u00adte\u00adnoa\u00adse cu cli\u00adma pen\u00adtru regiu\u00adnea Rinu\u00adlui Superior<\/span><\/em><\/h3>\n<\/blockquote>\n<h1><span style=\"color: #008080;\">Cli\u00adma\u00adthon x LiNK Idea&nbsp;Lab<\/span><\/h1>\n<p>  V\u0103 invi\u00adt\u0103m s\u0103 deve\u00adni\u021bi un par\u00adti\u00adci\u00adpant activ la <strong>Cli\u00adma\u00adthon x LiNK Idea Lab<\/strong> pe 8 noiem\u00adbrie (dup\u0103-ami\u00ada\u00adz\u0103) \u0219i 9 noiem\u00adbrie 2024 (dimi\u00adnea\u00ad\u021b\u0103 \u0219i dup\u0103-ami\u00ada\u00adz\u0103) la Impact Hub Karl\u00adsru\u00adhe. Eve\u00adni\u00admen\u00adtul nos\u00adtru este un sprint de idei pe tema ino\u00adv\u0103\u00adrii cli\u00adma\u00adti\u00adce, a con\u00ad\u0219ti\u00aden\u00adti\u00adz\u0103\u00adrii \u0219i a solu\u00ad\u021bi\u00adi\u00adlor pen\u00adtru a adu\u00adce \u00eempre\u00adu\u00adn\u0103 oameni de pe ambe\u00adle maluri ale Rinu\u00adlui \u2014 \u0219i pen\u00adtru a ini\u021bia\/combina \u00eempre\u00adu\u00adn\u0103 idei favo\u00adra\u00adbi\u00adle cli\u00admei care se pot trans\u00adfor\u00adma \u00een ini\u00ad\u021bia\u00adti\u00adve civi\u00adce, \u00eentre\u00adprin\u00adderi \u0219i pro\u00adiec\u00adte de cer\u00adce\u00adta\u00adre etc. Ofe\u00adrim o zi \u0219i jum\u0103\u00adta\u00adte pli\u00adn\u0103 de con\u00adtri\u00adbu\u00ad\u021bii scur\u00adte \u0219i sesiuni de lucru inter\u00adna\u021bio\u00adna\u00adle pen\u00adtru a crea con\u00ad\u0219ti\u00aden\u00adti\u00adza\u00adre, a face schimb \u0219i a veni cu idei con\u00adcre\u00adte. Sesiu\u00adni\u00adle \u0219i con\u00adtri\u00adbu\u00ad\u021bi\u00adi\u00adle vor fi sus\u00ad\u021bi\u00adnu\u00adte de exper\u021bi din dife\u00adri\u00adte dome\u00adnii, reflec\u00adt\u00e2nd o abor\u00adda\u00adre inter\u00addis\u00adci\u00adpli\u00adna\u00adr\u0103 a solu\u00ad\u021bi\u00adi\u00adlor cli\u00adma\u00adti\u00adce. Eve\u00adni\u00admen\u00adtul nos\u00adtru este des\u00adchis tutu\u00adror celor inte\u00adre\u00adsa\u021bi de subiec\u00adte\u00adle noas\u00adtre, sin\u00adgu\u00adre\u00adle con\u00addi\u00ad\u021bii fiind s\u0103 pute\u021bi vor\u00adbi engle\u00adza de baz\u0103 pen\u00adtru a con\u00adtri\u00adbui la sesiu\u00adni\u00adle de lucru.      <strong>\ud83c\udfab Ave\u021bi nevo\u00adie de bile\u00adte de tren?<\/strong>  Ne vom ocu\u00adpa noi de asta! Tre\u00adbu\u00adie doar s\u0103 ne spu\u00adne\u021bi de ce ave\u021bi nevo\u00adie atunci c\u00e2nd v\u0103 \u00eenscri\u00ade\u021bi. Din p\u0103ca\u00adte, locu\u00adri\u00adle de caza\u00adre sunt com\u00adple\u00adte \u0219i nu v\u0103 mai putem oferi aceas\u00adt\u0103 op\u021biu\u00adne. <strong>Cli\u00adma\u00adthon este o comu\u00adni\u00adta\u00adte glo\u00adba\u00adl\u0103 care<\/strong> \u00eencu\u00adra\u00adjea\u00adz\u0103 ini\u00ad\u021bia\u00adti\u00adve\u00adle civi\u00adce pen\u00adtru a abor\u00adda pro\u00advo\u00adc\u0103\u00adri\u00adle cli\u00adma\u00adti\u00adce cu idei cre\u00ada\u00adti\u00adve. <a title=\"https:\/\/climathon.climate-kic.org\/\" href=\"https:\/\/climathon.climate-kic.org\/\" target=\"_blank\" rel=\"nofollow noopener noreferrer\" data-msys-clicktrack=\"0\" data-airgap-id=\"14\">https:\/\/climathon.climate-kic.org\/<\/a>&nbsp;<\/p>\n<blockquote><p><em><a href=\"http:\/\/link-coop.eu\/\" rel=\"noopener\"><strong>LiNK<\/strong><\/a> este un pro\u00adiect comun ger\u00adma\u00adno-fran\u00adcez al Mai\u00adson de l\u2019Em\u00adploi Stra\u00ads\u00adbo\u00adurg, SINGA Stra\u00ads\u00adbo\u00adurg, SINGA Stut\u00adtgart \u0219i Impact Hub Karlsruhe.<\/em><\/p><\/blockquote>\n<p> Pro\u00admo\u00adv\u0103m antre\u00adpre\u00adno\u00adri\u00ada\u00adtul cu impact soci\u00adal prin cur\u00adsuri de for\u00adma\u00adre, ate\u00adli\u00ade\u00adre \u0219i labo\u00adra\u00adtoa\u00adre de idei at\u00e2t \u00een Ger\u00adma\u00adnia, c\u00e2t \u0219i \u00een Fran\u00ad\u021ba (regiu\u00adnea Rinu\u00adlui Superior).&nbsp;<\/p>\n<h3 style=\"text-align: center;\"><span style=\"color: #800080;\"><strong><a style=\"color: #800080;\" href=\"https:\/\/www.eventbrite.fr\/e\/climathon-x-idea-lab-tickets-1007579446247\" rel=\"noopener\">Rezer\u00adva\u021bi un&nbsp;loc<\/a><\/strong><\/span><\/h3>\n","protected":false},"author":12,"featured_media":54568,"template":"","class_list":["post-54589","event","type-event","status-publish","has-post-thumbnail","hentry","event_category-munca"],"acf":{"event-recurring":false,"event-category":84,"event-is-language-course":false,"event-recurring-still-active":true,"event-display-details":true,"event-schedules-recurring":null,"event-schedules-calendar":[{"event-calendar-day":"20241108","event-calendar-time":"08:00 - 14:00","event-calendar-time-text":""},{"event-calendar-day":"20241109","event-calendar-time":"09:00 17:00","event-calendar-time-text":""}],"event-is-online":false,"event-online-url":"","event-location-building":"Impact Hub Karlsruhe","event-location-street":"Kaiserstra\u00dfe 97 ","event-location-zip":"76133 ","event-location-city":"Karlsruhe","event-location-contact-person":"Juliette Gainon","event-location-phone":" 0157\/ 330 799 74","event-location-phone-2":"","event-location-mail":"info@link-coop.eu","event-location-mail-2":"","event-location-website":"https:\/\/link-coop.eu\/events\/","event-target-group":[{"target-group":"all"}],"event-target-group-comment":"","event-free":true,"event-organiser":[46781],"event-header-copyright-overlay":true,"event-copyright-note-description-end":false},"featured_image_urls_v2":{"full":["https:\/\/www.anika-net.de\/wp-content\/uploads\/2024\/10\/LI-Climathon-x-Idea-Lab-2024-1-Juliette-Gainon.png",2160,1080,false],"thumbnail":["https:\/\/www.anika-net.de\/wp-content\/uploads\/2024\/10\/LI-Climathon-x-Idea-Lab-2024-1-Juliette-Gainon-150x150.png",150,150,true],"medium":["https:\/\/www.anika-net.de\/wp-content\/uploads\/2024\/10\/LI-Climathon-x-Idea-Lab-2024-1-Juliette-Gainon-300x150.png",300,150,true],"medium_large":["https:\/\/www.anika-net.de\/wp-content\/uploads\/2024\/10\/LI-Climathon-x-Idea-Lab-2024-1-Juliette-Gainon-768x384.png",640,320,true],"large":["https:\/\/www.anika-net.de\/wp-content\/uploads\/2024\/10\/LI-Climathon-x-Idea-Lab-2024-1-Juliette-Gainon-1024x512.png",640,320,true],"1536x1536":["https:\/\/www.anika-net.de\/wp-content\/uploads\/2024\/10\/LI-Climathon-x-Idea-Lab-2024-1-Juliette-Gainon-1536x768.png",1536,768,true],"2048x2048":["https:\/\/www.anika-net.de\/wp-content\/uploads\/2024\/10\/LI-Climathon-x-Idea-Lab-2024-1-Juliette-Gainon-2048x1024.png",2048,1024,true],"event-overview":["https:\/\/www.anika-net.de\/wp-content\/uploads\/2024\/10\/LI-Climathon-x-Idea-Lab-2024-1-Juliette-Gainon-960x640.png",960,640,true],"event-archive-thumb":["https:\/\/www.anika-net.de\/wp-content\/uploads\/2024\/10\/LI-Climathon-x-Idea-Lab-2024-1-Juliette-Gainon-480x240.png",480,240,true],"grid-item-thumbnail":["https:\/\/www.anika-net.de\/wp-content\/uploads\/2024\/10\/LI-Climathon-x-Idea-Lab-2024-1-Juliette-Gainon-360x200.png",360,200,true],"network-partner-icon":["https:\/\/www.anika-net.de\/wp-content\/uploads\/2024\/10\/LI-Climathon-x-Idea-Lab-2024-1-Juliette-Gainon-100x100.png",100,100,true],"organiser-icon":["https:\/\/www.anika-net.de\/wp-content\/uploads\/2024\/10\/LI-Climathon-x-Idea-Lab-2024-1-Juliette-Gainon-200x200.png",200,200,true],"gform-image-choice-sm":["https:\/\/www.anika-net.de\/wp-content\/uploads\/2024\/10\/LI-Climathon-x-Idea-Lab-2024-1-Juliette-Gainon.png",300,150,false],"gform-image-choice-md":["https:\/\/www.anika-net.de\/wp-content\/uploads\/2024\/10\/LI-Climathon-x-Idea-Lab-2024-1-Juliette-Gainon.png",400,200,false],"gform-image-choice-lg":["https:\/\/www.anika-net.de\/wp-content\/uploads\/2024\/10\/LI-Climathon-x-Idea-Lab-2024-1-Juliette-Gainon.png",600,300,false]},"post_excerpt_stackable_v2":"<p>Cre\u00ada\u00adrea de idei mai pri\u00ade\u00adte\u00adnoa\u00adse cu cli\u00adma pen\u00adtru regiu\u00adnea Rinu\u00adlui Supe\u00adri\u00ador Cli\u00adma\u00adthon x LiNK Idea&nbsp;Lab V\u0103 invi\u00adt\u0103m s\u0103 deve\u00adni\u021bi un par\u00adti\u00adci\u00adpant activ la Cli\u00adma\u00adthon x LiNK Idea Lab pe 8 noiem\u00adbrie (dup\u0103-ami\u00ad\u00ada\u00ad\u00ad\u00adz\u0103) \u0219i 9 noiem\u00adbrie 2024 (dimi\u00adnea\u00ad\u021b\u0103 \u0219i dup\u0103-ami\u00ad\u00ada\u00ad\u00ad\u00adz\u0103) la Impact Hub Karl\u00adsru\u00adhe. Eve\u00adni\u00admen\u00adtul nos\u00adtru este un sprint de idei pe tema ino\u00adv\u0103\u00adrii cli\u00adma\u00adti\u00adce, a con\u00ad\u0219ti\u00aden\u00adti\u00adz\u0103\u00adrii \u0219i a solu\u00ad\u021bi\u00adi\u00adlor pen\u00adtru a adu\u00adce \u00eempre\u00adu\u00adn\u0103 oameni de pe ambe\u00adle maluri ale Rinu\u00adlui \u2014 \u0219i pen\u00adtru a ini\u021bia\/combina \u00eempre\u00adu\u00adn\u0103 idei favo\u00adra\u00adbi\u00adle cli\u00admei care se pot trans\u00adfor\u00adma \u00een ini\u00ad\u021bia\u00adti\u00adve civi\u00adce, \u00eentre\u00adprin\u00adderi \u0219i pro\u00adiec\u00adte de cer\u00adce\u00adta\u00adre etc. Ofe\u00adrim o zi \u0219i jum\u0103\u00adta\u00adte pli\u00adn\u0103 de contribu\u021bii\u2026<\/p>\n","category_list_v2":"","author_info_v2":{"name":"Andrea Ramirez","url":"https:\/\/www.anika-net.de\/ro\/author\/andrea-ramirez\/"},"comments_num_v2":"0 comments","uagb_featured_image_src":{"full":["https:\/\/www.anika-net.de\/wp-content\/uploads\/2024\/10\/LI-Climathon-x-Idea-Lab-2024-1-Juliette-Gainon.png",2160,1080,false],"thumbnail":["https:\/\/www.anika-net.de\/wp-content\/uploads\/2024\/10\/LI-Climathon-x-Idea-Lab-2024-1-Juliette-Gainon-150x150.png",150,150,true],"medium":["https:\/\/www.anika-net.de\/wp-content\/uploads\/2024\/10\/LI-Climathon-x-Idea-Lab-2024-1-Juliette-Gainon-300x150.png",300,150,true],"medium_large":["https:\/\/www.anika-net.de\/wp-content\/uploads\/2024\/10\/LI-Climathon-x-Idea-Lab-2024-1-Juliette-Gainon-768x384.png",640,320,true],"large":["https:\/\/www.anika-net.de\/wp-content\/uploads\/2024\/10\/LI-Climathon-x-Idea-Lab-2024-1-Juliette-Gainon-1024x512.png",640,320,true],"1536x1536":["https:\/\/www.anika-net.de\/wp-content\/uploads\/2024\/10\/LI-Climathon-x-Idea-Lab-2024-1-Juliette-Gainon-1536x768.png",1536,768,true],"2048x2048":["https:\/\/www.anika-net.de\/wp-content\/uploads\/2024\/10\/LI-Climathon-x-Idea-Lab-2024-1-Juliette-Gainon-2048x1024.png",2048,1024,true],"event-overview":["https:\/\/www.anika-net.de\/wp-content\/uploads\/2024\/10\/LI-Climathon-x-Idea-Lab-2024-1-Juliette-Gainon-960x640.png",960,640,true],"event-archive-thumb":["https:\/\/www.anika-net.de\/wp-content\/uploads\/2024\/10\/LI-Climathon-x-Idea-Lab-2024-1-Juliette-Gainon-480x240.png",480,240,true],"grid-item-thumbnail":["https:\/\/www.anika-net.de\/wp-content\/uploads\/2024\/10\/LI-Climathon-x-Idea-Lab-2024-1-Juliette-Gainon-360x200.png",360,200,true],"network-partner-icon":["https:\/\/www.anika-net.de\/wp-content\/uploads\/2024\/10\/LI-Climathon-x-Idea-Lab-2024-1-Juliette-Gainon-100x100.png",100,100,true],"organiser-icon":["https:\/\/www.anika-net.de\/wp-content\/uploads\/2024\/10\/LI-Climathon-x-Idea-Lab-2024-1-Juliette-Gainon-200x200.png",200,200,true],"gform-image-choice-sm":["https:\/\/www.anika-net.de\/wp-content\/uploads\/2024\/10\/LI-Climathon-x-Idea-Lab-2024-1-Juliette-Gainon.png",300,150,false],"gform-image-choice-md":["https:\/\/www.anika-net.de\/wp-content\/uploads\/2024\/10\/LI-Climathon-x-Idea-Lab-2024-1-Juliette-Gainon.png",400,200,false],"gform-image-choice-lg":["https:\/\/www.anika-net.de\/wp-content\/uploads\/2024\/10\/LI-Climathon-x-Idea-Lab-2024-1-Juliette-Gainon.png",600,300,false]},"uagb_author_info":{"display_name":"Andrea Ramirez","author_link":"https:\/\/www.anika-net.de\/ro\/author\/andrea-ramirez\/"},"uagb_comment_info":0,"uagb_excerpt":"Cre\u00ada\u00adrea de idei mai pri\u00ade\u00adte\u00adnoa\u00adse cu cli\u00adma pen\u00adtru regiu\u00adnea Rinu\u00adlui Superior Cli\u00adma\u00adthon x LiNK Idea&nbsp;Lab V\u0103 invi\u00adt\u0103m s\u0103 deve\u00adni\u021bi un par\u00adti\u00adci\u00adpant activ la Cli\u00adma\u00adthon x LiNK Idea Lab pe 8&nbsp;Citi\u021bi mai mult","_links":{"self":[{"href":"https:\/\/www.anika-net.de\/ro\/wp-json\/wp\/v2\/event\/54589","targetHints":{"allow":["GET"]}}],"collection":[{"href":"https:\/\/www.anika-net.de\/ro\/wp-json\/wp\/v2\/event"}],"about":[{"href":"https:\/\/www.anika-net.de\/ro\/wp-json\/wp\/v2\/types\/event"}],"author":[{"embeddable":true,"href":"https:\/\/www.anika-net.de\/ro\/wp-json\/wp\/v2\/users\/12"}],"version-history":[{"count":0,"href":"https:\/\/www.anika-net.de\/ro\/wp-json\/wp\/v2\/event\/54589\/revisions"}],"acf:post":[{"embeddable":true,"href":"https:\/\/www.anika-net.de\/ro\/wp-json\/wp\/v2\/organiser\/46781"}],"acf:term":[{"embeddable":true,"taxonomy":"event_category","href":"https:\/\/www.anika-net.de\/ro\/wp-json\/wp\/v2\/event_category\/84"}],"wp:featuredmedia":[{"embeddable":true,"href":"https:\/\/www.anika-net.de\/ro\/wp-json\/wp\/v2\/media\/54568"}],"wp:attachment":[{"href":"https:\/\/www.anika-net.de\/ro\/wp-json\/wp\/v2\/media?parent=54589"}],"curies":[{"name":"wp","href":"https:\/\/api.w.org\/{rel}","templated":true}]}}