{"id":53558,"date":"2024-09-16T12:54:44","date_gmt":"2024-09-16T10:54:44","guid":{"rendered":"https:\/\/www.anika-net.de\/event\/participarea-politica-intr-o-societate-a-imigratiei\/"},"modified":"2024-09-16T12:54:44","modified_gmt":"2024-09-16T10:54:44","slug":"participarea-politica-intr-o-societate-a-imigratiei","status":"publish","type":"event","link":"https:\/\/www.anika-net.de\/ro\/event\/participarea-politica-intr-o-societate-a-imigratiei\/","title":{"rendered":"Par\u00adti\u00adci\u00adpa\u00adrea poli\u00adti\u00adc\u0103 \u00eentr\u2011o soci\u00ade\u00adta\u00adte a imigra\u021biei"},"content":{"rendered":"<h4><span style=\"color: #666699;\">Eve\u00adni\u00adment de lan\u00adsa\u00adre ca par\u00adte a ale\u00adge\u00adrii Comi\u00adte\u00adtu\u00adlui de integrare<\/span><\/h4>\n<h2><span style=\"color: #993366;\">Par\u00adti\u00adci\u00adpa\u00adrea poli\u00adti\u00adc\u0103 \u00eentr\u2011o soci\u00ade\u00adta\u00adte a imi\u00adgra\u00ad\u021bi\u00adei \u2014 Inte\u00adgra\u00adre prin par\u00adti\u00adci\u00adpa\u00adre politic\u0103?\u201d<\/span><\/h2>\n<p>  Cum poa\u00adte fi orga\u00adni\u00adza\u00adt\u0103 par\u00adti\u00adci\u00adpa\u00adrea poli\u00adti\u00adc\u0103 a per\u00adsoa\u00adne\u00adlor cu expe\u00adrien\u00ad\u021b\u0103 migra\u00adto\u00adrie \u00eentr\u2011o \u021bar\u0103 moder\u00adn\u0103 de imigra\u021bie?<br>\nCe bari\u00ade\u00adre tre\u00adbu\u00adie eli\u00admi\u00adna\u00adte pen\u00adtru a face acest lucru posibil?<br>\nAces\u00adte \u00eentre\u00adb\u0103ri sunt de mare actu\u00ada\u00adli\u00adta\u00adte \u00een Karl\u00adsru\u00adhe, av\u00e2nd \u00een vede\u00adre ale\u00adge\u00adrea, la 10 decem\u00adbrie, a rezi\u00adden\u00ad\u021bi\u00adlor exper\u021bi \u00een Comi\u00adte\u00adtul de inte\u00adgra\u00adre al ora\u00ad\u0219u\u00adlui Karlsruhe.<br>\nDup\u0103 un dis\u00adcurs de bun venit al pri\u00adma\u00adru\u00adlui Dr. Mar\u00adtin Lenz, Meri Uhlig, \u0219eful Biro\u00adu\u00adlui pen\u00adtru inte\u00adgra\u00adre \u0219i comi\u00adsa\u00adrul pen\u00adtru inte\u00adgra\u00adre al ora\u00ad\u0219u\u00adlui Karl\u00adsru\u00adhe, va dis\u00adcu\u00adta aces\u00adte aspec\u00adte cu exper\u021bi renu\u00admi\u021bi: \u2014 Prof. Dr. Bir\u00adgit Locher-Fin\u00adke, \u0219efa Depar\u00adta\u00admen\u00adtu\u00adlui de Inte\u00adgra\u00adre din cadrul Minis\u00adte\u00adru\u00adlui Afa\u00adce\u00adri\u00adlor Soci\u00ada\u00adle, S\u0103n\u0103\u00adt\u0103\u00ad\u021bii \u0219i Inte\u00adgr\u0103\u00adrii din Baden-W\u00fcrt\u00adtem\u00adberg \u2014 Dna Nasrin Far\u00adkhari, con\u00adsi\u00adli\u00ader \u00een cadrul Biro\u00adu\u00adlui anti\u00addis\u00adcri\u00admi\u00adna\u00adre din Karl\u00adsru\u00adhe \u2014 Prof. Dr. Andreas W\u00fcst, pro\u00adfe\u00adsor de \u0219ti\u00adin\u00ad\u021be poli\u00adti\u00adce la Uni\u00adver\u00adsi\u00adta\u00adtea de \u0218ti\u00adin\u00ad\u021be Apli\u00adca\u00adte din M\u00fcn\u00adchen \u2014 Pri\u00adma\u00adrul Dr. Mar\u00adtin Lenz va \u021bine dis\u00adcur\u00adsul de bun&nbsp;venit.<br>\nCet\u0103\u00ad\u021be\u00adnii inte\u00adre\u00adsa\u021bi sunt invi\u00adta\u021bi cor\u00addi\u00adal. <strong>\ud83d\udccc V\u0103 rug\u0103m s\u0103 v\u0103 \u00eenscri\u00ade\u021bi p\u00e2n\u0103 la 25 sep\u00adtem\u00adbrie 2024<\/strong> prin e\u2011mail: ak-integrationsausschuss@sjb.karlsruhe.de    <\/p>\n","protected":false},"author":12,"featured_media":53539,"template":"","class_list":["post-53558","event","type-event","status-publish","has-post-thumbnail","hentry","event_category-timp-liber"],"acf":{"event-recurring":false,"event-category":83,"event-is-language-course":false,"event-recurring-still-active":true,"event-display-details":true,"event-schedules-recurring":null,"event-schedules-calendar":[{"event-calendar-day":"20240930","event-calendar-time":"19:00 - 21:30","event-calendar-time-text":""}],"event-is-online":false,"event-online-url":"","event-location-building":"St\u00e4ndehaussaal","event-location-street":"St\u00e4ndehausstra\u00dfe 2","event-location-zip":"76133","event-location-city":"Karlsruhe","event-location-contact-person":"","event-location-phone":"0721\/ 133-5761","event-location-phone-2":"","event-location-mail":"ak-integrationsausschuss@sjb.karlsruhe.de","event-location-mail-2":"","event-location-website":"https:\/\/kalender.karlsruhe.de\/db\/termine\/literatur\/politische_partizipation_in_einer_einwanderungsgesellsc","event-target-group":[{"target-group":"all"}],"event-target-group-comment":"","event-free":true,"event-organiser":[16499],"event-header-copyright-overlay":true,"event-copyright-note-description-end":false},"featured_image_urls_v2":{"full":["https:\/\/www.anika-net.de\/wp-content\/uploads\/2024\/09\/Gemainsam-Vielfalt-gestalten.png",794,591,false],"thumbnail":["https:\/\/www.anika-net.de\/wp-content\/uploads\/2024\/09\/Gemainsam-Vielfalt-gestalten-150x150.png",150,150,true],"medium":["https:\/\/www.anika-net.de\/wp-content\/uploads\/2024\/09\/Gemainsam-Vielfalt-gestalten-300x223.png",300,223,true],"medium_large":["https:\/\/www.anika-net.de\/wp-content\/uploads\/2024\/09\/Gemainsam-Vielfalt-gestalten-768x572.png",640,477,true],"large":["https:\/\/www.anika-net.de\/wp-content\/uploads\/2024\/09\/Gemainsam-Vielfalt-gestalten.png",640,476,false],"1536x1536":["https:\/\/www.anika-net.de\/wp-content\/uploads\/2024\/09\/Gemainsam-Vielfalt-gestalten.png",794,591,false],"2048x2048":["https:\/\/www.anika-net.de\/wp-content\/uploads\/2024\/09\/Gemainsam-Vielfalt-gestalten.png",794,591,false],"event-overview":["https:\/\/www.anika-net.de\/wp-content\/uploads\/2024\/09\/Gemainsam-Vielfalt-gestalten.png",794,591,false],"event-archive-thumb":["https:\/\/www.anika-net.de\/wp-content\/uploads\/2024\/09\/Gemainsam-Vielfalt-gestalten-480x357.png",480,357,true],"grid-item-thumbnail":["https:\/\/www.anika-net.de\/wp-content\/uploads\/2024\/09\/Gemainsam-Vielfalt-gestalten-360x200.png",360,200,true],"network-partner-icon":["https:\/\/www.anika-net.de\/wp-content\/uploads\/2024\/09\/Gemainsam-Vielfalt-gestalten-100x100.png",100,100,true],"organiser-icon":["https:\/\/www.anika-net.de\/wp-content\/uploads\/2024\/09\/Gemainsam-Vielfalt-gestalten-200x200.png",200,200,true],"gform-image-choice-sm":["https:\/\/www.anika-net.de\/wp-content\/uploads\/2024\/09\/Gemainsam-Vielfalt-gestalten.png",300,223,false],"gform-image-choice-md":["https:\/\/www.anika-net.de\/wp-content\/uploads\/2024\/09\/Gemainsam-Vielfalt-gestalten.png",400,298,false],"gform-image-choice-lg":["https:\/\/www.anika-net.de\/wp-content\/uploads\/2024\/09\/Gemainsam-Vielfalt-gestalten.png",600,447,false]},"post_excerpt_stackable_v2":"<p>Eve\u00adni\u00adment de lan\u00adsa\u00adre ca par\u00adte a ale\u00adge\u00adrii Comi\u00adte\u00adtu\u00adlui de inte\u00adgra\u00adre Par\u00adti\u00adci\u00adpa\u00adrea poli\u00adti\u00adc\u0103 \u00eentr\u2011o soci\u00ade\u00adta\u00adte a imi\u00adgra\u00ad\u021bi\u00adei \u2014 Inte\u00adgra\u00adre prin par\u00adti\u00adci\u00adpa\u00adre poli\u00adti\u00adc\u0103?\u201d Cum poa\u00adte fi orga\u00adni\u00adza\u00adt\u0103 par\u00adti\u00adci\u00adpa\u00adrea poli\u00adti\u00adc\u0103 a per\u00adsoa\u00adne\u00adlor cu expe\u00adrien\u00ad\u021b\u0103 migra\u00adto\u00adrie \u00eentr\u2011o \u021bar\u0103 moder\u00adn\u0103 de imi\u00adgra\u00ad\u021bie? Ce bari\u00ade\u00adre tre\u00adbu\u00adie eli\u00admi\u00adna\u00adte pen\u00adtru a face acest lucru posi\u00adbil? Aces\u00adte \u00eentre\u00adb\u0103ri sunt de mare actu\u00ada\u00adli\u00adta\u00adte \u00een Karl\u00adsru\u00adhe, av\u00e2nd \u00een vede\u00adre ale\u00adge\u00adrea, la 10 decem\u00adbrie, a rezi\u00adden\u00ad\u021bi\u00adlor exper\u021bi \u00een Comi\u00adte\u00adtul de inte\u00adgra\u00adre al ora\u00ad\u0219u\u00adlui Karl\u00adsru\u00adhe. Dup\u0103 un dis\u00adcurs de bun venit al pri\u00adma\u00adru\u00adlui Dr. Mar\u00adtin Lenz, Meri Uhlig, \u0219eful Biro\u00adu\u00adlui pen\u00adtru inte\u00adgra\u00adre \u0219i comi\u00adsa\u00adrul pen\u00adtru inte\u00adgra\u00adre al ora\u00ad\u0219u\u00adlui Karl\u00adsru\u00adhe, va dis\u00adcu\u00adta aces\u00adte aspecte\u2026<\/p>\n","category_list_v2":"","author_info_v2":{"name":"Andrea Ramirez","url":"https:\/\/www.anika-net.de\/ro\/author\/andrea-ramirez\/"},"comments_num_v2":"0 comments","uagb_featured_image_src":{"full":["https:\/\/www.anika-net.de\/wp-content\/uploads\/2024\/09\/Gemainsam-Vielfalt-gestalten.png",794,591,false],"thumbnail":["https:\/\/www.anika-net.de\/wp-content\/uploads\/2024\/09\/Gemainsam-Vielfalt-gestalten-150x150.png",150,150,true],"medium":["https:\/\/www.anika-net.de\/wp-content\/uploads\/2024\/09\/Gemainsam-Vielfalt-gestalten-300x223.png",300,223,true],"medium_large":["https:\/\/www.anika-net.de\/wp-content\/uploads\/2024\/09\/Gemainsam-Vielfalt-gestalten-768x572.png",640,477,true],"large":["https:\/\/www.anika-net.de\/wp-content\/uploads\/2024\/09\/Gemainsam-Vielfalt-gestalten.png",640,476,false],"1536x1536":["https:\/\/www.anika-net.de\/wp-content\/uploads\/2024\/09\/Gemainsam-Vielfalt-gestalten.png",794,591,false],"2048x2048":["https:\/\/www.anika-net.de\/wp-content\/uploads\/2024\/09\/Gemainsam-Vielfalt-gestalten.png",794,591,false],"event-overview":["https:\/\/www.anika-net.de\/wp-content\/uploads\/2024\/09\/Gemainsam-Vielfalt-gestalten.png",794,591,false],"event-archive-thumb":["https:\/\/www.anika-net.de\/wp-content\/uploads\/2024\/09\/Gemainsam-Vielfalt-gestalten-480x357.png",480,357,true],"grid-item-thumbnail":["https:\/\/www.anika-net.de\/wp-content\/uploads\/2024\/09\/Gemainsam-Vielfalt-gestalten-360x200.png",360,200,true],"network-partner-icon":["https:\/\/www.anika-net.de\/wp-content\/uploads\/2024\/09\/Gemainsam-Vielfalt-gestalten-100x100.png",100,100,true],"organiser-icon":["https:\/\/www.anika-net.de\/wp-content\/uploads\/2024\/09\/Gemainsam-Vielfalt-gestalten-200x200.png",200,200,true],"gform-image-choice-sm":["https:\/\/www.anika-net.de\/wp-content\/uploads\/2024\/09\/Gemainsam-Vielfalt-gestalten.png",300,223,false],"gform-image-choice-md":["https:\/\/www.anika-net.de\/wp-content\/uploads\/2024\/09\/Gemainsam-Vielfalt-gestalten.png",400,298,false],"gform-image-choice-lg":["https:\/\/www.anika-net.de\/wp-content\/uploads\/2024\/09\/Gemainsam-Vielfalt-gestalten.png",600,447,false]},"uagb_author_info":{"display_name":"Andrea Ramirez","author_link":"https:\/\/www.anika-net.de\/ro\/author\/andrea-ramirez\/"},"uagb_comment_info":0,"uagb_excerpt":"Eve\u00adni\u00adment de lan\u00adsa\u00adre ca par\u00adte a ale\u00adge\u00adrii Comi\u00adte\u00adtu\u00adlui de integrare Par\u00adti\u00adci\u00adpa\u00adrea poli\u00adti\u00adc\u0103 \u00eentr\u2011o soci\u00ade\u00adta\u00adte a imi\u00adgra\u00ad\u021bi\u00adei \u2014 Inte\u00adgra\u00adre prin par\u00adti\u00adci\u00adpa\u00adre politic\u0103?\u201d Cum poa\u00adte fi orga\u00adni\u00adza\u00adt\u0103 par\u00adti\u00adci\u00adpa\u00adrea poli\u00adti\u00adc\u0103 a per\u00adsoa\u00adne\u00adlor cu&nbsp;Citi\u021bi mai mult","_links":{"self":[{"href":"https:\/\/www.anika-net.de\/ro\/wp-json\/wp\/v2\/event\/53558","targetHints":{"allow":["GET"]}}],"collection":[{"href":"https:\/\/www.anika-net.de\/ro\/wp-json\/wp\/v2\/event"}],"about":[{"href":"https:\/\/www.anika-net.de\/ro\/wp-json\/wp\/v2\/types\/event"}],"author":[{"embeddable":true,"href":"https:\/\/www.anika-net.de\/ro\/wp-json\/wp\/v2\/users\/12"}],"version-history":[{"count":0,"href":"https:\/\/www.anika-net.de\/ro\/wp-json\/wp\/v2\/event\/53558\/revisions"}],"acf:post":[{"embeddable":true,"href":"https:\/\/www.anika-net.de\/ro\/wp-json\/wp\/v2\/organiser\/16499"}],"acf:term":[{"embeddable":true,"taxonomy":"event_category","href":"https:\/\/www.anika-net.de\/ro\/wp-json\/wp\/v2\/event_category\/83"}],"wp:featuredmedia":[{"embeddable":true,"href":"https:\/\/www.anika-net.de\/ro\/wp-json\/wp\/v2\/media\/53539"}],"wp:attachment":[{"href":"https:\/\/www.anika-net.de\/ro\/wp-json\/wp\/v2\/media?parent=53558"}],"curies":[{"name":"wp","href":"https:\/\/api.w.org\/{rel}","templated":true}]}}