{"id":50629,"date":"2024-06-25T13:07:15","date_gmt":"2024-06-25T11:07:15","guid":{"rendered":"https:\/\/www.anika-net.de\/event\/card-de-biblioteca-gratuit-pentru-refugiati\/"},"modified":"2024-06-25T13:07:15","modified_gmt":"2024-06-25T11:07:15","slug":"card-de-biblioteca-gratuit-pentru-refugiati","status":"publish","type":"event","link":"https:\/\/www.anika-net.de\/ro\/event\/card-de-biblioteca-gratuit-pentru-refugiati\/","title":{"rendered":"Card de bibli\u00ado\u00adte\u00adc\u0103 gra\u00adtu\u00adit pen\u00adtru refugia\u021bi"},"content":{"rendered":"<blockquote>\n<h3><em><span style=\"color: #333399;\">Per\u00adsoa\u00adne\u00adle nou-veni\u00adte \u00een Karl\u00adsru\u00adhe pot ob\u021bine un card de bibli\u00ado\u00adte\u00adc\u0103 gra\u00adtu\u00adit timp de 6 luni la pre\u00adzen\u00adta\u00adrea <strong>cer\u00adti\u00adfi\u00adca\u00adtu\u00adlui de \u00eenre\u00adgis\u00adtra\u00adre<\/strong> (inclu\u00adsiv o adre\u00ads\u0103 de re\u0219edin\u021b\u0103)<\/span><\/em><\/h3>\n<\/blockquote>\n<p>Bibli\u00ado\u00adte\u00adca ora\u00ad\u0219u\u00adlui Karl\u00adsru\u00adhe poa\u00adte fi vizi\u00adta\u00adt\u0103 \u00een \ud83d\udd0e <a class=\"link-style website-link\" title=\"Link c\u0103tre site\" href=\"https:\/\/stadtbibliothek.karlsruhe.de\/standorte\" target=\"_self\" rel=\"noopener\">toa\u00adte loca\u00ad\u021bi\u00adi\u00adle<\/a> \u00een tim\u00adpul ore\u00adlor de des\u00adchi\u00adde\u00adre f\u0103r\u0103 nicio complica\u021bie.<br>\nAco\u00adlo pute\u021bi citi, \u00eenv\u0103\u00ad\u021ba, juca sau \u00eent\u00e2l\u00adni al\u021bi oameni.<br>\nDe ase\u00adme\u00adnea, pute\u021bi g\u0103si sta\u00ad\u021bii de lucru pe cal\u00adcu\u00adla\u00adtor, c\u0103r\u021bi elec\u00adtro\u00adni\u00adce, eMa\u00adga\u00adzi\u00adne \u0219i ePa\u00adpers sau cur\u00adsuri digi\u00adta\u00adle de lim\u00adba ger\u00adma\u00adn\u0103, jocuri (video), c\u0103r\u021bi, fil\u00adme, CD-uri cu muzi\u00adc\u0103, c\u0103r\u021bi audio pen\u00adtru adul\u021bi, ado\u00adles\u00adcen\u021bi \u0219i copii \u00een dife\u00adri\u00adte lim\u00adbi. Pen\u00adtru a putea uti\u00adli\u00adza gama com\u00adple\u00adt\u0103 de ser\u00advi\u00adcii ofe\u00adri\u00adte de bibli\u00ado\u00adte\u00adca publi\u00adc\u0103 \u0219i pen\u00adtru a \u00eempru\u00admu\u00adta mate\u00adri\u00ada\u00adle media, ave\u021bi nevo\u00adie de un card de bibliotec\u0103.<\/p>\n<p><strong><br>\n  <span style=\"color: #008080;\">Cum s\u0103 ob\u021bi\u00adne\u021bi un card de bibli\u00ado\u00adte\u00adc\u0103 gratuit?<\/span><\/strong><\/p>\n<p> Vizi\u00adta\u021bi bibli\u00ado\u00adte\u00adca publi\u00adc\u0103 \u0219i adu\u00adce\u021bi <strong>cer\u00adti\u00adfi\u00adca\u00adtul de \u00eenre\u00adgis\u00adtra\u00adre <\/strong>(cu adre\u00adsa de re\u0219e\u00addin\u00ad\u021b\u0103) \u0219i ve\u021bi pri\u00admi un <strong>card de bibli\u00ado\u00adte\u00adc\u0103 gra\u00adtu\u00adit pen\u00adtru 6&nbsp;luni.<\/strong><\/p>\n<hr>\n<h2><span style=\"color: #333399;\">Lim\u00adba ger\u00adma\u00adn\u0103 ca a doua&nbsp;limb\u0103<\/span><\/h2>\n<p>\u00cen <strong>Depar\u00adta\u00admen\u00adtul Inter\u00adna\u021bio\u00adnal de la eta\u00adjul al doi\u00adlea al Bibli\u00ado\u00adte\u00adcii Muni\u00adci\u00adpa\u00adle din Neu\u00ades St\u00e4n\u00adde\u00adha\u00adus<\/strong> ve\u021bi g\u0103si raf\u00adtul \u201cGer\u00adma\u00adna ca lim\u00adb\u0103 str\u0103in\u0103\u201d.<br>\nAici pute\u021bi g\u0103si nume\u00adroa\u00adse c\u0103r\u021bi, auxi\u00adli\u00ada\u00adre de \u00eenv\u0103\u00ad\u021ba\u00adre \u0219i pache\u00adte de \u00eenv\u0103\u00ad\u021ba\u00adre (de exem\u00adplu, pen\u00adtru Goe\u00adthe, cer\u00adti\u00adfi\u00adca\u00adte telc), care pot fi uti\u00adli\u00adza\u00adte pe loc \u00een bibli\u00ado\u00adte\u00adc\u0103 sau \u00eempru\u00admu\u00adta\u00adte cu un card de bibliotec\u0103.<\/p>\n","protected":false},"author":12,"featured_media":50611,"template":"","class_list":["post-50629","event","type-event","status-publish","has-post-thumbnail","hentry","event_category-timp-liber"],"acf":{"event-recurring":false,"event-category":83,"event-is-language-course":false,"event-recurring-still-active":true,"event-display-details":true,"event-schedules-recurring":null,"event-schedules-calendar":null,"event-is-online":false,"event-online-url":"","event-location-building":"Stadtbibliothek Karlsruhe","event-location-street":"St\u00e4ndehausstra\u00dfe 2","event-location-zip":"76133","event-location-city":"Karlsruhe","event-location-contact-person":"","event-location-phone":"0721\/ 133-4249","event-location-phone-2":"","event-location-mail":"stadtbibliothek@kultur.karlsruhe.de","event-location-mail-2":"","event-location-website":"https:\/\/stadtbibliothek.karlsruhe.de\/angebote\/fuer-gefluechtete","event-target-group":null,"event-target-group-comment":"refugia\u021bi","event-free":true,"event-organiser":[50537],"event-header-copyright-overlay":true,"event-copyright-note-description-end":false},"featured_image_urls_v2":{"full":["https:\/\/www.anika-net.de\/wp-content\/uploads\/2024\/06\/bibausweis2-1.png",925,525,false],"thumbnail":["https:\/\/www.anika-net.de\/wp-content\/uploads\/2024\/06\/bibausweis2-1-150x150.png",150,150,true],"medium":["https:\/\/www.anika-net.de\/wp-content\/uploads\/2024\/06\/bibausweis2-1-300x170.png",300,170,true],"medium_large":["https:\/\/www.anika-net.de\/wp-content\/uploads\/2024\/06\/bibausweis2-1-768x436.png",640,363,true],"large":["https:\/\/www.anika-net.de\/wp-content\/uploads\/2024\/06\/bibausweis2-1.png",640,363,false],"1536x1536":["https:\/\/www.anika-net.de\/wp-content\/uploads\/2024\/06\/bibausweis2-1.png",925,525,false],"2048x2048":["https:\/\/www.anika-net.de\/wp-content\/uploads\/2024\/06\/bibausweis2-1.png",925,525,false],"event-overview":["https:\/\/www.anika-net.de\/wp-content\/uploads\/2024\/06\/bibausweis2-1.png",925,525,false],"event-archive-thumb":["https:\/\/www.anika-net.de\/wp-content\/uploads\/2024\/06\/bibausweis2-1-480x272.png",480,272,true],"grid-item-thumbnail":["https:\/\/www.anika-net.de\/wp-content\/uploads\/2024\/06\/bibausweis2-1-360x200.png",360,200,true],"network-partner-icon":["https:\/\/www.anika-net.de\/wp-content\/uploads\/2024\/06\/bibausweis2-1-100x100.png",100,100,true],"organiser-icon":["https:\/\/www.anika-net.de\/wp-content\/uploads\/2024\/06\/bibausweis2-1-200x200.png",200,200,true],"gform-image-choice-sm":["https:\/\/www.anika-net.de\/wp-content\/uploads\/2024\/06\/bibausweis2-1.png",300,170,false],"gform-image-choice-md":["https:\/\/www.anika-net.de\/wp-content\/uploads\/2024\/06\/bibausweis2-1.png",400,227,false],"gform-image-choice-lg":["https:\/\/www.anika-net.de\/wp-content\/uploads\/2024\/06\/bibausweis2-1.png",600,341,false]},"post_excerpt_stackable_v2":"<p>Per\u00adsoa\u00adne\u00adle nou-veni\u00ad\u00ad\u00adte \u00een Karl\u00adsru\u00adhe pot ob\u021bine un card de bibli\u00ado\u00adte\u00adc\u0103 gra\u00adtu\u00adit timp de 6 luni la pre\u00adzen\u00adta\u00adrea cer\u00adti\u00adfi\u00adca\u00adtu\u00adlui de \u00eenre\u00adgis\u00adtra\u00adre (inclu\u00adsiv o adre\u00ads\u0103 de re\u0219e\u00addin\u00ad\u021b\u0103) Bibli\u00ado\u00adte\u00adca ora\u00ad\u0219u\u00adlui Karl\u00adsru\u00adhe poa\u00adte fi vizi\u00adta\u00adt\u0103 \u00een \ud83d\udd0e toa\u00adte loca\u00ad\u021bi\u00adi\u00adle \u00een tim\u00adpul ore\u00adlor de des\u00adchi\u00adde\u00adre f\u0103r\u0103 nicio com\u00adpli\u00adca\u00ad\u021bie. Aco\u00adlo pute\u021bi citi, \u00eenv\u0103\u00ad\u021ba, juca sau \u00eent\u00e2l\u00adni al\u021bi oameni. De ase\u00adme\u00adnea, pute\u021bi g\u0103si sta\u00ad\u021bii de lucru pe cal\u00adcu\u00adla\u00adtor, c\u0103r\u021bi elec\u00adtro\u00adni\u00adce, eMa\u00adga\u00adzi\u00adne \u0219i ePa\u00adpers sau cur\u00adsuri digi\u00adta\u00adle de lim\u00adba ger\u00adma\u00adn\u0103, jocuri (video), c\u0103r\u021bi, fil\u00adme, CD-uri cu muzi\u00adc\u0103, c\u0103r\u021bi audio pen\u00adtru adul\u021bi, ado\u00adles\u00adcen\u021bi \u0219i copii \u00een dife\u00adri\u00adte lim\u00adbi. Pen\u00adtru a putea uti\u00adli\u00adza gama com\u00adple\u00adt\u0103 de ser\u00advi\u00adcii ofe\u00adri\u00adte de biblioteca\u2026<\/p>\n","category_list_v2":"","author_info_v2":{"name":"Andrea Ramirez","url":"https:\/\/www.anika-net.de\/ro\/author\/andrea-ramirez\/"},"comments_num_v2":"0 comments","uagb_featured_image_src":{"full":["https:\/\/www.anika-net.de\/wp-content\/uploads\/2024\/06\/bibausweis2-1.png",925,525,false],"thumbnail":["https:\/\/www.anika-net.de\/wp-content\/uploads\/2024\/06\/bibausweis2-1-150x150.png",150,150,true],"medium":["https:\/\/www.anika-net.de\/wp-content\/uploads\/2024\/06\/bibausweis2-1-300x170.png",300,170,true],"medium_large":["https:\/\/www.anika-net.de\/wp-content\/uploads\/2024\/06\/bibausweis2-1-768x436.png",640,363,true],"large":["https:\/\/www.anika-net.de\/wp-content\/uploads\/2024\/06\/bibausweis2-1.png",640,363,false],"1536x1536":["https:\/\/www.anika-net.de\/wp-content\/uploads\/2024\/06\/bibausweis2-1.png",925,525,false],"2048x2048":["https:\/\/www.anika-net.de\/wp-content\/uploads\/2024\/06\/bibausweis2-1.png",925,525,false],"event-overview":["https:\/\/www.anika-net.de\/wp-content\/uploads\/2024\/06\/bibausweis2-1.png",925,525,false],"event-archive-thumb":["https:\/\/www.anika-net.de\/wp-content\/uploads\/2024\/06\/bibausweis2-1-480x272.png",480,272,true],"grid-item-thumbnail":["https:\/\/www.anika-net.de\/wp-content\/uploads\/2024\/06\/bibausweis2-1-360x200.png",360,200,true],"network-partner-icon":["https:\/\/www.anika-net.de\/wp-content\/uploads\/2024\/06\/bibausweis2-1-100x100.png",100,100,true],"organiser-icon":["https:\/\/www.anika-net.de\/wp-content\/uploads\/2024\/06\/bibausweis2-1-200x200.png",200,200,true],"gform-image-choice-sm":["https:\/\/www.anika-net.de\/wp-content\/uploads\/2024\/06\/bibausweis2-1.png",300,170,false],"gform-image-choice-md":["https:\/\/www.anika-net.de\/wp-content\/uploads\/2024\/06\/bibausweis2-1.png",400,227,false],"gform-image-choice-lg":["https:\/\/www.anika-net.de\/wp-content\/uploads\/2024\/06\/bibausweis2-1.png",600,341,false]},"uagb_author_info":{"display_name":"Andrea Ramirez","author_link":"https:\/\/www.anika-net.de\/ro\/author\/andrea-ramirez\/"},"uagb_comment_info":0,"uagb_excerpt":"Per\u00adsoa\u00adne\u00adle nou-veni\u00adte \u00een Karl\u00adsru\u00adhe pot ob\u021bine un card de bibli\u00ado\u00adte\u00adc\u0103 gra\u00adtu\u00adit timp de 6 luni la pre\u00adzen\u00adta\u00adrea cer\u00adti\u00adfi\u00adca\u00adtu\u00adlui de \u00eenre\u00adgis\u00adtra\u00adre (inclu\u00adsiv o adre\u00ads\u0103 de re\u0219edin\u021b\u0103) Bibli\u00ado\u00adte\u00adca ora\u00ad\u0219u\u00adlui Karl\u00adsru\u00adhe poa\u00adte fi&nbsp;Citi\u021bi mai mult","_links":{"self":[{"href":"https:\/\/www.anika-net.de\/ro\/wp-json\/wp\/v2\/event\/50629","targetHints":{"allow":["GET"]}}],"collection":[{"href":"https:\/\/www.anika-net.de\/ro\/wp-json\/wp\/v2\/event"}],"about":[{"href":"https:\/\/www.anika-net.de\/ro\/wp-json\/wp\/v2\/types\/event"}],"author":[{"embeddable":true,"href":"https:\/\/www.anika-net.de\/ro\/wp-json\/wp\/v2\/users\/12"}],"version-history":[{"count":0,"href":"https:\/\/www.anika-net.de\/ro\/wp-json\/wp\/v2\/event\/50629\/revisions"}],"acf:post":[{"embeddable":true,"href":"https:\/\/www.anika-net.de\/ro\/wp-json\/wp\/v2\/organiser\/50537"}],"acf:term":[{"embeddable":true,"taxonomy":"event_category","href":"https:\/\/www.anika-net.de\/ro\/wp-json\/wp\/v2\/event_category\/83"}],"wp:featuredmedia":[{"embeddable":true,"href":"https:\/\/www.anika-net.de\/ro\/wp-json\/wp\/v2\/media\/50611"}],"wp:attachment":[{"href":"https:\/\/www.anika-net.de\/ro\/wp-json\/wp\/v2\/media?parent=50629"}],"curies":[{"name":"wp","href":"https:\/\/api.w.org\/{rel}","templated":true}]}}