{"id":49564,"date":"2024-05-22T10:24:30","date_gmt":"2024-05-22T08:24:30","guid":{"rendered":"https:\/\/www.anika-net.de\/event\/discurs-online-sanatatea-mentala-pentru-antreprenori\/"},"modified":"2024-05-22T10:24:30","modified_gmt":"2024-05-22T08:24:30","slug":"discurs-online-sanatatea-mentala-pentru-antreprenori","status":"publish","type":"event","link":"https:\/\/www.anika-net.de\/ro\/event\/discurs-online-sanatatea-mentala-pentru-antreprenori\/","title":{"rendered":"Dis\u00adcurs onli\u00adne: S\u0103n\u0103\u00adta\u00adtea men\u00adta\u00adl\u0103 pen\u00adtru antreprenori"},"content":{"rendered":"<h3><span style=\"color: #808080;\">Dis\u00adcur\u00adsul che\u00adie online<\/span><\/h3>\n<blockquote>\n<h2><span style=\"color: #008080;\">Cum po\u021bi r\u0103m\u00e2\u00adne s\u0103n\u0103\u00adtos din punct de vede\u00adre men\u00adtal \u00een tim\u00adpul aven\u00adtu\u00adrii tale de antreprenor?<\/span><\/h2>\n<\/blockquote>\n<p><strong>Ute Mei\u00adborg<\/strong> va r\u0103s\u00adpun\u00adde la \u00eentre\u00adb\u0103\u00adri\u00adle pe aceas\u00adt\u0103 tem\u0103 \u00een cadrul urm\u0103\u00adtoa\u00adrei noas\u00adtre con\u00adfe\u00adrin\u00ad\u021be. Are pes\u00adte 20 de ani de expe\u00adrien\u00ad\u021b\u0103 inter\u00adna\u021bio\u00adna\u00adl\u0103 \u00een stra\u00adte\u00adgie, finan\u00ad\u021be, v\u00e2n\u00adz\u0103ri \u0219i marketing.<br>\nPrin pre\u00adg\u0103\u00adti\u00adrea sa aca\u00adde\u00admi\u00adc\u0103 \u0219i pro\u00adfe\u00adsio\u00adna\u00adl\u0103, a dob\u00e2n\u00addit exper\u00adti\u00adz\u0103 pe teme pre\u00adcum dezvol\u00adta\u00adrea echi\u00adpe\u00adlor, pro\u00adce\u00adse\u00adle de schim\u00adba\u00adre sau mana\u00adge\u00admen\u00adtul stre\u00adsu\u00adlui \u0219i rezilien\u021ba.<br>\nPrin urma\u00adre, sun\u00adtem \u00eenc\u00e2n\u00adta\u021bi s\u0103 \u00eei ur\u0103m bun venit \u00een cadrul aces\u00adtui dis\u00adcurs pe tema \u201cCul\u00adtu\u00adra s\u0103n\u0103\u00adtoa\u00ads\u0103 de (auto)leadership\u201d.<\/p>\n<h3><span style=\"color: #008080;\"><strong>Al\u0103\u00adtu\u00adra\u021bi-v\u0103 nou\u0103 onli\u00adne<\/strong>!<\/span><\/h3>\n<h4><span style=\"color: #800080;\"><strong>\u00cenre\u00adgis\u00adtra\u021bi-v\u0103<\/strong> acum gra\u00adtu\u00adit:<\/span> https:\/\/form.typeform.com\/to\/iu29U90T<\/h4>\n","protected":false},"author":12,"featured_media":49552,"template":"","class_list":["post-49564","event","type-event","status-publish","has-post-thumbnail","hentry","event_category-munca"],"acf":{"event-recurring":false,"event-category":84,"event-is-language-course":false,"event-recurring-still-active":true,"event-display-details":true,"event-schedules-recurring":null,"event-schedules-calendar":[{"event-calendar-day":"20240527","event-calendar-time":"17:00 - 18:00","event-calendar-time-text":""}],"event-is-online":true,"event-online-url":"https:\/\/form.typeform.com\/to\/iu29U90T","event-location-building":"","event-location-street":"","event-location-zip":"","event-location-city":"","event-location-contact-person":"Juliette Gainon","event-location-phone":"+49 157 330 799 74","event-location-phone-2":"","event-location-mail":"hallo@singa-deutschland.de","event-location-mail-2":"","event-location-website":"https:\/\/singabusinesslab.de\/","event-target-group":[{"target-group":"all"}],"event-target-group-comment":"","event-free":true,"event-organiser":[17452],"event-header-copyright-overlay":true,"event-copyright-note-description-end":false},"featured_image_urls_v2":{"full":["https:\/\/www.anika-net.de\/wp-content\/uploads\/2024\/05\/Bild-Keynote-SINGA.png",1080,1080,false],"thumbnail":["https:\/\/www.anika-net.de\/wp-content\/uploads\/2024\/05\/Bild-Keynote-SINGA-150x150.png",150,150,true],"medium":["https:\/\/www.anika-net.de\/wp-content\/uploads\/2024\/05\/Bild-Keynote-SINGA-300x300.png",300,300,true],"medium_large":["https:\/\/www.anika-net.de\/wp-content\/uploads\/2024\/05\/Bild-Keynote-SINGA-768x768.png",640,640,true],"large":["https:\/\/www.anika-net.de\/wp-content\/uploads\/2024\/05\/Bild-Keynote-SINGA-1024x1024.png",640,640,true],"1536x1536":["https:\/\/www.anika-net.de\/wp-content\/uploads\/2024\/05\/Bild-Keynote-SINGA.png",1080,1080,false],"2048x2048":["https:\/\/www.anika-net.de\/wp-content\/uploads\/2024\/05\/Bild-Keynote-SINGA.png",1080,1080,false],"event-overview":["https:\/\/www.anika-net.de\/wp-content\/uploads\/2024\/05\/Bild-Keynote-SINGA-960x640.png",960,640,true],"event-archive-thumb":["https:\/\/www.anika-net.de\/wp-content\/uploads\/2024\/05\/Bild-Keynote-SINGA-480x480.png",480,480,true],"grid-item-thumbnail":["https:\/\/www.anika-net.de\/wp-content\/uploads\/2024\/05\/Bild-Keynote-SINGA-360x200.png",360,200,true],"network-partner-icon":["https:\/\/www.anika-net.de\/wp-content\/uploads\/2024\/05\/Bild-Keynote-SINGA-100x100.png",100,100,true],"organiser-icon":["https:\/\/www.anika-net.de\/wp-content\/uploads\/2024\/05\/Bild-Keynote-SINGA-200x200.png",200,200,true],"gform-image-choice-sm":["https:\/\/www.anika-net.de\/wp-content\/uploads\/2024\/05\/Bild-Keynote-SINGA.png",300,300,false],"gform-image-choice-md":["https:\/\/www.anika-net.de\/wp-content\/uploads\/2024\/05\/Bild-Keynote-SINGA.png",400,400,false],"gform-image-choice-lg":["https:\/\/www.anika-net.de\/wp-content\/uploads\/2024\/05\/Bild-Keynote-SINGA.png",600,600,false]},"post_excerpt_stackable_v2":"<p>Dis\u00adcur\u00adsul che\u00adie onli\u00adne Cum po\u021bi r\u0103m\u00e2\u00adne s\u0103n\u0103\u00adtos din punct de vede\u00adre men\u00adtal \u00een tim\u00adpul aven\u00adtu\u00adrii tale de antre\u00adpre\u00adnor? Ute Mei\u00adborg va r\u0103s\u00adpun\u00adde la \u00eentre\u00adb\u0103\u00adri\u00adle pe aceas\u00adt\u0103 tem\u0103 \u00een cadrul urm\u0103\u00adtoa\u00adrei noas\u00adtre con\u00adfe\u00adrin\u00ad\u021be. Are pes\u00adte 20 de ani de expe\u00adrien\u00ad\u021b\u0103 inter\u00adna\u021bio\u00adna\u00adl\u0103 \u00een stra\u00adte\u00adgie, finan\u00ad\u021be, v\u00e2n\u00adz\u0103ri \u0219i mar\u00adke\u00adting. Prin pre\u00adg\u0103\u00adti\u00adrea sa aca\u00adde\u00admi\u00adc\u0103 \u0219i pro\u00adfe\u00adsio\u00adna\u00adl\u0103, a dob\u00e2n\u00addit exper\u00adti\u00adz\u0103 pe teme pre\u00adcum dezvol\u00adta\u00adrea echi\u00adpe\u00adlor, pro\u00adce\u00adse\u00adle de schim\u00adba\u00adre sau mana\u00adge\u00admen\u00adtul stre\u00adsu\u00adlui \u0219i rezi\u00adli\u00aden\u00ad\u021ba. Prin urma\u00adre, sun\u00adtem \u00eenc\u00e2n\u00adta\u021bi s\u0103 \u00eei ur\u0103m bun venit \u00een cadrul aces\u00adtui dis\u00adcurs pe tema \u201cCul\u00adtu\u00adra s\u0103n\u0103\u00adtoa\u00ads\u0103 de (auto)leadership\u201d. Al\u0103\u00ad\u00ad\u00adtu\u00ad\u00adra\u021bi-v\u0103 nou\u0103 onli\u00adne! \u00cenre\u00ad\u00adgis\u00ad\u00adtra\u021bi-v\u0103 acum gra\u00adtu\u00adit: https:\/\/form.typeform.com\/to\/iu29U90T<\/p>\n","category_list_v2":"","author_info_v2":{"name":"Andrea Ramirez","url":"https:\/\/www.anika-net.de\/ro\/author\/andrea-ramirez\/"},"comments_num_v2":"0 comments","uagb_featured_image_src":{"full":["https:\/\/www.anika-net.de\/wp-content\/uploads\/2024\/05\/Bild-Keynote-SINGA.png",1080,1080,false],"thumbnail":["https:\/\/www.anika-net.de\/wp-content\/uploads\/2024\/05\/Bild-Keynote-SINGA-150x150.png",150,150,true],"medium":["https:\/\/www.anika-net.de\/wp-content\/uploads\/2024\/05\/Bild-Keynote-SINGA-300x300.png",300,300,true],"medium_large":["https:\/\/www.anika-net.de\/wp-content\/uploads\/2024\/05\/Bild-Keynote-SINGA-768x768.png",640,640,true],"large":["https:\/\/www.anika-net.de\/wp-content\/uploads\/2024\/05\/Bild-Keynote-SINGA-1024x1024.png",640,640,true],"1536x1536":["https:\/\/www.anika-net.de\/wp-content\/uploads\/2024\/05\/Bild-Keynote-SINGA.png",1080,1080,false],"2048x2048":["https:\/\/www.anika-net.de\/wp-content\/uploads\/2024\/05\/Bild-Keynote-SINGA.png",1080,1080,false],"event-overview":["https:\/\/www.anika-net.de\/wp-content\/uploads\/2024\/05\/Bild-Keynote-SINGA-960x640.png",960,640,true],"event-archive-thumb":["https:\/\/www.anika-net.de\/wp-content\/uploads\/2024\/05\/Bild-Keynote-SINGA-480x480.png",480,480,true],"grid-item-thumbnail":["https:\/\/www.anika-net.de\/wp-content\/uploads\/2024\/05\/Bild-Keynote-SINGA-360x200.png",360,200,true],"network-partner-icon":["https:\/\/www.anika-net.de\/wp-content\/uploads\/2024\/05\/Bild-Keynote-SINGA-100x100.png",100,100,true],"organiser-icon":["https:\/\/www.anika-net.de\/wp-content\/uploads\/2024\/05\/Bild-Keynote-SINGA-200x200.png",200,200,true],"gform-image-choice-sm":["https:\/\/www.anika-net.de\/wp-content\/uploads\/2024\/05\/Bild-Keynote-SINGA.png",300,300,false],"gform-image-choice-md":["https:\/\/www.anika-net.de\/wp-content\/uploads\/2024\/05\/Bild-Keynote-SINGA.png",400,400,false],"gform-image-choice-lg":["https:\/\/www.anika-net.de\/wp-content\/uploads\/2024\/05\/Bild-Keynote-SINGA.png",600,600,false]},"uagb_author_info":{"display_name":"Andrea Ramirez","author_link":"https:\/\/www.anika-net.de\/ro\/author\/andrea-ramirez\/"},"uagb_comment_info":0,"uagb_excerpt":"Dis\u00adcur\u00adsul che\u00adie online Cum po\u021bi r\u0103m\u00e2\u00adne s\u0103n\u0103\u00adtos din punct de vede\u00adre men\u00adtal \u00een tim\u00adpul aven\u00adtu\u00adrii tale de antreprenor? Ute Mei\u00adborg va r\u0103s\u00adpun\u00adde la \u00eentre\u00adb\u0103\u00adri\u00adle pe aceas\u00adt\u0103 tem\u0103 \u00een cadrul urm\u0103\u00adtoa\u00adrei&nbsp;Citi\u021bi mai mult","_links":{"self":[{"href":"https:\/\/www.anika-net.de\/ro\/wp-json\/wp\/v2\/event\/49564","targetHints":{"allow":["GET"]}}],"collection":[{"href":"https:\/\/www.anika-net.de\/ro\/wp-json\/wp\/v2\/event"}],"about":[{"href":"https:\/\/www.anika-net.de\/ro\/wp-json\/wp\/v2\/types\/event"}],"author":[{"embeddable":true,"href":"https:\/\/www.anika-net.de\/ro\/wp-json\/wp\/v2\/users\/12"}],"version-history":[{"count":0,"href":"https:\/\/www.anika-net.de\/ro\/wp-json\/wp\/v2\/event\/49564\/revisions"}],"acf:post":[{"embeddable":true,"href":"https:\/\/www.anika-net.de\/ro\/wp-json\/wp\/v2\/organiser\/17452"}],"acf:term":[{"embeddable":true,"taxonomy":"event_category","href":"https:\/\/www.anika-net.de\/ro\/wp-json\/wp\/v2\/event_category\/84"}],"wp:featuredmedia":[{"embeddable":true,"href":"https:\/\/www.anika-net.de\/ro\/wp-json\/wp\/v2\/media\/49552"}],"wp:attachment":[{"href":"https:\/\/www.anika-net.de\/ro\/wp-json\/wp\/v2\/media?parent=49564"}],"curies":[{"name":"wp","href":"https:\/\/api.w.org\/{rel}","templated":true}]}}