{"id":49123,"date":"2024-05-14T11:17:32","date_gmt":"2024-05-14T09:17:32","guid":{"rendered":"https:\/\/www.anika-net.de\/event\/cursuri-de-germana-de-vara-pentru-adolescenti-si-tineri-adulti\/"},"modified":"2025-05-12T10:59:33","modified_gmt":"2025-05-12T08:59:33","slug":"cursuri-de-germana-de-vara-pentru-adolescenti-si-tineri-adulti","status":"publish","type":"event","link":"https:\/\/www.anika-net.de\/ro\/event\/cursuri-de-germana-de-vara-pentru-adolescenti-si-tineri-adulti\/","title":{"rendered":"Cur\u00adsuri de ger\u00adma\u00adn\u0103 de var\u0103 pen\u00adtru ado\u00adles\u00adcen\u021bi \u0219i tineri adul\u021bi"},"content":{"rendered":"<h3><em><span style=\"color: #008080;\">Pen\u00adtru ado\u00adles\u00adcen\u021bi \u0219i tineri adul\u021bi<\/span><\/em><\/h3>\n<h2>Cur\u00adsuri de ger\u00adma\u00adn\u0103 de var\u0103 cu exa\u00adme\u00adne fina\u00adle cer\u00adti\u00adfi\u00adca\u00adte B1 sau superioare<br>\n \u2014 <span style=\"color: #ffcc00;\">este abso\u00adlut uimitor!<\/span><\/h2>\n<h3><span style=\"color: #008080;\">\ud83d\udc49\ud83c\udffd <span style=\"color: #800080;\">\u00cenre\u00adgis\u00adtra\u00adre \u0219i con\u00adsul\u00adta\u00adre p\u00e2n\u0103 la 30 iunie 2025 cel t\u00e2rziu<\/span><br>\n<\/span><\/h3>\n<p><strong>Cine poa\u00adte participa?<\/strong><br>\nAdo\u00adles\u00adcen\u021bi \u0219i tineri adul\u021bi (cu v\u00e2r\u00adste de pes\u00adte 15 ani) care au cuno\u0219\u00adtin\u00ad\u021be bune de lim\u00adba ger\u00adma\u00adn\u0103 la nive\u00adlul A2 sau mai&nbsp;mare.<\/p>\n<p><strong>Dura\u00adta cursului<\/strong><br>\n150 de uni\u00adt\u0103\u021bi de pre\u00adda\u00adre \u00een tim\u00adpul vacan\u00ad\u021bei de&nbsp;var\u0103.<\/p>\n<p><strong>Date\u00adle cursului<\/strong><br>\n<span style=\"color: #800080;\"><strong>14 iulie \u2014 22 august 2025<\/strong><\/span><br>\nOre de curs \u00een func\u00ad\u021bie de pro\u00adgra\u00admul cursului<br>\nDe luni p\u00e2n\u0103 vineri de la 8:30 la 12:45 sau de la 13:00 la 17:15<\/p>\n<p><strong>Taxe de&nbsp;curs<\/strong><br>\n<strong><span style=\"color: #666699;\">Gra\u00adtu\u00adit.<\/span><\/strong>  Pre\u00adzen\u00ad\u021b\u0103 regu\u00adla\u00adt\u0103 obligatorie<\/p>\n<p><strong>Test<\/strong><br>\nDate\u00adle exac\u00adte ale exa\u00adme\u00adnu\u00adlui vor fi anun\u00ad\u021ba\u00adte \u00een tim\u00adpul cursului.<\/p>\n<blockquote><p>Se va efec\u00adtua un test de pla\u00adsa\u00adment. Apoi ve\u021bi fi pla\u00adsat \u00eentr-un curs&nbsp;<\/p><\/blockquote>\n<p>\ud83d\udcce <a href=\"https:\/\/www.anika-net.de\/wp-content\/uploads\/2025\/05\/2025-Infoblatt-Sommerkurse_Uebergang-Schule-Beruf.pdf\"><strong>Flyer<\/strong> <\/a> <\/p>\n","protected":false},"author":12,"featured_media":49109,"template":"","class_list":["post-49123","event","type-event","status-publish","has-post-thumbnail","hentry","event_category-educatie"],"acf":{"event-recurring":false,"event-category":82,"event-is-language-course":true,"event-recurring-still-active":true,"event-display-details":true,"event-schedules-recurring":null,"event-schedules-calendar":[{"event-calendar-day":"20250714","event-calendar-time":"","event-calendar-time-text":"bis"},{"event-calendar-day":"20250822","event-calendar-time":"","event-calendar-time-text":""}],"event-is-online":false,"event-online-url":"","event-location-building":"Internationaler Bund Karlsruhe","event-location-street":"Scheffelstra\u00dfe 13, 2. OG, Zimmer 1207","event-location-zip":"76135","event-location-city":"Karlsruhe","event-location-contact-person":"Tea Shamatava - (Availability from 1 pm)","event-location-phone":"0721\/ 850 19 65","event-location-phone-2":"0151\/ 539 416 73","event-location-mail":"tea.shamatava@ib.de","event-location-mail-2":"","event-location-website":"","event-target-group":[{"target-group":"teens"},{"target-group":"adults"}],"event-target-group-comment":"","event-free":true,"event-organiser":[16244,16499,54167],"event-header-copyright-overlay":true,"event-copyright-note-description-end":false},"featured_image_urls_v2":{"full":["https:\/\/www.anika-net.de\/wp-content\/uploads\/2024\/05\/Sommerkurse.png",942,543,false],"thumbnail":["https:\/\/www.anika-net.de\/wp-content\/uploads\/2024\/05\/Sommerkurse-150x150.png",150,150,true],"medium":["https:\/\/www.anika-net.de\/wp-content\/uploads\/2024\/05\/Sommerkurse-300x173.png",300,173,true],"medium_large":["https:\/\/www.anika-net.de\/wp-content\/uploads\/2024\/05\/Sommerkurse-768x443.png",640,369,true],"large":["https:\/\/www.anika-net.de\/wp-content\/uploads\/2024\/05\/Sommerkurse.png",640,369,false],"1536x1536":["https:\/\/www.anika-net.de\/wp-content\/uploads\/2024\/05\/Sommerkurse.png",942,543,false],"2048x2048":["https:\/\/www.anika-net.de\/wp-content\/uploads\/2024\/05\/Sommerkurse.png",942,543,false],"event-overview":["https:\/\/www.anika-net.de\/wp-content\/uploads\/2024\/05\/Sommerkurse.png",942,543,false],"event-archive-thumb":["https:\/\/www.anika-net.de\/wp-content\/uploads\/2024\/05\/Sommerkurse-480x277.png",480,277,true],"grid-item-thumbnail":["https:\/\/www.anika-net.de\/wp-content\/uploads\/2024\/05\/Sommerkurse-360x200.png",360,200,true],"network-partner-icon":["https:\/\/www.anika-net.de\/wp-content\/uploads\/2024\/05\/Sommerkurse-100x100.png",100,100,true],"organiser-icon":["https:\/\/www.anika-net.de\/wp-content\/uploads\/2024\/05\/Sommerkurse-200x200.png",200,200,true],"gform-image-choice-sm":["https:\/\/www.anika-net.de\/wp-content\/uploads\/2024\/05\/Sommerkurse.png",300,173,false],"gform-image-choice-md":["https:\/\/www.anika-net.de\/wp-content\/uploads\/2024\/05\/Sommerkurse.png",400,231,false],"gform-image-choice-lg":["https:\/\/www.anika-net.de\/wp-content\/uploads\/2024\/05\/Sommerkurse.png",600,346,false]},"post_excerpt_stackable_v2":"<p>Pen\u00adtru ado\u00adles\u00adcen\u021bi \u0219i tineri adul\u021bi Cur\u00adsuri de ger\u00adma\u00adn\u0103 de var\u0103 cu exa\u00adme\u00adne fina\u00adle cer\u00adti\u00adfi\u00adca\u00adte B1 sau supe\u00adri\u00adoa\u00adre \u2014 este abso\u00adlut uimi\u00adtor! \ud83d\udc49\ud83c\udffd \u00cenre\u00adgis\u00adtra\u00adre \u0219i con\u00adsul\u00adta\u00adre p\u00e2n\u0103 la 30 iunie 2025 cel t\u00e2r\u00adziu Cine poa\u00adte par\u00adti\u00adci\u00adpa? Ado\u00adles\u00adcen\u021bi \u0219i tineri adul\u021bi (cu v\u00e2r\u00adste de pes\u00adte 15 ani) care au cuno\u0219\u00adtin\u00ad\u021be bune de lim\u00adba ger\u00adma\u00adn\u0103 la nive\u00adlul A2 sau mai&nbsp;mare. Dura\u00adta cur\u00adsu\u00adlui 150 de uni\u00adt\u0103\u021bi de pre\u00adda\u00adre \u00een tim\u00adpul vacan\u00ad\u021bei de&nbsp;var\u0103. Date\u00adle cur\u00adsu\u00adlui 14 iulie \u2014 22 august 2025 Ore de curs \u00een func\u00ad\u021bie de pro\u00adgra\u00admul cur\u00adsu\u00adlui De luni p\u00e2n\u0103 vineri de la 8:30 la 12:45 sau de la 13:00 la 17:15&nbsp;Taxe\u2026<\/p>\n","category_list_v2":"","author_info_v2":{"name":"Andrea Ramirez","url":"https:\/\/www.anika-net.de\/ro\/author\/andrea-ramirez\/"},"comments_num_v2":"0 comments","uagb_featured_image_src":{"full":["https:\/\/www.anika-net.de\/wp-content\/uploads\/2024\/05\/Sommerkurse.png",942,543,false],"thumbnail":["https:\/\/www.anika-net.de\/wp-content\/uploads\/2024\/05\/Sommerkurse-150x150.png",150,150,true],"medium":["https:\/\/www.anika-net.de\/wp-content\/uploads\/2024\/05\/Sommerkurse-300x173.png",300,173,true],"medium_large":["https:\/\/www.anika-net.de\/wp-content\/uploads\/2024\/05\/Sommerkurse-768x443.png",640,369,true],"large":["https:\/\/www.anika-net.de\/wp-content\/uploads\/2024\/05\/Sommerkurse.png",640,369,false],"1536x1536":["https:\/\/www.anika-net.de\/wp-content\/uploads\/2024\/05\/Sommerkurse.png",942,543,false],"2048x2048":["https:\/\/www.anika-net.de\/wp-content\/uploads\/2024\/05\/Sommerkurse.png",942,543,false],"event-overview":["https:\/\/www.anika-net.de\/wp-content\/uploads\/2024\/05\/Sommerkurse.png",942,543,false],"event-archive-thumb":["https:\/\/www.anika-net.de\/wp-content\/uploads\/2024\/05\/Sommerkurse-480x277.png",480,277,true],"grid-item-thumbnail":["https:\/\/www.anika-net.de\/wp-content\/uploads\/2024\/05\/Sommerkurse-360x200.png",360,200,true],"network-partner-icon":["https:\/\/www.anika-net.de\/wp-content\/uploads\/2024\/05\/Sommerkurse-100x100.png",100,100,true],"organiser-icon":["https:\/\/www.anika-net.de\/wp-content\/uploads\/2024\/05\/Sommerkurse-200x200.png",200,200,true],"gform-image-choice-sm":["https:\/\/www.anika-net.de\/wp-content\/uploads\/2024\/05\/Sommerkurse.png",300,173,false],"gform-image-choice-md":["https:\/\/www.anika-net.de\/wp-content\/uploads\/2024\/05\/Sommerkurse.png",400,231,false],"gform-image-choice-lg":["https:\/\/www.anika-net.de\/wp-content\/uploads\/2024\/05\/Sommerkurse.png",600,346,false]},"uagb_author_info":{"display_name":"Andrea Ramirez","author_link":"https:\/\/www.anika-net.de\/ro\/author\/andrea-ramirez\/"},"uagb_comment_info":0,"uagb_excerpt":"Pen\u00adtru ado\u00adles\u00adcen\u021bi \u0219i tineri adul\u021bi Cur\u00adsuri de ger\u00adma\u00adn\u0103 de var\u0103 cu exa\u00adme\u00adne fina\u00adle cer\u00adti\u00adfi\u00adca\u00adte B1 sau superioare \u2014 este abso\u00adlut uimitor! \ud83d\udc49\ud83c\udffd \u00cenre\u00adgis\u00adtra\u00adre \u0219i con\u00adsul\u00adta\u00adre p\u00e2n\u0103 la 30 iunie 2025&nbsp;Citi\u021bi mai mult","_links":{"self":[{"href":"https:\/\/www.anika-net.de\/ro\/wp-json\/wp\/v2\/event\/49123","targetHints":{"allow":["GET"]}}],"collection":[{"href":"https:\/\/www.anika-net.de\/ro\/wp-json\/wp\/v2\/event"}],"about":[{"href":"https:\/\/www.anika-net.de\/ro\/wp-json\/wp\/v2\/types\/event"}],"author":[{"embeddable":true,"href":"https:\/\/www.anika-net.de\/ro\/wp-json\/wp\/v2\/users\/12"}],"version-history":[{"count":1,"href":"https:\/\/www.anika-net.de\/ro\/wp-json\/wp\/v2\/event\/49123\/revisions"}],"predecessor-version":[{"id":61015,"href":"https:\/\/www.anika-net.de\/ro\/wp-json\/wp\/v2\/event\/49123\/revisions\/61015"}],"acf:post":[{"embeddable":true,"href":"https:\/\/www.anika-net.de\/ro\/wp-json\/wp\/v2\/organiser\/54167"},{"embeddable":true,"href":"https:\/\/www.anika-net.de\/ro\/wp-json\/wp\/v2\/organiser\/16499"},{"embeddable":true,"href":"https:\/\/www.anika-net.de\/ro\/wp-json\/wp\/v2\/organiser\/16244"}],"acf:term":[{"embeddable":true,"taxonomy":"event_category","href":"https:\/\/www.anika-net.de\/ro\/wp-json\/wp\/v2\/event_category\/82"}],"wp:featuredmedia":[{"embeddable":true,"href":"https:\/\/www.anika-net.de\/ro\/wp-json\/wp\/v2\/media\/49109"}],"wp:attachment":[{"href":"https:\/\/www.anika-net.de\/ro\/wp-json\/wp\/v2\/media?parent=49123"}],"curies":[{"name":"wp","href":"https:\/\/api.w.org\/{rel}","templated":true}]}}