{"id":47195,"date":"2024-03-11T10:57:04","date_gmt":"2024-03-11T09:57:04","guid":{"rendered":"https:\/\/www.anika-net.de\/event\/saptamanile-internationale-impotriva-rasismului-karlsruhe-2024\/"},"modified":"2026-03-10T11:04:07","modified_gmt":"2026-03-10T10:04:07","slug":"saptamanile-internationale-impotriva-rasismului-karlsruhe-2024","status":"publish","type":"event","link":"https:\/\/www.anika-net.de\/ro\/event\/saptamanile-internationale-impotriva-rasismului-karlsruhe-2024\/","title":{"rendered":"S\u0103p\u00adt\u0103m\u00e2\u00adni\u00adle inter\u00adna\u021bio\u00adna\u00adle \u00eempo\u00adtri\u00adva rasis\u00admu\u00adlui Karl\u00adsru\u00adhe&nbsp;2026"},"content":{"rendered":"\n<h2 class=\"wp-block-heading\">100% dem\u00adni\u00adta\u00adte uma\u00adn\u0103. \u00cempre\u00adu\u00adn\u0103 \u00eempo\u00adtri\u00adva rasis\u00admu\u00adlui \u0219i a extre\u00admis\u00admu\u00adlui de dreapta.&nbsp;<\/h2>\n<div>\n<blockquote>\n<h3 class=\"c-h2\"><span dir=\"auto\"><span class dir=\"auto\">Karl\u00adsru\u00adhe tre\u00adbu\u00adie s\u0103 ia ati\u00adtu\u00addi\u00adne \u2014 f\u0103r\u0103 reduceri.<\/span><\/span><\/h3>\n<h1><span style=\"color: #800080;\">S\u0103p\u00adt\u0103m\u00e2\u00adni\u00adle inter\u00adna\u021bio\u00adna\u00adle \u00eempo\u00adtri\u00adva rasis\u00admu\u00adlui Karl\u00adsru\u00adhe&nbsp;2026<\/span><\/h1>\n<\/blockquote>\n<p><strong>Ziua inter\u00adna\u021bio\u00adna\u00adl\u0103 \u00eempo\u00adtri\u00adva rasis\u00admu\u00adlui<\/strong> este s\u0103r\u00adb\u0103\u00adto\u00adri\u00adt\u0103 anu\u00adal la 21 mar\u00adtie \u0219i a fost pro\u00adcla\u00adma\u00adt\u0103 de Orga\u00adni\u00adza\u00ad\u021bia Na\u021biu\u00adni\u00adlor Uni\u00adte \u00een 1966. \u00een ulti\u00admii ani, la Karl\u00adsru\u00adhe au fost orga\u00adni\u00adza\u00adte, de ase\u00adme\u00adnea, S\u0103p\u00adt\u0103m\u00e2ni inter\u00adna\u021bio\u00adna\u00adle \u00eempo\u00adtri\u00adva rasis\u00admu\u00adlui pen\u00adtru a mar\u00adca aceas\u00adt\u0103 zi. Par\u00adti\u00adci\u00adp\u0103 pes\u00adte 40 de aso\u00adci\u00ada\u00ad\u021bii, ini\u00ad\u021bia\u00adti\u00adve \u0219i orga\u00adni\u00adza\u00ad\u021bii, pre\u00adcum \u0219i per\u00adsoa\u00adne din toa\u00adte sec\u00adtoa\u00adre\u00adle soci\u00ade\u00adt\u0103\u00ad\u021bii din Karlsruhe.<\/p>\n<p><span dir=\"auto\"><span class dir=\"auto\">Sco\u00adpul comun este de a cre\u0219\u00adte gra\u00addul de con\u00ad\u0219ti\u00aden\u00adti\u00adza\u00adre a acti\u00advi\u00adt\u0103\u00ad\u021bii anti\u00adra\u00adsis\u00adte.  <strong>Pro\u00adble\u00adma rasis\u00admu\u00adlui tre\u00adbu\u00adie s\u0103 r\u0103m\u00e2\u00adn\u0103 per\u00adma\u00adnent pe ordi\u00adnea de zi a soci\u00ade\u00adt\u0103\u00ad\u021bii ora\u00ad\u0219u\u00adlui, ast\u00adfel \u00eenc\u00e2t oame\u00adnii s\u0103 fie sen\u00adsi\u00adbi\u00adli\u00adza\u021bi \u0219i mobi\u00adli\u00adza\u021bi \u00eempo\u00adtri\u00adva aces\u00adtu\u00adia.<\/strong>  Aces\u00adte s\u0103p\u00adt\u0103m\u00e2ni con\u00adtri\u00adbu\u00adie la acest&nbsp;efort.<\/span><\/span><\/p>\n<h3><strong>\ud83d\udcce <\/strong><a href=\"https:\/\/www.iwgr-ka.de\/events\/liste\/\" rel=\"noopener\"><strong>Pen\u00adtru pro\u00adgra\u00admul&nbsp;2026<\/strong><\/a><\/h3>\n<\/div>\n\n<h3 class=\"wp-block-heading\"><strong><a href=\"https:\/\/www.iwgr-ka.de\/event\/eroeffnungsveranstaltung-in-der-stadtkirche-the-cage-am-15-3-20261800-uhr\/\" rel=\"noopener\">Eve\u00adni\u00adment de des\u00adchi\u00adde\u00adre IWGR&nbsp;2026<\/a><\/strong><\/h3>\n\n<p><strong>15. Mar\u00adtie 2026<\/strong> \/ 18:00 \u2014 20:00 h<br><strong>The Cage \/ Evan\u00adge\u00adli\u00adcal City Chur\u00adch Karl\u00adsru\u00adhe<\/strong><br>City Chur\u00adch Mar\u00adket Squ\u00ada\u00adre<br>76131 Karl\u00adsru\u00adhe<br><strong>Gra\u00adtu\u00adit<\/strong><\/p>\n\n<blockquote class=\"wp-block-stackable-blockquote stk-block-blockquote stk-block stk-811ad2a is-style-default\" data-v=\"2\" data-block-id=\"811ad2a\"><div class=\"has-text-align-left stk-block-blockquote__content stk-container stk-811ad2a-container stk-hover-parent\"><div class=\"stk-block-content stk-inner-blocks\">\n<div class=\"wp-block-stackable-icon stk-block-icon stk-block stk-1922173\" data-block-id=\"1922173\"><span class=\"stk--svg-wrapper\"><div class=\"stk--inner-svg\"><svg style=\"height:0;width:0\"><defs><linearGradient id=\"linear-gradient-1922173\" x1=\"0\" x2=\"100%\" y1=\"0\" y2=\"0\"><stop offset=\"0%\" style=\"stop-opacity:1;stop-color:var(--linear-gradient-1922173-color-1)\" \/><stop offset=\"100%\" style=\"stop-opacity:1;stop-color:var(--linear-gradient-1922173-color-2)\" \/><\/linearGradient><\/defs><\/svg><svg viewBox=\"0 0 50 50\" aria-hidden=\"true\" width=\"32\" height=\"32\"><path d=\"M19.8 9.3C10.5 11.8 4.6 17 2.1 24.8c2.3-3.6 5.6-5.4 9.9-5.4 3.3 0 6 1.1 8.3 3.3 2.2 2.2 3.4 5 3.4 8.3 0 3.2-1.1 5.8-3.3 8-2.2 2.2-5.1 3.2-8.7 3.2-3.7 0-6.5-1.2-8.6-3.5C1 36.3 0 33.1 0 29 0 18.3 6.5 11.2 19.6 7.9l.2 1.4zm26.4 0C36.9 11.9 31 17 28.5 24.8c2.2-3.6 5.5-5.4 9.8-5.4 3.2 0 6 1.1 8.3 3.2 2.3 2.2 3.4 4.9 3.4 8.3 0 3.1-1.1 5.8-3.3 7.9-2.2 2.2-5.1 3.3-8.6 3.3-3.7 0-6.6-1.1-8.6-3.4-2.1-2.3-3.1-5.5-3.1-9.7 0-10.7 6.6-17.8 19.7-21.1l.1 1.4z\" \/><\/svg><\/div><\/span><\/div>\n\n\n<\/div><\/div><\/blockquote>\n","protected":false},"author":12,"featured_media":119748,"template":"","class_list":["post-47195","event","type-event","status-publish","has-post-thumbnail","hentry","event_category-timp-liber"],"acf":{"event-recurring":false,"event-category":83,"event-is-language-course":false,"event-recurring-still-active":true,"event-display-details":true,"event-schedules-recurring":null,"event-schedules-calendar":[{"event-calendar-day":"20260315","event-calendar-time":"","event-calendar-time-text":""},{"event-calendar-day":"20260329","event-calendar-time":"","event-calendar-time-text":""}],"event-is-online":false,"event-online-url":"","event-location-building":"","event-location-street":"","event-location-zip":"","event-location-city":"Verschiedene Orte- Karlsruhe","event-location-contact-person":"","event-location-phone":"","event-location-phone-2":"","event-location-mail":"kontakt@iwgr-ka.de","event-location-mail-2":"","event-location-website":"https:\/\/www.iwgr-ka.de\/","event-target-group":[{"target-group":"all"}],"event-target-group-comment":"S\u0103pt\u0103m\u00e2nile interna\u021bionale \u00eempotriva rasismului Karlsruhe 2024","event-free":true,"event-organiser":[31892,16511],"event-header-copyright-overlay":true,"event-copyright-note-description-end":false},"featured_image_urls_v2":{"full":["https:\/\/www.anika-net.de\/wp-content\/uploads\/2024\/03\/Logo_IWgR_2026.webp",1600,1600,false],"thumbnail":["https:\/\/www.anika-net.de\/wp-content\/uploads\/2024\/03\/Logo_IWgR_2026-150x150.webp",150,150,true],"medium":["https:\/\/www.anika-net.de\/wp-content\/uploads\/2024\/03\/Logo_IWgR_2026-300x300.webp",300,300,true],"medium_large":["https:\/\/www.anika-net.de\/wp-content\/uploads\/2024\/03\/Logo_IWgR_2026-768x768.webp",640,640,true],"large":["https:\/\/www.anika-net.de\/wp-content\/uploads\/2024\/03\/Logo_IWgR_2026-1024x1024.webp",640,640,true],"1536x1536":["https:\/\/www.anika-net.de\/wp-content\/uploads\/2024\/03\/Logo_IWgR_2026-1536x1536.webp",1536,1536,true],"2048x2048":["https:\/\/www.anika-net.de\/wp-content\/uploads\/2024\/03\/Logo_IWgR_2026.webp",1600,1600,false],"event-overview":["https:\/\/www.anika-net.de\/wp-content\/uploads\/2024\/03\/Logo_IWgR_2026-960x640.webp",960,640,true],"event-archive-thumb":["https:\/\/www.anika-net.de\/wp-content\/uploads\/2024\/03\/Logo_IWgR_2026-480x480.webp",480,480,true],"grid-item-thumbnail":["https:\/\/www.anika-net.de\/wp-content\/uploads\/2024\/03\/Logo_IWgR_2026-360x200.webp",360,200,true],"network-partner-icon":["https:\/\/www.anika-net.de\/wp-content\/uploads\/2024\/03\/Logo_IWgR_2026-100x100.webp",100,100,true],"organiser-icon":["https:\/\/www.anika-net.de\/wp-content\/uploads\/2024\/03\/Logo_IWgR_2026-200x200.webp",200,200,true],"gform-image-choice-sm":["https:\/\/www.anika-net.de\/wp-content\/uploads\/2024\/03\/Logo_IWgR_2026.webp",300,300,false],"gform-image-choice-md":["https:\/\/www.anika-net.de\/wp-content\/uploads\/2024\/03\/Logo_IWgR_2026.webp",400,400,false],"gform-image-choice-lg":["https:\/\/www.anika-net.de\/wp-content\/uploads\/2024\/03\/Logo_IWgR_2026.webp",600,600,false]},"post_excerpt_stackable_v2":"<p>100% dem\u00adni\u00adta\u00adte uma\u00adn\u0103. \u00cempre\u00adu\u00adn\u0103 \u00eempo\u00adtri\u00adva rasis\u00admu\u00adlui \u0219i a extre\u00admis\u00admu\u00adlui de dreap\u00adta.&nbsp; Karl\u00adsru\u00adhe tre\u00adbu\u00adie s\u0103 ia ati\u00adtu\u00addi\u00adne \u2014 f\u0103r\u0103 redu\u00adceri. S\u0103p\u00adt\u0103m\u00e2\u00adni\u00adle inter\u00adna\u021bio\u00adna\u00adle \u00eempo\u00adtri\u00adva rasis\u00admu\u00adlui Karl\u00adsru\u00adhe&nbsp;2026 Ziua inter\u00adna\u021bio\u00adna\u00adl\u0103 \u00eempo\u00adtri\u00adva rasis\u00admu\u00adlui este s\u0103r\u00adb\u0103\u00adto\u00adri\u00adt\u0103 anu\u00adal la 21 mar\u00adtie \u0219i a fost pro\u00adcla\u00adma\u00adt\u0103 de Orga\u00adni\u00adza\u00ad\u021bia Na\u021biu\u00adni\u00adlor Uni\u00adte \u00een 1966. \u00een ulti\u00admii ani, la Karl\u00adsru\u00adhe au fost orga\u00adni\u00adza\u00adte, de ase\u00adme\u00adnea, S\u0103p\u00adt\u0103m\u00e2ni inter\u00adna\u021bio\u00adna\u00adle \u00eempo\u00adtri\u00adva rasis\u00admu\u00adlui pen\u00adtru a mar\u00adca aceas\u00adt\u0103 zi. Par\u00adti\u00adci\u00adp\u0103 pes\u00adte 40 de aso\u00adci\u00ada\u00ad\u021bii, ini\u00ad\u021bia\u00adti\u00adve \u0219i orga\u00adni\u00adza\u00ad\u021bii, pre\u00adcum \u0219i per\u00adsoa\u00adne din toa\u00adte sec\u00adtoa\u00adre\u00adle soci\u00ade\u00adt\u0103\u00ad\u021bii din Karl\u00adsru\u00adhe. Sco\u00adpul comun este de a cre\u0219\u00adte gra\u00addul de con\u00ad\u0219ti\u00aden\u00adti\u00adza\u00adre a acti\u00advi\u00adt\u0103\u00ad\u021bii anti\u00adra\u00adsis\u00adte. Pro\u00adble\u00adma rasis\u00admu\u00adlui tre\u00adbu\u00adie s\u0103 r\u0103m\u00e2\u00adn\u0103 per\u00adma\u00adnent pe ordinea\u2026<\/p>\n","category_list_v2":"","author_info_v2":{"name":"Andrea Ramirez","url":"https:\/\/www.anika-net.de\/ro\/author\/andrea-ramirez\/"},"comments_num_v2":"0 comments","uagb_featured_image_src":{"full":["https:\/\/www.anika-net.de\/wp-content\/uploads\/2024\/03\/Logo_IWgR_2026.webp",1600,1600,false],"thumbnail":["https:\/\/www.anika-net.de\/wp-content\/uploads\/2024\/03\/Logo_IWgR_2026-150x150.webp",150,150,true],"medium":["https:\/\/www.anika-net.de\/wp-content\/uploads\/2024\/03\/Logo_IWgR_2026-300x300.webp",300,300,true],"medium_large":["https:\/\/www.anika-net.de\/wp-content\/uploads\/2024\/03\/Logo_IWgR_2026-768x768.webp",640,640,true],"large":["https:\/\/www.anika-net.de\/wp-content\/uploads\/2024\/03\/Logo_IWgR_2026-1024x1024.webp",640,640,true],"1536x1536":["https:\/\/www.anika-net.de\/wp-content\/uploads\/2024\/03\/Logo_IWgR_2026-1536x1536.webp",1536,1536,true],"2048x2048":["https:\/\/www.anika-net.de\/wp-content\/uploads\/2024\/03\/Logo_IWgR_2026.webp",1600,1600,false],"event-overview":["https:\/\/www.anika-net.de\/wp-content\/uploads\/2024\/03\/Logo_IWgR_2026-960x640.webp",960,640,true],"event-archive-thumb":["https:\/\/www.anika-net.de\/wp-content\/uploads\/2024\/03\/Logo_IWgR_2026-480x480.webp",480,480,true],"grid-item-thumbnail":["https:\/\/www.anika-net.de\/wp-content\/uploads\/2024\/03\/Logo_IWgR_2026-360x200.webp",360,200,true],"network-partner-icon":["https:\/\/www.anika-net.de\/wp-content\/uploads\/2024\/03\/Logo_IWgR_2026-100x100.webp",100,100,true],"organiser-icon":["https:\/\/www.anika-net.de\/wp-content\/uploads\/2024\/03\/Logo_IWgR_2026-200x200.webp",200,200,true],"gform-image-choice-sm":["https:\/\/www.anika-net.de\/wp-content\/uploads\/2024\/03\/Logo_IWgR_2026.webp",300,300,false],"gform-image-choice-md":["https:\/\/www.anika-net.de\/wp-content\/uploads\/2024\/03\/Logo_IWgR_2026.webp",400,400,false],"gform-image-choice-lg":["https:\/\/www.anika-net.de\/wp-content\/uploads\/2024\/03\/Logo_IWgR_2026.webp",600,600,false]},"uagb_author_info":{"display_name":"Andrea Ramirez","author_link":"https:\/\/www.anika-net.de\/ro\/author\/andrea-ramirez\/"},"uagb_comment_info":0,"uagb_excerpt":"100% dem\u00adni\u00adta\u00adte uma\u00adn\u0103. \u00cempre\u00adu\u00adn\u0103 \u00eempo\u00adtri\u00adva rasis\u00admu\u00adlui \u0219i a extre\u00admis\u00admu\u00adlui de dreapta.&nbsp; Karl\u00adsru\u00adhe tre\u00adbu\u00adie s\u0103 ia ati\u00adtu\u00addi\u00adne \u2014 f\u0103r\u0103 reduceri. S\u0103p\u00adt\u0103m\u00e2\u00adni\u00adle inter\u00adna\u021bio\u00adna\u00adle \u00eempo\u00adtri\u00adva rasis\u00admu\u00adlui Karl\u00adsru\u00adhe&nbsp;2026 Ziua inter\u00adna\u021bio\u00adna\u00adl\u0103 \u00eempo\u00adtri\u00adva rasis\u00admu\u00adlui este s\u0103r\u00adb\u0103\u00adto\u00adri\u00adt\u0103&nbsp;Citi\u021bi mai mult","_links":{"self":[{"href":"https:\/\/www.anika-net.de\/ro\/wp-json\/wp\/v2\/event\/47195","targetHints":{"allow":["GET"]}}],"collection":[{"href":"https:\/\/www.anika-net.de\/ro\/wp-json\/wp\/v2\/event"}],"about":[{"href":"https:\/\/www.anika-net.de\/ro\/wp-json\/wp\/v2\/types\/event"}],"author":[{"embeddable":true,"href":"https:\/\/www.anika-net.de\/ro\/wp-json\/wp\/v2\/users\/12"}],"version-history":[{"count":3,"href":"https:\/\/www.anika-net.de\/ro\/wp-json\/wp\/v2\/event\/47195\/revisions"}],"predecessor-version":[{"id":119770,"href":"https:\/\/www.anika-net.de\/ro\/wp-json\/wp\/v2\/event\/47195\/revisions\/119770"}],"acf:post":[{"embeddable":true,"href":"https:\/\/www.anika-net.de\/ro\/wp-json\/wp\/v2\/organiser\/16511"},{"embeddable":true,"href":"https:\/\/www.anika-net.de\/ro\/wp-json\/wp\/v2\/organiser\/31892"}],"acf:term":[{"embeddable":true,"taxonomy":"event_category","href":"https:\/\/www.anika-net.de\/ro\/wp-json\/wp\/v2\/event_category\/83"}],"wp:featuredmedia":[{"embeddable":true,"href":"https:\/\/www.anika-net.de\/ro\/wp-json\/wp\/v2\/media\/119748"}],"wp:attachment":[{"href":"https:\/\/www.anika-net.de\/ro\/wp-json\/wp\/v2\/media?parent=47195"}],"curies":[{"name":"wp","href":"https:\/\/api.w.org\/{rel}","templated":true}]}}