{"id":46876,"date":"2024-02-14T11:53:44","date_gmt":"2024-02-14T10:53:44","guid":{"rendered":"https:\/\/www.anika-net.de\/event\/curs-de-turnare-acrilica-la-ibz\/"},"modified":"2024-02-14T11:53:44","modified_gmt":"2024-02-14T10:53:44","slug":"curs-de-turnare-acrilica-la-ibz","status":"publish","type":"event","link":"https:\/\/www.anika-net.de\/ro\/event\/curs-de-turnare-acrilica-la-ibz\/","title":{"rendered":"Curs de tur\u00adna\u00adre acri\u00adli\u00adc\u0103 la&nbsp;ibz"},"content":{"rendered":"<h2><span style=\"color: #800080;\">Curs de tur\u00adna\u00adre acrilic\u0103<\/span><\/h2>\n<p>Pre\u021b: <strong>5\u20ac pe s\u0103p\u00adt\u0103m\u00e2\u00adn\u0103 + materiale<\/strong><\/p>\n<p>Teh\u00adni\u00adca de \u201ctur\u00adna\u00adre\u201d \u00een pic\u00adtu\u00adr\u0103 se refe\u00adr\u0103 la <strong>v\u0103r\u00adsa\u00adrea<\/strong><b>sau tur\u00adna\u00adrea culo\u00adri\u00adlor<\/b>. Spre deo\u00adse\u00adbi\u00adre de meto\u00adde\u00adle tra\u00addi\u00ad\u021bio\u00adna\u00adle, \u00een care culo\u00adri\u00adle sunt apli\u00adca\u00adte cu aju\u00adto\u00adrul unei pen\u00adsu\u00adle sau al unei pale\u00adte, aici culo\u00adri\u00adle sunt tur\u00adna\u00adte direct pe&nbsp;p\u00e2nz\u0103.<\/p>\n<p>Un curs are o dura\u00adt\u0103 de 10 s\u0103p\u00adt\u0103m\u00e2ni. Dup\u0103 ace\u00adea, este posi\u00adbil s\u0103 \u00eence\u00adpe\u021bi un nou curs. Ate\u00adli\u00ade\u00adrul este con\u00addus de <strong>H\u00fcmeyra Tek\u00adta\u0219<\/strong>.<\/p>\n<p>\u00cenre\u00adgis\u00adtra\u00adre: dtfrauenportal@gmail.com<\/p>\n","protected":false},"author":12,"featured_media":46857,"template":"","class_list":["post-46876","event","type-event","status-publish","has-post-thumbnail","hentry","event_category-timp-liber"],"acf":{"event-recurring":true,"event-category":83,"event-is-language-course":false,"event-recurring-still-active":true,"event-display-details":true,"event-schedules-recurring":[{"event-recurring-week-day":"3","event-recurring-time":"09:30 - 11:30","event-recurring-time-text":""}],"event-schedules-calendar":null,"event-is-online":false,"event-online-url":"","event-location-building":"ibz, Deutsch T\u00fcrkischer Elternverein Karlsruhe","event-location-street":"Kaiserallee 12 d","event-location-zip":"76133","event-location-city":"Karlsruhe","event-location-contact-person":"","event-location-phone":"017649344217","event-location-phone-2":"","event-location-mail":"dtfrauenportal@gmail.com","event-location-mail-2":"","event-location-website":"","event-target-group":[{"target-group":"all"}],"event-target-group-comment":"","event-free":false,"event-organiser":[43849],"event-header-copyright-overlay":true,"event-copyright-note-description-end":false},"featured_image_urls_v2":{"full":["https:\/\/www.anika-net.de\/wp-content\/uploads\/2024\/02\/mixed-purple-orange-yellow-paint-scaled.jpg",2560,1707,false],"thumbnail":["https:\/\/www.anika-net.de\/wp-content\/uploads\/2024\/02\/mixed-purple-orange-yellow-paint-150x150.jpg",150,150,true],"medium":["https:\/\/www.anika-net.de\/wp-content\/uploads\/2024\/02\/mixed-purple-orange-yellow-paint-300x200.jpg",300,200,true],"medium_large":["https:\/\/www.anika-net.de\/wp-content\/uploads\/2024\/02\/mixed-purple-orange-yellow-paint-768x512.jpg",640,427,true],"large":["https:\/\/www.anika-net.de\/wp-content\/uploads\/2024\/02\/mixed-purple-orange-yellow-paint-1024x683.jpg",640,427,true],"1536x1536":["https:\/\/www.anika-net.de\/wp-content\/uploads\/2024\/02\/mixed-purple-orange-yellow-paint-1536x1024.jpg",1536,1024,true],"2048x2048":["https:\/\/www.anika-net.de\/wp-content\/uploads\/2024\/02\/mixed-purple-orange-yellow-paint-2048x1366.jpg",2048,1366,true],"event-overview":["https:\/\/www.anika-net.de\/wp-content\/uploads\/2024\/02\/mixed-purple-orange-yellow-paint-960x640.jpg",960,640,true],"event-archive-thumb":["https:\/\/www.anika-net.de\/wp-content\/uploads\/2024\/02\/mixed-purple-orange-yellow-paint-480x320.jpg",480,320,true],"grid-item-thumbnail":["https:\/\/www.anika-net.de\/wp-content\/uploads\/2024\/02\/mixed-purple-orange-yellow-paint-360x200.jpg",360,200,true],"network-partner-icon":["https:\/\/www.anika-net.de\/wp-content\/uploads\/2024\/02\/mixed-purple-orange-yellow-paint-100x100.jpg",100,100,true],"organiser-icon":["https:\/\/www.anika-net.de\/wp-content\/uploads\/2024\/02\/mixed-purple-orange-yellow-paint-200x200.jpg",200,200,true],"gform-image-choice-sm":["https:\/\/www.anika-net.de\/wp-content\/uploads\/2024\/02\/mixed-purple-orange-yellow-paint-scaled.jpg",300,200,false],"gform-image-choice-md":["https:\/\/www.anika-net.de\/wp-content\/uploads\/2024\/02\/mixed-purple-orange-yellow-paint-scaled.jpg",400,267,false],"gform-image-choice-lg":["https:\/\/www.anika-net.de\/wp-content\/uploads\/2024\/02\/mixed-purple-orange-yellow-paint-scaled.jpg",600,400,false]},"post_excerpt_stackable_v2":"<p>Curs de tur\u00adna\u00adre acri\u00adli\u00adc\u0103 Pre\u021b: 5\u20ac pe s\u0103p\u00adt\u0103m\u00e2\u00adn\u0103 + mate\u00adri\u00ada\u00adle Teh\u00adni\u00adca de \u201ctur\u00adna\u00adre\u201d \u00een pic\u00adtu\u00adr\u0103 se refe\u00adr\u0103 la v\u0103r\u00adsa\u00adreasau tur\u00adna\u00adrea culo\u00adri\u00adlor. Spre deo\u00adse\u00adbi\u00adre de meto\u00adde\u00adle tra\u00addi\u00ad\u021bio\u00adna\u00adle, \u00een care culo\u00adri\u00adle sunt apli\u00adca\u00adte cu aju\u00adto\u00adrul unei pen\u00adsu\u00adle sau al unei pale\u00adte, aici culo\u00adri\u00adle sunt tur\u00adna\u00adte direct pe&nbsp;p\u00e2n\u00adz\u0103. Un curs are o dura\u00adt\u0103 de 10 s\u0103p\u00adt\u0103m\u00e2ni. Dup\u0103 ace\u00adea, este posi\u00adbil s\u0103 \u00eence\u00adpe\u021bi un nou curs. Ate\u00adli\u00ade\u00adrul este con\u00addus de H\u00fcmeyra Tek\u00adta\u0219. \u00cenre\u00adgis\u00adtra\u00adre: dtfrauenportal@gmail.com<\/p>\n","category_list_v2":"","author_info_v2":{"name":"Andrea Ramirez","url":"https:\/\/www.anika-net.de\/ro\/author\/andrea-ramirez\/"},"comments_num_v2":"0 comments","uagb_featured_image_src":{"full":["https:\/\/www.anika-net.de\/wp-content\/uploads\/2024\/02\/mixed-purple-orange-yellow-paint-scaled.jpg",2560,1707,false],"thumbnail":["https:\/\/www.anika-net.de\/wp-content\/uploads\/2024\/02\/mixed-purple-orange-yellow-paint-150x150.jpg",150,150,true],"medium":["https:\/\/www.anika-net.de\/wp-content\/uploads\/2024\/02\/mixed-purple-orange-yellow-paint-300x200.jpg",300,200,true],"medium_large":["https:\/\/www.anika-net.de\/wp-content\/uploads\/2024\/02\/mixed-purple-orange-yellow-paint-768x512.jpg",640,427,true],"large":["https:\/\/www.anika-net.de\/wp-content\/uploads\/2024\/02\/mixed-purple-orange-yellow-paint-1024x683.jpg",640,427,true],"1536x1536":["https:\/\/www.anika-net.de\/wp-content\/uploads\/2024\/02\/mixed-purple-orange-yellow-paint-1536x1024.jpg",1536,1024,true],"2048x2048":["https:\/\/www.anika-net.de\/wp-content\/uploads\/2024\/02\/mixed-purple-orange-yellow-paint-2048x1366.jpg",2048,1366,true],"event-overview":["https:\/\/www.anika-net.de\/wp-content\/uploads\/2024\/02\/mixed-purple-orange-yellow-paint-960x640.jpg",960,640,true],"event-archive-thumb":["https:\/\/www.anika-net.de\/wp-content\/uploads\/2024\/02\/mixed-purple-orange-yellow-paint-480x320.jpg",480,320,true],"grid-item-thumbnail":["https:\/\/www.anika-net.de\/wp-content\/uploads\/2024\/02\/mixed-purple-orange-yellow-paint-360x200.jpg",360,200,true],"network-partner-icon":["https:\/\/www.anika-net.de\/wp-content\/uploads\/2024\/02\/mixed-purple-orange-yellow-paint-100x100.jpg",100,100,true],"organiser-icon":["https:\/\/www.anika-net.de\/wp-content\/uploads\/2024\/02\/mixed-purple-orange-yellow-paint-200x200.jpg",200,200,true],"gform-image-choice-sm":["https:\/\/www.anika-net.de\/wp-content\/uploads\/2024\/02\/mixed-purple-orange-yellow-paint-scaled.jpg",300,200,false],"gform-image-choice-md":["https:\/\/www.anika-net.de\/wp-content\/uploads\/2024\/02\/mixed-purple-orange-yellow-paint-scaled.jpg",400,267,false],"gform-image-choice-lg":["https:\/\/www.anika-net.de\/wp-content\/uploads\/2024\/02\/mixed-purple-orange-yellow-paint-scaled.jpg",600,400,false]},"uagb_author_info":{"display_name":"Andrea Ramirez","author_link":"https:\/\/www.anika-net.de\/ro\/author\/andrea-ramirez\/"},"uagb_comment_info":0,"uagb_excerpt":"Curs de tur\u00adna\u00adre acrilic\u0103 Pre\u021b: 5\u20ac pe s\u0103p\u00adt\u0103m\u00e2\u00adn\u0103 + materiale Teh\u00adni\u00adca de \u201ctur\u00adna\u00adre\u201d \u00een pic\u00adtu\u00adr\u0103 se refe\u00adr\u0103 la v\u0103r\u00adsa\u00adreasau tur\u00adna\u00adrea culo\u00adri\u00adlor. Spre deo\u00adse\u00adbi\u00adre de meto\u00adde\u00adle tra\u00addi\u00ad\u021bio\u00adna\u00adle, \u00een care culo\u00adri\u00adle sunt&nbsp;Citi\u021bi mai mult","_links":{"self":[{"href":"https:\/\/www.anika-net.de\/ro\/wp-json\/wp\/v2\/event\/46876","targetHints":{"allow":["GET"]}}],"collection":[{"href":"https:\/\/www.anika-net.de\/ro\/wp-json\/wp\/v2\/event"}],"about":[{"href":"https:\/\/www.anika-net.de\/ro\/wp-json\/wp\/v2\/types\/event"}],"author":[{"embeddable":true,"href":"https:\/\/www.anika-net.de\/ro\/wp-json\/wp\/v2\/users\/12"}],"version-history":[{"count":0,"href":"https:\/\/www.anika-net.de\/ro\/wp-json\/wp\/v2\/event\/46876\/revisions"}],"acf:post":[{"embeddable":true,"href":"https:\/\/www.anika-net.de\/ro\/wp-json\/wp\/v2\/organiser\/43849"}],"acf:term":[{"embeddable":true,"taxonomy":"event_category","href":"https:\/\/www.anika-net.de\/ro\/wp-json\/wp\/v2\/event_category\/83"}],"wp:featuredmedia":[{"embeddable":true,"href":"https:\/\/www.anika-net.de\/ro\/wp-json\/wp\/v2\/media\/46857"}],"wp:attachment":[{"href":"https:\/\/www.anika-net.de\/ro\/wp-json\/wp\/v2\/media?parent=46876"}],"curies":[{"name":"wp","href":"https:\/\/api.w.org\/{rel}","templated":true}]}}