{"id":46531,"date":"2024-01-29T14:26:41","date_gmt":"2024-01-29T13:26:41","guid":{"rendered":"https:\/\/www.anika-net.de\/event\/la-rascruce-de-culturi-o-calatorie-din-ucraina-in-germania\/"},"modified":"2024-01-29T14:26:41","modified_gmt":"2024-01-29T13:26:41","slug":"la-rascruce-de-culturi-o-calatorie-din-ucraina-in-germania","status":"publish","type":"event","link":"https:\/\/www.anika-net.de\/ro\/event\/la-rascruce-de-culturi-o-calatorie-din-ucraina-in-germania\/","title":{"rendered":"La r\u0103s\u00adcru\u00adce de cul\u00adturi: O c\u0103l\u0103\u00adto\u00adrie din Ucrai\u00adna \u00een Germania"},"content":{"rendered":"<h3><span style=\"color: #008080;\">Cafe\u00adnea\u00adua \u0218ti\u00adin\u00ad\u021bi\u00adfi\u00adc\u0103 Mondial\u0103<\/span><\/h3>\n<h2><strong><span style=\"color: #800080;\">La r\u0103s\u00adcru\u00adce de cul\u00adturi: O c\u0103l\u0103\u00adto\u00adrie din Ucrai\u00adna \u00een Germania<\/span><br>\n<\/strong><\/h2>\n<p><strong>\ud83c\udf93 cu Assoc.  <\/strong><strong>Prof. Dr. Ivan Balykin<br>\n<\/strong><\/p>\n<p><strong>Dr. Ivan Baly\u00adkin <\/strong>este \u00een pre\u00adzent cer\u00adce\u00adt\u0103\u00adtor aso\u00adci\u00adat la Cate\u00addra de Isto\u00adrie Con\u00adtem\u00adpo\u00adra\u00adn\u0103, Uni\u00adver\u00adsi\u00adta\u00adtea din Man\u00adnhe\u00adim. Afla\u021bi mai mul\u00adte des\u00adpre vor\u00adbi\u00adtor <a href=\"https:\/\/www.phil.uni-mannheim.de\/zeitgeschichte\/team\/ivan-balykin\/#c349107\" rel=\"noopener\">aici<\/a>.<\/p>\n<p>Dis\u00adcu\u00ad\u021bia va fi pre\u00adzen\u00adta\u00adt\u0103 de c\u0103tre <strong>Prof. Dr. Caro\u00adli\u00adne Y. Robert\u00adson-von Tro\u00adtha<\/strong>, KIT Dis\u00adtin\u00adgu\u00adished Seni\u00ador Fellow.<\/p>\n<p>Veni\u021bi al\u0103\u00adtu\u00adri de noi pen\u00adtru o explo\u00adra\u00adre conci\u00ads\u0103 a r\u0103s\u00adcru\u00adcii de dru\u00admuri unde se \u00eent\u00e2l\u00adnesc cul\u00adtu\u00adri\u00adle, \u00eemple\u00adtind tre\u00adcu\u00adtul, pre\u00adzen\u00adtul \u0219i aspi\u00adra\u00ad\u021bi\u00adi\u00adle aca\u00adde\u00admi\u00adce. Pro\u00adfe\u00adso\u00adrul aso\u00adci\u00adat Dr. Ivan Baly\u00adkin&nbsp;va<br>\ns\u0103 vor\u00adbeas\u00adc\u0103 des\u00adpre \u201cLa r\u0103s\u00adcru\u00adce de cul\u00adturi: O c\u0103l\u0103\u00adto\u00adrie din Ucrai\u00adna \u00een Ger\u00adma\u00adnia\u201d, pre\u00adcum \u0219i des\u00adpre inter\u00adsec\u00ad\u021bi\u00adi\u00adle din\u00adtre via\u00ad\u021ba sa per\u00adso\u00adna\u00adl\u0103 \u0219i cea pro\u00adfe\u00adsio\u00adna\u00adl\u0103, dez\u00adv\u0103\u00adlu\u00adind tranzi\u00ad\u021bi\u00adi\u00adle din Ucrai\u00adna \u00een Germania.<br>\npei\u00adsa\u00adje\u00adle aca\u00adde\u00admi\u00adce ale Ger\u00adma\u00adniei \u0219i aspi\u00adra\u00ad\u021bi\u00adi\u00adle sale pen\u00adtru vii\u00adtor \u00een Ger\u00adma\u00adnia, de la meto\u00adde\u00adle de pre\u00adda\u00adre imer\u00adsi\u00adv\u0103 la co-fon\u00adda\u00adrea comu\u00adni\u00adt\u0103\u00ad\u021bii de edu\u00adca\u00adtori \u00een cadrul ONG-ului \u201cPro\u00adgresyl\u00adni\u201d.<br>\nEl va pre\u00adzen\u00adta cer\u00adce\u00adta\u00adrea sa actu\u00ada\u00adl\u0103 pri\u00advind \u201cMemo\u00adria \u0219i mo\u0219\u00adte\u00adni\u00adri\u00adle ide\u00ado\u00adlo\u00adgi\u00adce\u201d, \u00een\u021be\u00adle\u00adg\u00e2nd con\u00ade\u00adxiu\u00adni\u00adle com\u00adpli\u00adca\u00adte din\u00adtre nara\u00ad\u021biu\u00adni\u00adle memo\u00adri\u00adei, mi\u0219\u00adc\u0103\u00adri\u00adle soci\u00ada\u00adle \u0219i poli\u00adti\u00adci\u00adle identitare.<\/p>\n","protected":false},"author":12,"featured_media":46515,"template":"","class_list":["post-46531","event","type-event","status-publish","has-post-thumbnail","hentry","event_category-timp-liber"],"acf":{"event-recurring":false,"event-category":83,"event-is-language-course":false,"event-recurring-still-active":true,"event-display-details":true,"event-schedules-recurring":null,"event-schedules-calendar":[{"event-calendar-day":"20240206","event-calendar-time":"18:00","event-calendar-time-text":""}],"event-is-online":false,"event-online-url":"","event-location-building":"TRIANGEL Transfer \u2013 Kultur \u2013 Raum, in \u201eSpace\u201c","event-location-street":"Kaiserstra\u00dfe 93","event-location-zip":"76133 ","event-location-city":"Karlsruhe","event-location-contact-person":"","event-location-phone":"","event-location-phone-2":"","event-location-mail":"","event-location-mail-2":"","event-location-website":"https:\/\/www.intl.kit.edu\/ischolar\/11727.php","event-target-group":[{"target-group":"all"}],"event-target-group-comment":"","event-free":true,"event-organiser":[16300],"event-header-copyright-overlay":true,"event-copyright-note-description-end":false},"featured_image_urls_v2":{"full":["https:\/\/www.anika-net.de\/wp-content\/uploads\/2024\/01\/high-angle-people-holding-hands-scaled.jpg",2560,1707,false],"thumbnail":["https:\/\/www.anika-net.de\/wp-content\/uploads\/2024\/01\/high-angle-people-holding-hands-150x150.jpg",150,150,true],"medium":["https:\/\/www.anika-net.de\/wp-content\/uploads\/2024\/01\/high-angle-people-holding-hands-300x200.jpg",300,200,true],"medium_large":["https:\/\/www.anika-net.de\/wp-content\/uploads\/2024\/01\/high-angle-people-holding-hands-768x512.jpg",640,427,true],"large":["https:\/\/www.anika-net.de\/wp-content\/uploads\/2024\/01\/high-angle-people-holding-hands-1024x683.jpg",640,427,true],"1536x1536":["https:\/\/www.anika-net.de\/wp-content\/uploads\/2024\/01\/high-angle-people-holding-hands-1536x1024.jpg",1536,1024,true],"2048x2048":["https:\/\/www.anika-net.de\/wp-content\/uploads\/2024\/01\/high-angle-people-holding-hands-2048x1365.jpg",2048,1365,true],"event-overview":["https:\/\/www.anika-net.de\/wp-content\/uploads\/2024\/01\/high-angle-people-holding-hands-960x640.jpg",960,640,true],"event-archive-thumb":["https:\/\/www.anika-net.de\/wp-content\/uploads\/2024\/01\/high-angle-people-holding-hands-480x320.jpg",480,320,true],"grid-item-thumbnail":["https:\/\/www.anika-net.de\/wp-content\/uploads\/2024\/01\/high-angle-people-holding-hands-360x200.jpg",360,200,true],"network-partner-icon":["https:\/\/www.anika-net.de\/wp-content\/uploads\/2024\/01\/high-angle-people-holding-hands-100x100.jpg",100,100,true],"organiser-icon":["https:\/\/www.anika-net.de\/wp-content\/uploads\/2024\/01\/high-angle-people-holding-hands-200x200.jpg",200,200,true],"gform-image-choice-sm":["https:\/\/www.anika-net.de\/wp-content\/uploads\/2024\/01\/high-angle-people-holding-hands-scaled.jpg",300,200,false],"gform-image-choice-md":["https:\/\/www.anika-net.de\/wp-content\/uploads\/2024\/01\/high-angle-people-holding-hands-scaled.jpg",400,267,false],"gform-image-choice-lg":["https:\/\/www.anika-net.de\/wp-content\/uploads\/2024\/01\/high-angle-people-holding-hands-scaled.jpg",600,400,false]},"post_excerpt_stackable_v2":"<p>Cafe\u00adnea\u00adua \u0218ti\u00adin\u00ad\u021bi\u00adfi\u00adc\u0103 Mondi\u00ada\u00adl\u0103 La r\u0103s\u00adcru\u00adce de cul\u00adturi: O c\u0103l\u0103\u00adto\u00adrie din Ucrai\u00adna \u00een Ger\u00adma\u00adnia \ud83c\udf93 cu Assoc. Prof. Dr. Ivan Baly\u00adkin Dr. Ivan Baly\u00adkin este \u00een pre\u00adzent cer\u00adce\u00adt\u0103\u00adtor aso\u00adci\u00adat la Cate\u00addra de Isto\u00adrie Con\u00adtem\u00adpo\u00adra\u00adn\u0103, Uni\u00adver\u00adsi\u00adta\u00adtea din Man\u00adnhe\u00adim. Afla\u021bi mai mul\u00adte des\u00adpre vor\u00adbi\u00adtor aici. Dis\u00adcu\u00ad\u021bia va fi pre\u00adzen\u00adta\u00adt\u0103 de c\u0103tre Prof. Dr. Caro\u00adli\u00adne Y. Rober\u00adt\u00ad\u00adson-von Tro\u00adtha, KIT Dis\u00adtin\u00adgu\u00adished Seni\u00ador Fel\u00adlow. Veni\u021bi al\u0103\u00adtu\u00adri de noi pen\u00adtru o explo\u00adra\u00adre conci\u00ads\u0103 a r\u0103s\u00adcru\u00adcii de dru\u00admuri unde se \u00eent\u00e2l\u00adnesc cul\u00adtu\u00adri\u00adle, \u00eemple\u00adtind tre\u00adcu\u00adtul, pre\u00adzen\u00adtul \u0219i aspi\u00adra\u00ad\u021bi\u00adi\u00adle aca\u00adde\u00admi\u00adce. Pro\u00adfe\u00adso\u00adrul aso\u00adci\u00adat Dr. Ivan Baly\u00adkin&nbsp;va s\u0103 vor\u00adbeas\u00adc\u0103 des\u00adpre \u201cLa r\u0103s\u00adcru\u00adce de cul\u00adturi: O c\u0103l\u0103\u00adto\u00adrie din Ucrai\u00adna \u00een Ger\u00adma\u00adnia\u201d, pre\u00adcum&nbsp;\u0219i\u2026<\/p>\n","category_list_v2":"","author_info_v2":{"name":"Andrea Ramirez","url":"https:\/\/www.anika-net.de\/ro\/author\/andrea-ramirez\/"},"comments_num_v2":"0 comments","uagb_featured_image_src":{"full":["https:\/\/www.anika-net.de\/wp-content\/uploads\/2024\/01\/high-angle-people-holding-hands-scaled.jpg",2560,1707,false],"thumbnail":["https:\/\/www.anika-net.de\/wp-content\/uploads\/2024\/01\/high-angle-people-holding-hands-150x150.jpg",150,150,true],"medium":["https:\/\/www.anika-net.de\/wp-content\/uploads\/2024\/01\/high-angle-people-holding-hands-300x200.jpg",300,200,true],"medium_large":["https:\/\/www.anika-net.de\/wp-content\/uploads\/2024\/01\/high-angle-people-holding-hands-768x512.jpg",640,427,true],"large":["https:\/\/www.anika-net.de\/wp-content\/uploads\/2024\/01\/high-angle-people-holding-hands-1024x683.jpg",640,427,true],"1536x1536":["https:\/\/www.anika-net.de\/wp-content\/uploads\/2024\/01\/high-angle-people-holding-hands-1536x1024.jpg",1536,1024,true],"2048x2048":["https:\/\/www.anika-net.de\/wp-content\/uploads\/2024\/01\/high-angle-people-holding-hands-2048x1365.jpg",2048,1365,true],"event-overview":["https:\/\/www.anika-net.de\/wp-content\/uploads\/2024\/01\/high-angle-people-holding-hands-960x640.jpg",960,640,true],"event-archive-thumb":["https:\/\/www.anika-net.de\/wp-content\/uploads\/2024\/01\/high-angle-people-holding-hands-480x320.jpg",480,320,true],"grid-item-thumbnail":["https:\/\/www.anika-net.de\/wp-content\/uploads\/2024\/01\/high-angle-people-holding-hands-360x200.jpg",360,200,true],"network-partner-icon":["https:\/\/www.anika-net.de\/wp-content\/uploads\/2024\/01\/high-angle-people-holding-hands-100x100.jpg",100,100,true],"organiser-icon":["https:\/\/www.anika-net.de\/wp-content\/uploads\/2024\/01\/high-angle-people-holding-hands-200x200.jpg",200,200,true],"gform-image-choice-sm":["https:\/\/www.anika-net.de\/wp-content\/uploads\/2024\/01\/high-angle-people-holding-hands-scaled.jpg",300,200,false],"gform-image-choice-md":["https:\/\/www.anika-net.de\/wp-content\/uploads\/2024\/01\/high-angle-people-holding-hands-scaled.jpg",400,267,false],"gform-image-choice-lg":["https:\/\/www.anika-net.de\/wp-content\/uploads\/2024\/01\/high-angle-people-holding-hands-scaled.jpg",600,400,false]},"uagb_author_info":{"display_name":"Andrea Ramirez","author_link":"https:\/\/www.anika-net.de\/ro\/author\/andrea-ramirez\/"},"uagb_comment_info":0,"uagb_excerpt":"Cafe\u00adnea\u00adua \u0218ti\u00adin\u00ad\u021bi\u00adfi\u00adc\u0103 Mondial\u0103 La r\u0103s\u00adcru\u00adce de cul\u00adturi: O c\u0103l\u0103\u00adto\u00adrie din Ucrai\u00adna \u00een Germania \ud83c\udf93 cu Assoc. Prof. Dr. Ivan Balykin Dr. Ivan Baly\u00adkin este \u00een pre\u00adzent cer\u00adce\u00adt\u0103\u00adtor aso\u00adci\u00adat la Cate\u00addra&nbsp;Citi\u021bi mai mult","_links":{"self":[{"href":"https:\/\/www.anika-net.de\/ro\/wp-json\/wp\/v2\/event\/46531","targetHints":{"allow":["GET"]}}],"collection":[{"href":"https:\/\/www.anika-net.de\/ro\/wp-json\/wp\/v2\/event"}],"about":[{"href":"https:\/\/www.anika-net.de\/ro\/wp-json\/wp\/v2\/types\/event"}],"author":[{"embeddable":true,"href":"https:\/\/www.anika-net.de\/ro\/wp-json\/wp\/v2\/users\/12"}],"version-history":[{"count":0,"href":"https:\/\/www.anika-net.de\/ro\/wp-json\/wp\/v2\/event\/46531\/revisions"}],"acf:post":[{"embeddable":true,"href":"https:\/\/www.anika-net.de\/ro\/wp-json\/wp\/v2\/organiser\/16300"}],"acf:term":[{"embeddable":true,"taxonomy":"event_category","href":"https:\/\/www.anika-net.de\/ro\/wp-json\/wp\/v2\/event_category\/83"}],"wp:featuredmedia":[{"embeddable":true,"href":"https:\/\/www.anika-net.de\/ro\/wp-json\/wp\/v2\/media\/46515"}],"wp:attachment":[{"href":"https:\/\/www.anika-net.de\/ro\/wp-json\/wp\/v2\/media?parent=46531"}],"curies":[{"name":"wp","href":"https:\/\/api.w.org\/{rel}","templated":true}]}}