{"id":46410,"date":"2024-01-17T14:57:35","date_gmt":"2024-01-17T13:57:35","guid":{"rendered":"https:\/\/www.anika-net.de\/event\/eveniment-de-informare-pentru-femeile-imigrante\/"},"modified":"2024-01-17T14:57:35","modified_gmt":"2024-01-17T13:57:35","slug":"eveniment-de-informare-pentru-femeile-imigrante","status":"publish","type":"event","link":"https:\/\/www.anika-net.de\/ro\/event\/eveniment-de-informare-pentru-femeile-imigrante\/","title":{"rendered":"Eve\u00adni\u00adment de infor\u00adma\u00adre pen\u00adtru feme\u00adi\u00adle imigrante"},"content":{"rendered":"<h3><span style=\"color: #008080;\">G\u0103si\u00adrea unui loc de&nbsp;munc\u0103<\/span><\/h3>\n<h1><span style=\"color: #333399;\">Eve\u00adni\u00adment de infor\u00adma\u00adre pen\u00adtru feme\u00adi\u00adle imigrante<\/span><\/h1>\n<h4>Cum pot g\u0103si un loc de&nbsp;munc\u0103?<\/h4>\n<ul>\n<li>Ce este for\u00adma\u00adrea profesional\u0103?<\/li>\n<li>Ce pro\u00adfe\u00adsii exis\u00adt\u0103? De ce am nevo\u00adie pen\u00adtru&nbsp;ei?<\/li>\n<li>Cum pot g\u0103si ser\u00advi\u00adcii de \u00eengri\u00adji\u00adre a copiilor?<\/li>\n<li>Exis\u00adt\u0103 pro\u00adgra\u00adme de uce\u00adni\u00adcie cu frac\u00ad\u021biu\u00adne de&nbsp;norm\u0103?<\/li>\n<li>Ce oport\u00adu\u00adni\u00adt\u0103\u021bi de finan\u00ad\u021ba\u00adre exist\u0103?<\/li>\n<li>Unde pot ob\u021bine recu\u00adnoa\u0219\u00adte\u00adrea cali\u00adfi\u00adc\u0103\u00adri\u00adlor&nbsp;mele?<\/li>\n<li>Cum pot s\u0103-mi des\u00adchid pro\u00adpria afacere?\u00cen tim\u00adpul eve\u00adni\u00admen\u00adtu\u00adlui de infor\u00adma\u00adre cu diver\u0219i exper\u021bi, ve\u021bi pri\u00admi r\u0103s\u00adpun\u00adsuri la aces\u00adte \u0219i alte \u00eentre\u00adb\u0103ri \u00een cadrul pre\u00adzen\u00adt\u0103\u00adri\u00adlor \u0219i la stan\u00addu\u00adri\u00adle de informare.<br>\nVe\u021bi avea oca\u00adzia s\u0103 v\u0103 veri\u00adfi\u00adca\u021bi docu\u00admen\u00adte\u00adle de can\u00addi\u00adda\u00adtu\u00adr\u0103 \u00een mod pro\u00adfe\u00adsi\u00ado\u00adnist \u0219i s\u0103 v\u0103 face\u021bi o foto\u00adgra\u00adfie (gra\u00adtu\u00adit!).\n<p>\ud83d\udc49\ud83c\udffc V\u0103 rug\u0103m s\u0103 veni\u021bi \u00eembr\u0103\u00adca\u021bi corespunz\u0103tor<\/p>\n<p>\ud83d\udc49\ud83c\udffc \u00cenre\u00adgis\u00adtra\u00adrea nu este necesar\u0103<\/p><\/li>\n<\/ul>\n","protected":false},"author":12,"featured_media":46395,"template":"","class_list":["post-46410","event","type-event","status-publish","has-post-thumbnail","hentry","event_category-munca"],"acf":{"event-recurring":false,"event-category":84,"event-is-language-course":false,"event-recurring-still-active":true,"event-display-details":true,"event-schedules-recurring":null,"event-schedules-calendar":[{"event-calendar-day":"20240221","event-calendar-time":"09:00 - 12:00","event-calendar-time-text":""}],"event-is-online":false,"event-online-url":"","event-location-building":"BerufsInformationsZentrum (Round building of the Employment Agency)","event-location-street":"Brauerstra\u00dfe 10","event-location-zip":"76135","event-location-city":"Karlsruhe","event-location-contact-person":"Frau G\u00f6rl","event-location-phone":"","event-location-phone-2":"","event-location-mail":"amt33.arbeitsmarkintegration@landratsamt-karlsruhe.de","event-location-mail-2":"","event-location-website":"","event-target-group":[{"target-group":"women"}],"event-target-group-comment":"","event-free":true,"event-organiser":[16323,""],"event-header-copyright-overlay":true,"event-copyright-note-description-end":false},"featured_image_urls_v2":{"full":["https:\/\/www.anika-net.de\/wp-content\/uploads\/2024\/01\/business-woman-with-computer-office-scaled.jpg",2560,1706,false],"thumbnail":["https:\/\/www.anika-net.de\/wp-content\/uploads\/2024\/01\/business-woman-with-computer-office-150x150.jpg",150,150,true],"medium":["https:\/\/www.anika-net.de\/wp-content\/uploads\/2024\/01\/business-woman-with-computer-office-300x200.jpg",300,200,true],"medium_large":["https:\/\/www.anika-net.de\/wp-content\/uploads\/2024\/01\/business-woman-with-computer-office-768x512.jpg",640,427,true],"large":["https:\/\/www.anika-net.de\/wp-content\/uploads\/2024\/01\/business-woman-with-computer-office-1024x683.jpg",640,427,true],"1536x1536":["https:\/\/www.anika-net.de\/wp-content\/uploads\/2024\/01\/business-woman-with-computer-office-1536x1024.jpg",1536,1024,true],"2048x2048":["https:\/\/www.anika-net.de\/wp-content\/uploads\/2024\/01\/business-woman-with-computer-office-2048x1365.jpg",2048,1365,true],"event-overview":["https:\/\/www.anika-net.de\/wp-content\/uploads\/2024\/01\/business-woman-with-computer-office-960x640.jpg",960,640,true],"event-archive-thumb":["https:\/\/www.anika-net.de\/wp-content\/uploads\/2024\/01\/business-woman-with-computer-office-480x320.jpg",480,320,true],"grid-item-thumbnail":["https:\/\/www.anika-net.de\/wp-content\/uploads\/2024\/01\/business-woman-with-computer-office-360x200.jpg",360,200,true],"network-partner-icon":["https:\/\/www.anika-net.de\/wp-content\/uploads\/2024\/01\/business-woman-with-computer-office-100x100.jpg",100,100,true],"organiser-icon":["https:\/\/www.anika-net.de\/wp-content\/uploads\/2024\/01\/business-woman-with-computer-office-200x200.jpg",200,200,true],"gform-image-choice-sm":["https:\/\/www.anika-net.de\/wp-content\/uploads\/2024\/01\/business-woman-with-computer-office-scaled.jpg",300,200,false],"gform-image-choice-md":["https:\/\/www.anika-net.de\/wp-content\/uploads\/2024\/01\/business-woman-with-computer-office-scaled.jpg",400,267,false],"gform-image-choice-lg":["https:\/\/www.anika-net.de\/wp-content\/uploads\/2024\/01\/business-woman-with-computer-office-scaled.jpg",600,400,false]},"post_excerpt_stackable_v2":"<p>G\u0103si\u00adrea unui loc de&nbsp;mun\u00adc\u0103 Eve\u00adni\u00adment de infor\u00adma\u00adre pen\u00adtru feme\u00adi\u00adle imi\u00adgran\u00adte Cum pot g\u0103si un loc de&nbsp;mun\u00adc\u0103? Ce este for\u00adma\u00adrea pro\u00adfe\u00adsio\u00adna\u00adl\u0103? Ce pro\u00adfe\u00adsii exis\u00adt\u0103? De ce am nevo\u00adie pen\u00adtru&nbsp;ei? Cum pot g\u0103si ser\u00advi\u00adcii de \u00eengri\u00adji\u00adre a copi\u00adi\u00adlor? Exis\u00adt\u0103 pro\u00adgra\u00adme de uce\u00adni\u00adcie cu frac\u00ad\u021biu\u00adne de&nbsp;nor\u00adm\u0103? Ce oport\u00adu\u00adni\u00adt\u0103\u021bi de finan\u00ad\u021ba\u00adre exis\u00adt\u0103? Unde pot ob\u021bine recu\u00adnoa\u0219\u00adte\u00adrea cali\u00adfi\u00adc\u0103\u00adri\u00adlor&nbsp;mele? Cum pot s\u0103-mi des\u00adchid pro\u00adpria afacere?\u00cen tim\u00adpul eve\u00adni\u00admen\u00adtu\u00adlui de infor\u00adma\u00adre cu diver\u0219i exper\u021bi, ve\u021bi pri\u00admi r\u0103s\u00adpun\u00adsuri la aces\u00adte \u0219i alte \u00eentre\u00adb\u0103ri \u00een cadrul pre\u00adzen\u00adt\u0103\u00adri\u00adlor \u0219i la stan\u00addu\u00adri\u00adle de infor\u00adma\u00adre. Ve\u021bi avea oca\u00adzia s\u0103 v\u0103 veri\u00adfi\u00adca\u021bi docu\u00admen\u00adte\u00adle de can\u00addi\u00adda\u00adtu\u00adr\u0103 \u00een mod pro\u00adfe\u00adsi\u00ado\u00adnist \u0219i s\u0103 v\u0103 face\u021bi o fotografie\u2026<\/p>\n","category_list_v2":"","author_info_v2":{"name":"Andrea Ramirez","url":"https:\/\/www.anika-net.de\/ro\/author\/andrea-ramirez\/"},"comments_num_v2":"0 comments","uagb_featured_image_src":{"full":["https:\/\/www.anika-net.de\/wp-content\/uploads\/2024\/01\/business-woman-with-computer-office-scaled.jpg",2560,1706,false],"thumbnail":["https:\/\/www.anika-net.de\/wp-content\/uploads\/2024\/01\/business-woman-with-computer-office-150x150.jpg",150,150,true],"medium":["https:\/\/www.anika-net.de\/wp-content\/uploads\/2024\/01\/business-woman-with-computer-office-300x200.jpg",300,200,true],"medium_large":["https:\/\/www.anika-net.de\/wp-content\/uploads\/2024\/01\/business-woman-with-computer-office-768x512.jpg",640,427,true],"large":["https:\/\/www.anika-net.de\/wp-content\/uploads\/2024\/01\/business-woman-with-computer-office-1024x683.jpg",640,427,true],"1536x1536":["https:\/\/www.anika-net.de\/wp-content\/uploads\/2024\/01\/business-woman-with-computer-office-1536x1024.jpg",1536,1024,true],"2048x2048":["https:\/\/www.anika-net.de\/wp-content\/uploads\/2024\/01\/business-woman-with-computer-office-2048x1365.jpg",2048,1365,true],"event-overview":["https:\/\/www.anika-net.de\/wp-content\/uploads\/2024\/01\/business-woman-with-computer-office-960x640.jpg",960,640,true],"event-archive-thumb":["https:\/\/www.anika-net.de\/wp-content\/uploads\/2024\/01\/business-woman-with-computer-office-480x320.jpg",480,320,true],"grid-item-thumbnail":["https:\/\/www.anika-net.de\/wp-content\/uploads\/2024\/01\/business-woman-with-computer-office-360x200.jpg",360,200,true],"network-partner-icon":["https:\/\/www.anika-net.de\/wp-content\/uploads\/2024\/01\/business-woman-with-computer-office-100x100.jpg",100,100,true],"organiser-icon":["https:\/\/www.anika-net.de\/wp-content\/uploads\/2024\/01\/business-woman-with-computer-office-200x200.jpg",200,200,true],"gform-image-choice-sm":["https:\/\/www.anika-net.de\/wp-content\/uploads\/2024\/01\/business-woman-with-computer-office-scaled.jpg",300,200,false],"gform-image-choice-md":["https:\/\/www.anika-net.de\/wp-content\/uploads\/2024\/01\/business-woman-with-computer-office-scaled.jpg",400,267,false],"gform-image-choice-lg":["https:\/\/www.anika-net.de\/wp-content\/uploads\/2024\/01\/business-woman-with-computer-office-scaled.jpg",600,400,false]},"uagb_author_info":{"display_name":"Andrea Ramirez","author_link":"https:\/\/www.anika-net.de\/ro\/author\/andrea-ramirez\/"},"uagb_comment_info":0,"uagb_excerpt":"G\u0103si\u00adrea unui loc de&nbsp;munc\u0103 Eve\u00adni\u00adment de infor\u00adma\u00adre pen\u00adtru feme\u00adi\u00adle imigrante Cum pot g\u0103si un loc de&nbsp;munc\u0103? Ce este for\u00adma\u00adrea profesional\u0103? Ce pro\u00adfe\u00adsii exis\u00adt\u0103? De ce am nevo\u00adie pen\u00adtru&nbsp;ei? Cum pot&nbsp;Citi\u021bi mai mult","_links":{"self":[{"href":"https:\/\/www.anika-net.de\/ro\/wp-json\/wp\/v2\/event\/46410","targetHints":{"allow":["GET"]}}],"collection":[{"href":"https:\/\/www.anika-net.de\/ro\/wp-json\/wp\/v2\/event"}],"about":[{"href":"https:\/\/www.anika-net.de\/ro\/wp-json\/wp\/v2\/types\/event"}],"author":[{"embeddable":true,"href":"https:\/\/www.anika-net.de\/ro\/wp-json\/wp\/v2\/users\/12"}],"version-history":[{"count":0,"href":"https:\/\/www.anika-net.de\/ro\/wp-json\/wp\/v2\/event\/46410\/revisions"}],"acf:post":[{"embeddable":true,"href":"https:\/\/www.anika-net.de\/ro\/wp-json\/wp\/v2\/event\/"},{"embeddable":true,"href":"https:\/\/www.anika-net.de\/ro\/wp-json\/wp\/v2\/organiser\/16323"}],"acf:term":[{"embeddable":true,"taxonomy":"event_category","href":"https:\/\/www.anika-net.de\/ro\/wp-json\/wp\/v2\/event_category\/84"}],"wp:featuredmedia":[{"embeddable":true,"href":"https:\/\/www.anika-net.de\/ro\/wp-json\/wp\/v2\/media\/46395"}],"wp:attachment":[{"href":"https:\/\/www.anika-net.de\/ro\/wp-json\/wp\/v2\/media?parent=46410"}],"curies":[{"name":"wp","href":"https:\/\/api.w.org\/{rel}","templated":true}]}}