{"id":44182,"date":"2023-12-04T14:33:18","date_gmt":"2023-12-04T13:33:18","guid":{"rendered":"https:\/\/www.anika-net.de\/event\/recunoasterea-calificarilor-profesionale-straine\/"},"modified":"2023-12-19T13:01:21","modified_gmt":"2023-12-19T12:01:21","slug":"recunoasterea-calificarilor-profesionale-straine","status":"publish","type":"event","link":"https:\/\/www.anika-net.de\/ro\/event\/recunoasterea-calificarilor-profesionale-straine\/","title":{"rendered":"Recu\u00adnoa\u0219\u00adte\u00adrea cali\u00adfi\u00adc\u0103\u00adri\u00adlor pro\u00adfe\u00adsio\u00adna\u00adle str\u0103ine"},"content":{"rendered":"<h3><span style=\"color: #666699;\"><strong>iku\u00adbiz<\/strong><\/span><\/h3>\n<h2><span style=\"color: #008080;\">Recu\u00adnoa\u0219\u00adte\u00adrea cali\u00adfi\u00adc\u0103\u00adri\u00adlor pro\u00adfe\u00adsio\u00adna\u00adle str\u0103ine<\/span><\/h2>\n<p>Mul\u021bi migran\u021bi cu cali\u00adfi\u00adc\u0103ri str\u0103\u00adi\u00adne nu \u0219tiu cum pot lucra \u00een pro\u00adfe\u00adsia lor, deo\u00ada\u00adre\u00adce le lip\u00adsesc infor\u00adma\u00ad\u021bi\u00adi\u00adle pri\u00advind pro\u00adce\u00addu\u00adra de recu\u00adnoa\u0219\u00adte\u00adre. Ser\u00advi\u00adci\u00adul nos\u00adtru de con\u00adsi\u00adli\u00ade\u00adre \u00een mate\u00adrie de recu\u00adnoa\u0219\u00adte\u00adre de la iku\u00adbiz ofe\u00adr\u0103 con\u00adsi\u00adli\u00ade\u00adre \u0219i infor\u00adma\u00ad\u021bii gra\u00adtu\u00adi\u00adte cu pri\u00advi\u00adre la pro\u00adce\u00addu\u00adra de recu\u00adnoa\u0219\u00adte\u00adre. Ofe\u00adrim con\u00adsul\u00adtan\u00ad\u021b\u0103 nu numai \u00een Man\u00adnhe\u00adim, ci \u0219i \u00een Hei\u00addel\u00adberg, Karl\u00adsru\u00adhe, Pfor\u00adzhe\u00adim \u0219i Mosbach.<\/p>\n<p><span style=\"color: #008080;\"><strong>Ser\u00advi\u00adci\u00adul nos\u00adtru pen\u00adtru dumneavoastr\u0103<\/strong><\/span><\/p>\n<ul>\n<li>V\u0103 ofe\u00adrim con\u00adsul\u00adtan\u00ad\u021b\u0103 cu pri\u00advi\u00adre la pro\u00adce\u00adsul de recu\u00adnoa\u0219\u00adte\u00adre. Expli\u00adc\u0103m pro\u00adce\u00addu\u00adra de recu\u00adnoa\u0219\u00adte\u00adre \u0219i c\u0103u\u00adt\u0103m biro\u00adul de recu\u00adnoa\u0219\u00adte\u00adre relevant.<\/li>\n<li>Ofe\u00adrim con\u00adsul\u00adtan\u00ad\u021b\u0103 prin e\u2011mail, video, tele\u00adfo\u00adnic sau per\u00adso\u00adnal. Con\u00adsul\u00adta\u00ad\u021bi\u00adi\u00adle sunt posi\u00adbi\u00adle numai cu pro\u00adgra\u00adma\u00adre. V\u0103 rug\u0103m s\u0103 v\u0103 \u00eenre\u00adgis\u00adtra\u021bi pen\u00adtru o con\u00adsul\u00adta\u00ad\u021bie prin inter\u00adme\u00addi\u00adul apli\u00adca\u00ad\u021bi\u00adei web. Dac\u0103 acest lucru nu este posi\u00adbil, ne pute\u021bi con\u00adtac\u00adta \u0219i prin e\u2011mail sau tele\u00adfo\u00adnic. Deta\u00adli\u00adi\u00adle de con\u00adtact se g\u0103sesc mai&nbsp;jos.<\/li>\n<li>Pen\u00adtru con\u00adsul\u00adtan\u00ad\u021b\u0103 avem nevo\u00adie (dac\u0103 sunt dis\u00adpo\u00adni\u00adbi\u00adle) de diplo\u00adme, lis\u00adte de mate\u00adrii, refe\u00adrin\u00ad\u021be pro\u00adfe\u00adsio\u00adna\u00adle, CV. Dac\u0103 ave\u021bi deja tra\u00addu\u00adceri \u00een lim\u00adba ger\u00adma\u00adn\u0103, v\u0103 invi\u00adt\u0103m s\u0103 le tri\u00admi\u00adte\u021bi. \u00cen caz con\u00adtrar, v\u0103 rug\u0103m s\u0103 nu efec\u00adtu\u00ada\u021bi nicio tra\u00addu\u00adce\u00adre \u00eena\u00adin\u00adte de programare.<\/li>\n<\/ul>\n<p><span style=\"color: #008080;\"><strong>Lim\u00adbi<\/strong><\/span><br>\n\u00cen Karl\u00adsru\u00adhe putem oferi ser\u00advi\u00adcii \u00een lim\u00adbi\u00adle <strong>engle\u00adz\u0103, ger\u00adma\u00adn\u0103, spa\u00adni\u00ado\u00adl\u0103 \u0219i rus\u0103<\/strong>.<\/p>\n<p><strong><span style=\"color: #800080;\">\ud83d\udccc Pro\u00adgra\u00adm\u0103ri numai prin aran\u00adja\u00adment prealabil<\/span><\/strong><\/p>\n<p><strong><span style=\"color: #008080;\">Face\u021bi o programare<\/span><\/strong><br>\n<a href=\"https:\/\/www.iq-webapp.de\/anmeldung-bw\" rel=\"noopener\">https:\/\/www.iq-webapp.de\/anmeldung-bw<\/a><\/p>\n<p><span style=\"color: #999999;\"><strong>Unde<\/strong><\/span><br>\n<strong>Agen\u00ad\u021bia pen\u00adtru ocu\u00adpa\u00adrea for\u00ad\u021bei de mun\u00adc\u0103 din Karl\u00adsru\u00adhe-Ras\u00adtatt, Cen\u00adtrul de infor\u00adma\u00adre pro\u00adfe\u00adsio\u00adna\u00adl\u0103 (BiZ)<\/strong><br>\nRun\u00add\u00adbau Came\u00adra 110 (eta\u00adjul&nbsp;1)<br>\nBrau\u00ader\u00adstr. 10, 76135 Karlsruhe<\/p>\n<p><strong>Cen\u00adtrul Inter\u00adna\u021bio\u00adnal de \u00cent\u00e2l\u00adniri (ibz)<\/strong><br>\nEta\u00adjul 2, st\u00e2nga<br>\nKai\u00adse\u00adra\u00adl\u00adlee 12 d, 76133 Karlsruhe<\/p>\n<p><span style=\"color: #999999;\"><strong> <\/strong><\/span><\/p>\n<p><span style=\"color: #ff9900;\"><strong>\ud83d\udce2 Infor\u00adma\u00ad\u021bii curente<\/strong><br>\n<\/span><\/p>\n<blockquote><p>Din cau\u00adza num\u0103\u00adru\u00adlui mare de soli\u00adci\u00adt\u0103ri, este posi\u00adbil ca, din p\u0103ca\u00adte, s\u0103 dure\u00adze mai mult timp.  <strong>timpi de a\u0219tep\u00adta\u00adre de aprox. 3 luni p\u00e2n\u0103 la o pro\u00adgra\u00adma\u00adre<\/strong>  este disponibil.<\/p><\/blockquote>\n<p><a href=\"https:\/\/www.anika-net.de\/wp-content\/uploads\/2021\/10\/2020_IQ_Faltflyer_4_Seitweb.pdf\"><strong>Pli\u00adant<\/strong><\/a><\/p>\n","protected":false},"author":12,"featured_media":119425,"template":"","class_list":["post-44182","event","type-event","status-publish","has-post-thumbnail","hentry","event_category-munca"],"acf":{"event-recurring":true,"event-category":84,"event-is-language-course":false,"event-recurring-still-active":true,"event-display-details":true,"event-schedules-recurring":[{"event-recurring-week-day":"1","event-recurring-time":"","event-recurring-time-text":"BiZ"},{"event-recurring-week-day":"2","event-recurring-time":"","event-recurring-time-text":"BiZ"}],"event-schedules-calendar":null,"event-is-online":false,"event-online-url":"","event-location-building":"ibz, 2. OG, links","event-location-street":"Kaiserallee 12 d","event-location-zip":"76133","event-location-city":"Karlsruhe","event-location-contact-person":"Fra Ghaderi - Frau Laura Karl","event-location-phone":"0621\/ 400 712 13 (Frau Ghaderi)","event-location-phone-2":"0621\/ 437 731 13 (Frau Karl)","event-location-mail":"anerkennung@ikubiz.de","event-location-mail-2":"","event-location-website":"https:\/\/www.iq-webapp.de\/anmeldung-bw","event-target-group":[{"target-group":"all"}],"event-target-group-comment":"Migran\u021bi cu calific\u0103ri profesionale \u0219i\/sau \u0219colare str\u0103ine","event-free":true,"event-organiser":[16232,16267,34902],"event-header-copyright-overlay":true,"event-copyright-note-description-end":false},"featured_image_urls_v2":{"full":["https:\/\/www.anika-net.de\/wp-content\/uploads\/2023\/12\/IQ_RGB_L.jpg",638,164,false],"thumbnail":["https:\/\/www.anika-net.de\/wp-content\/uploads\/2023\/12\/IQ_RGB_L-150x150.jpg",150,150,true],"medium":["https:\/\/www.anika-net.de\/wp-content\/uploads\/2023\/12\/IQ_RGB_L-300x77.jpg",300,77,true],"medium_large":["https:\/\/www.anika-net.de\/wp-content\/uploads\/2023\/12\/IQ_RGB_L.jpg",638,164,false],"large":["https:\/\/www.anika-net.de\/wp-content\/uploads\/2023\/12\/IQ_RGB_L.jpg",638,164,false],"1536x1536":["https:\/\/www.anika-net.de\/wp-content\/uploads\/2023\/12\/IQ_RGB_L.jpg",638,164,false],"2048x2048":["https:\/\/www.anika-net.de\/wp-content\/uploads\/2023\/12\/IQ_RGB_L.jpg",638,164,false],"event-overview":["https:\/\/www.anika-net.de\/wp-content\/uploads\/2023\/12\/IQ_RGB_L.jpg",638,164,false],"event-archive-thumb":["https:\/\/www.anika-net.de\/wp-content\/uploads\/2023\/12\/IQ_RGB_L-480x123.jpg",480,123,true],"grid-item-thumbnail":["https:\/\/www.anika-net.de\/wp-content\/uploads\/2023\/12\/IQ_RGB_L-360x164.jpg",360,164,true],"network-partner-icon":["https:\/\/www.anika-net.de\/wp-content\/uploads\/2023\/12\/IQ_RGB_L-100x100.jpg",100,100,true],"organiser-icon":["https:\/\/www.anika-net.de\/wp-content\/uploads\/2023\/12\/IQ_RGB_L-200x164.jpg",200,164,true],"gform-image-choice-sm":["https:\/\/www.anika-net.de\/wp-content\/uploads\/2023\/12\/IQ_RGB_L.jpg",300,77,false],"gform-image-choice-md":["https:\/\/www.anika-net.de\/wp-content\/uploads\/2023\/12\/IQ_RGB_L.jpg",400,103,false],"gform-image-choice-lg":["https:\/\/www.anika-net.de\/wp-content\/uploads\/2023\/12\/IQ_RGB_L.jpg",600,154,false]},"post_excerpt_stackable_v2":"<p>iku\u00adbiz Recu\u00adnoa\u0219\u00adte\u00adrea cali\u00adfi\u00adc\u0103\u00adri\u00adlor pro\u00adfe\u00adsio\u00adna\u00adle str\u0103\u00adi\u00adne Mul\u021bi migran\u021bi cu cali\u00adfi\u00adc\u0103ri str\u0103\u00adi\u00adne nu \u0219tiu cum pot lucra \u00een pro\u00adfe\u00adsia lor, deo\u00ada\u00adre\u00adce le lip\u00adsesc infor\u00adma\u00ad\u021bi\u00adi\u00adle pri\u00advind pro\u00adce\u00addu\u00adra de recu\u00adnoa\u0219\u00adte\u00adre. Ser\u00advi\u00adci\u00adul nos\u00adtru de con\u00adsi\u00adli\u00ade\u00adre \u00een mate\u00adrie de recu\u00adnoa\u0219\u00adte\u00adre de la iku\u00adbiz ofe\u00adr\u0103 con\u00adsi\u00adli\u00ade\u00adre \u0219i infor\u00adma\u00ad\u021bii gra\u00adtu\u00adi\u00adte cu pri\u00advi\u00adre la pro\u00adce\u00addu\u00adra de recu\u00adnoa\u0219\u00adte\u00adre. Ofe\u00adrim con\u00adsul\u00adtan\u00ad\u021b\u0103 nu numai \u00een Man\u00adnhe\u00adim, ci \u0219i \u00een Hei\u00addel\u00adberg, Karl\u00adsru\u00adhe, Pfor\u00adzhe\u00adim \u0219i Mos\u00adba\u00adch. Ser\u00advi\u00adci\u00adul nos\u00adtru pen\u00adtru dum\u00adne\u00ada\u00advoas\u00adtr\u0103 V\u0103 ofe\u00adrim con\u00adsul\u00adtan\u00ad\u021b\u0103 cu pri\u00advi\u00adre la pro\u00adce\u00adsul de recu\u00adnoa\u0219\u00adte\u00adre. Expli\u00adc\u0103m pro\u00adce\u00addu\u00adra de recu\u00adnoa\u0219\u00adte\u00adre \u0219i c\u0103u\u00adt\u0103m biro\u00adul de recu\u00adnoa\u0219\u00adte\u00adre rele\u00advant. Ofe\u00adrim con\u00adsul\u00adtan\u00ad\u021b\u0103 prin e\u2011mail, video, tele\u00adfo\u00adnic sau per\u00adso\u00adnal. Con\u00adsul\u00adta\u00ad\u021bi\u00adi\u00adle sunt posi\u00adbi\u00adle numai cu pro\u00adgra\u00adma\u00adre.&nbsp;V\u0103\u2026<\/p>\n","category_list_v2":"","author_info_v2":{"name":"Andrea Ramirez","url":"https:\/\/www.anika-net.de\/ro\/author\/andrea-ramirez\/"},"comments_num_v2":"0 comments","uagb_featured_image_src":{"full":["https:\/\/www.anika-net.de\/wp-content\/uploads\/2023\/12\/IQ_RGB_L.jpg",638,164,false],"thumbnail":["https:\/\/www.anika-net.de\/wp-content\/uploads\/2023\/12\/IQ_RGB_L-150x150.jpg",150,150,true],"medium":["https:\/\/www.anika-net.de\/wp-content\/uploads\/2023\/12\/IQ_RGB_L-300x77.jpg",300,77,true],"medium_large":["https:\/\/www.anika-net.de\/wp-content\/uploads\/2023\/12\/IQ_RGB_L.jpg",638,164,false],"large":["https:\/\/www.anika-net.de\/wp-content\/uploads\/2023\/12\/IQ_RGB_L.jpg",638,164,false],"1536x1536":["https:\/\/www.anika-net.de\/wp-content\/uploads\/2023\/12\/IQ_RGB_L.jpg",638,164,false],"2048x2048":["https:\/\/www.anika-net.de\/wp-content\/uploads\/2023\/12\/IQ_RGB_L.jpg",638,164,false],"event-overview":["https:\/\/www.anika-net.de\/wp-content\/uploads\/2023\/12\/IQ_RGB_L.jpg",638,164,false],"event-archive-thumb":["https:\/\/www.anika-net.de\/wp-content\/uploads\/2023\/12\/IQ_RGB_L-480x123.jpg",480,123,true],"grid-item-thumbnail":["https:\/\/www.anika-net.de\/wp-content\/uploads\/2023\/12\/IQ_RGB_L-360x164.jpg",360,164,true],"network-partner-icon":["https:\/\/www.anika-net.de\/wp-content\/uploads\/2023\/12\/IQ_RGB_L-100x100.jpg",100,100,true],"organiser-icon":["https:\/\/www.anika-net.de\/wp-content\/uploads\/2023\/12\/IQ_RGB_L-200x164.jpg",200,164,true],"gform-image-choice-sm":["https:\/\/www.anika-net.de\/wp-content\/uploads\/2023\/12\/IQ_RGB_L.jpg",300,77,false],"gform-image-choice-md":["https:\/\/www.anika-net.de\/wp-content\/uploads\/2023\/12\/IQ_RGB_L.jpg",400,103,false],"gform-image-choice-lg":["https:\/\/www.anika-net.de\/wp-content\/uploads\/2023\/12\/IQ_RGB_L.jpg",600,154,false]},"uagb_author_info":{"display_name":"Andrea Ramirez","author_link":"https:\/\/www.anika-net.de\/ro\/author\/andrea-ramirez\/"},"uagb_comment_info":0,"uagb_excerpt":"iku\u00adbiz Recu\u00adnoa\u0219\u00adte\u00adrea cali\u00adfi\u00adc\u0103\u00adri\u00adlor pro\u00adfe\u00adsio\u00adna\u00adle str\u0103ine Mul\u021bi migran\u021bi cu cali\u00adfi\u00adc\u0103ri str\u0103\u00adi\u00adne nu \u0219tiu cum pot lucra \u00een pro\u00adfe\u00adsia lor, deo\u00ada\u00adre\u00adce le lip\u00adsesc infor\u00adma\u00ad\u021bi\u00adi\u00adle pri\u00advind pro\u00adce\u00addu\u00adra de recu\u00adnoa\u0219\u00adte\u00adre. Ser\u00advi\u00adci\u00adul nos\u00adtru de con\u00adsi\u00adli\u00ade\u00adre&nbsp;Citi\u021bi mai mult","_links":{"self":[{"href":"https:\/\/www.anika-net.de\/ro\/wp-json\/wp\/v2\/event\/44182","targetHints":{"allow":["GET"]}}],"collection":[{"href":"https:\/\/www.anika-net.de\/ro\/wp-json\/wp\/v2\/event"}],"about":[{"href":"https:\/\/www.anika-net.de\/ro\/wp-json\/wp\/v2\/types\/event"}],"author":[{"embeddable":true,"href":"https:\/\/www.anika-net.de\/ro\/wp-json\/wp\/v2\/users\/12"}],"version-history":[{"count":0,"href":"https:\/\/www.anika-net.de\/ro\/wp-json\/wp\/v2\/event\/44182\/revisions"}],"acf:post":[{"embeddable":true,"href":"https:\/\/www.anika-net.de\/ro\/wp-json\/wp\/v2\/organiser\/34902"},{"embeddable":true,"href":"https:\/\/www.anika-net.de\/ro\/wp-json\/wp\/v2\/organiser\/16267"},{"embeddable":true,"href":"https:\/\/www.anika-net.de\/ro\/wp-json\/wp\/v2\/organiser\/16232"}],"acf:term":[{"embeddable":true,"taxonomy":"event_category","href":"https:\/\/www.anika-net.de\/ro\/wp-json\/wp\/v2\/event_category\/84"}],"wp:featuredmedia":[{"embeddable":true,"href":"https:\/\/www.anika-net.de\/ro\/wp-json\/wp\/v2\/media\/119425"}],"wp:attachment":[{"href":"https:\/\/www.anika-net.de\/ro\/wp-json\/wp\/v2\/media?parent=44182"}],"curies":[{"name":"wp","href":"https:\/\/api.w.org\/{rel}","templated":true}]}}