{"id":43341,"date":"2023-10-31T13:44:21","date_gmt":"2023-10-31T12:44:21","guid":{"rendered":"https:\/\/www.anika-net.de\/event\/cafeneaua-de-duminica-angajamentul-fata-de-drepturile-omului-in-secolul-xxi\/"},"modified":"2023-10-31T13:44:21","modified_gmt":"2023-10-31T12:44:21","slug":"cafeneaua-de-duminica-angajamentul-fata-de-drepturile-omului-in-secolul-xxi","status":"publish","type":"event","link":"https:\/\/www.anika-net.de\/ro\/event\/cafeneaua-de-duminica-angajamentul-fata-de-drepturile-omului-in-secolul-xxi\/","title":{"rendered":"Cafe\u00adnea\u00adua de dumi\u00adni\u00adc\u0103: Anga\u00adja\u00admen\u00adtul fa\u021b\u0103 de drep\u00adtu\u00adri\u00adle omu\u00adlui \u00een seco\u00adlul&nbsp;XXI"},"content":{"rendered":"<h2><span style=\"color: #333399;\">Cafe\u00adnea\u00adua de dumi\u00adni\u00adc\u0103: Anga\u00adja\u00admen\u00adtul fa\u021b\u0103 de drep\u00adtu\u00adri\u00adle omu\u00adlui \u00een seco\u00adlul&nbsp;XXI<\/span><\/h2>\n<p><strong><span style=\"color: #008080;\">Con\u00adfe\u00adrin\u00ad\u021b\u0103 sus\u00ad\u021bi\u00adnu\u00adt\u0103 de Cathe\u00adri\u00adne R. Devaux<\/span><\/strong><\/p>\n<p>Timp de pes\u00adte 60 de ani, Amne\u00adsty Inter\u00adna\u00adtio\u00adnal a lucrat pen\u00adtru a pro\u00adte\u00adja drep\u00adtu\u00adri\u00adle omu\u00adlui \u0219i pe cei care le ap\u0103\u00adr\u0103 \u00een \u00eentrea\u00adga lume. Mul\u021bi cet\u0103\u00ad\u021beni cunosc rapor\u00adtul anu\u00adal, stan\u00addu\u00adri\u00adle de infor\u00adma\u00adre, pre\u00adcum \u0219i peti\u00ad\u021bi\u00adi\u00adle Amne\u00adsty \u2014 dar, de\u2011a lun\u00adgul ani\u00adlor, acti\u00advi\u00adta\u00adtea orga\u00adni\u00adza\u00ad\u021bi\u00adei s\u2011a schim\u00adbat foar\u00adte mult \u2014 \u0219i soci\u00adal media con\u00adtri\u00adbu\u00adie \u00een mod sem\u00adni\u00adfi\u00adca\u00adtiv la acest&nbsp;lucru.<br>\nFie c\u0103 este vor\u00adba de r\u0103z\u00adbo\u00adi\u00adul din Ucrai\u00adna, de demon\u00adstra\u00ad\u021bi\u00adi\u00adle repri\u00adma\u00adte cu bru\u00adta\u00adli\u00adta\u00adte \u00een Iran sau de sin\u00addi\u00adca\u00adli\u0219\u00adtii per\u00adse\u00adcu\u00adta\u021bi \u00een Mexic, dem\u00adni\u00adta\u00adtea \u0219i drep\u00adtu\u00adri\u00adle oame\u00adni\u00adlor sunt \u00eentot\u00addea\u00adu\u00adna \u00een peri\u00adcol de a fi ap\u0103rate.<br>\n<strong>Cathe\u00adri\u00adne R. Devaux, pur\u00adt\u0103\u00adtor de cuv\u00e2nt dis\u00adtric\u00adtu\u00adal al Amne\u00adsty Inter\u00adna\u00adtio\u00adnal Nor\u00add\u00adba\u00adden<\/strong>, rela\u00adtea\u00adz\u0103 des\u00adpre anga\u00adja\u00admen\u00adtul fa\u021b\u0103 de drep\u00adtu\u00adri\u00adle omu\u00adlui \u00een Karl\u00adsru\u00adhe, \u00een Ger\u00adma\u00adnia \u0219i \u00een \u00eentrea\u00adga lume, folo\u00adsind nume\u00adroa\u00adse exemple.<\/p>\n<p><strong>Intra\u00adre: 10:30 a.m.<\/strong><\/p>\n","protected":false},"author":12,"featured_media":43310,"template":"","class_list":["post-43341","event","type-event","status-publish","has-post-thumbnail","hentry","event_category-educatie"],"acf":{"event-recurring":false,"event-category":82,"event-is-language-course":false,"event-recurring-still-active":true,"event-display-details":true,"event-schedules-recurring":null,"event-schedules-calendar":[{"event-calendar-day":"20231119","event-calendar-time":"11:00","event-calendar-time-text":""}],"event-is-online":false,"event-online-url":"","event-location-building":"ibz, EG, Gro\u00dfer Saal ","event-location-street":"Kaiserallee 12 d","event-location-zip":"76133","event-location-city":"Karlsruhe","event-location-contact-person":"","event-location-phone":"721 89 33 37 10","event-location-phone-2":"","event-location-mail":"","event-location-mail-2":"","event-location-website":"https:\/\/www.ibz-karlsruhe.de\/events\/550-600-649\/","event-target-group":[{"target-group":"adults"}],"event-target-group-comment":"","event-free":true,"event-organiser":[16248],"event-header-copyright-overlay":true,"event-copyright-note-description-end":true},"featured_image_urls_v2":{"full":["https:\/\/www.anika-net.de\/wp-content\/uploads\/2023\/10\/people-having-protest-world-environment-day-scaled.jpg",2560,1707,false],"thumbnail":["https:\/\/www.anika-net.de\/wp-content\/uploads\/2023\/10\/people-having-protest-world-environment-day-150x150.jpg",150,150,true],"medium":["https:\/\/www.anika-net.de\/wp-content\/uploads\/2023\/10\/people-having-protest-world-environment-day-300x200.jpg",300,200,true],"medium_large":["https:\/\/www.anika-net.de\/wp-content\/uploads\/2023\/10\/people-having-protest-world-environment-day-768x512.jpg",640,427,true],"large":["https:\/\/www.anika-net.de\/wp-content\/uploads\/2023\/10\/people-having-protest-world-environment-day-1024x683.jpg",640,427,true],"1536x1536":["https:\/\/www.anika-net.de\/wp-content\/uploads\/2023\/10\/people-having-protest-world-environment-day-1536x1024.jpg",1536,1024,true],"2048x2048":["https:\/\/www.anika-net.de\/wp-content\/uploads\/2023\/10\/people-having-protest-world-environment-day-2048x1365.jpg",2048,1365,true],"event-overview":["https:\/\/www.anika-net.de\/wp-content\/uploads\/2023\/10\/people-having-protest-world-environment-day-960x640.jpg",960,640,true],"event-archive-thumb":["https:\/\/www.anika-net.de\/wp-content\/uploads\/2023\/10\/people-having-protest-world-environment-day-480x320.jpg",480,320,true],"grid-item-thumbnail":["https:\/\/www.anika-net.de\/wp-content\/uploads\/2023\/10\/people-having-protest-world-environment-day-360x200.jpg",360,200,true],"network-partner-icon":["https:\/\/www.anika-net.de\/wp-content\/uploads\/2023\/10\/people-having-protest-world-environment-day-100x100.jpg",100,100,true],"organiser-icon":["https:\/\/www.anika-net.de\/wp-content\/uploads\/2023\/10\/people-having-protest-world-environment-day-200x200.jpg",200,200,true],"gform-image-choice-sm":["https:\/\/www.anika-net.de\/wp-content\/uploads\/2023\/10\/people-having-protest-world-environment-day-scaled.jpg",300,200,false],"gform-image-choice-md":["https:\/\/www.anika-net.de\/wp-content\/uploads\/2023\/10\/people-having-protest-world-environment-day-scaled.jpg",400,267,false],"gform-image-choice-lg":["https:\/\/www.anika-net.de\/wp-content\/uploads\/2023\/10\/people-having-protest-world-environment-day-scaled.jpg",600,400,false]},"post_excerpt_stackable_v2":"<p>Cafe\u00adnea\u00adua de dumi\u00adni\u00adc\u0103: Anga\u00adja\u00admen\u00adtul fa\u021b\u0103 de drep\u00adtu\u00adri\u00adle omu\u00adlui \u00een seco\u00adlul&nbsp;XXI Con\u00adfe\u00adrin\u00ad\u021b\u0103 sus\u00ad\u021bi\u00adnu\u00adt\u0103 de Cathe\u00adri\u00adne R. Devaux Timp de pes\u00adte 60 de ani, Amne\u00adsty Inter\u00adna\u00adtio\u00adnal a lucrat pen\u00adtru a pro\u00adte\u00adja drep\u00adtu\u00adri\u00adle omu\u00adlui \u0219i pe cei care le ap\u0103\u00adr\u0103 \u00een \u00eentrea\u00adga lume. Mul\u021bi cet\u0103\u00ad\u021beni cunosc rapor\u00adtul anu\u00adal, stan\u00addu\u00adri\u00adle de infor\u00adma\u00adre, pre\u00adcum \u0219i peti\u00ad\u021bi\u00adi\u00adle Amne\u00adsty \u2014 dar, de\u2011a lun\u00adgul ani\u00adlor, acti\u00advi\u00adta\u00adtea orga\u00adni\u00adza\u00ad\u021bi\u00adei s\u2011a schim\u00adbat foar\u00adte mult \u2014 \u0219i soci\u00adal media con\u00adtri\u00adbu\u00adie \u00een mod sem\u00adni\u00adfi\u00adca\u00adtiv la acest&nbsp;lucru. Fie c\u0103 este vor\u00adba de r\u0103z\u00adbo\u00adi\u00adul din Ucrai\u00adna, de demon\u00adstra\u00ad\u021bi\u00adi\u00adle repri\u00adma\u00adte cu bru\u00adta\u00adli\u00adta\u00adte \u00een Iran sau de sin\u00addi\u00adca\u00adli\u0219\u00adtii per\u00adse\u00adcu\u00adta\u021bi \u00een Mexic, dem\u00adni\u00adta\u00adtea \u0219i drep\u00adtu\u00adri\u00adle oame\u00adni\u00adlor sunt \u00eentotdeauna\u2026<\/p>\n","category_list_v2":"","author_info_v2":{"name":"Andrea Ramirez","url":"https:\/\/www.anika-net.de\/ro\/author\/andrea-ramirez\/"},"comments_num_v2":"0 comments","uagb_featured_image_src":{"full":["https:\/\/www.anika-net.de\/wp-content\/uploads\/2023\/10\/people-having-protest-world-environment-day-scaled.jpg",2560,1707,false],"thumbnail":["https:\/\/www.anika-net.de\/wp-content\/uploads\/2023\/10\/people-having-protest-world-environment-day-150x150.jpg",150,150,true],"medium":["https:\/\/www.anika-net.de\/wp-content\/uploads\/2023\/10\/people-having-protest-world-environment-day-300x200.jpg",300,200,true],"medium_large":["https:\/\/www.anika-net.de\/wp-content\/uploads\/2023\/10\/people-having-protest-world-environment-day-768x512.jpg",640,427,true],"large":["https:\/\/www.anika-net.de\/wp-content\/uploads\/2023\/10\/people-having-protest-world-environment-day-1024x683.jpg",640,427,true],"1536x1536":["https:\/\/www.anika-net.de\/wp-content\/uploads\/2023\/10\/people-having-protest-world-environment-day-1536x1024.jpg",1536,1024,true],"2048x2048":["https:\/\/www.anika-net.de\/wp-content\/uploads\/2023\/10\/people-having-protest-world-environment-day-2048x1365.jpg",2048,1365,true],"event-overview":["https:\/\/www.anika-net.de\/wp-content\/uploads\/2023\/10\/people-having-protest-world-environment-day-960x640.jpg",960,640,true],"event-archive-thumb":["https:\/\/www.anika-net.de\/wp-content\/uploads\/2023\/10\/people-having-protest-world-environment-day-480x320.jpg",480,320,true],"grid-item-thumbnail":["https:\/\/www.anika-net.de\/wp-content\/uploads\/2023\/10\/people-having-protest-world-environment-day-360x200.jpg",360,200,true],"network-partner-icon":["https:\/\/www.anika-net.de\/wp-content\/uploads\/2023\/10\/people-having-protest-world-environment-day-100x100.jpg",100,100,true],"organiser-icon":["https:\/\/www.anika-net.de\/wp-content\/uploads\/2023\/10\/people-having-protest-world-environment-day-200x200.jpg",200,200,true],"gform-image-choice-sm":["https:\/\/www.anika-net.de\/wp-content\/uploads\/2023\/10\/people-having-protest-world-environment-day-scaled.jpg",300,200,false],"gform-image-choice-md":["https:\/\/www.anika-net.de\/wp-content\/uploads\/2023\/10\/people-having-protest-world-environment-day-scaled.jpg",400,267,false],"gform-image-choice-lg":["https:\/\/www.anika-net.de\/wp-content\/uploads\/2023\/10\/people-having-protest-world-environment-day-scaled.jpg",600,400,false]},"uagb_author_info":{"display_name":"Andrea Ramirez","author_link":"https:\/\/www.anika-net.de\/ro\/author\/andrea-ramirez\/"},"uagb_comment_info":0,"uagb_excerpt":"Cafe\u00adnea\u00adua de dumi\u00adni\u00adc\u0103: Anga\u00adja\u00admen\u00adtul fa\u021b\u0103 de drep\u00adtu\u00adri\u00adle omu\u00adlui \u00een seco\u00adlul&nbsp;XXI Con\u00adfe\u00adrin\u00ad\u021b\u0103 sus\u00ad\u021bi\u00adnu\u00adt\u0103 de Cathe\u00adri\u00adne R. Devaux Timp de pes\u00adte 60 de ani, Amne\u00adsty Inter\u00adna\u00adtio\u00adnal a lucrat pen\u00adtru a pro\u00adte\u00adja drep\u00adtu\u00adri\u00adle&nbsp;Citi\u021bi mai mult","_links":{"self":[{"href":"https:\/\/www.anika-net.de\/ro\/wp-json\/wp\/v2\/event\/43341","targetHints":{"allow":["GET"]}}],"collection":[{"href":"https:\/\/www.anika-net.de\/ro\/wp-json\/wp\/v2\/event"}],"about":[{"href":"https:\/\/www.anika-net.de\/ro\/wp-json\/wp\/v2\/types\/event"}],"author":[{"embeddable":true,"href":"https:\/\/www.anika-net.de\/ro\/wp-json\/wp\/v2\/users\/12"}],"version-history":[{"count":0,"href":"https:\/\/www.anika-net.de\/ro\/wp-json\/wp\/v2\/event\/43341\/revisions"}],"acf:post":[{"embeddable":true,"href":"https:\/\/www.anika-net.de\/ro\/wp-json\/wp\/v2\/organiser\/16248"}],"acf:term":[{"embeddable":true,"taxonomy":"event_category","href":"https:\/\/www.anika-net.de\/ro\/wp-json\/wp\/v2\/event_category\/82"}],"wp:featuredmedia":[{"embeddable":true,"href":"https:\/\/www.anika-net.de\/ro\/wp-json\/wp\/v2\/media\/43310"}],"wp:attachment":[{"href":"https:\/\/www.anika-net.de\/ro\/wp-json\/wp\/v2\/media?parent=43341"}],"curies":[{"name":"wp","href":"https:\/\/api.w.org\/{rel}","templated":true}]}}