{"id":43249,"date":"2023-10-31T12:56:43","date_gmt":"2023-10-31T11:56:43","guid":{"rendered":"https:\/\/www.anika-net.de\/event\/tari-oameni-delicatese-cum-gateste-spania\/"},"modified":"2023-10-31T12:56:43","modified_gmt":"2023-10-31T11:56:43","slug":"tari-oameni-delicatese-cum-gateste-spania","status":"publish","type":"event","link":"https:\/\/www.anika-net.de\/ro\/event\/tari-oameni-delicatese-cum-gateste-spania\/","title":{"rendered":"\u021a\u0103ri Oameni Deli\u00adca\u00adte\u00adse \u2014 Cum g\u0103te\u0219\u00adte Spania!"},"content":{"rendered":"<h2><span style=\"color: #333399;\">\u021a\u0103ri Oameni Deli\u00adca\u00adte\u00adse \u2014 Cum g\u0103te\u0219\u00adte Spania!<\/span><\/h2>\n<p><span style=\"color: #008080;\"><strong>Sea\u00adr\u0103 spa\u00adni\u00ado\u00adl\u0103 cu muzic\u0103<\/strong><\/span><br>\n<span style=\"color: #008080;\"><strong>Taxa de par\u00adti\u00adci\u00adpa\u00adre&nbsp;25,-&nbsp;\u20ac<\/strong><\/span><\/p>\n<p>Ve\u021bi pre\u00adg\u0103ti deli\u00adca\u00adte\u00adse din buc\u0103\u00adt\u0103\u00adria ibe\u00adri\u00adc\u0103 \u00eentr-un grup mic \u0219i sub \u00eendru\u00adma\u00adrea exper\u00ad\u021bi\u00adlor. Prin\u00adtre alte\u00adle, ve\u021bi pre\u00adg\u0103ti tor\u00adti\u00adl\u00adla spa\u00adni\u00ado\u00adl\u0103, un coci\u00addo madri\u00adle\u00f1o tra\u00addi\u00ad\u021bio\u00adnal (toc\u0103\u00adni\u00ad\u021b\u0103 de n\u0103ut cu legu\u00adme \u0219i car\u00adne). De la ora 19 ve\u021bi servi meni\u00adul oas\u00adpe\u00ad\u021bi\u00adlor. \u00cen timp ce m\u00e2n\u00adca\u021bi \u00eempre\u00adu\u00adn\u0103, ve\u021bi avea oca\u00adzia s\u0103 vor\u00adbi\u021bi \u0219i s\u0103 v\u0103 bucu\u00adra\u021bi de c\u00e2n\u00adte\u00adcul spa\u00adni\u00adol \u0219i de muzi\u00adca de chi\u00adta\u00adr\u0103 a duo-ului Migu\u00adel y compa\u00f1ero.<\/p>\n<p>Aces\u00adta este cel de-al patru\u00adlea eve\u00adni\u00adment dintr\u2011o serie de eve\u00adni\u00admen\u00adte Koch\u00adKul\u00adtu\u00adrE\u00advents. \u00centot\u00addea\u00adu\u00adna se pune accen\u00adtul pe un con\u00adti\u00adnent cu o regiune\/\u021bar\u0103, cu deli\u00adca\u00adte\u00adse\u00adle sale culi\u00adna\u00adre, muzi\u00adca \u0219i cul\u00adtu\u00adra sa. Dac\u0103 dori\u021bi s\u0103 v\u0103 fami\u00adli\u00ada\u00adri\u00adza\u021bi \u00een pre\u00ada\u00adla\u00adbil cu cul\u00adtu\u00adra Spa\u00adniei, ve\u021bi avea oca\u00adzia s\u0103 face\u021bi acest lucru \u00een cadrul unei con\u00adfe\u00adrin\u00ad\u021be des\u00adpre Siglo de Oro. Fi\u021bi curio\u0219i!<\/p>\n<p>V\u0103 rug\u0103m s\u0103 v\u0103 rezer\u00adva\u021bi <strong>cur\u00adsul de g\u0103tit<\/strong> cu num\u0103\u00adrul de curs 233\u201330301 la&nbsp;vhs<br>\n<strong>Masa<\/strong> cu num\u0103\u00adrul de curs 233\u201330302<br>\n\u0218i <strong>pre\u00adle\u00adge\u00adrea<\/strong> sub 233\u201330303<\/p>\n","protected":false},"author":12,"featured_media":43235,"template":"","class_list":["post-43249","event","type-event","status-publish","has-post-thumbnail","hentry","event_category-timp-liber"],"acf":{"event-recurring":false,"event-category":83,"event-is-language-course":false,"event-recurring-still-active":true,"event-display-details":true,"event-schedules-recurring":null,"event-schedules-calendar":[{"event-calendar-day":"20231118","event-calendar-time":"16:00 - 22:00","event-calendar-time-text":""}],"event-is-online":false,"event-online-url":"","event-location-building":"ibz, EG, Gro\u00dfer Saal","event-location-street":"Kaiserallee 12 d","event-location-zip":"76133","event-location-city":"Karlsruhe","event-location-contact-person":"","event-location-phone":"","event-location-phone-2":"","event-location-mail":"","event-location-mail-2":"","event-location-website":"https:\/\/www.ibz-karlsruhe.de\/events\/laender-leute-leckereien-senegalesische-kueche-956\/","event-target-group":[{"target-group":"all"}],"event-target-group-comment":"","event-free":false,"event-organiser":[34261,16248,16645,28549],"event-header-copyright-overlay":true,"event-copyright-note-description-end":false},"featured_image_urls_v2":{"full":["https:\/\/www.anika-net.de\/wp-content\/uploads\/2023\/10\/assorted-yummy-food-composition-scaled.jpg",2560,1707,false],"thumbnail":["https:\/\/www.anika-net.de\/wp-content\/uploads\/2023\/10\/assorted-yummy-food-composition-150x150.jpg",150,150,true],"medium":["https:\/\/www.anika-net.de\/wp-content\/uploads\/2023\/10\/assorted-yummy-food-composition-300x200.jpg",300,200,true],"medium_large":["https:\/\/www.anika-net.de\/wp-content\/uploads\/2023\/10\/assorted-yummy-food-composition-768x512.jpg",640,427,true],"large":["https:\/\/www.anika-net.de\/wp-content\/uploads\/2023\/10\/assorted-yummy-food-composition-1024x683.jpg",640,427,true],"1536x1536":["https:\/\/www.anika-net.de\/wp-content\/uploads\/2023\/10\/assorted-yummy-food-composition-1536x1024.jpg",1536,1024,true],"2048x2048":["https:\/\/www.anika-net.de\/wp-content\/uploads\/2023\/10\/assorted-yummy-food-composition-2048x1365.jpg",2048,1365,true],"event-overview":["https:\/\/www.anika-net.de\/wp-content\/uploads\/2023\/10\/assorted-yummy-food-composition-960x640.jpg",960,640,true],"event-archive-thumb":["https:\/\/www.anika-net.de\/wp-content\/uploads\/2023\/10\/assorted-yummy-food-composition-480x320.jpg",480,320,true],"grid-item-thumbnail":["https:\/\/www.anika-net.de\/wp-content\/uploads\/2023\/10\/assorted-yummy-food-composition-360x200.jpg",360,200,true],"network-partner-icon":["https:\/\/www.anika-net.de\/wp-content\/uploads\/2023\/10\/assorted-yummy-food-composition-100x100.jpg",100,100,true],"organiser-icon":["https:\/\/www.anika-net.de\/wp-content\/uploads\/2023\/10\/assorted-yummy-food-composition-200x200.jpg",200,200,true],"gform-image-choice-sm":["https:\/\/www.anika-net.de\/wp-content\/uploads\/2023\/10\/assorted-yummy-food-composition-scaled.jpg",300,200,false],"gform-image-choice-md":["https:\/\/www.anika-net.de\/wp-content\/uploads\/2023\/10\/assorted-yummy-food-composition-scaled.jpg",400,267,false],"gform-image-choice-lg":["https:\/\/www.anika-net.de\/wp-content\/uploads\/2023\/10\/assorted-yummy-food-composition-scaled.jpg",600,400,false]},"post_excerpt_stackable_v2":"<p>\u021a\u0103ri Oameni Deli\u00adca\u00adte\u00adse \u2014 Cum g\u0103te\u0219\u00adte Spa\u00adnia! Sea\u00adr\u0103 spa\u00adni\u00ado\u00adl\u0103 cu muzi\u00adc\u0103 Taxa de par\u00adti\u00adci\u00adpa\u00adre&nbsp;25,-&nbsp;\u20ac Ve\u021bi pre\u00adg\u0103ti deli\u00adca\u00adte\u00adse din buc\u0103\u00adt\u0103\u00adria ibe\u00adri\u00adc\u0103 \u00eentr-un grup mic \u0219i sub \u00eendru\u00adma\u00adrea exper\u00ad\u021bi\u00adlor. Prin\u00adtre alte\u00adle, ve\u021bi pre\u00adg\u0103ti tor\u00adti\u00adl\u00adla spa\u00adni\u00ado\u00adl\u0103, un coci\u00addo madri\u00adle\u00f1o tra\u00addi\u00ad\u021bio\u00adnal (toc\u0103\u00adni\u00ad\u021b\u0103 de n\u0103ut cu legu\u00adme \u0219i car\u00adne). De la ora 19 ve\u021bi servi meni\u00adul oas\u00adpe\u00ad\u021bi\u00adlor. \u00cen timp ce m\u00e2n\u00adca\u021bi \u00eempre\u00adu\u00adn\u0103, ve\u021bi avea oca\u00adzia s\u0103 vor\u00adbi\u021bi \u0219i s\u0103 v\u0103 bucu\u00adra\u021bi de c\u00e2n\u00adte\u00adcul spa\u00adni\u00adol \u0219i de muzi\u00adca de chi\u00adta\u00adr\u0103 a duo-ului Migu\u00adel y com\u00adpa\u00ad\u00f1e\u00adro. Aces\u00adta este cel de-al patru\u00adlea eve\u00adni\u00adment dintr\u2011o serie de eve\u00adni\u00admen\u00adte Koch\u00adKul\u00adtu\u00adrE\u00advents. \u00centot\u00addea\u00adu\u00adna se pune accen\u00adtul pe un con\u00adti\u00adnent cu o regiune\/\u021bar\u0103,\u2026<\/p>\n","category_list_v2":"","author_info_v2":{"name":"Andrea Ramirez","url":"https:\/\/www.anika-net.de\/ro\/author\/andrea-ramirez\/"},"comments_num_v2":"0 comments","uagb_featured_image_src":{"full":["https:\/\/www.anika-net.de\/wp-content\/uploads\/2023\/10\/assorted-yummy-food-composition-scaled.jpg",2560,1707,false],"thumbnail":["https:\/\/www.anika-net.de\/wp-content\/uploads\/2023\/10\/assorted-yummy-food-composition-150x150.jpg",150,150,true],"medium":["https:\/\/www.anika-net.de\/wp-content\/uploads\/2023\/10\/assorted-yummy-food-composition-300x200.jpg",300,200,true],"medium_large":["https:\/\/www.anika-net.de\/wp-content\/uploads\/2023\/10\/assorted-yummy-food-composition-768x512.jpg",640,427,true],"large":["https:\/\/www.anika-net.de\/wp-content\/uploads\/2023\/10\/assorted-yummy-food-composition-1024x683.jpg",640,427,true],"1536x1536":["https:\/\/www.anika-net.de\/wp-content\/uploads\/2023\/10\/assorted-yummy-food-composition-1536x1024.jpg",1536,1024,true],"2048x2048":["https:\/\/www.anika-net.de\/wp-content\/uploads\/2023\/10\/assorted-yummy-food-composition-2048x1365.jpg",2048,1365,true],"event-overview":["https:\/\/www.anika-net.de\/wp-content\/uploads\/2023\/10\/assorted-yummy-food-composition-960x640.jpg",960,640,true],"event-archive-thumb":["https:\/\/www.anika-net.de\/wp-content\/uploads\/2023\/10\/assorted-yummy-food-composition-480x320.jpg",480,320,true],"grid-item-thumbnail":["https:\/\/www.anika-net.de\/wp-content\/uploads\/2023\/10\/assorted-yummy-food-composition-360x200.jpg",360,200,true],"network-partner-icon":["https:\/\/www.anika-net.de\/wp-content\/uploads\/2023\/10\/assorted-yummy-food-composition-100x100.jpg",100,100,true],"organiser-icon":["https:\/\/www.anika-net.de\/wp-content\/uploads\/2023\/10\/assorted-yummy-food-composition-200x200.jpg",200,200,true],"gform-image-choice-sm":["https:\/\/www.anika-net.de\/wp-content\/uploads\/2023\/10\/assorted-yummy-food-composition-scaled.jpg",300,200,false],"gform-image-choice-md":["https:\/\/www.anika-net.de\/wp-content\/uploads\/2023\/10\/assorted-yummy-food-composition-scaled.jpg",400,267,false],"gform-image-choice-lg":["https:\/\/www.anika-net.de\/wp-content\/uploads\/2023\/10\/assorted-yummy-food-composition-scaled.jpg",600,400,false]},"uagb_author_info":{"display_name":"Andrea Ramirez","author_link":"https:\/\/www.anika-net.de\/ro\/author\/andrea-ramirez\/"},"uagb_comment_info":0,"uagb_excerpt":"\u021a\u0103ri Oameni Deli\u00adca\u00adte\u00adse \u2014 Cum g\u0103te\u0219\u00adte Spania! Sea\u00adr\u0103 spa\u00adni\u00ado\u00adl\u0103 cu muzic\u0103 Taxa de par\u00adti\u00adci\u00adpa\u00adre&nbsp;25,-&nbsp;\u20ac Ve\u021bi pre\u00adg\u0103ti deli\u00adca\u00adte\u00adse din buc\u0103\u00adt\u0103\u00adria ibe\u00adri\u00adc\u0103 \u00eentr-un grup mic \u0219i sub \u00eendru\u00adma\u00adrea exper\u00ad\u021bi\u00adlor. Prin\u00adtre alte\u00adle, ve\u021bi&nbsp;Citi\u021bi mai mult","_links":{"self":[{"href":"https:\/\/www.anika-net.de\/ro\/wp-json\/wp\/v2\/event\/43249","targetHints":{"allow":["GET"]}}],"collection":[{"href":"https:\/\/www.anika-net.de\/ro\/wp-json\/wp\/v2\/event"}],"about":[{"href":"https:\/\/www.anika-net.de\/ro\/wp-json\/wp\/v2\/types\/event"}],"author":[{"embeddable":true,"href":"https:\/\/www.anika-net.de\/ro\/wp-json\/wp\/v2\/users\/12"}],"version-history":[{"count":0,"href":"https:\/\/www.anika-net.de\/ro\/wp-json\/wp\/v2\/event\/43249\/revisions"}],"acf:post":[{"embeddable":true,"href":"https:\/\/www.anika-net.de\/ro\/wp-json\/wp\/v2\/organiser\/28549"},{"embeddable":true,"href":"https:\/\/www.anika-net.de\/ro\/wp-json\/wp\/v2\/organiser\/16645"},{"embeddable":true,"href":"https:\/\/www.anika-net.de\/ro\/wp-json\/wp\/v2\/organiser\/16248"},{"embeddable":true,"href":"https:\/\/www.anika-net.de\/ro\/wp-json\/wp\/v2\/organiser\/34261"}],"acf:term":[{"embeddable":true,"taxonomy":"event_category","href":"https:\/\/www.anika-net.de\/ro\/wp-json\/wp\/v2\/event_category\/83"}],"wp:featuredmedia":[{"embeddable":true,"href":"https:\/\/www.anika-net.de\/ro\/wp-json\/wp\/v2\/media\/43235"}],"wp:attachment":[{"href":"https:\/\/www.anika-net.de\/ro\/wp-json\/wp\/v2\/media?parent=43249"}],"curies":[{"name":"wp","href":"https:\/\/api.w.org\/{rel}","templated":true}]}}