{"id":43159,"date":"2023-10-30T14:07:50","date_gmt":"2023-10-30T13:07:50","guid":{"rendered":"https:\/\/www.anika-net.de\/event\/dezvolta-ti-ideea-de-afaceri\/"},"modified":"2023-10-30T14:07:50","modified_gmt":"2023-10-30T13:07:50","slug":"dezvolta-ti-ideea-de-afaceri","status":"publish","type":"event","link":"https:\/\/www.anika-net.de\/ro\/event\/dezvolta-ti-ideea-de-afaceri\/","title":{"rendered":"Dezvol\u00adt\u0103-\u021bi ide\u00adea de afaceri"},"content":{"rendered":"<h4><span style=\"color: #333399;\">Pen\u00adtru o soci\u00ade\u00adta\u00adte des\u00adchi\u00ads\u0103 \u00een regiu\u00adne \u2014 LiNK Idea Lab din Karlsruhe<\/span><\/h4>\n<h2><span style=\"color: #008080;\">Dezvol\u00adt\u0103-\u021bi ide\u00adea de afaceri<\/span><\/h2>\n<p><strong>Pro\u00adgram<br>\n<\/strong>- Pre\u00adzin\u00adt\u0103-\u021bi ide\u00adea \u0219i g\u0103se\u0219\u00adte-\u021bi echipa<br>\n\u2014 Ana\u00adli\u00adzea\u00adz\u0103 \u0219i dezvol\u00adt\u0103-\u021bi ide\u00adea \u00een jurul temei \u201cSoci\u00ade\u00adta\u00adtea deschis\u0103<br>\n\u2014 Pri\u00admi\u021bi \u00eendru\u00adma\u00adre de la exper\u021bi \u0219i men\u00adtori din re\u021bea\u00adua noastr\u0103<br>\n\u2014 Afla\u021bi mai mul\u00adte des\u00adpre ino\u00adva\u00adre soci\u00ada\u00adl\u0103 \u0219i antre\u00adpre\u00adno\u00adri\u00adat durabil<br>\n\u2014 Lucra\u021bi cu per\u00adsoa\u00adne des\u00adchi\u00adse \u0219i orien\u00adta\u00adte spre impact<br>\n\u2014 Dezvol\u00adta\u021bi urm\u0103\u00adto\u00adrii pa\u0219i pen\u00adtru a v\u0103 trans\u00adfor\u00adma ide\u00adea \u00een realitate<\/p>\n<p><strong>Cine poa\u00adte participa?<\/strong><br>\nTo\u021bi locu\u00adi\u00adto\u00adrii \u2014 indi\u00adfe\u00adrent de na\u021bio\u00adna\u00adli\u00adta\u00adtea lor! \u2014 din regiu\u00adnea de fron\u00adti\u00ade\u00adr\u0103 din\u00adtre Stra\u00ads\u00adbo\u00adurg \u0219i Karlsruhe.<br>\nC\u0103u\u00adt\u0103m toa\u00adte pro\u00adfi\u00adlu\u00adri\u00adle \u2014 nou-veni\u021bi, refu\u00adgi\u00ada\u021bi, local\u00adnici, stu\u00adden\u021bi, anga\u00adja\u021bi, per\u00adsoa\u00adne \u00een c\u0103u\u00adta\u00adrea unui loc de mun\u00adc\u0103&nbsp;etc.<br>\nNu ave\u021bi nevo\u00adie de o idee \u00een avans: doar de moti\u00adva\u00ad\u021bia de a v\u0103 impli\u00adca pen\u00adtru un wee\u00adkend \u0219i de moti\u00adva\u00ad\u021bia de a avea un impact pen\u00adtru viitor.<\/p>\n<p><strong>\ud83d\udc49 <a href=\"https:\/\/form.typeform.com\/to\/CDAa7b29\" rel=\"noopener\">\u00censcri\u00ade\u021bi-v\u0103 acum!<\/a> Locu\u00adri\u00adle sunt limitate<\/strong><\/p>\n<p><strong>C\u00e2nd \u0219i&nbsp;unde?<\/strong><br>\n<strong>Vineri, 10 noiem\u00adbrie<\/strong>, ore\u00adle 14.00\u201319.00<br>\n<strong>S\u00e2m\u00adb\u0103\u00adt\u0103, 11 noiem\u00adbrie<\/strong>, \u00eentre ore\u00adle 9\u201317<br>\nLabo\u00adra\u00adto\u00adrul LiNK-Idea \u00een Impact Hub Karlsruhe<\/p>\n<p>Op\u021bio\u00adnal: Par\u00adti\u00adci\u00adpa\u00adrea la eve\u00adni\u00admen\u00adtul de pit\u00adch din decem\u00adbrie pen\u00adtru a v\u0103 pre\u00adzen\u00adta ide\u00adea \u0219i pen\u00adtru a v\u0103 extin\u00adde re\u021bea\u00adua de con\u00adtac\u00adte; Wor\u00adk\u00adshop pen\u00adtru pre\u00adg\u0103\u00adti\u00adrea pitch-ului.<br>\nDup\u0103: posi\u00adbil coa\u00adchi\u00adng indi\u00advi\u00addu\u00adal cu pro\u00adgra\u00adma\u00adre timp de 6&nbsp;luni.<\/p>\n<p><strong>Pre\u021b<\/strong><br>\nPar\u00adti\u00adci\u00adpa\u00adrea este <strong>gra\u00adtu\u00adi\u00adt\u0103.<\/strong> Cos\u00adtu\u00adri\u00adle de c\u0103l\u0103\u00adto\u00adrie \u0219i de caza\u00adre sunt acoperite.<br>\nOrga\u00adni\u00adz\u0103m o c\u0103l\u0103\u00adto\u00adrie de grup cu tre\u00adnul de la Stra\u00ads\u00adbo\u00adurg. Mai mul\u00adte infor\u00adma\u00ad\u021bii dup\u0103 \u00eenregistrare.<\/p>\n<p><strong>Cerin\u00ad\u021be<\/strong><br>\n\u2014 Locu\u00adi\u021bi \u00een regiu\u00adnea trans\u00adfron\u00adta\u00adli\u00ader\u0103 a Rinu\u00adlui Supe\u00adri\u00ador din jurul ora\u00ad\u0219u\u00adlui Karlsruhe.<br>\n\u2014 Dori\u021bi s\u0103 \u00eence\u00adpe\u021bi un pro\u00adiect sau o afa\u00adce\u00adre pen\u00adtru a pro\u00admo\u00adva o soci\u00ade\u00adta\u00adte des\u00adchi\u00ads\u0103 promova\u021bi<br>\n\u2014 Vor\u00adbe\u0219ti ger\u00adma\u00adn\u0103, engle\u00adz\u0103 sau francez\u0103<\/p>\n<p><strong>**Ai \u0219i alte \u00eentreb\u0103ri?&nbsp;<\/strong><br>\n<a href=\"mailto:karlsruhe@singa-deutschland.de\" target=\"_blank\" rel=\"noopener noreferrer\">karlsruhe@singa-deutschland.de<\/a><\/p>\n","protected":false},"author":12,"featured_media":43145,"template":"","class_list":["post-43159","event","type-event","status-publish","has-post-thumbnail","hentry","event_category-munca"],"acf":{"event-recurring":false,"event-category":84,"event-is-language-course":false,"event-recurring-still-active":true,"event-display-details":true,"event-schedules-recurring":null,"event-schedules-calendar":[{"event-calendar-day":"20231110","event-calendar-time":"14:00 - 19:00","event-calendar-time-text":""},{"event-calendar-day":"20231111","event-calendar-time":"09:00 - 17:00","event-calendar-time-text":""}],"event-is-online":false,"event-online-url":"","event-location-building":"LiNK Idea Lab \/ Impact Hub Karlsruhe","event-location-street":"Kaiserstra\u00dfe 97","event-location-zip":"76133","event-location-city":"Karlsruhe","event-location-contact-person":"","event-location-phone":"","event-location-phone-2":"","event-location-mail":"karlsruhe@singa-deutschland.de","event-location-mail-2":"","event-location-website":"https:\/\/form.typeform.com\/to\/CDAa7b29","event-target-group":[{"target-group":"adults"}],"event-target-group-comment":"","event-free":true,"event-organiser":[17452],"event-header-copyright-overlay":true,"event-copyright-note-description-end":false},"featured_image_urls_v2":{"full":["https:\/\/www.anika-net.de\/wp-content\/uploads\/2023\/10\/impact-hub.png",1106,540,false],"thumbnail":["https:\/\/www.anika-net.de\/wp-content\/uploads\/2023\/10\/impact-hub-150x150.png",150,150,true],"medium":["https:\/\/www.anika-net.de\/wp-content\/uploads\/2023\/10\/impact-hub-300x146.png",300,146,true],"medium_large":["https:\/\/www.anika-net.de\/wp-content\/uploads\/2023\/10\/impact-hub-768x375.png",640,313,true],"large":["https:\/\/www.anika-net.de\/wp-content\/uploads\/2023\/10\/impact-hub-1024x500.png",640,313,true],"1536x1536":["https:\/\/www.anika-net.de\/wp-content\/uploads\/2023\/10\/impact-hub.png",1106,540,false],"2048x2048":["https:\/\/www.anika-net.de\/wp-content\/uploads\/2023\/10\/impact-hub.png",1106,540,false],"event-overview":["https:\/\/www.anika-net.de\/wp-content\/uploads\/2023\/10\/impact-hub-960x540.png",960,540,true],"event-archive-thumb":["https:\/\/www.anika-net.de\/wp-content\/uploads\/2023\/10\/impact-hub-480x234.png",480,234,true],"grid-item-thumbnail":["https:\/\/www.anika-net.de\/wp-content\/uploads\/2023\/10\/impact-hub-360x200.png",360,200,true],"network-partner-icon":["https:\/\/www.anika-net.de\/wp-content\/uploads\/2023\/10\/impact-hub-100x100.png",100,100,true],"organiser-icon":["https:\/\/www.anika-net.de\/wp-content\/uploads\/2023\/10\/impact-hub-200x200.png",200,200,true],"gform-image-choice-sm":["https:\/\/www.anika-net.de\/wp-content\/uploads\/2023\/10\/impact-hub.png",300,146,false],"gform-image-choice-md":["https:\/\/www.anika-net.de\/wp-content\/uploads\/2023\/10\/impact-hub.png",400,195,false],"gform-image-choice-lg":["https:\/\/www.anika-net.de\/wp-content\/uploads\/2023\/10\/impact-hub.png",600,293,false]},"post_excerpt_stackable_v2":"<p>Pen\u00adtru o soci\u00ade\u00adta\u00adte des\u00adchi\u00ads\u0103 \u00een regiu\u00adne \u2014 LiNK Idea Lab din Karl\u00adsru\u00adhe Dezvo\u00adl\u00ad\u00adt\u0103-\u021bi ide\u00adea de afa\u00adceri Pro\u00adgram \u2014 Pre\u00ad\u00adzin\u00ad\u00adt\u0103-\u021bi ide\u00adea \u0219i g\u0103se\u0219\u00ad\u00adte-\u021bi echi\u00adpa \u2014 Ana\u00adli\u00adzea\u00adz\u0103 \u0219i dezvo\u00adl\u00ad\u00adt\u0103-\u021bi ide\u00adea \u00een jurul temei \u201cSoci\u00ade\u00adta\u00adtea des\u00adchi\u00ads\u0103 \u2014 Pri\u00admi\u021bi \u00eendru\u00adma\u00adre de la exper\u021bi \u0219i men\u00adtori din re\u021bea\u00adua noas\u00adtr\u0103 \u2014 Afla\u021bi mai mul\u00adte des\u00adpre ino\u00adva\u00adre soci\u00ada\u00adl\u0103 \u0219i antre\u00adpre\u00adno\u00adri\u00adat dura\u00adbil \u2014 Lucra\u021bi cu per\u00adsoa\u00adne des\u00adchi\u00adse \u0219i orien\u00adta\u00adte spre impact \u2014 Dezvol\u00adta\u021bi urm\u0103\u00adto\u00adrii pa\u0219i pen\u00adtru a v\u0103 trans\u00adfor\u00adma ide\u00adea \u00een rea\u00adli\u00adta\u00adte Cine poa\u00adte par\u00adti\u00adci\u00adpa? To\u021bi locu\u00adi\u00adto\u00adrii \u2014 indi\u00adfe\u00adrent de na\u021bio\u00adna\u00adli\u00adta\u00adtea lor! \u2014 din regiu\u00adnea de fron\u00adti\u00ade\u00adr\u0103 din\u00adtre Stra\u00ads\u00adbo\u00adurg \u0219i Karl\u00adsru\u00adhe. C\u0103u\u00adt\u0103m toa\u00adte pro\u00adfi\u00adlu\u00adri\u00adle \u2014 nou-veni\u021bi, refu\u00adgi\u00ada\u021bi, localnici,\u2026<\/p>\n","category_list_v2":"","author_info_v2":{"name":"Andrea Ramirez","url":"https:\/\/www.anika-net.de\/ro\/author\/andrea-ramirez\/"},"comments_num_v2":"0 comments","uagb_featured_image_src":{"full":["https:\/\/www.anika-net.de\/wp-content\/uploads\/2023\/10\/impact-hub.png",1106,540,false],"thumbnail":["https:\/\/www.anika-net.de\/wp-content\/uploads\/2023\/10\/impact-hub-150x150.png",150,150,true],"medium":["https:\/\/www.anika-net.de\/wp-content\/uploads\/2023\/10\/impact-hub-300x146.png",300,146,true],"medium_large":["https:\/\/www.anika-net.de\/wp-content\/uploads\/2023\/10\/impact-hub-768x375.png",640,313,true],"large":["https:\/\/www.anika-net.de\/wp-content\/uploads\/2023\/10\/impact-hub-1024x500.png",640,313,true],"1536x1536":["https:\/\/www.anika-net.de\/wp-content\/uploads\/2023\/10\/impact-hub.png",1106,540,false],"2048x2048":["https:\/\/www.anika-net.de\/wp-content\/uploads\/2023\/10\/impact-hub.png",1106,540,false],"event-overview":["https:\/\/www.anika-net.de\/wp-content\/uploads\/2023\/10\/impact-hub-960x540.png",960,540,true],"event-archive-thumb":["https:\/\/www.anika-net.de\/wp-content\/uploads\/2023\/10\/impact-hub-480x234.png",480,234,true],"grid-item-thumbnail":["https:\/\/www.anika-net.de\/wp-content\/uploads\/2023\/10\/impact-hub-360x200.png",360,200,true],"network-partner-icon":["https:\/\/www.anika-net.de\/wp-content\/uploads\/2023\/10\/impact-hub-100x100.png",100,100,true],"organiser-icon":["https:\/\/www.anika-net.de\/wp-content\/uploads\/2023\/10\/impact-hub-200x200.png",200,200,true],"gform-image-choice-sm":["https:\/\/www.anika-net.de\/wp-content\/uploads\/2023\/10\/impact-hub.png",300,146,false],"gform-image-choice-md":["https:\/\/www.anika-net.de\/wp-content\/uploads\/2023\/10\/impact-hub.png",400,195,false],"gform-image-choice-lg":["https:\/\/www.anika-net.de\/wp-content\/uploads\/2023\/10\/impact-hub.png",600,293,false]},"uagb_author_info":{"display_name":"Andrea Ramirez","author_link":"https:\/\/www.anika-net.de\/ro\/author\/andrea-ramirez\/"},"uagb_comment_info":0,"uagb_excerpt":"Pen\u00adtru o soci\u00ade\u00adta\u00adte des\u00adchi\u00ads\u0103 \u00een regiu\u00adne \u2014 LiNK Idea Lab din Karlsruhe Dezvol\u00adt\u0103-\u021bi ide\u00adea de afaceri Pro\u00adgram - Pre\u00adzin\u00adt\u0103-\u021bi ide\u00adea \u0219i g\u0103se\u0219\u00adte-\u021bi echipa \u2014 Ana\u00adli\u00adzea\u00adz\u0103 \u0219i dezvol\u00adt\u0103-\u021bi ide\u00adea \u00een jurul&nbsp;Citi\u021bi mai mult","_links":{"self":[{"href":"https:\/\/www.anika-net.de\/ro\/wp-json\/wp\/v2\/event\/43159","targetHints":{"allow":["GET"]}}],"collection":[{"href":"https:\/\/www.anika-net.de\/ro\/wp-json\/wp\/v2\/event"}],"about":[{"href":"https:\/\/www.anika-net.de\/ro\/wp-json\/wp\/v2\/types\/event"}],"author":[{"embeddable":true,"href":"https:\/\/www.anika-net.de\/ro\/wp-json\/wp\/v2\/users\/12"}],"version-history":[{"count":0,"href":"https:\/\/www.anika-net.de\/ro\/wp-json\/wp\/v2\/event\/43159\/revisions"}],"acf:post":[{"embeddable":true,"href":"https:\/\/www.anika-net.de\/ro\/wp-json\/wp\/v2\/organiser\/17452"}],"acf:term":[{"embeddable":true,"taxonomy":"event_category","href":"https:\/\/www.anika-net.de\/ro\/wp-json\/wp\/v2\/event_category\/84"}],"wp:featuredmedia":[{"embeddable":true,"href":"https:\/\/www.anika-net.de\/ro\/wp-json\/wp\/v2\/media\/43145"}],"wp:attachment":[{"href":"https:\/\/www.anika-net.de\/ro\/wp-json\/wp\/v2\/media?parent=43159"}],"curies":[{"name":"wp","href":"https:\/\/api.w.org\/{rel}","templated":true}]}}