{"id":38490,"date":"2023-05-15T10:56:02","date_gmt":"2023-05-15T08:56:02","guid":{"rendered":"https:\/\/www.anika-net.de\/event\/seara-caraibiana-tari-oameni-delicaturi\/"},"modified":"2023-05-15T10:56:02","modified_gmt":"2023-05-15T08:56:02","slug":"seara-caraibiana-tari-oameni-delicaturi","status":"publish","type":"event","link":"https:\/\/www.anika-net.de\/ro\/event\/seara-caraibiana-tari-oameni-delicaturi\/","title":{"rendered":"Sea\u00adra carai\u00adbi\u00ada\u00adn\u0103: \u021a\u0102RI. OAMENI. DELICATURI"},"content":{"rendered":"<h3>Sea\u00adra carai\u00adbi\u00ada\u00adn\u0103: \u021a\u0102RI. OAMENI. DELICATURI<\/h3>\n<p>\u00cen aceas\u00adt\u0103 sea\u00adr\u0103 v\u0103 pute\u021bi bucu\u00adra de pre\u00adpa\u00adra\u00adte din buc\u0103\u00adt\u0103\u00adria carai\u00adbi\u00ada\u00adn\u0103. Ve\u021bi pre\u00adg\u0103ti deli\u00adca\u00adte\u00adse din Carai\u00adbe \u00eentr-un grup mic, sub \u00eendru\u00adma\u00adrea exper\u021bilor.<br>\nDe la ora 19:00 ve\u021bi servi meni\u00adul dum\u00adne\u00ada\u00advoas\u00adtr\u0103 \u201coas\u00adpe\u00ad\u021bi\u00adlor\u201d, ve\u021bi m\u00e2n\u00adca \u00eempre\u00adu\u00adn\u0103 \u0219i ve\u021bi avea oca\u00adzia s\u0103 face\u021bi schimb de idei des\u00adpre m\u00e2n\u00adca\u00adre, g\u0103tit, Carai\u00adbe \u0219i arta, cul\u00adtu\u00adra, muzi\u00adca sau mul\u00adte alte subiec\u00adte. Ve\u021bi fi \u00eent\u00e2m\u00adpi\u00adna\u021bi cu coc\u00adk\u00adta\u00adi\u00adluri carai\u00adbie\u00adne. Kla\u00adus Buch\u00adner ne va oferi un regal muzi\u00adcal cu sune\u00adte minu\u00adna\u00adte la handpan.<br>\nO pre\u00adle\u00adge\u00adre des\u00adpre cul\u00adtu\u00adra \u0219i arta din \u021bara res\u00adpec\u00adti\u00adv\u0103 va avea loc la SHV \u00eena\u00adin\u00adte de mas\u0103. V\u0103 a\u0219tep\u00adt\u0103m la o s\u00e2m\u00adb\u0103\u00adt\u0103 pli\u00adn\u0103 de inspi\u00adra\u00ad\u021bie \u0219i la momen\u00adte de pl\u0103\u00adce\u00adre pen\u00adtru ochi, gust \u0219i&nbsp;auz.<\/p>\n<p><strong>Cost: 25,00 \u20ac.<\/strong><\/p>\n<p>V\u0103 rug\u0103m s\u0103 <strong>rezer\u00adva\u021bi masa<\/strong> la num\u0103\u00adrul de curs 232\u201330302 la vhs, <strong>dan\u00adsul<\/strong> la num\u0103\u00adrul de curs 232\u201330303 \u0219i <strong>g\u0103ti\u00adtul<\/strong> la 232\u201330301.<\/p>\n","protected":false},"author":12,"featured_media":38473,"template":"","class_list":["post-38490","event","type-event","status-publish","has-post-thumbnail","hentry","event_category-timp-liber"],"acf":{"event-recurring":false,"event-category":83,"event-is-language-course":false,"event-recurring-still-active":true,"event-display-details":true,"event-schedules-recurring":null,"event-schedules-calendar":[{"event-calendar-day":"20230624","event-calendar-time":"19:00 - 22:00 Uhr","event-calendar-time-text":""}],"event-is-online":false,"event-online-url":"","event-location-building":"ibz, EG, Gro\u00dfer Saal","event-location-street":"Kaiserallee 12 d","event-location-zip":"76133","event-location-city":"Karlsruhe","event-location-contact-person":"","event-location-phone":"232-30302","event-location-phone-2":"","event-location-mail":"","event-location-mail-2":"","event-location-website":"https:\/\/www.ibz-karlsruhe.de\/events\/karibischer-abend\/","event-target-group":[{"target-group":"toate"}],"event-target-group-comment":"","event-free":false,"event-organiser":34261,"event-header-copyright-overlay":true,"event-copyright-note-description-end":false},"featured_image_urls_v2":{"full":["https:\/\/www.anika-net.de\/wp-content\/uploads\/2023\/05\/Bild-Karibisch-Kochen_.jpg",1200,800,false],"thumbnail":["https:\/\/www.anika-net.de\/wp-content\/uploads\/2023\/05\/Bild-Karibisch-Kochen_-150x150.jpg",150,150,true],"medium":["https:\/\/www.anika-net.de\/wp-content\/uploads\/2023\/05\/Bild-Karibisch-Kochen_-300x200.jpg",300,200,true],"medium_large":["https:\/\/www.anika-net.de\/wp-content\/uploads\/2023\/05\/Bild-Karibisch-Kochen_-768x512.jpg",640,427,true],"large":["https:\/\/www.anika-net.de\/wp-content\/uploads\/2023\/05\/Bild-Karibisch-Kochen_-1024x683.jpg",640,427,true],"1536x1536":["https:\/\/www.anika-net.de\/wp-content\/uploads\/2023\/05\/Bild-Karibisch-Kochen_.jpg",1200,800,false],"2048x2048":["https:\/\/www.anika-net.de\/wp-content\/uploads\/2023\/05\/Bild-Karibisch-Kochen_.jpg",1200,800,false],"event-overview":["https:\/\/www.anika-net.de\/wp-content\/uploads\/2023\/05\/Bild-Karibisch-Kochen_-960x640.jpg",960,640,true],"event-archive-thumb":["https:\/\/www.anika-net.de\/wp-content\/uploads\/2023\/05\/Bild-Karibisch-Kochen_-480x320.jpg",480,320,true],"grid-item-thumbnail":["https:\/\/www.anika-net.de\/wp-content\/uploads\/2023\/05\/Bild-Karibisch-Kochen_-360x200.jpg",360,200,true],"network-partner-icon":["https:\/\/www.anika-net.de\/wp-content\/uploads\/2023\/05\/Bild-Karibisch-Kochen_-100x100.jpg",100,100,true],"organiser-icon":["https:\/\/www.anika-net.de\/wp-content\/uploads\/2023\/05\/Bild-Karibisch-Kochen_-200x200.jpg",200,200,true],"gform-image-choice-sm":["https:\/\/www.anika-net.de\/wp-content\/uploads\/2023\/05\/Bild-Karibisch-Kochen_.jpg",300,200,false],"gform-image-choice-md":["https:\/\/www.anika-net.de\/wp-content\/uploads\/2023\/05\/Bild-Karibisch-Kochen_.jpg",400,267,false],"gform-image-choice-lg":["https:\/\/www.anika-net.de\/wp-content\/uploads\/2023\/05\/Bild-Karibisch-Kochen_.jpg",600,400,false]},"post_excerpt_stackable_v2":"<p>Sea\u00adra carai\u00adbi\u00ada\u00adn\u0103: \u021a\u0102RI. OAMENI. DELICATURI \u00cen aceas\u00adt\u0103 sea\u00adr\u0103 v\u0103 pute\u021bi bucu\u00adra de pre\u00adpa\u00adra\u00adte din buc\u0103\u00adt\u0103\u00adria carai\u00adbi\u00ada\u00adn\u0103. Ve\u021bi pre\u00adg\u0103ti deli\u00adca\u00adte\u00adse din Carai\u00adbe \u00eentr-un grup mic, sub \u00eendru\u00adma\u00adrea exper\u00ad\u021bi\u00adlor. De la ora 19:00 ve\u021bi servi meni\u00adul dum\u00adne\u00ada\u00advoas\u00adtr\u0103 \u201coas\u00adpe\u00ad\u021bi\u00adlor\u201d, ve\u021bi m\u00e2n\u00adca \u00eempre\u00adu\u00adn\u0103 \u0219i ve\u021bi avea oca\u00adzia s\u0103 face\u021bi schimb de idei des\u00adpre m\u00e2n\u00adca\u00adre, g\u0103tit, Carai\u00adbe \u0219i arta, cul\u00adtu\u00adra, muzi\u00adca sau mul\u00adte alte subiec\u00adte. Ve\u021bi fi \u00eent\u00e2m\u00adpi\u00adna\u021bi cu coc\u00adk\u00adta\u00adi\u00adluri carai\u00adbie\u00adne. Kla\u00adus Buch\u00adner ne va oferi un regal muzi\u00adcal cu sune\u00adte minu\u00adna\u00adte la han\u00add\u00adpan. O pre\u00adle\u00adge\u00adre des\u00adpre cul\u00adtu\u00adra \u0219i arta din \u021bara res\u00adpec\u00adti\u00adv\u0103 va avea loc la SHV \u00eena\u00adin\u00adte de mas\u0103. V\u0103 a\u0219tep\u00adt\u0103m la&nbsp;o\u2026<\/p>\n","category_list_v2":"","author_info_v2":{"name":"Andrea Ramirez","url":"https:\/\/www.anika-net.de\/ro\/author\/andrea-ramirez\/"},"comments_num_v2":"0 comments","uagb_featured_image_src":{"full":["https:\/\/www.anika-net.de\/wp-content\/uploads\/2023\/05\/Bild-Karibisch-Kochen_.jpg",1200,800,false],"thumbnail":["https:\/\/www.anika-net.de\/wp-content\/uploads\/2023\/05\/Bild-Karibisch-Kochen_-150x150.jpg",150,150,true],"medium":["https:\/\/www.anika-net.de\/wp-content\/uploads\/2023\/05\/Bild-Karibisch-Kochen_-300x200.jpg",300,200,true],"medium_large":["https:\/\/www.anika-net.de\/wp-content\/uploads\/2023\/05\/Bild-Karibisch-Kochen_-768x512.jpg",640,427,true],"large":["https:\/\/www.anika-net.de\/wp-content\/uploads\/2023\/05\/Bild-Karibisch-Kochen_-1024x683.jpg",640,427,true],"1536x1536":["https:\/\/www.anika-net.de\/wp-content\/uploads\/2023\/05\/Bild-Karibisch-Kochen_.jpg",1200,800,false],"2048x2048":["https:\/\/www.anika-net.de\/wp-content\/uploads\/2023\/05\/Bild-Karibisch-Kochen_.jpg",1200,800,false],"event-overview":["https:\/\/www.anika-net.de\/wp-content\/uploads\/2023\/05\/Bild-Karibisch-Kochen_-960x640.jpg",960,640,true],"event-archive-thumb":["https:\/\/www.anika-net.de\/wp-content\/uploads\/2023\/05\/Bild-Karibisch-Kochen_-480x320.jpg",480,320,true],"grid-item-thumbnail":["https:\/\/www.anika-net.de\/wp-content\/uploads\/2023\/05\/Bild-Karibisch-Kochen_-360x200.jpg",360,200,true],"network-partner-icon":["https:\/\/www.anika-net.de\/wp-content\/uploads\/2023\/05\/Bild-Karibisch-Kochen_-100x100.jpg",100,100,true],"organiser-icon":["https:\/\/www.anika-net.de\/wp-content\/uploads\/2023\/05\/Bild-Karibisch-Kochen_-200x200.jpg",200,200,true],"gform-image-choice-sm":["https:\/\/www.anika-net.de\/wp-content\/uploads\/2023\/05\/Bild-Karibisch-Kochen_.jpg",300,200,false],"gform-image-choice-md":["https:\/\/www.anika-net.de\/wp-content\/uploads\/2023\/05\/Bild-Karibisch-Kochen_.jpg",400,267,false],"gform-image-choice-lg":["https:\/\/www.anika-net.de\/wp-content\/uploads\/2023\/05\/Bild-Karibisch-Kochen_.jpg",600,400,false]},"uagb_author_info":{"display_name":"Andrea Ramirez","author_link":"https:\/\/www.anika-net.de\/ro\/author\/andrea-ramirez\/"},"uagb_comment_info":0,"uagb_excerpt":"Sea\u00adra carai\u00adbi\u00ada\u00adn\u0103: \u021a\u0102RI. OAMENI. DELICATURI \u00cen aceas\u00adt\u0103 sea\u00adr\u0103 v\u0103 pute\u021bi bucu\u00adra de pre\u00adpa\u00adra\u00adte din buc\u0103\u00adt\u0103\u00adria carai\u00adbi\u00ada\u00adn\u0103. Ve\u021bi pre\u00adg\u0103ti deli\u00adca\u00adte\u00adse din Carai\u00adbe \u00eentr-un grup mic, sub \u00eendru\u00adma\u00adrea exper\u021bilor. De la ora&nbsp;Citi\u021bi mai mult","_links":{"self":[{"href":"https:\/\/www.anika-net.de\/ro\/wp-json\/wp\/v2\/event\/38490","targetHints":{"allow":["GET"]}}],"collection":[{"href":"https:\/\/www.anika-net.de\/ro\/wp-json\/wp\/v2\/event"}],"about":[{"href":"https:\/\/www.anika-net.de\/ro\/wp-json\/wp\/v2\/types\/event"}],"author":[{"embeddable":true,"href":"https:\/\/www.anika-net.de\/ro\/wp-json\/wp\/v2\/users\/12"}],"version-history":[{"count":0,"href":"https:\/\/www.anika-net.de\/ro\/wp-json\/wp\/v2\/event\/38490\/revisions"}],"acf:post":[{"embeddable":true,"href":"https:\/\/www.anika-net.de\/ro\/wp-json\/wp\/v2\/organiser\/34261"}],"acf:term":[{"embeddable":true,"taxonomy":"event_category","href":"https:\/\/www.anika-net.de\/ro\/wp-json\/wp\/v2\/event_category\/83"}],"wp:featuredmedia":[{"embeddable":true,"href":"https:\/\/www.anika-net.de\/ro\/wp-json\/wp\/v2\/media\/38473"}],"wp:attachment":[{"href":"https:\/\/www.anika-net.de\/ro\/wp-json\/wp\/v2\/media?parent=38490"}],"curies":[{"name":"wp","href":"https:\/\/api.w.org\/{rel}","templated":true}]}}