{"id":27661,"date":"2022-10-07T12:04:49","date_gmt":"2022-10-07T10:04:49","guid":{"rendered":"https:\/\/www.anika-net.de\/event\/filmul-spaniol-las-letras-de-jordi\/"},"modified":"2022-10-07T12:04:49","modified_gmt":"2022-10-07T10:04:49","slug":"filmul-spaniol-las-letras-de-jordi","status":"publish","type":"event","link":"https:\/\/www.anika-net.de\/ro\/event\/filmul-spaniol-las-letras-de-jordi\/","title":{"rendered":"Fil\u00admul spa\u00adni\u00adol \u201cLas letras de&nbsp;Jordi\u201d"},"content":{"rendered":"<p>Fil\u00admul spa\u00adni\u00adol <em>\u201cLas letras de Jor\u00addi\u201d<\/em> din 2019 cu sub\u00adti\u00adtra\u00adre. Dura\u00adta aprox. 70 de minute.<br>\nUrma\u00adt\u0103 de un schimb bilingv de 30 de minu\u00adte des\u00adpre film \u00een foa\u00adie\u00adrul Cine\u00adma\u00adte\u00adcii; \u00eenche\u00adie\u00adrea la res\u00adta\u00adu\u00adran\u00adtul mexi\u00adcan \u201cEl Taqu\u00adi\u00adto\u201d din Kaiserpassage.<\/p>\n<p><strong>Sinop\u00adsis<\/strong><br>\nJor\u00addi s\u2011a n\u0103s\u00adcut \u00een urm\u0103 cu 51 de ani cu para\u00adli\u00adzie cere\u00adbra\u00adl\u0103. Cu toa\u00adte aces\u00adtea, el nu se con\u00adsi\u00adde\u00adr\u0103 bol\u00adnav. De\u0219i nu poa\u00adte vor\u00adbi, el \u00eencear\u00adc\u0103 s\u0103 vor\u00adbeas\u00adc\u0103 prin pla\u00adca de car\u00adton. A\u0219a comu\u00adni\u00adc\u0103 el cu mine. C\u00e2nd avea 21 de ani, a sim\u00ad\u021bit c\u0103 Dum\u00adne\u00adzeu \u00eei vor\u00adbea pen\u00adtru pri\u00adma dat\u0103. Ast\u0103zi, \u00eens\u0103, dup\u0103 ce \u0219i\u2011a p\u0103r\u0103\u00adsit casa \u0219i p\u0103rin\u00ad\u021bii \u0219i s\u2011a mutat \u00eentr-un azil de b\u0103tr\u00e2ni, nu mai sim\u00adte pre\u00adzen\u00ad\u021ba lui Dum\u00adne\u00adzeu. Jor\u00addi este gol din cau\u00adza t\u0103ce\u00adrii sale. Acest film este des\u00adpre dra\u00adgos\u00adtea lui Dum\u00adne\u00adzeu \u0219i cuv\u00e2n\u00adtul unui om&nbsp;liber.<\/p>\n<p>C\u0103tre cine: To\u021bi cine\u00adfi\u00adlii care iubesc cine\u00adma\u00adto\u00adgra\u00adfia \u0219i fil\u00adme\u00adle spaniole<\/p>\n<p>&nbsp;<\/p>\n","protected":false},"author":12,"featured_media":27648,"template":"","class_list":["post-27661","event","type-event","status-publish","has-post-thumbnail","hentry","event_category-timp-liber"],"acf":{"event-recurring":false,"event-category":83,"event-is-language-course":false,"event-recurring-still-active":true,"event-display-details":true,"event-schedules-recurring":null,"event-schedules-calendar":[{"event-calendar-day":"20221217","event-calendar-time":"18:00","event-calendar-time-text":""}],"event-is-online":false,"event-online-url":"","event-location-building":"Kinemathek Karlsruhe","event-location-street":"Kaiserpassage 6","event-location-zip":"76133","event-location-city":"Karlsruhe","event-location-contact-person":"Daniel Hassel","event-location-phone":"+49 721 84 34 27","event-location-phone-2":"","event-location-mail":"DSG_Karlsruhe@web.de","event-location-mail-2":"kontakt@DSG-Karlsruhe.de","event-location-website":"http:\/\/dsg-karlsruhe.de\/","event-target-group":[{"target-group":"toate"}],"event-target-group-comment":"","event-free":false,"event-organiser":27625,"event-header-copyright-overlay":true,"event-copyright-note-description-end":true},"featured_image_urls_v2":{"full":["https:\/\/www.anika-net.de\/wp-content\/uploads\/2022\/10\/Las-letras-de-jordi.jpg",1920,1246,false],"thumbnail":["https:\/\/www.anika-net.de\/wp-content\/uploads\/2022\/10\/Las-letras-de-jordi-150x150.jpg",150,150,true],"medium":["https:\/\/www.anika-net.de\/wp-content\/uploads\/2022\/10\/Las-letras-de-jordi-300x195.jpg",300,195,true],"medium_large":["https:\/\/www.anika-net.de\/wp-content\/uploads\/2022\/10\/Las-letras-de-jordi-768x498.jpg",640,415,true],"large":["https:\/\/www.anika-net.de\/wp-content\/uploads\/2022\/10\/Las-letras-de-jordi-1024x665.jpg",640,416,true],"1536x1536":["https:\/\/www.anika-net.de\/wp-content\/uploads\/2022\/10\/Las-letras-de-jordi-1536x997.jpg",1536,997,true],"2048x2048":["https:\/\/www.anika-net.de\/wp-content\/uploads\/2022\/10\/Las-letras-de-jordi.jpg",1920,1246,false],"event-overview":["https:\/\/www.anika-net.de\/wp-content\/uploads\/2022\/10\/Las-letras-de-jordi-960x640.jpg",960,640,true],"event-archive-thumb":["https:\/\/www.anika-net.de\/wp-content\/uploads\/2022\/10\/Las-letras-de-jordi-480x312.jpg",480,312,true],"grid-item-thumbnail":["https:\/\/www.anika-net.de\/wp-content\/uploads\/2022\/10\/Las-letras-de-jordi-360x200.jpg",360,200,true],"network-partner-icon":["https:\/\/www.anika-net.de\/wp-content\/uploads\/2022\/10\/Las-letras-de-jordi-100x100.jpg",100,100,true],"organiser-icon":["https:\/\/www.anika-net.de\/wp-content\/uploads\/2022\/10\/Las-letras-de-jordi-200x200.jpg",200,200,true],"gform-image-choice-sm":["https:\/\/www.anika-net.de\/wp-content\/uploads\/2022\/10\/Las-letras-de-jordi.jpg",300,195,false],"gform-image-choice-md":["https:\/\/www.anika-net.de\/wp-content\/uploads\/2022\/10\/Las-letras-de-jordi.jpg",400,260,false],"gform-image-choice-lg":["https:\/\/www.anika-net.de\/wp-content\/uploads\/2022\/10\/Las-letras-de-jordi.jpg",600,389,false]},"post_excerpt_stackable_v2":"<p>Fil\u00admul spa\u00adni\u00adol \u201cLas letras de Jor\u00addi\u201d din 2019 cu sub\u00adti\u00adtra\u00adre. Dura\u00adta aprox. 70 de minu\u00adte. Urma\u00adt\u0103 de un schimb bilingv de 30 de minu\u00adte des\u00adpre film \u00een foa\u00adie\u00adrul Cine\u00adma\u00adte\u00adcii; \u00eenche\u00adie\u00adrea la res\u00adta\u00adu\u00adran\u00adtul mexi\u00adcan \u201cEl Taqu\u00adi\u00adto\u201d din Kai\u00adser\u00adpa\u00ads\u00adsa\u00adge. Sinop\u00adsis Jor\u00addi s\u2011a n\u0103s\u00adcut \u00een urm\u0103 cu 51 de ani cu para\u00adli\u00adzie cere\u00adbra\u00adl\u0103. Cu toa\u00adte aces\u00adtea, el nu se con\u00adsi\u00adde\u00adr\u0103 bol\u00adnav. De\u0219i nu poa\u00adte vor\u00adbi, el \u00eencear\u00adc\u0103 s\u0103 vor\u00adbeas\u00adc\u0103 prin pla\u00adca de car\u00adton. A\u0219a comu\u00adni\u00adc\u0103 el cu mine. C\u00e2nd avea 21 de ani, a sim\u00ad\u021bit c\u0103 Dum\u00adne\u00adzeu \u00eei vor\u00adbea pen\u00adtru pri\u00adma dat\u0103. Ast\u0103zi, \u00eens\u0103, dup\u0103 ce \u0219i\u2011a p\u0103r\u0103\u00adsit casa \u0219i p\u0103rin\u00ad\u021bii \u0219i s\u2011a\u2026<\/p>\n","category_list_v2":"","author_info_v2":{"name":"Andrea Ramirez","url":"https:\/\/www.anika-net.de\/ro\/author\/andrea-ramirez\/"},"comments_num_v2":"0 comments","uagb_featured_image_src":{"full":["https:\/\/www.anika-net.de\/wp-content\/uploads\/2022\/10\/Las-letras-de-jordi.jpg",1920,1246,false],"thumbnail":["https:\/\/www.anika-net.de\/wp-content\/uploads\/2022\/10\/Las-letras-de-jordi-150x150.jpg",150,150,true],"medium":["https:\/\/www.anika-net.de\/wp-content\/uploads\/2022\/10\/Las-letras-de-jordi-300x195.jpg",300,195,true],"medium_large":["https:\/\/www.anika-net.de\/wp-content\/uploads\/2022\/10\/Las-letras-de-jordi-768x498.jpg",640,415,true],"large":["https:\/\/www.anika-net.de\/wp-content\/uploads\/2022\/10\/Las-letras-de-jordi-1024x665.jpg",640,416,true],"1536x1536":["https:\/\/www.anika-net.de\/wp-content\/uploads\/2022\/10\/Las-letras-de-jordi-1536x997.jpg",1536,997,true],"2048x2048":["https:\/\/www.anika-net.de\/wp-content\/uploads\/2022\/10\/Las-letras-de-jordi.jpg",1920,1246,false],"event-overview":["https:\/\/www.anika-net.de\/wp-content\/uploads\/2022\/10\/Las-letras-de-jordi-960x640.jpg",960,640,true],"event-archive-thumb":["https:\/\/www.anika-net.de\/wp-content\/uploads\/2022\/10\/Las-letras-de-jordi-480x312.jpg",480,312,true],"grid-item-thumbnail":["https:\/\/www.anika-net.de\/wp-content\/uploads\/2022\/10\/Las-letras-de-jordi-360x200.jpg",360,200,true],"network-partner-icon":["https:\/\/www.anika-net.de\/wp-content\/uploads\/2022\/10\/Las-letras-de-jordi-100x100.jpg",100,100,true],"organiser-icon":["https:\/\/www.anika-net.de\/wp-content\/uploads\/2022\/10\/Las-letras-de-jordi-200x200.jpg",200,200,true],"gform-image-choice-sm":["https:\/\/www.anika-net.de\/wp-content\/uploads\/2022\/10\/Las-letras-de-jordi.jpg",300,195,false],"gform-image-choice-md":["https:\/\/www.anika-net.de\/wp-content\/uploads\/2022\/10\/Las-letras-de-jordi.jpg",400,260,false],"gform-image-choice-lg":["https:\/\/www.anika-net.de\/wp-content\/uploads\/2022\/10\/Las-letras-de-jordi.jpg",600,389,false]},"uagb_author_info":{"display_name":"Andrea Ramirez","author_link":"https:\/\/www.anika-net.de\/ro\/author\/andrea-ramirez\/"},"uagb_comment_info":0,"uagb_excerpt":"Fil\u00admul spa\u00adni\u00adol \u201cLas letras de Jor\u00addi\u201d din 2019 cu sub\u00adti\u00adtra\u00adre. Dura\u00adta aprox. 70 de minute. Urma\u00adt\u0103 de un schimb bilingv de 30 de minu\u00adte des\u00adpre film \u00een foa\u00adie\u00adrul Cine\u00adma\u00adte\u00adcii; \u00eenche\u00adie\u00adrea&nbsp;Citi\u021bi mai mult","_links":{"self":[{"href":"https:\/\/www.anika-net.de\/ro\/wp-json\/wp\/v2\/event\/27661","targetHints":{"allow":["GET"]}}],"collection":[{"href":"https:\/\/www.anika-net.de\/ro\/wp-json\/wp\/v2\/event"}],"about":[{"href":"https:\/\/www.anika-net.de\/ro\/wp-json\/wp\/v2\/types\/event"}],"author":[{"embeddable":true,"href":"https:\/\/www.anika-net.de\/ro\/wp-json\/wp\/v2\/users\/12"}],"version-history":[{"count":0,"href":"https:\/\/www.anika-net.de\/ro\/wp-json\/wp\/v2\/event\/27661\/revisions"}],"acf:post":[{"embeddable":true,"href":"https:\/\/www.anika-net.de\/ro\/wp-json\/wp\/v2\/organiser\/27625"}],"acf:term":[{"embeddable":true,"taxonomy":"event_category","href":"https:\/\/www.anika-net.de\/ro\/wp-json\/wp\/v2\/event_category\/83"}],"wp:featuredmedia":[{"embeddable":true,"href":"https:\/\/www.anika-net.de\/ro\/wp-json\/wp\/v2\/media\/27648"}],"wp:attachment":[{"href":"https:\/\/www.anika-net.de\/ro\/wp-json\/wp\/v2\/media?parent=27661"}],"curies":[{"name":"wp","href":"https:\/\/api.w.org\/{rel}","templated":true}]}}