{"id":21129,"date":"2022-05-25T15:00:26","date_gmt":"2022-05-25T13:00:26","guid":{"rendered":"https:\/\/www.anika-net.de\/?post_type=event&#038;p=21129"},"modified":"2023-08-28T12:54:09","modified_gmt":"2023-08-28T10:54:09","slug":"queercafe","status":"publish","type":"event","link":"https:\/\/www.anika-net.de\/ro\/event\/queercafe\/","title":{"rendered":"Que\u00ader\u00adCa\u00adf\u00e9 \u00een Karlsruhe"},"content":{"rendered":"<h3>Que\u00ader\u00adCa\u00adf\u00e9 \u00een Karlsruhe<\/h3>\n<p><strong>Que\u00ader\u00adCa\u00adf\u00e9<\/strong> este un loc de \u00eent\u00e2l\u00adni\u00adre des\u00adchis pen\u00adtru <strong>per\u00adsoa\u00adne\u00adle LGBTIQ inter\u00adna\u021bio\u00adna\u00adle din Karl\u00adsru\u00adhe<\/strong>. Ofe\u00adr\u0103 oca\u00adzia de a cunoa\u0219\u00adte oameni noi, de a face schimb de idei \u0219i de a petre\u00adce timp cu al\u021bi homo\u00adse\u00adxu\u00adali inter\u00adna\u021bio\u00adnali. Ne \u00eent\u00e2l\u00adnim, dis\u00adcu\u00adt\u0103m, ne juc\u0103m, mer\u00adgem \u00een excur\u00adsii sau orga\u00adni\u00adz\u0103m eve\u00adni\u00admen\u00adte. Cei inte\u00adre\u00adsa\u021bi pot tre\u00adce pe aco\u00adlo, nu este nece\u00adsa\u00adr\u0103 nicio \u00eenregistrare.<\/p>\n<p><strong>\u00cent\u00e2l\u00adni\u00adri\u00adle<\/strong> au loc \u00een <strong>fie\u00adca\u00adre a patra zi de luni din lun\u0103, \u00eentre ore\u00adle 17.00 \u0219i 19<\/strong>.00. la sedi\u00adul ZeSIA (Sophien\u00adstr. 102, 76135 Karlsruhe).<\/p>\n<p>Des\u00adc\u0103r\u00adca\u00adre <a href=\"https:\/\/www.anika-net.de\/wp-content\/uploads\/2022\/05\/queerCafe.pdf\">flyer<\/a> <\/p>\n","protected":false},"author":12,"featured_media":41186,"template":"","class_list":["post-21129","event","type-event","status-publish","has-post-thumbnail","hentry","event_category-timp-liber"],"acf":{"event-recurring":true,"event-category":83,"event-is-language-course":false,"event-recurring-still-active":true,"event-display-details":true,"event-schedules-recurring":[{"event-recurring-week-day":"1","event-recurring-time":"","event-recurring-time-text":"\u00cen fiecare a patra zi de luni din fiecare lun\u0103, \u00eentre orele 17.00 \u0219i 19.00  "}],"event-schedules-calendar":null,"event-is-online":false,"event-online-url":"","event-location-building":"ZeSIA ","event-location-street":"Sophienstra\u00dfe 102","event-location-zip":"76135","event-location-city":"Karlsruhe","event-location-contact-person":"Kevin Wolf","event-location-phone":"0721\/35481615","event-location-phone-2":"","event-location-mail":"kevin.wolf@aidshilfe-karlsruhe.de","event-location-mail-2":"","event-location-website":"https:\/\/www.zesia-ka.de\/de\/queercafe-offener-treff-fuer-internationale-queers","event-target-group":[{"target-group":"adults"}],"event-target-group-comment":"persoane queer interna\u021bionale din Karlsruhe \u0219i din \u00eemprejurimi","event-free":true,"event-organiser":[41222],"event-header-copyright-overlay":true,"event-copyright-note-description-end":true},"featured_image_urls_v2":{"full":["https:\/\/www.anika-net.de\/wp-content\/uploads\/2022\/05\/queerCafe.png",1080,1080,false],"thumbnail":["https:\/\/www.anika-net.de\/wp-content\/uploads\/2022\/05\/queerCafe-150x150.png",150,150,true],"medium":["https:\/\/www.anika-net.de\/wp-content\/uploads\/2022\/05\/queerCafe-300x300.png",300,300,true],"medium_large":["https:\/\/www.anika-net.de\/wp-content\/uploads\/2022\/05\/queerCafe-768x768.png",640,640,true],"large":["https:\/\/www.anika-net.de\/wp-content\/uploads\/2022\/05\/queerCafe-1024x1024.png",640,640,true],"1536x1536":["https:\/\/www.anika-net.de\/wp-content\/uploads\/2022\/05\/queerCafe.png",1080,1080,false],"2048x2048":["https:\/\/www.anika-net.de\/wp-content\/uploads\/2022\/05\/queerCafe.png",1080,1080,false],"event-overview":["https:\/\/www.anika-net.de\/wp-content\/uploads\/2022\/05\/queerCafe-960x640.png",960,640,true],"event-archive-thumb":["https:\/\/www.anika-net.de\/wp-content\/uploads\/2022\/05\/queerCafe-480x480.png",480,480,true],"grid-item-thumbnail":["https:\/\/www.anika-net.de\/wp-content\/uploads\/2022\/05\/queerCafe-360x200.png",360,200,true],"network-partner-icon":["https:\/\/www.anika-net.de\/wp-content\/uploads\/2022\/05\/queerCafe-100x100.png",100,100,true],"organiser-icon":["https:\/\/www.anika-net.de\/wp-content\/uploads\/2022\/05\/queerCafe-200x200.png",200,200,true],"gform-image-choice-sm":["https:\/\/www.anika-net.de\/wp-content\/uploads\/2022\/05\/queerCafe.png",300,300,false],"gform-image-choice-md":["https:\/\/www.anika-net.de\/wp-content\/uploads\/2022\/05\/queerCafe.png",400,400,false],"gform-image-choice-lg":["https:\/\/www.anika-net.de\/wp-content\/uploads\/2022\/05\/queerCafe.png",600,600,false]},"post_excerpt_stackable_v2":"<p>Que\u00ader\u00adCa\u00adf\u00e9 \u00een Karl\u00adsru\u00adhe Que\u00ader\u00adCa\u00adf\u00e9 este un loc de \u00eent\u00e2l\u00adni\u00adre des\u00adchis pen\u00adtru per\u00adsoa\u00adne\u00adle LGBTIQ inter\u00adna\u021bio\u00adna\u00adle din Karl\u00adsru\u00adhe. Ofe\u00adr\u0103 oca\u00adzia de a cunoa\u0219\u00adte oameni noi, de a face schimb de idei \u0219i de a petre\u00adce timp cu al\u021bi homo\u00adse\u00adxu\u00adali inter\u00adna\u021bio\u00adnali. Ne \u00eent\u00e2l\u00adnim, dis\u00adcu\u00adt\u0103m, ne juc\u0103m, mer\u00adgem \u00een excur\u00adsii sau orga\u00adni\u00adz\u0103m eve\u00adni\u00admen\u00adte. Cei inte\u00adre\u00adsa\u021bi pot tre\u00adce pe aco\u00adlo, nu este nece\u00adsa\u00adr\u0103 nicio \u00eenre\u00adgis\u00adtra\u00adre. \u00cent\u00e2l\u00adni\u00adri\u00adle au loc \u00een fie\u00adca\u00adre a patra zi de luni din lun\u0103, \u00eentre ore\u00adle 17.00 \u0219i 19.00. la sedi\u00adul ZeSIA (Sophien\u00adstr. 102, 76135 Karl\u00adsru\u00adhe). Des\u00adc\u0103r\u00adca\u00adre&nbsp;flyer<\/p>\n","category_list_v2":"","author_info_v2":{"name":"Andrea Ramirez","url":"https:\/\/www.anika-net.de\/ro\/author\/andrea-ramirez\/"},"comments_num_v2":"0 comments","uagb_featured_image_src":{"full":["https:\/\/www.anika-net.de\/wp-content\/uploads\/2022\/05\/queerCafe.png",1080,1080,false],"thumbnail":["https:\/\/www.anika-net.de\/wp-content\/uploads\/2022\/05\/queerCafe-150x150.png",150,150,true],"medium":["https:\/\/www.anika-net.de\/wp-content\/uploads\/2022\/05\/queerCafe-300x300.png",300,300,true],"medium_large":["https:\/\/www.anika-net.de\/wp-content\/uploads\/2022\/05\/queerCafe-768x768.png",640,640,true],"large":["https:\/\/www.anika-net.de\/wp-content\/uploads\/2022\/05\/queerCafe-1024x1024.png",640,640,true],"1536x1536":["https:\/\/www.anika-net.de\/wp-content\/uploads\/2022\/05\/queerCafe.png",1080,1080,false],"2048x2048":["https:\/\/www.anika-net.de\/wp-content\/uploads\/2022\/05\/queerCafe.png",1080,1080,false],"event-overview":["https:\/\/www.anika-net.de\/wp-content\/uploads\/2022\/05\/queerCafe-960x640.png",960,640,true],"event-archive-thumb":["https:\/\/www.anika-net.de\/wp-content\/uploads\/2022\/05\/queerCafe-480x480.png",480,480,true],"grid-item-thumbnail":["https:\/\/www.anika-net.de\/wp-content\/uploads\/2022\/05\/queerCafe-360x200.png",360,200,true],"network-partner-icon":["https:\/\/www.anika-net.de\/wp-content\/uploads\/2022\/05\/queerCafe-100x100.png",100,100,true],"organiser-icon":["https:\/\/www.anika-net.de\/wp-content\/uploads\/2022\/05\/queerCafe-200x200.png",200,200,true],"gform-image-choice-sm":["https:\/\/www.anika-net.de\/wp-content\/uploads\/2022\/05\/queerCafe.png",300,300,false],"gform-image-choice-md":["https:\/\/www.anika-net.de\/wp-content\/uploads\/2022\/05\/queerCafe.png",400,400,false],"gform-image-choice-lg":["https:\/\/www.anika-net.de\/wp-content\/uploads\/2022\/05\/queerCafe.png",600,600,false]},"uagb_author_info":{"display_name":"Andrea Ramirez","author_link":"https:\/\/www.anika-net.de\/ro\/author\/andrea-ramirez\/"},"uagb_comment_info":0,"uagb_excerpt":"Que\u00ader\u00adCa\u00adf\u00e9 \u00een Karlsruhe Que\u00ader\u00adCa\u00adf\u00e9 este un loc de \u00eent\u00e2l\u00adni\u00adre des\u00adchis pen\u00adtru per\u00adsoa\u00adne\u00adle LGBTIQ inter\u00adna\u021bio\u00adna\u00adle din Karl\u00adsru\u00adhe. Ofe\u00adr\u0103 oca\u00adzia de a cunoa\u0219\u00adte oameni noi, de a face schimb de idei \u0219i&nbsp;Citi\u021bi mai mult","_links":{"self":[{"href":"https:\/\/www.anika-net.de\/ro\/wp-json\/wp\/v2\/event\/21129","targetHints":{"allow":["GET"]}}],"collection":[{"href":"https:\/\/www.anika-net.de\/ro\/wp-json\/wp\/v2\/event"}],"about":[{"href":"https:\/\/www.anika-net.de\/ro\/wp-json\/wp\/v2\/types\/event"}],"author":[{"embeddable":true,"href":"https:\/\/www.anika-net.de\/ro\/wp-json\/wp\/v2\/users\/12"}],"version-history":[{"count":0,"href":"https:\/\/www.anika-net.de\/ro\/wp-json\/wp\/v2\/event\/21129\/revisions"}],"acf:post":[{"embeddable":true,"href":"https:\/\/www.anika-net.de\/ro\/wp-json\/wp\/v2\/organiser\/41222"}],"acf:term":[{"embeddable":true,"taxonomy":"event_category","href":"https:\/\/www.anika-net.de\/ro\/wp-json\/wp\/v2\/event_category\/83"}],"wp:featuredmedia":[{"embeddable":true,"href":"https:\/\/www.anika-net.de\/ro\/wp-json\/wp\/v2\/media\/41186"}],"wp:attachment":[{"href":"https:\/\/www.anika-net.de\/ro\/wp-json\/wp\/v2\/media?parent=21129"}],"curies":[{"name":"wp","href":"https:\/\/api.w.org\/{rel}","templated":true}]}}