{"id":12941,"date":"2019-05-31T09:23:11","date_gmt":"2019-05-31T07:23:11","guid":{"rendered":"https:\/\/www.anika-net.de\/event\/support-with-application-portfolios\/"},"modified":"2024-10-09T12:53:12","modified_gmt":"2024-10-09T10:53:12","slug":"support-with-application-portfolios","status":"publish","type":"event","link":"https:\/\/www.anika-net.de\/ro\/event\/support-with-application-portfolios\/","title":{"rendered":"Spri\u00adjin pen\u00adtru depu\u00adne\u00adrea cere\u00adri\u00adlor de locuri de&nbsp;munc\u0103"},"content":{"rendered":"<blockquote>\n<h1><em><span style=\"color: #666699;\">Pre\u00adg\u0103\u00adti\u021bi-v\u0103 pen\u00adtru apli\u00adca\u00ad\u021bia&nbsp;dvs.<\/span><\/em><\/h1>\n<\/blockquote>\n<p>Pen\u00adtru a v\u0103 faci\u00adli\u00adta \u00eence\u00adpe\u00adrea cari\u00ade\u00adrei, pen\u00adtru a v\u0103 evi\u00adden\u00ad\u021bia punc\u00adte\u00adle forte \u0219i pen\u00adtru a v\u0103 extin\u00adde abi\u00adli\u00adt\u0103\u00ad\u021bi\u00adle, v\u0103 ofe\u00adrim spri\u00adjin \u00een ceea ce pri\u00adve\u0219\u00adte pro\u00adce\u00addu\u00adri\u00adle de apli\u00adca\u00adre, pre\u00adcum \u0219i o veri\u00adfi\u00adca\u00adre a por\u00adto\u00adfo\u00adli\u00adu\u00adlui de apli\u00adca\u00ad\u021bii la sedi\u00adul Beo\u00adNet\u00adzwerk, prin tele\u00adfon, e\u2011mail sau videoconferin\u021b\u0103.<\/p>\n<h3><span style=\"color: #333399;\">Asis\u00adten\u00ad\u021b\u0103 pri\u00advind pro\u00adce\u00addu\u00adri\u00adle de aplicare<\/span><\/h3>\n<h3><span style=\"color: #008080;\">Apli\u00adca\u00ad\u021bie&nbsp;luni<\/span><\/h3>\n<p><strong>Biro\u00adul Beo\u00adNet\u00adzwerk (la Jubez \u2014 Kro\u00adnen\u00adplatz&nbsp;1)<\/strong><\/p>\n<p>Docu\u00admen\u00adte\u00adle dum\u00adne\u00ada\u00advoas\u00adtr\u0103 pot fi veri\u00adfi\u00adca\u00adte de noi <strong>\u00een fie\u00adca\u00adre luni \u00eentre ore\u00adle 14:00 \u0219i 16:30<\/strong>. <strong>F\u0103-\u021bi o pro\u00adgra\u00adma\u00adre<\/strong> cu noi prin \ud83d\udcde tele\u00adfon, What\u00adsA\u00adpp sau \ud83d\udce7 e\u2011mail. Pre\u00adg\u0103\u00adti\u021bi-v\u0103 pen\u00adtru \u00eent\u00e2l\u00adni\u00adre, ast\u00adfel \u00eenc\u00e2t s\u0103 putem con\u00adti\u00adnua s\u0103 lucr\u0103m cu dvs. la o cere\u00adre semnificativ\u0103:<\/p>\n<ul>\n<li>G\u00e2n\u00addi\u021bi-v\u0103 \u00een mod spe\u00adci\u00adfic unde dori\u021bi s\u0103 apli\u00adca\u021bi (pen\u00adtru ce uce\u00adni\u00adcie sau ce post? \u00cen ce companie?)<\/li>\n<li>Ale\u00adge\u021bi un anun\u021b de anga\u00adja\u00adre adecvat.<\/li>\n<li>Cel mai bine este s\u0103 adu\u00adce\u021bi cu dvs. docu\u00admen\u00adte\u00adle \u00een for\u00admat digi\u00adtal (CV \u0219i scri\u00adsoa\u00adre de inten\u021bie).<\/li>\n<\/ul>\n<h3><span style=\"color: #008080;\">Veri\u00adfi\u00adca\u00adrea por\u00adto\u00adfo\u00adli\u00adu\u00adlui de apli\u00adca\u00ad\u021bii la BiZ Karl\u00adsru\u00adhe \u0219i BiZ Rastatt<\/span><\/h3>\n<p>De ase\u00adme\u00adnea, ofe\u00adrim veri\u00adfi\u00adc\u0103ri ale por\u00adto\u00adfo\u00adli\u00adu\u00adlui de apli\u00adca\u00ad\u021bii la BIZ Karl\u00adsru\u00adhe \u0219i BIZ Ras\u00adtatt. Tre\u00adbu\u00adie s\u0103 v\u0103 \u00eenre\u00adgis\u00adtra\u021bi pen\u00adtru aceas\u00adta. Pute\u021bi g\u0103si toa\u00adte infor\u00adma\u00ad\u021bi\u00adi\u00adle aici. <strong>BiZ Karl\u00adsru\u00adhe<\/strong><br>\nC\u00e2nd? \u00centot\u00addea\u00adu\u00adna \u00een <strong>pri\u00adma joi a lunii \u00eentre ore\u00adle 14\u201316<\/strong><br>\nUnde?&nbsp;<\/p>\n<p>  Brau\u00ader\u00adstr. 10, 76135 Karlsruhe<br>\n\u00cenre\u00adgis\u00adtra\u00adre: karlsruhe-rastatt.biz@arbeitsagentur.de <strong>BiZ Ras\u00adtatt<\/strong><br>\nC\u00e2nd? \u00centot\u00addea\u00adu\u00adna \u00een <strong>ulti\u00adma zi de joi a lunii, de la 14 la&nbsp;16<\/strong><br>\nUnde? Karls\u00adtr. 18, 76437 Rastatt<br>\n\u00cenre\u00adgis\u00adtra\u00adre: rastatt.biz@arbeitsagentur.de<\/p>\n<h3><span style=\"color: #333399;\">Mate\u00adri\u00ada\u00adle uti\u00adle pen\u00adtru pre\u00adg\u0103\u00adti\u00adrea inter\u00advi\u00adu\u00adlui de intern\u00adship \u0219i de angajare<\/span><\/h3>\n<ul>\n<li><strong><a href=\"https:\/\/www.beonetzwerk.de\/wp-content\/uploads\/bewerbung_Checkliste-Praktikum.pdf\" rel=\"noopener\">Lis\u00adta de veri\u00adfi\u00adca\u00adre a stagiului<\/a><\/strong><\/li>\n<li><strong><a href=\"https:\/\/www.beonetzwerk.de\/wp-content\/uploads\/bewerbung_Checkliste-Vorstellungsgespraech.pdf\" rel=\"noopener\">Lis\u00adta de veri\u00adfi\u00adca\u00adre pen\u00adtru inter\u00advi\u00adul de angajare<\/a><\/strong><\/li>\n<li><strong><a href=\"https:\/\/www.beonetzwerk.de\/wp-content\/uploads\/bewerbung_typische-Fragen-im-Vorstellungsgespraech.pdf\" rel=\"noopener\">\u00centre\u00adb\u0103ri tipi\u00adce de interviu<\/a><\/strong><\/li>\n<\/ul>\n","protected":false},"author":12,"featured_media":5862,"template":"","class_list":["post-12941","event","type-event","status-publish","has-post-thumbnail","hentry","event_category-munca"],"acf":{"event-recurring":true,"event-category":84,"event-is-language-course":false,"event-recurring-still-active":true,"event-display-details":true,"event-schedules-recurring":[{"event-recurring-week-day":false,"event-recurring-time":"14:00 - 16:30","event-recurring-time-text":""}],"event-schedules-calendar":null,"event-is-online":false,"event-online-url":"","event-location-building":"BeoNetzwerk","event-location-street":"Kronenplatz  1","event-location-zip":"76133","event-location-city":"Karlsruhe","event-location-contact-person":"BeoNetzwerk","event-location-phone":"0721 \u2013 133 5625 ","event-location-phone-2":"WhatsApp: 0177 \u2013 273 82 41 ","event-location-mail":"beonetzwerk@stja.de","event-location-mail-2":"","event-location-website":"https:\/\/www.beonetzwerk.de\/angebote\/unterstuetzung-im-bewerbungsverfahren\/","event-target-group":[{"target-group":""}],"event-target-group-comment":"Persoane cu v\u00e2rsta sub 27 de ani","event-free":true,"event-organiser":[15666],"event-header-copyright-overlay":false,"event-copyright-note-description-end":true},"featured_image_urls_v2":{"full":["https:\/\/www.anika-net.de\/wp-content\/uploads\/2021\/10\/csm_Beo_01_b61d871bba.png",1202,806,false],"thumbnail":["https:\/\/www.anika-net.de\/wp-content\/uploads\/2021\/10\/csm_Beo_01_b61d871bba-150x150.png",150,150,true],"medium":["https:\/\/www.anika-net.de\/wp-content\/uploads\/2021\/10\/csm_Beo_01_b61d871bba-300x201.png",300,201,true],"medium_large":["https:\/\/www.anika-net.de\/wp-content\/uploads\/2021\/10\/csm_Beo_01_b61d871bba-768x515.png",640,429,true],"large":["https:\/\/www.anika-net.de\/wp-content\/uploads\/2021\/10\/csm_Beo_01_b61d871bba-1024x687.png",640,429,true],"1536x1536":["https:\/\/www.anika-net.de\/wp-content\/uploads\/2021\/10\/csm_Beo_01_b61d871bba.png",1202,806,false],"2048x2048":["https:\/\/www.anika-net.de\/wp-content\/uploads\/2021\/10\/csm_Beo_01_b61d871bba.png",1202,806,false],"event-overview":["https:\/\/www.anika-net.de\/wp-content\/uploads\/2021\/10\/csm_Beo_01_b61d871bba-960x640.png",960,640,true],"event-archive-thumb":["https:\/\/www.anika-net.de\/wp-content\/uploads\/2021\/10\/csm_Beo_01_b61d871bba.png",480,322,false],"grid-item-thumbnail":["https:\/\/www.anika-net.de\/wp-content\/uploads\/2021\/10\/csm_Beo_01_b61d871bba-360x200.png",360,200,true],"network-partner-icon":["https:\/\/www.anika-net.de\/wp-content\/uploads\/2021\/10\/csm_Beo_01_b61d871bba-100x100.png",100,100,true],"organiser-icon":["https:\/\/www.anika-net.de\/wp-content\/uploads\/2021\/10\/csm_Beo_01_b61d871bba.png",200,134,false],"gform-image-choice-sm":["https:\/\/www.anika-net.de\/wp-content\/uploads\/2021\/10\/csm_Beo_01_b61d871bba.png",300,201,false],"gform-image-choice-md":["https:\/\/www.anika-net.de\/wp-content\/uploads\/2021\/10\/csm_Beo_01_b61d871bba.png",400,268,false],"gform-image-choice-lg":["https:\/\/www.anika-net.de\/wp-content\/uploads\/2021\/10\/csm_Beo_01_b61d871bba.png",600,402,false]},"post_excerpt_stackable_v2":"<p>Pre\u00ad\u00adg\u0103\u00ad\u00ad\u00adti\u021bi-v\u0103 pen\u00adtru apli\u00adca\u00ad\u021bia&nbsp;dvs. Pen\u00adtru a v\u0103 faci\u00adli\u00adta \u00eence\u00adpe\u00adrea cari\u00ade\u00adrei, pen\u00adtru a v\u0103 evi\u00adden\u00ad\u021bia punc\u00adte\u00adle forte \u0219i pen\u00adtru a v\u0103 extin\u00adde abi\u00adli\u00adt\u0103\u00ad\u021bi\u00adle, v\u0103 ofe\u00adrim spri\u00adjin \u00een ceea ce pri\u00adve\u0219\u00adte pro\u00adce\u00addu\u00adri\u00adle de apli\u00adca\u00adre, pre\u00adcum \u0219i o veri\u00adfi\u00adca\u00adre a por\u00adto\u00adfo\u00adli\u00adu\u00adlui de apli\u00adca\u00ad\u021bii la sedi\u00adul Beo\u00adNet\u00adzwerk, prin tele\u00adfon, e\u2011mail sau vide\u00ado\u00adcon\u00adfe\u00adrin\u00ad\u021b\u0103. Asis\u00adten\u00ad\u021b\u0103 pri\u00advind pro\u00adce\u00addu\u00adri\u00adle de apli\u00adca\u00adre Apli\u00adca\u00ad\u021bie&nbsp;luni Biro\u00adul Beo\u00adNet\u00adzwerk (la Jubez \u2014 Kro\u00adnen\u00adplatz&nbsp;1) Docu\u00admen\u00adte\u00adle dum\u00adne\u00ada\u00advoas\u00adtr\u0103 pot fi veri\u00adfi\u00adca\u00adte de noi \u00een fie\u00adca\u00adre luni \u00eentre ore\u00adle 14:00 \u0219i 16:30. F\u0103-\u021bi o pro\u00adgra\u00adma\u00adre cu noi prin \ud83d\udcde tele\u00adfon, What\u00adsA\u00adpp sau \ud83d\udce7 e\u2011mail. Pre\u00ad\u00adg\u0103\u00ad\u00ad\u00adti\u021bi-v\u0103 pen\u00adtru \u00eent\u00e2l\u00adni\u00adre, ast\u00adfel \u00eenc\u00e2t s\u0103 putem con\u00adti\u00adnua s\u0103 lucr\u0103m cu dvs. la&nbsp;o\u2026<\/p>\n","category_list_v2":"","author_info_v2":{"name":"Andrea Ramirez","url":"https:\/\/www.anika-net.de\/ro\/author\/andrea-ramirez\/"},"comments_num_v2":"0 comments","uagb_featured_image_src":{"full":["https:\/\/www.anika-net.de\/wp-content\/uploads\/2021\/10\/csm_Beo_01_b61d871bba.png",1202,806,false],"thumbnail":["https:\/\/www.anika-net.de\/wp-content\/uploads\/2021\/10\/csm_Beo_01_b61d871bba-150x150.png",150,150,true],"medium":["https:\/\/www.anika-net.de\/wp-content\/uploads\/2021\/10\/csm_Beo_01_b61d871bba-300x201.png",300,201,true],"medium_large":["https:\/\/www.anika-net.de\/wp-content\/uploads\/2021\/10\/csm_Beo_01_b61d871bba-768x515.png",640,429,true],"large":["https:\/\/www.anika-net.de\/wp-content\/uploads\/2021\/10\/csm_Beo_01_b61d871bba-1024x687.png",640,429,true],"1536x1536":["https:\/\/www.anika-net.de\/wp-content\/uploads\/2021\/10\/csm_Beo_01_b61d871bba.png",1202,806,false],"2048x2048":["https:\/\/www.anika-net.de\/wp-content\/uploads\/2021\/10\/csm_Beo_01_b61d871bba.png",1202,806,false],"event-overview":["https:\/\/www.anika-net.de\/wp-content\/uploads\/2021\/10\/csm_Beo_01_b61d871bba-960x640.png",960,640,true],"event-archive-thumb":["https:\/\/www.anika-net.de\/wp-content\/uploads\/2021\/10\/csm_Beo_01_b61d871bba.png",480,322,false],"grid-item-thumbnail":["https:\/\/www.anika-net.de\/wp-content\/uploads\/2021\/10\/csm_Beo_01_b61d871bba-360x200.png",360,200,true],"network-partner-icon":["https:\/\/www.anika-net.de\/wp-content\/uploads\/2021\/10\/csm_Beo_01_b61d871bba-100x100.png",100,100,true],"organiser-icon":["https:\/\/www.anika-net.de\/wp-content\/uploads\/2021\/10\/csm_Beo_01_b61d871bba.png",200,134,false],"gform-image-choice-sm":["https:\/\/www.anika-net.de\/wp-content\/uploads\/2021\/10\/csm_Beo_01_b61d871bba.png",300,201,false],"gform-image-choice-md":["https:\/\/www.anika-net.de\/wp-content\/uploads\/2021\/10\/csm_Beo_01_b61d871bba.png",400,268,false],"gform-image-choice-lg":["https:\/\/www.anika-net.de\/wp-content\/uploads\/2021\/10\/csm_Beo_01_b61d871bba.png",600,402,false]},"uagb_author_info":{"display_name":"Andrea Ramirez","author_link":"https:\/\/www.anika-net.de\/ro\/author\/andrea-ramirez\/"},"uagb_comment_info":0,"uagb_excerpt":"Pre\u00adg\u0103\u00adti\u021bi-v\u0103 pen\u00adtru apli\u00adca\u00ad\u021bia&nbsp;dvs. Pen\u00adtru a v\u0103 faci\u00adli\u00adta \u00eence\u00adpe\u00adrea cari\u00ade\u00adrei, pen\u00adtru a v\u0103 evi\u00adden\u00ad\u021bia punc\u00adte\u00adle forte \u0219i pen\u00adtru a v\u0103 extin\u00adde abi\u00adli\u00adt\u0103\u00ad\u021bi\u00adle, v\u0103 ofe\u00adrim spri\u00adjin \u00een ceea ce pri\u00adve\u0219\u00adte pro\u00adce\u00addu\u00adri\u00adle de&nbsp;Citi\u021bi mai mult","_links":{"self":[{"href":"https:\/\/www.anika-net.de\/ro\/wp-json\/wp\/v2\/event\/12941","targetHints":{"allow":["GET"]}}],"collection":[{"href":"https:\/\/www.anika-net.de\/ro\/wp-json\/wp\/v2\/event"}],"about":[{"href":"https:\/\/www.anika-net.de\/ro\/wp-json\/wp\/v2\/types\/event"}],"author":[{"embeddable":true,"href":"https:\/\/www.anika-net.de\/ro\/wp-json\/wp\/v2\/users\/12"}],"version-history":[{"count":1,"href":"https:\/\/www.anika-net.de\/ro\/wp-json\/wp\/v2\/event\/12941\/revisions"}],"predecessor-version":[{"id":54241,"href":"https:\/\/www.anika-net.de\/ro\/wp-json\/wp\/v2\/event\/12941\/revisions\/54241"}],"acf:post":[{"embeddable":true,"href":"https:\/\/www.anika-net.de\/ro\/wp-json\/wp\/v2\/organiser\/15666"}],"acf:term":[{"embeddable":true,"taxonomy":"event_category","href":"https:\/\/www.anika-net.de\/ro\/wp-json\/wp\/v2\/event_category\/84"}],"wp:featuredmedia":[{"embeddable":true,"href":"https:\/\/www.anika-net.de\/ro\/wp-json\/wp\/v2\/media\/5862"}],"wp:attachment":[{"href":"https:\/\/www.anika-net.de\/ro\/wp-json\/wp\/v2\/media?parent=12941"}],"curies":[{"name":"wp","href":"https:\/\/api.w.org\/{rel}","templated":true}]}}