{"id":12913,"date":"2019-02-04T15:13:01","date_gmt":"2019-02-04T14:13:01","guid":{"rendered":"https:\/\/www.anika-net.de\/event\/room-in-dormitories\/"},"modified":"2026-04-21T13:12:31","modified_gmt":"2026-04-21T11:12:31","slug":"room-in-dormitories","status":"publish","type":"event","link":"https:\/\/www.anika-net.de\/ro\/event\/room-in-dormitories\/","title":{"rendered":"Cau\u021bi o came\u00adr\u0103 \u00een Karl\u00adsru\u00adhe? \u2014 Studierendenwerk"},"content":{"rendered":"<h3><strong>Stu\u00addi\u00ade\u00adren\u00addenwerk Karlsruhe&nbsp;<\/strong><\/h3>\n\n<h3 class=\"wp-block-heading\"><em><strong>Stu\u00addi\u00ade\u00adren\u00addenwerk Karl\u00adsru\u00adhe v\u0103 poa\u00adte aju\u00adta s\u0103 g\u0103si\u021bi o came\u00adr\u0103 \u00eentr-unul din\u00adtre cele 20 de dor\u00admi\u00adtoa\u00adre comu\u00adne din Karl\u00adsru\u00adhe \u0219i \u00een \u00eemprejurimi.<\/strong><\/em><\/h3>\n\n<p>Dac\u0103 <strong>sun\u00adte\u021bi \u00een c\u0103u\u00adta\u00adrea unui loc de stu\u00addii<\/strong> care s\u0103 v\u0103 ofe\u00adre tot ce v\u0103 pute\u021bi dori, a\u021bi ajuns la locul potri\u00advit. G\u0103si\u00adrea unei locu\u00adin\u00ad\u021be potri\u00advi\u00adte \u00een cel de-al tre\u00adi\u00adlea ora\u0219 ca m\u0103ri\u00adme din Baden-W\u00fcrt\u00adtem\u00adberg nu este \u00eentot\u00addea\u00adu\u00adna u\u0219oar\u0103.&nbsp;<\/p>\n\n<p>Echi\u00adpa depar\u00adta\u00admen\u00adtu\u00adlui de locu\u00adin\u00ad\u021be este bucu\u00adroa\u00ads\u0103 s\u0103 v\u0103 aju\u00adte. Pe l\u00e2n\u00adg\u0103 c\u0103mi\u00adne\u00adle noas\u00adtre pro\u00adprii, <strong>ofe\u00adrim \u0219i un <a href=\"https:\/\/www.sw-ka.de\/de\/wohnen\/zimmervermittlung\/\" rel=\"noopener\">ser\u00advi\u00adciu gra\u00adtu\u00adit de pla\u00adsa\u00adre \u00een came\u00adre pri\u00adva\u00adte<\/a><\/strong>. \u00cen plus, ofe\u00adrim sfa\u00adturi cu pri\u00advi\u00adre la toa\u00adte aspec\u00adte\u00adle lega\u00adte de g\u0103si\u00adrea unei locuin\u021be.&nbsp;<\/p>\n\n<p>De ase\u00adme\u00adnea, sun\u00adtem bucu\u00adro\u0219i s\u0103 v\u0103 aju\u00adt\u0103m prin e\u2011mail, tele\u00adfon sau per\u00adso\u00adnal!<br><strong>Con\u00adtac\u00adta\u021bi-ne!<\/strong><\/p>\n\n<div class=\"wp-block-stackable-divider stk-block-divider stk-block stk-266be1d\" data-block-id=\"266be1d\"><hr class=\"stk-block-divider__hr\"><\/div>\n\n<h4 class=\"wp-block-heading\"><strong> <a href=\"https:\/\/www.sw-ka.de\/de\/wohnen\/zimmervermittlung\/privatzimmer_suchen\/\" rel=\"noopener\">G\u0103si\u021bi came\u00adre pri\u00adva\u00adte pen\u00adtru studen\u021bi<\/a><\/strong><\/h4>\n","protected":false},"author":12,"featured_media":121190,"template":"","class_list":["post-12913","event","type-event","status-publish","has-post-thumbnail","hentry","event_category-cazare"],"acf":{"event-recurring":true,"event-category":80,"event-is-language-course":false,"event-recurring-still-active":true,"event-display-details":true,"event-schedules-recurring":[{"event-recurring-week-day":false,"event-recurring-time":"","event-recurring-time-text":""},{"event-recurring-week-day":"1","event-recurring-time":"","event-recurring-time-text":""},{"event-recurring-week-day":"2","event-recurring-time":"","event-recurring-time-text":""},{"event-recurring-week-day":"3","event-recurring-time":"","event-recurring-time-text":""},{"event-recurring-week-day":"4","event-recurring-time":"","event-recurring-time-text":"09:00-14:00 | Disponibilitate prin telefon  "}],"event-schedules-calendar":null,"event-is-online":true,"event-online-url":"","event-location-building":"Studierendenwerk Karlsruhe Abteilung Wohnen","event-location-street":"Adenauerring  7","event-location-zip":"76131","event-location-city":"Karlsruhe","event-location-contact-person":"","event-location-phone":"0721 69 09-0","event-location-phone-2":"","event-location-mail":"wohnen@sw-ka.de","event-location-mail-2":"","event-location-website":"https:\/\/www.sw-ka.de\/de\/wohnen\/wohnheime_ka\/","event-target-group":[{"target-group":""}],"event-target-group-comment":"studen\u021bi universitari  ","event-free":false,"event-organiser":[16582],"event-header-copyright-overlay":true,"event-copyright-note-description-end":true},"featured_image_urls_v2":{"full":["https:\/\/www.anika-net.de\/wp-content\/uploads\/2019\/02\/front-view-back-school-assortment-new-normal-times-scaled-e1776763910378.jpg",2560,1395,false],"thumbnail":["https:\/\/www.anika-net.de\/wp-content\/uploads\/2019\/02\/front-view-back-school-assortment-new-normal-times-scaled-e1776763910378-150x150.jpg",150,150,true],"medium":["https:\/\/www.anika-net.de\/wp-content\/uploads\/2019\/02\/front-view-back-school-assortment-new-normal-times-scaled-e1776763910378-300x163.jpg",300,163,true],"medium_large":["https:\/\/www.anika-net.de\/wp-content\/uploads\/2019\/02\/front-view-back-school-assortment-new-normal-times-scaled-e1776763910378-768x419.jpg",640,349,true],"large":["https:\/\/www.anika-net.de\/wp-content\/uploads\/2019\/02\/front-view-back-school-assortment-new-normal-times-scaled-e1776763910378-1024x558.jpg",640,349,true],"1536x1536":["https:\/\/www.anika-net.de\/wp-content\/uploads\/2019\/02\/front-view-back-school-assortment-new-normal-times-scaled-e1776763910378-1536x837.jpg",1536,837,true],"2048x2048":["https:\/\/www.anika-net.de\/wp-content\/uploads\/2019\/02\/front-view-back-school-assortment-new-normal-times-scaled-e1776763910378-2048x1116.jpg",2048,1116,true],"event-overview":["https:\/\/www.anika-net.de\/wp-content\/uploads\/2019\/02\/front-view-back-school-assortment-new-normal-times-scaled-e1776763910378-960x640.jpg",960,640,true],"event-archive-thumb":["https:\/\/www.anika-net.de\/wp-content\/uploads\/2019\/02\/front-view-back-school-assortment-new-normal-times-scaled-e1776763910378-480x262.jpg",480,262,true],"grid-item-thumbnail":["https:\/\/www.anika-net.de\/wp-content\/uploads\/2019\/02\/front-view-back-school-assortment-new-normal-times-scaled-e1776763910378-360x200.jpg",360,200,true],"network-partner-icon":["https:\/\/www.anika-net.de\/wp-content\/uploads\/2019\/02\/front-view-back-school-assortment-new-normal-times-scaled-e1776763910378-100x100.jpg",100,100,true],"organiser-icon":["https:\/\/www.anika-net.de\/wp-content\/uploads\/2019\/02\/front-view-back-school-assortment-new-normal-times-scaled-e1776763910378-200x200.jpg",200,200,true],"gform-image-choice-sm":["https:\/\/www.anika-net.de\/wp-content\/uploads\/2019\/02\/front-view-back-school-assortment-new-normal-times-scaled-e1776763910378-300x300.jpg",300,300,true],"gform-image-choice-md":["https:\/\/www.anika-net.de\/wp-content\/uploads\/2019\/02\/front-view-back-school-assortment-new-normal-times-scaled-e1776763910378-400x400.jpg",400,400,true],"gform-image-choice-lg":["https:\/\/www.anika-net.de\/wp-content\/uploads\/2019\/02\/front-view-back-school-assortment-new-normal-times-scaled-e1776763910378-600x600.jpg",600,600,true]},"post_excerpt_stackable_v2":"<p>Stu\u00addi\u00ade\u00adren\u00addenwerk Karl\u00adsru\u00adhe&nbsp; Stu\u00addi\u00ade\u00adren\u00addenwerk Karl\u00adsru\u00adhe v\u0103 poa\u00adte aju\u00adta s\u0103 g\u0103si\u021bi o came\u00adr\u0103 \u00eentr-unul din\u00adtre cele 20 de dor\u00admi\u00adtoa\u00adre comu\u00adne din Karl\u00adsru\u00adhe \u0219i \u00een \u00eempre\u00adju\u00adri\u00admi. Dac\u0103 sun\u00adte\u021bi \u00een c\u0103u\u00adta\u00adrea unui loc de stu\u00addii care s\u0103 v\u0103 ofe\u00adre tot ce v\u0103 pute\u021bi dori, a\u021bi ajuns la locul potri\u00advit. G\u0103si\u00adrea unei locu\u00adin\u00ad\u021be potri\u00advi\u00adte \u00een cel de-al tre\u00adi\u00adlea ora\u0219 ca m\u0103ri\u00adme din Baden-W\u00fcr\u00adt\u00ad\u00adtem\u00ad\u00adberg nu este \u00eentot\u00addea\u00adu\u00adna u\u0219oa\u00adr\u0103.&nbsp; Echi\u00adpa depar\u00adta\u00admen\u00adtu\u00adlui de locu\u00adin\u00ad\u021be este bucu\u00adroa\u00ads\u0103 s\u0103 v\u0103 aju\u00adte. Pe l\u00e2n\u00adg\u0103 c\u0103mi\u00adne\u00adle noas\u00adtre pro\u00adprii, ofe\u00adrim \u0219i un ser\u00advi\u00adciu gra\u00adtu\u00adit de pla\u00adsa\u00adre \u00een came\u00adre pri\u00adva\u00adte. \u00cen plus, ofe\u00adrim sfa\u00adturi cu pri\u00advi\u00adre la toa\u00adte aspec\u00adte\u00adle lega\u00adte de g\u0103si\u00adrea unei locuin\u021be.&nbsp;\u2026<\/p>\n","category_list_v2":"","author_info_v2":{"name":"Andrea Ramirez","url":"https:\/\/www.anika-net.de\/ro\/author\/andrea-ramirez\/"},"comments_num_v2":"0 comments","uagb_featured_image_src":{"full":["https:\/\/www.anika-net.de\/wp-content\/uploads\/2019\/02\/front-view-back-school-assortment-new-normal-times-scaled-e1776763910378.jpg",2560,1395,false],"thumbnail":["https:\/\/www.anika-net.de\/wp-content\/uploads\/2019\/02\/front-view-back-school-assortment-new-normal-times-scaled-e1776763910378-150x150.jpg",150,150,true],"medium":["https:\/\/www.anika-net.de\/wp-content\/uploads\/2019\/02\/front-view-back-school-assortment-new-normal-times-scaled-e1776763910378-300x163.jpg",300,163,true],"medium_large":["https:\/\/www.anika-net.de\/wp-content\/uploads\/2019\/02\/front-view-back-school-assortment-new-normal-times-scaled-e1776763910378-768x419.jpg",640,349,true],"large":["https:\/\/www.anika-net.de\/wp-content\/uploads\/2019\/02\/front-view-back-school-assortment-new-normal-times-scaled-e1776763910378-1024x558.jpg",640,349,true],"1536x1536":["https:\/\/www.anika-net.de\/wp-content\/uploads\/2019\/02\/front-view-back-school-assortment-new-normal-times-scaled-e1776763910378-1536x837.jpg",1536,837,true],"2048x2048":["https:\/\/www.anika-net.de\/wp-content\/uploads\/2019\/02\/front-view-back-school-assortment-new-normal-times-scaled-e1776763910378-2048x1116.jpg",2048,1116,true],"event-overview":["https:\/\/www.anika-net.de\/wp-content\/uploads\/2019\/02\/front-view-back-school-assortment-new-normal-times-scaled-e1776763910378-960x640.jpg",960,640,true],"event-archive-thumb":["https:\/\/www.anika-net.de\/wp-content\/uploads\/2019\/02\/front-view-back-school-assortment-new-normal-times-scaled-e1776763910378-480x262.jpg",480,262,true],"grid-item-thumbnail":["https:\/\/www.anika-net.de\/wp-content\/uploads\/2019\/02\/front-view-back-school-assortment-new-normal-times-scaled-e1776763910378-360x200.jpg",360,200,true],"network-partner-icon":["https:\/\/www.anika-net.de\/wp-content\/uploads\/2019\/02\/front-view-back-school-assortment-new-normal-times-scaled-e1776763910378-100x100.jpg",100,100,true],"organiser-icon":["https:\/\/www.anika-net.de\/wp-content\/uploads\/2019\/02\/front-view-back-school-assortment-new-normal-times-scaled-e1776763910378-200x200.jpg",200,200,true],"gform-image-choice-sm":["https:\/\/www.anika-net.de\/wp-content\/uploads\/2019\/02\/front-view-back-school-assortment-new-normal-times-scaled-e1776763910378-300x300.jpg",300,300,true],"gform-image-choice-md":["https:\/\/www.anika-net.de\/wp-content\/uploads\/2019\/02\/front-view-back-school-assortment-new-normal-times-scaled-e1776763910378-400x400.jpg",400,400,true],"gform-image-choice-lg":["https:\/\/www.anika-net.de\/wp-content\/uploads\/2019\/02\/front-view-back-school-assortment-new-normal-times-scaled-e1776763910378-600x600.jpg",600,600,true]},"uagb_author_info":{"display_name":"Andrea Ramirez","author_link":"https:\/\/www.anika-net.de\/ro\/author\/andrea-ramirez\/"},"uagb_comment_info":0,"uagb_excerpt":"Stu\u00addi\u00ade\u00adren\u00addenwerk Karlsruhe&nbsp; Stu\u00addi\u00ade\u00adren\u00addenwerk Karl\u00adsru\u00adhe v\u0103 poa\u00adte aju\u00adta s\u0103 g\u0103si\u021bi o came\u00adr\u0103 \u00eentr-unul din\u00adtre cele 20 de dor\u00admi\u00adtoa\u00adre comu\u00adne din Karl\u00adsru\u00adhe \u0219i \u00een \u00eemprejurimi. Dac\u0103 sun\u00adte\u021bi \u00een c\u0103u\u00adta\u00adrea unui loc de&nbsp;Citi\u021bi mai mult","_links":{"self":[{"href":"https:\/\/www.anika-net.de\/ro\/wp-json\/wp\/v2\/event\/12913","targetHints":{"allow":["GET"]}}],"collection":[{"href":"https:\/\/www.anika-net.de\/ro\/wp-json\/wp\/v2\/event"}],"about":[{"href":"https:\/\/www.anika-net.de\/ro\/wp-json\/wp\/v2\/types\/event"}],"author":[{"embeddable":true,"href":"https:\/\/www.anika-net.de\/ro\/wp-json\/wp\/v2\/users\/12"}],"version-history":[{"count":2,"href":"https:\/\/www.anika-net.de\/ro\/wp-json\/wp\/v2\/event\/12913\/revisions"}],"predecessor-version":[{"id":121316,"href":"https:\/\/www.anika-net.de\/ro\/wp-json\/wp\/v2\/event\/12913\/revisions\/121316"}],"acf:post":[{"embeddable":true,"href":"https:\/\/www.anika-net.de\/ro\/wp-json\/wp\/v2\/organiser\/16582"}],"acf:term":[{"embeddable":true,"taxonomy":"event_category","href":"https:\/\/www.anika-net.de\/ro\/wp-json\/wp\/v2\/event_category\/80"}],"wp:featuredmedia":[{"embeddable":true,"href":"https:\/\/www.anika-net.de\/ro\/wp-json\/wp\/v2\/media\/121190"}],"wp:attachment":[{"href":"https:\/\/www.anika-net.de\/ro\/wp-json\/wp\/v2\/media?parent=12913"}],"curies":[{"name":"wp","href":"https:\/\/api.w.org\/{rel}","templated":true}]}}