{"id":12901,"date":"2019-02-07T10:17:24","date_gmt":"2019-02-07T09:17:24","guid":{"rendered":"https:\/\/www.anika-net.de\/event\/recognition-qualification\/"},"modified":"2024-06-19T15:11:36","modified_gmt":"2024-06-19T13:11:36","slug":"recognition-qualification","status":"publish","type":"event","link":"https:\/\/www.anika-net.de\/ro\/event\/recognition-qualification\/","title":{"rendered":"Cali\u00adfi\u00adc\u0103ri de adap\u00adta\u00adre pen\u00adtru pro\u00adfe\u00adsi\u00adi\u00adle din dome\u00adni\u00adul s\u0103n\u0103t\u0103\u021bii"},"content":{"rendered":"<blockquote>\n<h3><span style=\"color: #ffcc00;\"><em>Recu\u00adnoa\u0219\u00adte\u00adrea \u00eenseam\u00adn\u0103 c\u0103 o cali\u00adfi\u00adca\u00adre pro\u00adfe\u00adsio\u00adna\u00adl\u0103 str\u0103\u00adi\u00adn\u0103 este echi\u00adva\u00adlen\u00adt\u0103 din punct de vede\u00adre juri\u00addic cu o cali\u00adfi\u00adca\u00adre pro\u00adfe\u00adsio\u00adna\u00adl\u0103 ger\u00adma\u00adn\u0103. Atunci c\u00e2nd auto\u00adri\u00adt\u0103\u00ad\u021bi\u00adle ger\u00adma\u00adne veri\u00adfi\u00adc\u0103 echi\u00adva\u00adlen\u00ad\u021ba cali\u00adfi\u00adc\u0103\u00adrii dum\u00adne\u00ada\u00advoas\u00adtr\u0103, acest lucru se nume\u0219\u00adte \u201cpro\u00adce\u00addu\u00adr\u0103 de recu\u00adnoa\u0219\u00adte\u00adre\u201d sau \u201cveri\u00adfi\u00adca\u00adre a echi\u00adva\u00adlen\u00ad\u021bei\u201d.<\/em> <\/span><\/h3>\n<\/blockquote>\n<h3><span style=\"color: #666699;\"><strong>Pro\u00adfe\u00adsii din dome\u00adni\u00adul s\u0103n\u0103t\u0103\u021bii<\/strong><\/span><\/h3>\n<h2><span style=\"color: #008080;\">Cali\u00adfi\u00adc\u0103ri de adap\u00adta\u00adre pen\u00adtru pro\u00adfe\u00adsi\u00adi\u00adle din dome\u00adni\u00adul s\u0103n\u0103t\u0103\u021bii<\/span><\/h2>\n<p>Pro\u00adfe\u00adsi\u00ado\u00adni\u0219\u00adtii din dome\u00adni\u00adul s\u0103n\u0103\u00adt\u0103\u00ad\u021bii cu for\u00adma\u00adre din \u021b\u0103ri din afa\u00adra UE pri\u00admesc, de obi\u00adcei, o recu\u00adnoa\u0219\u00adte\u00adre par\u00ad\u021bi\u00ada\u00adl\u0103 \u0219i tre\u00adbu\u00adie s\u0103 fina\u00adli\u00adze\u00adze o post\u00adca\u00adli\u00adfi\u00adca\u00adre pen\u00adtru a putea lucra ca spe\u00adcia\u00adlist \u00een Ger\u00adma\u00adnia. Post-cali\u00adfi\u00adca\u00adrea poa\u00adte lua for\u00adma unui curs de adap\u00adta\u00adre \u00eentr\u2011o cli\u00adni\u00adc\u0103 de \u00eengri\u00adjiri acu\u00adte sau a unui test de cuno\u0219\u00adtin\u00ad\u021be. vide ter\u00adra con\u00adsi\u00adli\u00ada\u00adz\u0103 \u0219i spri\u00adji\u00adn\u0103 indi\u00advi\u00addu\u00adal pro\u00adfe\u00adsi\u00ado\u00adni\u0219\u00adtii inter\u00adna\u021bio\u00adnali din dome\u00adni\u00adul s\u0103n\u0103\u00adt\u0103\u00ad\u021bii \u0219i cli\u00adni\u00adci\u00adle \u00een peri\u00adoa\u00adda post-cali\u00adfi\u00adca\u00adre \u00een con\u00adtex\u00adtul pro\u00adce\u00addu\u00adrii de recunoa\u0219tere.<\/p>\n<p>Ofer\u00adta noas\u00adtr\u0103 se adreseaz\u0103:<\/p>\n<h4>Pro\u00adfe\u00adsi\u00ado\u00adni\u0219ti din dome\u00adni\u00adul s\u0103n\u0103t\u0103\u021bii<\/h4>\n<ul>\n<li>A\u021bi ob\u021bi\u00adnut o cali\u00adfi\u00adca\u00adre ca pro\u00adfe\u00adsi\u00ado\u00adnist \u00een dome\u00adni\u00adul s\u0103n\u0103\u00adt\u0103\u00ad\u021bii \u00een str\u0103\u00adi\u00adn\u0103\u00adta\u00adte \u0219i a\u021bi dori s\u0103 lucra\u021bi \u00een Baden-W\u00fcrt\u00adtem\u00adberg \u00een pro\u00adfe\u00adsia pe care a\u021bi \u00eenv\u0103\u021bat\u2011o?<\/li>\n<li>Ave\u021bi o recu\u00adnoa\u0219\u00adte\u00adre par\u00ad\u021bi\u00ada\u00adl\u0103 din par\u00adtea Con\u00adsi\u00adli\u00adu\u00adlui Regio\u00adnal Stuttgart?<\/li>\n<li>Sun\u00adte\u021bi \u00een c\u0103u\u00adta\u00adrea unui curs de adap\u00adta\u00adre \u00een Baden-W\u00fcrttemberg?<\/li>\n<\/ul>\n<p><strong>Cli\u00adnici<\/strong><\/p>\n<ul>\n<li>Dori\u021bi s\u0103 atra\u00adge\u021bi pro\u00adfe\u00adsi\u00ado\u00adni\u0219ti inter\u00adna\u021bio\u00adnali din dome\u00adni\u00adul s\u0103n\u0103t\u0103\u021bii?<\/li>\n<li>Dori\u021bi s\u0103 ofe\u00adri\u021bi cur\u00adsuri de adap\u00adta\u00adre la cli\u00adni\u00adca dumneavoastr\u0103?<\/li>\n<li>Sun\u00adte\u021bi \u00een c\u0103u\u00adta\u00adrea unui spri\u00adjin \u00een mate\u00adrie de cali\u00adfi\u00adca\u00adre pen\u00adtru pro\u00adfe\u00adsi\u00ado\u00adni\u0219\u00adtii dum\u00adne\u00ada\u00advoas\u00adtr\u0103 interna\u021bionali?<\/li>\n<\/ul>\n<p><strong>\ud83d\udcce<\/strong> <a href=\"https:\/\/www.diakonie-baden.de\/fileadmin\/user_upload\/Dokumente\/Verband\/Migration_Flucht\/Vide_Terra\/vide-terra-flyer2023-web.pdf\" rel=\"noopener\"><strong>Pli\u00adant<\/strong><\/a><\/p>\n<p><strong><span style=\"color: #008080;\">Cerin\u00ad\u021be:<\/span><\/strong><\/p>\n<ul>\n<li>For\u00adma\u00adre pro\u00adfe\u00adsio\u00adna\u00adl\u0103 ca pro\u00adfe\u00adsi\u00ado\u00adnist \u00een dome\u00adni\u00adul s\u0103n\u0103\u00adt\u0103\u00ad\u021bii \u00een str\u0103\u00adi\u00adn\u0103\u00adta\u00adte, fina\u00adli\u00adza\u00adt\u0103 inte\u00adgral \u0219i recu\u00adnos\u00adcu\u00adt\u0103 de&nbsp;stat<\/li>\n<li>Noti\u00adfi\u00adca\u00adre din par\u00adtea Con\u00adsi\u00adli\u00adu\u00adlui Regio\u00adnal Stut\u00adtgart cu cerin\u00ad\u021ba de postcalificare<\/li>\n<li>Cer\u00adti\u00adfi\u00adcat ling\u00advis\u00adtic B2 sau mai&nbsp;bun<\/li>\n<\/ul>\n","protected":false},"author":12,"featured_media":50460,"template":"","class_list":["post-12901","event","type-event","status-publish","has-post-thumbnail","hentry","event_category-asistenta"],"acf":{"event-recurring":true,"event-category":81,"event-is-language-course":false,"event-recurring-still-active":true,"event-display-details":true,"event-schedules-recurring":null,"event-schedules-calendar":null,"event-is-online":false,"event-online-url":"","event-location-building":"vide terra - Diakonisches Werk Baden","event-location-street":"Vorholzstra\u00dfe 3","event-location-zip":"76137","event-location-city":"Karlsruhe","event-location-contact-person":"Dilek Gezer \/ Melanie Beulich","event-location-phone":"0170 8541807","event-location-phone-2":"0175 7637964","event-location-mail":"dgezer@diakonie-baden.de","event-location-mail-2":"mbeulich@diakonie-baden.de","event-location-website":"https:\/\/www.diakonie-baden.de\/verband\/migration-flucht\/vide-terra-uebersicht\/vide-terra-gesundheitsfachberufe","event-target-group":[{"target-group":""}],"event-target-group-comment":"Profesioni\u0219ti interna\u021bionali din domeniul s\u0103n\u0103t\u0103\u021bii cu recunoa\u0219tere par\u021bial\u0103","event-free":true,"event-organiser":[15664,50434],"event-header-copyright-overlay":true,"event-copyright-note-description-end":false},"featured_image_urls_v2":{"full":["https:\/\/www.anika-net.de\/wp-content\/uploads\/2019\/02\/vide-terra.jpg",1000,399,false],"thumbnail":["https:\/\/www.anika-net.de\/wp-content\/uploads\/2019\/02\/vide-terra-150x150.jpg",150,150,true],"medium":["https:\/\/www.anika-net.de\/wp-content\/uploads\/2019\/02\/vide-terra-300x120.jpg",300,120,true],"medium_large":["https:\/\/www.anika-net.de\/wp-content\/uploads\/2019\/02\/vide-terra-768x306.jpg",640,255,true],"large":["https:\/\/www.anika-net.de\/wp-content\/uploads\/2019\/02\/vide-terra.jpg",640,255,false],"1536x1536":["https:\/\/www.anika-net.de\/wp-content\/uploads\/2019\/02\/vide-terra.jpg",1000,399,false],"2048x2048":["https:\/\/www.anika-net.de\/wp-content\/uploads\/2019\/02\/vide-terra.jpg",1000,399,false],"event-overview":["https:\/\/www.anika-net.de\/wp-content\/uploads\/2019\/02\/vide-terra-960x399.jpg",960,399,true],"event-archive-thumb":["https:\/\/www.anika-net.de\/wp-content\/uploads\/2019\/02\/vide-terra-480x192.jpg",480,192,true],"grid-item-thumbnail":["https:\/\/www.anika-net.de\/wp-content\/uploads\/2019\/02\/vide-terra-360x200.jpg",360,200,true],"network-partner-icon":["https:\/\/www.anika-net.de\/wp-content\/uploads\/2019\/02\/vide-terra-100x100.jpg",100,100,true],"organiser-icon":["https:\/\/www.anika-net.de\/wp-content\/uploads\/2019\/02\/vide-terra-200x200.jpg",200,200,true],"gform-image-choice-sm":["https:\/\/www.anika-net.de\/wp-content\/uploads\/2019\/02\/vide-terra.jpg",300,120,false],"gform-image-choice-md":["https:\/\/www.anika-net.de\/wp-content\/uploads\/2019\/02\/vide-terra.jpg",400,160,false],"gform-image-choice-lg":["https:\/\/www.anika-net.de\/wp-content\/uploads\/2019\/02\/vide-terra.jpg",600,239,false]},"post_excerpt_stackable_v2":"<p>Recu\u00adnoa\u0219\u00adte\u00adrea \u00eenseam\u00adn\u0103 c\u0103 o cali\u00adfi\u00adca\u00adre pro\u00adfe\u00adsio\u00adna\u00adl\u0103 str\u0103\u00adi\u00adn\u0103 este echi\u00adva\u00adlen\u00adt\u0103 din punct de vede\u00adre juri\u00addic cu o cali\u00adfi\u00adca\u00adre pro\u00adfe\u00adsio\u00adna\u00adl\u0103 ger\u00adma\u00adn\u0103. Atunci c\u00e2nd auto\u00adri\u00adt\u0103\u00ad\u021bi\u00adle ger\u00adma\u00adne veri\u00adfi\u00adc\u0103 echi\u00adva\u00adlen\u00ad\u021ba cali\u00adfi\u00adc\u0103\u00adrii dum\u00adne\u00ada\u00advoas\u00adtr\u0103, acest lucru se nume\u0219\u00adte \u201cpro\u00adce\u00addu\u00adr\u0103 de recu\u00adnoa\u0219\u00adte\u00adre\u201d sau \u201cveri\u00adfi\u00adca\u00adre a echi\u00adva\u00adlen\u00ad\u021bei\u201d. Pro\u00adfe\u00adsii din dome\u00adni\u00adul s\u0103n\u0103\u00adt\u0103\u00ad\u021bii Cali\u00adfi\u00adc\u0103ri de adap\u00adta\u00adre pen\u00adtru pro\u00adfe\u00adsi\u00adi\u00adle din dome\u00adni\u00adul s\u0103n\u0103\u00adt\u0103\u00ad\u021bii Pro\u00adfe\u00adsi\u00ado\u00adni\u0219\u00adtii din dome\u00adni\u00adul s\u0103n\u0103\u00adt\u0103\u00ad\u021bii cu for\u00adma\u00adre din \u021b\u0103ri din afa\u00adra UE pri\u00admesc, de obi\u00adcei, o recu\u00adnoa\u0219\u00adte\u00adre par\u00ad\u021bi\u00ada\u00adl\u0103 \u0219i tre\u00adbu\u00adie s\u0103 fina\u00adli\u00adze\u00adze o post\u00adca\u00adli\u00adfi\u00adca\u00adre pen\u00adtru a putea lucra ca spe\u00adcia\u00adlist \u00een Ger\u00adma\u00adnia. Post-cali\u00ad\u00ad\u00adfi\u00ad\u00ad\u00adca\u00ad\u00adrea poa\u00adte lua for\u00adma unui curs de adap\u00adta\u00adre \u00eentr\u2011o cli\u00adni\u00adc\u0103 de \u00eengri\u00adjiri acu\u00adte sau a unui test de cuno\u0219tin\u021be.\u2026<\/p>\n","category_list_v2":"","author_info_v2":{"name":"Andrea Ramirez","url":"https:\/\/www.anika-net.de\/ro\/author\/andrea-ramirez\/"},"comments_num_v2":"0 comments","uagb_featured_image_src":{"full":["https:\/\/www.anika-net.de\/wp-content\/uploads\/2019\/02\/vide-terra.jpg",1000,399,false],"thumbnail":["https:\/\/www.anika-net.de\/wp-content\/uploads\/2019\/02\/vide-terra-150x150.jpg",150,150,true],"medium":["https:\/\/www.anika-net.de\/wp-content\/uploads\/2019\/02\/vide-terra-300x120.jpg",300,120,true],"medium_large":["https:\/\/www.anika-net.de\/wp-content\/uploads\/2019\/02\/vide-terra-768x306.jpg",640,255,true],"large":["https:\/\/www.anika-net.de\/wp-content\/uploads\/2019\/02\/vide-terra.jpg",640,255,false],"1536x1536":["https:\/\/www.anika-net.de\/wp-content\/uploads\/2019\/02\/vide-terra.jpg",1000,399,false],"2048x2048":["https:\/\/www.anika-net.de\/wp-content\/uploads\/2019\/02\/vide-terra.jpg",1000,399,false],"event-overview":["https:\/\/www.anika-net.de\/wp-content\/uploads\/2019\/02\/vide-terra-960x399.jpg",960,399,true],"event-archive-thumb":["https:\/\/www.anika-net.de\/wp-content\/uploads\/2019\/02\/vide-terra-480x192.jpg",480,192,true],"grid-item-thumbnail":["https:\/\/www.anika-net.de\/wp-content\/uploads\/2019\/02\/vide-terra-360x200.jpg",360,200,true],"network-partner-icon":["https:\/\/www.anika-net.de\/wp-content\/uploads\/2019\/02\/vide-terra-100x100.jpg",100,100,true],"organiser-icon":["https:\/\/www.anika-net.de\/wp-content\/uploads\/2019\/02\/vide-terra-200x200.jpg",200,200,true],"gform-image-choice-sm":["https:\/\/www.anika-net.de\/wp-content\/uploads\/2019\/02\/vide-terra.jpg",300,120,false],"gform-image-choice-md":["https:\/\/www.anika-net.de\/wp-content\/uploads\/2019\/02\/vide-terra.jpg",400,160,false],"gform-image-choice-lg":["https:\/\/www.anika-net.de\/wp-content\/uploads\/2019\/02\/vide-terra.jpg",600,239,false]},"uagb_author_info":{"display_name":"Andrea Ramirez","author_link":"https:\/\/www.anika-net.de\/ro\/author\/andrea-ramirez\/"},"uagb_comment_info":0,"uagb_excerpt":"Recu\u00adnoa\u0219\u00adte\u00adrea \u00eenseam\u00adn\u0103 c\u0103 o cali\u00adfi\u00adca\u00adre pro\u00adfe\u00adsio\u00adna\u00adl\u0103 str\u0103\u00adi\u00adn\u0103 este echi\u00adva\u00adlen\u00adt\u0103 din punct de vede\u00adre juri\u00addic cu o cali\u00adfi\u00adca\u00adre pro\u00adfe\u00adsio\u00adna\u00adl\u0103 ger\u00adma\u00adn\u0103. Atunci c\u00e2nd auto\u00adri\u00adt\u0103\u00ad\u021bi\u00adle ger\u00adma\u00adne veri\u00adfi\u00adc\u0103 echi\u00adva\u00adlen\u00ad\u021ba cali\u00adfi\u00adc\u0103\u00adrii dum\u00adne\u00ada\u00advoas\u00adtr\u0103, acest lucru se&nbsp;Citi\u021bi mai mult","_links":{"self":[{"href":"https:\/\/www.anika-net.de\/ro\/wp-json\/wp\/v2\/event\/12901","targetHints":{"allow":["GET"]}}],"collection":[{"href":"https:\/\/www.anika-net.de\/ro\/wp-json\/wp\/v2\/event"}],"about":[{"href":"https:\/\/www.anika-net.de\/ro\/wp-json\/wp\/v2\/types\/event"}],"author":[{"embeddable":true,"href":"https:\/\/www.anika-net.de\/ro\/wp-json\/wp\/v2\/users\/12"}],"version-history":[{"count":0,"href":"https:\/\/www.anika-net.de\/ro\/wp-json\/wp\/v2\/event\/12901\/revisions"}],"acf:post":[{"embeddable":true,"href":"https:\/\/www.anika-net.de\/ro\/wp-json\/wp\/v2\/organiser\/50434"},{"embeddable":true,"href":"https:\/\/www.anika-net.de\/ro\/wp-json\/wp\/v2\/organiser\/15664"}],"acf:term":[{"embeddable":true,"taxonomy":"event_category","href":"https:\/\/www.anika-net.de\/ro\/wp-json\/wp\/v2\/event_category\/81"}],"wp:featuredmedia":[{"embeddable":true,"href":"https:\/\/www.anika-net.de\/ro\/wp-json\/wp\/v2\/media\/50460"}],"wp:attachment":[{"href":"https:\/\/www.anika-net.de\/ro\/wp-json\/wp\/v2\/media?parent=12901"}],"curies":[{"name":"wp","href":"https:\/\/api.w.org\/{rel}","templated":true}]}}