{"id":12879,"date":"2019-05-13T09:21:16","date_gmt":"2019-05-13T07:21:16","guid":{"rendered":"https:\/\/www.anika-net.de\/event\/parents-get-together-meeting-elterntreff-baerenstark\/"},"modified":"2024-01-30T13:18:44","modified_gmt":"2024-01-30T12:18:44","slug":"intalnirea-parintilor-elterntreff-barenstark","status":"publish","type":"event","link":"https:\/\/www.anika-net.de\/ro\/event\/intalnirea-parintilor-elterntreff-barenstark\/","title":{"rendered":"\u00cent\u00e2l\u00adni\u00adre cu p\u0103rin\u00ad\u021bii \u201cEltern\u00adtre\u00adff B\u00e4renstark\u201d"},"content":{"rendered":"<h2><span style=\"color: #800080;\">\u00cent\u00e2l\u00adni\u00adre cu p\u0103rin\u00ad\u021bii \u201cEltern\u00adtre\u00adff B\u00e4renstark\u201d<\/span><\/h2>\n<blockquote><p><strong>Sta\u00adbi\u00adli\u00adrea de con\u00adtac\u00adte cu al\u021bi p\u0103rin\u021bi \u0219i al\u021bi copii \u00eentr\u2011o atmosfe\u00adr\u0103 familiar\u0103<br>\n<\/strong><\/p><\/blockquote>\n<p>Vizi\u00adta\u021bi cafe\u00adnea\u00adua noas\u00adtr\u0103 pen\u00adtru p\u0103rin\u021bi \u201cB\u00e4ren\u00adstark\u201d: aici pute\u021bi intra \u00een con\u00adtact cu al\u021bi p\u0103rin\u021bi \u0219i copii, v\u0103 pute\u021bi impli\u00adca \u0219i pute\u021bi face schimb de idei pe mul\u00adte subiecte.<br>\nV\u0103 pute\u021bi al\u0103\u00adtu\u00adra \u00een ori\u00adce moment sau pute\u021bi par\u00adti\u00adci\u00adpa doar la sesiuni individuale.<br>\nNu este nece\u00adsa\u00adr\u0103 \u00eenregistrarea.<\/p>\n<p>Fami\u00adli\u00adi\u00adle de toa\u00adte cul\u00adtu\u00adri\u00adle \u0219i na\u021bio\u00adna\u00adli\u00adt\u0103\u00ad\u021bi\u00adle sunt bine\u00adve\u00adni\u00adte vineri, \u00eentre ore\u00adle 09.30 \u2013 11.00, came\u00adra 113 din cl\u0103\u00addi\u00adrea prin\u00adci\u00adpa\u00adl\u0103&nbsp;VHS.<\/p>\n<p>Pre\u00adzen\u00ad\u021ba este gra\u00adtu\u00adi\u00adt\u0103 pen\u00adtru toa\u00adte genu\u00adri\u00adle \u0219i v\u00e2rstele.<\/p>\n<p><strong>Accen\u00adtul este pus&nbsp;pe<\/strong><\/p>\n<ul>\n<li>Via\u00ad\u021ba \u00een fami\u00adli\u00adi\u00adle multiculturale<\/li>\n<li>pasul c\u0103tre \u00eengri\u00adji\u00adrea exter\u00adn\u0103 a copiilor<\/li>\n<li>Ser\u00advi\u00adcii pen\u00adtru fami\u00adlii \u00een Karl\u00adsru\u00adhe, \u00een spe\u00adcial pen\u00adtru nou-veni\u021bi.<\/li>\n<li>Sfa\u00adturi des\u00adpre cum s\u0103 fac\u0103 via\u00ad\u021ba de fami\u00adlie c\u00e2t mai relaxat\u0103.P\u0103rin\u021bii pri\u00admesc suges\u00adtii \u0219i idei des\u00adpre cum \u00ee\u0219i pot spri\u00adjini copi\u00adii \u0219i \u00eei pot \u00eencu\u00adra\u00adja prin&nbsp;joc.<br>\nFami\u00adli\u00adi\u00adle din toa\u00adte cul\u00adtu\u00adri\u00adle sunt binevenite.<\/li>\n<\/ul>\n<p><strong>Ofer\u00adte\u00adle pen\u00adtru copii se adre\u00adsea\u00adz\u0103 copi\u00adi\u00adlor cu v\u00e2r\u00adsta de p\u00e2n\u0103 la 3<\/strong> ani. \u00cen cazuri excep\u00ad\u021bio\u00adna\u00adle, pot fi adu\u0219i \u0219i fra\u021bi mai&nbsp;mari.<br>\nNu exis\u00adt\u0103 cafe\u00adnea pen\u00adtru p\u0103rin\u021bi \u00een tim\u00adpul vacan\u00ad\u021be\u00adlor \u0219colare!<\/p>\n","protected":false},"author":12,"featured_media":11053,"template":"","class_list":["post-12879","event","type-event","status-publish","has-post-thumbnail","hentry","event_category-timp-liber"],"acf":{"event-recurring":false,"event-category":83,"event-is-language-course":false,"event-recurring-still-active":true,"event-display-details":true,"event-schedules-recurring":[{"event-recurring-week-day":"2","event-recurring-time":"","event-recurring-time-text":"19\/01\/2022, 10:45 a.m. - 27\/07\/2022, 12:15 p.m."}],"event-schedules-calendar":[{"event-calendar-day":"20240110","event-calendar-time":"","event-calendar-time-text":"p\u00e2n\u0103 la"},{"event-calendar-day":"20240508","event-calendar-time":"","event-calendar-time-text":""}],"event-is-online":false,"event-online-url":"","event-location-building":"vhs Karlsruhe e.V.","event-location-street":"Kaiserallee 12e","event-location-zip":"76133","event-location-city":"Karlsruhe","event-location-contact-person":"Christine Wieczorek","event-location-phone":"0721\/98575-0","event-location-phone-2":"","event-location-mail":"info@vhs-karlsruhe.de","event-location-mail-2":"","event-location-website":"https:\/\/shorturl.at\/AORST","event-target-group":[{"target-group":""}],"event-target-group-comment":"Ofertele pentru copii sunt destinate copiilor cu v\u00e2rsta de p\u00e2n\u0103 la 3 ani.","event-free":true,"event-organiser":[16645],"event-header-copyright-overlay":true,"event-copyright-note-description-end":false},"featured_image_urls_v2":{"full":["https:\/\/www.anika-net.de\/wp-content\/uploads\/2021\/10\/vhs.jpg",225,225,false],"thumbnail":["https:\/\/www.anika-net.de\/wp-content\/uploads\/2021\/10\/vhs-150x150.jpg",150,150,true],"medium":["https:\/\/www.anika-net.de\/wp-content\/uploads\/2021\/10\/vhs.jpg",225,225,false],"medium_large":["https:\/\/www.anika-net.de\/wp-content\/uploads\/2021\/10\/vhs.jpg",225,225,false],"large":["https:\/\/www.anika-net.de\/wp-content\/uploads\/2021\/10\/vhs.jpg",225,225,false],"1536x1536":["https:\/\/www.anika-net.de\/wp-content\/uploads\/2021\/10\/vhs.jpg",225,225,false],"2048x2048":["https:\/\/www.anika-net.de\/wp-content\/uploads\/2021\/10\/vhs.jpg",225,225,false],"event-overview":["https:\/\/www.anika-net.de\/wp-content\/uploads\/2021\/10\/vhs.jpg",225,225,false],"event-archive-thumb":["https:\/\/www.anika-net.de\/wp-content\/uploads\/2021\/10\/vhs.jpg",225,225,false],"grid-item-thumbnail":["https:\/\/www.anika-net.de\/wp-content\/uploads\/2021\/10\/vhs-225x200.jpg",225,200,true],"network-partner-icon":["https:\/\/www.anika-net.de\/wp-content\/uploads\/2021\/10\/vhs-100x100.jpg",100,100,true],"organiser-icon":["https:\/\/www.anika-net.de\/wp-content\/uploads\/2021\/10\/vhs-200x200.jpg",200,200,true],"gform-image-choice-sm":["https:\/\/www.anika-net.de\/wp-content\/uploads\/2021\/10\/vhs.jpg",225,225,false],"gform-image-choice-md":["https:\/\/www.anika-net.de\/wp-content\/uploads\/2021\/10\/vhs.jpg",225,225,false],"gform-image-choice-lg":["https:\/\/www.anika-net.de\/wp-content\/uploads\/2021\/10\/vhs.jpg",225,225,false]},"post_excerpt_stackable_v2":"<p>\u00cent\u00e2l\u00adni\u00adre cu p\u0103rin\u00ad\u021bii \u201cEltern\u00adtre\u00adff B\u00e4ren\u00adstark\u201d Sta\u00adbi\u00adli\u00adrea de con\u00adtac\u00adte cu al\u021bi p\u0103rin\u021bi \u0219i al\u021bi copii \u00eentr\u2011o atmosfe\u00adr\u0103 fami\u00adli\u00ada\u00adr\u0103 Vizi\u00adta\u021bi cafe\u00adnea\u00adua noas\u00adtr\u0103 pen\u00adtru p\u0103rin\u021bi \u201cB\u00e4ren\u00adstark\u201d: aici pute\u021bi intra \u00een con\u00adtact cu al\u021bi p\u0103rin\u021bi \u0219i copii, v\u0103 pute\u021bi impli\u00adca \u0219i pute\u021bi face schimb de idei pe mul\u00adte subiec\u00adte. V\u0103 pute\u021bi al\u0103\u00adtu\u00adra \u00een ori\u00adce moment sau pute\u021bi par\u00adti\u00adci\u00adpa doar la sesiuni indi\u00advi\u00addu\u00ada\u00adle. Nu este nece\u00adsa\u00adr\u0103 \u00eenre\u00adgis\u00adtra\u00adrea. Fami\u00adli\u00adi\u00adle de toa\u00adte cul\u00adtu\u00adri\u00adle \u0219i na\u021bio\u00adna\u00adli\u00adt\u0103\u00ad\u021bi\u00adle sunt bine\u00adve\u00adni\u00adte vineri, \u00eentre ore\u00adle 09.30 \u2013 11.00, came\u00adra 113 din cl\u0103\u00addi\u00adrea prin\u00adci\u00adpa\u00adl\u0103&nbsp;VHS. Pre\u00adzen\u00ad\u021ba este gra\u00adtu\u00adi\u00adt\u0103 pen\u00adtru toa\u00adte genu\u00adri\u00adle \u0219i v\u00e2r\u00adste\u00adle. Accen\u00adtul este pus&nbsp;pe Via\u00ad\u021ba \u00een fami\u00adli\u00adi\u00adle mul\u00adti\u00adcul\u00adtu\u00adra\u00adle pasul c\u0103tre \u00eengri\u00adji\u00adrea extern\u0103\u2026<\/p>\n","category_list_v2":"","author_info_v2":{"name":"Andrea Ramirez","url":"https:\/\/www.anika-net.de\/ro\/author\/andrea-ramirez\/"},"comments_num_v2":"0 comments","uagb_featured_image_src":{"full":["https:\/\/www.anika-net.de\/wp-content\/uploads\/2021\/10\/vhs.jpg",225,225,false],"thumbnail":["https:\/\/www.anika-net.de\/wp-content\/uploads\/2021\/10\/vhs-150x150.jpg",150,150,true],"medium":["https:\/\/www.anika-net.de\/wp-content\/uploads\/2021\/10\/vhs.jpg",225,225,false],"medium_large":["https:\/\/www.anika-net.de\/wp-content\/uploads\/2021\/10\/vhs.jpg",225,225,false],"large":["https:\/\/www.anika-net.de\/wp-content\/uploads\/2021\/10\/vhs.jpg",225,225,false],"1536x1536":["https:\/\/www.anika-net.de\/wp-content\/uploads\/2021\/10\/vhs.jpg",225,225,false],"2048x2048":["https:\/\/www.anika-net.de\/wp-content\/uploads\/2021\/10\/vhs.jpg",225,225,false],"event-overview":["https:\/\/www.anika-net.de\/wp-content\/uploads\/2021\/10\/vhs.jpg",225,225,false],"event-archive-thumb":["https:\/\/www.anika-net.de\/wp-content\/uploads\/2021\/10\/vhs.jpg",225,225,false],"grid-item-thumbnail":["https:\/\/www.anika-net.de\/wp-content\/uploads\/2021\/10\/vhs-225x200.jpg",225,200,true],"network-partner-icon":["https:\/\/www.anika-net.de\/wp-content\/uploads\/2021\/10\/vhs-100x100.jpg",100,100,true],"organiser-icon":["https:\/\/www.anika-net.de\/wp-content\/uploads\/2021\/10\/vhs-200x200.jpg",200,200,true],"gform-image-choice-sm":["https:\/\/www.anika-net.de\/wp-content\/uploads\/2021\/10\/vhs.jpg",225,225,false],"gform-image-choice-md":["https:\/\/www.anika-net.de\/wp-content\/uploads\/2021\/10\/vhs.jpg",225,225,false],"gform-image-choice-lg":["https:\/\/www.anika-net.de\/wp-content\/uploads\/2021\/10\/vhs.jpg",225,225,false]},"uagb_author_info":{"display_name":"Andrea Ramirez","author_link":"https:\/\/www.anika-net.de\/ro\/author\/andrea-ramirez\/"},"uagb_comment_info":0,"uagb_excerpt":"\u00cent\u00e2l\u00adni\u00adre cu p\u0103rin\u00ad\u021bii \u201cEltern\u00adtre\u00adff B\u00e4renstark\u201d Sta\u00adbi\u00adli\u00adrea de con\u00adtac\u00adte cu al\u021bi p\u0103rin\u021bi \u0219i al\u021bi copii \u00eentr\u2011o atmosfe\u00adr\u0103 familiar\u0103 Vizi\u00adta\u021bi cafe\u00adnea\u00adua noas\u00adtr\u0103 pen\u00adtru p\u0103rin\u021bi \u201cB\u00e4ren\u00adstark\u201d: aici pute\u021bi intra \u00een con\u00adtact cu al\u021bi&nbsp;Citi\u021bi mai mult","_links":{"self":[{"href":"https:\/\/www.anika-net.de\/ro\/wp-json\/wp\/v2\/event\/12879","targetHints":{"allow":["GET"]}}],"collection":[{"href":"https:\/\/www.anika-net.de\/ro\/wp-json\/wp\/v2\/event"}],"about":[{"href":"https:\/\/www.anika-net.de\/ro\/wp-json\/wp\/v2\/types\/event"}],"author":[{"embeddable":true,"href":"https:\/\/www.anika-net.de\/ro\/wp-json\/wp\/v2\/users\/12"}],"version-history":[{"count":0,"href":"https:\/\/www.anika-net.de\/ro\/wp-json\/wp\/v2\/event\/12879\/revisions"}],"acf:post":[{"embeddable":true,"href":"https:\/\/www.anika-net.de\/ro\/wp-json\/wp\/v2\/organiser\/16645"}],"acf:term":[{"embeddable":true,"taxonomy":"event_category","href":"https:\/\/www.anika-net.de\/ro\/wp-json\/wp\/v2\/event_category\/83"}],"wp:featuredmedia":[{"embeddable":true,"href":"https:\/\/www.anika-net.de\/ro\/wp-json\/wp\/v2\/media\/11053"}],"wp:attachment":[{"href":"https:\/\/www.anika-net.de\/ro\/wp-json\/wp\/v2\/media?parent=12879"}],"curies":[{"name":"wp","href":"https:\/\/api.w.org\/{rel}","templated":true}]}}