{"id":12839,"date":"2019-05-08T11:19:43","date_gmt":"2019-05-08T09:19:43","guid":{"rendered":"https:\/\/www.anika-net.de\/event\/meeting-points-for-moms-and-dads\/"},"modified":"2022-02-18T16:55:45","modified_gmt":"2022-02-18T15:55:45","slug":"meeting-points-for-moms-and-dads","status":"publish","type":"event","link":"https:\/\/www.anika-net.de\/ro\/event\/meeting-points-for-moms-and-dads\/","title":{"rendered":"Punc\u00adte de \u00eent\u00e2l\u00adni\u00adre pen\u00adtru mame \u0219i&nbsp;ta\u021bi"},"content":{"rendered":"<p><strong>Cafe\u00adne\u00adle pen\u00adtru mame, Cafe\u00adne\u00adle pen\u00adtru p\u0103rin\u021bi, Cafe\u00adne\u00adle pen\u00adtru p\u0103rin\u021bi \u201ePunc\u00adtul de por\u00adni\u00adre\u201d, \u00cent\u00e2l\u00adni\u00adri\u00adle mame\u00adlor care al\u0103p\u00adtea\u00adz\u0103 \u0219i ale ta\u021bilor<\/strong><\/p>\n<p>Dife\u00adri\u00adte\u00adle punc\u00adte de \u00eent\u00e2l\u00adni\u00adre pen\u00adtru p\u0103rin\u021bi \u0219i fami\u00adlii v\u0103 ofe\u00adr\u0103 posi\u00adbi\u00adli\u00adta\u00adtea de a intra \u00een con\u00adtact cu al\u021bi p\u0103rin\u021bi.<\/p>\n<p>Flyer de <a href=\"https:\/\/www.anika-net.de\/wp-content\/uploads\/2021\/10\/Flyer_Stadt_Karlsruhe_Kinderbuero_Broschuere_Treffpunkte.pdf\">des\u00adc\u0103r\u00adcat<\/a><\/p>\n","protected":false},"author":12,"featured_media":11146,"template":"","class_list":["post-12839","event","type-event","status-publish","has-post-thumbnail","hentry","event_category-timp-liber"],"acf":{"event-recurring":true,"event-category":83,"event-is-language-course":false,"event-recurring-still-active":true,"event-display-details":true,"event-schedules-recurring":null,"event-schedules-calendar":null,"event-is-online":false,"event-online-url":"","event-location-building":"Kinderb\u00fcro  Fachbereich Familienbildung","event-location-street":"S\u00fcdendstra\u00dfe 42","event-location-zip":"76135","event-location-city":"Karlsruhe","event-location-contact-person":"Kinderb\u00fcro  Fachbereich Familienbildung","event-location-phone":"0721 133-5044","event-location-phone-2":"","event-location-mail":"familienbildung@sjb.karlsruhe.de","event-location-mail-2":"","event-location-website":"https:\/\/www.karlsruhe.de\/kinderbuero","event-target-group":[{"target-group":"children"},{"target-group":"parents"}],"event-target-group-comment":"","event-free":true,"event-organiser":[16485],"event-header-copyright-overlay":true,"event-copyright-note-description-end":true},"featured_image_urls_v2":{"full":["https:\/\/www.anika-net.de\/wp-content\/uploads\/2021\/10\/kindergarten-gbc81269f0_1280.jpg",1280,853,false],"thumbnail":["https:\/\/www.anika-net.de\/wp-content\/uploads\/2021\/10\/kindergarten-gbc81269f0_1280-150x150.jpg",150,150,true],"medium":["https:\/\/www.anika-net.de\/wp-content\/uploads\/2021\/10\/kindergarten-gbc81269f0_1280-300x200.jpg",300,200,true],"medium_large":["https:\/\/www.anika-net.de\/wp-content\/uploads\/2021\/10\/kindergarten-gbc81269f0_1280-768x512.jpg",640,427,true],"large":["https:\/\/www.anika-net.de\/wp-content\/uploads\/2021\/10\/kindergarten-gbc81269f0_1280-1024x682.jpg",640,426,true],"1536x1536":["https:\/\/www.anika-net.de\/wp-content\/uploads\/2021\/10\/kindergarten-gbc81269f0_1280.jpg",1280,853,false],"2048x2048":["https:\/\/www.anika-net.de\/wp-content\/uploads\/2021\/10\/kindergarten-gbc81269f0_1280.jpg",1280,853,false],"event-overview":["https:\/\/www.anika-net.de\/wp-content\/uploads\/2021\/10\/kindergarten-gbc81269f0_1280-960x640.jpg",960,640,true],"event-archive-thumb":["https:\/\/www.anika-net.de\/wp-content\/uploads\/2021\/10\/kindergarten-gbc81269f0_1280-480x320.jpg",480,320,true],"grid-item-thumbnail":["https:\/\/www.anika-net.de\/wp-content\/uploads\/2021\/10\/kindergarten-gbc81269f0_1280-360x200.jpg",360,200,true],"network-partner-icon":["https:\/\/www.anika-net.de\/wp-content\/uploads\/2021\/10\/kindergarten-gbc81269f0_1280-100x100.jpg",100,100,true],"organiser-icon":["https:\/\/www.anika-net.de\/wp-content\/uploads\/2021\/10\/kindergarten-gbc81269f0_1280-200x200.jpg",200,200,true],"gform-image-choice-sm":["https:\/\/www.anika-net.de\/wp-content\/uploads\/2021\/10\/kindergarten-gbc81269f0_1280.jpg",300,200,false],"gform-image-choice-md":["https:\/\/www.anika-net.de\/wp-content\/uploads\/2021\/10\/kindergarten-gbc81269f0_1280.jpg",400,267,false],"gform-image-choice-lg":["https:\/\/www.anika-net.de\/wp-content\/uploads\/2021\/10\/kindergarten-gbc81269f0_1280.jpg",600,400,false]},"post_excerpt_stackable_v2":"<p>Cafe\u00adne\u00adle pen\u00adtru mame, Cafe\u00adne\u00adle pen\u00adtru p\u0103rin\u021bi, Cafe\u00adne\u00adle pen\u00adtru p\u0103rin\u021bi \u201ePunc\u00adtul de por\u00adni\u00adre\u201d, \u00cent\u00e2l\u00adni\u00adri\u00adle mame\u00adlor care al\u0103p\u00adtea\u00adz\u0103 \u0219i ale ta\u021bi\u00adlor Dife\u00adri\u00adte\u00adle punc\u00adte de \u00eent\u00e2l\u00adni\u00adre pen\u00adtru p\u0103rin\u021bi \u0219i fami\u00adlii v\u0103 ofe\u00adr\u0103 posi\u00adbi\u00adli\u00adta\u00adtea de a intra \u00een con\u00adtact cu al\u021bi p\u0103rin\u021bi. Flyer de desc\u0103rcat<\/p>\n","category_list_v2":"","author_info_v2":{"name":"Andrea Ramirez","url":"https:\/\/www.anika-net.de\/ro\/author\/andrea-ramirez\/"},"comments_num_v2":"0 comments","uagb_featured_image_src":{"full":["https:\/\/www.anika-net.de\/wp-content\/uploads\/2021\/10\/kindergarten-gbc81269f0_1280.jpg",1280,853,false],"thumbnail":["https:\/\/www.anika-net.de\/wp-content\/uploads\/2021\/10\/kindergarten-gbc81269f0_1280-150x150.jpg",150,150,true],"medium":["https:\/\/www.anika-net.de\/wp-content\/uploads\/2021\/10\/kindergarten-gbc81269f0_1280-300x200.jpg",300,200,true],"medium_large":["https:\/\/www.anika-net.de\/wp-content\/uploads\/2021\/10\/kindergarten-gbc81269f0_1280-768x512.jpg",640,427,true],"large":["https:\/\/www.anika-net.de\/wp-content\/uploads\/2021\/10\/kindergarten-gbc81269f0_1280-1024x682.jpg",640,426,true],"1536x1536":["https:\/\/www.anika-net.de\/wp-content\/uploads\/2021\/10\/kindergarten-gbc81269f0_1280.jpg",1280,853,false],"2048x2048":["https:\/\/www.anika-net.de\/wp-content\/uploads\/2021\/10\/kindergarten-gbc81269f0_1280.jpg",1280,853,false],"event-overview":["https:\/\/www.anika-net.de\/wp-content\/uploads\/2021\/10\/kindergarten-gbc81269f0_1280-960x640.jpg",960,640,true],"event-archive-thumb":["https:\/\/www.anika-net.de\/wp-content\/uploads\/2021\/10\/kindergarten-gbc81269f0_1280-480x320.jpg",480,320,true],"grid-item-thumbnail":["https:\/\/www.anika-net.de\/wp-content\/uploads\/2021\/10\/kindergarten-gbc81269f0_1280-360x200.jpg",360,200,true],"network-partner-icon":["https:\/\/www.anika-net.de\/wp-content\/uploads\/2021\/10\/kindergarten-gbc81269f0_1280-100x100.jpg",100,100,true],"organiser-icon":["https:\/\/www.anika-net.de\/wp-content\/uploads\/2021\/10\/kindergarten-gbc81269f0_1280-200x200.jpg",200,200,true],"gform-image-choice-sm":["https:\/\/www.anika-net.de\/wp-content\/uploads\/2021\/10\/kindergarten-gbc81269f0_1280.jpg",300,200,false],"gform-image-choice-md":["https:\/\/www.anika-net.de\/wp-content\/uploads\/2021\/10\/kindergarten-gbc81269f0_1280.jpg",400,267,false],"gform-image-choice-lg":["https:\/\/www.anika-net.de\/wp-content\/uploads\/2021\/10\/kindergarten-gbc81269f0_1280.jpg",600,400,false]},"uagb_author_info":{"display_name":"Andrea Ramirez","author_link":"https:\/\/www.anika-net.de\/ro\/author\/andrea-ramirez\/"},"uagb_comment_info":0,"uagb_excerpt":"Cafe\u00adne\u00adle pen\u00adtru mame, Cafe\u00adne\u00adle pen\u00adtru p\u0103rin\u021bi, Cafe\u00adne\u00adle pen\u00adtru p\u0103rin\u021bi \u201ePunc\u00adtul de por\u00adni\u00adre\u201d, \u00cent\u00e2l\u00adni\u00adri\u00adle mame\u00adlor care al\u0103p\u00adtea\u00adz\u0103 \u0219i ale ta\u021bilor Dife\u00adri\u00adte\u00adle punc\u00adte de \u00eent\u00e2l\u00adni\u00adre pen\u00adtru p\u0103rin\u021bi \u0219i fami\u00adlii v\u0103 ofe\u00adr\u0103 posi\u00adbi\u00adli\u00adta\u00adtea&nbsp;Citi\u021bi mai mult","_links":{"self":[{"href":"https:\/\/www.anika-net.de\/ro\/wp-json\/wp\/v2\/event\/12839","targetHints":{"allow":["GET"]}}],"collection":[{"href":"https:\/\/www.anika-net.de\/ro\/wp-json\/wp\/v2\/event"}],"about":[{"href":"https:\/\/www.anika-net.de\/ro\/wp-json\/wp\/v2\/types\/event"}],"author":[{"embeddable":true,"href":"https:\/\/www.anika-net.de\/ro\/wp-json\/wp\/v2\/users\/12"}],"version-history":[{"count":0,"href":"https:\/\/www.anika-net.de\/ro\/wp-json\/wp\/v2\/event\/12839\/revisions"}],"acf:post":[{"embeddable":true,"href":"https:\/\/www.anika-net.de\/ro\/wp-json\/wp\/v2\/organiser\/16485"}],"acf:term":[{"embeddable":true,"taxonomy":"event_category","href":"https:\/\/www.anika-net.de\/ro\/wp-json\/wp\/v2\/event_category\/83"}],"wp:featuredmedia":[{"embeddable":true,"href":"https:\/\/www.anika-net.de\/ro\/wp-json\/wp\/v2\/media\/11146"}],"wp:attachment":[{"href":"https:\/\/www.anika-net.de\/ro\/wp-json\/wp\/v2\/media?parent=12839"}],"curies":[{"name":"wp","href":"https:\/\/api.w.org\/{rel}","templated":true}]}}