{"id":12827,"date":"2021-03-24T09:06:42","date_gmt":"2021-03-24T08:06:42","guid":{"rendered":"https:\/\/www.anika-net.de\/event\/lgbtiq-in-karlsruhe\/"},"modified":"2022-02-18T16:57:25","modified_gmt":"2022-02-18T15:57:25","slug":"lgbtiq-in-karlsruhe","status":"publish","type":"event","link":"https:\/\/www.anika-net.de\/ro\/event\/lgbtiq-in-karlsruhe\/","title":{"rendered":"LGBTIQ* \u00een Karl\u00adsru\u00adhe \u2013 Asisten\u021b\u0103"},"content":{"rendered":"<p><strong>Con\u00adsul\u00adta\u00adtii<\/strong><\/p>\n<p>ILSE (Ini\u00ad\u021bia\u00adti\u00adva p\u0103rin\u00ad\u021bi\u00adlor les\u00adbieni \u0219i homo\u00adse\u00adxu\u00adali) Karl\u00adsru\u00adhe este un grup des\u00adchis pen\u00adtru toa\u00adte fami\u00adli\u00adi\u00adle cur\u00adcu\u00adbeu \u0219i pen\u00adtru cei care doresc s\u0103 devi\u00adn\u0103 una din Karl\u00adsru\u00adhe \u0219i din jurul s\u0103u. \u00cempre\u00adu\u00adn\u0103 cu mul\u00adte gru\u00adpuri regio\u00adna\u00adle din Ger\u00adma\u00adnia, for\u00adm\u0103m o re\u021bea care func\u00ad\u021bio\u00adnea\u00adz\u0103 sub umbre\u00adla LSVD (Aso\u00adci\u00ada\u00ad\u021bia les\u00adbie\u00adne\u00adlor \u0219i homo\u00adse\u00adxu\u00ada\u00adli\u00adlor din Germania):<br>\nWeb: <a href=\"https:\/\/ilsekarlsruhe.wordpress.com\/\" rel=\"noopener\">https:\/\/ilsekarlsruhe.wordpress.com\/<\/a><br>\nCon\u00adtact: ilse.karlsruhe@lsvd.de<\/p>\n<p>Que\u00ader Anmes\u00adty Karlsruhe:<br>\nQue\u00ade\u00adram\u00adne\u00adsty Karl\u00adsru\u00adhe este un grup al Amne\u00adsty Inter\u00adna\u00adtio\u00adnal din Karl\u00adsru\u00adhe. \u201eVrem s\u0103 cre\u0219\u00adtem gra\u00addul de con\u00ad\u0219ti\u00aden\u00adti\u00adza\u00adre pen\u00adtru pro\u00adble\u00adme\u00adle que\u00ader \u0219i s\u0103 par\u00adti\u00adci\u00adp\u0103m la ac\u021biuni publi\u00adce \u0219i demon\u00adstra\u00ad\u021bii sau s\u0103 infor\u00adm\u0103m des\u00adpre \u00eenc\u0103l\u00adc\u0103\u00adri\u00adle drep\u00adtu\u00adri\u00adlor omu\u00adlui \u00eempo\u00adtri\u00adva LGBTTIQ* la eve\u00adni\u00admen\u00adte. Sco\u00adpul nos\u00adtru este s\u0103 c\u0103u\u00adt\u0103m dia\u00adlo\u00adgul cu popu\u00adla\u00ad\u021bia inte\u00adre\u00adsa\u00adt\u0103. Obser\u00adv\u0103m \u00eenc\u0103l\u00adc\u0103\u00adri\u00adle drep\u00adtu\u00adri\u00adlor omu\u00adlui \u00een \u00eentrea\u00adga lume \u0219i \u00eencer\u00adc\u0103m s\u0103 lup\u00adt\u0103m \u00eempo\u00adtri\u00adva prin ac\u021biuni urgen\u00adte, peti\u00ad\u021bii \u0219i lucru indi\u00advi\u00addu\u00adal de caz. Ofe\u00adrim, de ase\u00adme\u00adnea, \u00eenso\u00ad\u021bi\u00adre soci\u00ada\u00adl\u0103 pen\u00adtru refu\u00adgi\u00ada\u00ad\u021bii que\u00ader din Karlsruhe.\u201d<\/p>\n<p>Site: <a href=\"https:\/\/queeramnestyka.amnesty-international.de\/\" rel=\"noopener\">https:\/\/queeramnestyka.amnesty-international.de\/<\/a><br>\nCon\u00adtact: queer@amnesty-karlsruhe.de<\/p>\n<p>Con\u00adsul\u00adta\u00ad\u021bii prin impuls \u2014 Schwu\u00adle Bewe\u00adgu\u00adng Karl\u00adsru\u00adhe eV: <a href=\"https:\/\/www.schwung-karlsruhe.de\/\" rel=\"noopener\">https:\/\/www.schwung-karlsruhe.de\/<\/a><\/p>\n<p>Direc\u00adto\u00adrul orga\u00adni\u00adza\u00ad\u021bi\u00adi\u00adlor que\u00ader din Karl\u00adsru\u00adhe \u0219i \u00eempre\u00adju\u00adri\u00admi: <a href=\"https:\/\/queerka.de\/\" rel=\"noopener\">https:\/\/queerka.de\/<\/a><\/p>\n","protected":false},"author":12,"featured_media":12828,"template":"","class_list":["post-12827","event","type-event","status-publish","has-post-thumbnail","hentry","event_category-asistenta"],"acf":{"event-recurring":true,"event-category":81,"event-is-language-course":false,"event-recurring-still-active":true,"event-display-details":true,"event-schedules-recurring":null,"event-schedules-calendar":null,"event-is-online":false,"event-online-url":"","event-location-building":"","event-location-street":"","event-location-zip":"","event-location-city":"","event-location-contact-person":"","event-location-phone":"","event-location-phone-2":"","event-location-mail":"","event-location-mail-2":"","event-location-website":"","event-target-group":null,"event-target-group-comment":"","event-free":true,"event-organiser":[12673],"event-header-copyright-overlay":true,"event-copyright-note-description-end":true},"featured_image_urls_v2":{"full":["https:\/\/www.anika-net.de\/wp-content\/uploads\/2021\/10\/csm_rainbow-flag-4426296_1280_ce355192e3.jpg",1202,802,false],"thumbnail":["https:\/\/www.anika-net.de\/wp-content\/uploads\/2021\/10\/csm_rainbow-flag-4426296_1280_ce355192e3-150x150.jpg",150,150,true],"medium":["https:\/\/www.anika-net.de\/wp-content\/uploads\/2021\/10\/csm_rainbow-flag-4426296_1280_ce355192e3-300x200.jpg",300,200,true],"medium_large":["https:\/\/www.anika-net.de\/wp-content\/uploads\/2021\/10\/csm_rainbow-flag-4426296_1280_ce355192e3-768x512.jpg",640,427,true],"large":["https:\/\/www.anika-net.de\/wp-content\/uploads\/2021\/10\/csm_rainbow-flag-4426296_1280_ce355192e3-1024x683.jpg",640,427,true],"1536x1536":["https:\/\/www.anika-net.de\/wp-content\/uploads\/2021\/10\/csm_rainbow-flag-4426296_1280_ce355192e3.jpg",1202,802,false],"2048x2048":["https:\/\/www.anika-net.de\/wp-content\/uploads\/2021\/10\/csm_rainbow-flag-4426296_1280_ce355192e3.jpg",1202,802,false],"event-overview":["https:\/\/www.anika-net.de\/wp-content\/uploads\/2021\/10\/csm_rainbow-flag-4426296_1280_ce355192e3-960x640.jpg",960,640,true],"event-archive-thumb":["https:\/\/www.anika-net.de\/wp-content\/uploads\/2021\/10\/csm_rainbow-flag-4426296_1280_ce355192e3-480x320.jpg",480,320,true],"grid-item-thumbnail":["https:\/\/www.anika-net.de\/wp-content\/uploads\/2021\/10\/csm_rainbow-flag-4426296_1280_ce355192e3-360x200.jpg",360,200,true],"network-partner-icon":["https:\/\/www.anika-net.de\/wp-content\/uploads\/2021\/10\/csm_rainbow-flag-4426296_1280_ce355192e3-100x100.jpg",100,100,true],"organiser-icon":["https:\/\/www.anika-net.de\/wp-content\/uploads\/2021\/10\/csm_rainbow-flag-4426296_1280_ce355192e3-200x200.jpg",200,200,true],"gform-image-choice-sm":["https:\/\/www.anika-net.de\/wp-content\/uploads\/2021\/10\/csm_rainbow-flag-4426296_1280_ce355192e3.jpg",300,200,false],"gform-image-choice-md":["https:\/\/www.anika-net.de\/wp-content\/uploads\/2021\/10\/csm_rainbow-flag-4426296_1280_ce355192e3.jpg",400,267,false],"gform-image-choice-lg":["https:\/\/www.anika-net.de\/wp-content\/uploads\/2021\/10\/csm_rainbow-flag-4426296_1280_ce355192e3.jpg",600,400,false]},"post_excerpt_stackable_v2":"<p>Con\u00adsul\u00adta\u00adtii ILSE (Ini\u00ad\u021bia\u00adti\u00adva p\u0103rin\u00ad\u021bi\u00adlor les\u00adbieni \u0219i homo\u00adse\u00adxu\u00adali) Karl\u00adsru\u00adhe este un grup des\u00adchis pen\u00adtru toa\u00adte fami\u00adli\u00adi\u00adle cur\u00adcu\u00adbeu \u0219i pen\u00adtru cei care doresc s\u0103 devi\u00adn\u0103 una din Karl\u00adsru\u00adhe \u0219i din jurul s\u0103u. \u00cempre\u00adu\u00adn\u0103 cu mul\u00adte gru\u00adpuri regio\u00adna\u00adle din Ger\u00adma\u00adnia, for\u00adm\u0103m o re\u021bea care func\u00ad\u021bio\u00adnea\u00adz\u0103 sub umbre\u00adla LSVD (Aso\u00adci\u00ada\u00ad\u021bia les\u00adbie\u00adne\u00adlor \u0219i homo\u00adse\u00adxu\u00ada\u00adli\u00adlor din Ger\u00adma\u00adnia): Web: https:\/\/ilsekarlsruhe.wordpress.com\/ Con\u00adtact: ilse.karlsruhe@lsvd.de Que\u00ader Anmes\u00adty Karl\u00adsru\u00adhe: Que\u00ade\u00adram\u00adne\u00adsty Karl\u00adsru\u00adhe este un grup al Amne\u00adsty Inter\u00adna\u00adtio\u00adnal din Karl\u00adsru\u00adhe. \u201eVrem s\u0103 cre\u0219\u00adtem gra\u00addul de con\u00ad\u0219ti\u00aden\u00adti\u00adza\u00adre pen\u00adtru pro\u00adble\u00adme\u00adle que\u00ader \u0219i s\u0103 par\u00adti\u00adci\u00adp\u0103m la ac\u021biuni publi\u00adce \u0219i demon\u00adstra\u00ad\u021bii sau s\u0103 infor\u00adm\u0103m des\u00adpre \u00eenc\u0103l\u00adc\u0103\u00adri\u00adle drep\u00adtu\u00adri\u00adlor omu\u00adlui \u00eempo\u00adtri\u00adva LGBTTIQ* la eve\u00adni\u00admen\u00adte. Sco\u00adpul nos\u00adtru este&nbsp;s\u0103\u2026<\/p>\n","category_list_v2":"","author_info_v2":{"name":"Andrea Ramirez","url":"https:\/\/www.anika-net.de\/ro\/author\/andrea-ramirez\/"},"comments_num_v2":"0 comments","uagb_featured_image_src":{"full":["https:\/\/www.anika-net.de\/wp-content\/uploads\/2021\/10\/csm_rainbow-flag-4426296_1280_ce355192e3.jpg",1202,802,false],"thumbnail":["https:\/\/www.anika-net.de\/wp-content\/uploads\/2021\/10\/csm_rainbow-flag-4426296_1280_ce355192e3-150x150.jpg",150,150,true],"medium":["https:\/\/www.anika-net.de\/wp-content\/uploads\/2021\/10\/csm_rainbow-flag-4426296_1280_ce355192e3-300x200.jpg",300,200,true],"medium_large":["https:\/\/www.anika-net.de\/wp-content\/uploads\/2021\/10\/csm_rainbow-flag-4426296_1280_ce355192e3-768x512.jpg",640,427,true],"large":["https:\/\/www.anika-net.de\/wp-content\/uploads\/2021\/10\/csm_rainbow-flag-4426296_1280_ce355192e3-1024x683.jpg",640,427,true],"1536x1536":["https:\/\/www.anika-net.de\/wp-content\/uploads\/2021\/10\/csm_rainbow-flag-4426296_1280_ce355192e3.jpg",1202,802,false],"2048x2048":["https:\/\/www.anika-net.de\/wp-content\/uploads\/2021\/10\/csm_rainbow-flag-4426296_1280_ce355192e3.jpg",1202,802,false],"event-overview":["https:\/\/www.anika-net.de\/wp-content\/uploads\/2021\/10\/csm_rainbow-flag-4426296_1280_ce355192e3-960x640.jpg",960,640,true],"event-archive-thumb":["https:\/\/www.anika-net.de\/wp-content\/uploads\/2021\/10\/csm_rainbow-flag-4426296_1280_ce355192e3-480x320.jpg",480,320,true],"grid-item-thumbnail":["https:\/\/www.anika-net.de\/wp-content\/uploads\/2021\/10\/csm_rainbow-flag-4426296_1280_ce355192e3-360x200.jpg",360,200,true],"network-partner-icon":["https:\/\/www.anika-net.de\/wp-content\/uploads\/2021\/10\/csm_rainbow-flag-4426296_1280_ce355192e3-100x100.jpg",100,100,true],"organiser-icon":["https:\/\/www.anika-net.de\/wp-content\/uploads\/2021\/10\/csm_rainbow-flag-4426296_1280_ce355192e3-200x200.jpg",200,200,true],"gform-image-choice-sm":["https:\/\/www.anika-net.de\/wp-content\/uploads\/2021\/10\/csm_rainbow-flag-4426296_1280_ce355192e3.jpg",300,200,false],"gform-image-choice-md":["https:\/\/www.anika-net.de\/wp-content\/uploads\/2021\/10\/csm_rainbow-flag-4426296_1280_ce355192e3.jpg",400,267,false],"gform-image-choice-lg":["https:\/\/www.anika-net.de\/wp-content\/uploads\/2021\/10\/csm_rainbow-flag-4426296_1280_ce355192e3.jpg",600,400,false]},"uagb_author_info":{"display_name":"Andrea Ramirez","author_link":"https:\/\/www.anika-net.de\/ro\/author\/andrea-ramirez\/"},"uagb_comment_info":0,"uagb_excerpt":"Con\u00adsul\u00adta\u00adtii ILSE (Ini\u00ad\u021bia\u00adti\u00adva p\u0103rin\u00ad\u021bi\u00adlor les\u00adbieni \u0219i homo\u00adse\u00adxu\u00adali) Karl\u00adsru\u00adhe este un grup des\u00adchis pen\u00adtru toa\u00adte fami\u00adli\u00adi\u00adle cur\u00adcu\u00adbeu \u0219i pen\u00adtru cei care doresc s\u0103 devi\u00adn\u0103 una din Karl\u00adsru\u00adhe \u0219i din jurul s\u0103u.&nbsp;Citi\u021bi mai mult","_links":{"self":[{"href":"https:\/\/www.anika-net.de\/ro\/wp-json\/wp\/v2\/event\/12827","targetHints":{"allow":["GET"]}}],"collection":[{"href":"https:\/\/www.anika-net.de\/ro\/wp-json\/wp\/v2\/event"}],"about":[{"href":"https:\/\/www.anika-net.de\/ro\/wp-json\/wp\/v2\/types\/event"}],"author":[{"embeddable":true,"href":"https:\/\/www.anika-net.de\/ro\/wp-json\/wp\/v2\/users\/12"}],"version-history":[{"count":0,"href":"https:\/\/www.anika-net.de\/ro\/wp-json\/wp\/v2\/event\/12827\/revisions"}],"acf:post":[{"embeddable":true,"href":"https:\/\/www.anika-net.de\/ro\/wp-json\/wp\/v2\/organiser\/12673"}],"acf:term":[{"embeddable":true,"taxonomy":"event_category","href":"https:\/\/www.anika-net.de\/ro\/wp-json\/wp\/v2\/event_category\/81"}],"wp:featuredmedia":[{"embeddable":true,"href":"https:\/\/www.anika-net.de\/ro\/wp-json\/wp\/v2\/media\/12828"}],"wp:attachment":[{"href":"https:\/\/www.anika-net.de\/ro\/wp-json\/wp\/v2\/media?parent=12827"}],"curies":[{"name":"wp","href":"https:\/\/api.w.org\/{rel}","templated":true}]}}