{"id":12754,"date":"2019-03-21T17:00:05","date_gmt":"2019-03-21T16:00:05","guid":{"rendered":"https:\/\/www.anika-net.de\/event\/integrationsmanagement\/"},"modified":"2022-02-18T17:06:09","modified_gmt":"2022-02-18T16:06:09","slug":"integrationsmanagement","status":"publish","type":"event","link":"https:\/\/www.anika-net.de\/ro\/event\/integrationsmanagement\/","title":{"rendered":"Mana\u00adge\u00admen\u00adtul integr\u0103rilor"},"content":{"rendered":"<p>Inte\u00adgra\u00adrea dura\u00adbi\u00adl\u0103 a refu\u00adgi\u00ada\u00ad\u021bi\u00adlor care tr\u0103\u00adiesc \u00een Karlsruhe<\/p>\n<p>&nbsp;<\/p>\n<p>Refu\u00adgi\u00ada\u00ad\u021bii care locu\u00adiesc \u00een Karl\u00adsru\u00adhe \u00een locuri de caza\u00adre puse la dis\u00adpo\u00adzi\u00ad\u021bie de stat sunt spri\u00adji\u00adni\u021bi cu sco\u00adpul de a \u00ee\u0219i con\u00adstrui o via\u00ad\u021b\u0103 inde\u00adpen\u00adden\u00adt\u0103. Acest lucru poa\u00adte fi rea\u00adli\u00adzat pe ter\u00admen lung doar oda\u00adt\u0103 ce au fost par\u00adcur\u0219i anu\u00admi\u021bi&nbsp;pa\u0219i:<\/p>\n<ul>\n<li>au \u00eenv\u0103\u00ad\u021bat lim\u00adba german\u0103<\/li>\n<li>au o slu\u00adj\u00adb\u0103 prin care se pot sus\u00ad\u021bi\u00adne pe ei \u0219i fami\u00adlia&nbsp;lor<\/li>\n<li>dis\u00adpu\u00adne de locu\u00adin\u00ad\u021be adecvate<\/li>\n<li>\u00ee\u0219i pot ges\u00adtio\u00adna res\u00adpon\u00adsa\u00adbi\u00adli\u00adt\u0103\u00ad\u021bi\u00adle paren\u00adta\u00adle, dac\u0103 au copii. (Aceas\u00adta inclu\u00adde, prin\u00adtre alte\u00adle, frec\u00adven\u00adta\u00adrea unui cen\u00adtru de zi, \u0219coa\u00adl\u0103 sau cur\u00adsuri de edu\u00adca\u00ad\u021bie extracurricular\u0103)<\/li>\n<li>par\u00adti\u00adci\u00adp\u0103 \u00een cadrul comu\u00adni\u00adt\u0103\u00ad\u021bii prin inte\u00adgra\u00adre social\u0103<\/li>\n<\/ul>\n<p>Mana\u00adge\u00admen\u00adtul inte\u00adgr\u0103\u00adrii ofe\u00adr\u0103 asis\u00adten\u00ad\u021b\u0103, \u00eenso\u00ad\u021be\u0219\u00adte \u0219i spri\u00adji\u00adn\u0103 oame\u00adnii \u00een inte\u00adgra\u00adrea cu suc\u00adces \u00een soci\u00ade\u00adta\u00adte. Sar\u00adci\u00adni\u00adle tipi\u00adce pen\u00adtru atin\u00adge\u00adrea obiec\u00adti\u00adve\u00adlor sunt prin\u00adtre altele<\/p>\n<ul>\n<li>rea\u00adli\u00adza\u00adrea de comun acord a unui plan indi\u00advi\u00addu\u00adal de spri\u00adjin cu obiec\u00adti\u00adve sta\u00adbi\u00adli\u00adte pe peri\u00adoa\u00adde de&nbsp;timp<\/li>\n<li>tri\u00admi\u00adte\u00adrea c\u0103tre ser\u00advi\u00adcii de spe\u00adcia\u00adli\u00adta\u00adte \u00een cazul unor pro\u00adble\u00adme psihosociale<\/li>\n<li>con\u00adsi\u00adli\u00ade\u00adrea p\u0103rin\u00ad\u021bi\u00adlor cu pri\u00advi\u00adre la pro\u00adble\u00adme\u00adle paren\u00adta\u00adle \u0219i educa\u021bionale<\/li>\n<li>Medi\u00ade\u00adrea ofer\u00adte\u00adlor pen\u00adtru dob\u00e2n\u00addi\u00adrea cuno\u0219\u00adtin\u00ad\u021be\u00adlor de lim\u00adba german\u0103<\/li>\n<li>Medi\u00ade\u00adrea ofer\u00adte\u00adlor de edu\u00adca\u00ad\u021bie \u00een ceea ce pri\u00adve\u0219\u00adte avan\u00adsa\u00adrea profesional\u0103<\/li>\n<li>Spri\u00adji\u00adni\u00adrea oame\u00adni\u00adlor \u00een efor\u00adtu\u00adri\u00adle lor pe pia\u00ad\u021ba muncii<\/li>\n<li>Medi\u00ade\u00adrea ofer\u00adte\u00adlor de timp liber (clu\u00adburi, ofer\u00adte cul\u00adtu\u00adra\u00adle&nbsp;etc.)<\/li>\n<li>Con\u00adsi\u00adli\u00ade\u00adre cu pri\u00advi\u00adre la legi\u00adsla\u00ad\u021bia pri\u00advind azi\u00adlul \u0219i rezi\u00adden\u00ad\u021ba, pre\u00adcum \u0219i cu pri\u00advi\u00adre la ches\u00adtiu\u00adni\u00adle lega\u00adte de re\u00een\u00adtre\u00adgi\u00adrea familiei<\/li>\n<li>Extin\u00adde\u00adrea comu\u00adni\u00adc\u0103\u00adrii inter\u00adcul\u00adtu\u00adra\u00adle \u0219i a locu\u00adri\u00adlor de \u00eent\u00e2lnire<\/li>\n<\/ul>\n<p>&nbsp;<\/p>\n<p>Pro\u00adgram de birou: Pro\u00adgra\u00adm\u0103ri prin aran\u00adja\u00adre telefonic\u0103<\/p>\n<p>Ore de deschidere:<\/p>\n<p>De luni p\u00e2n\u0103 vineri: 9:00 \u2014 12:00<\/p>\n<p>De luni p\u00e2n\u0103 joi: 14 \u2014&nbsp;16h<\/p>\n<p>&nbsp;<\/p>\n<p>Dis\u00adpo\u00adni\u00adbi\u00adli\u00adta\u00adte telefonic\u0103:<\/p>\n<p>De luni p\u00e2n\u0103 vineri: 8:30 \u2014 12:30<\/p>\n<p>De luni p\u00e2n\u0103 joi: 13:30 p\u00e2n\u0103 la 16:00<\/p>\n<p>Pro\u00adgra\u00adm\u0103ri prin acord telefonic<\/p>\n<p>Flyer de <a href=\"https:\/\/www.anika-net.de\/wp-content\/uploads\/2021\/10\/OeMD_4_Integrationsmanagement_2021-09.pdf\">des\u00adc\u0103r\u00adcat<\/a><\/p>\n<p>&nbsp;<\/p>\n<p>Spri\u00adjin de&nbsp;c\u0103tre<\/p>\n","protected":false},"author":1,"featured_media":34985,"template":"","class_list":["post-12754","event","type-event","status-publish","has-post-thumbnail","hentry","event_category-asistenta"],"acf":{"event-recurring":true,"event-category":81,"event-is-language-course":false,"event-recurring-still-active":true,"event-display-details":true,"event-schedules-recurring":[{"event-recurring-week-day":false,"event-recurring-time":"09.00 - 12.00 \/ 14.00 - 16.00","event-recurring-time-text":""},{"event-recurring-week-day":false,"event-recurring-time":"09.00 - 12.00 ","event-recurring-time-text":""},{"event-recurring-week-day":false,"event-recurring-time":"09.00 - 12.00 ","event-recurring-time-text":""},{"event-recurring-week-day":false,"event-recurring-time":"09.00 - 12.00 \/ 14.00 - 16.00","event-recurring-time-text":""},{"event-recurring-week-day":false,"event-recurring-time":"09.00 - 12.00 ","event-recurring-time-text":""}],"event-schedules-calendar":null,"event-is-online":false,"event-online-url":"","event-location-building":"Beratungs- und Familienzentrum Caritashaus","event-location-street":"Sophienstra\u00dfe  33","event-location-zip":"76133","event-location-city":"Karlsruhe","event-location-contact-person":"Tamara Hillens","event-location-phone":"+49 721 91243-16","event-location-phone-2":"+49 721 91243-99","event-location-mail":"sekretariat-oemd@caritas-karlsruhe.de","event-location-mail-2":"","event-location-website":"https:\/\/www.caritas-karlsruhe.de\/oemd","event-target-group":[{"target-group":"adults"}],"event-target-group-comment":"pentru toate genurile \u0219i toate v\u00e2rstele","event-free":true,"event-organiser":[15692,16041],"event-header-copyright-overlay":true,"event-copyright-note-description-end":false},"featured_image_urls_v2":{"full":["https:\/\/www.anika-net.de\/wp-content\/uploads\/2019\/03\/Caritas-und-Diakonie.jpg",1181,709,false],"thumbnail":["https:\/\/www.anika-net.de\/wp-content\/uploads\/2019\/03\/Caritas-und-Diakonie-150x150.jpg",150,150,true],"medium":["https:\/\/www.anika-net.de\/wp-content\/uploads\/2019\/03\/Caritas-und-Diakonie-300x180.jpg",300,180,true],"medium_large":["https:\/\/www.anika-net.de\/wp-content\/uploads\/2019\/03\/Caritas-und-Diakonie-768x461.jpg",640,384,true],"large":["https:\/\/www.anika-net.de\/wp-content\/uploads\/2019\/03\/Caritas-und-Diakonie-1024x615.jpg",640,384,true],"1536x1536":["https:\/\/www.anika-net.de\/wp-content\/uploads\/2019\/03\/Caritas-und-Diakonie.jpg",1181,709,false],"2048x2048":["https:\/\/www.anika-net.de\/wp-content\/uploads\/2019\/03\/Caritas-und-Diakonie.jpg",1181,709,false],"event-overview":["https:\/\/www.anika-net.de\/wp-content\/uploads\/2019\/03\/Caritas-und-Diakonie-960x640.jpg",960,640,true],"event-archive-thumb":["https:\/\/www.anika-net.de\/wp-content\/uploads\/2019\/03\/Caritas-und-Diakonie-480x288.jpg",480,288,true],"grid-item-thumbnail":["https:\/\/www.anika-net.de\/wp-content\/uploads\/2019\/03\/Caritas-und-Diakonie-360x200.jpg",360,200,true],"network-partner-icon":["https:\/\/www.anika-net.de\/wp-content\/uploads\/2019\/03\/Caritas-und-Diakonie-100x100.jpg",100,100,true],"organiser-icon":["https:\/\/www.anika-net.de\/wp-content\/uploads\/2019\/03\/Caritas-und-Diakonie-200x200.jpg",200,200,true],"gform-image-choice-sm":["https:\/\/www.anika-net.de\/wp-content\/uploads\/2019\/03\/Caritas-und-Diakonie.jpg",300,180,false],"gform-image-choice-md":["https:\/\/www.anika-net.de\/wp-content\/uploads\/2019\/03\/Caritas-und-Diakonie.jpg",400,240,false],"gform-image-choice-lg":["https:\/\/www.anika-net.de\/wp-content\/uploads\/2019\/03\/Caritas-und-Diakonie.jpg",600,360,false]},"post_excerpt_stackable_v2":"<p>Inte\u00adgra\u00adrea dura\u00adbi\u00adl\u0103 a refu\u00adgi\u00ada\u00ad\u021bi\u00adlor care tr\u0103\u00adiesc \u00een Karl\u00adsru\u00adhe &nbsp; Refu\u00adgi\u00ada\u00ad\u021bii care locu\u00adiesc \u00een Karl\u00adsru\u00adhe \u00een locuri de caza\u00adre puse la dis\u00adpo\u00adzi\u00ad\u021bie de stat sunt spri\u00adji\u00adni\u021bi cu sco\u00adpul de a \u00ee\u0219i con\u00adstrui o via\u00ad\u021b\u0103 inde\u00adpen\u00adden\u00adt\u0103. Acest lucru poa\u00adte fi rea\u00adli\u00adzat pe ter\u00admen lung doar oda\u00adt\u0103 ce au fost par\u00adcur\u0219i anu\u00admi\u021bi&nbsp;pa\u0219i: au \u00eenv\u0103\u00ad\u021bat lim\u00adba ger\u00adma\u00adn\u0103 au o slu\u00adj\u00adb\u0103 prin care se pot sus\u00ad\u021bi\u00adne pe ei \u0219i fami\u00adlia&nbsp;lor dis\u00adpu\u00adne de locu\u00adin\u00ad\u021be adec\u00adva\u00adte \u00ee\u0219i pot ges\u00adtio\u00adna res\u00adpon\u00adsa\u00adbi\u00adli\u00adt\u0103\u00ad\u021bi\u00adle paren\u00adta\u00adle, dac\u0103 au copii. (Aceas\u00adta inclu\u00adde, prin\u00adtre alte\u00adle, frec\u00adven\u00adta\u00adrea unui cen\u00adtru de zi, \u0219coa\u00adl\u0103 sau cur\u00adsuri de edu\u00adca\u00ad\u021bie extra\u00adcur\u00adri\u00adcu\u00adla\u00adr\u0103) par\u00adti\u00adci\u00adp\u0103 \u00een cadrul comu\u00adni\u00adt\u0103\u00ad\u021bii prin inte\u00adgra\u00adre soci\u00ada\u00adl\u0103 Managementul\u2026<\/p>\n","category_list_v2":"","author_info_v2":{"name":"saasweb-admin","url":"https:\/\/www.anika-net.de\/ro\/author\/saasweb-admin\/"},"comments_num_v2":"0 comments","uagb_featured_image_src":{"full":["https:\/\/www.anika-net.de\/wp-content\/uploads\/2019\/03\/Caritas-und-Diakonie.jpg",1181,709,false],"thumbnail":["https:\/\/www.anika-net.de\/wp-content\/uploads\/2019\/03\/Caritas-und-Diakonie-150x150.jpg",150,150,true],"medium":["https:\/\/www.anika-net.de\/wp-content\/uploads\/2019\/03\/Caritas-und-Diakonie-300x180.jpg",300,180,true],"medium_large":["https:\/\/www.anika-net.de\/wp-content\/uploads\/2019\/03\/Caritas-und-Diakonie-768x461.jpg",640,384,true],"large":["https:\/\/www.anika-net.de\/wp-content\/uploads\/2019\/03\/Caritas-und-Diakonie-1024x615.jpg",640,384,true],"1536x1536":["https:\/\/www.anika-net.de\/wp-content\/uploads\/2019\/03\/Caritas-und-Diakonie.jpg",1181,709,false],"2048x2048":["https:\/\/www.anika-net.de\/wp-content\/uploads\/2019\/03\/Caritas-und-Diakonie.jpg",1181,709,false],"event-overview":["https:\/\/www.anika-net.de\/wp-content\/uploads\/2019\/03\/Caritas-und-Diakonie-960x640.jpg",960,640,true],"event-archive-thumb":["https:\/\/www.anika-net.de\/wp-content\/uploads\/2019\/03\/Caritas-und-Diakonie-480x288.jpg",480,288,true],"grid-item-thumbnail":["https:\/\/www.anika-net.de\/wp-content\/uploads\/2019\/03\/Caritas-und-Diakonie-360x200.jpg",360,200,true],"network-partner-icon":["https:\/\/www.anika-net.de\/wp-content\/uploads\/2019\/03\/Caritas-und-Diakonie-100x100.jpg",100,100,true],"organiser-icon":["https:\/\/www.anika-net.de\/wp-content\/uploads\/2019\/03\/Caritas-und-Diakonie-200x200.jpg",200,200,true],"gform-image-choice-sm":["https:\/\/www.anika-net.de\/wp-content\/uploads\/2019\/03\/Caritas-und-Diakonie.jpg",300,180,false],"gform-image-choice-md":["https:\/\/www.anika-net.de\/wp-content\/uploads\/2019\/03\/Caritas-und-Diakonie.jpg",400,240,false],"gform-image-choice-lg":["https:\/\/www.anika-net.de\/wp-content\/uploads\/2019\/03\/Caritas-und-Diakonie.jpg",600,360,false]},"uagb_author_info":{"display_name":"saasweb-admin","author_link":"https:\/\/www.anika-net.de\/ro\/author\/saasweb-admin\/"},"uagb_comment_info":0,"uagb_excerpt":"Inte\u00adgra\u00adrea dura\u00adbi\u00adl\u0103 a refu\u00adgi\u00ada\u00ad\u021bi\u00adlor care tr\u0103\u00adiesc \u00een Karlsruhe &nbsp; Refu\u00adgi\u00ada\u00ad\u021bii care locu\u00adiesc \u00een Karl\u00adsru\u00adhe \u00een locuri de caza\u00adre puse la dis\u00adpo\u00adzi\u00ad\u021bie de stat sunt spri\u00adji\u00adni\u021bi cu sco\u00adpul de a \u00ee\u0219i&nbsp;Citi\u021bi mai mult","_links":{"self":[{"href":"https:\/\/www.anika-net.de\/ro\/wp-json\/wp\/v2\/event\/12754","targetHints":{"allow":["GET"]}}],"collection":[{"href":"https:\/\/www.anika-net.de\/ro\/wp-json\/wp\/v2\/event"}],"about":[{"href":"https:\/\/www.anika-net.de\/ro\/wp-json\/wp\/v2\/types\/event"}],"author":[{"embeddable":true,"href":"https:\/\/www.anika-net.de\/ro\/wp-json\/wp\/v2\/users\/1"}],"version-history":[{"count":0,"href":"https:\/\/www.anika-net.de\/ro\/wp-json\/wp\/v2\/event\/12754\/revisions"}],"acf:post":[{"embeddable":true,"href":"https:\/\/www.anika-net.de\/ro\/wp-json\/wp\/v2\/organiser\/16041"},{"embeddable":true,"href":"https:\/\/www.anika-net.de\/ro\/wp-json\/wp\/v2\/organiser\/15692"}],"acf:term":[{"embeddable":true,"taxonomy":"event_category","href":"https:\/\/www.anika-net.de\/ro\/wp-json\/wp\/v2\/event_category\/81"}],"wp:featuredmedia":[{"embeddable":true,"href":"https:\/\/www.anika-net.de\/ro\/wp-json\/wp\/v2\/media\/34985"}],"wp:attachment":[{"href":"https:\/\/www.anika-net.de\/ro\/wp-json\/wp\/v2\/media?parent=12754"}],"curies":[{"name":"wp","href":"https:\/\/api.w.org\/{rel}","templated":true}]}}