{"id":12709,"date":"2019-12-02T12:37:51","date_gmt":"2019-12-02T11:37:51","guid":{"rendered":"https:\/\/www.anika-net.de\/event\/german-language-course\/"},"modified":"2022-02-18T17:11:47","modified_gmt":"2022-02-18T16:11:47","slug":"curs-de-limba-germana","status":"publish","type":"event","link":"https:\/\/www.anika-net.de\/ro\/event\/curs-de-limba-germana\/","title":{"rendered":"Curs de lim\u00adba germana"},"content":{"rendered":"<p><strong>pen\u00adtru p\u0103rin\u021bi \u2014 cu \u00eengri\u00adji\u00adrea copiilor<\/strong><\/p>\n<p>Curs de ger\u00adma\u00adn\u0103 pen\u00adtru p\u0103rin\u021bi cu \u00eengri\u00adji\u00adrea copi\u00adi\u00adlor. Biro\u00adul pen\u00adtru Inte\u00adgra\u00adre al ora\u00ad\u0219u\u00adlui Karl\u00adsru\u00adhe ofe\u00adr\u0103 un curs de lim\u00adba ger\u00adma\u00adn\u0103 pen\u00adtru p\u0103rin\u021bi cu \u00eengri\u00adji\u00adrea copi\u00adi\u00adlor \u00eence\u00adp\u00e2nd cu luna ianu\u00ada\u00adrie. Aceas\u00adt\u0103 ofer\u00adt\u0103 se adre\u00adsea\u00adz\u0103 \u00een pri\u00admul r\u00e2nd p\u0103rin\u00ad\u021bi\u00adlor care nu pot urma cur\u00adsu\u00adri\u00adle de lim\u00adb\u0103, din cau\u00adza lip\u00adsei unui \u00eengri\u00adji\u00adtor pen\u00adtru copii. \u00cengri\u00adji\u00adrea copi\u00adi\u00adlor le per\u00admi\u00adte p\u0103rin\u00ad\u021bi\u00adlor s\u0103 par\u00adti\u00adci\u00adpe la cur\u00adsul de ger\u00adma\u00adn\u0103. Par\u00adti\u00adci\u00adpa\u00adrea este posi\u00adbi\u00adl\u0103 \u0219i pen\u00adtru p\u0103rin\u00ad\u021bii c\u0103ro\u00adra nu li se per\u00admi\u00adte s\u0103 par\u00adti\u00adci\u00adpe la un curs de integrare.<br>\nCur\u00adsul \u00eence\u00adpe pe 13 iulie \u0219i are loc de trei ori pe s\u0103p\u00adt\u0103m\u00e2\u00adn\u0103 (cu excep\u00ad\u021bia vacan\u00ad\u021be\u00adlor \u0219colare),<br>\n8.45 \u2014 12.30<br>\nla Inter\u00adna\u00adtio\u00adna\u00adles Begeg\u00adnun\u00adszen\u00adtum Karl\u00adsru\u00adhe (ibz)<br>\nV\u0103 rug\u0103m s\u0103 pro\u00adgra\u00adma\u021bi o \u00eent\u00e2l\u00adni\u00adre personal\u0103<br>\nla tele\u00adfon: 0721 133\u20113840 sau<br>\nprin mail: buero.fuer.Integration@sjb.karlsruhe.de.<\/p>\n<p>Flyer de <a href=\"https:\/\/www.anika-net.de\/wp-content\/uploads\/2021\/10\/20_07_Flyer_Deutschkurse_mit_Kinderbetreuung.pdf\" target=\"_blank\" rel=\"noopener\">des\u00adc\u0103r\u00adcat<\/a><\/p>\n","protected":false},"author":1,"featured_media":7419,"template":"","class_list":["post-12709","event","type-event","status-publish","has-post-thumbnail","hentry","event_category-educatie"],"acf":{"event-recurring":true,"event-category":82,"event-is-language-course":true,"event-recurring-still-active":true,"event-display-details":true,"event-schedules-recurring":[{"event-recurring-week-day":"0","event-recurring-time":"8:45 - 12:30","event-recurring-time-text":""},{"event-recurring-week-day":"1","event-recurring-time":"8:45 - 12:30","event-recurring-time-text":""},{"event-recurring-week-day":"3","event-recurring-time":"8:45 - 12:30","event-recurring-time-text":""}],"event-schedules-calendar":null,"event-is-online":false,"event-online-url":"","event-location-building":"Internationales Begegnungszentrum Karlsruhe (ibz)","event-location-street":"Kaiserallee 12d","event-location-zip":"76133","event-location-city":"Karlsruhe","event-location-contact-person":"Sozial- und Jugendbeh\u00f6rde \u2013 B\u00fcro f\u00fcr Integration","event-location-phone":"0721 133-3840","event-location-phone-2":"","event-location-mail":"buero.fuer.integration@sjb.karlsruhe.de","event-location-mail-2":"","event-location-website":"https:\/\/karlsruhe.de\/b3\/soziales\/einrichtungen\/bfi\/aktuelles\/deutschkurs_eltern.de","event-target-group":[{"target-group":""}],"event-target-group-comment":"","event-free":true,"event-organiser":16499,"event-header-copyright-overlay":true,"event-copyright-note-description-end":false},"featured_image_urls_v2":{"full":["https:\/\/www.anika-net.de\/wp-content\/uploads\/2021\/10\/csm_Deutsch_lernen_e086b967d4.png",1202,802,false],"thumbnail":["https:\/\/www.anika-net.de\/wp-content\/uploads\/2021\/10\/csm_Deutsch_lernen_e086b967d4-150x150.png",150,150,true],"medium":["https:\/\/www.anika-net.de\/wp-content\/uploads\/2021\/10\/csm_Deutsch_lernen_e086b967d4-300x200.png",300,200,true],"medium_large":["https:\/\/www.anika-net.de\/wp-content\/uploads\/2021\/10\/csm_Deutsch_lernen_e086b967d4-768x512.png",640,427,true],"large":["https:\/\/www.anika-net.de\/wp-content\/uploads\/2021\/10\/csm_Deutsch_lernen_e086b967d4-1024x683.png",640,427,true],"1536x1536":["https:\/\/www.anika-net.de\/wp-content\/uploads\/2021\/10\/csm_Deutsch_lernen_e086b967d4.png",1202,802,false],"2048x2048":["https:\/\/www.anika-net.de\/wp-content\/uploads\/2021\/10\/csm_Deutsch_lernen_e086b967d4.png",1202,802,false],"event-overview":["https:\/\/www.anika-net.de\/wp-content\/uploads\/2021\/10\/csm_Deutsch_lernen_e086b967d4-960x640.png",960,640,true],"event-archive-thumb":["https:\/\/www.anika-net.de\/wp-content\/uploads\/2021\/10\/csm_Deutsch_lernen_e086b967d4-480x320.png",480,320,true],"grid-item-thumbnail":["https:\/\/www.anika-net.de\/wp-content\/uploads\/2021\/10\/csm_Deutsch_lernen_e086b967d4-360x200.png",360,200,true],"network-partner-icon":["https:\/\/www.anika-net.de\/wp-content\/uploads\/2021\/10\/csm_Deutsch_lernen_e086b967d4-100x100.png",100,100,true],"organiser-icon":["https:\/\/www.anika-net.de\/wp-content\/uploads\/2021\/10\/csm_Deutsch_lernen_e086b967d4-200x200.png",200,200,true],"gform-image-choice-sm":["https:\/\/www.anika-net.de\/wp-content\/uploads\/2021\/10\/csm_Deutsch_lernen_e086b967d4.png",300,200,false],"gform-image-choice-md":["https:\/\/www.anika-net.de\/wp-content\/uploads\/2021\/10\/csm_Deutsch_lernen_e086b967d4.png",400,267,false],"gform-image-choice-lg":["https:\/\/www.anika-net.de\/wp-content\/uploads\/2021\/10\/csm_Deutsch_lernen_e086b967d4.png",600,400,false]},"post_excerpt_stackable_v2":"<p>pen\u00adtru p\u0103rin\u021bi \u2014 cu \u00eengri\u00adji\u00adrea copi\u00adi\u00adlor Curs de ger\u00adma\u00adn\u0103 pen\u00adtru p\u0103rin\u021bi cu \u00eengri\u00adji\u00adrea copi\u00adi\u00adlor. Biro\u00adul pen\u00adtru Inte\u00adgra\u00adre al ora\u00ad\u0219u\u00adlui Karl\u00adsru\u00adhe ofe\u00adr\u0103 un curs de lim\u00adba ger\u00adma\u00adn\u0103 pen\u00adtru p\u0103rin\u021bi cu \u00eengri\u00adji\u00adrea copi\u00adi\u00adlor \u00eence\u00adp\u00e2nd cu luna ianu\u00ada\u00adrie. Aceas\u00adt\u0103 ofer\u00adt\u0103 se adre\u00adsea\u00adz\u0103 \u00een pri\u00admul r\u00e2nd p\u0103rin\u00ad\u021bi\u00adlor care nu pot urma cur\u00adsu\u00adri\u00adle de lim\u00adb\u0103, din cau\u00adza lip\u00adsei unui \u00eengri\u00adji\u00adtor pen\u00adtru copii. \u00cengri\u00adji\u00adrea copi\u00adi\u00adlor le per\u00admi\u00adte p\u0103rin\u00ad\u021bi\u00adlor s\u0103 par\u00adti\u00adci\u00adpe la cur\u00adsul de ger\u00adma\u00adn\u0103. Par\u00adti\u00adci\u00adpa\u00adrea este posi\u00adbi\u00adl\u0103 \u0219i pen\u00adtru p\u0103rin\u00ad\u021bii c\u0103ro\u00adra nu li se per\u00admi\u00adte s\u0103 par\u00adti\u00adci\u00adpe la un curs de inte\u00adgra\u00adre. Cur\u00adsul \u00eence\u00adpe pe 13 iulie \u0219i are loc de trei ori pe s\u0103p\u00adt\u0103m\u00e2\u00adn\u0103 (cu\u2026<\/p>\n","category_list_v2":"","author_info_v2":{"name":"saasweb-admin","url":"https:\/\/www.anika-net.de\/ro\/author\/saasweb-admin\/"},"comments_num_v2":"0 comments","uagb_featured_image_src":{"full":["https:\/\/www.anika-net.de\/wp-content\/uploads\/2021\/10\/csm_Deutsch_lernen_e086b967d4.png",1202,802,false],"thumbnail":["https:\/\/www.anika-net.de\/wp-content\/uploads\/2021\/10\/csm_Deutsch_lernen_e086b967d4-150x150.png",150,150,true],"medium":["https:\/\/www.anika-net.de\/wp-content\/uploads\/2021\/10\/csm_Deutsch_lernen_e086b967d4-300x200.png",300,200,true],"medium_large":["https:\/\/www.anika-net.de\/wp-content\/uploads\/2021\/10\/csm_Deutsch_lernen_e086b967d4-768x512.png",640,427,true],"large":["https:\/\/www.anika-net.de\/wp-content\/uploads\/2021\/10\/csm_Deutsch_lernen_e086b967d4-1024x683.png",640,427,true],"1536x1536":["https:\/\/www.anika-net.de\/wp-content\/uploads\/2021\/10\/csm_Deutsch_lernen_e086b967d4.png",1202,802,false],"2048x2048":["https:\/\/www.anika-net.de\/wp-content\/uploads\/2021\/10\/csm_Deutsch_lernen_e086b967d4.png",1202,802,false],"event-overview":["https:\/\/www.anika-net.de\/wp-content\/uploads\/2021\/10\/csm_Deutsch_lernen_e086b967d4-960x640.png",960,640,true],"event-archive-thumb":["https:\/\/www.anika-net.de\/wp-content\/uploads\/2021\/10\/csm_Deutsch_lernen_e086b967d4-480x320.png",480,320,true],"grid-item-thumbnail":["https:\/\/www.anika-net.de\/wp-content\/uploads\/2021\/10\/csm_Deutsch_lernen_e086b967d4-360x200.png",360,200,true],"network-partner-icon":["https:\/\/www.anika-net.de\/wp-content\/uploads\/2021\/10\/csm_Deutsch_lernen_e086b967d4-100x100.png",100,100,true],"organiser-icon":["https:\/\/www.anika-net.de\/wp-content\/uploads\/2021\/10\/csm_Deutsch_lernen_e086b967d4-200x200.png",200,200,true],"gform-image-choice-sm":["https:\/\/www.anika-net.de\/wp-content\/uploads\/2021\/10\/csm_Deutsch_lernen_e086b967d4.png",300,200,false],"gform-image-choice-md":["https:\/\/www.anika-net.de\/wp-content\/uploads\/2021\/10\/csm_Deutsch_lernen_e086b967d4.png",400,267,false],"gform-image-choice-lg":["https:\/\/www.anika-net.de\/wp-content\/uploads\/2021\/10\/csm_Deutsch_lernen_e086b967d4.png",600,400,false]},"uagb_author_info":{"display_name":"saasweb-admin","author_link":"https:\/\/www.anika-net.de\/ro\/author\/saasweb-admin\/"},"uagb_comment_info":0,"uagb_excerpt":"pen\u00adtru p\u0103rin\u021bi \u2014 cu \u00eengri\u00adji\u00adrea copiilor Curs de ger\u00adma\u00adn\u0103 pen\u00adtru p\u0103rin\u021bi cu \u00eengri\u00adji\u00adrea copi\u00adi\u00adlor. Biro\u00adul pen\u00adtru Inte\u00adgra\u00adre al ora\u00ad\u0219u\u00adlui Karl\u00adsru\u00adhe ofe\u00adr\u0103 un curs de lim\u00adba ger\u00adma\u00adn\u0103 pen\u00adtru p\u0103rin\u021bi cu \u00eengri\u00adji\u00adrea&nbsp;Citi\u021bi mai mult","_links":{"self":[{"href":"https:\/\/www.anika-net.de\/ro\/wp-json\/wp\/v2\/event\/12709","targetHints":{"allow":["GET"]}}],"collection":[{"href":"https:\/\/www.anika-net.de\/ro\/wp-json\/wp\/v2\/event"}],"about":[{"href":"https:\/\/www.anika-net.de\/ro\/wp-json\/wp\/v2\/types\/event"}],"author":[{"embeddable":true,"href":"https:\/\/www.anika-net.de\/ro\/wp-json\/wp\/v2\/users\/1"}],"version-history":[{"count":0,"href":"https:\/\/www.anika-net.de\/ro\/wp-json\/wp\/v2\/event\/12709\/revisions"}],"acf:post":[{"embeddable":true,"href":"https:\/\/www.anika-net.de\/ro\/wp-json\/wp\/v2\/organiser\/16499"}],"acf:term":[{"embeddable":true,"taxonomy":"event_category","href":"https:\/\/www.anika-net.de\/ro\/wp-json\/wp\/v2\/event_category\/82"}],"wp:featuredmedia":[{"embeddable":true,"href":"https:\/\/www.anika-net.de\/ro\/wp-json\/wp\/v2\/media\/7419"}],"wp:attachment":[{"href":"https:\/\/www.anika-net.de\/ro\/wp-json\/wp\/v2\/media?parent=12709"}],"curies":[{"name":"wp","href":"https:\/\/api.w.org\/{rel}","templated":true}]}}