{"id":12686,"date":"2019-11-26T12:46:20","date_gmt":"2019-11-26T11:46:20","guid":{"rendered":"https:\/\/www.anika-net.de\/event\/de-bildungsbegleitung\/"},"modified":"2023-09-04T12:38:43","modified_gmt":"2023-09-04T10:38:43","slug":"de-bildungsbegleitung","status":"publish","type":"event","link":"https:\/\/www.anika-net.de\/ro\/event\/de-bildungsbegleitung\/","title":{"rendered":"Spri\u00adjin edu\u00adca\u00ad\u021bio\u00adnal pen\u00adtru \u0219co\u00adla\u00adrii din fami\u00adli\u00adi\u00adle sin\u00adti \u0219i&nbsp;romi"},"content":{"rendered":"<h3><span style=\"color: #008080;\">Spri\u00adjin edu\u00adca\u00ad\u021bio\u00adnal pen\u00adtru \u0219co\u00adla\u00adrii din fami\u00adli\u00adi\u00adle sin\u00adti \u0219i&nbsp;romi<br>\n<\/span><\/h3>\n<p>Spri\u00adji\u00adnul are loc de apro\u00adxi\u00adma\u00adtiv 2 ori pe s\u0103p\u00adt\u0103m\u00e2\u00adn\u0103 la \u0219coli sau aca\u00ads\u0103 \u00een fami\u00adlii. Spri\u00adji\u00adnul indi\u00advi\u00addu\u00adal \u0219i \u00een grup mic este ofe\u00adrit din cla\u00adsa 1 \u2014 10, cu accent pe alfa\u00adbe\u00adti\u00adza\u00adre, spri\u00adjin ling\u00advis\u00adtic, spri\u00adjin pen\u00adtru teme \u0219i lec\u00ad\u021bii de spri\u00adjin la dis\u00adci\u00adpli\u00adne\u00adle prin\u00adci\u00adpa\u00adle mate\u00adma\u00adti\u00adc\u0103, ger\u00adma\u00adn\u0103 \u0219i englez\u0103.<br>\nPro\u00adgra\u00admul este gra\u00adtu\u00adit \u0219i este des\u00adchis tutu\u00adror ele\u00advi\u00adlor din fami\u00adli\u00adi\u00adle de romi \u0219i sin\u00adti, de la \u00eenscri\u00ade\u00adrea la \u0219coa\u00adl\u0103 p\u00e2n\u0103 la absolvire.<\/p>\n<p><strong>Gru\u00adpul&nbsp;\u021bint\u0103<\/strong><br>\n\u2014 Elevi din fami\u00adlii ger\u00adma\u00adne sin\u00adti \u0219i romi care au nevo\u00adie de spri\u00adjin pen\u00adtru a\u2011\u0219i atin\u00adge obiec\u00adti\u00adve\u00adle clasei.<br>\n\u2014 Elevi din fami\u00adlii sin\u00adti \u0219i rome cu un mediu migra\u00adtor care au nevo\u00adie de spri\u00adjin pen\u00adtru inte\u00adgra\u00adrea \u00een sis\u00adte\u00admul \u0219co\u00adlar german.<\/p>\n<p><strong>Obiec\u00adti\u00adve\u00adle ofertei<\/strong><br>\n\u2014 Pre\u00adzen\u00adta regu\u00adla\u00adta la scoala<br>\n\u2014 Ob\u021bi\u00adne\u00adrea unor cali\u00adfi\u00adc\u0103ri bune de absol\u00advi\u00adre a \u0219colii<br>\n\u2014 Dezvol\u00adta\u00adrea per\u00adspec\u00adti\u00adve\u00adlor de urm\u0103rire<\/p>\n","protected":false},"author":12,"featured_media":7936,"template":"","class_list":["post-12686","event","type-event","status-publish","has-post-thumbnail","hentry","event_category-educatie"],"acf":{"event-recurring":true,"event-category":82,"event-is-language-course":false,"event-recurring-still-active":true,"event-display-details":true,"event-schedules-recurring":null,"event-schedules-calendar":null,"event-is-online":false,"event-online-url":"","event-location-building":"Bildungszentrum Karlsruhe","event-location-street":"Scheffelstr.  11-17 a","event-location-zip":"76135","event-location-city":"Karlsruhe","event-location-contact-person":"Stephan Fleischer","event-location-phone":"0721-85019-66","event-location-phone-2":"","event-location-mail":"Stephan.Fleischer@ib.de","event-location-mail-2":"","event-location-website":"https:\/\/www.internationaler-bund.de\/angebot\/10409","event-target-group":null,"event-target-group-comment":"pentru \u0219colarii din familiile Sinti \u0219i Roma","event-free":true,"event-organiser":[16485,23061],"event-header-copyright-overlay":false,"event-copyright-note-description-end":false},"featured_image_urls_v2":{"full":["https:\/\/www.anika-net.de\/wp-content\/uploads\/2021\/10\/csm_LogoIB_04f99c8f42.png",1202,729,false],"thumbnail":["https:\/\/www.anika-net.de\/wp-content\/uploads\/2021\/10\/csm_LogoIB_04f99c8f42-150x150.png",150,150,true],"medium":["https:\/\/www.anika-net.de\/wp-content\/uploads\/2021\/10\/csm_LogoIB_04f99c8f42-300x182.png",300,182,true],"medium_large":["https:\/\/www.anika-net.de\/wp-content\/uploads\/2021\/10\/csm_LogoIB_04f99c8f42-768x466.png",640,388,true],"large":["https:\/\/www.anika-net.de\/wp-content\/uploads\/2021\/10\/csm_LogoIB_04f99c8f42-1024x621.png",640,388,true],"1536x1536":["https:\/\/www.anika-net.de\/wp-content\/uploads\/2021\/10\/csm_LogoIB_04f99c8f42.png",1202,729,false],"2048x2048":["https:\/\/www.anika-net.de\/wp-content\/uploads\/2021\/10\/csm_LogoIB_04f99c8f42.png",1202,729,false],"event-overview":["https:\/\/www.anika-net.de\/wp-content\/uploads\/2021\/10\/csm_LogoIB_04f99c8f42-960x640.png",960,640,true],"event-archive-thumb":["https:\/\/www.anika-net.de\/wp-content\/uploads\/2021\/10\/csm_LogoIB_04f99c8f42-480x291.png",480,291,true],"grid-item-thumbnail":["https:\/\/www.anika-net.de\/wp-content\/uploads\/2021\/10\/csm_LogoIB_04f99c8f42-360x200.png",360,200,true],"network-partner-icon":["https:\/\/www.anika-net.de\/wp-content\/uploads\/2021\/10\/csm_LogoIB_04f99c8f42-100x100.png",100,100,true],"organiser-icon":["https:\/\/www.anika-net.de\/wp-content\/uploads\/2021\/10\/csm_LogoIB_04f99c8f42-200x200.png",200,200,true],"gform-image-choice-sm":["https:\/\/www.anika-net.de\/wp-content\/uploads\/2021\/10\/csm_LogoIB_04f99c8f42.png",300,182,false],"gform-image-choice-md":["https:\/\/www.anika-net.de\/wp-content\/uploads\/2021\/10\/csm_LogoIB_04f99c8f42.png",400,243,false],"gform-image-choice-lg":["https:\/\/www.anika-net.de\/wp-content\/uploads\/2021\/10\/csm_LogoIB_04f99c8f42.png",600,364,false]},"post_excerpt_stackable_v2":"<p>Spri\u00adjin edu\u00adca\u00ad\u021bio\u00adnal pen\u00adtru \u0219co\u00adla\u00adrii din fami\u00adli\u00adi\u00adle sin\u00adti \u0219i&nbsp;romi Spri\u00adji\u00adnul are loc de apro\u00adxi\u00adma\u00adtiv 2 ori pe s\u0103p\u00adt\u0103m\u00e2\u00adn\u0103 la \u0219coli sau aca\u00ads\u0103 \u00een fami\u00adlii. Spri\u00adji\u00adnul indi\u00advi\u00addu\u00adal \u0219i \u00een grup mic este ofe\u00adrit din cla\u00adsa 1 \u2014 10, cu accent pe alfa\u00adbe\u00adti\u00adza\u00adre, spri\u00adjin ling\u00advis\u00adtic, spri\u00adjin pen\u00adtru teme \u0219i lec\u00ad\u021bii de spri\u00adjin la dis\u00adci\u00adpli\u00adne\u00adle prin\u00adci\u00adpa\u00adle mate\u00adma\u00adti\u00adc\u0103, ger\u00adma\u00adn\u0103 \u0219i engle\u00adz\u0103. Pro\u00adgra\u00admul este gra\u00adtu\u00adit \u0219i este des\u00adchis tutu\u00adror ele\u00advi\u00adlor din fami\u00adli\u00adi\u00adle de romi \u0219i sin\u00adti, de la \u00eenscri\u00ade\u00adrea la \u0219coa\u00adl\u0103 p\u00e2n\u0103 la absol\u00advi\u00adre. Gru\u00adpul&nbsp;\u021bin\u00adt\u0103 \u2014 Elevi din fami\u00adlii ger\u00adma\u00adne sin\u00adti \u0219i romi care au nevo\u00adie de spri\u00adjin pen\u00adtru a\u2011\u0219i atin\u00adge obiec\u00adti\u00adve\u00adle cla\u00adsei. \u2014 Elevi&nbsp;din\u2026<\/p>\n","category_list_v2":"","author_info_v2":{"name":"Andrea Ramirez","url":"https:\/\/www.anika-net.de\/ro\/author\/andrea-ramirez\/"},"comments_num_v2":"0 comments","uagb_featured_image_src":{"full":["https:\/\/www.anika-net.de\/wp-content\/uploads\/2021\/10\/csm_LogoIB_04f99c8f42.png",1202,729,false],"thumbnail":["https:\/\/www.anika-net.de\/wp-content\/uploads\/2021\/10\/csm_LogoIB_04f99c8f42-150x150.png",150,150,true],"medium":["https:\/\/www.anika-net.de\/wp-content\/uploads\/2021\/10\/csm_LogoIB_04f99c8f42-300x182.png",300,182,true],"medium_large":["https:\/\/www.anika-net.de\/wp-content\/uploads\/2021\/10\/csm_LogoIB_04f99c8f42-768x466.png",640,388,true],"large":["https:\/\/www.anika-net.de\/wp-content\/uploads\/2021\/10\/csm_LogoIB_04f99c8f42-1024x621.png",640,388,true],"1536x1536":["https:\/\/www.anika-net.de\/wp-content\/uploads\/2021\/10\/csm_LogoIB_04f99c8f42.png",1202,729,false],"2048x2048":["https:\/\/www.anika-net.de\/wp-content\/uploads\/2021\/10\/csm_LogoIB_04f99c8f42.png",1202,729,false],"event-overview":["https:\/\/www.anika-net.de\/wp-content\/uploads\/2021\/10\/csm_LogoIB_04f99c8f42-960x640.png",960,640,true],"event-archive-thumb":["https:\/\/www.anika-net.de\/wp-content\/uploads\/2021\/10\/csm_LogoIB_04f99c8f42-480x291.png",480,291,true],"grid-item-thumbnail":["https:\/\/www.anika-net.de\/wp-content\/uploads\/2021\/10\/csm_LogoIB_04f99c8f42-360x200.png",360,200,true],"network-partner-icon":["https:\/\/www.anika-net.de\/wp-content\/uploads\/2021\/10\/csm_LogoIB_04f99c8f42-100x100.png",100,100,true],"organiser-icon":["https:\/\/www.anika-net.de\/wp-content\/uploads\/2021\/10\/csm_LogoIB_04f99c8f42-200x200.png",200,200,true],"gform-image-choice-sm":["https:\/\/www.anika-net.de\/wp-content\/uploads\/2021\/10\/csm_LogoIB_04f99c8f42.png",300,182,false],"gform-image-choice-md":["https:\/\/www.anika-net.de\/wp-content\/uploads\/2021\/10\/csm_LogoIB_04f99c8f42.png",400,243,false],"gform-image-choice-lg":["https:\/\/www.anika-net.de\/wp-content\/uploads\/2021\/10\/csm_LogoIB_04f99c8f42.png",600,364,false]},"uagb_author_info":{"display_name":"Andrea Ramirez","author_link":"https:\/\/www.anika-net.de\/ro\/author\/andrea-ramirez\/"},"uagb_comment_info":0,"uagb_excerpt":"Spri\u00adjin edu\u00adca\u00ad\u021bio\u00adnal pen\u00adtru \u0219co\u00adla\u00adrii din fami\u00adli\u00adi\u00adle sin\u00adti \u0219i&nbsp;romi Spri\u00adji\u00adnul are loc de apro\u00adxi\u00adma\u00adtiv 2 ori pe s\u0103p\u00adt\u0103m\u00e2\u00adn\u0103 la \u0219coli sau aca\u00ads\u0103 \u00een fami\u00adlii. Spri\u00adji\u00adnul indi\u00advi\u00addu\u00adal \u0219i \u00een grup mic este&nbsp;Citi\u021bi mai mult","_links":{"self":[{"href":"https:\/\/www.anika-net.de\/ro\/wp-json\/wp\/v2\/event\/12686","targetHints":{"allow":["GET"]}}],"collection":[{"href":"https:\/\/www.anika-net.de\/ro\/wp-json\/wp\/v2\/event"}],"about":[{"href":"https:\/\/www.anika-net.de\/ro\/wp-json\/wp\/v2\/types\/event"}],"author":[{"embeddable":true,"href":"https:\/\/www.anika-net.de\/ro\/wp-json\/wp\/v2\/users\/12"}],"version-history":[{"count":0,"href":"https:\/\/www.anika-net.de\/ro\/wp-json\/wp\/v2\/event\/12686\/revisions"}],"acf:post":[{"embeddable":true,"href":"https:\/\/www.anika-net.de\/ro\/wp-json\/wp\/v2\/organiser\/23061"},{"embeddable":true,"href":"https:\/\/www.anika-net.de\/ro\/wp-json\/wp\/v2\/organiser\/16485"}],"acf:term":[{"embeddable":true,"taxonomy":"event_category","href":"https:\/\/www.anika-net.de\/ro\/wp-json\/wp\/v2\/event_category\/82"}],"wp:featuredmedia":[{"embeddable":true,"href":"https:\/\/www.anika-net.de\/ro\/wp-json\/wp\/v2\/media\/7936"}],"wp:attachment":[{"href":"https:\/\/www.anika-net.de\/ro\/wp-json\/wp\/v2\/media?parent=12686"}],"curies":[{"name":"wp","href":"https:\/\/api.w.org\/{rel}","templated":true}]}}