{"id":12676,"date":"2019-05-07T11:24:03","date_gmt":"2019-05-07T09:24:03","guid":{"rendered":"https:\/\/www.anika-net.de\/event\/digital-learning-workshop-for-german-as-a-second-language\/"},"modified":"2023-09-04T13:12:36","modified_gmt":"2023-09-04T11:12:36","slug":"atelier-de-invatare-digitala-pentru-limba-germana-ca-a-doua-limba","status":"publish","type":"event","link":"https:\/\/www.anika-net.de\/ro\/event\/atelier-de-invatare-digitala-pentru-limba-germana-ca-a-doua-limba\/","title":{"rendered":"Ate\u00adli\u00ader de \u00eenv\u0103\u00ad\u021ba\u00adre des\u00adchi\u00ads\u0103: \u00cent\u00e2l\u00adni\u00adre de lec\u00adtu\u00adr\u0103 \u0219i scriere"},"content":{"rendered":"<h2><span style=\"color: #008080;\">Ate\u00adli\u00ader de \u00eenv\u0103\u00ad\u021ba\u00adre des\u00adchi\u00ads\u0103: \u00cent\u00e2l\u00adni\u00adre de lec\u00adtu\u00adr\u0103 \u0219i scriere<\/span><\/h2>\n<p><strong>\u00een vhs Karlsruhe<\/strong><\/p>\n<p><strong><span style=\"color: #000080;\">Sila\u00adbe \u2014 cuvin\u00adte \u2014 propozi\u021bii<\/span><\/strong><br>\nExer\u00ads\u0103m citi\u00adtul \u0219i scri\u00adsul, \u00eenv\u0103\u00ad\u021b\u0103m s\u0103 ne \u00eembu\u00adn\u0103\u00adt\u0103\u00ad\u021bim gre\u0219elile.<br>\nDe ase\u00adme\u00adnea, venim cu tex\u00adte \u0219i scri\u00adem ceea ce ne emo\u00ad\u021bio\u00adnea\u00adz\u0103. Une\u00adori lucr\u0103m \u0219i cu o&nbsp;carte.<\/p>\n<p>Sunt gru\u00adpuri&nbsp;mici.<\/p>\n<p>\u00centot\u00addea\u00adu\u00adna este posi\u00adbil s\u0103 \u00eencepe\u021bi.<\/p>\n<p>Vizi\u00adta\u00adto\u00adrii vin f\u0103r\u0103 \u00eenre\u00adgis\u00adtra\u00adre \u0219i ori\u00adc\u00e2t de des dori\u021bi.<br>\nOfer\u00adta este gratuit\u0103.<\/p>\n","protected":false},"author":12,"featured_media":11053,"template":"","class_list":["post-12676","event","type-event","status-publish","has-post-thumbnail","hentry","event_category-educatie"],"acf":{"event-recurring":false,"event-category":82,"event-is-language-course":false,"event-recurring-still-active":true,"event-display-details":true,"event-schedules-recurring":[{"event-recurring-week-day":"0","event-recurring-time":"16:30 - 18:30","event-recurring-time-text":""},{"event-recurring-week-day":"2","event-recurring-time":"16:30 - 18:30","event-recurring-time-text":""}],"event-schedules-calendar":[{"event-calendar-day":"20231108","event-calendar-time":"17:00 - 18:00","event-calendar-time-text":""},{"event-calendar-day":"20231115","event-calendar-time":"17:00 - 18:00","event-calendar-time-text":""},{"event-calendar-day":"20231122","event-calendar-time":"17:00 - 18:00","event-calendar-time-text":""}],"event-is-online":false,"event-online-url":"","event-location-building":"vhs Karlsruhe e.V.","event-location-street":"Kaiserallee 12e","event-location-zip":"76133","event-location-city":"Karlsruhe","event-location-contact-person":"Alexa Preu\u00df or Stefanie Baius","event-location-phone":" 0721 98 575 76","event-location-phone-2":"","event-location-mail":"info@vhs-karlsruhe.de","event-location-mail-2":"","event-location-website":"https:\/\/www.vhs-karlsruhe.de\/p\/lesen-schreiben\/offene-lernwerkstatt-lese-und-schreib-treff\/in-der-vhs-699-C-232-70650","event-target-group":[{"target-group":""}],"event-target-group-comment":"pentru adul\u021bii care au probleme cu cititul \u0219i scrisul","event-free":true,"event-organiser":[16645],"event-header-copyright-overlay":false,"event-copyright-note-description-end":false},"featured_image_urls_v2":{"full":["https:\/\/www.anika-net.de\/wp-content\/uploads\/2021\/10\/vhs.jpg",225,225,false],"thumbnail":["https:\/\/www.anika-net.de\/wp-content\/uploads\/2021\/10\/vhs-150x150.jpg",150,150,true],"medium":["https:\/\/www.anika-net.de\/wp-content\/uploads\/2021\/10\/vhs.jpg",225,225,false],"medium_large":["https:\/\/www.anika-net.de\/wp-content\/uploads\/2021\/10\/vhs.jpg",225,225,false],"large":["https:\/\/www.anika-net.de\/wp-content\/uploads\/2021\/10\/vhs.jpg",225,225,false],"1536x1536":["https:\/\/www.anika-net.de\/wp-content\/uploads\/2021\/10\/vhs.jpg",225,225,false],"2048x2048":["https:\/\/www.anika-net.de\/wp-content\/uploads\/2021\/10\/vhs.jpg",225,225,false],"event-overview":["https:\/\/www.anika-net.de\/wp-content\/uploads\/2021\/10\/vhs.jpg",225,225,false],"event-archive-thumb":["https:\/\/www.anika-net.de\/wp-content\/uploads\/2021\/10\/vhs.jpg",225,225,false],"grid-item-thumbnail":["https:\/\/www.anika-net.de\/wp-content\/uploads\/2021\/10\/vhs-225x200.jpg",225,200,true],"network-partner-icon":["https:\/\/www.anika-net.de\/wp-content\/uploads\/2021\/10\/vhs-100x100.jpg",100,100,true],"organiser-icon":["https:\/\/www.anika-net.de\/wp-content\/uploads\/2021\/10\/vhs-200x200.jpg",200,200,true],"gform-image-choice-sm":["https:\/\/www.anika-net.de\/wp-content\/uploads\/2021\/10\/vhs.jpg",225,225,false],"gform-image-choice-md":["https:\/\/www.anika-net.de\/wp-content\/uploads\/2021\/10\/vhs.jpg",225,225,false],"gform-image-choice-lg":["https:\/\/www.anika-net.de\/wp-content\/uploads\/2021\/10\/vhs.jpg",225,225,false]},"post_excerpt_stackable_v2":"<p>Ate\u00adli\u00ader de \u00eenv\u0103\u00ad\u021ba\u00adre des\u00adchi\u00ads\u0103: \u00cent\u00e2l\u00adni\u00adre de lec\u00adtu\u00adr\u0103 \u0219i scri\u00ade\u00adre \u00een vhs Karl\u00adsru\u00adhe Sila\u00adbe \u2014 cuvin\u00adte \u2014 pro\u00adpo\u00adzi\u00ad\u021bii Exer\u00ads\u0103m citi\u00adtul \u0219i scri\u00adsul, \u00eenv\u0103\u00ad\u021b\u0103m s\u0103 ne \u00eembu\u00adn\u0103\u00adt\u0103\u00ad\u021bim gre\u00ad\u0219e\u00adli\u00adle. De ase\u00adme\u00adnea, venim cu tex\u00adte \u0219i scri\u00adem ceea ce ne emo\u00ad\u021bio\u00adnea\u00adz\u0103. Une\u00adori lucr\u0103m \u0219i cu o&nbsp;car\u00adte. Sunt gru\u00adpuri&nbsp;mici. \u00centot\u00addea\u00adu\u00adna este posi\u00adbil s\u0103 \u00eence\u00adpe\u021bi. Vizi\u00adta\u00adto\u00adrii vin f\u0103r\u0103 \u00eenre\u00adgis\u00adtra\u00adre \u0219i ori\u00adc\u00e2t de des dori\u021bi. Ofer\u00adta este gratuit\u0103.<\/p>\n","category_list_v2":"","author_info_v2":{"name":"Andrea Ramirez","url":"https:\/\/www.anika-net.de\/ro\/author\/andrea-ramirez\/"},"comments_num_v2":"0 comments","uagb_featured_image_src":{"full":["https:\/\/www.anika-net.de\/wp-content\/uploads\/2021\/10\/vhs.jpg",225,225,false],"thumbnail":["https:\/\/www.anika-net.de\/wp-content\/uploads\/2021\/10\/vhs-150x150.jpg",150,150,true],"medium":["https:\/\/www.anika-net.de\/wp-content\/uploads\/2021\/10\/vhs.jpg",225,225,false],"medium_large":["https:\/\/www.anika-net.de\/wp-content\/uploads\/2021\/10\/vhs.jpg",225,225,false],"large":["https:\/\/www.anika-net.de\/wp-content\/uploads\/2021\/10\/vhs.jpg",225,225,false],"1536x1536":["https:\/\/www.anika-net.de\/wp-content\/uploads\/2021\/10\/vhs.jpg",225,225,false],"2048x2048":["https:\/\/www.anika-net.de\/wp-content\/uploads\/2021\/10\/vhs.jpg",225,225,false],"event-overview":["https:\/\/www.anika-net.de\/wp-content\/uploads\/2021\/10\/vhs.jpg",225,225,false],"event-archive-thumb":["https:\/\/www.anika-net.de\/wp-content\/uploads\/2021\/10\/vhs.jpg",225,225,false],"grid-item-thumbnail":["https:\/\/www.anika-net.de\/wp-content\/uploads\/2021\/10\/vhs-225x200.jpg",225,200,true],"network-partner-icon":["https:\/\/www.anika-net.de\/wp-content\/uploads\/2021\/10\/vhs-100x100.jpg",100,100,true],"organiser-icon":["https:\/\/www.anika-net.de\/wp-content\/uploads\/2021\/10\/vhs-200x200.jpg",200,200,true],"gform-image-choice-sm":["https:\/\/www.anika-net.de\/wp-content\/uploads\/2021\/10\/vhs.jpg",225,225,false],"gform-image-choice-md":["https:\/\/www.anika-net.de\/wp-content\/uploads\/2021\/10\/vhs.jpg",225,225,false],"gform-image-choice-lg":["https:\/\/www.anika-net.de\/wp-content\/uploads\/2021\/10\/vhs.jpg",225,225,false]},"uagb_author_info":{"display_name":"Andrea Ramirez","author_link":"https:\/\/www.anika-net.de\/ro\/author\/andrea-ramirez\/"},"uagb_comment_info":0,"uagb_excerpt":"Ate\u00adli\u00ader de \u00eenv\u0103\u00ad\u021ba\u00adre des\u00adchi\u00ads\u0103: \u00cent\u00e2l\u00adni\u00adre de lec\u00adtu\u00adr\u0103 \u0219i scriere \u00een vhs Karlsruhe Sila\u00adbe \u2014 cuvin\u00adte \u2014 propozi\u021bii Exer\u00ads\u0103m citi\u00adtul \u0219i scri\u00adsul, \u00eenv\u0103\u00ad\u021b\u0103m s\u0103 ne \u00eembu\u00adn\u0103\u00adt\u0103\u00ad\u021bim gre\u0219elile. De ase\u00adme\u00adnea, venim cu&nbsp;Citi\u021bi mai mult","_links":{"self":[{"href":"https:\/\/www.anika-net.de\/ro\/wp-json\/wp\/v2\/event\/12676","targetHints":{"allow":["GET"]}}],"collection":[{"href":"https:\/\/www.anika-net.de\/ro\/wp-json\/wp\/v2\/event"}],"about":[{"href":"https:\/\/www.anika-net.de\/ro\/wp-json\/wp\/v2\/types\/event"}],"author":[{"embeddable":true,"href":"https:\/\/www.anika-net.de\/ro\/wp-json\/wp\/v2\/users\/12"}],"version-history":[{"count":0,"href":"https:\/\/www.anika-net.de\/ro\/wp-json\/wp\/v2\/event\/12676\/revisions"}],"acf:post":[{"embeddable":true,"href":"https:\/\/www.anika-net.de\/ro\/wp-json\/wp\/v2\/organiser\/16645"}],"acf:term":[{"embeddable":true,"taxonomy":"event_category","href":"https:\/\/www.anika-net.de\/ro\/wp-json\/wp\/v2\/event_category\/82"}],"wp:featuredmedia":[{"embeddable":true,"href":"https:\/\/www.anika-net.de\/ro\/wp-json\/wp\/v2\/media\/11053"}],"wp:attachment":[{"href":"https:\/\/www.anika-net.de\/ro\/wp-json\/wp\/v2\/media?parent=12676"}],"curies":[{"name":"wp","href":"https:\/\/api.w.org\/{rel}","templated":true}]}}