{"id":12671,"date":"2021-10-19T16:42:03","date_gmt":"2021-10-19T14:42:03","guid":{"rendered":"https:\/\/www.anika-net.de\/event\/counselling-for-refugees-from-africa-and-non-eu-migrants\/"},"modified":"2022-02-03T11:31:28","modified_gmt":"2022-02-03T10:31:28","slug":"counselling-for-refugees-from-africa-and-non-eu-migrants","status":"publish","type":"event","link":"https:\/\/www.anika-net.de\/ro\/event\/counselling-for-refugees-from-africa-and-non-eu-migrants\/","title":{"rendered":"Con\u00adsi\u00adli\u00ade\u00adre pen\u00adtru refu\u00adgi\u00ada\u00ad\u021bii din Afri\u00adca \u0219i migran\u00ad\u021bii din afa\u00adra&nbsp;UE"},"content":{"rendered":"<p>&nbsp;<\/p>\n<p>Ne ocu\u00adp\u0103m \u00een Karl\u00adsru\u00adhe \u0219i \u00een dis\u00adtric\u00adtul Karl\u00adsru\u00adhe,&nbsp;resp.<\/p>\n<p>&nbsp;<\/p>\n<p>\u00cempre\u00adju\u00adri\u00admi\u00adle din jurul refu\u00adgi\u00ada\u00ad\u021bi\u00adlor soma\u00adlezi \u0219i a altor refu\u00adgi\u00ada\u021bi afri\u00adcani. Nu numai refu\u00adgi\u00ada\u021bi, ci \u0219i rezi\u00adden\u021bi de lun\u00adg\u0103 dura\u00adt\u0103 din Soma\u00adlia \u0219i alte \u021b\u0103ri africane.<\/p>\n<p>&nbsp;<\/p>\n<p>V\u0103 putem aju\u00adta, prin\u00adtre alte\u00adle, cu urm\u0103\u00adtoa\u00adre\u00adle subiecte:<\/p>\n<p>&nbsp;<\/p>\n<p>Re\u0219e\u00addin\u00ad\u021b\u0103: \u00centre\u00adb\u0103ri des\u00adpre rezi\u00adden\u00ad\u021ba \u00een Germania.<\/p>\n<p>Fami\u00adlie: \u00centre\u00adb\u0103ri des\u00adpre re\u00een\u00adtre\u00adgi\u00adrea familiei.<\/p>\n<p>Lim\u00adba: Pla\u00adsa\u00adrea la cur\u00adsuri de inte\u00adgra\u00adre \u0219i la alte cur\u00adsuri de german\u0103.<\/p>\n<p>Mun\u00adc\u0103: apli\u00adca\u00ad\u021bii \u0219i c\u0103u\u00adta\u00adrea de sta\u00adgii \u0219i locuri de mun\u00adc\u0103 \u0219i medi\u00ade\u00adrea \u00een \u00eentre\u00adb\u0103ri pri\u00advind recu\u00adnoa\u0219\u00adte\u00adrea cali\u00adfi\u00adc\u0103\u00adri\u00adlor profesionale.<\/p>\n<p>S\u0103n\u0103\u00adta\u00adte: Pen\u00adtru \u00eentre\u00adb\u0103ri lega\u00adte de s\u0103n\u0103\u00adta\u00adte (de exem\u00adplu, medic, asi\u00adgu\u00adra\u00adre de s\u0103n\u0103tate).<\/p>\n<p>Copii \u0219i fami\u00adlie: \u00eentre\u00adb\u0103ri des\u00adpre gr\u0103\u00addi\u00adni\u00ad\u021b\u0103, \u0219coa\u00adl\u0103 \u0219i for\u00adma\u00adre profesional\u0103.<\/p>\n<p>Ches\u00adtiuni finan\u00adci\u00ada\u00adre: \u00eentre\u00adb\u0103ri des\u00adpre alo\u00adca\u00ad\u021bi\u00adi\u00adle pen\u00adtru copii, alo\u00adca\u00ad\u021bia pen\u00adtru locu\u00adin\u00ad\u021b\u0103, pl\u0103\u00ad\u021bi\u00adle de la cen\u00adtrul de ocu\u00adpa\u00adre a for\u00ad\u021bei de mun\u00adc\u0103 \u0219i alte presta\u021bii<\/p>\n<p>Mobi\u00adli\u00adta\u00adte: per\u00admis de con\u00addu\u00adce\u00adre, auto\u00adbuz, tren sau tram\u00advai \u2014 v\u0103 ar\u0103\u00adt\u0103m cum s\u0103 v\u0103 deplasa\u021bi<\/p>\n<p>Timp liber: \u00centre\u00adb\u0103ri des\u00adpre acti\u00advi\u00adt\u0103\u00ad\u021bi\u00adle de petre\u00adce\u00adre a tim\u00adpu\u00adlui liber \u0219i faci\u00adli\u00adt\u0103\u00ad\u021bi\u00adle de agre\u00adment din zona dumneavoastr\u0103<\/p>\n<p>Con\u00adsul\u00adta\u00ad\u021bia noas\u00adtr\u0103 este gra\u00adtu\u00adi\u00adt\u0103. Ofe\u00adrim con\u00adsul\u00adtan\u00ad\u021b\u0103 \u0219i \u00een lim\u00adba englez\u0103.<\/p>\n<p>&nbsp;<\/p>\n<p>Avem, de ase\u00adme\u00adnea, con\u00adsul\u00adtan\u021bi \u00een alte lim\u00adbi, \u00een spe\u00adcial soma\u00adle\u00adz\u0103, gam\u00adbi\u00ada\u00adn\u0103 \u0219i eritreean\u0103.<\/p>\n<p>&nbsp;<\/p>\n<p>De ase\u00adme\u00adnea, ne bucu\u00adr\u0103m s\u0103 ne ocu\u00adp\u0103m de pro\u00adble\u00adme\u00adle feme\u00adi\u00adlor, de con\u00adflic\u00adte\u00adle fami\u00adli\u00ada\u00adle \u0219i de pro\u00adble\u00adme\u00adle educa\u021bionale.<\/p>\n<p>&nbsp;<\/p>\n<p>Luni: de la 10.00 la 14.00<\/p>\n<p>&nbsp;<\/p>\n<p>Vineri: de la 10.00 la 14.00<\/p>\n","protected":false},"author":12,"featured_media":0,"template":"","class_list":["post-12671","event","type-event","status-publish","hentry"],"acf":{"event-recurring":true,"event-category":false,"event-is-language-course":false,"event-recurring-still-active":true,"event-display-details":true,"event-schedules-recurring":[{"event-recurring-week-day":"0","event-recurring-time":"10:00 - 14:00","event-recurring-time-text":""},{"event-recurring-week-day":"4","event-recurring-time":"10:00 - 14:00","event-recurring-time-text":""}],"event-schedules-calendar":null,"event-is-online":false,"event-online-url":"","event-location-building":" Ibz","event-location-street":"Kaiserallee 12d","event-location-zip":"76133","event-location-city":"Karlsruhe","event-location-contact-person":"Herr Ahmed Abdi ; Frau Liane Holl ; Herr Yakuba Ceesay","event-location-phone":"0721 46728029","event-location-phone-2":"","event-location-mail":"ali-ahmed.abdi@Hotmail.com","event-location-mail-2":"","event-location-website":"","event-target-group":null,"event-target-group-comment":"","event-free":false,"event-organiser":[12673],"event-header-copyright-overlay":true,"event-copyright-note-description-end":false},"featured_image_urls_v2":{"full":"","thumbnail":"","medium":"","medium_large":"","large":"","1536x1536":"","2048x2048":"","event-overview":"","event-archive-thumb":"","grid-item-thumbnail":"","network-partner-icon":"","organiser-icon":"","gform-image-choice-sm":"","gform-image-choice-md":"","gform-image-choice-lg":""},"post_excerpt_stackable_v2":"<p>&nbsp; Ne ocu\u00adp\u0103m \u00een Karl\u00adsru\u00adhe \u0219i \u00een dis\u00adtric\u00adtul Karl\u00adsru\u00adhe,&nbsp;resp. &nbsp; \u00cempre\u00adju\u00adri\u00admi\u00adle din jurul refu\u00adgi\u00ada\u00ad\u021bi\u00adlor soma\u00adlezi \u0219i a altor refu\u00adgi\u00ada\u021bi afri\u00adcani. Nu numai refu\u00adgi\u00ada\u021bi, ci \u0219i rezi\u00adden\u021bi de lun\u00adg\u0103 dura\u00adt\u0103 din Soma\u00adlia \u0219i alte \u021b\u0103ri afri\u00adca\u00adne. &nbsp; V\u0103 putem aju\u00adta, prin\u00adtre alte\u00adle, cu urm\u0103\u00adtoa\u00adre\u00adle subiec\u00adte: &nbsp; Re\u0219e\u00addin\u00ad\u021b\u0103: \u00centre\u00adb\u0103ri des\u00adpre rezi\u00adden\u00ad\u021ba \u00een Ger\u00adma\u00adnia. Fami\u00adlie: \u00centre\u00adb\u0103ri des\u00adpre re\u00een\u00adtre\u00adgi\u00adrea fami\u00adli\u00adei. Lim\u00adba: Pla\u00adsa\u00adrea la cur\u00adsuri de inte\u00adgra\u00adre \u0219i la alte cur\u00adsuri de ger\u00adma\u00adn\u0103. Mun\u00adc\u0103: apli\u00adca\u00ad\u021bii \u0219i c\u0103u\u00adta\u00adrea de sta\u00adgii \u0219i locuri de mun\u00adc\u0103 \u0219i medi\u00ade\u00adrea \u00een \u00eentre\u00adb\u0103ri pri\u00advind recu\u00adnoa\u0219\u00adte\u00adrea cali\u00adfi\u00adc\u0103\u00adri\u00adlor pro\u00adfe\u00adsio\u00adna\u00adle. S\u0103n\u0103\u00adta\u00adte: Pen\u00adtru \u00eentre\u00adb\u0103ri lega\u00adte de s\u0103n\u0103\u00adta\u00adte (de exem\u00adplu, medic, asi\u00adgu\u00adra\u00adre de s\u0103n\u0103\u00adta\u00adte). Copii&nbsp;\u0219i\u2026<\/p>\n","category_list_v2":"","author_info_v2":{"name":"Andrea Ramirez","url":"https:\/\/www.anika-net.de\/ro\/author\/andrea-ramirez\/"},"comments_num_v2":"0 comments","uagb_featured_image_src":{"full":false,"thumbnail":false,"medium":false,"medium_large":false,"large":false,"1536x1536":false,"2048x2048":false,"event-overview":false,"event-archive-thumb":false,"grid-item-thumbnail":false,"network-partner-icon":false,"organiser-icon":false,"gform-image-choice-sm":false,"gform-image-choice-md":false,"gform-image-choice-lg":false},"uagb_author_info":{"display_name":"Andrea Ramirez","author_link":"https:\/\/www.anika-net.de\/ro\/author\/andrea-ramirez\/"},"uagb_comment_info":0,"uagb_excerpt":"&nbsp; Ne ocu\u00adp\u0103m \u00een Karl\u00adsru\u00adhe \u0219i \u00een dis\u00adtric\u00adtul Karl\u00adsru\u00adhe,&nbsp;resp. &nbsp; \u00cempre\u00adju\u00adri\u00admi\u00adle din jurul refu\u00adgi\u00ada\u00ad\u021bi\u00adlor soma\u00adlezi \u0219i a altor refu\u00adgi\u00ada\u021bi afri\u00adcani. Nu numai refu\u00adgi\u00ada\u021bi, ci \u0219i rezi\u00adden\u021bi de lun\u00adg\u0103 dura\u00adt\u0103 din&nbsp;Citi\u021bi mai mult","_links":{"self":[{"href":"https:\/\/www.anika-net.de\/ro\/wp-json\/wp\/v2\/event\/12671","targetHints":{"allow":["GET"]}}],"collection":[{"href":"https:\/\/www.anika-net.de\/ro\/wp-json\/wp\/v2\/event"}],"about":[{"href":"https:\/\/www.anika-net.de\/ro\/wp-json\/wp\/v2\/types\/event"}],"author":[{"embeddable":true,"href":"https:\/\/www.anika-net.de\/ro\/wp-json\/wp\/v2\/users\/12"}],"version-history":[{"count":0,"href":"https:\/\/www.anika-net.de\/ro\/wp-json\/wp\/v2\/event\/12671\/revisions"}],"acf:post":[{"embeddable":true,"href":"https:\/\/www.anika-net.de\/ro\/wp-json\/wp\/v2\/organiser\/12673"}],"wp:attachment":[{"href":"https:\/\/www.anika-net.de\/ro\/wp-json\/wp\/v2\/media?parent=12671"}],"curies":[{"name":"wp","href":"https:\/\/api.w.org\/{rel}","templated":true}]}}