{"id":12660,"date":"2019-02-17T17:32:55","date_gmt":"2019-02-17T16:32:55","guid":{"rendered":"https:\/\/www.anika-net.de\/event\/competence-agency\/"},"modified":"2024-09-11T10:23:47","modified_gmt":"2024-09-11T08:23:47","slug":"competence-agency","status":"publish","type":"event","link":"https:\/\/www.anika-net.de\/ro\/event\/competence-agency\/","title":{"rendered":"Agen\u00ad\u021bia pen\u00adtru com\u00adpe\u00adten\u00ad\u021be \u2014 tranzi\u00ad\u021bia de la \u0219coa\u00adl\u0103 la locul de&nbsp;munc\u0103"},"content":{"rendered":"<h2><span style=\"color: #008080;\">Agen\u00adtia de competenta<\/span><\/h2>\n<p>  The <em><strong>Kom\u00adpe\u00adten\u00adza\u00adgen\u00adtur Karl\u00adsru\u00adhe<\/strong><\/em> este un pro\u00adiect de tranzi\u00ad\u021bie de la \u0219coa\u00adl\u0103 la via\u00ad\u021ba activ\u0103.<br>\nV\u0103 con\u00adsi\u00adli\u00adem \u00een diver\u00adse dome\u00adnii \u0219i v\u0103 spri\u00adji\u00adnim \u00een rezol\u00adva\u00adrea pro\u00adble\u00adme\u00adlor dumneavoastr\u0103.<br>\nDezvol\u00adt\u0103m idei \u00eempre\u00adu\u00adn\u0103 cu dum\u00adne\u00ada\u00advoas\u00adtr\u0103 \u0219i c\u0103u\u00adt\u0103m solu\u00ad\u021bii posi\u00adbi\u00adle, pre\u00adcum \u0219i posi\u00adbi\u00adli\u00adt\u0103\u021bi de spri\u00adjin adecvate.<br>\n\u00cempre\u00adu\u00adn\u0103 putem s\u0103 v\u0103 des\u00adco\u00adpe\u00adrim punc\u00adte\u00adle forte \u0219i abi\u00adli\u00adt\u0103\u00ad\u021bi\u00adle \u0219i s\u0103 ana\u00adli\u00adz\u0103m modul \u00een care le pute\u021bi uti\u00adli\u00adza pen\u00adtru a v\u0103 atin\u00adge obiec\u00adti\u00adve\u00adle. <span style=\"color: #666699;\"><strong>Pro\u00adgram de lucru s\u0103p\u00adt\u0103m\u00e2\u00adnal des\u00adchis joi de la 14:00 la 18:00<\/strong><\/span><strong><a href=\"https:\/\/www.anika-net.de\/wp-content\/uploads\/2021\/10\/Flyer_Kompetenzagentur.pdf\" target=\"_blank\" rel=\"noopener\">\ud83d\udcceFlyer<\/a><\/strong>   <\/p>\n","protected":false},"author":12,"featured_media":40147,"template":"","class_list":["post-12660","event","type-event","status-publish","has-post-thumbnail","hentry","event_category-munca"],"acf":{"event-recurring":true,"event-category":84,"event-is-language-course":false,"event-recurring-still-active":true,"event-display-details":true,"event-schedules-recurring":[{"event-recurring-week-day":"0","event-recurring-time":"9:00 - 17:00","event-recurring-time-text":""},{"event-recurring-week-day":"1","event-recurring-time":"9:00 - 17:00","event-recurring-time-text":""},{"event-recurring-week-day":"2","event-recurring-time":"9:00 - 17:00","event-recurring-time-text":""},{"event-recurring-week-day":"3","event-recurring-time":"14:00 - 18:00","event-recurring-time-text":""},{"event-recurring-week-day":"4","event-recurring-time":"9:00 - 17:00","event-recurring-time-text":""}],"event-schedules-calendar":null,"event-is-online":false,"event-online-url":"","event-location-building":"Kompetenzagentur","event-location-street":"Hans-Sachs-Str. 15","event-location-zip":"76133","event-location-city":"Karlsruhe","event-location-contact-person":"Gerhard Liebertz","event-location-phone":"0721-350501-25","event-location-phone-2":"","event-location-mail":"gerhard.liebertz@vfj-ka.de","event-location-mail-2":"","event-location-website":"https:\/\/www.vfj-ka.de\/kompetenzagentur.html","event-target-group":[{"target-group":"adults"},{"target-group":"teens"}],"event-target-group-comment":"Pentru tinerii \u00eentre 15 \u0219i 25 de ani din Karlsruhe","event-free":true,"event-organiser":[16602],"event-header-copyright-overlay":true,"event-copyright-note-description-end":false},"featured_image_urls_v2":{"full":["https:\/\/www.anika-net.de\/wp-content\/uploads\/2019\/02\/ask-4682759_1280.jpg",1280,853,false],"thumbnail":["https:\/\/www.anika-net.de\/wp-content\/uploads\/2019\/02\/ask-4682759_1280-150x150.jpg",150,150,true],"medium":["https:\/\/www.anika-net.de\/wp-content\/uploads\/2019\/02\/ask-4682759_1280-300x200.jpg",300,200,true],"medium_large":["https:\/\/www.anika-net.de\/wp-content\/uploads\/2019\/02\/ask-4682759_1280-768x512.jpg",640,427,true],"large":["https:\/\/www.anika-net.de\/wp-content\/uploads\/2019\/02\/ask-4682759_1280-1024x682.jpg",640,426,true],"1536x1536":["https:\/\/www.anika-net.de\/wp-content\/uploads\/2019\/02\/ask-4682759_1280.jpg",1280,853,false],"2048x2048":["https:\/\/www.anika-net.de\/wp-content\/uploads\/2019\/02\/ask-4682759_1280.jpg",1280,853,false],"event-overview":["https:\/\/www.anika-net.de\/wp-content\/uploads\/2019\/02\/ask-4682759_1280-960x640.jpg",960,640,true],"event-archive-thumb":["https:\/\/www.anika-net.de\/wp-content\/uploads\/2019\/02\/ask-4682759_1280-480x320.jpg",480,320,true],"grid-item-thumbnail":["https:\/\/www.anika-net.de\/wp-content\/uploads\/2019\/02\/ask-4682759_1280-360x200.jpg",360,200,true],"network-partner-icon":["https:\/\/www.anika-net.de\/wp-content\/uploads\/2019\/02\/ask-4682759_1280-100x100.jpg",100,100,true],"organiser-icon":["https:\/\/www.anika-net.de\/wp-content\/uploads\/2019\/02\/ask-4682759_1280-200x200.jpg",200,200,true],"gform-image-choice-sm":["https:\/\/www.anika-net.de\/wp-content\/uploads\/2019\/02\/ask-4682759_1280.jpg",300,200,false],"gform-image-choice-md":["https:\/\/www.anika-net.de\/wp-content\/uploads\/2019\/02\/ask-4682759_1280.jpg",400,267,false],"gform-image-choice-lg":["https:\/\/www.anika-net.de\/wp-content\/uploads\/2019\/02\/ask-4682759_1280.jpg",600,400,false]},"post_excerpt_stackable_v2":"<p>Agen\u00adtia de com\u00adpe\u00adten\u00adta The Kom\u00adpe\u00adten\u00adza\u00adgen\u00adtur Karl\u00adsru\u00adhe este un pro\u00adiect de tranzi\u00ad\u021bie de la \u0219coa\u00adl\u0103 la via\u00ad\u021ba acti\u00adv\u0103. V\u0103 con\u00adsi\u00adli\u00adem \u00een diver\u00adse dome\u00adnii \u0219i v\u0103 spri\u00adji\u00adnim \u00een rezol\u00adva\u00adrea pro\u00adble\u00adme\u00adlor dum\u00adne\u00ada\u00advoas\u00adtr\u0103. Dezvol\u00adt\u0103m idei \u00eempre\u00adu\u00adn\u0103 cu dum\u00adne\u00ada\u00advoas\u00adtr\u0103 \u0219i c\u0103u\u00adt\u0103m solu\u00ad\u021bii posi\u00adbi\u00adle, pre\u00adcum \u0219i posi\u00adbi\u00adli\u00adt\u0103\u021bi de spri\u00adjin adec\u00adva\u00adte. \u00cempre\u00adu\u00adn\u0103 putem s\u0103 v\u0103 des\u00adco\u00adpe\u00adrim punc\u00adte\u00adle forte \u0219i abi\u00adli\u00adt\u0103\u00ad\u021bi\u00adle \u0219i s\u0103 ana\u00adli\u00adz\u0103m modul \u00een care le pute\u021bi uti\u00adli\u00adza pen\u00adtru a v\u0103 atin\u00adge obiec\u00adti\u00adve\u00adle. Pro\u00adgram de lucru s\u0103p\u00adt\u0103m\u00e2\u00adnal des\u00adchis joi de la 14:00 la 18:00\ud83d\udcceFlyer<\/p>\n","category_list_v2":"","author_info_v2":{"name":"Andrea Ramirez","url":"https:\/\/www.anika-net.de\/ro\/author\/andrea-ramirez\/"},"comments_num_v2":"0 comments","uagb_featured_image_src":{"full":["https:\/\/www.anika-net.de\/wp-content\/uploads\/2019\/02\/ask-4682759_1280.jpg",1280,853,false],"thumbnail":["https:\/\/www.anika-net.de\/wp-content\/uploads\/2019\/02\/ask-4682759_1280-150x150.jpg",150,150,true],"medium":["https:\/\/www.anika-net.de\/wp-content\/uploads\/2019\/02\/ask-4682759_1280-300x200.jpg",300,200,true],"medium_large":["https:\/\/www.anika-net.de\/wp-content\/uploads\/2019\/02\/ask-4682759_1280-768x512.jpg",640,427,true],"large":["https:\/\/www.anika-net.de\/wp-content\/uploads\/2019\/02\/ask-4682759_1280-1024x682.jpg",640,426,true],"1536x1536":["https:\/\/www.anika-net.de\/wp-content\/uploads\/2019\/02\/ask-4682759_1280.jpg",1280,853,false],"2048x2048":["https:\/\/www.anika-net.de\/wp-content\/uploads\/2019\/02\/ask-4682759_1280.jpg",1280,853,false],"event-overview":["https:\/\/www.anika-net.de\/wp-content\/uploads\/2019\/02\/ask-4682759_1280-960x640.jpg",960,640,true],"event-archive-thumb":["https:\/\/www.anika-net.de\/wp-content\/uploads\/2019\/02\/ask-4682759_1280-480x320.jpg",480,320,true],"grid-item-thumbnail":["https:\/\/www.anika-net.de\/wp-content\/uploads\/2019\/02\/ask-4682759_1280-360x200.jpg",360,200,true],"network-partner-icon":["https:\/\/www.anika-net.de\/wp-content\/uploads\/2019\/02\/ask-4682759_1280-100x100.jpg",100,100,true],"organiser-icon":["https:\/\/www.anika-net.de\/wp-content\/uploads\/2019\/02\/ask-4682759_1280-200x200.jpg",200,200,true],"gform-image-choice-sm":["https:\/\/www.anika-net.de\/wp-content\/uploads\/2019\/02\/ask-4682759_1280.jpg",300,200,false],"gform-image-choice-md":["https:\/\/www.anika-net.de\/wp-content\/uploads\/2019\/02\/ask-4682759_1280.jpg",400,267,false],"gform-image-choice-lg":["https:\/\/www.anika-net.de\/wp-content\/uploads\/2019\/02\/ask-4682759_1280.jpg",600,400,false]},"uagb_author_info":{"display_name":"Andrea Ramirez","author_link":"https:\/\/www.anika-net.de\/ro\/author\/andrea-ramirez\/"},"uagb_comment_info":0,"uagb_excerpt":"Agen\u00adtia de competenta The Kom\u00adpe\u00adten\u00adza\u00adgen\u00adtur Karl\u00adsru\u00adhe este un pro\u00adiect de tranzi\u00ad\u021bie de la \u0219coa\u00adl\u0103 la via\u00ad\u021ba activ\u0103. V\u0103 con\u00adsi\u00adli\u00adem \u00een diver\u00adse dome\u00adnii \u0219i v\u0103 spri\u00adji\u00adnim \u00een rezol\u00adva\u00adrea pro\u00adble\u00adme\u00adlor dumneavoastr\u0103. Dezvol\u00adt\u0103m&nbsp;Citi\u021bi mai mult","_links":{"self":[{"href":"https:\/\/www.anika-net.de\/ro\/wp-json\/wp\/v2\/event\/12660","targetHints":{"allow":["GET"]}}],"collection":[{"href":"https:\/\/www.anika-net.de\/ro\/wp-json\/wp\/v2\/event"}],"about":[{"href":"https:\/\/www.anika-net.de\/ro\/wp-json\/wp\/v2\/types\/event"}],"author":[{"embeddable":true,"href":"https:\/\/www.anika-net.de\/ro\/wp-json\/wp\/v2\/users\/12"}],"version-history":[{"count":1,"href":"https:\/\/www.anika-net.de\/ro\/wp-json\/wp\/v2\/event\/12660\/revisions"}],"predecessor-version":[{"id":53394,"href":"https:\/\/www.anika-net.de\/ro\/wp-json\/wp\/v2\/event\/12660\/revisions\/53394"}],"acf:post":[{"embeddable":true,"href":"https:\/\/www.anika-net.de\/ro\/wp-json\/wp\/v2\/organiser\/16602"}],"acf:term":[{"embeddable":true,"taxonomy":"event_category","href":"https:\/\/www.anika-net.de\/ro\/wp-json\/wp\/v2\/event_category\/84"}],"wp:featuredmedia":[{"embeddable":true,"href":"https:\/\/www.anika-net.de\/ro\/wp-json\/wp\/v2\/media\/40147"}],"wp:attachment":[{"href":"https:\/\/www.anika-net.de\/ro\/wp-json\/wp\/v2\/media?parent=12660"}],"curies":[{"name":"wp","href":"https:\/\/api.w.org\/{rel}","templated":true}]}}