{"id":121829,"date":"2026-04-30T18:17:02","date_gmt":"2026-04-30T16:17:02","guid":{"rendered":"https:\/\/www.anika-net.de\/event\/cafeneaua-lumile-viitorului\/"},"modified":"2026-04-30T18:19:51","modified_gmt":"2026-04-30T16:19:51","slug":"cafeneaua-lumile-viitorului","status":"publish","type":"event","link":"https:\/\/www.anika-net.de\/ro\/event\/cafeneaua-lumile-viitorului\/","title":{"rendered":"Cafe\u00adnea\u00adua Lumi\u00adle Viitorului"},"content":{"rendered":"\n<p>Intra\u021bi \u00eentr-un spa\u00ad\u021biu al ide\u00adi\u00adlor, schim\u00adbu\u00adri\u00adlor \u0219i posi\u00adbi\u00adli\u00adt\u0103\u00ad\u021bi\u00adlor. Cafe\u00adnea\u00adua <strong>Lumi\u00adle vii\u00adto\u00adru\u00adlui<\/strong> v\u0103 invi\u00adt\u0103 s\u0103 v\u0103 g\u00e2n\u00addi\u021bi \u00eempre\u00adu\u00adn\u0103 la vii\u00adtor, s\u0103 \u00eemp\u0103r\u00adt\u0103\u00ad\u0219i\u021bi per\u00adspec\u00adti\u00adve \u0219i s\u0103 v\u0103 anga\u00adja\u021bi \u00een con\u00adver\u00adsa\u00ad\u021bii des\u00adchi\u00adse des\u00adpre ceea ce dorim s\u0103 cre\u0103m \u00een via\u00ad\u021ba \u0219i comu\u00adni\u00adta\u00adtea noastr\u0103.&nbsp;<\/p>\n\n<p>\u00centr\u2011o <strong>atmosfe\u00adr\u0103 rela\u00adxa\u00adt\u0103 \u0219i pri\u00admi\u00adtoa\u00adre la Kul\u00adtur\u00adk\u00fc\u00adche Karl\u00adsru\u00adhe<\/strong>, pute\u021bi s\u0103 v\u0103 \u00eent\u00e2l\u00adni\u021bi cu al\u021bii, s\u0103 v\u0103 adu\u00adce\u021bi g\u00e2n\u00addu\u00adri\u00adle sau pur \u0219i sim\u00adplu s\u0103 ascul\u00adta\u021bi \u0219i s\u0103 par\u00adti\u00adci\u00adpa\u021bi \u00een pro\u00adpri\u00adul ritm. Accen\u00adtul se pune pe schimb, inspi\u00adra\u00ad\u021bie \u0219i co-cre\u00ada\u00adre, cu loc at\u00e2t pen\u00adtru dis\u00adcu\u00ad\u021bii ani\u00adma\u00adte, c\u00e2t \u0219i pen\u00adtru reflec\u00ad\u021bie lini\u0219tit\u0103.&nbsp;<\/p>\n\n<p>Cafe\u00adnea\u00adua Lumi\u00adle Vii\u00adto\u00adru\u00adlui este <strong>des\u00adchi\u00ads\u0103 tutu\u00adror <\/strong>celor curi\u00ado\u0219i de noi per\u00adspec\u00adti\u00adve \u0219i \u00eent\u00e2l\u00adniri semnificative.&nbsp;<\/p>\n\n<p>Reu\u00adniu\u00adni\u00adle au loc \u00een mod regu\u00adlat, ofe\u00adrind un spa\u00ad\u021biu des\u00adchis, divers \u0219i bazat pe participare.<\/p>\n\n<p>Intra\u00adrea este libe\u00adr\u0103. Nu este nece\u00adsa\u00adr\u0103 \u00eenre\u00adgis\u00adtra\u00adrea. Dona\u00ad\u021bi\u00adi\u00adle sunt binevenite.<\/p>\n\n<p><\/p>\n","protected":false},"author":16,"featured_media":121828,"template":"","class_list":["post-121829","event","type-event","status-publish","has-post-thumbnail","hentry","event_category-timp-liber"],"acf":{"event-recurring":false,"event-category":83,"event-is-language-course":false,"event-recurring-still-active":true,"event-display-details":true,"event-schedules-recurring":null,"event-schedules-calendar":[{"event-calendar-day":"20260505","event-calendar-time":"14:00 - 17:00","event-calendar-time-text":""},{"event-calendar-day":"20260512","event-calendar-time":"14:00 - 17:00","event-calendar-time-text":""},{"event-calendar-day":"20260519","event-calendar-time":"14:00 - 17:00","event-calendar-time-text":""},{"event-calendar-day":"20260526","event-calendar-time":"14:00 - 17:00","event-calendar-time-text":""},{"event-calendar-day":"20260602","event-calendar-time":"14:00 - 17:00","event-calendar-time-text":""},{"event-calendar-day":"20260609","event-calendar-time":"14:00 - 17:00","event-calendar-time-text":""},{"event-calendar-day":"20260616","event-calendar-time":"14:00 - 17:00","event-calendar-time-text":""},{"event-calendar-day":"20260623","event-calendar-time":"14:00 - 17:00","event-calendar-time-text":""},{"event-calendar-day":"20260630","event-calendar-time":"14:00 - 17:00","event-calendar-time-text":""}],"event-is-online":false,"event-online-url":"","event-location-building":"Kulturk\u00fcche","event-location-street":"Kaiserstra\u00dfe 47","event-location-zip":"76131","event-location-city":"Karlsruhe","event-location-contact-person":"","event-location-phone":"","event-location-phone-2":"","event-location-mail":"","event-location-mail-2":"","event-location-website":"","event-target-group":[{"target-group":"all"}],"event-target-group-comment":"","event-free":true,"event-organiser":[16315],"event-header-copyright-overlay":true,"event-copyright-note-description-end":false},"featured_image_urls_v2":{"full":["https:\/\/www.anika-net.de\/wp-content\/uploads\/2026\/04\/zukunftswelten-cafe-karlsruhe.webp",1260,857,false],"thumbnail":["https:\/\/www.anika-net.de\/wp-content\/uploads\/2026\/04\/zukunftswelten-cafe-karlsruhe-150x150.webp",150,150,true],"medium":["https:\/\/www.anika-net.de\/wp-content\/uploads\/2026\/04\/zukunftswelten-cafe-karlsruhe-300x204.webp",300,204,true],"medium_large":["https:\/\/www.anika-net.de\/wp-content\/uploads\/2026\/04\/zukunftswelten-cafe-karlsruhe-768x522.webp",640,435,true],"large":["https:\/\/www.anika-net.de\/wp-content\/uploads\/2026\/04\/zukunftswelten-cafe-karlsruhe-1024x696.webp",640,435,true],"1536x1536":["https:\/\/www.anika-net.de\/wp-content\/uploads\/2026\/04\/zukunftswelten-cafe-karlsruhe.webp",1260,857,false],"2048x2048":["https:\/\/www.anika-net.de\/wp-content\/uploads\/2026\/04\/zukunftswelten-cafe-karlsruhe.webp",1260,857,false],"event-overview":["https:\/\/www.anika-net.de\/wp-content\/uploads\/2026\/04\/zukunftswelten-cafe-karlsruhe-960x640.webp",960,640,true],"event-archive-thumb":["https:\/\/www.anika-net.de\/wp-content\/uploads\/2026\/04\/zukunftswelten-cafe-karlsruhe-480x326.webp",480,326,true],"grid-item-thumbnail":["https:\/\/www.anika-net.de\/wp-content\/uploads\/2026\/04\/zukunftswelten-cafe-karlsruhe-360x200.webp",360,200,true],"network-partner-icon":["https:\/\/www.anika-net.de\/wp-content\/uploads\/2026\/04\/zukunftswelten-cafe-karlsruhe-100x100.webp",100,100,true],"organiser-icon":["https:\/\/www.anika-net.de\/wp-content\/uploads\/2026\/04\/zukunftswelten-cafe-karlsruhe-200x200.webp",200,200,true],"gform-image-choice-sm":["https:\/\/www.anika-net.de\/wp-content\/uploads\/2026\/04\/zukunftswelten-cafe-karlsruhe.webp",300,204,false],"gform-image-choice-md":["https:\/\/www.anika-net.de\/wp-content\/uploads\/2026\/04\/zukunftswelten-cafe-karlsruhe.webp",400,272,false],"gform-image-choice-lg":["https:\/\/www.anika-net.de\/wp-content\/uploads\/2026\/04\/zukunftswelten-cafe-karlsruhe.webp",600,408,false]},"post_excerpt_stackable_v2":"<p>Intra\u021bi \u00eentr-un spa\u00ad\u021biu al ide\u00adi\u00adlor, schim\u00adbu\u00adri\u00adlor \u0219i posi\u00adbi\u00adli\u00adt\u0103\u00ad\u021bi\u00adlor. Cafe\u00adnea\u00adua Lumi\u00adle vii\u00adto\u00adru\u00adlui v\u0103 invi\u00adt\u0103 s\u0103 v\u0103 g\u00e2n\u00addi\u021bi \u00eempre\u00adu\u00adn\u0103 la vii\u00adtor, s\u0103 \u00eemp\u0103r\u00adt\u0103\u00ad\u0219i\u021bi per\u00adspec\u00adti\u00adve \u0219i s\u0103 v\u0103 anga\u00adja\u021bi \u00een con\u00adver\u00adsa\u00ad\u021bii des\u00adchi\u00adse des\u00adpre ceea ce dorim s\u0103 cre\u0103m \u00een via\u00ad\u021ba \u0219i comu\u00adni\u00adta\u00adtea noas\u00adtr\u0103.&nbsp; \u00centr\u2011o atmosfe\u00adr\u0103 rela\u00adxa\u00adt\u0103 \u0219i pri\u00admi\u00adtoa\u00adre la Kul\u00adtur\u00adk\u00fc\u00adche Karl\u00adsru\u00adhe, pute\u021bi s\u0103 v\u0103 \u00eent\u00e2l\u00adni\u021bi cu al\u021bii, s\u0103 v\u0103 adu\u00adce\u021bi g\u00e2n\u00addu\u00adri\u00adle sau pur \u0219i sim\u00adplu s\u0103 ascul\u00adta\u021bi \u0219i s\u0103 par\u00adti\u00adci\u00adpa\u021bi \u00een pro\u00adpri\u00adul ritm. Accen\u00adtul se pune pe schimb, inspi\u00adra\u00ad\u021bie \u0219i co-cre\u00ad\u00ada\u00ad\u00adre, cu loc at\u00e2t pen\u00adtru dis\u00adcu\u00ad\u021bii ani\u00adma\u00adte, c\u00e2t \u0219i pen\u00adtru reflec\u00ad\u021bie lini\u0219\u00adti\u00adt\u0103.&nbsp; Cafe\u00adnea\u00adua Lumi\u00adle Vii\u00adto\u00adru\u00adlui este des\u00adchi\u00ads\u0103 tutu\u00adror celor curi\u00ado\u0219i de noi perspective\u2026<\/p>\n","category_list_v2":"","author_info_v2":{"name":"Valentina Patterson","url":"https:\/\/www.anika-net.de\/ro\/author\/valentinapatterson\/"},"comments_num_v2":"0 comments","uagb_featured_image_src":{"full":["https:\/\/www.anika-net.de\/wp-content\/uploads\/2026\/04\/zukunftswelten-cafe-karlsruhe.webp",1260,857,false],"thumbnail":["https:\/\/www.anika-net.de\/wp-content\/uploads\/2026\/04\/zukunftswelten-cafe-karlsruhe-150x150.webp",150,150,true],"medium":["https:\/\/www.anika-net.de\/wp-content\/uploads\/2026\/04\/zukunftswelten-cafe-karlsruhe-300x204.webp",300,204,true],"medium_large":["https:\/\/www.anika-net.de\/wp-content\/uploads\/2026\/04\/zukunftswelten-cafe-karlsruhe-768x522.webp",640,435,true],"large":["https:\/\/www.anika-net.de\/wp-content\/uploads\/2026\/04\/zukunftswelten-cafe-karlsruhe-1024x696.webp",640,435,true],"1536x1536":["https:\/\/www.anika-net.de\/wp-content\/uploads\/2026\/04\/zukunftswelten-cafe-karlsruhe.webp",1260,857,false],"2048x2048":["https:\/\/www.anika-net.de\/wp-content\/uploads\/2026\/04\/zukunftswelten-cafe-karlsruhe.webp",1260,857,false],"event-overview":["https:\/\/www.anika-net.de\/wp-content\/uploads\/2026\/04\/zukunftswelten-cafe-karlsruhe-960x640.webp",960,640,true],"event-archive-thumb":["https:\/\/www.anika-net.de\/wp-content\/uploads\/2026\/04\/zukunftswelten-cafe-karlsruhe-480x326.webp",480,326,true],"grid-item-thumbnail":["https:\/\/www.anika-net.de\/wp-content\/uploads\/2026\/04\/zukunftswelten-cafe-karlsruhe-360x200.webp",360,200,true],"network-partner-icon":["https:\/\/www.anika-net.de\/wp-content\/uploads\/2026\/04\/zukunftswelten-cafe-karlsruhe-100x100.webp",100,100,true],"organiser-icon":["https:\/\/www.anika-net.de\/wp-content\/uploads\/2026\/04\/zukunftswelten-cafe-karlsruhe-200x200.webp",200,200,true],"gform-image-choice-sm":["https:\/\/www.anika-net.de\/wp-content\/uploads\/2026\/04\/zukunftswelten-cafe-karlsruhe.webp",300,204,false],"gform-image-choice-md":["https:\/\/www.anika-net.de\/wp-content\/uploads\/2026\/04\/zukunftswelten-cafe-karlsruhe.webp",400,272,false],"gform-image-choice-lg":["https:\/\/www.anika-net.de\/wp-content\/uploads\/2026\/04\/zukunftswelten-cafe-karlsruhe.webp",600,408,false]},"uagb_author_info":{"display_name":"Valentina Patterson","author_link":"https:\/\/www.anika-net.de\/ro\/author\/valentinapatterson\/"},"uagb_comment_info":0,"uagb_excerpt":"Intra\u021bi \u00eentr-un spa\u00ad\u021biu al ide\u00adi\u00adlor, schim\u00adbu\u00adri\u00adlor \u0219i posi\u00adbi\u00adli\u00adt\u0103\u00ad\u021bi\u00adlor. Cafe\u00adnea\u00adua Lumi\u00adle vii\u00adto\u00adru\u00adlui v\u0103 invi\u00adt\u0103 s\u0103 v\u0103 g\u00e2n\u00addi\u021bi \u00eempre\u00adu\u00adn\u0103 la vii\u00adtor, s\u0103 \u00eemp\u0103r\u00adt\u0103\u00ad\u0219i\u021bi per\u00adspec\u00adti\u00adve \u0219i s\u0103 v\u0103 anga\u00adja\u021bi \u00een con\u00adver\u00adsa\u00ad\u021bii des\u00adchi\u00adse des\u00adpre&nbsp;Citi\u021bi mai mult","_links":{"self":[{"href":"https:\/\/www.anika-net.de\/ro\/wp-json\/wp\/v2\/event\/121829","targetHints":{"allow":["GET"]}}],"collection":[{"href":"https:\/\/www.anika-net.de\/ro\/wp-json\/wp\/v2\/event"}],"about":[{"href":"https:\/\/www.anika-net.de\/ro\/wp-json\/wp\/v2\/types\/event"}],"author":[{"embeddable":true,"href":"https:\/\/www.anika-net.de\/ro\/wp-json\/wp\/v2\/users\/16"}],"version-history":[{"count":1,"href":"https:\/\/www.anika-net.de\/ro\/wp-json\/wp\/v2\/event\/121829\/revisions"}],"predecessor-version":[{"id":121830,"href":"https:\/\/www.anika-net.de\/ro\/wp-json\/wp\/v2\/event\/121829\/revisions\/121830"}],"acf:post":[{"embeddable":true,"href":"https:\/\/www.anika-net.de\/ro\/wp-json\/wp\/v2\/organiser\/16315"}],"acf:term":[{"embeddable":true,"taxonomy":"event_category","href":"https:\/\/www.anika-net.de\/ro\/wp-json\/wp\/v2\/event_category\/83"}],"wp:featuredmedia":[{"embeddable":true,"href":"https:\/\/www.anika-net.de\/ro\/wp-json\/wp\/v2\/media\/121828"}],"wp:attachment":[{"href":"https:\/\/www.anika-net.de\/ro\/wp-json\/wp\/v2\/media?parent=121829"}],"curies":[{"name":"wp","href":"https:\/\/api.w.org\/{rel}","templated":true}]}}