{"id":121746,"date":"2026-04-30T00:39:52","date_gmt":"2026-04-29T22:39:52","guid":{"rendered":"https:\/\/www.anika-net.de\/event\/curs-de-arta-seara-gratuita-de-pictura-creativa\/"},"modified":"2026-04-30T00:41:39","modified_gmt":"2026-04-29T22:41:39","slug":"curs-de-arta-seara-gratuita-de-pictura-creativa","status":"publish","type":"event","link":"https:\/\/www.anika-net.de\/ro\/event\/curs-de-arta-seara-gratuita-de-pictura-creativa\/","title":{"rendered":"Curs de art\u0103 \u2014 Sea\u00adr\u0103 gra\u00adtu\u00adi\u00adt\u0103 de pic\u00adtu\u00adr\u0103 creativ\u0103"},"content":{"rendered":"\n<p>C\u0103u\u00adta\u021bi un curs de art\u0103 unde v\u0103 pute\u021bi rela\u00adxa \u0219i v\u0103 pute\u021bi expri\u00adma creativitatea?<\/p>\n\n<p>Sun\u00adte\u021bi invi\u00adta\u021bi c\u0103l\u00addu\u00adros s\u0103 lua\u021bi par\u00adte la acest curs de art\u0103: \u201cPic\u00adtu\u00adr\u0103 f\u0103r\u0103 reguli, dar cu inspira\u021bie\u201d.<\/p>\n\n<h4 class=\"wp-block-heading\">V\u0103 pla\u00adce s\u0103 pic\u00adta\u021bi? Atunci acest <strong>curs de art\u0103<\/strong> rela\u00adxat este potri\u00advit pen\u00adtru&nbsp;tine.&nbsp;<\/h4>\n\n<p>\u00cen acest curs de art\u0103, sun\u00adte\u021bi liberi s\u0103 v\u0103 explo\u00adra\u021bi cre\u00ada\u00adti\u00advi\u00adta\u00adtea, fie c\u0103 pre\u00adfe\u00adra\u021bi s\u0103 pic\u00adta\u021bi sin\u00adguri \u00een lini\u0219\u00adte, fie c\u0103 v\u0103 pla\u00adce s\u0103 v\u0103 conec\u00adta\u021bi \u0219i s\u0103 face\u021bi schimb de idei cu&nbsp;al\u021bii.<\/p>\n\n<p>Acest curs de art\u0103 des\u00adchis \u0219i pri\u00admi\u00adtor cre\u00adea\u00adz\u0103 un spa\u00ad\u021biu f\u0103r\u0103 pre\u00adsiu\u00adne sau linii direc\u00adtoa\u00adre stric\u00adte, doar inspi\u00adra\u00ad\u021bie \u0219i bucu\u00adria de a&nbsp;crea.<\/p>\n\n<p><strong>La ce s\u0103 v\u0103 a\u0219tepta\u021bi:<\/strong><\/p>\n\n<ul class=\"wp-block-list\">\n<li>O atmosfe\u00adr\u0103 cre\u00ada\u00adti\u00adv\u0103 rela\u00adxa\u00adt\u0103 \u0219i deschis\u0103<\/li>\n\n\n\n<li>Pic\u00adtu\u00adr\u0103 libe\u00adr\u0103 f\u0103r\u0103 reguli stricte<\/li>\n\n\n\n<li>Spri\u00adjin \u0219i \u00eendru\u00adma\u00adre din par\u00adtea lui Tho\u00admas \u00een tim\u00adpul cur\u00adsu\u00adlui de&nbsp;art\u0103<\/li>\n\n\n\n<li>O \u0219an\u00ads\u0103 de a cunoa\u0219\u00adte oameni din medii diferite<\/li>\n<\/ul>\n\n<p>Par\u00adti\u00adci\u00adpa\u00adrea la acest curs de art\u0103 este gra\u00adtu\u00adi\u00adt\u0103 \u0219i nu exis\u00adt\u0103 nicio obli\u00adga\u00ad\u021bie de a con\u00adsu\u00adma.<br><br><strong>\u00cenre\u00adgis\u00adtra\u00adre:<\/strong> <a>zukunftswelten@kraft-netz.de<\/a> <\/p>\n\n<p><\/p>\n","protected":false},"author":16,"featured_media":121731,"template":"","class_list":["post-121746","event","type-event","status-publish","has-post-thumbnail","hentry","event_category-timp-liber"],"acf":{"event-recurring":false,"event-category":83,"event-is-language-course":false,"event-recurring-still-active":true,"event-display-details":true,"event-schedules-recurring":null,"event-schedules-calendar":[{"event-calendar-day":"20260512","event-calendar-time":"18:30 - 20:30","event-calendar-time-text":""},{"event-calendar-day":"20260526","event-calendar-time":"18:30 - 20:30","event-calendar-time-text":""}],"event-is-online":false,"event-online-url":"","event-location-building":"Kulturk\u00fcche","event-location-street":"Kaiserstra\u00dfe 47","event-location-zip":"76131","event-location-city":"Karlsruhe","event-location-contact-person":"","event-location-phone":"","event-location-phone-2":"","event-location-mail":"zukunftswelten@kraft-netz.de","event-location-mail-2":"","event-location-website":"","event-target-group":[{"target-group":"all"}],"event-target-group-comment":"","event-free":true,"event-organiser":[16315],"event-header-copyright-overlay":true,"event-copyright-note-description-end":false},"featured_image_urls_v2":{"full":["https:\/\/www.anika-net.de\/wp-content\/uploads\/2026\/04\/kunstkurs-kulturkueche-karlsruhe.webp",1260,937,false],"thumbnail":["https:\/\/www.anika-net.de\/wp-content\/uploads\/2026\/04\/kunstkurs-kulturkueche-karlsruhe-150x150.webp",150,150,true],"medium":["https:\/\/www.anika-net.de\/wp-content\/uploads\/2026\/04\/kunstkurs-kulturkueche-karlsruhe-300x223.webp",300,223,true],"medium_large":["https:\/\/www.anika-net.de\/wp-content\/uploads\/2026\/04\/kunstkurs-kulturkueche-karlsruhe-768x571.webp",640,476,true],"large":["https:\/\/www.anika-net.de\/wp-content\/uploads\/2026\/04\/kunstkurs-kulturkueche-karlsruhe-1024x761.webp",640,476,true],"1536x1536":["https:\/\/www.anika-net.de\/wp-content\/uploads\/2026\/04\/kunstkurs-kulturkueche-karlsruhe.webp",1260,937,false],"2048x2048":["https:\/\/www.anika-net.de\/wp-content\/uploads\/2026\/04\/kunstkurs-kulturkueche-karlsruhe.webp",1260,937,false],"event-overview":["https:\/\/www.anika-net.de\/wp-content\/uploads\/2026\/04\/kunstkurs-kulturkueche-karlsruhe-960x640.webp",960,640,true],"event-archive-thumb":["https:\/\/www.anika-net.de\/wp-content\/uploads\/2026\/04\/kunstkurs-kulturkueche-karlsruhe-480x357.webp",480,357,true],"grid-item-thumbnail":["https:\/\/www.anika-net.de\/wp-content\/uploads\/2026\/04\/kunstkurs-kulturkueche-karlsruhe-360x200.webp",360,200,true],"network-partner-icon":["https:\/\/www.anika-net.de\/wp-content\/uploads\/2026\/04\/kunstkurs-kulturkueche-karlsruhe-100x100.webp",100,100,true],"organiser-icon":["https:\/\/www.anika-net.de\/wp-content\/uploads\/2026\/04\/kunstkurs-kulturkueche-karlsruhe-200x200.webp",200,200,true],"gform-image-choice-sm":["https:\/\/www.anika-net.de\/wp-content\/uploads\/2026\/04\/kunstkurs-kulturkueche-karlsruhe.webp",300,223,false],"gform-image-choice-md":["https:\/\/www.anika-net.de\/wp-content\/uploads\/2026\/04\/kunstkurs-kulturkueche-karlsruhe.webp",400,297,false],"gform-image-choice-lg":["https:\/\/www.anika-net.de\/wp-content\/uploads\/2026\/04\/kunstkurs-kulturkueche-karlsruhe.webp",600,446,false]},"post_excerpt_stackable_v2":"<p>C\u0103u\u00adta\u021bi un curs de art\u0103 unde v\u0103 pute\u021bi rela\u00adxa \u0219i v\u0103 pute\u021bi expri\u00adma cre\u00ada\u00adti\u00advi\u00adta\u00adtea? Sun\u00adte\u021bi invi\u00adta\u021bi c\u0103l\u00addu\u00adros s\u0103 lua\u021bi par\u00adte la acest curs de art\u0103: \u201cPic\u00adtu\u00adr\u0103 f\u0103r\u0103 reguli, dar cu inspi\u00adra\u00ad\u021bie\u201d. V\u0103 pla\u00adce s\u0103 pic\u00adta\u021bi? Atunci acest curs de art\u0103 rela\u00adxat este potri\u00advit pen\u00adtru&nbsp;tine.&nbsp; \u00cen acest curs de art\u0103, sun\u00adte\u021bi liberi s\u0103 v\u0103 explo\u00adra\u021bi cre\u00ada\u00adti\u00advi\u00adta\u00adtea, fie c\u0103 pre\u00adfe\u00adra\u021bi s\u0103 pic\u00adta\u021bi sin\u00adguri \u00een lini\u0219\u00adte, fie c\u0103 v\u0103 pla\u00adce s\u0103 v\u0103 conec\u00adta\u021bi \u0219i s\u0103 face\u021bi schimb de idei cu&nbsp;al\u021bii. Acest curs de art\u0103 des\u00adchis \u0219i pri\u00admi\u00adtor cre\u00adea\u00adz\u0103 un spa\u00ad\u021biu f\u0103r\u0103 pre\u00adsiu\u00adne sau linii direc\u00adtoa\u00adre stric\u00adte, doar inspi\u00adra\u00ad\u021bie \u0219i bucu\u00adria de a&nbsp;crea. La\u2026<\/p>\n","category_list_v2":"","author_info_v2":{"name":"Valentina Patterson","url":"https:\/\/www.anika-net.de\/ro\/author\/valentinapatterson\/"},"comments_num_v2":"0 comments","uagb_featured_image_src":{"full":["https:\/\/www.anika-net.de\/wp-content\/uploads\/2026\/04\/kunstkurs-kulturkueche-karlsruhe.webp",1260,937,false],"thumbnail":["https:\/\/www.anika-net.de\/wp-content\/uploads\/2026\/04\/kunstkurs-kulturkueche-karlsruhe-150x150.webp",150,150,true],"medium":["https:\/\/www.anika-net.de\/wp-content\/uploads\/2026\/04\/kunstkurs-kulturkueche-karlsruhe-300x223.webp",300,223,true],"medium_large":["https:\/\/www.anika-net.de\/wp-content\/uploads\/2026\/04\/kunstkurs-kulturkueche-karlsruhe-768x571.webp",640,476,true],"large":["https:\/\/www.anika-net.de\/wp-content\/uploads\/2026\/04\/kunstkurs-kulturkueche-karlsruhe-1024x761.webp",640,476,true],"1536x1536":["https:\/\/www.anika-net.de\/wp-content\/uploads\/2026\/04\/kunstkurs-kulturkueche-karlsruhe.webp",1260,937,false],"2048x2048":["https:\/\/www.anika-net.de\/wp-content\/uploads\/2026\/04\/kunstkurs-kulturkueche-karlsruhe.webp",1260,937,false],"event-overview":["https:\/\/www.anika-net.de\/wp-content\/uploads\/2026\/04\/kunstkurs-kulturkueche-karlsruhe-960x640.webp",960,640,true],"event-archive-thumb":["https:\/\/www.anika-net.de\/wp-content\/uploads\/2026\/04\/kunstkurs-kulturkueche-karlsruhe-480x357.webp",480,357,true],"grid-item-thumbnail":["https:\/\/www.anika-net.de\/wp-content\/uploads\/2026\/04\/kunstkurs-kulturkueche-karlsruhe-360x200.webp",360,200,true],"network-partner-icon":["https:\/\/www.anika-net.de\/wp-content\/uploads\/2026\/04\/kunstkurs-kulturkueche-karlsruhe-100x100.webp",100,100,true],"organiser-icon":["https:\/\/www.anika-net.de\/wp-content\/uploads\/2026\/04\/kunstkurs-kulturkueche-karlsruhe-200x200.webp",200,200,true],"gform-image-choice-sm":["https:\/\/www.anika-net.de\/wp-content\/uploads\/2026\/04\/kunstkurs-kulturkueche-karlsruhe.webp",300,223,false],"gform-image-choice-md":["https:\/\/www.anika-net.de\/wp-content\/uploads\/2026\/04\/kunstkurs-kulturkueche-karlsruhe.webp",400,297,false],"gform-image-choice-lg":["https:\/\/www.anika-net.de\/wp-content\/uploads\/2026\/04\/kunstkurs-kulturkueche-karlsruhe.webp",600,446,false]},"uagb_author_info":{"display_name":"Valentina Patterson","author_link":"https:\/\/www.anika-net.de\/ro\/author\/valentinapatterson\/"},"uagb_comment_info":0,"uagb_excerpt":"C\u0103u\u00adta\u021bi un curs de art\u0103 unde v\u0103 pute\u021bi rela\u00adxa \u0219i v\u0103 pute\u021bi expri\u00adma creativitatea? Sun\u00adte\u021bi invi\u00adta\u021bi c\u0103l\u00addu\u00adros s\u0103 lua\u021bi par\u00adte la acest curs de art\u0103: \u201cPic\u00adtu\u00adr\u0103 f\u0103r\u0103 reguli, dar cu&nbsp;Citi\u021bi mai mult","_links":{"self":[{"href":"https:\/\/www.anika-net.de\/ro\/wp-json\/wp\/v2\/event\/121746","targetHints":{"allow":["GET"]}}],"collection":[{"href":"https:\/\/www.anika-net.de\/ro\/wp-json\/wp\/v2\/event"}],"about":[{"href":"https:\/\/www.anika-net.de\/ro\/wp-json\/wp\/v2\/types\/event"}],"author":[{"embeddable":true,"href":"https:\/\/www.anika-net.de\/ro\/wp-json\/wp\/v2\/users\/16"}],"version-history":[{"count":1,"href":"https:\/\/www.anika-net.de\/ro\/wp-json\/wp\/v2\/event\/121746\/revisions"}],"predecessor-version":[{"id":121747,"href":"https:\/\/www.anika-net.de\/ro\/wp-json\/wp\/v2\/event\/121746\/revisions\/121747"}],"acf:post":[{"embeddable":true,"href":"https:\/\/www.anika-net.de\/ro\/wp-json\/wp\/v2\/organiser\/16315"}],"acf:term":[{"embeddable":true,"taxonomy":"event_category","href":"https:\/\/www.anika-net.de\/ro\/wp-json\/wp\/v2\/event_category\/83"}],"wp:featuredmedia":[{"embeddable":true,"href":"https:\/\/www.anika-net.de\/ro\/wp-json\/wp\/v2\/media\/121731"}],"wp:attachment":[{"href":"https:\/\/www.anika-net.de\/ro\/wp-json\/wp\/v2\/media?parent=121746"}],"curies":[{"name":"wp","href":"https:\/\/api.w.org\/{rel}","templated":true}]}}