{"id":121576,"date":"2026-04-29T11:02:32","date_gmt":"2026-04-29T09:02:32","guid":{"rendered":"https:\/\/www.anika-net.de\/event\/obtineti-o-calificare-recunoscuta-cu-un-certificat-ihk\/"},"modified":"2026-04-29T11:18:54","modified_gmt":"2026-04-29T09:18:54","slug":"obtineti-o-calificare-recunoscuta-cu-un-certificat-ihk","status":"publish","type":"event","link":"https:\/\/www.anika-net.de\/ro\/event\/obtineti-o-calificare-recunoscuta-cu-un-certificat-ihk\/","title":{"rendered":"Ob\u021bi\u00adne\u021bi o cali\u00adfi\u00adca\u00adre recu\u00adnos\u00adcu\u00adt\u0103 cu un cer\u00adti\u00adfi\u00adcat&nbsp;IHK"},"content":{"rendered":"\n<h3 class=\"wp-block-heading\">\u00cembu\u00adn\u0103\u00adt\u0103\u00ad\u021bi\u021bi-v\u0103 oport\u00adu\u00adni\u00adt\u0103\u00ad\u021bi\u00adle de carie\u00adr\u0103 \u2014 full-time sau part-time<\/h3>\n\n<p>O <strong>cali\u00adfi\u00adca\u00adre recu\u00adnos\u00adcu\u00adt\u0103<\/strong> este che\u00adia pen\u00adtru oport\u00adu\u00adni\u00adt\u0103\u021bi mai bune de anga\u00adja\u00adre \u0219i per\u00adspec\u00adti\u00adve de carie\u00adr\u0103 pe ter\u00admen lung \u00een Germania.<\/p>\n\n<p>Lucra\u021bi \u00eentr\u2011o pro\u00adfe\u00adsie de <strong>3 p\u00e2n\u0103 la 4,5 ani f\u0103r\u0103 o cali\u00adfi\u00adca\u00adre for\u00adma\u00adl\u0103<\/strong>?<br>Acum ave\u021bi \u0219an\u00adsa de a face pasul urm\u0103tor.<\/p>\n\n<p>Fie c\u0103 dori\u021bi:<\/p>\n\n<ul class=\"wp-block-list\">\n<li>oport\u00adu\u00adni\u00adt\u0103\u021bi de carie\u00adr\u0103 mai&nbsp;bune<\/li>\n\n\n\n<li>un venit mai&nbsp;mare<\/li>\n\n\n\n<li>sau dezvol\u00adta\u00adre personal\u0103<\/li>\n<\/ul>\n\n<p>\ud83d\udc49 O cali\u00adfi\u00adca\u00adre ofi\u00adci\u00ada\u00adl\u0103 v\u0103 poa\u00adte des\u00adchi\u00adde noi&nbsp;u\u0219i.<\/p>\n\n<h3 class=\"wp-block-heading\"><span style=\"color: #3d52a0;\" class=\"stk-highlight\">Pre\u00adg\u0103\u00adti\u021bi-v\u0103 pen\u00adtru exa\u00adme\u00adnul&nbsp;IHK<\/span><\/h3>\n\n<p>Pro\u00adgra\u00admul de for\u00adma\u00adre ofe\u00adrit de <strong>DAA<\/strong> v\u0103 pre\u00adg\u0103\u00adte\u0219\u00adte pen\u00adtru <strong>cuno\u0219\u00adtin\u00ad\u021be\u00adle teo\u00adre\u00adti\u00adce<\/strong> nece\u00adsa\u00adre pro\u00adfe\u00adsi\u00adei dum\u00adne\u00ada\u00advoas\u00adtr\u0103, ast\u00adfel \u00eenc\u00e2t s\u0103 fi\u021bi pre\u00adg\u0103\u00adtit s\u0103 tre\u00adce\u021bi cu suc\u00adces <strong>exa\u00adme\u00adnul final IHK<\/strong>.<\/p>\n\n<h3 class=\"wp-block-heading\"><span style=\"color: #3d52a0;\" class=\"stk-highlight\">Op\u021biuni de finan\u021bare<\/span><\/h3>\n\n<ul class=\"wp-block-list\">\n<li>fur\u00adni\u00adzori de asi\u00adgu\u00adr\u0103ri de pensii<\/li>\n\n\n\n<li><a href=\"https:\/\/www.arbeitsagentur.de\/arbeitslos-arbeit-finden\/aktivierungs-vermittlungsgutschein-avgs\" rel=\"noopener\">agen\u00ad\u021bia pen\u00adtru ocu\u00adpa\u00adrea for\u00ad\u021bei de mun\u00adc\u0103 (SGB&nbsp;III)<\/a><\/li>\n\n\n\n<li><a href=\"https:\/\/www.jobcenter-stadt-karlsruhe.de\/arbeitsvermittlung_foerderung_avgs.htm\" rel=\"noopener\">Job\u00adcen\u00adter (SGB&nbsp;II)<\/a><\/li>\n\n\n\n<li>sau op\u021biuni de pla\u00adt\u0103 individuale<\/li>\n<\/ul>\n\n<h3 class=\"wp-block-heading\"><span style=\"color: #3d52a0;\" class=\"stk-highlight\">Cerin\u00ad\u021be<\/span><\/h3>\n\n<p>\u00cen con\u00adfor\u00admi\u00adta\u00adte cu legi\u00adsla\u00ad\u021bia ger\u00adma\u00adn\u0103, pute\u021bi ob\u021bine o cali\u00adfi\u00adca\u00adre dac\u0103 ave\u021bi sufi\u00adcien\u00adt\u0103 expe\u00adrien\u00ad\u021b\u0103 profesional\u0103.<\/p>\n\n<ul class=\"wp-block-list\">\n<li>Ave\u021bi nevo\u00adie de <strong>o<\/strong> expe\u00adrien\u00ad\u021b\u0103 pro\u00adfe\u00adsio\u00adna\u00adl\u0103 de cel pu\u021bin <strong>1,5 ori mai mare dec\u00e2t dura\u00adta obi\u0219\u00adnu\u00adi\u00adt\u0103 a for\u00adm\u0103\u00adrii<\/strong> (de exem\u00adplu, apro\u00adxi\u00adma\u00adtiv <strong>3 -<\/strong> <strong>4,5 ani de expe\u00adrien\u00ad\u021b\u0103<\/strong> pen\u00adtru pro\u00adfe\u00adsi\u00adi\u00adle de ges\u00adtio\u00adna\u00adre a birourilor)<\/li>\n\n\n\n<li>Admi\u00adte\u00adrea este acor\u00adda\u00adt\u0103 dup\u0103 apro\u00adba\u00adrea <strong>Came\u00adrei de Comer\u021b \u0219i Indus\u00adtrie (IHK)<\/strong>.<\/li>\n<\/ul>\n\n<p><strong><span style=\"color: #8697c4;\" class=\"stk-highlight\">\u00cence\u00adpe\u021bi acum \u0219i inves\u00adti\u021bi \u00een vii\u00adto\u00adrul dum\u00adne\u00ada\u00advoas\u00adtr\u0103 profesional!<\/span><\/strong><\/p>\n\n<div class=\"wp-block-stackable-divider stk-block-divider stk-block stk-d00c42c\" data-block-id=\"d00c42c\"><hr class=\"stk-block-divider__hr\"><\/div>\n\n<h4 class=\"wp-block-heading\">A\u021bi putea fi inte\u00adre\u00adsat \u0219i&nbsp;de:<\/h4>\n\n<p><strong> <strong><a href=\"https:\/\/www.anika-net.de\/ro\/event\/daa-karlsrue\/\">Asis\u00adten\u00ad\u021b\u0103 pen\u00adtru depu\u00adne\u00adrea cere\u00adri\u00adlor de angajare<\/a><\/strong><\/strong><\/p>\n\n<div class=\"wp-block-stackable-spacer stk-block-spacer stk--no-padding stk-block stk-5bb4a94\" data-block-id=\"5bb4a94\"><style>.stk-5bb4a94 {height:13px !important;}<\/style><\/div>\n\n<p><\/p>\n","protected":false},"author":12,"featured_media":121573,"template":"","class_list":["post-121576","event","type-event","status-publish","has-post-thumbnail","hentry","event_category-munca"],"acf":{"event-recurring":true,"event-category":84,"event-is-language-course":false,"event-recurring-still-active":true,"event-display-details":true,"event-schedules-recurring":null,"event-schedules-calendar":null,"event-is-online":false,"event-online-url":"","event-location-building":"DAA Karlsruhe","event-location-street":"Hirschstra\u00dfe 12\u201314","event-location-zip":"76133  ","event-location-city":"Karlsruhe","event-location-contact-person":"","event-location-phone":"0721 201 139 10","event-location-phone-2":"","event-location-mail":"info.karlsruhe@daa.de","event-location-mail-2":"","event-location-website":"https:\/\/daa-bawue.de\/bildungsangebote\/umschulung-berufsabschluss\/uebersicht\/berufsabschluesse-nachholen","event-target-group":[{"target-group":"adults"}],"event-target-group-comment":"aproximativ 3- 4,5 ani de experien\u021b\u0103 pentru profesiile de gestionare a birourilor","event-free":false,"event-organiser":[23028],"event-header-copyright-overlay":true,"event-copyright-note-description-end":false},"featured_image_urls_v2":{"full":["https:\/\/www.anika-net.de\/wp-content\/uploads\/2026\/04\/e-book-online-learning-education-knowledge-graphic-scaled-e1777454309838.webp",2560,1709,false],"thumbnail":["https:\/\/www.anika-net.de\/wp-content\/uploads\/2026\/04\/e-book-online-learning-education-knowledge-graphic-150x150.webp",150,150,true],"medium":["https:\/\/www.anika-net.de\/wp-content\/uploads\/2026\/04\/e-book-online-learning-education-knowledge-graphic-300x200.webp",300,200,true],"medium_large":["https:\/\/www.anika-net.de\/wp-content\/uploads\/2026\/04\/e-book-online-learning-education-knowledge-graphic-768x513.webp",640,428,true],"large":["https:\/\/www.anika-net.de\/wp-content\/uploads\/2026\/04\/e-book-online-learning-education-knowledge-graphic-1024x683.webp",640,427,true],"1536x1536":["https:\/\/www.anika-net.de\/wp-content\/uploads\/2026\/04\/e-book-online-learning-education-knowledge-graphic-1536x1025.webp",1536,1025,true],"2048x2048":["https:\/\/www.anika-net.de\/wp-content\/uploads\/2026\/04\/e-book-online-learning-education-knowledge-graphic-2048x1367.webp",2048,1367,true],"event-overview":["https:\/\/www.anika-net.de\/wp-content\/uploads\/2026\/04\/e-book-online-learning-education-knowledge-graphic-960x640.webp",960,640,true],"event-archive-thumb":["https:\/\/www.anika-net.de\/wp-content\/uploads\/2026\/04\/e-book-online-learning-education-knowledge-graphic-480x320.webp",480,320,true],"grid-item-thumbnail":["https:\/\/www.anika-net.de\/wp-content\/uploads\/2026\/04\/e-book-online-learning-education-knowledge-graphic-360x200.webp",360,200,true],"network-partner-icon":["https:\/\/www.anika-net.de\/wp-content\/uploads\/2026\/04\/e-book-online-learning-education-knowledge-graphic-100x100.webp",100,100,true],"organiser-icon":["https:\/\/www.anika-net.de\/wp-content\/uploads\/2026\/04\/e-book-online-learning-education-knowledge-graphic-200x200.webp",200,200,true],"gform-image-choice-sm":["https:\/\/www.anika-net.de\/wp-content\/uploads\/2026\/04\/e-book-online-learning-education-knowledge-graphic-scaled-e1777454309838.webp",300,200,false],"gform-image-choice-md":["https:\/\/www.anika-net.de\/wp-content\/uploads\/2026\/04\/e-book-online-learning-education-knowledge-graphic-scaled-e1777454309838.webp",400,267,false],"gform-image-choice-lg":["https:\/\/www.anika-net.de\/wp-content\/uploads\/2026\/04\/e-book-online-learning-education-knowledge-graphic-scaled-e1777454309838.webp",600,401,false]},"post_excerpt_stackable_v2":"<p>\u00cembu\u00ad\u00ad\u00adn\u0103\u00ad\u00ad\u00adt\u0103\u00ad\u00ad\u00ad\u021bi\u021bi-v\u0103 oport\u00adu\u00adni\u00adt\u0103\u00ad\u021bi\u00adle de carie\u00adr\u0103 \u2014 full-time sau part-time O cali\u00adfi\u00adca\u00adre recu\u00adnos\u00adcu\u00adt\u0103 este che\u00adia pen\u00adtru oport\u00adu\u00adni\u00adt\u0103\u021bi mai bune de anga\u00adja\u00adre \u0219i per\u00adspec\u00adti\u00adve de carie\u00adr\u0103 pe ter\u00admen lung \u00een Ger\u00adma\u00adnia. Lucra\u021bi \u00eentr\u2011o pro\u00adfe\u00adsie de 3 p\u00e2n\u0103 la 4,5 ani f\u0103r\u0103 o cali\u00adfi\u00adca\u00adre for\u00adma\u00adl\u0103?Acum ave\u021bi \u0219an\u00adsa de a face pasul urm\u0103\u00adtor. Fie c\u0103 dori\u021bi: oport\u00adu\u00adni\u00adt\u0103\u021bi de carie\u00adr\u0103 mai&nbsp;bune un venit mai&nbsp;mare sau dezvol\u00adta\u00adre per\u00adso\u00adna\u00adl\u0103 \ud83d\udc49 O cali\u00adfi\u00adca\u00adre ofi\u00adci\u00ada\u00adl\u0103 v\u0103 poa\u00adte des\u00adchi\u00adde noi&nbsp;u\u0219i. Pre\u00ad\u00adg\u0103\u00ad\u00ad\u00adti\u021bi-v\u0103 pen\u00adtru exa\u00adme\u00adnul&nbsp;IHK Pro\u00adgra\u00admul de for\u00adma\u00adre ofe\u00adrit de DAA v\u0103 pre\u00adg\u0103\u00adte\u0219\u00adte pen\u00adtru cuno\u0219\u00adtin\u00ad\u021be\u00adle teo\u00adre\u00adti\u00adce nece\u00adsa\u00adre pro\u00adfe\u00adsi\u00adei dum\u00adne\u00ada\u00advoas\u00adtr\u0103, ast\u00adfel \u00eenc\u00e2t s\u0103 fi\u021bi pre\u00adg\u0103\u00adtit s\u0103 tre\u00adce\u021bi cu suc\u00adces exa\u00adme\u00adnul final IHK. Op\u021biuni de\u2026<\/p>\n","category_list_v2":"","author_info_v2":{"name":"Andrea Ramirez","url":"https:\/\/www.anika-net.de\/ro\/author\/andrea-ramirez\/"},"comments_num_v2":"0 comments","uagb_featured_image_src":{"full":["https:\/\/www.anika-net.de\/wp-content\/uploads\/2026\/04\/e-book-online-learning-education-knowledge-graphic-scaled-e1777454309838.webp",2560,1709,false],"thumbnail":["https:\/\/www.anika-net.de\/wp-content\/uploads\/2026\/04\/e-book-online-learning-education-knowledge-graphic-150x150.webp",150,150,true],"medium":["https:\/\/www.anika-net.de\/wp-content\/uploads\/2026\/04\/e-book-online-learning-education-knowledge-graphic-300x200.webp",300,200,true],"medium_large":["https:\/\/www.anika-net.de\/wp-content\/uploads\/2026\/04\/e-book-online-learning-education-knowledge-graphic-768x513.webp",640,428,true],"large":["https:\/\/www.anika-net.de\/wp-content\/uploads\/2026\/04\/e-book-online-learning-education-knowledge-graphic-1024x683.webp",640,427,true],"1536x1536":["https:\/\/www.anika-net.de\/wp-content\/uploads\/2026\/04\/e-book-online-learning-education-knowledge-graphic-1536x1025.webp",1536,1025,true],"2048x2048":["https:\/\/www.anika-net.de\/wp-content\/uploads\/2026\/04\/e-book-online-learning-education-knowledge-graphic-2048x1367.webp",2048,1367,true],"event-overview":["https:\/\/www.anika-net.de\/wp-content\/uploads\/2026\/04\/e-book-online-learning-education-knowledge-graphic-960x640.webp",960,640,true],"event-archive-thumb":["https:\/\/www.anika-net.de\/wp-content\/uploads\/2026\/04\/e-book-online-learning-education-knowledge-graphic-480x320.webp",480,320,true],"grid-item-thumbnail":["https:\/\/www.anika-net.de\/wp-content\/uploads\/2026\/04\/e-book-online-learning-education-knowledge-graphic-360x200.webp",360,200,true],"network-partner-icon":["https:\/\/www.anika-net.de\/wp-content\/uploads\/2026\/04\/e-book-online-learning-education-knowledge-graphic-100x100.webp",100,100,true],"organiser-icon":["https:\/\/www.anika-net.de\/wp-content\/uploads\/2026\/04\/e-book-online-learning-education-knowledge-graphic-200x200.webp",200,200,true],"gform-image-choice-sm":["https:\/\/www.anika-net.de\/wp-content\/uploads\/2026\/04\/e-book-online-learning-education-knowledge-graphic-scaled-e1777454309838.webp",300,200,false],"gform-image-choice-md":["https:\/\/www.anika-net.de\/wp-content\/uploads\/2026\/04\/e-book-online-learning-education-knowledge-graphic-scaled-e1777454309838.webp",400,267,false],"gform-image-choice-lg":["https:\/\/www.anika-net.de\/wp-content\/uploads\/2026\/04\/e-book-online-learning-education-knowledge-graphic-scaled-e1777454309838.webp",600,401,false]},"uagb_author_info":{"display_name":"Andrea Ramirez","author_link":"https:\/\/www.anika-net.de\/ro\/author\/andrea-ramirez\/"},"uagb_comment_info":0,"uagb_excerpt":"\u00cembu\u00adn\u0103\u00adt\u0103\u00ad\u021bi\u021bi-v\u0103 oport\u00adu\u00adni\u00adt\u0103\u00ad\u021bi\u00adle de carie\u00adr\u0103 \u2014 full-time sau part-time O cali\u00adfi\u00adca\u00adre recu\u00adnos\u00adcu\u00adt\u0103 este che\u00adia pen\u00adtru oport\u00adu\u00adni\u00adt\u0103\u021bi mai bune de anga\u00adja\u00adre \u0219i per\u00adspec\u00adti\u00adve de carie\u00adr\u0103 pe ter\u00admen lung \u00een Germania. Lucra\u021bi \u00eentr\u2011o&nbsp;Citi\u021bi mai mult","_links":{"self":[{"href":"https:\/\/www.anika-net.de\/ro\/wp-json\/wp\/v2\/event\/121576","targetHints":{"allow":["GET"]}}],"collection":[{"href":"https:\/\/www.anika-net.de\/ro\/wp-json\/wp\/v2\/event"}],"about":[{"href":"https:\/\/www.anika-net.de\/ro\/wp-json\/wp\/v2\/types\/event"}],"author":[{"embeddable":true,"href":"https:\/\/www.anika-net.de\/ro\/wp-json\/wp\/v2\/users\/12"}],"version-history":[{"count":1,"href":"https:\/\/www.anika-net.de\/ro\/wp-json\/wp\/v2\/event\/121576\/revisions"}],"predecessor-version":[{"id":121577,"href":"https:\/\/www.anika-net.de\/ro\/wp-json\/wp\/v2\/event\/121576\/revisions\/121577"}],"acf:post":[{"embeddable":true,"href":"https:\/\/www.anika-net.de\/ro\/wp-json\/wp\/v2\/organiser\/23028"}],"acf:term":[{"embeddable":true,"taxonomy":"event_category","href":"https:\/\/www.anika-net.de\/ro\/wp-json\/wp\/v2\/event_category\/84"}],"wp:featuredmedia":[{"embeddable":true,"href":"https:\/\/www.anika-net.de\/ro\/wp-json\/wp\/v2\/media\/121573"}],"wp:attachment":[{"href":"https:\/\/www.anika-net.de\/ro\/wp-json\/wp\/v2\/media?parent=121576"}],"curies":[{"name":"wp","href":"https:\/\/api.w.org\/{rel}","templated":true}]}}