{"id":121144,"date":"2026-04-21T10:50:59","date_gmt":"2026-04-21T08:50:59","guid":{"rendered":"https:\/\/www.anika-net.de\/event\/conditii-de-viata-pentru-ajutor-in-karlsruhe\/"},"modified":"2026-04-21T10:51:58","modified_gmt":"2026-04-21T08:51:58","slug":"conditii-de-viata-pentru-ajutor-in-karlsruhe","status":"publish","type":"event","link":"https:\/\/www.anika-net.de\/ro\/event\/conditii-de-viata-pentru-ajutor-in-karlsruhe\/","title":{"rendered":"Con\u00addi\u00ad\u021bii de via\u00ad\u021b\u0103 pen\u00adtru aju\u00adtor \u00een Karlsruhe"},"content":{"rendered":"\n<h2 class=\"wp-block-heading\"><em><span style=\"color: #6358a3;\" class=\"stk-highlight\">Un model de via\u00ad\u021b\u0103 comu\u00adn\u0103 bazat pe spri\u00adjin \u0219i comunitate<\/span><\/em><\/h2>\n\n<p>C\u0103u\u00adta\u021bi locu\u00adin\u00ad\u021be la pre\u00ad\u021buri acce\u00adsi\u00adbi\u00adle \u00een Karl\u00adsru\u00adhe? Sau ave\u021bi o came\u00adr\u0103 de ofe\u00adrit \u0219i ave\u021bi nevo\u00adie de spri\u00adjin \u00een via\u00ad\u021ba de zi cu&nbsp;zi?&nbsp;<\/p>\n\n<p><strong>\u201cLiving for Help\u201d (Woh\u00adnen f\u00fcr Hil\u00adfe)<\/strong> pune \u00een leg\u0103\u00adtu\u00adr\u0103 per\u00adsoa\u00adne\u00adle care au spa\u00ad\u021biu de locu\u00adit dis\u00adpo\u00adni\u00adbil cu cele care cau\u00adt\u0103 caza\u00adre \u0219i sunt dis\u00adpu\u00adse s\u0103 aju\u00adte \u00een schimb.<br><br><strong>\u201cLiving for Help\u201d este acum des\u00adchis tutu\u00adror celor care cau\u00adt\u0103 o locu\u00adin\u00ad\u021b\u0103 \u00een Karl\u00adsru\u00adhe<\/strong>, nu numai stu\u00adden\u00ad\u021bi\u00adlor (de exem\u00adplu, sta\u00adgi\u00adari, pro\u00adfe\u00adsi\u00ado\u00adni\u0219ti, pen\u00adsio\u00adnari).<br><strong>Sco\u00adpul<\/strong> este de a redu\u00adce defi\u00adci\u00adtul de locu\u00adin\u00ad\u021be, de a uti\u00adli\u00adza spa\u00ad\u021bi\u00adul de locu\u00adit mai efi\u00adcient \u0219i de a con\u00adso\u00adli\u00adda leg\u0103\u00adtu\u00adri\u00adle soci\u00ada\u00adle. Coor\u00addo\u00adna\u00adto\u00adrii de pro\u00adiect spri\u00adji\u00adn\u0103 \u0219i ghi\u00addea\u00adz\u0103 par\u00adti\u00adci\u00adpan\u00ad\u021bii pe par\u00adcur\u00adsul \u00eentre\u00adgu\u00adlui proces.&nbsp;<\/p>\n\n<h3 class=\"wp-block-heading\">Cum func\u00ad\u021bio\u00adnea\u00adz\u0103?<\/h3>\n\n<p><strong><span style=\"color: #0b8b7d;\" class=\"stk-highlight\">\u00cen loc s\u0103 pl\u0103\u00adteas\u00adc\u0103 chi\u00adrie, rezi\u00adden\u00ad\u021bii \u00ee\u0219i ofe\u00adr\u0103 tim\u00adpul \u0219i spri\u00adji\u00adnul.<\/span><\/strong><br>Ca orien\u00adta\u00adre gene\u00adra\u00adl\u0103:<br>\ud83d\udc49 <strong>1 or\u0103 de aju\u00adtor pe lun\u0103 pen\u00adtru fie\u00adca\u00adre metru p\u0103trat de spa\u00ad\u021biu de locuit<\/strong><\/p>\n\n<p>Acest spri\u00adjin poa\u00adte include:<\/p>\n\n<ul class=\"wp-block-list\">\n<li>aju\u00adtor cu sar\u00adci\u00adni\u00adle casnice<\/li>\n\n\n\n<li>cum\u00adp\u0103\u00adr\u0103\u00adturi alimentare<\/li>\n\n\n\n<li>gr\u0103\u00addi\u00adn\u0103\u00adrit<\/li>\n\n\n\n<li>\u00eenso\u00ad\u021bi\u00adre \u0219i acti\u00advi\u00adt\u0103\u021bi de petre\u00adce\u00adre a tim\u00adpu\u00adlui&nbsp;liber<\/li>\n<\/ul>\n\n<p>\u26a0\ufe0f <em><strong>V\u0103 rug\u0103m s\u0103 re\u021bi\u00adne\u021bi:<\/strong> Aces\u00adta nu este un ser\u00advi\u00adciu de \u00eengri\u00adji\u00adre sau asis\u00adten\u00ad\u021b\u0103 medical\u0103.<\/em><\/p>\n\n<p>Rezi\u00adden\u00ad\u021bii pl\u0103\u00adtesc doar <strong>cos\u00adtu\u00adri\u00adle uti\u00adli\u00adt\u0103\u00ad\u021bi\u00adlor (de exem\u00adplu, elec\u00adtri\u00adci\u00adta\u00adte, ap\u0103, \u00eenc\u0103\u00adl\u00adzi\u00adre)<\/strong>.<\/p>\n\n<h3 class=\"wp-block-heading\">Pen\u00adtru cine&nbsp;este?<\/h3>\n\n<h2 class=\"wp-block-heading\"><strong>Cre\u00adat ini\u00ad\u021bial pen\u00adtru stu\u00adden\u021bi<\/strong>, pro\u00adiec\u00adtul <strong>este acum des\u00adchis unui grup mai&nbsp;larg:<\/strong><\/h2>\n\n<ul class=\"wp-block-list\">\n<li>stu\u00adden\u021bi<\/li>\n\n\n\n<li>sta\u00adgi\u00adari (uce\u00adnici)<\/li>\n\n\n\n<li>pro\u00adfe\u00adsi\u00ado\u00adni\u0219ti activi<\/li>\n\n\n\n<li>pen\u00adsio\u00adnari<\/li>\n\n\n\n<li>ori\u00adci\u00adne cau\u00adt\u0103 o locu\u00adin\u00ad\u021b\u0103 \u0219i dore\u0219\u00adte s\u0103 se implice<\/li>\n<\/ul>\n\n<p>Per\u00adsoa\u00adne\u00adle care ofe\u00adr\u0103 caza\u00adre pot&nbsp;fi:<\/p>\n\n<ul class=\"wp-block-list\">\n<li>adul\u021bi \u00een v\u00e2rst\u0103<\/li>\n\n\n\n<li>fami\u00adlii<\/li>\n\n\n\n<li>per\u00adsoa\u00adne cu handicap<\/li>\n\n\n\n<li>per\u00adsoa\u00adne care au nevo\u00adie de spri\u00adjin \u00een via\u00ad\u021ba de zi cu&nbsp;zi<\/li>\n<\/ul>\n\n<p><strong> <strong><a href=\"https:\/\/www.paritaet-ka.de\/wp-content\/uploads\/2022\/09\/Wohnen-fuer-Hilfe-Flyer.pdf\" rel=\"noopener\">Des\u00adc\u0103r\u00adca\u021bi pliantul<\/a><\/strong><\/strong><\/p>\n\n<hr class=\"wp-block-separator has-alpha-channel-opacity\">\n\n<h3 class=\"wp-block-heading\">De ce s\u0103 v\u0103 \u00eenscrie\u021bi?<\/h3>\n\n<p>\u201cLiving for Help\u201d promoveaz\u0103:<\/p>\n\n<ul class=\"wp-block-list\">\n<li>mai mul\u00adte op\u021biuni de locu\u00adin\u00ad\u021be la pre\u00ad\u021buri accesibile<\/li>\n\n\n\n<li>o mai bun\u0103 uti\u00adli\u00adza\u00adre a spa\u00ad\u021bi\u00adu\u00adlui de locu\u00adit disponibil<\/li>\n\n\n\n<li>con\u00ade\u00adxiu\u00adne soci\u00ada\u00adl\u0103 \u0219i spri\u00adjin reciproc<\/li>\n<\/ul>\n\n<p>Pro\u00adiec\u00adtul este ges\u00adtio\u00adnat de <strong>Pari\u00adt\u00e4\u00adtis\u00adche Sozi\u00adal\u00addien\u00adste Karl\u00adsru\u00adhe<\/strong> \u00een coo\u00adpe\u00adra\u00adre cu <strong>Stu\u00addi\u00ade\u00adren\u00addenwerk Karl\u00adsru\u00adhe<\/strong>, sub patro\u00adna\u00adjul pri\u00adma\u00adru\u00adlui ora\u00ad\u0219u\u00adlui Karlsruhe.<\/p>\n\n<hr class=\"wp-block-separator has-alpha-channel-opacity\">\n\n<h3 class=\"wp-block-heading\">Pas cu&nbsp;pas<\/h3>\n\n<ol class=\"wp-block-list\">\n<li>Apli\u00adca\u021bi ca <strong>fur\u00adni\u00adzor<\/strong> sau <strong>c\u0103u\u00adt\u0103\u00adtor<\/strong><\/li>\n\n\n\n<li>Lua\u021bi par\u00adte la o <strong>con\u00adsul\u00adta\u00ad\u021bie personal\u0103<\/strong><\/li>\n\n\n\n<li>Pri\u00admi\u021bi o <strong>pro\u00adpu\u00adne\u00adre de potrivire<\/strong><\/li>\n\n\n\n<li>Sem\u00adna\u021bi un <strong>acord<\/strong><\/li>\n\n\n\n<li>\u00cence\u00adpe\u021bi <strong>par\u00adte\u00adne\u00adri\u00ada\u00adtul de via\u00ad\u021b\u0103 \u00een&nbsp;comun<\/strong><\/li>\n<\/ol>\n\n<hr class=\"wp-block-separator has-alpha-channel-opacity\">\n\n<p>\ud83d\udc49 Sun\u00adte\u021bi spri\u00adji\u00adnit pe tot par\u00adcur\u00adsul pro\u00adce\u00adsu\u00adlui de c\u0103tre coor\u00addo\u00adna\u00adto\u00adrii de pro\u00adiect, care \u00eendru\u00adm\u0103 \u0219i con\u00adsi\u00adli\u00ada\u00adz\u0103 ambe\u00adle&nbsp;p\u0103r\u021bi.<\/p>\n\n<hr class=\"wp-block-separator has-alpha-channel-opacity\">\n\n<p>Dac\u0103 e\u0219ti inte\u00adre\u00adsat de <strong>locu\u00adin\u00ad\u021be la pre\u00ad\u021buri acce\u00adsi\u00adbi\u00adle \u0219i de schim\u00adburi sem\u00adni\u00adfi\u00adca\u00adti\u00adve<\/strong>, \u201cLiving for Help\u201d ar putea fi oport\u00adu\u00adni\u00adta\u00adtea potri\u00advi\u00adt\u0103 pen\u00adtru&nbsp;tine&nbsp;\ud83c\udf31<\/p>\n","protected":false},"author":12,"featured_media":121143,"template":"","class_list":["post-121144","event","type-event","status-publish","has-post-thumbnail","hentry","event_category-cazare"],"acf":{"event-recurring":true,"event-category":80,"event-is-language-course":false,"event-recurring-still-active":true,"event-display-details":true,"event-schedules-recurring":[{"event-recurring-week-day":false,"event-recurring-time":"","event-recurring-time-text":""},{"event-recurring-week-day":"2","event-recurring-time":"","event-recurring-time-text":"08:00 - 15:00 | Disponibilitate prin telefon"}],"event-schedules-calendar":null,"event-is-online":false,"event-online-url":"","event-location-building":"Parit\u00e4tische Sozialdienste ","event-location-street":"Kanalweg 40\/42","event-location-zip":"76149 ","event-location-city":"Karlsruhe","event-location-contact-person":"Maike Sommer, Panajoti Ko\u00e7a & Tanja Henkenhaf","event-location-phone":"0721 91230-70","event-location-phone-2":"","event-location-mail":"wohnen@paritaet-ka.de","event-location-mail-2":"","event-location-website":"https:\/\/www.paritaet-ka.de\/fuer-seniorinnen\/wohnen-fuer-hilfe-wohnpartnerschaften\/","event-target-group":null,"event-target-group-comment":"  toate persoanele care caut\u0103 o locuin\u021b\u0103 \u00een Karlsruhe","event-free":false,"event-organiser":[121068,16582],"event-header-copyright-overlay":true,"event-copyright-note-description-end":false},"featured_image_urls_v2":{"full":["https:\/\/www.anika-net.de\/wp-content\/uploads\/2026\/04\/Paritten_Karlsruhe.png",1500,474,false],"thumbnail":["https:\/\/www.anika-net.de\/wp-content\/uploads\/2026\/04\/Paritten_Karlsruhe-150x150.png",150,150,true],"medium":["https:\/\/www.anika-net.de\/wp-content\/uploads\/2026\/04\/Paritten_Karlsruhe-300x95.png",300,95,true],"medium_large":["https:\/\/www.anika-net.de\/wp-content\/uploads\/2026\/04\/Paritten_Karlsruhe-768x243.png",640,203,true],"large":["https:\/\/www.anika-net.de\/wp-content\/uploads\/2026\/04\/Paritten_Karlsruhe-1024x324.png",640,203,true],"1536x1536":["https:\/\/www.anika-net.de\/wp-content\/uploads\/2026\/04\/Paritten_Karlsruhe.png",1500,474,false],"2048x2048":["https:\/\/www.anika-net.de\/wp-content\/uploads\/2026\/04\/Paritten_Karlsruhe.png",1500,474,false],"event-overview":["https:\/\/www.anika-net.de\/wp-content\/uploads\/2026\/04\/Paritten_Karlsruhe-960x474.png",960,474,true],"event-archive-thumb":["https:\/\/www.anika-net.de\/wp-content\/uploads\/2026\/04\/Paritten_Karlsruhe-480x152.png",480,152,true],"grid-item-thumbnail":["https:\/\/www.anika-net.de\/wp-content\/uploads\/2026\/04\/Paritten_Karlsruhe-360x200.png",360,200,true],"network-partner-icon":["https:\/\/www.anika-net.de\/wp-content\/uploads\/2026\/04\/Paritten_Karlsruhe-100x100.png",100,100,true],"organiser-icon":["https:\/\/www.anika-net.de\/wp-content\/uploads\/2026\/04\/Paritten_Karlsruhe-200x200.png",200,200,true],"gform-image-choice-sm":["https:\/\/www.anika-net.de\/wp-content\/uploads\/2026\/04\/Paritten_Karlsruhe.png",300,95,false],"gform-image-choice-md":["https:\/\/www.anika-net.de\/wp-content\/uploads\/2026\/04\/Paritten_Karlsruhe.png",400,126,false],"gform-image-choice-lg":["https:\/\/www.anika-net.de\/wp-content\/uploads\/2026\/04\/Paritten_Karlsruhe.png",600,190,false]},"post_excerpt_stackable_v2":"<p>Un model de via\u00ad\u021b\u0103 comu\u00adn\u0103 bazat pe spri\u00adjin \u0219i comu\u00adni\u00adta\u00adte C\u0103u\u00adta\u021bi locu\u00adin\u00ad\u021be la pre\u00ad\u021buri acce\u00adsi\u00adbi\u00adle \u00een Karl\u00adsru\u00adhe? Sau ave\u021bi o came\u00adr\u0103 de ofe\u00adrit \u0219i ave\u021bi nevo\u00adie de spri\u00adjin \u00een via\u00ad\u021ba de zi cu&nbsp;zi?&nbsp; \u201cLiving for Help\u201d (Woh\u00adnen f\u00fcr Hil\u00adfe) pune \u00een leg\u0103\u00adtu\u00adr\u0103 per\u00adsoa\u00adne\u00adle care au spa\u00ad\u021biu de locu\u00adit dis\u00adpo\u00adni\u00adbil cu cele care cau\u00adt\u0103 caza\u00adre \u0219i sunt dis\u00adpu\u00adse s\u0103 aju\u00adte \u00een schimb.\u201cLiving for Help\u201d este acum des\u00adchis tutu\u00adror celor care cau\u00adt\u0103 o locu\u00adin\u00ad\u021b\u0103 \u00een Karl\u00adsru\u00adhe, nu numai stu\u00adden\u00ad\u021bi\u00adlor (de exem\u00adplu, sta\u00adgi\u00adari, pro\u00adfe\u00adsi\u00ado\u00adni\u0219ti, pen\u00adsio\u00adnari).Sco\u00adpul este de a redu\u00adce defi\u00adci\u00adtul de locu\u00adin\u00ad\u021be, de a uti\u00adli\u00adza spa\u00ad\u021bi\u00adul de locu\u00adit mai efi\u00adcient \u0219i de&nbsp;a\u2026<\/p>\n","category_list_v2":"","author_info_v2":{"name":"Andrea Ramirez","url":"https:\/\/www.anika-net.de\/ro\/author\/andrea-ramirez\/"},"comments_num_v2":"0 comments","uagb_featured_image_src":{"full":["https:\/\/www.anika-net.de\/wp-content\/uploads\/2026\/04\/Paritten_Karlsruhe.png",1500,474,false],"thumbnail":["https:\/\/www.anika-net.de\/wp-content\/uploads\/2026\/04\/Paritten_Karlsruhe-150x150.png",150,150,true],"medium":["https:\/\/www.anika-net.de\/wp-content\/uploads\/2026\/04\/Paritten_Karlsruhe-300x95.png",300,95,true],"medium_large":["https:\/\/www.anika-net.de\/wp-content\/uploads\/2026\/04\/Paritten_Karlsruhe-768x243.png",640,203,true],"large":["https:\/\/www.anika-net.de\/wp-content\/uploads\/2026\/04\/Paritten_Karlsruhe-1024x324.png",640,203,true],"1536x1536":["https:\/\/www.anika-net.de\/wp-content\/uploads\/2026\/04\/Paritten_Karlsruhe.png",1500,474,false],"2048x2048":["https:\/\/www.anika-net.de\/wp-content\/uploads\/2026\/04\/Paritten_Karlsruhe.png",1500,474,false],"event-overview":["https:\/\/www.anika-net.de\/wp-content\/uploads\/2026\/04\/Paritten_Karlsruhe-960x474.png",960,474,true],"event-archive-thumb":["https:\/\/www.anika-net.de\/wp-content\/uploads\/2026\/04\/Paritten_Karlsruhe-480x152.png",480,152,true],"grid-item-thumbnail":["https:\/\/www.anika-net.de\/wp-content\/uploads\/2026\/04\/Paritten_Karlsruhe-360x200.png",360,200,true],"network-partner-icon":["https:\/\/www.anika-net.de\/wp-content\/uploads\/2026\/04\/Paritten_Karlsruhe-100x100.png",100,100,true],"organiser-icon":["https:\/\/www.anika-net.de\/wp-content\/uploads\/2026\/04\/Paritten_Karlsruhe-200x200.png",200,200,true],"gform-image-choice-sm":["https:\/\/www.anika-net.de\/wp-content\/uploads\/2026\/04\/Paritten_Karlsruhe.png",300,95,false],"gform-image-choice-md":["https:\/\/www.anika-net.de\/wp-content\/uploads\/2026\/04\/Paritten_Karlsruhe.png",400,126,false],"gform-image-choice-lg":["https:\/\/www.anika-net.de\/wp-content\/uploads\/2026\/04\/Paritten_Karlsruhe.png",600,190,false]},"uagb_author_info":{"display_name":"Andrea Ramirez","author_link":"https:\/\/www.anika-net.de\/ro\/author\/andrea-ramirez\/"},"uagb_comment_info":0,"uagb_excerpt":"Un model de via\u00ad\u021b\u0103 comu\u00adn\u0103 bazat pe spri\u00adjin \u0219i comunitate C\u0103u\u00adta\u021bi locu\u00adin\u00ad\u021be la pre\u00ad\u021buri acce\u00adsi\u00adbi\u00adle \u00een Karl\u00adsru\u00adhe? Sau ave\u021bi o came\u00adr\u0103 de ofe\u00adrit \u0219i ave\u021bi nevo\u00adie de spri\u00adjin \u00een via\u00ad\u021ba&nbsp;Citi\u021bi mai mult","_links":{"self":[{"href":"https:\/\/www.anika-net.de\/ro\/wp-json\/wp\/v2\/event\/121144","targetHints":{"allow":["GET"]}}],"collection":[{"href":"https:\/\/www.anika-net.de\/ro\/wp-json\/wp\/v2\/event"}],"about":[{"href":"https:\/\/www.anika-net.de\/ro\/wp-json\/wp\/v2\/types\/event"}],"author":[{"embeddable":true,"href":"https:\/\/www.anika-net.de\/ro\/wp-json\/wp\/v2\/users\/12"}],"version-history":[{"count":3,"href":"https:\/\/www.anika-net.de\/ro\/wp-json\/wp\/v2\/event\/121144\/revisions"}],"predecessor-version":[{"id":121148,"href":"https:\/\/www.anika-net.de\/ro\/wp-json\/wp\/v2\/event\/121144\/revisions\/121148"}],"acf:post":[{"embeddable":true,"href":"https:\/\/www.anika-net.de\/ro\/wp-json\/wp\/v2\/organiser\/16582"},{"embeddable":true,"href":"https:\/\/www.anika-net.de\/ro\/wp-json\/wp\/v2\/organiser\/121068"}],"acf:term":[{"embeddable":true,"taxonomy":"event_category","href":"https:\/\/www.anika-net.de\/ro\/wp-json\/wp\/v2\/event_category\/80"}],"wp:featuredmedia":[{"embeddable":true,"href":"https:\/\/www.anika-net.de\/ro\/wp-json\/wp\/v2\/media\/121143"}],"wp:attachment":[{"href":"https:\/\/www.anika-net.de\/ro\/wp-json\/wp\/v2\/media?parent=121144"}],"curies":[{"name":"wp","href":"https:\/\/api.w.org\/{rel}","templated":true}]}}