{"id":118317,"date":"2026-01-28T11:28:46","date_gmt":"2026-01-28T10:28:46","guid":{"rendered":"https:\/\/www.anika-net.de\/event\/randul-meu-femeile-si-munca\/"},"modified":"2026-01-28T11:28:47","modified_gmt":"2026-01-28T10:28:47","slug":"randul-meu-femeile-si-munca","status":"publish","type":"event","link":"https:\/\/www.anika-net.de\/ro\/event\/randul-meu-femeile-si-munca\/","title":{"rendered":"R\u00e2n\u00addul meu \u2014 Feme\u00adi\u00adle \u0219i&nbsp;munca"},"content":{"rendered":"\n<h2 class=\"wp-block-heading\">Spri\u00adjin \u00een carie\u00adr\u0103 pen\u00adtru feme\u00adi\u00adle migran\u00adte din Karlsruhe<\/h2>\n\n<p><strong>R\u00e2n\u00addul meu \u2014 Feme\u00adi\u00adle \u0219i mun\u00adca<\/strong> este un pro\u00adgram de spri\u00adjin \u00een carie\u00adr\u0103 pen\u00adtru feme\u00adi\u00adle migran\u00adte din Karl\u00adsru\u00adhe \u0219i \u00eempre\u00adju\u00adri\u00admi care doresc s\u0103 (re)intre pe pia\u00ad\u021ba mun\u00adcii din Germania.<\/p>\n\n<p>Sun\u00adte\u021bi o feme\u00adie care s\u2011a n\u0103s\u00adcut \u00een alt\u0103 \u021bar\u0103 \u0219i a venit \u00een Ger\u00adma\u00adnia?<br>Dori\u021bi con\u00adsi\u00adli\u00ade\u00adre pro\u00adfe\u00adsio\u00adna\u00adl\u0103 \u0219i spri\u00adjin pe ter\u00admen lung pen\u00adtru a v\u0103 dezvol\u00adta cariera?<\/p>\n\n<p>Este posi\u00adbil s\u0103 dori\u021bi:<\/p>\n\n<ul class=\"wp-block-list\">\n<li>v\u0103 \u00eembu\u00adn\u0103\u00adt\u0103\u00ad\u021bi\u021bi cuno\u0219\u00adtin\u00ad\u021be\u00adle de lim\u00adba german\u0103<\/li>\n\n\n\n<li>\u00eence\u00adpe for\u00adma\u00adrea pro\u00adfe\u00adsio\u00adna\u00adl\u0103 sau con\u00adti\u00adnu\u00ada\u00adrea studiilor<\/li>\n\n\n\n<li>g\u0103si\u021bi un loc de mun\u00adc\u0103 care s\u0103 cores\u00adpun\u00add\u0103 apti\u00adtu\u00addi\u00adni\u00adlor \u0219i inte\u00adre\u00adse\u00adlor dumneavoastr\u0103<\/li>\n\n\n\n<li>s\u0103 v\u0103 c\u00e2\u0219ti\u00adga\u021bi pro\u00adpri\u00adul venit \u00een timp ce v\u0103 echi\u00adli\u00adbra\u021bi via\u00ad\u021ba pro\u00adfe\u00adsio\u00adna\u00adl\u0103 \u0219i cea de familie<\/li>\n<\/ul>\n\n<p>Spri\u00adji\u00adnim feme\u00adi\u00adle migran\u00adte&nbsp;cu:<\/p>\n\n<ul class=\"wp-block-list\">\n<li>recu\u00adnoa\u0219\u00adte\u00adrea cer\u00adti\u00adfi\u00adca\u00adte\u00adlor \u0219i cali\u00adfi\u00adc\u0103\u00adri\u00adlor str\u0103ine<\/li>\n\n\n\n<li>g\u0103si\u00adrea unui curs de lim\u00adba ger\u00adma\u00adn\u0103 adecvat<\/li>\n\n\n\n<li>iden\u00adti\u00adfi\u00adca\u00adrea pro\u00adfe\u00adsi\u00adei sau a for\u00adm\u0103\u00adrii pro\u00adfe\u00adsio\u00adna\u00adle potrivite<\/li>\n\n\n\n<li>redac\u00adta\u00adrea CV-uri\u00adlor \u0219i a cere\u00adri\u00adlor de angajare<\/li>\n\n\n\n<li>echi\u00adli\u00adbra\u00adrea res\u00adpon\u00adsa\u00adbi\u00adli\u00adt\u0103\u00ad\u021bi\u00adlor fami\u00adli\u00ada\u00adle \u0219i a vie\u00ad\u021bii profesionale<\/li>\n<\/ul>\n\n<h3 class=\"wp-block-heading\">Ce ofe\u00adrim  <\/h3>\n\n<ul class=\"wp-block-list\">\n<li>o per\u00adsoa\u00adn\u0103 de con\u00adtact per\u00adso\u00adna\u00adl\u0103 de sex feminin<\/li>\n\n\n\n<li>sesiuni regu\u00adla\u00adte de con\u00adsi\u00adli\u00ade\u00adre individual\u0103<\/li>\n\n\n\n<li>ate\u00adli\u00ade\u00adre de grup pe teme lega\u00adte de carier\u0103<\/li>\n\n\n\n<li>spri\u00adjin pe ter\u00admen lung p\u00e2n\u0103 \u00een <strong>decem\u00adbrie&nbsp;2028<\/strong><\/li>\n\n\n\n<li>inte\u00adgra\u00adrea dura\u00adbi\u00adl\u0103 pe pia\u00ad\u021ba muncii<\/li>\n\n\n\n<li>tri\u00admi\u00adteri c\u0103tre ser\u00advi\u00adcii de spri\u00adjin supli\u00admen\u00adta\u00adre fur\u00adni\u00adza\u00adte de fka, cum ar fi cur\u00adsuri de lim\u00adbi str\u0103\u00adi\u00adne, tera\u00adpie pen\u00adtru refu\u00adgi\u00ada\u021bi \u0219i con\u00adsi\u00adli\u00ade\u00adre specializat\u0103<\/li>\n<\/ul>\n\n<h3 class=\"wp-block-heading\">Pen\u00adtru cine este pro\u00adiec\u00adtul \u201cMy&nbsp;Turn\u201d?<\/h3>\n\n<p>Pro\u00adiec\u00adtul \u201d <strong>R\u00e2n\u00addul meu \u2014 feme\u00adi\u00adle \u0219i mun\u00adca<\/strong> \u201d se adre\u00adsea\u00adz\u0103 feme\u00adi\u00adlor migran\u00adte din Karl\u00adsru\u00adhe \u0219i din regiu\u00adnea \u00eencon\u00adju\u00adr\u0103\u00adtoa\u00adre care doresc s\u0103 se anga\u00adje\u00adze sau s\u0103 se reangajeze.<\/p>\n\n<p>Finan\u00ad\u021bat prin <strong>pro\u00adgra\u00admul ESF Plus \u201cMY TURN \u2014 Women with Migra\u00adtion Expe\u00adrien\u00adce Get Star\u00adted\u201d,<\/strong> pro\u00adiec\u00adtul spri\u00adji\u00adn\u0103 feme\u00adi\u00adle \u00een dezvol\u00adta\u00adrea unui vii\u00adtor pro\u00adfe\u00adsio\u00adnal bazat pe punc\u00adte\u00adle forte, com\u00adpe\u00adten\u00ad\u021be\u00adle \u0219i obiec\u00adti\u00adve\u00adle lor individuale.<\/p>\n\n<p>Gru\u00adpul nos\u00adtru \u021bin\u00adt\u0103 inclu\u00adde \u00een spe\u00adcial feme\u00adi\u00adle nou sosi\u00adte&nbsp;care:<\/p>\n\n<ul class=\"wp-block-list\">\n<li>au un sta\u00adtut de \u0219ede\u00adre&nbsp;sigur<\/li>\n\n\n\n<li>s\u0103 aib\u0103 cuno\u0219\u00adtin\u00ad\u021be sufi\u00adcien\u00adte de lim\u00adba german\u0103<\/li>\n\n\n\n<li>nu de\u021bin \u00eenc\u0103 o cali\u00adfi\u00adca\u00adre pro\u00adfe\u00adsio\u00adna\u00adl\u0103 recu\u00adnos\u00adcu\u00adt\u0103 \u00een Germania<\/li>\n\n\n\n<li>sau nu au fost anga\u00adja\u021bi timp de cel pu\u021bin patru&nbsp;ani<\/li>\n<\/ul>\n\n<p>Prin con\u00adsi\u00adli\u00ade\u00adre indi\u00advi\u00addu\u00ada\u00adl\u0103 \u0219i ate\u00adli\u00ade\u00adre de grup, pro\u00admo\u00adv\u0103m <strong>inte\u00adgra\u00adrea pe ter\u00admen lung pe pia\u00ad\u021ba mun\u00adcii din Ger\u00adma\u00adnia<\/strong>.<\/p>\n\n<h3 class=\"wp-block-heading\">Con\u00adsi\u00adli\u00ade\u00adre pen\u00adtru feme\u00adi\u00adle migrante<\/h3>\n\n<p>Prin\u00adtre teme\u00adle posi\u00adbi\u00adle de con\u00adsi\u00adli\u00ade\u00adre \u0219i de ate\u00adli\u00ader se num\u0103r\u0103:<\/p>\n\n<ul class=\"wp-block-list\">\n<li>g\u0103si\u00adrea de cur\u00adsuri avan\u00adsa\u00adte de lim\u00adbi str\u0103ine<\/li>\n\n\n\n<li>Redac\u00adta\u00adrea CV-ului \u0219i a cere\u00adri\u00adlor de angajare<\/li>\n\n\n\n<li>con\u00adsi\u00adli\u00ade\u00adre pri\u00advind echi\u00adli\u00adbrul munc\u0103-familie<\/li>\n\n\n\n<li>ate\u00adli\u00ade\u00adre de eman\u00adci\u00adpa\u00adre \u0219i de con\u00adso\u00adli\u00adda\u00adre a \u00eencrederii<\/li>\n\n\n\n<li>pla\u00adsa\u00adrea stagiilor<\/li>\n\n\n\n<li>recu\u00adnoa\u0219\u00adte\u00adrea cali\u00adfi\u00adc\u0103\u00adri\u00adlor str\u0103ine<\/li>\n\n\n\n<li>infor\u00adma\u00ad\u021bii pri\u00advind oport\u00adu\u00adni\u00adt\u0103\u00ad\u021bi\u00adle de carie\u00adr\u0103 \u0219i de formare<\/li>\n\n\n\n<li>ana\u00adli\u00adza com\u00adpe\u00adten\u00ad\u021be\u00adlor \u0219i a poten\u021bialului<\/li>\n\n\n\n<li>for\u00adma\u00adre \u00een dome\u00adni\u00adul cere\u00adri\u00adlor de locuri de&nbsp;munc\u0103<\/li>\n<\/ul>\n\n<h3 class=\"wp-block-heading\">Ate\u00adli\u00ade\u00adre de lucru: Redac\u00adta\u00adrea CV-ului \u0219i a cere\u00adrii de angajare<\/h3>\n\n<p>\u00cen pre\u00adzent, ofe\u00adrim \u00een <strong>fie\u00adca\u00adre lun\u0103<\/strong> un <strong>ate\u00adli\u00ader de mai mul\u00adte zile<\/strong> pri\u00advind <strong>redac\u00adta\u00adrea CV-ului \u0219i a cere\u00adri\u00adlor de anga\u00adja\u00adre<\/strong>.<br>Par\u00adti\u00adci\u00adpa\u00adrea este posi\u00adbi\u00adl\u0103 <strong>inde\u00adpen\u00addent de con\u00adsi\u00adli\u00ade\u00adrea indi\u00advi\u00addu\u00ada\u00adl\u0103<\/strong>.<\/p>\n\n<p>\ud83d\udce9 <strong>Con\u00adtac\u00adta\u021bi-ne pen\u00adtru mai mul\u00adte infor\u00adma\u00ad\u021bii sau pen\u00adtru \u00eenregistrare<\/strong><\/p>\n","protected":false},"author":12,"featured_media":118316,"template":"","class_list":["post-118317","event","type-event","status-publish","has-post-thumbnail","hentry","event_category-munca"],"acf":{"event-recurring":false,"event-category":84,"event-is-language-course":false,"event-recurring-still-active":true,"event-display-details":true,"event-schedules-recurring":null,"event-schedules-calendar":null,"event-is-online":false,"event-online-url":"","event-location-building":"fka - Freundeskreis Asyl Karlsruhe e.V. ","event-location-street":"Alter Schlachthof 59","event-location-zip":"76131","event-location-city":"Karlruhe","event-location-contact-person":"Yassmin Dawallu-P\u00f6hler \/ Sophie Burkart","event-location-phone":"0176 \u2013 4229 7070","event-location-phone-2":"0160 \u2013 147 01 88","event-location-mail":"yassmin.dawallu-poehler@fka-ka.de","event-location-mail-2":"sophie.burkart@fka-ka.de","event-location-website":"https:\/\/fka-ka.de\/my-turn-frau-und-beruf\/","event-target-group":[{"target-group":"women"}],"event-target-group-comment":"","event-free":true,"event-organiser":[16111],"event-header-copyright-overlay":true,"event-copyright-note-description-end":false},"featured_image_urls_v2":{"full":["https:\/\/www.anika-net.de\/wp-content\/uploads\/2026\/01\/My-Turn.jpg",748,382,false],"thumbnail":["https:\/\/www.anika-net.de\/wp-content\/uploads\/2026\/01\/My-Turn-150x150.jpg",150,150,true],"medium":["https:\/\/www.anika-net.de\/wp-content\/uploads\/2026\/01\/My-Turn-300x153.jpg",300,153,true],"medium_large":["https:\/\/www.anika-net.de\/wp-content\/uploads\/2026\/01\/My-Turn.jpg",640,327,false],"large":["https:\/\/www.anika-net.de\/wp-content\/uploads\/2026\/01\/My-Turn.jpg",640,327,false],"1536x1536":["https:\/\/www.anika-net.de\/wp-content\/uploads\/2026\/01\/My-Turn.jpg",748,382,false],"2048x2048":["https:\/\/www.anika-net.de\/wp-content\/uploads\/2026\/01\/My-Turn.jpg",748,382,false],"event-overview":["https:\/\/www.anika-net.de\/wp-content\/uploads\/2026\/01\/My-Turn.jpg",748,382,false],"event-archive-thumb":["https:\/\/www.anika-net.de\/wp-content\/uploads\/2026\/01\/My-Turn-480x245.jpg",480,245,true],"grid-item-thumbnail":["https:\/\/www.anika-net.de\/wp-content\/uploads\/2026\/01\/My-Turn-360x200.jpg",360,200,true],"network-partner-icon":["https:\/\/www.anika-net.de\/wp-content\/uploads\/2026\/01\/My-Turn-100x100.jpg",100,100,true],"organiser-icon":["https:\/\/www.anika-net.de\/wp-content\/uploads\/2026\/01\/My-Turn-200x200.jpg",200,200,true],"gform-image-choice-sm":["https:\/\/www.anika-net.de\/wp-content\/uploads\/2026\/01\/My-Turn.jpg",300,153,false],"gform-image-choice-md":["https:\/\/www.anika-net.de\/wp-content\/uploads\/2026\/01\/My-Turn.jpg",400,204,false],"gform-image-choice-lg":["https:\/\/www.anika-net.de\/wp-content\/uploads\/2026\/01\/My-Turn.jpg",600,306,false]},"post_excerpt_stackable_v2":"<p>Spri\u00adjin \u00een carie\u00adr\u0103 pen\u00adtru feme\u00adi\u00adle migran\u00adte din Karl\u00adsru\u00adhe R\u00e2n\u00addul meu \u2014 Feme\u00adi\u00adle \u0219i mun\u00adca este un pro\u00adgram de spri\u00adjin \u00een carie\u00adr\u0103 pen\u00adtru feme\u00adi\u00adle migran\u00adte din Karl\u00adsru\u00adhe \u0219i \u00eempre\u00adju\u00adri\u00admi care doresc s\u0103 (re)intre pe pia\u00ad\u021ba mun\u00adcii din Ger\u00adma\u00adnia. Sun\u00adte\u021bi o feme\u00adie care s\u2011a n\u0103s\u00adcut \u00een alt\u0103 \u021bar\u0103 \u0219i a venit \u00een Ger\u00adma\u00adnia?Dori\u021bi con\u00adsi\u00adli\u00ade\u00adre pro\u00adfe\u00adsio\u00adna\u00adl\u0103 \u0219i spri\u00adjin pe ter\u00admen lung pen\u00adtru a v\u0103 dezvol\u00adta carie\u00adra? Este posi\u00adbil s\u0103 dori\u021bi: v\u0103 \u00eembu\u00adn\u0103\u00adt\u0103\u00ad\u021bi\u021bi cuno\u0219\u00adtin\u00ad\u021be\u00adle de lim\u00adba ger\u00adma\u00adn\u0103 \u00eence\u00adpe for\u00adma\u00adrea pro\u00adfe\u00adsio\u00adna\u00adl\u0103 sau con\u00adti\u00adnu\u00ada\u00adrea stu\u00addi\u00adi\u00adlor g\u0103si\u021bi un loc de mun\u00adc\u0103 care s\u0103 cores\u00adpun\u00add\u0103 apti\u00adtu\u00addi\u00adni\u00adlor \u0219i inte\u00adre\u00adse\u00adlor dum\u00adne\u00ada\u00advoas\u00adtr\u0103 s\u0103 v\u0103 c\u00e2\u0219ti\u00adga\u021bi pro\u00adpri\u00adul venit \u00een timp ce&nbsp;v\u0103\u2026<\/p>\n","category_list_v2":"","author_info_v2":{"name":"Andrea Ramirez","url":"https:\/\/www.anika-net.de\/ro\/author\/andrea-ramirez\/"},"comments_num_v2":"0 comments","uagb_featured_image_src":{"full":["https:\/\/www.anika-net.de\/wp-content\/uploads\/2026\/01\/My-Turn.jpg",748,382,false],"thumbnail":["https:\/\/www.anika-net.de\/wp-content\/uploads\/2026\/01\/My-Turn-150x150.jpg",150,150,true],"medium":["https:\/\/www.anika-net.de\/wp-content\/uploads\/2026\/01\/My-Turn-300x153.jpg",300,153,true],"medium_large":["https:\/\/www.anika-net.de\/wp-content\/uploads\/2026\/01\/My-Turn.jpg",640,327,false],"large":["https:\/\/www.anika-net.de\/wp-content\/uploads\/2026\/01\/My-Turn.jpg",640,327,false],"1536x1536":["https:\/\/www.anika-net.de\/wp-content\/uploads\/2026\/01\/My-Turn.jpg",748,382,false],"2048x2048":["https:\/\/www.anika-net.de\/wp-content\/uploads\/2026\/01\/My-Turn.jpg",748,382,false],"event-overview":["https:\/\/www.anika-net.de\/wp-content\/uploads\/2026\/01\/My-Turn.jpg",748,382,false],"event-archive-thumb":["https:\/\/www.anika-net.de\/wp-content\/uploads\/2026\/01\/My-Turn-480x245.jpg",480,245,true],"grid-item-thumbnail":["https:\/\/www.anika-net.de\/wp-content\/uploads\/2026\/01\/My-Turn-360x200.jpg",360,200,true],"network-partner-icon":["https:\/\/www.anika-net.de\/wp-content\/uploads\/2026\/01\/My-Turn-100x100.jpg",100,100,true],"organiser-icon":["https:\/\/www.anika-net.de\/wp-content\/uploads\/2026\/01\/My-Turn-200x200.jpg",200,200,true],"gform-image-choice-sm":["https:\/\/www.anika-net.de\/wp-content\/uploads\/2026\/01\/My-Turn.jpg",300,153,false],"gform-image-choice-md":["https:\/\/www.anika-net.de\/wp-content\/uploads\/2026\/01\/My-Turn.jpg",400,204,false],"gform-image-choice-lg":["https:\/\/www.anika-net.de\/wp-content\/uploads\/2026\/01\/My-Turn.jpg",600,306,false]},"uagb_author_info":{"display_name":"Andrea Ramirez","author_link":"https:\/\/www.anika-net.de\/ro\/author\/andrea-ramirez\/"},"uagb_comment_info":0,"uagb_excerpt":"Spri\u00adjin \u00een carie\u00adr\u0103 pen\u00adtru feme\u00adi\u00adle migran\u00adte din Karlsruhe R\u00e2n\u00addul meu \u2014 Feme\u00adi\u00adle \u0219i mun\u00adca este un pro\u00adgram de spri\u00adjin \u00een carie\u00adr\u0103 pen\u00adtru feme\u00adi\u00adle migran\u00adte din Karl\u00adsru\u00adhe \u0219i \u00eempre\u00adju\u00adri\u00admi care doresc&nbsp;Citi\u021bi mai mult","_links":{"self":[{"href":"https:\/\/www.anika-net.de\/ro\/wp-json\/wp\/v2\/event\/118317","targetHints":{"allow":["GET"]}}],"collection":[{"href":"https:\/\/www.anika-net.de\/ro\/wp-json\/wp\/v2\/event"}],"about":[{"href":"https:\/\/www.anika-net.de\/ro\/wp-json\/wp\/v2\/types\/event"}],"author":[{"embeddable":true,"href":"https:\/\/www.anika-net.de\/ro\/wp-json\/wp\/v2\/users\/12"}],"version-history":[{"count":1,"href":"https:\/\/www.anika-net.de\/ro\/wp-json\/wp\/v2\/event\/118317\/revisions"}],"predecessor-version":[{"id":118318,"href":"https:\/\/www.anika-net.de\/ro\/wp-json\/wp\/v2\/event\/118317\/revisions\/118318"}],"acf:post":[{"embeddable":true,"href":"https:\/\/www.anika-net.de\/ro\/wp-json\/wp\/v2\/organiser\/16111"}],"acf:term":[{"embeddable":true,"taxonomy":"event_category","href":"https:\/\/www.anika-net.de\/ro\/wp-json\/wp\/v2\/event_category\/84"}],"wp:featuredmedia":[{"embeddable":true,"href":"https:\/\/www.anika-net.de\/ro\/wp-json\/wp\/v2\/media\/118316"}],"wp:attachment":[{"href":"https:\/\/www.anika-net.de\/ro\/wp-json\/wp\/v2\/media?parent=118317"}],"curies":[{"name":"wp","href":"https:\/\/api.w.org\/{rel}","templated":true}]}}