{"id":63571,"date":"2025-07-16T12:35:29","date_gmt":"2025-07-16T10:35:29","guid":{"rendered":"https:\/\/www.anika-net.de\/wolontariat-w-niemczech\/"},"modified":"2025-07-16T12:35:30","modified_gmt":"2025-07-16T10:35:30","slug":"wolontariat-w-niemczech","status":"publish","type":"page","link":"https:\/\/www.anika-net.de\/pl\/wolontariat-w-niemczech\/","title":{"rendered":"Wolon\u00adta\u00adriat w Niemczech"},"content":{"rendered":"\n<p><strong>Wolon\u00adta\u00adriat<\/strong> pozwa\u00adla wspie\u00adra\u0107 innych i jed\u00adno\u00adcze\u00ad\u015bnie zdo\u00adby\u00adwa\u0107 <strong>pierw\u00adsze do\u015bwiad\u00adcze\u00adnie zawo\u00addo\u00adwe<\/strong>. Oto, co musisz wie\u00addzie\u0107: korzy\u00ad\u015bci, r\u00f3\u017c\u00adne rodza\u00adje dost\u0119p\u00adnych us\u0142ug, jakie zada\u00adnia b\u0119dziesz wyko\u00adny\u00adwa\u0107, jakie wyna\u00adgro\u00addze\u00adnie mo\u017cesz otrzy\u00adma\u0107 i jak si\u0119 zg\u0142osi\u0107.&nbsp;<\/p>\n\n<h3 class=\"wp-block-heading\">Zr\u00f3b co\u015b zna\u00adcz\u0105\u00adce\u00adgo dla innych<\/h3>\n\n<p>Nie\u00adza\u00adle\u017c\u00adnie od tego, czy cho\u00addzi o <strong>stra\u017c po\u017car\u00adn\u0105<\/strong>, <strong>klu\u00adby spor\u00adto\u00adwe<\/strong> czy <strong>orga\u00adni\u00adza\u00adcje zaj\u00admu\u00adj\u0105\u00adce si\u0119 ochro\u00adn\u0105 \u015bro\u00addo\u00adwi\u00adska<\/strong> \u2014 wie\u00adle obsza\u00adr\u00f3w spo\u00ad\u0142e\u00adcze\u0144\u00adstwa funk\u00adcjo\u00adnu\u00adje tyl\u00adko dzi\u0119\u00adki ludziom po\u015bwi\u0119\u00adca\u00adj\u0105\u00adcym sw\u00f3j czas na wolontariat.<\/p>\n\n<p>Je\u015bli chcesz <strong>dobrze wyko\u00adrzy\u00adsta\u0107 czas<\/strong> przed roz\u00adpo\u00adcz\u0119\u00adciem pro\u00adgra\u00admu szko\u00adle\u00adnio\u00adwe\u00adgo lub stu\u00addi\u00f3w, mo\u017cesz odby\u0107 <strong>wolon\u00adta\u00adriat<\/strong> w r\u00f3\u017c\u00adnych insty\u00adtu\u00adcjach, pro\u00adjek\u00adtach lub organizacjach.<\/p>\n\n<p>B\u0119dziesz wspie\u00adra\u0107 pro\u00adfe\u00adsjo\u00adna\u00adli\u00adst\u00f3w w ich codzien\u00adnych zada\u00adniach. Na przy\u00adk\u0142ad wolon\u00adta\u00adriu\u00adsze zaj\u00admu\u00adj\u0105\u00adcy si\u0119 opie\u00adk\u0105 nad oso\u00adba\u00admi <strong>star\u00adszy\u00admi<\/strong> mog\u0105 poma\u00adga\u0107 im w jedze\u00adniu, piciu lub higie\u00adnie osobistej.&nbsp;<\/p>\n\n<p>Opie\u00adkun pomo\u00ad\u017ce ci zacz\u0105\u0107 i wes\u00adprze ci\u0119, je\u015bli napo\u00adtkasz jakie\u00adkol\u00adwiek pro\u00adble\u00admy. Pod\u00adczas <strong>dni semi\u00adna\u00adryj\u00adnych<\/strong> poznasz innych m\u0142o\u00addych ludzi i b\u0119dziesz dys\u00adku\u00adto\u00adwa\u0107 na takie tema\u00adty, jak kul\u00adtu\u00adra, poli\u00adty\u00adka i spo\u0142ecze\u0144stwo.&nbsp;<\/p>\n\n<h2 class=\"wp-block-heading\"><span style=\"color: #129e8e;\" class=\"stk-highlight\">Rodza\u00adje wolontariatu<\/span><\/h2>\n\n<details class=\"wp-block-stackable-accordion stk-block-accordion stk-inner-blocks stk-block-content stk-block stk-6024f5b is-style-default\" data-block-id=\"6024f5b\">\n<summary class=\"wp-block-stackable-column stk-block-column stk-column stk-block stk-ed8f398 stk--container-small stk-block-accordion__heading\" data-v=\"4\" data-block-id=\"ed8f398\"><style>.stk-ed8f398-container{background-color:#ffffff !important;}.stk-ed8f398-container:before{background-color:#ffffff !important;}<\/style><div class=\"stk-column-wrapper stk-block-column__content stk-container stk-ed8f398-container stk-hover-parent\"><div class=\"stk-block-content stk-inner-blocks stk-ed8f398-inner-blocks\">\n<div class=\"wp-block-stackable-icon-label stk-block-icon-label stk-block stk-5e6808f\" data-block-id=\"5e6808f\"><div class=\"stk-row stk-inner-blocks stk-block-content\">\n<div class=\"wp-block-stackable-heading stk-block-heading stk-block-heading--v2 stk-block stk-4e07011\" id=\"strong-f-strong-voluntary-social-year\" data-block-id=\"4e07011\"><h4 class=\"stk-block-heading__text\">Dobro\u00adwol\u00adny Rok Spo\u00ad\u0142ecz\u00adny i Dobro\u00adwol\u00adny Rok Ekologiczny<\/h4><\/div>\n\n\n\n<div class=\"wp-block-stackable-icon stk-block-icon stk-block stk-9b8cb92\" data-block-id=\"9b8cb92\"><span class=\"stk--svg-wrapper\"><div class=\"stk--inner-svg\"><svg style=\"height:0;width:0\"><defs><linearGradient id=\"linear-gradient-9b8cb92\" x1=\"0\" x2=\"100%\" y1=\"0\" y2=\"0\"><stop offset=\"0%\" style=\"stop-opacity:1;stop-color:var(--linear-gradient-9-b-8-cb-92-color-1)\" \/><stop offset=\"100%\" style=\"stop-opacity:1;stop-color:var(--linear-gradient-9-b-8-cb-92-color-2)\" \/><\/linearGradient><\/defs><\/svg><svg data-prefix=\"fas\" data-icon=\"chevron-down\" class=\"svg-inline--fa fa-chevron-down fa-w-14\" viewBox=\"0 0 448 512\" aria-hidden=\"true\" width=\"32\" height=\"32\"><path fill=\"currentColor\" d=\"M207.029 381.476L12.686 187.132c-9.373-9.373-9.373-24.569 0-33.941l22.667-22.667c9.357-9.357 24.522-9.375 33.901-.04L224 284.505l154.745-154.021c9.379-9.335 24.544-9.317 33.901.04l22.667 22.667c9.373 9.373 9.373 24.569 0 33.941L240.971 381.476c-9.373 9.372-24.569 9.372-33.942 0z\" \/><\/svg><\/div><\/span><\/div>\n<\/div><\/div>\n<\/div><\/div><\/summary>\n\n\n\n<div class=\"wp-block-stackable-column stk-block-column stk-column stk-block stk-fbe8ab2 stk-block-accordion__content\" data-v=\"4\" data-block-id=\"fbe8ab2\"><div class=\"stk-column-wrapper stk-block-column__content stk-container stk-fbe8ab2-container stk--no-background stk--no-padding\"><div class=\"stk-block-content stk-inner-blocks stk-fbe8ab2-inner-blocks\">\n<div class=\"wp-block-stackable-text stk-block-text stk-block stk-a097c68\" data-block-id=\"a097c68\"><p class=\"stk-block-text__text\">W ramach <strong>Roku Wolon\u00adta\u00adria\u00adtu Spo\u00ad\u0142ecz\u00adne\u00adgo<\/strong> <strong>(FSJ<\/strong> <strong>)<\/strong> lub <strong>Roku Wolon\u00adta\u00adria\u00adtu Eko\u00adlo\u00adgicz\u00adne\u00adgo (F\u00d6J<\/strong>) mo\u017cesz wspie\u00adra\u0107 innych w wie\u00adlu obsza\u00adrach, takich jak:<br>\u25aa Wolon\u00adta\u00adriat w klu\u00adbach spor\u00adto\u00adwych<br>\u25aa Pra\u00adca z dzie\u0107\u00admi i m\u0142o\u00addzie\u00ad\u017c\u0105<br>\u25aa Wspar\u00adcie opie\u00adki zdro\u00adwot\u00adnej lub opie\u00adki nad oso\u00adba\u00admi starszymi<\/p><\/div>\n\n\n\n<p><strong>Wyma\u00adga\u00adnia<\/strong><br>\u25aa Mie\u0107 <strong>mniej ni\u017c 27 lat<\/strong><br>\u25aa <strong>Uko\u0144\u00adczy\u0107 obo\u00adwi\u0105z\u00adko\u00adw\u0105 edu\u00adka\u00adcj\u0119 w pe\u0142\u00adnym wymia\u00adrze godzin<\/strong><br>(zwy\u00adkle ozna\u00adcza to 9 lub 10 lat szko\u00ad\u0142y, w zale\u017c\u00adno\u00ad\u015bci od sta\u00adnu)<br><br><strong>Czas trwa\u00adnia<\/strong><br>FSJ lub F\u00d6J trwa zazwy\u00adczaj 12 mie\u00adsi\u0119\u00adcy, przy czym mini\u00admal\u00adny czas trwa\u00adnia wyno\u00adsi 6 mie\u00adsi\u0119\u00adcy, a mak\u00adsy\u00admal\u00adny 18 mie\u00adsi\u0119\u00adcy w pe\u0142\u00adnym wymia\u00adrze godzin. W wyj\u0105t\u00adko\u00adwych przy\u00adpad\u00adkach FSJ i F\u00d6J mog\u0105 zosta\u0107 prze\u00add\u0142u\u00ad\u017co\u00adne do 24 mie\u00adsi\u0119\u00adcy. <br><br>Wi\u0119\u00adcej infor\u00adma\u00adcji na temat tych us\u0142ug wolon\u00adta\u00adriac\u00adkich mo\u017c\u00adna zna\u00adle\u017a\u0107 w <a href=\"https:\/\/www.jugendfreiwilligendienste.de\/\" rel=\"noopener\">Fede\u00adral\u00adnym Mini\u00adster\u00adstwie ds. Rodzi\u00adny, Senio\u00adr\u00f3w, Kobiet i M\u0142o\u00addzie\u00ad\u017cy (BMFSFJ)<\/a>.<\/p>\n<\/div><\/div><\/div>\n<\/details>\n\n<details class=\"wp-block-stackable-accordion stk-block-accordion stk-inner-blocks stk-block-content stk-block stk-0187157 is-style-default\" data-block-id=\"0187157\">\n<summary class=\"wp-block-stackable-column stk-block-column stk-column stk-block stk-4e6808d stk--container-small stk-block-accordion__heading\" data-v=\"4\" data-block-id=\"4e6808d\"><style>.stk-4e6808d-container{background-color:#ffffff !important;}.stk-4e6808d-container:before{background-color:#ffffff !important;}<\/style><div class=\"stk-column-wrapper stk-block-column__content stk-container stk-4e6808d-container stk-hover-parent\"><div class=\"stk-block-content stk-inner-blocks stk-4e6808d-inner-blocks\">\n<div class=\"wp-block-stackable-icon-label stk-block-icon-label stk-block stk-9ca8a8c\" data-block-id=\"9ca8a8c\"><div class=\"stk-row stk-inner-blocks stk-block-content\">\n<div class=\"wp-block-stackable-heading stk-block-heading stk-block-heading--v2 stk-block stk-4d48bea\" id=\"voluntary-service-abroad\" data-block-id=\"4d48bea\"><h4 class=\"stk-block-heading__text\">Wolon\u00adta\u00adriat za granic\u0105<\/h4><\/div>\n\n\n\n<div class=\"wp-block-stackable-icon stk-block-icon stk-block stk-9194d88\" data-block-id=\"9194d88\"><span class=\"stk--svg-wrapper\"><div class=\"stk--inner-svg\"><svg style=\"height:0;width:0\"><defs><linearGradient id=\"linear-gradient-9194d88\" x1=\"0\" x2=\"100%\" y1=\"0\" y2=\"0\"><stop offset=\"0%\" style=\"stop-opacity:1;stop-color:var(--linear-gradient-9194-d-88-color-1)\" \/><stop offset=\"100%\" style=\"stop-opacity:1;stop-color:var(--linear-gradient-9194-d-88-color-2)\" \/><\/linearGradient><\/defs><\/svg><svg data-prefix=\"fas\" data-icon=\"chevron-down\" class=\"svg-inline--fa fa-chevron-down fa-w-14\" viewBox=\"0 0 448 512\" aria-hidden=\"true\" width=\"32\" height=\"32\"><path fill=\"currentColor\" d=\"M207.029 381.476L12.686 187.132c-9.373-9.373-9.373-24.569 0-33.941l22.667-22.667c9.357-9.357 24.522-9.375 33.901-.04L224 284.505l154.745-154.021c9.379-9.335 24.544-9.317 33.901.04l22.667 22.667c9.373 9.373 9.373 24.569 0 33.941L240.971 381.476c-9.373 9.372-24.569 9.372-33.942 0z\" \/><\/svg><\/div><\/span><\/div>\n<\/div><\/div>\n<\/div><\/div><\/summary>\n\n\n\n<div class=\"wp-block-stackable-column stk-block-column stk-column stk-block stk-1f6101b stk-block-accordion__content\" data-v=\"4\" data-block-id=\"1f6101b\"><div class=\"stk-column-wrapper stk-block-column__content stk-container stk-1f6101b-container stk--no-background stk--no-padding\"><div class=\"stk-block-content stk-inner-blocks stk-1f6101b-inner-blocks\">\n<div class=\"wp-block-stackable-text stk-block-text stk-block stk-4d9a5b7\" data-block-id=\"4d9a5b7\"><p class=\"stk-block-text__text\">Egza\u00admi\u00adny FSJ i F\u00d6J mo\u017c\u00adna r\u00f3w\u00adnie\u017c zda\u00adwa\u0107 w innych kra\u00adjach. BMFSFJ <a href=\"https:\/\/www.jugendfreiwilligendienste.de\/resource\/blob\/206620\/ec2b7432dd24ec39bae5beae233a27ed\/anlaufstellen-fsj-foej-data.pdf\" rel=\"noopener\">zebra\u00ad\u0142o adre\u00adsy orga\u00adni\u00adza\u00adcji i sto\u00adwa\u00adrzy\u00adsze\u0144<\/a>, kt\u00f3\u00adre ofe\u00adru\u00adj\u0105 FSJ lub F\u00d6J za granic\u0105&nbsp;<\/p><\/div>\n\n\n\n<p>Inne us\u0142u\u00adgi wolon\u00adta\u00adriac\u00adkie, kt\u00f3\u00adre mo\u017c\u00adna <strong>wyko\u00adny\u00adwa\u0107 tyl\u00adko za gra\u00adni\u00adc\u0105 <\/strong>, to:<br><a href=\"https:\/\/www.kulturweit.de\/\" rel=\"noopener\">Kul\u00adtur\u00adwe\u00adit<\/a><br><a href=\"https:\/\/www.weltwaerts.de\/de\/\" rel=\"noopener\">Weltw\u00e4rts<\/a><br><a href=\"https:\/\/ich-will-efd.de\/\" rel=\"noopener\">Wolon\u00adta\u00adriat Euro\u00adpej\u00adski (EVS)<\/a><br><a href=\"https:\/\/youth.europa.eu\/solidarity_de\" rel=\"noopener\">Euro\u00adpej\u00adski Kor\u00adpus Soli\u00addar\u00adno\u00ad\u015bci<\/a><br><a href=\"https:\/\/www.ijfd-info.de\/startseite\" rel=\"noopener\">Mi\u0119\u00addzy\u00adna\u00adro\u00addo\u00adwy Wolon\u00adta\u00adriat M\u0142o\u00addzie\u00ad\u017co\u00adwy (IJFD)<\/a><br><a href=\"https:\/\/www.rausvonzuhaus.de\/auswahl\/programm\/internationaler-jugendfreiwilligendienst\" rel=\"noopener\">S\u0142u\u017c\u00adby poko\u00adjo\u00adwe i ko\u015bciel\u00adne za granic\u0105<\/a><\/p>\n\n\n\n<p>Je\u015bli chcesz odby\u0107 tyl\u00adko cz\u0119\u015b\u0107 wolon\u00adta\u00adria\u00adtu za gra\u00adni\u00adc\u0105, <strong>po\u0142\u0105\u00adczo\u00adny wolon\u00adta\u00adriat m\u0142o\u00addzie\u00ad\u017co\u00adwy mo\u017ce by\u0107 dla Cie\u00adbie odpo\u00adwied\u00adni\u0105 opcj\u0105<\/strong>. Cz\u0119\u015b\u0107 wolon\u00adta\u00adria\u00adtu odby\u00adwa si\u0119 za gra\u00adni\u00adc\u0105, a dru\u00adga cz\u0119\u015b\u0107 w Niemczech.&nbsp;<\/p>\n<\/div><\/div><\/div>\n<\/details>\n\n<details class=\"wp-block-stackable-accordion stk-block-accordion stk-inner-blocks stk-block-content stk-block stk-e64a7c9 is-style-default\" data-block-id=\"e64a7c9\">\n<summary class=\"wp-block-stackable-column stk-block-column stk-column stk-block stk-41665f9 stk--container-small stk-block-accordion__heading\" data-v=\"4\" data-block-id=\"41665f9\"><style>.stk-41665f9-container{background-color:#ffffff !important;}.stk-41665f9-container:before{background-color:#ffffff !important;}<\/style><div class=\"stk-column-wrapper stk-block-column__content stk-container stk-41665f9-container stk-hover-parent\"><div class=\"stk-block-content stk-inner-blocks stk-41665f9-inner-blocks\">\n<div class=\"wp-block-stackable-icon-label stk-block-icon-label stk-block stk-c1deff9\" data-block-id=\"c1deff9\"><div class=\"stk-row stk-inner-blocks stk-block-content\">\n<div class=\"wp-block-stackable-heading stk-block-heading stk-block-heading--v2 stk-block stk-08762fe\" id=\"strong-b-strong-federal-voluntary-service\" data-block-id=\"08762fe\"><h4 class=\"stk-block-heading__text\">Wolon\u00adta\u00adriat federalny&nbsp;<\/h4><\/div>\n\n\n\n<div class=\"wp-block-stackable-icon stk-block-icon stk-block stk-7d69927\" data-block-id=\"7d69927\"><span class=\"stk--svg-wrapper\"><div class=\"stk--inner-svg\"><svg style=\"height:0;width:0\"><defs><linearGradient id=\"linear-gradient-7d69927\" x1=\"0\" x2=\"100%\" y1=\"0\" y2=\"0\"><stop offset=\"0%\" style=\"stop-opacity:1;stop-color:var(--linear-gradient-7-d-69927-color-1)\" \/><stop offset=\"100%\" style=\"stop-opacity:1;stop-color:var(--linear-gradient-7-d-69927-color-2)\" \/><\/linearGradient><\/defs><\/svg><svg data-prefix=\"fas\" data-icon=\"chevron-down\" class=\"svg-inline--fa fa-chevron-down fa-w-14\" viewBox=\"0 0 448 512\" aria-hidden=\"true\" width=\"32\" height=\"32\"><path fill=\"currentColor\" d=\"M207.029 381.476L12.686 187.132c-9.373-9.373-9.373-24.569 0-33.941l22.667-22.667c9.357-9.357 24.522-9.375 33.901-.04L224 284.505l154.745-154.021c9.379-9.335 24.544-9.317 33.901.04l22.667 22.667c9.373 9.373 9.373 24.569 0 33.941L240.971 381.476c-9.373 9.372-24.569 9.372-33.942 0z\" \/><\/svg><\/div><\/span><\/div>\n<\/div><\/div>\n<\/div><\/div><\/summary>\n\n\n\n<div class=\"wp-block-stackable-column stk-block-column stk-column stk-block stk-e5dcf91 stk-block-accordion__content\" data-v=\"4\" data-block-id=\"e5dcf91\"><div class=\"stk-column-wrapper stk-block-column__content stk-container stk-e5dcf91-container stk--no-background stk--no-padding\"><div class=\"stk-block-content stk-inner-blocks stk-e5dcf91-inner-blocks\">\n<div class=\"wp-block-stackable-text stk-block-text stk-block stk-6e85047\" data-block-id=\"6e85047\"><p class=\"stk-block-text__text\">Je\u015bli chcesz zosta\u0107 wolon\u00adta\u00adriu\u00adszem na rzecz innych, mo\u017cesz r\u00f3w\u00adnie\u017c uko\u0144\u00adczy\u0107 BFD. Wi\u0105\u00ad\u017ce si\u0119 to z pra\u00adc\u0105 w podob\u00adnych obsza\u00adrach jak FSJ lub F\u00d6J. Jed\u00adnak wiek nie odgry\u00adwa roli w BFD i <strong>mo\u017cesz wyko\u00adny\u00adwa\u0107 t\u0119 us\u0142u\u00adg\u0119 kil\u00adka razy<\/strong>.  <br><br><strong>Wyma\u00adga\u00adnia<\/strong><br>Aby wzi\u0105\u0107 udzia\u0142 w BFD, musisz uko\u0144\u00adczy\u0107 obo\u00adwi\u0105z\u00adko\u00adw\u0105 szko\u00ad\u0142\u0119, w prze\u00adciw\u00adnym razie nie ma <strong>ogra\u00adni\u00adcze\u0144 wie\u00adko\u00adwych<\/strong>.<br><br><strong>Czas trwa\u00adnia<\/strong><br>Co do zasa\u00addy BFD <strong>trwa 12 mie\u00adsi\u0119\u00adcy<\/strong>. Mo\u017c\u00adna go r\u00f3w\u00adnie\u017c skr\u00f3\u00adci\u0107 do 6 mie\u00adsi\u0119\u00adcy lub prze\u00add\u0142u\u00ad\u017cy\u0107 do 18 mie\u00adsi\u0119\u00adcy \u2014 mak\u00adsy\u00admal\u00adnie 24 mie\u00adsi\u0105\u00adce. <br><br>Wi\u0119\u00adcej infor\u00adma\u00adcji mo\u017c\u00adna zna\u00adle\u017a\u0107 na <a href=\"https:\/\/www.bundesfreiwilligendienst.de\/\" rel=\"noopener\">stro\u00adnie Fede\u00adral\u00adnej S\u0142u\u017c\u00adby Wolon\u00adta\u00adria\u00adtu<\/a>.<\/p><\/div>\n<\/div><\/div><\/div>\n<\/details>\n\n<details class=\"wp-block-stackable-accordion stk-block-accordion stk-inner-blocks stk-block-content stk-block stk-8966149 is-style-default\" data-block-id=\"8966149\">\n<summary class=\"wp-block-stackable-column stk-block-column stk-column stk-block stk-7afa0c9 stk--container-small stk-block-accordion__heading\" data-v=\"4\" data-block-id=\"7afa0c9\"><style>.stk-7afa0c9-container{background-color:#ffffff !important;}.stk-7afa0c9-container:before{background-color:#ffffff !important;}<\/style><div class=\"stk-column-wrapper stk-block-column__content stk-container stk-7afa0c9-container stk-hover-parent\"><div class=\"stk-block-content stk-inner-blocks stk-7afa0c9-inner-blocks\">\n<div class=\"wp-block-stackable-icon-label stk-block-icon-label stk-block stk-bd06486\" data-block-id=\"bd06486\"><div class=\"stk-row stk-inner-blocks stk-block-content\">\n<div class=\"wp-block-stackable-heading stk-block-heading stk-block-heading--v2 stk-block stk-fd6dc91\" id=\"strong-fw-strong-voluntary-military-service\" data-block-id=\"fd6dc91\"><h4 class=\"stk-block-heading__text\">Dobro\u00adwol\u00adna s\u0142u\u017c\u00adba wojskowa&nbsp;<\/h4><\/div>\n\n\n\n<div class=\"wp-block-stackable-icon stk-block-icon stk-block stk-d13f842\" data-block-id=\"d13f842\"><span class=\"stk--svg-wrapper\"><div class=\"stk--inner-svg\"><svg style=\"height:0;width:0\"><defs><linearGradient id=\"linear-gradient-d13f842\" x1=\"0\" x2=\"100%\" y1=\"0\" y2=\"0\"><stop offset=\"0%\" style=\"stop-opacity:1;stop-color:var(--linear-gradient-d-13-f-842-color-1)\" \/><stop offset=\"100%\" style=\"stop-opacity:1;stop-color:var(--linear-gradient-d-13-f-842-color-2)\" \/><\/linearGradient><\/defs><\/svg><svg data-prefix=\"fas\" data-icon=\"chevron-down\" class=\"svg-inline--fa fa-chevron-down fa-w-14\" viewBox=\"0 0 448 512\" aria-hidden=\"true\" width=\"32\" height=\"32\"><path fill=\"currentColor\" d=\"M207.029 381.476L12.686 187.132c-9.373-9.373-9.373-24.569 0-33.941l22.667-22.667c9.357-9.357 24.522-9.375 33.901-.04L224 284.505l154.745-154.021c9.379-9.335 24.544-9.317 33.901.04l22.667 22.667c9.373 9.373 9.373 24.569 0 33.941L240.971 381.476c-9.373 9.372-24.569 9.372-33.942 0z\" \/><\/svg><\/div><\/span><\/div>\n<\/div><\/div>\n<\/div><\/div><\/summary>\n\n\n\n<div class=\"wp-block-stackable-column stk-block-column stk-column stk-block stk-92ea38c stk-block-accordion__content\" data-v=\"4\" data-block-id=\"92ea38c\"><div class=\"stk-column-wrapper stk-block-column__content stk-container stk-92ea38c-container stk--no-background stk--no-padding\"><div class=\"stk-block-content stk-inner-blocks stk-92ea38c-inner-blocks\">\n<div class=\"wp-block-stackable-text stk-block-text stk-block stk-096d791\" data-block-id=\"096d791\"><p class=\"stk-block-text__text\">Je\u015bli roz\u00adwa\u00ad\u017casz karie\u00adr\u0119 w Bun\u00adde\u00adsweh\u00adrze, mo\u017cesz r\u00f3w\u00adnie\u017c odby\u0107 tam s\u0142u\u017c\u00adb\u0119 ochot\u00adni\u00adcz\u0105. Pozwo\u00adli ci to pozna\u0107 pra\u00adc\u0119 si\u0142 zbroj\u00adnych. <br><br><strong>Wyma\u00adga\u00adnia wst\u0119p\u00adne<\/strong><br>Je\u015bli jeste\u015b zain\u00adte\u00adre\u00adso\u00adwa\u00adny ochot\u00adni\u00adcz\u0105 s\u0142u\u017c\u00adb\u0105 woj\u00adsko\u00adw\u0105, musisz by\u0107 <strong>oby\u00adwa\u00adte\u00adlem Nie\u00admiec<\/strong>. Musisz tak\u00ad\u017ce uko\u0144\u00adczy\u0107 obo\u00adwi\u0105z\u00adko\u00adw\u0105 szko\u00ad\u0142\u0119 i mie\u0107 <strong>co naj\u00admniej 17 lat<\/strong>. Je\u015bli nie osi\u0105\u00adgn\u0105\u00ad\u0142e\u015b pe\u0142\u00adno\u00adlet\u00adno\u00ad\u015bci na eta\u00adpie sk\u0142a\u00adda\u00adnia wnio\u00adsku, b\u0119dziesz potrze\u00adbo\u00adwa\u0107 zgo\u00addy rodzi\u00adc\u00f3w.  <br><br><strong>Czas trwa\u00adnia<\/strong><br>FWD trwa do <strong>23 mie\u00adsi\u0119\u00adcy<\/strong>. Pierw\u00adsze 6 mie\u00adsi\u0119\u00adcy liczy si\u0119 jako okres pr\u00f3b\u00adny, nie\u00adza\u00adle\u017c\u00adnie od ca\u0142\u00adko\u00adwi\u00adte\u00adgo cza\u00adsu trwa\u00adnia. Od 12 mie\u00adsi\u0105\u00adca ocze\u00adku\u00adje si\u0119, \u017ce b\u0119dziesz bra\u0142 udzia\u0142 w zada\u00adniach za gra\u00adni\u00adc\u0105 i b\u0119dziesz przy\u00adgo\u00adto\u00adwa\u00adny do prze\u00adnie\u00adsie\u00adnia w ca\u0142ych Niem\u00adczech.  <br><br><strong>P\u0142at\u00adno\u015b\u0107<\/strong><br>Za t\u0119 dobro\u00adwol\u00adn\u0105 s\u0142u\u017c\u00adb\u0119 otrzy\u00admasz \u017co\u0142d woj\u00adsko\u00adwy. Ist\u00adnie\u00adje r\u00f3w\u00adnie\u017c <strong>doda\u00adtek za s\u0142u\u017c\u00adb\u0119 wojs <\/strong>kow\u0105 i <strong>doda\u00adtek za zwol\u00adnie\u00adnie ze <\/strong> <strong>s\u0142u\u017c\u00adby <\/strong>. Pokry\u00adwa\u00adne s\u0105 sk\u0142ad\u00adki na ubez\u00adpie\u00adcze\u00adnie spo\u00ad\u0142ecz\u00adne. <br><br>Wi\u0119\u00adcej infor\u00adma\u00adcji na temat sk\u0142a\u00adda\u00adnia wnio\u00adsk\u00f3w mo\u017c\u00adna zna\u00adle\u017a\u0107 na <a href=\"https:\/\/www.bundeswehrkarriere.de\/entdecker\" rel=\"noopener\">stro\u00adnie Bun\u00adde\u00adsweh\u00adry po\u015bwi\u0119\u00adco\u00adnej ochot\u00adni\u00adczej s\u0142u\u017c\u00adbie wojskowej.<\/a><\/p><\/div>\n<\/div><\/div><\/div>\n<\/details>\n\n<h3 class=\"wp-block-heading\">P\u0142at\u00adno\u00ad\u015bci i korzy\u015bci<\/h3>\n\n<p>W wie\u00adlu pro\u00adgra\u00admach (FSJ, F\u00d6J, BFD) otrzymasz:<\/p>\n\n<ul class=\"wp-block-list\">\n<li>Legi\u00adty\u00adma\u00adcja <strong>wolon\u00adta\u00adriu\u00adsza<\/strong> upraw\u00adnia\u00adj\u0105\u00adca do zni\u00ad\u017cek (np. w trans\u00adpor\u00adcie publicznym)<\/li>\n\n\n\n<li><strong>Kie\u00adszon\u00adko\u00adwe<\/strong> \u2014 na przy\u00adk\u0142ad do <strong>402 euro mie\u00adsi\u0119cz\u00adnie<\/strong> w&nbsp;BFD<\/li>\n\n\n\n<li>Mo\u017c\u00adli\u00adwe dodat\u00adko\u00adwe korzy\u00ad\u015bci, takie&nbsp;jak&nbsp;<ul class=\"wp-block-list\">\n<li><strong>Bez\u00adp\u0142at\u00adne zakwa\u00adte\u00adro\u00adwa\u00adnie lub posi\u0142ki<\/strong><\/li>\n\n\n\n<li><strong>Odzie\u017c robo\u00adcza<\/strong><\/li>\n<\/ul>\n<\/li>\n\n\n\n<li>Obej\u00admu\u00adje <strong>sk\u0142ad\u00adki na ubez\u00adpie\u00adcze\u00adnie spo\u00ad\u0142ecz\u00adne<\/strong> (zdro\u00adwot\u00adne, od bez\u00adro\u00adbo\u00adcia, eme\u00adry\u00adtal\u00adne&nbsp;itp.).<\/li>\n\n\n\n<li>Twoi <strong>rodzi\u00adce nadal otrzy\u00admu\u00adj\u0105 zasi\u00ad\u0142ek rodzin\u00adny<\/strong>, gdy jeste\u015b w s\u0142u\u017cbie<\/li>\n<\/ul>\n\n<h3 class=\"wp-block-heading\">\ud83d\udcdd Jak z\u0142o\u00ad\u017cy\u0107 wniosek<\/h3>\n\n<p>Skon\u00adtak\u00adtuj si\u0119 bez\u00adpo\u00ad\u015bred\u00adnio z orga\u00adni\u00adza\u00adcj\u0105 lub dostaw\u00adc\u0105 pro\u00adgra\u00admu, aby dowie\u00addzie\u0107 si\u0119 <strong>, jakie doku\u00admen\u00adty<\/strong> s\u0105 wyma\u00adga\u00adne. Zazwy\u00adczaj wyma\u00adga\u00adne&nbsp;s\u0105:&nbsp;<\/p>\n\n<ul class=\"wp-block-list\">\n<li><strong>CV (\u017cycio\u00adrys)<\/strong><\/li>\n\n\n\n<li><strong>List moty\u00adwa\u00adcyj\u00adny<\/strong> wyja\u00ad\u015bnia\u00adj\u0105\u00adcy, dla\u00adcze\u00adgo chcesz do\u0142\u0105\u00adczy\u0107 do programu<\/li>\n<\/ul>\n\n<p>\ud83d\udcc5 <strong>Ter\u00admi\u00adny r\u00f3\u017c\u00adni\u0105 si\u0119<\/strong> w zale\u017c\u00adno\u00ad\u015bci od pro\u00adgra\u00admu. Naj\u00adle\u00adpiej <strong>apli\u00adko\u00adwa\u0107 z rocz\u00adnym wyprzedz<\/strong> eniem \u2014 pla\u00adnuj z wyprzedzeniem!&nbsp;<\/p>\n","protected":false},"excerpt":{"rendered":"<p>Wolon\u00adta\u00adriat pozwa\u00adla wspie\u00adra\u0107 innych i jed\u00adno\u00adcze\u00ad\u015bnie zdo\u00adby\u00adwa\u0107 pierw\u00adsze do\u015bwiad\u00adcze\u00adnie zawo\u00addo\u00adwe. Oto, co musisz wie\u00addzie\u0107: korzy\u00ad\u015bci, r\u00f3\u017c\u00adne rodza\u00adje dost\u0119p\u00adnych us\u0142ug, jakie zada\u00adnia b\u0119dziesz wyko\u00adny\u00adwa\u0107, jakie wyna\u00adgro\u00addze\u00adnie mo\u017cesz otrzy\u00adma\u0107 i jak si\u0119&nbsp;<a class=\"moretag\" href=\"https:\/\/www.anika-net.de\/pl\/wolontariat-w-niemczech\/\">czy\u00adtaj wi\u0119cej<\/a><\/p>\n","protected":false},"author":1,"featured_media":0,"parent":0,"menu_order":0,"comment_status":"closed","ping_status":"closed","template":"","meta":{"_acf_changed":false,"inline_featured_image":false,"_uag_custom_page_level_css":"","wp_typography_post_enhancements_disabled":false,"footnotes":""},"class_list":["post-63571","page","type-page","status-publish","hentry"],"acf":[],"featured_image_urls_v2":{"full":"","thumbnail":"","medium":"","medium_large":"","large":"","1536x1536":"","2048x2048":"","event-overview":"","event-archive-thumb":"","grid-item-thumbnail":"","network-partner-icon":"","organiser-icon":"","gform-image-choice-sm":"","gform-image-choice-md":"","gform-image-choice-lg":""},"post_excerpt_stackable_v2":"<p>Wolon\u00adta\u00adriat pozwa\u00adla wspie\u00adra\u0107 innych i jed\u00adno\u00adcze\u00ad\u015bnie zdo\u00adby\u00adwa\u0107 pierw\u00adsze do\u015bwiad\u00adcze\u00adnie zawo\u00addo\u00adwe. Oto, co musisz wie\u00addzie\u0107: korzy\u00ad\u015bci, r\u00f3\u017c\u00adne rodza\u00adje dost\u0119p\u00adnych us\u0142ug, jakie zada\u00adnia b\u0119dziesz wyko\u00adny\u00adwa\u0107, jakie wyna\u00adgro\u00addze\u00adnie mo\u017cesz otrzy\u00adma\u0107 i jak si\u0119 zg\u0142o\u00adsi\u0107.&nbsp; Zr\u00f3b co\u015b zna\u00adcz\u0105\u00adce\u00adgo dla innych Nie\u00adza\u00adle\u017c\u00adnie od tego, czy cho\u00addzi o stra\u017c po\u017car\u00adn\u0105, klu\u00adby spor\u00adto\u00adwe czy orga\u00adni\u00adza\u00adcje zaj\u00admu\u00adj\u0105\u00adce si\u0119 ochro\u00adn\u0105 \u015bro\u00addo\u00adwi\u00adska \u2014 wie\u00adle obsza\u00adr\u00f3w spo\u00ad\u0142e\u00adcze\u0144\u00adstwa funk\u00adcjo\u00adnu\u00adje tyl\u00adko dzi\u0119\u00adki ludziom po\u015bwi\u0119\u00adca\u00adj\u0105\u00adcym sw\u00f3j czas na wolon\u00adta\u00adriat. Je\u015bli chcesz dobrze wyko\u00adrzy\u00adsta\u0107 czas przed roz\u00adpo\u00adcz\u0119\u00adciem pro\u00adgra\u00admu szko\u00adle\u00adnio\u00adwe\u00adgo lub stu\u00addi\u00f3w, mo\u017cesz odby\u0107 wolon\u00adta\u00adriat w r\u00f3\u017c\u00adnych insty\u00adtu\u00adcjach, pro\u00adjek\u00adtach lub orga\u00adni\u00adza\u00adcjach. B\u0119dziesz wspie\u00adra\u0107 pro\u00adfe\u00adsjo\u00adna\u00adli\u00adst\u00f3w w ich codzien\u00adnych zada\u00adniach. Na przy\u00adk\u0142ad wolon\u00adta\u00adriu\u00adsze zaj\u00admu\u00adj\u0105\u00adcy si\u0119 opie\u00adk\u0105 nad osobami\u2026<\/p>\n","category_list_v2":"","author_info_v2":{"name":"saasweb-admin","url":"https:\/\/www.anika-net.de\/pl\/author\/saasweb-admin\/"},"comments_num_v2":"0 comments","uagb_featured_image_src":{"full":false,"thumbnail":false,"medium":false,"medium_large":false,"large":false,"1536x1536":false,"2048x2048":false,"event-overview":false,"event-archive-thumb":false,"grid-item-thumbnail":false,"network-partner-icon":false,"organiser-icon":false,"gform-image-choice-sm":false,"gform-image-choice-md":false,"gform-image-choice-lg":false},"uagb_author_info":{"display_name":"saasweb-admin","author_link":"https:\/\/www.anika-net.de\/pl\/author\/saasweb-admin\/"},"uagb_comment_info":0,"uagb_excerpt":"Wolon\u00adta\u00adriat pozwa\u00adla wspie\u00adra\u0107 innych i jed\u00adno\u00adcze\u00ad\u015bnie zdo\u00adby\u00adwa\u0107 pierw\u00adsze do\u015bwiad\u00adcze\u00adnie zawo\u00addo\u00adwe. Oto, co musisz wie\u00addzie\u0107: korzy\u00ad\u015bci, r\u00f3\u017c\u00adne rodza\u00adje dost\u0119p\u00adnych us\u0142ug, jakie zada\u00adnia b\u0119dziesz wyko\u00adny\u00adwa\u0107, jakie wyna\u00adgro\u00addze\u00adnie mo\u017cesz otrzy\u00adma\u0107 i jak si\u0119&nbsp;czytaj wi\u0119cej","_links":{"self":[{"href":"https:\/\/www.anika-net.de\/pl\/wp-json\/wp\/v2\/pages\/63571","targetHints":{"allow":["GET"]}}],"collection":[{"href":"https:\/\/www.anika-net.de\/pl\/wp-json\/wp\/v2\/pages"}],"about":[{"href":"https:\/\/www.anika-net.de\/pl\/wp-json\/wp\/v2\/types\/page"}],"author":[{"embeddable":true,"href":"https:\/\/www.anika-net.de\/pl\/wp-json\/wp\/v2\/users\/1"}],"replies":[{"embeddable":true,"href":"https:\/\/www.anika-net.de\/pl\/wp-json\/wp\/v2\/comments?post=63571"}],"version-history":[{"count":1,"href":"https:\/\/www.anika-net.de\/pl\/wp-json\/wp\/v2\/pages\/63571\/revisions"}],"predecessor-version":[{"id":63572,"href":"https:\/\/www.anika-net.de\/pl\/wp-json\/wp\/v2\/pages\/63571\/revisions\/63572"}],"wp:attachment":[{"href":"https:\/\/www.anika-net.de\/pl\/wp-json\/wp\/v2\/media?parent=63571"}],"curies":[{"name":"wp","href":"https:\/\/api.w.org\/{rel}","templated":true}]}}