{"id":60592,"date":"2025-04-16T14:05:05","date_gmt":"2025-04-16T12:05:05","guid":{"rendered":"https:\/\/www.anika-net.de\/uslugi-dla-rodzin-z-dziecmi\/"},"modified":"2025-05-26T11:12:06","modified_gmt":"2025-05-26T09:12:06","slug":"uslugi-dla-rodzin-z-dziecmi","status":"publish","type":"page","link":"https:\/\/www.anika-net.de\/pl\/pierwsze-kroki\/dzieci-i-rodzina\/uslugi-dla-rodzin-z-dziecmi\/","title":{"rendered":"Korzy\u00ad\u015bci dla rodzin z dzie\u0107mi"},"content":{"rendered":"\n<p>Rodzi\u00adny z dzie\u0107\u00admi potrze\u00adbu\u00adj\u0105 dobrej opie\u00adki nad dzie\u0107\u00admi i mo\u017c\u00adli\u00adwo\u00ad\u015bci \u0142\u0105cze\u00adnia \u017cycia rodzin\u00adne\u00adgo z karie\u00adr\u0105 zawo\u00addo\u00adw\u0105, a tak\u00ad\u017ce wspar\u00adcia finan\u00adso\u00adwe\u00adgo. Aby odci\u0105\u00ad\u017cy\u0107 i wes\u00adprze\u0107 rodzi\u00adn\u0119 finan\u00adso\u00adwo, dost\u0119p\u00adne s\u0105 r\u00f3\u017c\u00adne \u015bwiadczenia.&nbsp;<\/p>\n\n<p>Tutaj znaj\u00addziesz prze\u00adgl\u0105d \u015bwiad\u00adcze\u0144 dost\u0119p\u00adnych dla rodzin z dzie\u0107\u00admi w Karlsruhe.<\/p>\n\n<details class=\"wp-block-stackable-accordion stk-block-accordion stk-inner-blocks stk-block-content stk-block stk-5203917 is-style-default\" data-block-id=\"5203917\">\n<summary class=\"wp-block-stackable-column stk-block-column stk-column stk-block stk-68b61e2 stk--container-small stk-block-accordion__heading\" data-v=\"4\" data-block-id=\"68b61e2\"><div class=\"stk-column-wrapper stk-block-column__content stk-container stk-68b61e2-container stk-hover-parent\"><div class=\"stk-block-content stk-inner-blocks stk-68b61e2-inner-blocks\">\n<div class=\"wp-block-stackable-icon-label stk-block-icon-label stk-block stk-a05511f\" data-block-id=\"a05511f\"><div class=\"stk-row stk-inner-blocks stk-block-content\">\n<div class=\"wp-block-stackable-heading stk-block-heading stk-block-heading--v2 stk-block stk-5c0203e\" id=\"span-style-color-10967-f-class-stk-highlight-child-benefit-span\" data-block-id=\"5c0203e\"><style>.stk-5c0203e .stk-block-heading__text{font-family:system-ui, sans-serif !important;}<\/style><h4 class=\"stk-block-heading__text\"><span style=\"color: #10967f;\" class=\"stk-highlight\">\u015aWIADCZENIE NA DZIECKO<\/span><\/h4><\/div>\n\n\n\n<div class=\"wp-block-stackable-icon stk-block-icon stk-block stk-20810a5\" data-block-id=\"20810a5\"><span class=\"stk--svg-wrapper\"><div class=\"stk--inner-svg\"><svg style=\"height:0;width:0\"><defs><linearGradient id=\"linear-gradient-20810a5\" x1=\"0\" x2=\"100%\" y1=\"0\" y2=\"0\"><stop offset=\"0%\" style=\"stop-opacity:1;stop-color:var(--linear-gradient-20810-a-5-color-1)\" \/><stop offset=\"100%\" style=\"stop-opacity:1;stop-color:var(--linear-gradient-20810-a-5-color-2)\" \/><\/linearGradient><\/defs><\/svg><svg data-prefix=\"fas\" data-icon=\"chevron-down\" class=\"svg-inline--fa fa-chevron-down fa-w-14\" viewBox=\"0 0 448 512\" aria-hidden=\"true\" width=\"32\" height=\"32\"><path fill=\"currentColor\" d=\"M207.029 381.476L12.686 187.132c-9.373-9.373-9.373-24.569 0-33.941l22.667-22.667c9.357-9.357 24.522-9.375 33.901-.04L224 284.505l154.745-154.021c9.379-9.335 24.544-9.317 33.901.04l22.667 22.667c9.373 9.373 9.373 24.569 0 33.941L240.971 381.476c-9.373 9.372-24.569 9.372-33.942 0z\" \/><\/svg><\/div><\/span><\/div>\n<\/div><\/div>\n<\/div><\/div><\/summary>\n\n\n\n<div class=\"wp-block-stackable-column stk-block-column stk-column stk-block stk-b236af7 stk-block-accordion__content\" data-v=\"4\" data-block-id=\"b236af7\"><div class=\"stk-column-wrapper stk-block-column__content stk-container stk-b236af7-container stk--no-background stk--no-padding\"><div class=\"stk-block-content stk-inner-blocks stk-b236af7-inner-blocks\">\n<div class=\"wp-block-stackable-text stk-block-text stk-block stk-eb8bd83\" data-block-id=\"eb8bd83\"><p class=\"stk-block-text__text\">Wszy\u00adscy rodzi\u00adce z dzie\u0107\u00admi, kt\u00f3\u00adrzy miesz\u00adka\u00adj\u0105 na sta\u00ad\u0142e w Niem\u00adczech, maj\u0105 pra\u00adwo do zasi\u0142\u00adku rodzin\u00adne\u00adgo.<br>Otrzy\u00admu\u00adjesz <strong>255 euro<\/strong> zasi\u0142\u00adku rodzin\u00adne\u00adgo mie\u00adsi\u0119cz\u00adnie na dziec\u00adko.<br>Zasi\u00ad\u0142ek rodzin\u00adny jest wyp\u0142a\u00adca\u00adny <strong>do uko\u0144\u00adcze\u00adnia przez dziec\u00adko 18 roku \u017cycia <\/strong>lub je\u015bli dziec\u00adko <strong>uczy si\u0119, stu\u00addiu\u00adje lub pra\u00adcu\u00adje jako wolon\u00adta\u00adriusz do uko\u0144\u00adcze\u00adnia 25 roku \u017cycia<\/strong>.<br>Wnio\u00adsek o zasi\u00ad\u0142ek rodzin\u00adny sk\u0142a\u00adda si\u0119 w kasie rodzin\u00adnej<em>(Fami\u00adlien\u00adkas\u00adse<\/em>).<br><br>\ud83c\udf10 <strong><a href=\"https:\/\/www.arbeitsagentur.de\/vor-ort\/familienkasse\/familienkasse-baden-wuerttemberg-west-karlsruhe.html\" rel=\"noopener\">Fami\u00adlien\u00adkas\u00adse Baden-W\u00fcrt\u00adtem\u00adberg West Karls\u00adru\u00adhe<\/a><\/strong><br>\ud83d\udccd Her\u00admann-Veit-Stra\u00ad\u00dfe 6, 76135 Karls\u00adru\u00adhe \u260e 0800 45 555 30  familienkasse-baden-wuerttemberg-west@arbeitsagentur.de<br><br>\ud83d\udce7 <\/p><\/div>\n<\/div><\/div><\/div>\n<\/details>\n\n<div class=\"wp-block-ugb-button ugb-button-wrapper ugb-1b6300f ugb-main-block\"><style>.ugb-1b6300f .ugb-button1 .ugb-button--inner{color:#119c81 !important}.ugb-1b6300f .ugb-button1{border-color:#119c81 !important}.ugb-1b6300f .ugb-button1:hover .ugb-button--inner{color:#119c81 !important}<\/style><div class=\"ugb-inner-block\"><div class=\"ugb-block-content\"><div class=\"ugb-button-container\"><a class=\"ugb-button1 ugb-button ugb-button--size-normal ugb-button--design-ghost\" href=\"https:\/\/www.arbeitsagentur.de\/familie-und-kinder\/infos-rund-um-kindergeld\/kindergeld-anspruch-hoehe-dauer\/kindergeld-antrag-starten\" rel=\"noopener\" title><span class=\"ugb-button--inner\"><strong>Wnio\u00adsek o zasi\u00ad\u0142ek rodzin\u00adny online<\/strong><\/span><\/a><\/div><\/div><\/div><\/div>\n\n<details class=\"wp-block-stackable-accordion stk-block-accordion stk-inner-blocks stk-block-content stk-block stk-fcfa711 is-style-default\" data-block-id=\"fcfa711\">\n<summary class=\"wp-block-stackable-column stk-block-column stk-column stk-block stk-89c0bdb stk--container-small stk-block-accordion__heading\" data-v=\"4\" data-block-id=\"89c0bdb\"><div class=\"stk-column-wrapper stk-block-column__content stk-container stk-89c0bdb-container stk-hover-parent\"><div class=\"stk-block-content stk-inner-blocks stk-89c0bdb-inner-blocks\">\n<div class=\"wp-block-stackable-icon-label stk-block-icon-label stk-block stk-5ce0034\" data-block-id=\"5ce0034\"><div class=\"stk-row stk-inner-blocks stk-block-content\">\n<div class=\"wp-block-stackable-heading stk-block-heading stk-block-heading--v2 stk-block stk-90f1501\" id=\"span-style-color-10967-f-class-stk-highlight-child-benefit-supplement-span\" data-block-id=\"90f1501\"><h4 class=\"stk-block-heading__text\"><span style=\"color: #10967f;\" class=\"stk-highlight\">DODATEK DO ZASI\u0141KU RODZINNEGO<\/span><\/h4><\/div>\n\n\n\n<div class=\"wp-block-stackable-icon stk-block-icon stk-block stk-5c41f1c\" data-block-id=\"5c41f1c\"><span class=\"stk--svg-wrapper\"><div class=\"stk--inner-svg\"><svg style=\"height:0;width:0\"><defs><linearGradient id=\"linear-gradient-5c41f1c\" x1=\"0\" x2=\"100%\" y1=\"0\" y2=\"0\"><stop offset=\"0%\" style=\"stop-opacity:1;stop-color:var(--linear-gradient-5-c-41-f-1-c-color-1)\" \/><stop offset=\"100%\" style=\"stop-opacity:1;stop-color:var(--linear-gradient-5-c-41-f-1-c-color-2)\" \/><\/linearGradient><\/defs><\/svg><svg data-prefix=\"fas\" data-icon=\"chevron-down\" class=\"svg-inline--fa fa-chevron-down fa-w-14\" viewBox=\"0 0 448 512\" aria-hidden=\"true\" width=\"32\" height=\"32\"><path fill=\"currentColor\" d=\"M207.029 381.476L12.686 187.132c-9.373-9.373-9.373-24.569 0-33.941l22.667-22.667c9.357-9.357 24.522-9.375 33.901-.04L224 284.505l154.745-154.021c9.379-9.335 24.544-9.317 33.901.04l22.667 22.667c9.373 9.373 9.373 24.569 0 33.941L240.971 381.476c-9.373 9.372-24.569 9.372-33.942 0z\" \/><\/svg><\/div><\/span><\/div>\n<\/div><\/div>\n<\/div><\/div><\/summary>\n\n\n\n<div class=\"wp-block-stackable-column stk-block-column stk-column stk-block stk-b0f1c45 stk-block-accordion__content\" data-v=\"4\" data-block-id=\"b0f1c45\"><div class=\"stk-column-wrapper stk-block-column__content stk-container stk-b0f1c45-container stk--no-background stk--no-padding\"><div class=\"stk-block-content stk-inner-blocks stk-b0f1c45-inner-blocks\">\n<div class=\"wp-block-stackable-text stk-block-text stk-block stk-3eef997\" data-block-id=\"3eef997\"><p class=\"stk-block-text__text\">Je\u015bli masz niskie docho\u00addy, mo\u017cesz z\u0142o\u00ad\u017cy\u0107 wnio\u00adsek do Fami\u00adlien\u00adkas\u00adse o Kin\u00adde\u00adrzu\u00adschlag (doda\u00adtek do zasi\u0142\u00adku rodzin\u00adne\u00adgo) jako doda\u00adtek do stan\u00addar\u00addo\u00adwe\u00adgo zasi\u0142\u00adku rodzin\u00adne\u00adgo.<br><br><strong>Co przy\u00adnie\u015b\u0107?<\/strong><br>\u2611\ufe0f Legi\u00adty\u00adma\u00adcja lub dow\u00f3d oso\u00adbi\u00adsty<br>\u2611\ufe0f Gebur\u00adtur\u00adkun\u00adde<br>\u2611\ufe0f Wnio\u00adsek o zasi\u00ad\u0142ek rodzin\u00adny i ewen\u00adtu\u00adal\u00adnie \u015bwia\u00addec\u00adtwo szkol\u00adne, za\u015bwiad\u00adcze\u00adnie o szko\u00adle\u00adniu, za\u015bwiad\u00adcze\u00adnie o stu\u00addiach.<br>\u2611\ufe0f Wnio\u00adsek o doda\u00adtek na dziec\u00adko, dow\u00f3d zakwa\u00adte\u00adro\u00adwa\u00adnia i ogrze\u00adwa\u00adnia, doch\u00f3d i maj\u0105\u00adtek, usta\u00adle\u00adnia doty\u00adcz\u0105\u00adce ali\u00admen\u00adt\u00f3w.<br><br>\ud83c\udf10 <strong><a href=\"https:\/\/www.arbeitsagentur.de\/vor-ort\/familienkasse\/familienkasse-baden-wuerttemberg-west-karlsruhe.html\" rel=\"noopener\">Fami\u00adlien\u00adkas\u00adse Baden-W\u00fcrt\u00adtem\u00adberg West Karls\u00adru\u00adhe<\/a><\/strong><br>\ud83d\udccd Her\u00admann-Veit-Stra\u00ad\u00dfe 6, 76135 Karls\u00adru\u00adhe<br>\u260e 0800 45 555 30<br>\ud83d\udce7 familienkasse-baden-wuerttemberg-west@arbeitsagentur.de<\/p><\/div>\n<\/div><\/div><\/div>\n<\/details>\n\n<div class=\"wp-block-ugb-button ugb-button-wrapper ugb-cd7366d ugb-main-block\"><style>.ugb-cd7366d .ugb-button1 .ugb-button--inner{color:#119c81 !important}.ugb-cd7366d .ugb-button1{border-color:#119c81 !important}.ugb-cd7366d .ugb-button1:hover .ugb-button--inner{color:#119c81 !important}<\/style><div class=\"ugb-inner-block\"><div class=\"ugb-block-content\"><div class=\"ugb-button-container\"><a class=\"ugb-button1 ugb-button ugb-button--size-normal ugb-button--design-ghost\" href=\"https:\/\/web.arbeitsagentur.de\/kiz\/ui\/start\" rel=\"noopener\" title><span class=\"ugb-button--inner\"><strong>Z\u0142\u00f3\u017c wnio\u00adsek o doda\u00adtek na dziec\u00adko online<\/strong><\/span><\/a><\/div><\/div><\/div><\/div>\n\n<div class=\"wp-block-stackable-columns stk-block-columns stk-block stk-ceacb89\" data-block-id=\"ceacb89\"><div class=\"stk-row stk-inner-blocks stk-block-content stk-content-align stk-ceacb89-column\">\n<div class=\"wp-block-stackable-column stk-block-column stk-column stk-block stk-9391cf6\" data-v=\"4\" data-block-id=\"9391cf6\"><style>@media screen and (min-width:901px){.stk-9391cf6 {flex:var(--stk-flex-grow, 1) 1 calc(25% - var(--stk-column-gap, 0px) * 1 \/ 2 ) !important;}}<\/style><div class=\"stk-column-wrapper stk-block-column__content stk-container stk-9391cf6-container stk--no-background stk--no-padding\"><div class=\"stk-block-content stk-inner-blocks stk-9391cf6-inner-blocks\">\n<figure class=\"wp-block-image size-full is-resized\"><img decoding=\"async\" src=\"https:\/\/www.anika-net.de\/wp-content\/uploads\/2025\/05\/Kita_bezahlen.svg\" alt class=\"wp-image-61608\" style=\"aspect-ratio:1;width:206px;height:auto\"><\/figure>\n<\/div><\/div><\/div>\n\n\n\n<div class=\"wp-block-stackable-column stk-block-column stk-column stk-block stk-16b7db6\" data-v=\"4\" data-block-id=\"16b7db6\"><style>@media screen and (min-width:901px){.stk-16b7db6 {flex:var(--stk-flex-grow, 1) 1 calc(75% - var(--stk-column-gap, 0px) * 1 \/ 2 ) !important;}}<\/style><div class=\"stk-column-wrapper stk-block-column__content stk-container stk-16b7db6-container stk--no-background stk--no-padding\"><div class=\"stk-block-content stk-inner-blocks stk-16b7db6-inner-blocks\"><\/div><\/div><\/div>\n<\/div><\/div>\n\n<details class=\"wp-block-stackable-accordion stk-block-accordion stk-inner-blocks stk-block-content stk-block stk-3456315 is-style-default\" data-block-id=\"3456315\">\n<summary class=\"wp-block-stackable-column stk-block-column stk-column stk-block stk-9eec8e8 stk--container-small stk-block-accordion__heading\" data-v=\"4\" data-block-id=\"9eec8e8\"><div class=\"stk-column-wrapper stk-block-column__content stk-container stk-9eec8e8-container stk-hover-parent\"><div class=\"stk-block-content stk-inner-blocks stk-9eec8e8-inner-blocks\">\n<div class=\"wp-block-stackable-icon-label stk-block-icon-label stk-block stk-93946fe\" data-block-id=\"93946fe\"><div class=\"stk-row stk-inner-blocks stk-block-content\">\n<div class=\"wp-block-stackable-heading stk-block-heading stk-block-heading--v2 stk-block stk-1fabb59\" id=\"span-style-color-10967-f-class-stk-highlight-subsidy-for-childcare-cost-span\" data-block-id=\"1fabb59\"><h4 class=\"stk-block-heading__text\"><span style=\"color: #10967f;\" class=\"stk-highlight\">DOFINANSOWANIE KOSZT\u00d3W OPIEKI NAD DZIECKIEM<\/span><\/h4><\/div>\n\n\n\n<div class=\"wp-block-stackable-icon stk-block-icon stk-block stk-15c263a\" data-block-id=\"15c263a\"><span class=\"stk--svg-wrapper\"><div class=\"stk--inner-svg\"><svg style=\"height:0;width:0\"><defs><linearGradient id=\"linear-gradient-15c263a\" x1=\"0\" x2=\"100%\" y1=\"0\" y2=\"0\"><stop offset=\"0%\" style=\"stop-opacity:1;stop-color:var(--linear-gradient-15-c-263-a-color-1)\" \/><stop offset=\"100%\" style=\"stop-opacity:1;stop-color:var(--linear-gradient-15-c-263-a-color-2)\" \/><\/linearGradient><\/defs><\/svg><svg data-prefix=\"fas\" data-icon=\"chevron-down\" class=\"svg-inline--fa fa-chevron-down fa-w-14\" viewBox=\"0 0 448 512\" aria-hidden=\"true\" width=\"32\" height=\"32\"><path fill=\"currentColor\" d=\"M207.029 381.476L12.686 187.132c-9.373-9.373-9.373-24.569 0-33.941l22.667-22.667c9.357-9.357 24.522-9.375 33.901-.04L224 284.505l154.745-154.021c9.379-9.335 24.544-9.317 33.901.04l22.667 22.667c9.373 9.373 9.373 24.569 0 33.941L240.971 381.476c-9.373 9.372-24.569 9.372-33.942 0z\" \/><\/svg><\/div><\/span><\/div>\n<\/div><\/div>\n<\/div><\/div><\/summary>\n\n\n\n<div class=\"wp-block-stackable-column stk-block-column stk-column stk-block stk-48e9d82 stk-block-accordion__content\" data-v=\"4\" data-block-id=\"48e9d82\"><div class=\"stk-column-wrapper stk-block-column__content stk-container stk-48e9d82-container stk--no-background stk--no-padding\"><div class=\"stk-block-content stk-inner-blocks stk-48e9d82-inner-blocks\">\n<div class=\"wp-block-stackable-text stk-block-text stk-block stk-2727679\" data-block-id=\"2727679\"><p class=\"stk-block-text__text\">Mia\u00adsto Karls\u00adru\u00adhe ofe\u00adru\u00adje rodzi\u00adnom r\u00f3\u017c\u00adne us\u0142u\u00adgi opie\u00adki nad dzie\u0107\u00admi. Za korzy\u00adsta\u00adnie z tych us\u0142ug pobie\u00adra\u00adne s\u0105 op\u0142a\u00adty. Aby zmniej\u00adszy\u0107 obci\u0105\u00ad\u017ce\u00adnie rodzin wie\u00adlo\u00addziet\u00adnych, Karls\u00adru\u00adhe przy\u00adzna\u00adje zni\u017c\u00adki w op\u0142a\u00adtach lub zwrot op\u0142at za rodze\u0144\u00adstwo.  <br><br>\ud83c\udf10 <strong><a href=\"https:\/\/www.karlsruhe.de\/bildung-soziales\/kinderbetreuung\/gebuehren-fuer-kindertagesbetreuung\" rel=\"noopener\">Stadt Karls\u00adru\u00adhe \u2014 Sozial- und Jugend\u00adbe\u00adh\u00f6r\u00adde<\/a><\/strong><br>Fach\u00adbe\u00adre\u00adich Kin\u00adder\u00adta\u00adges\u00adbe\u00adtreu\u00adung<br>\ud83d\udccd Ernst-Frey-Stra\u00ad\u00dfe 10, 76135 Karls\u00adru\u00adhe<br>\u260e 0721 133 5189<br>\ud83d\udce7 kibe-zuschuss@sjb.karlsruhe.de<\/p><\/div>\n<\/div><\/div><\/div>\n<\/details>\n\n<details class=\"wp-block-stackable-accordion stk-block-accordion stk-inner-blocks stk-block-content stk-block stk-caed5db is-style-default\" data-block-id=\"caed5db\">\n<summary class=\"wp-block-stackable-column stk-block-column stk-column stk-block stk-ed812ad stk--container-small stk-block-accordion__heading\" data-v=\"4\" data-block-id=\"ed812ad\"><div class=\"stk-column-wrapper stk-block-column__content stk-container stk-ed812ad-container stk-hover-parent\"><div class=\"stk-block-content stk-inner-blocks stk-ed812ad-inner-blocks\">\n<div class=\"wp-block-stackable-icon-label stk-block-icon-label stk-block stk-83ce512\" data-block-id=\"83ce512\"><div class=\"stk-row stk-inner-blocks stk-block-content\">\n<div class=\"wp-block-stackable-heading stk-block-heading stk-block-heading--v2 stk-block stk-78f45f3\" id=\"strong-span-style-color-0-b-8274-class-stk-highlight-parental-allowance-span-strong\" data-block-id=\"78f45f3\"><h4 class=\"stk-block-heading__text\"><strong><span style=\"color: #0b8274;\" class=\"stk-highlight\">ZASI\u0141EK RODZICIELSKI<\/span><\/strong><\/h4><\/div>\n\n\n\n<div class=\"wp-block-stackable-icon stk-block-icon stk-block stk-76c2b69\" data-block-id=\"76c2b69\"><span class=\"stk--svg-wrapper\"><div class=\"stk--inner-svg\"><svg style=\"height:0;width:0\"><defs><linearGradient id=\"linear-gradient-76c2b69\" x1=\"0\" x2=\"100%\" y1=\"0\" y2=\"0\"><stop offset=\"0%\" style=\"stop-opacity:1;stop-color:var(--linear-gradient-76-c-2-b-69-color-1)\" \/><stop offset=\"100%\" style=\"stop-opacity:1;stop-color:var(--linear-gradient-76-c-2-b-69-color-2)\" \/><\/linearGradient><\/defs><\/svg><svg data-prefix=\"fas\" data-icon=\"chevron-down\" class=\"svg-inline--fa fa-chevron-down fa-w-14\" viewBox=\"0 0 448 512\" aria-hidden=\"true\" width=\"32\" height=\"32\"><path fill=\"currentColor\" d=\"M207.029 381.476L12.686 187.132c-9.373-9.373-9.373-24.569 0-33.941l22.667-22.667c9.357-9.357 24.522-9.375 33.901-.04L224 284.505l154.745-154.021c9.379-9.335 24.544-9.317 33.901.04l22.667 22.667c9.373 9.373 9.373 24.569 0 33.941L240.971 381.476c-9.373 9.372-24.569 9.372-33.942 0z\" \/><\/svg><\/div><\/span><\/div>\n<\/div><\/div>\n<\/div><\/div><\/summary>\n\n\n\n<div class=\"wp-block-stackable-column stk-block-column stk-column stk-block stk-9919268 stk-block-accordion__content\" data-v=\"4\" data-block-id=\"9919268\"><div class=\"stk-column-wrapper stk-block-column__content stk-container stk-9919268-container stk--no-background stk--no-padding\"><div class=\"stk-block-content stk-inner-blocks stk-9919268-inner-blocks\">\n<div class=\"wp-block-stackable-text stk-block-text stk-block stk-2e16455\" data-block-id=\"2e16455\"><p class=\"stk-block-text__text\"><strong> <\/strong><em>Eltern\u00adgeld<\/em> (zasi\u00ad\u0142ek rodzi\u00adciel\u00adski) przy\u00ads\u0142u\u00adgu\u00adje <strong>mat\u00adkom lub ojcom po uro\u00addze\u00adniu dziec\u00adka<\/strong>.<br>Naj\u00adlep\u00adszym spo\u00adso\u00adbem ubie\u00adga\u00adnia si\u0119 o zasi\u00ad\u0142ek rodzi\u00adciel\u00adski jest z\u0142o\u00ad\u017ce\u00adnie wnio\u00adsku onli\u00adne \u2014 to naj\u00adszyb\u00adszy spo\u00ads\u00f3b.<br>Wnio\u00adsek o zasi\u00ad\u0142ek rodzi\u00adciel\u00adski mo\u017c\u00adna przy\u00adgo\u00adto\u00adwa\u0107 przed poro\u00addem.<br><br>Zasi\u00ad\u0142ek rodzi\u00adciel\u00adski rekom\u00adpen\u00adsu\u00adje brak docho\u00add\u00f3w, je\u015bli rodzi\u00adce chc\u0105 by\u0107 przy dziec\u00adku po uro\u00addze\u00adniu dziec\u00adka i w zwi\u0105z\u00adku z tym prze\u00adry\u00adwa\u00adj\u0105 lub ogra\u00adni\u00adcza\u00adj\u0105 swo\u00adj\u0105&nbsp;prac\u0119.<\/p><\/div>\n\n\n\n<p><strong>Jakich doku\u00admen\u00adt\u00f3w potrze\u00adbu\u00adj\u0119?<\/strong><br>\u2705 Akt uro\u00addze\u00adnia (w ory\u00adgi\u00adna\u00adle)  Dow\u00f3d docho\u00add\u00f3w  Pro\u00adsi\u00admy o kon\u00adtakt tele\u00adfo\u00adnicz\u00adny w celu uzy\u00adska\u00adnia innych potrzeb\u00adnych doku\u00admen\u00adt\u00f3w Ist\u00adnie\u00adj\u0105 r\u00f3\u017c\u00adne rodza\u00adje zasi\u0142\u00adku rodzi\u00adciel\u00adskie\u00adgo:<br>\u2705<br>\u2705<br><br><\/p>\n\n\n\n<h3 class=\"wp-block-heading\">Pod\u00adsta\u00adwo\u00adwy zasi\u00ad\u0142ek rodzi\u00adciel\u00adski \u2014 <em><strong>Basi\u00adsel\u00adtern\u00adgeld<\/strong><\/em><\/h3>\n\n\n\n<ul class=\"wp-block-list\">\n<li>Mo\u017c\u00adli\u00adwe do 12 miesi\u0119cy.<\/li>\n\n\n\n<li>Para mo\u017ce wsp\u00f3l\u00adnie otrzy\u00adma\u0107 do 14 miesi\u0119cy.<\/li>\n\n\n\n<li>Oso\u00adby samot\u00adnie wycho\u00adwu\u00adj\u0105\u00adce dzie\u00adci mog\u0105 r\u00f3w\u00adnie\u017c otrzy\u00adma\u0107 14-mie\u00adsi\u0119cz\u00adny pod\u00adsta\u00adwo\u00adwy zasi\u00ad\u0142ek rodzicielski.<\/li>\n\n\n\n<li>Podziel mie\u00adsi\u0105\u00adce zasi\u0142\u00adku rodzi\u00adciel\u00adskie\u00adgo mi\u0119\u00addzy sie\u00adbie. W przy\u00adpad\u00adku uro\u00addze\u0144 od 01.04.2024 <strong>r <\/strong>, <a href=\"https:\/\/www.l-bank.de\/elterngeld-hilfe\/voraussetzungen_elterngeld.html#e52b9eff-d0c6-47b4-a551-a25c53d54948\" rel=\"noopener\"><strong>jed\u00adno\u00adcze\u00adsne otrzy\u00admy\u00adwa\u00adnie pod\u00adsta\u00adwo\u00adwe\u00adgo zasi\u0142\u00adku rodzi\u00adciel\u00adskie\u00adgo<\/strong><\/a> jest mo\u017c\u00adli\u00adwe tyl\u00adko w jed\u00adnym mie\u00adsi\u0105\u00adcu \u017cycia przed pierw\u00adszy\u00admi uro\u00addzi\u00adna\u00admi dziecka.&nbsp;<\/li>\n\n\n\n<li>Na dzie\u00adci uro\u00addzo\u00adne szcze\u00adg\u00f3l\u00adnie wcze\u00ad\u015bnie od 01.09.2021r <strong>,<\/strong> <a href=\"https:\/\/www.l-bank.de\/elterngeld-hilfe\/voraussetzungen_elterngeld.html#cb3c747b-a7bf-48ad-ae03-c18d0d8e35b2\" rel=\"noopener\"><strong>mo\u017c\u00adna prze\u00add\u0142u\u00ad\u017cy\u0107 otrzy\u00admy\u00adwa\u00adnie pod\u00adsta\u00adwo\u00adwe\u00adgo zasi\u0142\u00adku rodzicielskiego.<\/strong><\/a><\/li>\n<\/ul>\n\n\n\n<h3 class=\"wp-block-heading\">Zasi\u00ad\u0142ek rodzi\u00adciel\u00adski plus \u2014 <strong><em>Eltern\u00adgeld&nbsp;Plus<\/em><\/strong><\/h3>\n\n\n\n<ul class=\"wp-block-list\">\n<li>Zamie\u0144 1 mie\u00adsi\u0105c pod\u00adsta\u00adwo\u00adwe\u00adgo zasi\u0142\u00adku rodzi\u00adciel\u00adskie\u00adgo na 2 mie\u00adsi\u0105\u00adce zasi\u0142\u00adku rodzi\u00adciel\u00adskie\u00adgo Plus.<br>Daje to do 24 mie\u00adsi\u0119\u00adcy zasi\u0142\u00adku rodzi\u00adciel\u00adskie\u00adgo&nbsp;Plus.<\/li>\n\n\n\n<li>Para mo\u017ce wsp\u00f3l\u00adnie otrzy\u00adma\u0107 do 28 miesi\u0119cy.<\/li>\n\n\n\n<li>Oso\u00adby samot\u00adnie wycho\u00adwu\u00adj\u0105\u00adce dzie\u00adci r\u00f3w\u00adnie\u017c mog\u0105 otrzy\u00adma\u0107 28 miesi\u0119cy.<\/li>\n\n\n\n<li>Otrzy\u00admasz mak\u00adsy\u00admal\u00adnie po\u0142o\u00adw\u0119 pod\u00adsta\u00adwo\u00adwe\u00adgo zasi\u0142\u00adku rodzi\u00adciel\u00adskie\u00adgo miesi\u0119cznie.<\/li>\n<\/ul>\n\n\n\n<h3 class=\"wp-block-heading\">Mie\u00adsi\u0105\u00adce pre\u00admii part\u00adner\u00adskiej \u2014 <em><strong>Part\u00adner\u00adscha\u00adfts\u00adbo\u00adnu\u00adsmo\u00adna\u00adte<\/strong><\/em><\/h3>\n\n\n\n<ul class=\"wp-block-list\">\n<li>Para mo\u017ce otrzy\u00adma\u0107 do 4 dodat\u00adko\u00adwych mie\u00adsi\u0119\u00adcy zasi\u0142\u00adku rodzi\u00adciel\u00adskie\u00adgo&nbsp;Plus.<\/li>\n\n\n\n<li>Warun\u00adkiem wst\u0119p\u00adnym jest, aby obo\u00adje pra\u00adco\u00adwa\u00adli w tym cza\u00adsie w nie\u00adpe\u0142\u00adnym wymia\u00adrze godzin. Je\u015bli dziec\u00adko uro\u00addzi\u00ad\u0142o si\u0119 01.09.2021 r. lub p\u00f3\u017a\u00adniej, musisz pra\u00adco\u00adwa\u0107 od 24 do 32 godzin tygodniowo.&nbsp;<\/li>\n\n\n\n<li>Mo\u017cesz r\u00f3w\u00adnie\u017c sko\u00adrzy\u00adsta\u0107 z tej ofer\u00adty wsp\u00f3l\u00adnie, je\u015bli Ty i dru\u00adgi rodzic wycho\u00adwu\u00adje\u00adcie dziec\u00adko oddziel\u00adnie. Je\u015bli jeste\u015b samot\u00adnym rodzi\u00adcem, mo\u017cesz sko\u00adrzy\u00adsta\u0107 z ofer\u00adty samodzielnie.&nbsp;<\/li>\n<\/ul>\n\n\n\n<p>\ud83c\udf10 <strong><a href=\"https:\/\/www.karlsruhe.de\/bildung-soziales\/kinderbetreuung\/gebuehren-fuer-kindertagesbetreuung\" rel=\"noopener\"><\/a><a href=\"http:\/\/www.l-bank.de\/produkte\/familienfoerderung\/elterngeld.html\" rel=\"noopener\"><strong>L\u2011Bank<\/strong> <strong>Wspie\u00adra\u00adnie rodzi\u00adny<\/strong><\/a><\/strong><br>\ud83d\udccd 76131 Karls\u00adru\u00adhe<br>\u260e 0800 664 5471<br>\ud83d\udce7 familienfoerderung@l\u2011bank.de<\/p>\n<\/div><\/div><\/div>\n<\/details>\n\n<div class=\"wp-block-ugb-columns ugb-columns ugb-ae34cc6 ugb-columns--design-plain ugb-columns--columns-2 ugb-main-block\"><div class=\"ugb-inner-block\"><div class=\"ugb-block-content\"><div class=\"ugb-columns__item ugb-ae34cc6-content-wrapper\">\n<div class=\"wp-block-ugb-column ugb-column ugb-0370a18 ugb-column--design-plain ugb-main-block\"><div class=\"ugb-inner-block\"><div class=\"ugb-block-content\"><div class=\"ugb-column__item ugb-0370a18-column-wrapper\"><div class=\"ugb-column__content-wrapper\"><\/div><\/div><\/div><\/div><\/div>\n\n\n\n<div class=\"wp-block-ugb-column ugb-column ugb-173140f ugb-column--design-plain ugb-main-block\"><div class=\"ugb-inner-block\"><div class=\"ugb-block-content\"><div class=\"ugb-column__item ugb-173140f-column-wrapper\"><div class=\"ugb-column__content-wrapper\"><\/div><\/div><\/div><\/div><\/div>\n<\/div><\/div><\/div><\/div>\n\n<div class=\"wp-block-stackable-separator alignfull stk-block-separator stk--no-padding stk-block stk-ca39704\" data-block-id=\"ca39704\"><style>.stk-ca39704 {margin-bottom:0px !important;}.stk-ca39704 .stk-block-separator__inner{height:54px !important;}<\/style><div class=\"stk-block-separator__inner\"><svg viewBox=\"0 0 1600 200\" class=\"stk-separator__layer-1\" preserveAspectRatio=\"none\" aria-hidden=\"true\"><path class=\"wave-1_svg__st2\" d=\"M1341.4 48.9c-182.4 0-254.2 80.4-429.4 80.4-117.8 0-209.7-67.5-393.5-67.5-142.2 0-212.6 38.8-324.6 38.8S-10 64.7-10 64.7V210h1620V102c-110.6-40.2-181-53.1-268.6-53.1z\" \/><\/svg><\/div><\/div>\n\n<details class=\"wp-block-stackable-accordion stk-block-accordion stk-inner-blocks stk-block-content stk-block stk-31e901f is-style-default\" data-block-id=\"31e901f\">\n<summary class=\"wp-block-stackable-column stk-block-column stk-column stk-block stk-0b78aef stk--container-small stk-block-accordion__heading\" data-v=\"4\" data-block-id=\"0b78aef\"><div class=\"stk-column-wrapper stk-block-column__content stk-container stk-0b78aef-container stk-hover-parent\"><div class=\"stk-block-content stk-inner-blocks stk-0b78aef-inner-blocks\">\n<div class=\"wp-block-stackable-icon-label stk-block-icon-label stk-block stk-2b13fcd\" data-block-id=\"2b13fcd\"><div class=\"stk-row stk-inner-blocks stk-block-content\">\n<div class=\"wp-block-stackable-heading stk-block-heading stk-block-heading--v2 stk-block stk-15d3d9a\" id=\"span-style-color-0-b-8274-class-stk-highlight-karlsruher-kinderpass-karlsruher-pass-karlsruher-pass-60-span\" data-block-id=\"15d3d9a\"><h4 class=\"stk-block-heading__text\"><span style=\"color: #0b8274;\" class=\"stk-highlight\">KARLSRUHER KINDERPASS \/ Karls\u00adru\u00adher Pass \/ Karls\u00adru\u00adher Pass&nbsp;60+<\/span><\/h4><\/div>\n\n\n\n<div class=\"wp-block-stackable-icon stk-block-icon stk-block stk-b5c3f8b\" data-block-id=\"b5c3f8b\"><span class=\"stk--svg-wrapper\"><div class=\"stk--inner-svg\"><svg style=\"height:0;width:0\"><defs><linearGradient id=\"linear-gradient-b5c3f8b\" x1=\"0\" x2=\"100%\" y1=\"0\" y2=\"0\"><stop offset=\"0%\" style=\"stop-opacity:1;stop-color:var(--linear-gradient-b-5-c-3-f-8-b-color-1)\" \/><stop offset=\"100%\" style=\"stop-opacity:1;stop-color:var(--linear-gradient-b-5-c-3-f-8-b-color-2)\" \/><\/linearGradient><\/defs><\/svg><svg data-prefix=\"fas\" data-icon=\"chevron-down\" class=\"svg-inline--fa fa-chevron-down fa-w-14\" viewBox=\"0 0 448 512\" aria-hidden=\"true\" width=\"32\" height=\"32\"><path fill=\"currentColor\" d=\"M207.029 381.476L12.686 187.132c-9.373-9.373-9.373-24.569 0-33.941l22.667-22.667c9.357-9.357 24.522-9.375 33.901-.04L224 284.505l154.745-154.021c9.379-9.335 24.544-9.317 33.901.04l22.667 22.667c9.373 9.373 9.373 24.569 0 33.941L240.971 381.476c-9.373 9.372-24.569 9.372-33.942 0z\" \/><\/svg><\/div><\/span><\/div>\n<\/div><\/div>\n<\/div><\/div><\/summary>\n\n\n\n<div class=\"wp-block-stackable-column stk-block-column stk-column stk-block stk-1f04f97 stk-block-accordion__content\" data-v=\"4\" data-block-id=\"1f04f97\"><div class=\"stk-column-wrapper stk-block-column__content stk-container stk-1f04f97-container stk--no-background stk--no-padding\"><div class=\"stk-block-content stk-inner-blocks stk-1f04f97-inner-blocks\">\n<div class=\"wp-block-stackable-text stk-block-text stk-block stk-55a51eb\" data-block-id=\"55a51eb\"><p class=\"stk-block-text__text\"><strong> Karls\u00adru\u00adher Kin\u00adder\u00adpass \/ Karls\u00adru\u00adher Pass \/ Karls\u00adru\u00adher Pass 60+<\/strong> to spe\u00adcjal\u00adne kar\u00adty, kt\u00f3\u00adre zazwy\u00adczaj zapew\u00adnia\u00adj\u0105 bez\u00adp\u0142at\u00adny wst\u0119p, zni\u017c\u00adki lub bony w obsza\u00adrach rekre\u00adacji, spor\u00adtu, kul\u00adtu\u00adry, edu\u00adka\u00adcji i mobil\u00adno\u00ad\u015bci miesz\u00adka\u0144\u00adcom Karls\u00adru\u00adhe, kt\u00f3\u00adrzy maj\u0105 ni\u017c\u00adsze docho\u00addy lub otrzy\u00admu\u00adj\u0105 \u015bwiad\u00adcze\u00adnia socjal\u00adne.  <br><br>Obej\u00admu\u00adj\u0105 one np. do 50% zni\u017c\u00adki na bile\u00adty podr\u00f3\u017c\u00adne sprze\u00adda\u00adwa\u00adne przez Karls\u00adru\u00adher Ver\u00adkehr\u00adsver\u00adbund (KVV) oraz wst\u0119p na odkry\u00adte base\u00adny, doto\u00adwa\u00adne pro\u00adgra\u00admy zaj\u0119\u0107 waka\u00adcyj\u00adnych, bony edu\u00adka\u00adcyj\u00adne, bez\u00adp\u0142at\u00adne wst\u0119\u00adpy lub zni\u017c\u00adki do muze\u00ad\u00f3w w Karls\u00adru\u00adhe i regio\u00adnie.<br><br>Ofer\u00adty r\u00f3\u017c\u00adni\u0105 si\u0119 w zale\u017c\u00adno\u00ad\u015bci od kar\u00adne\u00adtu. Wi\u0119\u00adcej infor\u00adma\u00adcji mo\u017c\u00adna zna\u00adle\u017a\u0107 <strong>na stro\u00adnie<\/strong> <a href=\"about:blank\"><strong>https:\/\/karlsruher-pass.de\/<\/strong><\/a> <br><br><strong>Co nale\u00ad\u017cy ze sob\u0105 zabra\u0107?<\/strong><br>\u2611\ufe0f Aktu\u00adal\u00adne zdj\u0119\u00adcie pasz\u00adpor\u00adto\u00adwe<br>\u2611\ufe0f Wa\u017c\u00adny dow\u00f3d oso\u00adbi\u00adsty lub inne doku\u00admen\u00adty to\u017c\u00adsa\u00admo\u00ad\u015bci<br>\u2611\ufe0f Dowo\u00addy w zale\u017c\u00adno\u00ad\u015bci od tego, co Ci\u0119 doty\u00adczy: powia\u00addo\u00admie\u00adnie o \u015bwiad\u00adcze\u00adniach socjal\u00adnych, legi\u00adty\u00adma\u00adcja oso\u00adby o znacz\u00adnym stop\u00adniu nie\u00adpe\u0142\u00adno\u00adspraw\u00adno\u00ad\u015bci, akty uro\u00addze\u00adnia, za\u015bwiad\u00adcze\u00adnia o reje\u00adstra\u00adcji lub rejestr rodzin\u00adny (dla rodzin z pi\u0119\u00adcior\u00adgiem lub wi\u0119\u00adcej nie\u00adlet\u00adnich dzie\u00adci), dla rodzin o ni\u017c\u00adszych docho\u00addach: Doku\u00admen\u00adty do wyli\u00adcze\u00adnia.<br><br><strong>Stad\u00adtju\u00adgen\u00addaus\u00adschuss e.V. Karls\u00adru\u00adhe \u2014 stja<\/strong><br><strong>Jugend\u2011, Fre\u00adize\u00adit- und Bildungswerk(jfbw)<\/strong><br>\ud83d\udccd B\u00fcr\u00adgerstr. 16, 76133 Karls\u00adru\u00adhe<br>\u260e 0721 133\u20115671<br>\ud83d\udce7 jfbw@stja.de<br>\ud83c\udf10 <a href=\"https:\/\/karlsruher-pass.de\/\" rel=\"noopener\"><strong>Inter\u00adnet<\/strong><\/a> <\/p><\/div>\n<\/div><\/div><\/div>\n<\/details>\n\n<div class=\"wp-block-stackable-columns stk-block-columns stk-block stk-1b04cbc\" data-block-id=\"1b04cbc\"><div class=\"stk-row stk-inner-blocks stk-block-content stk-content-align stk-1b04cbc-column\">\n<div class=\"wp-block-stackable-column stk-block-column stk-column stk-block stk-c3b00e4\" data-v=\"4\" data-block-id=\"c3b00e4\"><style>@media screen and (min-width:901px){.stk-c3b00e4 {flex:var(--stk-flex-grow, 1) 1 calc(25% - var(--stk-column-gap, 0px) * 1 \/ 2 ) !important;}}<\/style><div class=\"stk-column-wrapper stk-block-column__content stk-container stk-c3b00e4-container stk--no-background stk--no-padding\"><div class=\"stk-block-content stk-inner-blocks stk-c3b00e4-inner-blocks\">\n<figure class=\"wp-block-image size-large is-resized\"><img decoding=\"async\" src=\"https:\/\/www.anika-net.de\/wp-content\/uploads\/2025\/05\/Karlsruher_Pass.svg\" alt=\"Karlsruher Kinderpass\" class=\"wp-image-61587\" style=\"aspect-ratio:1;width:159px;height:auto\"><\/figure>\n<\/div><\/div><\/div>\n\n\n\n<div class=\"wp-block-stackable-column stk-block-column stk-column stk-block stk-195e73f\" data-v=\"4\" data-block-id=\"195e73f\"><style>@media screen and (min-width:901px){.stk-195e73f {flex:var(--stk-flex-grow, 1) 1 calc(75% - var(--stk-column-gap, 0px) * 1 \/ 2 ) !important;}}<\/style><div class=\"stk-column-wrapper stk-block-column__content stk-container stk-195e73f-container stk--no-background stk--no-padding\"><div class=\"stk-block-content stk-inner-blocks stk-195e73f-inner-blocks\">\n<p><strong><span style=\"color: #6c0d94;\" class=\"stk-highlight\">Czy kwa\u00adli\u00adfi\u00adku\u00adj\u0119 si\u0119 do Karls\u00adru\u00adher Pass\/Karlsruher Kin\u00adder\u00adpass?<\/span><\/strong><br><strong> <strong><a href=\"https:\/\/karlsruher-pass.de\/onlinerechner\/\" rel=\"noopener\">Kal\u00adku\u00adla\u00adtor online<\/a><\/strong><\/strong><\/p>\n<\/div><\/div><\/div>\n<\/div><\/div>\n\n<div class=\"wp-block-ugb-columns ugb-columns ugb-27e6d19 ugb-columns--design-plain ugb-columns--columns-2 ugb-main-block\"><div class=\"ugb-inner-block\"><div class=\"ugb-block-content\"><div class=\"ugb-columns__item ugb-27e6d19-content-wrapper\">\n<div class=\"wp-block-ugb-column ugb-column ugb-4797194 ugb-column--design-plain ugb-main-block\"><div class=\"ugb-inner-block\"><div class=\"ugb-block-content\"><div class=\"ugb-column__item ugb-4797194-column-wrapper\"><div class=\"ugb-column__content-wrapper\"><\/div><\/div><\/div><\/div><\/div>\n\n\n\n<div class=\"wp-block-ugb-column ugb-column ugb-861d1a2 ugb-column--design-plain ugb-main-block\"><div class=\"ugb-inner-block\"><div class=\"ugb-block-content\"><div class=\"ugb-column__item ugb-861d1a2-column-wrapper\"><div class=\"ugb-column__content-wrapper\"><\/div><\/div><\/div><\/div><\/div>\n<\/div><\/div><\/div><\/div>\n\n<h2 class=\"wp-block-heading\"><span style=\"color: #0b8274;\" class=\"stk-highlight\">Ali\u00admen\u00adty na dzieci<\/span><\/h2>\n\n<p>Mo\u017cesz ubie\u00adga\u0107 si\u0119 o \ud83d\udcb6 pie\u00adni\u0105\u00addze (ali\u00admen\u00adty) dla swo\u00adje\u00adgo nie\u00adpe\u0142\u00adno\u00adlet\u00adnie\u00adgo dziec\u00adka od dru\u00adgie\u00adgo rodzi\u00adca.<br>Ist\u00adnie\u00adj\u0105 dwa spo\u00adso\u00adby, aby to zro\u00adbi\u0107:<br><br>1. Zwy\u00adk\u0142a pro\u00adce\u00addu\u00adra w s\u0105dzie rodzin\u00adnym.<br>2. Prost\u00adsza i szyb\u00adsza pro\u00adce\u00addu\u00adra \u2014 \u201epro\u00adce\u00addu\u00adra uproszczona\u201d.<\/p>\n\n<p>W przy\u00adpad\u00adku pro\u00adce\u00addu\u00adry uprosz\u00adczo\u00adnej nale\u00ad\u017cy wype\u0142\u00adni\u0107 i prze\u00ads\u0142a\u0107 formularz&nbsp;\ud83d\udccb.<\/p>\n\n<p>Ta pro\u00adce\u00addu\u00adra jest cz\u0119\u00adsto szyb\u00adsza i kosz\u00adtu\u00adje mniej ni\u017c zwy\u00adk\u0142a pro\u00adce\u00addu\u00adra.<br>Na koniec otrzy\u00admasz ofi\u00adcjal\u00adny doku\u00adment, kt\u00f3\u00adre\u00adgo mo\u017cesz u\u017cy\u0107 do ubie\u00adga\u00adnia si\u0119 o ali\u00admen\u00adty.<br><br>Wa\u017c\u00adne jest, aby wcze\u00ad\u015bniej poroz\u00adma\u00adwia\u0107 z praw\u00adni\u00adkiem \u2696\ufe0f lub urz\u0119\u00addem ds. m\u0142o\u00addzie\u00ad\u017cy. Powie\u00addz\u0105 Ci oni, czy ta pro\u00adce\u00addu\u00adra jest dla Cie\u00adbie odpowiednia.&nbsp;<\/p>\n\n<p>\ud83d\udca1<strong>Wska\u00adz\u00f3w\u00adka:<\/strong> Pra\u00adcow\u00adni\u00adcy Urz\u0119\u00addu ds. M\u0142o\u00addzie\u00ad\u017cy (Jugen\u00addamt) <em><strong>(Jugen\u00addamt)<\/strong><\/em> udzie\u00adla\u00adj\u0105 pomo\u00adcy samot\u00adnym mat\u00adkom i ojcom w kwe\u00adstiach ali\u00admen\u00adta\u00adcyj\u00adnych i poma\u00adga\u00adj\u0105 w egze\u00adkwo\u00adwa\u00adniu uza\u00adsad\u00adnio\u00adnych rosz\u00adcze\u0144. <strong>Pora\u00addy s\u0105 bezp\u0142atne.<\/strong><\/p>\n\n<details class=\"wp-block-stackable-accordion stk-block-accordion stk-inner-blocks stk-block-content stk-block stk-77f004b is-style-default\" data-block-id=\"77f004b\">\n<summary class=\"wp-block-stackable-column stk-block-column stk-column stk-block stk-6308eba stk--container-small stk-block-accordion__heading\" data-v=\"4\" data-block-id=\"6308eba\"><div class=\"stk-column-wrapper stk-block-column__content stk-container stk-6308eba-container stk-hover-parent\"><div class=\"stk-block-content stk-inner-blocks stk-6308eba-inner-blocks\">\n<div class=\"wp-block-stackable-icon-label stk-block-icon-label stk-block stk-ddf001f\" data-block-id=\"ddf001f\"><div class=\"stk-row stk-inner-blocks stk-block-content\">\n<div class=\"wp-block-stackable-heading stk-block-heading stk-block-heading--v2 stk-block stk-8625e95\" id=\"competent-authority\" data-block-id=\"8625e95\"><h4 class=\"stk-block-heading__text\">W\u0142a\u00ad\u015bci\u00adwy&nbsp;organ<\/h4><\/div>\n\n\n\n<div class=\"wp-block-stackable-icon stk-block-icon stk-block stk-f91977e\" data-block-id=\"f91977e\"><span class=\"stk--svg-wrapper\"><div class=\"stk--inner-svg\"><svg style=\"height:0;width:0\"><defs><linearGradient id=\"linear-gradient-f91977e\" x1=\"0\" x2=\"100%\" y1=\"0\" y2=\"0\"><stop offset=\"0%\" style=\"stop-opacity:1;stop-color:var(--linear-gradient-f-91977-e-color-1)\" \/><stop offset=\"100%\" style=\"stop-opacity:1;stop-color:var(--linear-gradient-f-91977-e-color-2)\" \/><\/linearGradient><\/defs><\/svg><svg data-prefix=\"fas\" data-icon=\"chevron-down\" class=\"svg-inline--fa fa-chevron-down fa-w-14\" viewBox=\"0 0 448 512\" aria-hidden=\"true\" width=\"32\" height=\"32\"><path fill=\"currentColor\" d=\"M207.029 381.476L12.686 187.132c-9.373-9.373-9.373-24.569 0-33.941l22.667-22.667c9.357-9.357 24.522-9.375 33.901-.04L224 284.505l154.745-154.021c9.379-9.335 24.544-9.317 33.901.04l22.667 22.667c9.373 9.373 9.373 24.569 0 33.941L240.971 381.476c-9.373 9.372-24.569 9.372-33.942 0z\" \/><\/svg><\/div><\/span><\/div>\n<\/div><\/div>\n<\/div><\/div><\/summary>\n\n\n\n<div class=\"wp-block-stackable-column stk-block-column stk-column stk-block stk-40361c1 stk-block-accordion__content\" data-v=\"4\" data-block-id=\"40361c1\"><div class=\"stk-column-wrapper stk-block-column__content stk-container stk-40361c1-container stk--no-background stk--no-padding\"><div class=\"stk-block-content stk-inner-blocks stk-40361c1-inner-blocks\">\n<div class=\"wp-block-stackable-text stk-block-text stk-block stk-a402e19\" data-block-id=\"a402e19\"><p class=\"stk-block-text__text\">- S\u0105d lokal\u00adny <strong> <a href=\"https:\/\/web1.karlsruhe.de\/service\/Buergerdienste\/organisation.php?id=6012363\" rel=\"noopener\">w<\/a> <a href=\"https:\/\/web1.karlsruhe.de\/service\/Buergerdienste\/organisation.php?id=6012367\" rel=\"noopener\">Karls\u00adru\u00adhe<\/a><br><\/strong> \u2014 <strong> S\u0105d lokal\u00adny w Karls\u00adru\u00adhe-Dur\u00adlach<\/strong><br>s\u0105d lokal\u00adny (s\u0105d rodzin\u00adny), w kt\u00f3\u00adre\u00adgo okr\u0119\u00adgu zwy\u00adkle zamiesz\u00adku\u00adje dziec\u00adko lub rodzic repre\u00adzen\u00adtu\u00adj\u0105\u00adcy dziecko.<\/p><\/div>\n<\/div><\/div><\/div>\n<\/details>\n\n<details class=\"wp-block-stackable-accordion stk-block-accordion stk-inner-blocks stk-block-content stk-block stk-50411d3 is-style-default\" data-block-id=\"50411d3\">\n<summary class=\"wp-block-stackable-column stk-block-column stk-column stk-block stk-ba9e4b3 stk--container-small stk-block-accordion__heading\" data-v=\"4\" data-block-id=\"ba9e4b3\"><div class=\"stk-column-wrapper stk-block-column__content stk-container stk-ba9e4b3-container stk-hover-parent\"><div class=\"stk-block-content stk-inner-blocks stk-ba9e4b3-inner-blocks\">\n<div class=\"wp-block-stackable-icon-label stk-block-icon-label stk-block stk-f250675\" data-block-id=\"f250675\"><div class=\"stk-row stk-inner-blocks stk-block-content\">\n<div class=\"wp-block-stackable-heading stk-block-heading stk-block-heading--v2 stk-block stk-d84cc7d\" id=\"requirements\" data-block-id=\"d84cc7d\"><h4 class=\"stk-block-heading__text\">Wyma\u00adga\u00adnia<\/h4><\/div>\n\n\n\n<div class=\"wp-block-stackable-icon stk-block-icon stk-block stk-1635b8d\" data-block-id=\"1635b8d\"><span class=\"stk--svg-wrapper\"><div class=\"stk--inner-svg\"><svg style=\"height:0;width:0\"><defs><linearGradient id=\"linear-gradient-1635b8d\" x1=\"0\" x2=\"100%\" y1=\"0\" y2=\"0\"><stop offset=\"0%\" style=\"stop-opacity:1;stop-color:var(--linear-gradient-1635-b-8-d-color-1)\" \/><stop offset=\"100%\" style=\"stop-opacity:1;stop-color:var(--linear-gradient-1635-b-8-d-color-2)\" \/><\/linearGradient><\/defs><\/svg><svg data-prefix=\"fas\" data-icon=\"chevron-down\" class=\"svg-inline--fa fa-chevron-down fa-w-14\" viewBox=\"0 0 448 512\" aria-hidden=\"true\" width=\"32\" height=\"32\"><path fill=\"currentColor\" d=\"M207.029 381.476L12.686 187.132c-9.373-9.373-9.373-24.569 0-33.941l22.667-22.667c9.357-9.357 24.522-9.375 33.901-.04L224 284.505l154.745-154.021c9.379-9.335 24.544-9.317 33.901.04l22.667 22.667c9.373 9.373 9.373 24.569 0 33.941L240.971 381.476c-9.373 9.372-24.569 9.372-33.942 0z\" \/><\/svg><\/div><\/span><\/div>\n<\/div><\/div>\n<\/div><\/div><\/summary>\n\n\n\n<div class=\"wp-block-stackable-column stk-block-column stk-column stk-block stk-bd11082 stk-block-accordion__content\" data-v=\"4\" data-block-id=\"bd11082\"><div class=\"stk-column-wrapper stk-block-column__content stk-container stk-bd11082-container stk--no-background stk--no-padding\"><div class=\"stk-block-content stk-inner-blocks stk-bd11082-inner-blocks\">\n<div class=\"wp-block-stackable-text stk-block-text stk-block stk-195a185\" data-block-id=\"195a185\"><p class=\"stk-block-text__text\">\u2714\ufe0f Cho\u00addzi o ali\u00admen\u00adty:<br>- na rzecz ma\u0142o\u00adlet\u00adnie\u00adgo dziec\u00adka lub<br>- na rzecz pe\u0142\u00adno\u00adlet\u00adnie\u00adgo dziec\u00adka za minio\u00adny okres ma\u0142o\u00adlet\u00adnio\u00ad\u015bci.<br>\u2714\ufe0f S\u0105d nie wsz\u00adcz\u0105\u0142 jesz\u00adcze s\u0105do\u00adwe\u00adgo post\u0119\u00adpo\u00adwa\u00adnia ali\u00admen\u00adta\u00adcyj\u00adne\u00adgo.<br>\u2714\ufe0f \u017baden inny s\u0105d nie wyda\u0142 jesz\u00adcze orze\u00adcze\u00adnia w spra\u00adwie rosz\u00adcze\u00adnia ali\u00admen\u00adta\u00adcyj\u00adne\u00adgo.<br>\u2714\ufe0f Nie ist\u00adnie\u00adje jesz\u00adcze tytu\u0142 wyko\u00adnaw\u00adczy doty\u00adcz\u0105\u00adcy ali\u00admen\u00adt\u00f3w (np. za\u015bwiad\u00adcze\u00adnie z urz\u0119\u00addu ds. nie\u00adlet\u00adnich).<br>\u2714\ufe0f \u017b\u0105da\u00adne ali\u00admen\u00adty na rzecz dziec\u00adka nie prze\u00adkra\u00adcza\u00adj\u0105 1,2\u2011krotno\u015bci ali\u00admen\u00adt\u00f3w mini\u00admal\u00adnych.<br><br>\u2714\ufe0f Jeste\u015b upraw\u00adnio\u00adny do docho\u00addze\u00adnia rosz\u00adcze\u0144 ali\u00admen\u00adta\u00adcyj\u00adnych jako<br>- rodzic spra\u00adwu\u00adj\u0105\u00adcy opie\u00adk\u0119, z kt\u00f3\u00adrym miesz\u00adka ma\u0142o\u00adlet\u00adnie dziec\u00adko, lub<br>- oso\u00adba lub organ praw\u00adnie repre\u00adzen\u00adtu\u00adj\u0105\u00adcy dziecko.<\/p><\/div>\n<\/div><\/div><\/div>\n<\/details>\n\n<details class=\"wp-block-stackable-accordion stk-block-accordion stk-inner-blocks stk-block-content stk-block stk-42edbff is-style-default\" data-block-id=\"42edbff\">\n<summary class=\"wp-block-stackable-column stk-block-column stk-column stk-block stk-3f32a23 stk--container-small stk-block-accordion__heading\" data-v=\"4\" data-block-id=\"3f32a23\"><div class=\"stk-column-wrapper stk-block-column__content stk-container stk-3f32a23-container stk-hover-parent\"><div class=\"stk-block-content stk-inner-blocks stk-3f32a23-inner-blocks\">\n<div class=\"wp-block-stackable-icon-label stk-block-icon-label stk-block stk-0ddeb27\" data-block-id=\"0ddeb27\"><div class=\"stk-row stk-inner-blocks stk-block-content\">\n<div class=\"wp-block-stackable-heading stk-block-heading stk-block-heading--v2 stk-block stk-5aa06a8\" id=\"forms-and-other-offers\" data-block-id=\"5aa06a8\"><h4 class=\"stk-block-heading__text\">For\u00admu\u00adla\u00adrze i inne oferty<\/h4><\/div>\n\n\n\n<div class=\"wp-block-stackable-icon stk-block-icon stk-block stk-75c1d3c\" data-block-id=\"75c1d3c\"><span class=\"stk--svg-wrapper\"><div class=\"stk--inner-svg\"><svg style=\"height:0;width:0\"><defs><linearGradient id=\"linear-gradient-75c1d3c\" x1=\"0\" x2=\"100%\" y1=\"0\" y2=\"0\"><stop offset=\"0%\" style=\"stop-opacity:1;stop-color:var(--linear-gradient-75-c-1-d-3-c-color-1)\" \/><stop offset=\"100%\" style=\"stop-opacity:1;stop-color:var(--linear-gradient-75-c-1-d-3-c-color-2)\" \/><\/linearGradient><\/defs><\/svg><svg data-prefix=\"fas\" data-icon=\"chevron-down\" class=\"svg-inline--fa fa-chevron-down fa-w-14\" viewBox=\"0 0 448 512\" aria-hidden=\"true\" width=\"32\" height=\"32\"><path fill=\"currentColor\" d=\"M207.029 381.476L12.686 187.132c-9.373-9.373-9.373-24.569 0-33.941l22.667-22.667c9.357-9.357 24.522-9.375 33.901-.04L224 284.505l154.745-154.021c9.379-9.335 24.544-9.317 33.901.04l22.667 22.667c9.373 9.373 9.373 24.569 0 33.941L240.971 381.476c-9.373 9.372-24.569 9.372-33.942 0z\" \/><\/svg><\/div><\/span><\/div>\n<\/div><\/div>\n<\/div><\/div><\/summary>\n\n\n\n<div class=\"wp-block-stackable-column stk-block-column stk-column stk-block stk-c6b8cf0 stk-block-accordion__content\" data-v=\"4\" data-block-id=\"c6b8cf0\"><div class=\"stk-column-wrapper stk-block-column__content stk-container stk-c6b8cf0-container stk--no-background stk--no-padding\"><div class=\"stk-block-content stk-inner-blocks stk-c6b8cf0-inner-blocks\">\n<div class=\"wp-block-stackable-text stk-block-text stk-block stk-07a09d0\" data-block-id=\"07a09d0\"><p class=\"stk-block-text__text\"><strong><a href=\"https:\/\/justiz.de\/service\/formular\/dateien\/festsetzung_unterhalt_ab_01_01_17.pdf\" rel=\"noopener\">Wnio\u00adsek o usta\u00adle\u00adnie ali\u00admen\u00adt\u00f3w na dziec\u00adko \u2014 post\u0119\u00adpo\u00adwa\u00adnie uprosz\u00adczo\u00adne (PDF)<\/a><br><a href=\"https:\/\/justiz.de\/service\/formular\/dateien\/einwendungen_festsetzung_unterhalt_ab_01_01_18.pdf\" rel=\"noopener\">Sprze\u00adciw od pozwu o usta\u00adle\u00adnie wyso\u00adko\u00ad\u015bci ali\u00admen\u00adt\u00f3w (PDF)<\/a><\/strong><\/p><\/div>\n<\/div><\/div><\/div>\n<\/details>\n\n<p><\/p>\n","protected":false},"excerpt":{"rendered":"<p>Rodzi\u00adny z dzie\u0107\u00admi potrze\u00adbu\u00adj\u0105 dobrej opie\u00adki nad dzie\u0107\u00admi i mo\u017c\u00adli\u00adwo\u00ad\u015bci \u0142\u0105cze\u00adnia \u017cycia rodzin\u00adne\u00adgo z karie\u00adr\u0105 zawo\u00addo\u00adw\u0105, a tak\u00ad\u017ce wspar\u00adcia finan\u00adso\u00adwe\u00adgo. Aby odci\u0105\u00ad\u017cy\u0107 i wes\u00adprze\u0107 rodzi\u00adn\u0119 finan\u00adso\u00adwo, dost\u0119p\u00adne s\u0105 r\u00f3\u017c\u00adne \u015bwiad\u00adcze\u00adnia.&nbsp;&nbsp;<a class=\"moretag\" href=\"https:\/\/www.anika-net.de\/pl\/pierwsze-kroki\/dzieci-i-rodzina\/uslugi-dla-rodzin-z-dziecmi\/\">czy\u00adtaj wi\u0119cej<\/a><\/p>\n","protected":false},"author":3,"featured_media":0,"parent":60605,"menu_order":31,"comment_status":"closed","ping_status":"closed","template":"","meta":{"_acf_changed":false,"inline_featured_image":false,"_uag_custom_page_level_css":"","wp_typography_post_enhancements_disabled":false,"footnotes":""},"class_list":["post-60592","page","type-page","status-publish","hentry"],"acf":[],"featured_image_urls_v2":{"full":"","thumbnail":"","medium":"","medium_large":"","large":"","1536x1536":"","2048x2048":"","event-overview":"","event-archive-thumb":"","grid-item-thumbnail":"","network-partner-icon":"","organiser-icon":"","gform-image-choice-sm":"","gform-image-choice-md":"","gform-image-choice-lg":""},"post_excerpt_stackable_v2":"<p>Rodzi\u00adny z dzie\u0107\u00admi potrze\u00adbu\u00adj\u0105 dobrej opie\u00adki nad dzie\u0107\u00admi i mo\u017c\u00adli\u00adwo\u00ad\u015bci \u0142\u0105cze\u00adnia \u017cycia rodzin\u00adne\u00adgo z karie\u00adr\u0105 zawo\u00addo\u00adw\u0105, a tak\u00ad\u017ce wspar\u00adcia finan\u00adso\u00adwe\u00adgo. Aby odci\u0105\u00ad\u017cy\u0107 i wes\u00adprze\u0107 rodzi\u00adn\u0119 finan\u00adso\u00adwo, dost\u0119p\u00adne s\u0105 r\u00f3\u017c\u00adne \u015bwiad\u00adcze\u00adnia.&nbsp; Tutaj znaj\u00addziesz prze\u00adgl\u0105d \u015bwiad\u00adcze\u0144 dost\u0119p\u00adnych dla rodzin z dzie\u0107\u00admi w Karls\u00adru\u00adhe. \u015aWIADCZENIE NA DZIECKO Wszy\u00adscy rodzi\u00adce z dzie\u0107\u00admi, kt\u00f3\u00adrzy miesz\u00adka\u00adj\u0105 na sta\u00ad\u0142e w Niem\u00adczech, maj\u0105 pra\u00adwo do zasi\u0142\u00adku rodzin\u00adne\u00adgo.Otrzy\u00admu\u00adjesz 255 euro zasi\u0142\u00adku rodzin\u00adne\u00adgo mie\u00adsi\u0119cz\u00adnie na dziec\u00adko.Zasi\u00ad\u0142ek rodzin\u00adny jest wyp\u0142a\u00adca\u00adny do uko\u0144\u00adcze\u00adnia przez dziec\u00adko 18 roku \u017cycia lub je\u015bli dziec\u00adko uczy si\u0119, stu\u00addiu\u00adje lub pra\u00adcu\u00adje jako wolon\u00adta\u00adriusz do uko\u0144\u00adcze\u00adnia 25 roku \u017cycia.Wnio\u00adsek o zasi\u00ad\u0142ek rodzin\u00adny sk\u0142a\u00adda si\u0119 w kasie rodzin\u00adnej(Fami\u00adlien\u00adkas\u00adse).\ud83c\udf10 Familienkasse\u2026<\/p>\n","category_list_v2":"","author_info_v2":{"name":"Eva Geerken","url":"https:\/\/www.anika-net.de\/pl\/author\/egeerken\/"},"comments_num_v2":"0 comments","uagb_featured_image_src":{"full":false,"thumbnail":false,"medium":false,"medium_large":false,"large":false,"1536x1536":false,"2048x2048":false,"event-overview":false,"event-archive-thumb":false,"grid-item-thumbnail":false,"network-partner-icon":false,"organiser-icon":false,"gform-image-choice-sm":false,"gform-image-choice-md":false,"gform-image-choice-lg":false},"uagb_author_info":{"display_name":"Eva Geerken","author_link":"https:\/\/www.anika-net.de\/pl\/author\/egeerken\/"},"uagb_comment_info":0,"uagb_excerpt":"Rodzi\u00adny z dzie\u0107\u00admi potrze\u00adbu\u00adj\u0105 dobrej opie\u00adki nad dzie\u0107\u00admi i mo\u017c\u00adli\u00adwo\u00ad\u015bci \u0142\u0105cze\u00adnia \u017cycia rodzin\u00adne\u00adgo z karie\u00adr\u0105 zawo\u00addo\u00adw\u0105, a tak\u00ad\u017ce wspar\u00adcia finan\u00adso\u00adwe\u00adgo. Aby odci\u0105\u00ad\u017cy\u0107 i wes\u00adprze\u0107 rodzi\u00adn\u0119 finan\u00adso\u00adwo, dost\u0119p\u00adne s\u0105 r\u00f3\u017c\u00adne \u015bwiadczenia.&nbsp;&nbsp;czytaj wi\u0119cej","_links":{"self":[{"href":"https:\/\/www.anika-net.de\/pl\/wp-json\/wp\/v2\/pages\/60592","targetHints":{"allow":["GET"]}}],"collection":[{"href":"https:\/\/www.anika-net.de\/pl\/wp-json\/wp\/v2\/pages"}],"about":[{"href":"https:\/\/www.anika-net.de\/pl\/wp-json\/wp\/v2\/types\/page"}],"author":[{"embeddable":true,"href":"https:\/\/www.anika-net.de\/pl\/wp-json\/wp\/v2\/users\/3"}],"replies":[{"embeddable":true,"href":"https:\/\/www.anika-net.de\/pl\/wp-json\/wp\/v2\/comments?post=60592"}],"version-history":[{"count":3,"href":"https:\/\/www.anika-net.de\/pl\/wp-json\/wp\/v2\/pages\/60592\/revisions"}],"predecessor-version":[{"id":61730,"href":"https:\/\/www.anika-net.de\/pl\/wp-json\/wp\/v2\/pages\/60592\/revisions\/61730"}],"up":[{"embeddable":true,"href":"https:\/\/www.anika-net.de\/pl\/wp-json\/wp\/v2\/pages\/60605"}],"wp:attachment":[{"href":"https:\/\/www.anika-net.de\/pl\/wp-json\/wp\/v2\/media?parent=60592"}],"curies":[{"name":"wp","href":"https:\/\/api.w.org\/{rel}","templated":true}]}}