{"id":60572,"date":"2025-04-15T14:29:32","date_gmt":"2025-04-15T12:29:32","guid":{"rendered":"https:\/\/www.anika-net.de\/o-nas\/misja-anika\/"},"modified":"2025-04-15T14:29:33","modified_gmt":"2025-04-15T12:29:33","slug":"misja-anika","status":"publish","type":"page","link":"https:\/\/www.anika-net.de\/pl\/o-nas\/misja-anika\/","title":{"rendered":"Misja Ani\u00adKA"},"content":{"rendered":"\n<figure class=\"wp-block-image size-full is-resized is-style-default\"><img decoding=\"async\" width=\"599\" height=\"234\" src=\"https:\/\/www.anika-net.de\/wp-content\/uploads\/2022\/02\/NEU_Anika_Logo_klein-schmal.jpg\" alt class=\"wp-image-14480\" style=\"width:399px;height:156px\" srcset=\"https:\/\/www.anika-net.de\/wp-content\/uploads\/2022\/02\/NEU_Anika_Logo_klein-schmal.jpg 599w, https:\/\/www.anika-net.de\/wp-content\/uploads\/2022\/02\/NEU_Anika_Logo_klein-schmal-300x117.jpg 300w, https:\/\/www.anika-net.de\/wp-content\/uploads\/2022\/02\/NEU_Anika_Logo_klein-schmal-480x188.jpg 480w\" sizes=\"(max-width: 599px) 100vw, 599px\"><\/figure>\n\n<h2 class=\"wp-block-heading\" id=\"what-do-we-stand-for\">Za czym si\u0119 opowiadamy?&nbsp;<\/h2>\n\n<p>Ani\u00adKA \u2014 Ankom\u00admen in Karls\u00adru\u00adhe (Przy\u00adjazd do Karls\u00adru\u00adhe) to sojusz pod\u00admio\u00adt\u00f3w dzia\u00ad\u0142a\u00adj\u0105\u00adcych na rzecz poli\u00adty\u00adki inte\u00adgra\u00adcyj\u00adnej w mie\u00ad\u015bcie Karls\u00adru\u00adhe. Celem soju\u00adszu Ani\u00adKA jest dal\u00adszy roz\u00adw\u00f3j Struk\u00adtu\u00adry Powi\u00adtal\u00adnej Karls\u00adru\u00adhe i usta\u00adno\u00adwie\u00adnie \u015acie\u017c\u00adki Inte\u00adgra\u00adcyj\u00adnej Karls\u00adru\u00adhe. Ani\u00adKA pro\u00admu\u00adje atrak\u00adcyj\u00adne aspek\u00adty Karls\u00adru\u00adhe dla imigrant\u00f3w.&nbsp;<\/p>\n\n<p>Ani\u00adKA powin\u00adna by\u0107 pierw\u00adszym punk\u00adtem kon\u00adtak\u00adto\u00adwym dla wszyst\u00adkich nowych u\u017cyt\u00adkow\u00adni\u00adk\u00f3w. Ani\u00adKA powin\u00adna szyb\u00adko infor\u00admo\u00adwa\u0107 wszyst\u00adkich nowo przy\u00adby\u00ad\u0142ych i zapew\u00adnia\u0107 odpo\u00adwied\u00adnie ofer\u00adty. Sojusz ma na celu zaan\u00adga\u00ad\u017co\u00adwa\u00adnie wszyst\u00adkich pod\u00admio\u00adt\u00f3w w mie\u00ad\u015bcie Karls\u00adru\u00adhe, kt\u00f3\u00adre maj\u0105 kon\u00adtakt z imi\u00adgran\u00adta\u00admi i \u0142\u0105cze\u00adnie ich na r\u00f3w\u00adnych zasa\u00addach. Sojusz wzbo\u00adga\u00adca swo\u00adich part\u00adne\u00adr\u00f3w w ich pra\u00adcy poprzez u\u0142a\u00adtwia\u00adnie wymia\u00adny. Jako \u017cywy i ucz\u0105\u00adcy si\u0119 sojusz, kon\u00adcen\u00adtru\u00adje si\u0119 na regu\u00adlar\u00adnej wymia\u00adnie i wsp\u00f3l\u00adnym roz\u00adwo\u00adju. Cz\u0142on\u00adko\u00adwie soju\u00adszu aktyw\u00adnie pro\u00admu\u00adj\u0105 widocz\u00adno\u015b\u0107 i \u015bwia\u00addo\u00admo\u015b\u0107 Ani\u00adKA. R\u00f3\u017c\u00adno\u00adrod\u00adno\u015b\u0107, wie\u00adlo\u00adkul\u00adtu\u00adro\u00adwo\u015b\u0107 i zaan\u00adga\u00ad\u017co\u00adwa\u00adnie w pod\u00adsta\u00adwo\u00adwe wol\u00adne i demo\u00adkra\u00adtycz\u00adne war\u00adto\u00ad\u015bci s\u0105 g\u0142\u00f3w\u00adny\u00admi wytycz\u00adny\u00admi dla naszej pra\u00adcy. Ani\u00adKA prze\u00adma\u00adwia w imie\u00adniu part\u00adne\u00adr\u00f3w soju\u00adszu i imi\u00adgran\u00adt\u00f3w w poli\u00adty\u00adce oraz wzmac\u00adnia ich pozy\u00adcj\u0119, wspie\u00adra\u00adj\u0105c ich udzia\u0142 w pro\u00adce\u00adsie demokratycznym.&nbsp;<\/p>\n\n<h2 class=\"wp-block-heading\" id=\"what-do-we-want-to-achieve\">Co chce\u00admy osi\u0105gn\u0105\u0107?<\/h2>\n\n<p>Celem naszej pra\u00adcy jest zapew\u00adnie\u00adnie imi\u00adgran\u00adtom pro\u00adste\u00adgo i jasne\u00adgo wspar\u00adcia oraz u\u0142a\u00adtwie\u00adnie im odna\u00adle\u00adzie\u00adnia si\u0119 w nowym miej\u00adscu zamiesz\u00adka\u00adnia. Ani\u00adKA zwi\u0119k\u00adsza widocz\u00adno\u015b\u0107 i przej\u00adrzy\u00adsto\u015b\u0107 ofert part\u00adne\u00adr\u00f3w soju\u00adszu w pro\u00adstym j\u0119zy\u00adku. Struk\u00adtu\u00adry admi\u00adni\u00adstra\u00adcji i \u017cycia publicz\u00adne\u00adgo powin\u00adny by\u0107 zro\u00adzu\u00admia\u00ad\u0142e. W tym celu nowe ofer\u00adty s\u0105 sta\u00adle doda\u00adwa\u00adne w ramach ci\u0105\u00adg\u0142ej wymia\u00adny z admi\u00adni\u00adstra\u00adto\u00adra\u00admi i lokal\u00adny\u00admi poli\u00adty\u00adka\u00admi. Ani\u00adKA sta\u00adra si\u0119 dzia\u00ad\u0142a\u0107 jako pomost mi\u0119\u00addzy oso\u00adba\u00admi zaan\u00adga\u00ad\u017co\u00adwa\u00adny\u00admi w poli\u00adty\u00adk\u0119 inte\u00adgra\u00adcyj\u00adn\u0105 a ich gru\u00adpa\u00admi doce\u00adlo\u00adwy\u00admi. Ani\u00adKA uspraw\u00adnia pra\u00adc\u0119 nad poli\u00adty\u00adk\u0105 inte\u00adgra\u00adcyj\u00adn\u0105 poprzez two\u00adrze\u00adnie spo\u00adtka\u0144 mi\u0119\u00addzy imi\u00adgran\u00adta\u00admi i inny\u00admi zain\u00adte\u00adre\u00adso\u00adwa\u00adny\u00admi stronami.&nbsp;<\/p>\n\n<h2 class=\"wp-block-heading\" id=\"how-will-we-achieve-it\">  Jak to osi\u0105gniemy?&nbsp;<\/h2>\n\n<p>Ani\u00adKA ma jasne struk\u00adtu\u00adry i przej\u00adrzy\u00adste kana\u00ad\u0142y decy\u00adzyj\u00adne. Sie\u0107 two\u00adrzy sta\u00ad\u0142\u0105 wymia\u00adn\u0119 do\u015bwiad\u00adcze\u0144 zawo\u00addo\u00adwych i p\u0142a\u00adsk\u0105 hie\u00adrar\u00adchi\u0119 w\u015br\u00f3d part\u00adne\u00adr\u00f3w soju\u00adszu. Pod\u00adczas regu\u00adlar\u00adnych spo\u00adtka\u0144 soju\u00adszu part\u00adne\u00adrzy, poprzez inten\u00adsyw\u00adn\u0105 wymia\u00adn\u0119 wie\u00addzy spe\u00adcja\u00adli\u00adstycz\u00adnej, koor\u00addy\u00adnu\u00adj\u0105 wsp\u00f3l\u00adne podej\u00ad\u015bcie, roz\u00adwi\u00adja\u00adj\u0105 wsp\u00f3l\u00adne tema\u00adty i roz\u00addzie\u00adla\u00adj\u0105 pod\u00adsta\u00adwo\u00adwe zada\u00adnia. Na przy\u00adk\u0142ad, mo\u017c\u00adna utwo\u00adrzy\u0107 gru\u00adpy robo\u00adcze po\u015bwi\u0119\u00adco\u00adne kon\u00adkret\u00adnym tema\u00adtom, takim jak rynek pra\u00adcy, inte\u00adgra\u00adcja, zro\u00adzu\u00admie\u00adnie struk\u00adtur admi\u00adni\u00adstra\u00adcyj\u00adnych lub obo\u00adwi\u0105z\u00adk\u00f3w admi\u00adni\u00adstra\u00adcyj\u00adnych lub edu\u00adka\u00adcja kulturalna.&nbsp;<\/p>\n\n<p>Kie\u00adrow\u00adnic\u00adtwo Ani\u00adKA przy\u00adgo\u00adto\u00adwu\u00adje spo\u00adtka\u00adnia soju\u00adszu we wsp\u00f3\u0142\u00adpra\u00adcy i \u015bci\u00ads\u0142ej koor\u00addy\u00adna\u00adcji z gru\u00adp\u0105 ste\u00adru\u00adj\u0105\u00adc\u0105 Ani\u00adKA i prze\u00adka\u00adzu\u00adje wyni\u00adki wszyst\u00adkim part\u00adne\u00adrom. Cele Ani\u00adKA s\u0105 wspie\u00adra\u00adne przez part\u00adne\u00adr\u00f3w soju\u00adszu, kt\u00f3\u00adrzy s\u0105 aktyw\u00adnie zaan\u00adga\u00ad\u017co\u00adwa\u00adni w opra\u00adco\u00adwy\u00adwa\u00adnie stra\u00adte\u00adgii i roz\u00adpo\u00adwszech\u00adnia\u00adnie pra\u00adcy&nbsp;AniKA.&nbsp;<\/p>\n\n<h2 class=\"wp-block-heading\" id=\"how-do-you-become-a-member\">Jak zosta\u0107 cz\u0142onkiem?<\/h2>\n\n<p>Oso\u00adby i orga\u00adni\u00adza\u00adcje mog\u0105 zosta\u0107 cz\u0142on\u00adka\u00admi, o ile s\u0105 zaan\u00adga\u00ad\u017co\u00adwa\u00adne w imi\u00adgra\u00adcj\u0119 i inte\u00adgra\u00adcj\u0119, podzie\u00adla\u00adj\u0105 cele i war\u00adto\u00ad\u015bci Ani\u00adKA oraz s\u0105 ch\u0119t\u00adne do regu\u00adlar\u00adnej pra\u00adcy w ramach soju\u00adszu. Misja Ani\u00adKA jest pod\u00adsta\u00adw\u0105 wsp\u00f3\u0142\u00adpra\u00adcy i jest wspie\u00adra\u00adna i reali\u00adzo\u00adwa\u00adna przez wszyst\u00adkich cz\u0142onk\u00f3w.&nbsp;<\/p>\n\n<p>Part\u00adne\u00adra\u00admi inte\u00adgra\u00adcyj\u00adny\u00admi mog\u0105 by\u0107 insty\u00adtu\u00adcje, w\u0142a\u00addze, agen\u00adcje, klu\u00adby, sto\u00adwa\u00adrzy\u00adsze\u00adnia i inne pod\u00admio\u00adty nie\u00adko\u00admer\u00adcyj\u00adne. Gru\u00adpa ste\u00adru\u00adj\u0105\u00adca decy\u00addu\u00adje o nowych cz\u0142on\u00adkach soju\u00adszu. Przed\u00adsta\u00adwia\u00adj\u0105 si\u0119 oni w soju\u00adszu z bio\u00adgra\u00adfi\u0105, kt\u00f3\u00adr\u0105 mo\u017c\u00adna r\u00f3w\u00adnie\u017c prze\u00adgl\u0105\u00adda\u0107 na stro\u00adnie inter\u00adne\u00adto\u00adwej&nbsp;AniKA.&nbsp;<\/p>\n\n<h2 class=\"wp-block-heading\" id=\"collaboration\">Wsp\u00f3\u0142\u00adpra\u00adca<\/h2>\n\n<p>Sojusz Ani\u00adKA nawi\u0105\u00adzu\u00adje wsp\u00f3\u0142\u00adpra\u00adc\u0119 z przed\u00adsi\u0119\u00adbior\u00adstwa\u00admi, fir\u00adma\u00admi i fun\u00adda\u00adcja\u00admi, kt\u00f3\u00adre wspie\u00adra\u00adj\u0105 sojusz. Ich ofer\u00adty mo\u017c\u00adna prze\u00adgl\u0105\u00adda\u0107 na stro\u00adnie inter\u00adne\u00adto\u00adwej Ani\u00adKA, ale sami nie s\u0105 cz\u0142on\u00adka\u00admi soju\u00adszu&nbsp;AniKA.&nbsp;<\/p>\n","protected":false},"excerpt":{"rendered":"<p>Za czym si\u0119 opo\u00adwia\u00adda\u00admy?&nbsp; Ani\u00adKA \u2014 Ankom\u00admen in Karls\u00adru\u00adhe (Przy\u00adjazd do Karls\u00adru\u00adhe) to sojusz pod\u00admio\u00adt\u00f3w dzia\u00ad\u0142a\u00adj\u0105\u00adcych na rzecz poli\u00adty\u00adki inte\u00adgra\u00adcyj\u00adnej w mie\u00ad\u015bcie Karls\u00adru\u00adhe. Celem soju\u00adszu Ani\u00adKA jest dal\u00adszy roz\u00adw\u00f3j Struk\u00adtu\u00adry&nbsp;<a class=\"moretag\" href=\"https:\/\/www.anika-net.de\/pl\/o-nas\/misja-anika\/\">czy\u00adtaj wi\u0119cej<\/a><\/p>\n","protected":false},"author":12,"featured_media":31845,"parent":60569,"menu_order":21,"comment_status":"closed","ping_status":"closed","template":"","meta":{"_acf_changed":false,"inline_featured_image":false,"_uag_custom_page_level_css":"","wp_typography_post_enhancements_disabled":false,"footnotes":""},"class_list":["post-60572","page","type-page","status-publish","has-post-thumbnail","hentry"],"acf":[],"featured_image_urls_v2":{"full":["https:\/\/www.anika-net.de\/wp-content\/uploads\/2023\/02\/Leitbild-02.png",2000,1111,false],"thumbnail":["https:\/\/www.anika-net.de\/wp-content\/uploads\/2023\/02\/Leitbild-02-150x150.png",150,150,true],"medium":["https:\/\/www.anika-net.de\/wp-content\/uploads\/2023\/02\/Leitbild-02-300x167.png",300,167,true],"medium_large":["https:\/\/www.anika-net.de\/wp-content\/uploads\/2023\/02\/Leitbild-02-768x427.png",640,356,true],"large":["https:\/\/www.anika-net.de\/wp-content\/uploads\/2023\/02\/Leitbild-02-1024x569.png",640,356,true],"1536x1536":["https:\/\/www.anika-net.de\/wp-content\/uploads\/2023\/02\/Leitbild-02-1536x853.png",1536,853,true],"2048x2048":["https:\/\/www.anika-net.de\/wp-content\/uploads\/2023\/02\/Leitbild-02.png",2000,1111,false],"event-overview":["https:\/\/www.anika-net.de\/wp-content\/uploads\/2023\/02\/Leitbild-02-960x640.png",960,640,true],"event-archive-thumb":["https:\/\/www.anika-net.de\/wp-content\/uploads\/2023\/02\/Leitbild-02-480x267.png",480,267,true],"grid-item-thumbnail":["https:\/\/www.anika-net.de\/wp-content\/uploads\/2023\/02\/Leitbild-02-360x200.png",360,200,true],"network-partner-icon":["https:\/\/www.anika-net.de\/wp-content\/uploads\/2023\/02\/Leitbild-02-100x100.png",100,100,true],"organiser-icon":["https:\/\/www.anika-net.de\/wp-content\/uploads\/2023\/02\/Leitbild-02-200x200.png",200,200,true],"gform-image-choice-sm":["https:\/\/www.anika-net.de\/wp-content\/uploads\/2023\/02\/Leitbild-02.png",300,167,false],"gform-image-choice-md":["https:\/\/www.anika-net.de\/wp-content\/uploads\/2023\/02\/Leitbild-02.png",400,222,false],"gform-image-choice-lg":["https:\/\/www.anika-net.de\/wp-content\/uploads\/2023\/02\/Leitbild-02.png",600,333,false]},"post_excerpt_stackable_v2":"<p>Za czym si\u0119 opo\u00adwia\u00adda\u00admy?&nbsp; Ani\u00adKA \u2014 Ankom\u00admen in Karls\u00adru\u00adhe (Przy\u00adjazd do Karls\u00adru\u00adhe) to sojusz pod\u00admio\u00adt\u00f3w dzia\u00ad\u0142a\u00adj\u0105\u00adcych na rzecz poli\u00adty\u00adki inte\u00adgra\u00adcyj\u00adnej w mie\u00ad\u015bcie Karls\u00adru\u00adhe. Celem soju\u00adszu Ani\u00adKA jest dal\u00adszy roz\u00adw\u00f3j Struk\u00adtu\u00adry Powi\u00adtal\u00adnej Karls\u00adru\u00adhe i usta\u00adno\u00adwie\u00adnie \u015acie\u017c\u00adki Inte\u00adgra\u00adcyj\u00adnej Karls\u00adru\u00adhe. Ani\u00adKA pro\u00admu\u00adje atrak\u00adcyj\u00adne aspek\u00adty Karls\u00adru\u00adhe dla imi\u00adgran\u00adt\u00f3w.&nbsp; Ani\u00adKA powin\u00adna by\u0107 pierw\u00adszym punk\u00adtem kon\u00adtak\u00adto\u00adwym dla wszyst\u00adkich nowych u\u017cyt\u00adkow\u00adni\u00adk\u00f3w. Ani\u00adKA powin\u00adna szyb\u00adko infor\u00admo\u00adwa\u0107 wszyst\u00adkich nowo przy\u00adby\u00ad\u0142ych i zapew\u00adnia\u0107 odpo\u00adwied\u00adnie ofer\u00adty. Sojusz ma na celu zaan\u00adga\u00ad\u017co\u00adwa\u00adnie wszyst\u00adkich pod\u00admio\u00adt\u00f3w w mie\u00ad\u015bcie Karls\u00adru\u00adhe, kt\u00f3\u00adre maj\u0105 kon\u00adtakt z imi\u00adgran\u00adta\u00admi i \u0142\u0105cze\u00adnie ich na r\u00f3w\u00adnych zasa\u00addach. Sojusz wzbo\u00adga\u00adca swo\u00adich part\u00adne\u00adr\u00f3w w ich pra\u00adcy poprzez u\u0142a\u00adtwia\u00adnie wymia\u00adny. Jako \u017cywy i ucz\u0105cy\u2026<\/p>\n","category_list_v2":"","author_info_v2":{"name":"Andrea Ramirez","url":"https:\/\/www.anika-net.de\/pl\/author\/andrea-ramirez\/"},"comments_num_v2":"0 comments","uagb_featured_image_src":{"full":["https:\/\/www.anika-net.de\/wp-content\/uploads\/2023\/02\/Leitbild-02.png",2000,1111,false],"thumbnail":["https:\/\/www.anika-net.de\/wp-content\/uploads\/2023\/02\/Leitbild-02-150x150.png",150,150,true],"medium":["https:\/\/www.anika-net.de\/wp-content\/uploads\/2023\/02\/Leitbild-02-300x167.png",300,167,true],"medium_large":["https:\/\/www.anika-net.de\/wp-content\/uploads\/2023\/02\/Leitbild-02-768x427.png",640,356,true],"large":["https:\/\/www.anika-net.de\/wp-content\/uploads\/2023\/02\/Leitbild-02-1024x569.png",640,356,true],"1536x1536":["https:\/\/www.anika-net.de\/wp-content\/uploads\/2023\/02\/Leitbild-02-1536x853.png",1536,853,true],"2048x2048":["https:\/\/www.anika-net.de\/wp-content\/uploads\/2023\/02\/Leitbild-02.png",2000,1111,false],"event-overview":["https:\/\/www.anika-net.de\/wp-content\/uploads\/2023\/02\/Leitbild-02-960x640.png",960,640,true],"event-archive-thumb":["https:\/\/www.anika-net.de\/wp-content\/uploads\/2023\/02\/Leitbild-02-480x267.png",480,267,true],"grid-item-thumbnail":["https:\/\/www.anika-net.de\/wp-content\/uploads\/2023\/02\/Leitbild-02-360x200.png",360,200,true],"network-partner-icon":["https:\/\/www.anika-net.de\/wp-content\/uploads\/2023\/02\/Leitbild-02-100x100.png",100,100,true],"organiser-icon":["https:\/\/www.anika-net.de\/wp-content\/uploads\/2023\/02\/Leitbild-02-200x200.png",200,200,true],"gform-image-choice-sm":["https:\/\/www.anika-net.de\/wp-content\/uploads\/2023\/02\/Leitbild-02.png",300,167,false],"gform-image-choice-md":["https:\/\/www.anika-net.de\/wp-content\/uploads\/2023\/02\/Leitbild-02.png",400,222,false],"gform-image-choice-lg":["https:\/\/www.anika-net.de\/wp-content\/uploads\/2023\/02\/Leitbild-02.png",600,333,false]},"uagb_author_info":{"display_name":"Andrea Ramirez","author_link":"https:\/\/www.anika-net.de\/pl\/author\/andrea-ramirez\/"},"uagb_comment_info":0,"uagb_excerpt":"Za czym si\u0119 opowiadamy?&nbsp; Ani\u00adKA \u2014 Ankom\u00admen in Karls\u00adru\u00adhe (Przy\u00adjazd do Karls\u00adru\u00adhe) to sojusz pod\u00admio\u00adt\u00f3w dzia\u00ad\u0142a\u00adj\u0105\u00adcych na rzecz poli\u00adty\u00adki inte\u00adgra\u00adcyj\u00adnej w mie\u00ad\u015bcie Karls\u00adru\u00adhe. Celem soju\u00adszu Ani\u00adKA jest dal\u00adszy roz\u00adw\u00f3j Struk\u00adtu\u00adry&nbsp;czytaj wi\u0119cej","_links":{"self":[{"href":"https:\/\/www.anika-net.de\/pl\/wp-json\/wp\/v2\/pages\/60572","targetHints":{"allow":["GET"]}}],"collection":[{"href":"https:\/\/www.anika-net.de\/pl\/wp-json\/wp\/v2\/pages"}],"about":[{"href":"https:\/\/www.anika-net.de\/pl\/wp-json\/wp\/v2\/types\/page"}],"author":[{"embeddable":true,"href":"https:\/\/www.anika-net.de\/pl\/wp-json\/wp\/v2\/users\/12"}],"replies":[{"embeddable":true,"href":"https:\/\/www.anika-net.de\/pl\/wp-json\/wp\/v2\/comments?post=60572"}],"version-history":[{"count":1,"href":"https:\/\/www.anika-net.de\/pl\/wp-json\/wp\/v2\/pages\/60572\/revisions"}],"predecessor-version":[{"id":60573,"href":"https:\/\/www.anika-net.de\/pl\/wp-json\/wp\/v2\/pages\/60572\/revisions\/60573"}],"up":[{"embeddable":true,"href":"https:\/\/www.anika-net.de\/pl\/wp-json\/wp\/v2\/pages\/60569"}],"wp:featuredmedia":[{"embeddable":true,"href":"https:\/\/www.anika-net.de\/pl\/wp-json\/wp\/v2\/media\/31845"}],"wp:attachment":[{"href":"https:\/\/www.anika-net.de\/pl\/wp-json\/wp\/v2\/media?parent=60572"}],"curies":[{"name":"wp","href":"https:\/\/api.w.org\/{rel}","templated":true}]}}