{"id":60563,"date":"2025-04-15T14:22:44","date_gmt":"2025-04-15T12:22:44","guid":{"rendered":"https:\/\/www.anika-net.de\/mieszkania-socjalne\/"},"modified":"2025-07-15T13:23:36","modified_gmt":"2025-07-15T11:23:36","slug":"mieszkania-socjalne","status":"publish","type":"page","link":"https:\/\/www.anika-net.de\/pl\/pierwsze-kroki\/zakwaterowanie\/mieszkania-socjalne\/","title":{"rendered":"Miesz\u00adka\u00adnia socjalne"},"content":{"rendered":"\n<p>W Niem\u00adczech oso\u00adby o niskich docho\u00addach mog\u0105 wynaj\u00admo\u00adwa\u0107 miesz\u00adka\u00adnia w ramach pro\u00adjek\u00adt\u00f3w budow\u00adnic\u00adtwa socjal\u00adne\u00adgo. Aby wyna\u00adj\u0105\u0107 jed\u00adno z takich miesz\u00adka\u0144, wyma\u00adga\u00adny jest <strong><em>Wohn\u00adbe\u00adrech\u00adti\u00adgungs\u00adsche\u00adin<\/em> (za\u015bwiad\u00adcze\u00adnie o kwa\u00adli\u00adfi\u00adko\u00adwal\u00adno\u00ad\u015bci do miesz\u00adka\u0144 socjal\u00adnych).<\/strong> <\/p>\n\n<div class=\"wp-block-buttons is-layout-flex wp-block-buttons-is-layout-flex\">\n<div class=\"wp-block-button has-custom-width wp-block-button__width-50\"><a class=\"wp-block-button__link has-background wp-element-button\" href=\"https:\/\/pdf.form-solutions.net\/metaform\/Form-Solutions\/?5&amp;releaseUserId=08212000-0001-0000&amp;releaseID=62e3be268619d807a8ef4d44&amp;releaseOrganizationID=08212000-0001&amp;assistant=KFAS_Antrag_Wohnberechtigungsschein&amp;translation=false&amp;storable=true&amp;fileUrl=https%253A%252F%252Fpdf.form-solutions.net%252Fmetaform%252FForm-Solutions%252Fsid%252Fassistant%252F62e3be268619d807a8ef4d44&amp;oID=08212000-0001&amp;kdnr=08212000-0001\" style=\"background-color:#13a298\" rel=\"https:\/\/pdf.form-solutions.net\/metaform\/Form-Solutions\/?5&amp;releaseUserId=08212000-0001-0000&amp;releaseID=62e3be268619d807a8ef4d44&amp;releaseOrganizationID=08212000-0001&amp;assistant=KFAS_Antrag_Wohnberechtigungsschein&amp;translation=false&amp;storable=true&amp;fileUrl=https%253A%252F%252Fpdf.form-solutions.net%252Fmetaform%252FForm-Solutions%252Fsid%252Fassistant%252F62e3be268619d807a8ef4d44&amp;oID=08212000-0001&amp;kdnr=08212000-0001 noopener\"><strong>Z\u0142\u00f3\u017c wnio\u00adsek o cer\u00adty\u00adfi\u00adkat <br>dla miesz\u00adka\u0144 socjalnych<\/strong><\/a><\/div>\n<\/div>\n\n<p><strong>Wnio\u00adsek nale\u00ad\u017cy wype\u0142\u00adni\u0107 onli\u00adne i pod\u00adpi\u00adsa\u0107 na stro\u00adnie<\/strong> \u270d\ud83c\udffc<br> . Nast\u0119p\u00adnie mo\u017c\u00adna wys\u0142a\u0107 for\u00admu\u00adlarz wnio\u00adsku \ud83d\udcec<strong> pocz\u00adt\u0105<\/strong> <strong>lub<\/strong> <strong>zeska\u00adno\u00adwa\u00adny<\/strong> \ud83d\udce7 wbs@la.karlsruhe.de.<\/p>\n\n<h2 class=\"wp-block-heading\">Wyma\u00adga\u00adnia doty\u00adcz\u0105\u00adce cer\u00adty\u00adfi\u00adka\u00adtu dla miesz\u00adka\u0144 socjalnych&nbsp;\ud83c\udfd8<\/h2>\n\n<ul class=\"wp-block-list\">\n<li>Szu\u00adkasz&nbsp;domu.<\/li>\n\n\n\n<li>Ty i cz\u0142on\u00adko\u00adwie Two\u00adje\u00adgo gospo\u00addar\u00adstwa domo\u00adwe\u00adgo nie prze\u00adkra\u00adcza\u00adcie limi\u00adtu dochod\u00f3w.<\/li>\n<\/ul>\n\n<p>Rocz\u00adny doch\u00f3d jest obli\u00adcza\u00adny oddziel\u00adnie dla ka\u017c\u00addej oso\u00adby w gospo\u00addar\u00adstwie domowym.<\/p>\n\n<details class=\"wp-block-stackable-accordion stk-block-accordion stk-inner-blocks stk-block-content stk-block stk-d027d3a is-style-default\" data-block-id=\"d027d3a\">\n<summary class=\"wp-block-stackable-column stk-block-column stk-column stk-block stk-d85fa60 stk--container-small stk-block-accordion__heading\" data-v=\"4\" data-block-id=\"d85fa60\"><style>.stk-d85fa60-container{max-width:926px !important;min-width:auto !important;}<\/style><div class=\"stk-column-wrapper stk-block-column__content stk-container stk-d85fa60-container stk-hover-parent\"><div class=\"stk-block-content stk-inner-blocks stk-d85fa60-inner-blocks\">\n<div class=\"wp-block-stackable-icon-label stk-block-icon-label stk-block stk-af9ecac\" data-block-id=\"af9ecac\"><div class=\"stk-row stk-inner-blocks stk-block-content\">\n<div class=\"wp-block-stackable-heading stk-block-heading stk-block-heading--v2 stk-block stk-58784f9\" id=\"span-style-color-ffffff-class-stk-highlight-annual-income-span\" data-block-id=\"58784f9\"><h4 class=\"stk-block-heading__text\"><span style=\"color: #ffffff;\" class=\"stk-highlight\">Rocz\u00adny doch\u00f3d<\/span><\/h4><\/div>\n\n\n\n<div class=\"wp-block-stackable-icon stk-block-icon stk-block stk-b5ed8df\" data-block-id=\"b5ed8df\"><span class=\"stk--svg-wrapper\"><div class=\"stk--inner-svg\"><svg style=\"height:0;width:0\"><defs><linearGradient id=\"linear-gradient-b5ed8df\" x1=\"0\" x2=\"100%\" y1=\"0\" y2=\"0\"><stop offset=\"0%\" style=\"stop-opacity:1;stop-color:var(--linear-gradient-b-5-ed-8-df-color-1)\" \/><stop offset=\"100%\" style=\"stop-opacity:1;stop-color:var(--linear-gradient-b-5-ed-8-df-color-2)\" \/><\/linearGradient><\/defs><\/svg><svg data-prefix=\"fas\" data-icon=\"chevron-down\" class=\"svg-inline--fa fa-chevron-down fa-w-14\" viewBox=\"0 0 448 512\" aria-hidden=\"true\" width=\"32\" height=\"32\"><path fill=\"currentColor\" d=\"M207.029 381.476L12.686 187.132c-9.373-9.373-9.373-24.569 0-33.941l22.667-22.667c9.357-9.357 24.522-9.375 33.901-.04L224 284.505l154.745-154.021c9.379-9.335 24.544-9.317 33.901.04l22.667 22.667c9.373 9.373 9.373 24.569 0 33.941L240.971 381.476c-9.373 9.372-24.569 9.372-33.942 0z\" \/><\/svg><\/div><\/span><\/div>\n<\/div><\/div>\n<\/div><\/div><\/summary>\n\n\n\n<div class=\"wp-block-stackable-column stk-block-column stk-column stk-block stk-771a628 stk-block-accordion__content\" data-v=\"4\" data-block-id=\"771a628\"><div class=\"stk-column-wrapper stk-block-column__content stk-container stk-771a628-container stk--no-background stk--no-padding\"><div class=\"stk-block-content stk-inner-blocks stk-771a628-inner-blocks\">\n<div class=\"wp-block-stackable-text stk-block-text stk-block stk-849bacc\" data-block-id=\"849bacc\"><p class=\"stk-block-text__text\">Tw\u00f3j <strong>rocz\u00adny doch\u00f3d<\/strong> obej\u00admu\u00adje wszyst\u00adkie zarob\u00adki \u2014 nie\u00adza\u00adle\u017c\u00adnie od tego, czy pod\u00adle\u00adga\u00adj\u0105 <strong>opo\u00addat\u00adko\u00adwa\u00adniu, czy s\u0105 wol\u00adne od podat\u00adku<\/strong>. Oto, co jest bra\u00adne pod uwa\u00adg\u0119: <br><br><strong>\ud83d\udc77 Je\u015bli jeste\u015b zatrud\u00adnio\u00adny (nie pra\u00adcu\u00adjesz na w\u0142a\u00adsny rachu\u00adnek):<\/strong><br>\u25aa Two\u00adje <strong>rocz\u00adne wyna\u00adgro\u00addze\u00adnie brut\u00adto<\/strong><br>\u25aa Minus uzna\u00adne odli\u00adcze\u00adnia podat\u00adko\u00adwe (np. kosz\u00adty dojaz\u00addu do&nbsp;pracy)<\/p><\/div>\n\n\n\n<p>\ud83e\uddd1\u200d\ud83d\udcbc <strong>Je\u015bli pra\u00adcu\u00adjesz na w\u0142a\u00adsny rachu\u00adnek (w tym w rol\u00adnic\u00adtwie, le\u015bnic\u00adtwie lub pro\u00adwa\u00addzisz dzia\u00ad\u0142al\u00adno\u015b\u0107 gospo\u00addar\u00adcz\u0105):<\/strong><br>\u25aa Tw\u00f3j <strong>zysk net\u00adto<\/strong> po odli\u00adcze\u00adniu kosz\u00adt\u00f3w pro\u00adwa\u00addze\u00adnia dzia\u00ad\u0142al\u00adno\u00ad\u015bci gospodarczej<\/p>\n\n\n\n<p><strong>\ud83c\udfe0 Je\u015bli uzy\u00adsku\u00adjesz doch\u00f3d z wynaj\u00admu lub kapi\u00adta\u00ad\u0142u (np. inwe\u00adsty\u00adcji):<\/strong><br>\u25aa <strong>Doch\u00f3d net\u00adto<\/strong> (ca\u0142\u00adko\u00adwi\u00adty doch\u00f3d minus dopusz\u00adczal\u00adne odli\u00adcze\u00adnia podatkowe)<\/p>\n\n\n\n<p><strong>\ud83e\uddd3 Je\u015bli otrzy\u00admu\u00adjesz eme\u00adry\u00adtu\u00adr\u0119:<\/strong><br><strong>Doch\u00f3d z eme\u00adry\u00adtu\u00adry<\/strong> pomniej\u00adszo\u00adny o dopusz\u00adczal\u00adne odli\u00adcze\u00adnia podatkowe<\/p>\n\n\n\n<h3 class=\"wp-block-heading\">\u2705 Licz\u0105 si\u0119 r\u00f3w\u00adnie\u017c korzy\u00ad\u015bci zwol\u00adnio\u00adne z podat\u00adku, takie&nbsp;jak<\/h3>\n\n\n\n<ul class=\"wp-block-list\">\n<li>Zasi\u00ad\u0142ek dla bez\u00adro\u00adbot\u00adnych (Arbe\u00adit\u00adslo\u00adsen\u00adgeld)<\/li>\n\n\n\n<li>Doda\u00adtek za pra\u00adc\u0119 kr\u00f3t\u00adko\u00adter\u00admi\u00adno\u00adw\u0105 (Kurzar\u00adbe\u00aditer\u00adgeld)<\/li>\n\n\n\n<li>Zasi\u00ad\u0142ek przej\u00ad\u015bcio\u00adwy (\u00dcber\u00adgangs\u00adgeld)<\/li>\n\n\n\n<li>P\u0142at\u00adno\u00ad\u015bci zwi\u0105\u00adza\u00adne z niewyp\u0142acalno\u015bci\u0105<\/li>\n\n\n\n<li>Wspar\u00adcie integracji<\/li>\n\n\n\n<li><strong>Doch\u00f3d oby\u00adwa\u00adtel\u00adski (B\u00fcr\u00adger\u00adgeld)<\/strong> i inna pod\u00adsta\u00adwo\u00adwa pomoc spo\u00ad\u0142ecz\u00adna (SGB&nbsp;II)<\/li>\n<\/ul>\n\n\n\n<hr class=\"wp-block-separator has-alpha-channel-opacity\">\n\n\n\n<p><strong>\ud83d\udc69\u200d\ud83d\udc67 Dla rodzi\u00adc\u00f3w samot\u00adnie wycho\u00adwu\u00adj\u0105\u00adcych dzie\u00adci:<\/strong><br>Je\u015bli jeste\u015b <strong>rodzi\u00adcem samot\u00adnie<\/strong> wycho\u00adwu\u00adj\u0105\u00adcym co naj\u00admniej jed\u00adno dziec\u00adko miesz\u00adka\u00adj\u0105\u00adce z Tob\u0105 (na kt\u00f3\u00adre otrzy\u00admu\u00adjesz zasi\u00ad\u0142ek rodzin\u00adny lub ulg\u0119 podat\u00adko\u00adw\u0105), Tw\u00f3j doch\u00f3d jest <strong>pomniej\u00adsza\u00adny o spe\u00adcjal\u00adn\u0105 kwo\u00adt\u0119 ulgi podat\u00adko\u00adwej<\/strong>.<\/p>\n\n\n\n<hr class=\"wp-block-separator has-alpha-channel-opacity\">\n\n\n\n<h4 class=\"wp-block-heading\">\u2696\ufe0f W przy\u00adpad\u00adku praw\u00adnych zobo\u00adwi\u0105\u00adza\u0144 ali\u00admen\u00adta\u00adcyj\u00adnych (np. po sepa\u00adra\u00adcji lub rozwodzie):<\/h4>\n\n\n\n<ul class=\"wp-block-list\">\n<li>Dla <strong>oso\u00adby otrzy\u00admu\u00adj\u0105\u00adcej ali\u00admen\u00adty<\/strong> pe\u0142\u00adna kwo\u00adta liczy si\u0119 jako doch\u00f3d.<\/li>\n\n\n\n<li>W przy\u00adpad\u00adku <strong>oso\u00adby p\u0142a\u00adc\u0105\u00adcej ali\u00admen\u00adty<\/strong> kwo\u00adty te mo\u017c\u00adna odliczy\u0107:&nbsp;<ul class=\"wp-block-list\">\n<li><strong>Do 3000 euro na dziec\u00adko rocznie<\/strong><\/li>\n\n\n\n<li><strong>Do 6 000 euro rocz\u00adnie<\/strong> na utrzy\u00adma\u00adnie ma\u0142\u00ad\u017con\u00adka (po separacji\/rozwodzie)<\/li>\n<\/ul>\n<\/li>\n<\/ul>\n\n\n\n<hr class=\"wp-block-separator has-alpha-channel-opacity\">\n\n\n\n<p>Aby obli\u00adczy\u0107 \ud83e\uddfe <strong><span style=\"color: #0a838c;\" class=\"stk-highlight\">ca\u0142\u00adko\u00adwi\u00adty doch\u00f3d gospo\u00addar\u00adstwa domo\u00adwe\u00adgo<\/span><\/strong><strong>rocz\u00adne docho\u00addy wszyst\u00adkich os\u00f3b w gospo\u00addar\u00adstwie domo\u00adwym s\u0105 sumo\u00adwa\u00adne<\/strong>.<\/p>\n<\/div><\/div><\/div>\n<\/details>\n\n<div class=\"wp-block-ugb-spacer ugb-spacer ugb-b05f2c1 ugb-spacer--v2 ugb-main-block\"><div class=\"ugb-inner-block\"><div class=\"ugb-block-content\"><div class=\"ugb-spacer--inner\"><\/div><\/div><\/div><\/div>\n\n<div class=\"wp-block-ugb-columns ugb-columns ugb-e78dd8a ugb-columns--design-plain ugb-columns--columns-4 ugb-main-block\"><div class=\"ugb-inner-block\"><div class=\"ugb-block-content\"><div class=\"ugb-columns__item ugb-e78dd8a-content-wrapper\">\n<div class=\"wp-block-ugb-column ugb-column ugb-1d5f70a ugb-column--design-plain ugb-main-block\"><div class=\"ugb-inner-block\"><div class=\"ugb-block-content\"><div class=\"ugb-column__item ugb-1d5f70a-column-wrapper\"><div class=\"ugb-column__content-wrapper\">\n<p><strong>Gdzie?<\/strong><br> Lie\u00adgen\u00adscha\u00adft\u00adsamt<br>\ud83d\udccd Lam\u00adm\u00adstra\u00ad\u00dfe 7a, Rathau\u00adspas\u00adsa\u00adge<br>76133 Karls\u00adru\u00adhe<\/p>\n\n\n\n<p><br><\/p>\n<\/div><\/div><\/div><\/div><\/div>\n\n\n\n<div class=\"wp-block-ugb-column ugb-column ugb-fcc03f4 ugb-column--design-plain ugb-main-block\"><div class=\"ugb-inner-block\"><div class=\"ugb-block-content\"><div class=\"ugb-column__item ugb-fcc03f4-column-wrapper\"><div class=\"ugb-column__content-wrapper\">\n<p><strong>Co powi\u00adnie\u00adnem ze sob\u0105 zabra\u0107?<\/strong><\/p>\n\n\n\n<ul class=\"wp-block-list\">\n<li>Pasz\u00adport lub dow\u00f3d osobisty<\/li>\n\n\n\n<li>Doku\u00adment pobytowy&nbsp;<\/li>\n\n\n\n<li>Dow\u00f3d docho\u00addu<br>\u25aa W przy\u00adpad\u00adku os\u00f3b samo\u00adza\u00adtrud\u00adnio\u00adnych: ostat\u00adnie za\u015bwiad\u00adcze\u00adnie o dochodach.&nbsp;<\/li>\n\n\n\n<li>Aktu\u00adal\u00adna umo\u00adwa&nbsp;najmu<\/li>\n<\/ul>\n<\/div><\/div><\/div><\/div><\/div>\n\n\n\n<div class=\"wp-block-ugb-column ugb-column ugb-c0e2b5b ugb-column--design-plain ugb-main-block\"><div class=\"ugb-inner-block\"><div class=\"ugb-block-content\"><div class=\"ugb-column__item ugb-c0e2b5b-column-wrapper\"><div class=\"ugb-column__content-wrapper\">\n<p><strong>Co otrzy\u00admu\u00adjesz?<\/strong><\/p>\n\n\n\n<ul class=\"wp-block-list\">\n<li>Za\u015bwiad\u00adcze\u00adnie o kwa\u00adli\u00adfi\u00adko\u00adwal\u00adno\u00ad\u015bci do miesz\u00adka\u00adnia socjal\u00adne\u00adgo <span style=\"color: #747373;\" class=\"stk-highlight\">(nale\u00ad\u017cy zacho\u00adwa\u0107 ten doku\u00adment do wyko\u00adrzy\u00adsta\u00adnia w przysz\u0142o\u015bci)<\/span><\/li>\n<\/ul>\n<\/div><\/div><\/div><\/div><\/div>\n\n\n\n<div class=\"wp-block-ugb-column ugb-column ugb-440a1f3 ugb-column--design-plain ugb-main-block\"><div class=\"ugb-inner-block\"><div class=\"ugb-block-content\"><div class=\"ugb-column__item ugb-440a1f3-column-wrapper\"><div class=\"ugb-column__content-wrapper\">\n<p><strong>Kon\u00adtakt<\/strong><\/p>\n\n\n\n<p>\ud83d\udcde 0721 133\u20116414<br>\ud83d\udcde 0721 133\u20116423<br>\ud83d\udce7wbs@la.karlsruhe.de<\/p>\n<\/div><\/div><\/div><\/div><\/div>\n<\/div><\/div><\/div><\/div>\n","protected":false},"excerpt":{"rendered":"<p>W Niem\u00adczech oso\u00adby o niskich docho\u00addach mog\u0105 wynaj\u00admo\u00adwa\u0107 miesz\u00adka\u00adnia w ramach pro\u00adjek\u00adt\u00f3w budow\u00adnic\u00adtwa socjal\u00adne\u00adgo. Aby wyna\u00adj\u0105\u0107 jed\u00adno z takich miesz\u00adka\u0144, wyma\u00adga\u00adny jest Wohn\u00adbe\u00adrech\u00adti\u00adgungs\u00adsche\u00adin (za\u015bwiad\u00adcze\u00adnie o kwa\u00adli\u00adfi\u00adko\u00adwal\u00adno\u00ad\u015bci do miesz\u00adka\u0144 socjal\u00adnych). Wnio\u00adsek&nbsp;<a class=\"moretag\" href=\"https:\/\/www.anika-net.de\/pl\/pierwsze-kroki\/zakwaterowanie\/mieszkania-socjalne\/\">czy\u00adtaj wi\u0119cej<\/a><\/p>\n","protected":false},"author":12,"featured_media":0,"parent":60594,"menu_order":22,"comment_status":"closed","ping_status":"closed","template":"","meta":{"_acf_changed":false,"inline_featured_image":false,"_uag_custom_page_level_css":"","wp_typography_post_enhancements_disabled":false,"footnotes":""},"class_list":["post-60563","page","type-page","status-publish","hentry"],"acf":[],"featured_image_urls_v2":{"full":"","thumbnail":"","medium":"","medium_large":"","large":"","1536x1536":"","2048x2048":"","event-overview":"","event-archive-thumb":"","grid-item-thumbnail":"","network-partner-icon":"","organiser-icon":"","gform-image-choice-sm":"","gform-image-choice-md":"","gform-image-choice-lg":""},"post_excerpt_stackable_v2":"<p>W Niem\u00adczech oso\u00adby o niskich docho\u00addach mog\u0105 wynaj\u00admo\u00adwa\u0107 miesz\u00adka\u00adnia w ramach pro\u00adjek\u00adt\u00f3w budow\u00adnic\u00adtwa socjal\u00adne\u00adgo. Aby wyna\u00adj\u0105\u0107 jed\u00adno z takich miesz\u00adka\u0144, wyma\u00adga\u00adny jest Wohn\u00adbe\u00adrech\u00adti\u00adgungs\u00adsche\u00adin (za\u015bwiad\u00adcze\u00adnie o kwa\u00adli\u00adfi\u00adko\u00adwal\u00adno\u00ad\u015bci do miesz\u00adka\u0144 socjal\u00adnych). Z\u0142\u00f3\u017c wnio\u00adsek o cer\u00adty\u00adfi\u00adkat dla miesz\u00adka\u0144 socjal\u00adnych Wnio\u00adsek nale\u00ad\u017cy wype\u0142\u00adni\u0107 onli\u00adne i pod\u00adpi\u00adsa\u0107 na stro\u00adnie \u270d\ud83c\udffc . Nast\u0119p\u00adnie mo\u017c\u00adna wys\u0142a\u0107 for\u00admu\u00adlarz wnio\u00adsku \ud83d\udcec pocz\u00adt\u0105 lub zeska\u00adno\u00adwa\u00adny \ud83d\udce7 wbs@la.karlsruhe.de. Wyma\u00adga\u00adnia doty\u00adcz\u0105\u00adce cer\u00adty\u00adfi\u00adka\u00adtu dla miesz\u00adka\u0144 socjal\u00adnych&nbsp;\ud83c\udfd8 Szu\u00adkasz&nbsp;domu. Ty i cz\u0142on\u00adko\u00adwie Two\u00adje\u00adgo gospo\u00addar\u00adstwa domo\u00adwe\u00adgo nie prze\u00adkra\u00adcza\u00adcie limi\u00adtu docho\u00add\u00f3w. Rocz\u00adny doch\u00f3d jest obli\u00adcza\u00adny oddziel\u00adnie dla ka\u017c\u00addej oso\u00adby w gospo\u00addar\u00adstwie domo\u00adwym. Rocz\u00adny doch\u00f3d Tw\u00f3j rocz\u00adny doch\u00f3d obej\u00admu\u00adje wszyst\u00adkie zarob\u00adki \u2014 nie\u00adza\u00adle\u017c\u00adnie od tego, czy pod\u00adle\u00adga\u00adj\u0105 opodatkowaniu,\u2026<\/p>\n","category_list_v2":"","author_info_v2":{"name":"Andrea Ramirez","url":"https:\/\/www.anika-net.de\/pl\/author\/andrea-ramirez\/"},"comments_num_v2":"0 comments","uagb_featured_image_src":{"full":false,"thumbnail":false,"medium":false,"medium_large":false,"large":false,"1536x1536":false,"2048x2048":false,"event-overview":false,"event-archive-thumb":false,"grid-item-thumbnail":false,"network-partner-icon":false,"organiser-icon":false,"gform-image-choice-sm":false,"gform-image-choice-md":false,"gform-image-choice-lg":false},"uagb_author_info":{"display_name":"Andrea Ramirez","author_link":"https:\/\/www.anika-net.de\/pl\/author\/andrea-ramirez\/"},"uagb_comment_info":0,"uagb_excerpt":"W Niem\u00adczech oso\u00adby o niskich docho\u00addach mog\u0105 wynaj\u00admo\u00adwa\u0107 miesz\u00adka\u00adnia w ramach pro\u00adjek\u00adt\u00f3w budow\u00adnic\u00adtwa socjal\u00adne\u00adgo. Aby wyna\u00adj\u0105\u0107 jed\u00adno z takich miesz\u00adka\u0144, wyma\u00adga\u00adny jest Wohn\u00adbe\u00adrech\u00adti\u00adgungs\u00adsche\u00adin (za\u015bwiad\u00adcze\u00adnie o kwa\u00adli\u00adfi\u00adko\u00adwal\u00adno\u00ad\u015bci do miesz\u00adka\u0144 socjal\u00adnych). Wnio\u00adsek&nbsp;czytaj wi\u0119cej","_links":{"self":[{"href":"https:\/\/www.anika-net.de\/pl\/wp-json\/wp\/v2\/pages\/60563","targetHints":{"allow":["GET"]}}],"collection":[{"href":"https:\/\/www.anika-net.de\/pl\/wp-json\/wp\/v2\/pages"}],"about":[{"href":"https:\/\/www.anika-net.de\/pl\/wp-json\/wp\/v2\/types\/page"}],"author":[{"embeddable":true,"href":"https:\/\/www.anika-net.de\/pl\/wp-json\/wp\/v2\/users\/12"}],"replies":[{"embeddable":true,"href":"https:\/\/www.anika-net.de\/pl\/wp-json\/wp\/v2\/comments?post=60563"}],"version-history":[{"count":2,"href":"https:\/\/www.anika-net.de\/pl\/wp-json\/wp\/v2\/pages\/60563\/revisions"}],"predecessor-version":[{"id":63502,"href":"https:\/\/www.anika-net.de\/pl\/wp-json\/wp\/v2\/pages\/60563\/revisions\/63502"}],"up":[{"embeddable":true,"href":"https:\/\/www.anika-net.de\/pl\/wp-json\/wp\/v2\/pages\/60594"}],"wp:attachment":[{"href":"https:\/\/www.anika-net.de\/pl\/wp-json\/wp\/v2\/media?parent=60563"}],"curies":[{"name":"wp","href":"https:\/\/api.w.org\/{rel}","templated":true}]}}