{"id":58704,"date":"2025-02-19T11:30:06","date_gmt":"2025-02-19T10:30:06","guid":{"rendered":"https:\/\/www.anika-net.de\/polityka-prywatnosci\/"},"modified":"2025-02-19T11:30:07","modified_gmt":"2025-02-19T10:30:07","slug":"polityka-prywatnosci","status":"publish","type":"page","link":"https:\/\/www.anika-net.de\/pl\/polityka-prywatnosci\/","title":{"rendered":"Poli\u00adty\u00adka prywatno\u015bci"},"content":{"rendered":"\n<h2 class=\"wp-block-heading\">Poli\u00adty\u00adka prywatno\u015bci<\/h2>\n\n<h2 class=\"wp-block-heading\">1. Prze\u00adgl\u0105d ochro\u00adny danych<\/h2>\n\n<h3 class=\"wp-block-heading\">Infor\u00adma\u00adcje og\u00f3lne<\/h3>\n\n<p>Poni\u017c\u00adsze infor\u00adma\u00adcje zapew\u00adnia\u00adj\u0105 \u0142atwy w nawi\u00adga\u00adcji prze\u00adgl\u0105d tego, co sta\u00adnie si\u0119 z Two\u00adimi dany\u00admi oso\u00adbo\u00adwy\u00admi pod\u00adczas odwie\u00addza\u00adnia tej witry\u00adny. Ter\u00admin \u201cdane oso\u00adbo\u00adwe\u201d obej\u00admu\u00adje wszyst\u00adkie dane, kt\u00f3\u00adre mo\u017c\u00adna wyko\u00adrzy\u00adsta\u0107 do oso\u00adbi\u00adstej iden\u00adty\u00adfi\u00adka\u00adcji u\u017cyt\u00adkow\u00adni\u00adka. Aby uzy\u00adska\u0107 szcze\u00adg\u00f3\u00ad\u0142o\u00adwe infor\u00adma\u00adcje na temat ochro\u00adny danych, nale\u00ad\u017cy zapo\u00adzna\u0107 si\u0119 z nasz\u0105 Dekla\u00adra\u00adcj\u0105 ochro\u00adny danych, kt\u00f3\u00adr\u0105 zamie\u00ad\u015bci\u00adli\u00ad\u015bmy pod niniej\u00adsz\u0105&nbsp;kopi\u0105.&nbsp;<\/p>\n\n<h3 class=\"wp-block-heading\">Reje\u00adstro\u00adwa\u00adnie danych na tej stro\u00adnie internetowej<\/h3>\n\n<h4 class=\"wp-block-heading\">Kto jest pod\u00admio\u00adtem odpo\u00adwie\u00addzial\u00adnym za reje\u00adstro\u00adwa\u00adnie danych na tej stro\u00adnie inter\u00adne\u00adto\u00adwej (tj. \u201cadmi\u00adni\u00adstra\u00adto\u00adrem danych\u201d)?<\/h4>\n\n<p>Dane na tej stro\u00adnie inter\u00adne\u00adto\u00adwej s\u0105 prze\u00adtwa\u00adrza\u00adne przez ope\u00adra\u00adto\u00adra stro\u00adny inter\u00adne\u00adto\u00adwej, kt\u00f3\u00adre\u00adgo dane kon\u00adtak\u00adto\u00adwe s\u0105 dost\u0119p\u00adne w sek\u00adcji \u201cInfor\u00adma\u00adcje o pod\u00admio\u00adcie odpo\u00adwie\u00addzial\u00adnym (zwa\u00adnym w RODO \u201cadmi\u00adni\u00adstra\u00adto\u00adrem\u201d)\u201d w niniej\u00adszej Poli\u00adty\u00adce prywatno\u015bci.<\/p>\n\n<h4 class=\"wp-block-heading\">Jak reje\u00adstru\u00adje\u00admy dane u\u017cytkownik\u00f3w?<\/h4>\n\n<p>Gro\u00adma\u00addzi\u00admy dane u\u017cyt\u00adkow\u00adni\u00adka w wyni\u00adku udo\u00adst\u0119p\u00adnie\u00adnia nam przez nie\u00adgo swo\u00adich danych. Mog\u0105 to by\u0107 na przy\u00adk\u0142ad infor\u00adma\u00adcje wpro\u00adwa\u00addzo\u00adne do nasze\u00adgo for\u00admu\u00adla\u00adrza kontaktowego.&nbsp;<\/p>\n\n<p>Inne dane s\u0105 reje\u00adstro\u00adwa\u00adne przez nasze sys\u00adte\u00admy infor\u00adma\u00adtycz\u00adne auto\u00adma\u00adtycz\u00adnie lub po wyra\u00ad\u017ce\u00adniu przez u\u017cyt\u00adkow\u00adni\u00adka zgo\u00addy na ich reje\u00adstro\u00adwa\u00adnie pod\u00adczas wizy\u00adty na stro\u00adnie inter\u00adne\u00adto\u00adwej. Dane te obej\u00admu\u00adj\u0105 przede wszyst\u00adkim infor\u00adma\u00adcje tech\u00adnicz\u00adne (np. prze\u00adgl\u0105\u00addar\u00adka inter\u00adne\u00adto\u00adwa, sys\u00adtem ope\u00adra\u00adcyj\u00adny lub czas dost\u0119\u00adpu do witry\u00adny). Infor\u00adma\u00adcje te s\u0105 reje\u00adstro\u00adwa\u00adne auto\u00adma\u00adtycz\u00adnie pod\u00adczas uzy\u00adski\u00adwa\u00adnia dost\u0119\u00adpu do tej witryny.&nbsp;<\/p>\n\n<h4 class=\"wp-block-heading\">Do jakich cel\u00f3w wyko\u00adrzy\u00adstu\u00adje\u00admy dane u\u017cytkownik\u00f3w?<\/h4>\n\n<p>Cz\u0119\u015b\u0107 infor\u00adma\u00adcji jest gene\u00adro\u00adwa\u00adna w celu zagwa\u00adran\u00adto\u00adwa\u00adnia bez\u00adb\u0142\u0119d\u00adne\u00adgo dzia\u00ad\u0142a\u00adnia witry\u00adny. Inne dane mog\u0105 by\u0107 wyko\u00adrzy\u00adsty\u00adwa\u00adne do ana\u00adli\u00adzy wzor\u00adc\u00f3w u\u017cytkownika.&nbsp;<\/p>\n\n<h4 class=\"wp-block-heading\">Jakie pra\u00adwa przy\u00ads\u0142u\u00adgu\u00adj\u0105 u\u017cyt\u00adkow\u00adni\u00adko\u00adwi w odnie\u00adsie\u00adniu do jego danych?<\/h4>\n\n<p>U\u017cyt\u00adkow\u00adnik ma pra\u00adwo do otrzy\u00adma\u00adnia infor\u00adma\u00adcji o \u017ar\u00f3\u00addle, odbior\u00adcach i celach zar\u00adchi\u00adwi\u00adzo\u00adwa\u00adnych danych oso\u00adbo\u00adwych w dowol\u00adnym momen\u00adcie bez koniecz\u00adno\u00ad\u015bci uisz\u00adcza\u00adnia op\u0142a\u00adty za takie ujaw\u00adnie\u00adnie. U\u017cyt\u00adkow\u00adnik ma r\u00f3w\u00adnie\u017c pra\u00adwo za\u017c\u0105\u00adda\u0107 spro\u00adsto\u00adwa\u00adnia lub usu\u00adni\u0119\u00adcia swo\u00adich danych. Je\u015bli u\u017cyt\u00adkow\u00adnik wyra\u00adzi\u0142 zgo\u00add\u0119 na prze\u00adtwa\u00adrza\u00adnie danych, ma mo\u017c\u00adli\u00adwo\u015b\u0107 cof\u00adni\u0119\u00adcia tej zgo\u00addy w dowol\u00adnym momen\u00adcie, co b\u0119dzie mia\u00ad\u0142o wp\u0142yw na prze\u00adtwa\u00adrza\u00adnie danych w przy\u00adsz\u0142o\u00ad\u015bci. Ponad\u00adto u\u017cyt\u00adkow\u00adnik ma pra\u00adwo za\u017c\u0105\u00adda\u0107 ogra\u00adni\u00adcze\u00adnia prze\u00adtwa\u00adrza\u00adnia jego danych w okre\u00ad\u015blo\u00adnych oko\u00adlicz\u00adno\u00ad\u015bciach. Ponad\u00adto u\u017cyt\u00adkow\u00adnik ma pra\u00adwo do z\u0142o\u00ad\u017ce\u00adnia skar\u00adgi do w\u0142a\u00ad\u015bci\u00adwe\u00adgo orga\u00adnu nadzorczego.&nbsp;<\/p>\n\n<p>Pro\u00adsi\u00admy o kon\u00adtakt w dowol\u00adnym momen\u00adcie w przy\u00adpad\u00adku pyta\u0144 doty\u00adcz\u0105\u00adcych tej lub innych kwe\u00adstii zwi\u0105\u00adza\u00adnych z ochro\u00adn\u0105 danych.<\/p>\n\n<h3 class=\"wp-block-heading\">Narz\u0119\u00addzia ana\u00adli\u00adtycz\u00adne i narz\u0119\u00addzia dostar\u00adcza\u00adne przez stro\u00adny trzecie<\/h3>\n\n<p>Ist\u00adnie\u00adje mo\u017c\u00adli\u00adwo\u015b\u0107, \u017ce wzor\u00adce prze\u00adgl\u0105\u00adda\u00adnia b\u0119d\u0105 ana\u00adli\u00adzo\u00adwa\u00adne sta\u00adty\u00adstycz\u00adnie pod\u00adczas odwie\u00addza\u00adnia tej witry\u00adny. Takie ana\u00adli\u00adzy s\u0105 prze\u00adpro\u00adwa\u00addza\u00adne g\u0142\u00f3w\u00adnie za pomo\u00adc\u0105 tak zwa\u00adnych pro\u00adgra\u00adm\u00f3w analitycznych.&nbsp;<\/p>\n\n<p>Aby uzy\u00adska\u0107 szcze\u00adg\u00f3\u00ad\u0142o\u00adwe infor\u00adma\u00adcje na temat tych pro\u00adgra\u00adm\u00f3w ana\u00adli\u00adtycz\u00adnych, zapo\u00adznaj si\u0119 z nasz\u0105 Dekla\u00adra\u00adcj\u0105 ochro\u00adny danych poni\u017cej.<\/p>\n\n<h2 class=\"wp-block-heading\">2. Hosting<\/h2>\n\n<p>Hostu\u00adje\u00admy zawar\u00adto\u015b\u0107 naszej stro\u00adny inter\u00adne\u00adto\u00adwej u nast\u0119\u00adpu\u00adj\u0105\u00adce\u00adgo dostawcy:<\/p>\n\n<h3 class=\"wp-block-heading\">Hosting zewn\u0119trz\u00adny<\/h3>\n\n<p>Ta stro\u00adna inter\u00adne\u00adto\u00adwa jest hosto\u00adwa\u00adna zewn\u0119trz\u00adnie. Dane oso\u00adbo\u00adwe gro\u00adma\u00addzo\u00adne na tej stro\u00adnie s\u0105 prze\u00adcho\u00adwy\u00adwa\u00adne na ser\u00adwe\u00adrach hosta. Mog\u0105 one obej\u00admo\u00adwa\u0107 mi\u0119\u00addzy inny\u00admi adre\u00adsy IP, pro\u015b\u00adby o kon\u00adtakt, meta\u00adda\u00adne i komu\u00adni\u00adka\u00adcj\u0119, infor\u00adma\u00adcje o umo\u00adwach, infor\u00adma\u00adcje kon\u00adtak\u00adto\u00adwe, imio\u00adna i nazwi\u00adska, dost\u0119p do stro\u00adny inter\u00adne\u00adto\u00adwej i inne dane gene\u00adro\u00adwa\u00adne za po\u015bred\u00adnic\u00adtwem stro\u00adny internetowej.&nbsp;<\/p>\n\n<p>Hosting zewn\u0119trz\u00adny s\u0142u\u00ad\u017cy reali\u00adza\u00adcji umo\u00adwy z naszy\u00admi poten\u00adcjal\u00adny\u00admi i obec\u00adny\u00admi klien\u00adta\u00admi (art. 6 ust. 1 lit. b RODO) oraz w inte\u00adre\u00adsie bez\u00adpiecz\u00adne\u00adgo, szyb\u00adkie\u00adgo i wydaj\u00adne\u00adgo \u015bwiad\u00adcze\u00adnia naszych us\u0142ug onli\u00adne przez pro\u00adfe\u00adsjo\u00adnal\u00adne\u00adgo dostaw\u00adc\u0119 (art. 6 ust. 1 lit. f RODO). Je\u015bli uzy\u00adska\u00adno odpo\u00adwied\u00adni\u0105 zgo\u00add\u0119, prze\u00adtwa\u00adrza\u00adnie odby\u00adwa si\u0119 wy\u0142\u0105cz\u00adnie na pod\u00adsta\u00adwie art. 6 ust. 1 lit. a) RODO. 6 (1) (a) RODO i \u00a7 25 (1) RODO, o ile zgo\u00adda obej\u00admu\u00adje prze\u00adcho\u00adwy\u00adwa\u00adnie pli\u00adk\u00f3w cookie lub dost\u0119p do infor\u00adma\u00adcji w urz\u0105\u00addze\u00adniu ko\u0144\u00adco\u00adwym u\u017cyt\u00adkow\u00adni\u00adka (np. odci\u00adski pal\u00adc\u00f3w urz\u0105\u00addze\u00adnia) w rozu\u00admie\u00adniu RODO. Zgo\u00adda ta mo\u017ce zosta\u0107 odwo\u00ad\u0142a\u00adna w dowol\u00adnym momencie.<\/p>\n\n<p>Nasze hosty b\u0119d\u0105 prze\u00adtwa\u00adrza\u0107 dane u\u017cyt\u00adkow\u00adni\u00adka wy\u0142\u0105cz\u00adnie w zakre\u00adsie nie\u00adzb\u0119d\u00adnym do wype\u0142\u00adnie\u00adnia swo\u00adich zobo\u00adwi\u0105\u00adza\u0144 w zakre\u00adsie \u015bwiad\u00adcze\u00adnia us\u0142ug oraz do prze\u00adstrze\u00adga\u00adnia naszych instruk\u00adcji w odnie\u00adsie\u00adniu do takich danych.<\/p>\n\n<p>U\u017cy\u00adwa\u00admy nast\u0119\u00adpu\u00adj\u0105\u00adcych host\u00f3w:<\/p>\n\n<p>SaaS Web Inter\u00adnet Solu\u00adtions GmbH<br>Ste\u00adin\u00adstra\u00ad\u00dfe 25<br>76133 Karls\u00adru\u00adhe<\/p>\n\n<h4 class=\"wp-block-heading\">Prze\u00adtwa\u00adrza\u00adnie danych<\/h4>\n\n<p>Zawar\u00adli\u00ad\u015bmy umo\u00adw\u0119 o prze\u00adtwa\u00adrza\u00adniu danych (DPA) w celu korzy\u00adsta\u00adnia z wy\u017cej wymie\u00adnio\u00adnej us\u0142u\u00adgi. Jest to umo\u00adwa wyma\u00adga\u00adna przez prze\u00adpi\u00adsy doty\u00adcz\u0105\u00adce pry\u00adwat\u00adno\u00ad\u015bci danych, kt\u00f3\u00adra gwa\u00adran\u00adtu\u00adje, \u017ce dane oso\u00adbo\u00adwe os\u00f3b odwie\u00addza\u00adj\u0105\u00adcych nasz\u0105 witry\u00adn\u0119 b\u0119d\u0105 prze\u00adtwa\u00adrza\u00adne wy\u0142\u0105cz\u00adnie na pod\u00adsta\u00adwie naszych instruk\u00adcji i zgod\u00adnie z&nbsp;RODO.&nbsp;<\/p>\n\n<h2 class=\"wp-block-heading\">3. Infor\u00adma\u00adcje og\u00f3l\u00adne i infor\u00adma\u00adcje obowi\u0105zkowe<\/h2>\n\n<h3 class=\"wp-block-heading\">Ochro\u00adna danych<\/h3>\n\n<p>Ope\u00adra\u00adto\u00adrzy tej witry\u00adny i jej stron bar\u00addzo powa\u017c\u00adnie trak\u00adtu\u00adj\u0105 ochro\u00adn\u0119 danych oso\u00adbo\u00adwych u\u017cyt\u00adkow\u00adni\u00adk\u00f3w. W zwi\u0105z\u00adku z tym trak\u00adtu\u00adje\u00admy dane oso\u00adbo\u00adwe u\u017cyt\u00adkow\u00adni\u00adk\u00f3w jako infor\u00adma\u00adcje pouf\u00adne i zgod\u00adnie z usta\u00adwo\u00adwy\u00admi prze\u00adpi\u00adsa\u00admi o ochro\u00adnie danych oraz niniej\u00adszym O\u015bwiad\u00adcze\u00adniem o ochro\u00adnie danych.&nbsp;<\/p>\n\n<p>Za ka\u017c\u00addym razem, gdy u\u017cyt\u00adkow\u00adnik korzy\u00adsta z tej witry\u00adny, gro\u00adma\u00addzo\u00adne s\u0105 r\u00f3\u017c\u00adne dane oso\u00adbo\u00adwe. Dane oso\u00adbo\u00adwe obej\u00admu\u00adj\u0105 dane, kt\u00f3\u00adre mo\u017c\u00adna wyko\u00adrzy\u00adsta\u0107 do oso\u00adbi\u00adstej iden\u00adty\u00adfi\u00adka\u00adcji u\u017cyt\u00adkow\u00adni\u00adka. Niniej\u00adsze O\u015bwiad\u00adcze\u00adnie o ochro\u00adnie danych wyja\u00ad\u015bnia, jakie dane gro\u00adma\u00addzi\u00admy oraz do jakich cel\u00f3w je wyko\u00adrzy\u00adstu\u00adje\u00admy. Wyja\u00ad\u015bnia r\u00f3w\u00adnie\u017c, w jaki spo\u00ads\u00f3b i w jakim celu infor\u00adma\u00adcje s\u0105 gromadzone.&nbsp;<\/p>\n\n<p>Niniej\u00adszym infor\u00admu\u00adje\u00admy, \u017ce trans\u00admi\u00adsja danych przez Inter\u00adnet (tj. za po\u015bred\u00adnic\u00adtwem pocz\u00adty elek\u00adtro\u00adnicz\u00adnej) mo\u017ce by\u0107 podat\u00adna na luki w zabez\u00adpie\u00adcze\u00adniach. Nie jest mo\u017c\u00adli\u00adwe ca\u0142\u00adko\u00adwi\u00adte zabez\u00adpie\u00adcze\u00adnie danych przed dost\u0119\u00adpem os\u00f3b trzecich.&nbsp;<\/p>\n\n<h3 class=\"wp-block-heading\">Infor\u00adma\u00adcje o pod\u00admio\u00adcie odpo\u00adwie\u00addzial\u00adnym (zwa\u00adnym w RODO \u201cadmi\u00adni\u00adstra\u00adto\u00adrem\u201d)<\/h3>\n\n<p>Admi\u00adni\u00adstra\u00adto\u00adrem danych prze\u00adtwa\u00adrza\u00adnych na tej stro\u00adnie inter\u00adne\u00adto\u00adwej&nbsp;jest:<\/p>\n\n<p>Bar\u00adba\u00adra Meh\u00adnert<br>Kaise\u00adral\u00adlee 12 d<br>76133 Karls\u00adru\u00adhe<\/p>\n\n<p>Tele\u00adfon: +49 721 89333710<br>E\u2011mail: info@ibz-karlsruhe.de<\/p>\n\n<p>Admi\u00adni\u00adstra\u00adtor danych to oso\u00adba fizycz\u00adna lub praw\u00adna, kt\u00f3\u00adra samo\u00addziel\u00adnie lub wsp\u00f3l\u00adnie z inny\u00admi podej\u00admu\u00adje decy\u00adzje doty\u00adcz\u0105\u00adce cel\u00f3w i \u015brod\u00adk\u00f3w prze\u00adtwa\u00adrza\u00adnia danych oso\u00adbo\u00adwych (np. imion i nazwisk, adre\u00ads\u00f3w e\u2011mail itp.).<\/p>\n\n<h3 class=\"wp-block-heading\">Czas prze\u00adcho\u00adwy\u00adwa\u00adnia<\/h3>\n\n<p>O ile w niniej\u00adszej poli\u00adty\u00adce pry\u00adwat\u00adno\u00ad\u015bci nie okre\u00ad\u015blo\u00adno bar\u00addziej szcze\u00adg\u00f3\u00ad\u0142o\u00adwe\u00adgo okre\u00adsu prze\u00adcho\u00adwy\u00adwa\u00adnia, dane oso\u00adbo\u00adwe u\u017cyt\u00adkow\u00adni\u00adka pozo\u00adsta\u00adn\u0105 u nas do momen\u00adtu, gdy cel, dla kt\u00f3\u00adre\u00adgo zosta\u00ad\u0142y zgro\u00adma\u00addzo\u00adne, prze\u00adsta\u00adnie mie\u0107 zasto\u00adso\u00adwa\u00adnie. Je\u015bli u\u017cyt\u00adkow\u00adnik z\u0142o\u00ad\u017cy uza\u00adsad\u00adnio\u00adny wnio\u00adsek o usu\u00adni\u0119\u00adcie danych lub cof\u00adnie zgo\u00add\u0119 na ich prze\u00adtwa\u00adrza\u00adnie, jego dane zosta\u00adn\u0105 usu\u00adni\u0119\u00adte, chy\u00adba \u017ce b\u0119dzie\u00admy mie\u0107 inne praw\u00adnie dopusz\u00adczal\u00adne powo\u00addy do prze\u00adcho\u00adwy\u00adwa\u00adnia jego danych oso\u00adbo\u00adwych (np. okre\u00adsy prze\u00adcho\u00adwy\u00adwa\u00adnia danych zgod\u00adnie z pra\u00adwem podat\u00adko\u00adwym lub han\u00addlo\u00adwym); w tym ostat\u00adnim przy\u00adpad\u00adku usu\u00adni\u0119\u00adcie nast\u0105\u00adpi po usta\u00adniu tych powod\u00f3w.&nbsp;<\/p>\n\n<h3 class=\"wp-block-heading\">Og\u00f3l\u00adne infor\u00adma\u00adcje na temat pod\u00adsta\u00adwy praw\u00adnej prze\u00adtwa\u00adrza\u00adnia danych na tej stro\u00adnie internetowej<\/h3>\n\n<p>Je\u015bli u\u017cyt\u00adkow\u00adnik wyra\u00adzi\u0142 zgo\u00add\u0119 na prze\u00adtwa\u00adrza\u00adnie danych, prze\u00adtwa\u00adrza\u00admy jego dane oso\u00adbo\u00adwe na pod\u00adsta\u00adwie Art. 6(1)(a) RODO lub Art. 9 (2) (a) RODO, je\u015bli prze\u00adtwa\u00adrza\u00adne s\u0105 spe\u00adcjal\u00adne kate\u00adgo\u00adrie danych zgod\u00adnie z art. 9 (1) DSGVO. 9 (1) DSGVO. W przy\u00adpad\u00adku wyra\u017a\u00adnej zgo\u00addy na prze\u00adka\u00adzy\u00adwa\u00adnie danych oso\u00adbo\u00adwych do kra\u00adj\u00f3w trze\u00adcich prze\u00adtwa\u00adrza\u00adnie danych odby\u00adwa si\u0119 r\u00f3w\u00adnie\u017c na pod\u00adsta\u00adwie art. 49 ust. 1 lit. a) RODO. 49 (1)(a) RODO. Je\u015bli u\u017cyt\u00adkow\u00adnik wyra\u00adzi\u0142 zgo\u00add\u0119 na prze\u00adcho\u00adwy\u00adwa\u00adnie pli\u00adk\u00f3w cookie lub na dost\u0119p do infor\u00adma\u00adcji w urz\u0105\u00addze\u00adniu ko\u0144\u00adco\u00adwym (np. poprzez odcisk pal\u00adca urz\u0105\u00addze\u00adnia), prze\u00adtwa\u00adrza\u00adnie danych odby\u00adwa si\u0119 dodat\u00adko\u00adwo na pod\u00adsta\u00adwie \u00a7 25 (1) RODO. Zgo\u00adda mo\u017ce zosta\u0107 cof\u00adni\u0119\u00adta w dowol\u00adnym momen\u00adcie. Je\u015bli dane u\u017cyt\u00adkow\u00adni\u00adka s\u0105 wyma\u00adga\u00adne do reali\u00adza\u00adcji umo\u00adwy lub wdro\u00ad\u017ce\u00adnia \u015brod\u00adk\u00f3w prze\u00addumow\u00adnych, prze\u00adtwa\u00adrza\u00admy dane u\u017cyt\u00adkow\u00adni\u00adka na pod\u00adsta\u00adwie art. 6 ust. 1 lit. b RODO. 6(1)(b) RODO. Ponad\u00adto, je\u015bli dane u\u017cyt\u00adkow\u00adni\u00adka s\u0105 wyma\u00adga\u00adne do wype\u0142\u00adnie\u00adnia obo\u00adwi\u0105z\u00adku praw\u00adne\u00adgo, prze\u00adtwa\u00adrza\u00admy je na pod\u00adsta\u00adwie art. 6 ust. 1 lit. c) RODO. 6(1)\u00a9 RODO. Ponad\u00adto prze\u00adtwa\u00adrza\u00adnie danych mo\u017ce odby\u00adwa\u0107 si\u0119 na pod\u00adsta\u00adwie nasze\u00adgo uza\u00adsad\u00adnio\u00adne\u00adgo inte\u00adre\u00adsu zgod\u00adnie z art. 6 ust. 1 lit. f) RODO. 6(1)(f) RODO. Infor\u00adma\u00adcje na temat odpo\u00adwied\u00adniej pod\u00adsta\u00adwy praw\u00adnej w ka\u017c\u00addym indy\u00adwi\u00addu\u00adal\u00adnym przy\u00adpad\u00adku znaj\u00addu\u00adj\u0105 si\u0119 w kolej\u00adnych punk\u00adtach niniej\u00adszej poli\u00adty\u00adki prywatno\u015bci.<\/p>\n\n<h3 class=\"wp-block-heading\">Infor\u00adma\u00adcje o prze\u00adka\u00adzy\u00adwa\u00adniu danych do kra\u00adj\u00f3w trze\u00adcich, kt\u00f3\u00adre nie s\u0105 bez\u00adpiecz\u00adne w \u015bwie\u00adtle prze\u00adpi\u00ads\u00f3w o ochro\u00adnie danych, oraz o prze\u00adka\u00adzy\u00adwa\u00adniu danych do firm ame\u00adry\u00adka\u0144\u00adskich, kt\u00f3\u00adre nie posia\u00adda\u00adj\u0105 cer\u00adty\u00adfi\u00adka\u00adtu&nbsp;DPF.<\/h3>\n\n<p>Korzy\u00adsta\u00admy m.in. z narz\u0119\u00addzi firm zlo\u00adka\u00adli\u00adzo\u00adwa\u00adnych w kra\u00adjach trze\u00adcich, kt\u00f3\u00adre nie s\u0105 bez\u00adpiecz\u00adne w \u015bwie\u00adtle prze\u00adpi\u00ads\u00f3w o ochro\u00adnie danych, a tak\u00ad\u017ce z narz\u0119\u00addzi ame\u00adry\u00adka\u0144\u00adskich, kt\u00f3\u00adrych dostaw\u00adcy nie s\u0105 cer\u00adty\u00adfi\u00adko\u00adwa\u00adni zgod\u00adnie z rama\u00admi pry\u00adwat\u00adno\u00ad\u015bci danych UE-USA (DPF). Je\u015bli te narz\u0119\u00addzia s\u0105 w\u0142\u0105\u00adczo\u00adne, dane oso\u00adbo\u00adwe u\u017cyt\u00adkow\u00adni\u00adka mog\u0105 by\u0107 prze\u00adka\u00adzy\u00adwa\u00adne i prze\u00adtwa\u00adrza\u00adne w tych kra\u00adjach. Zwra\u00adca\u00admy uwa\u00adg\u0119, \u017ce w kra\u00adjach trze\u00adcich, kt\u00f3\u00adre nie s\u0105 bez\u00adpiecz\u00adne pod wzgl\u0119\u00addem pra\u00adwa o ochro\u00adnie danych, nie mo\u017c\u00adna zagwa\u00adran\u00adto\u00adwa\u0107 pozio\u00admu ochro\u00adny danych por\u00f3w\u00adny\u00adwal\u00adne\u00adgo z pozio\u00admem w&nbsp;UE.&nbsp;<\/p>\n\n<p>Chcie\u00adli\u00adby\u00ad\u015bmy zwr\u00f3\u00adci\u0107 uwa\u00adg\u0119, \u017ce Sta\u00adny Zjed\u00adno\u00adczo\u00adne, jako bez\u00adpiecz\u00adny kraj trze\u00adci, zasad\u00adni\u00adczo maj\u0105 poziom ochro\u00adny danych por\u00f3w\u00adny\u00adwal\u00adny z pozio\u00admem ochro\u00adny danych w UE. Prze\u00adka\u00adzy\u00adwa\u00adnie danych do USA jest zatem dozwo\u00adlo\u00adne, je\u015bli odbior\u00adca jest cer\u00adty\u00adfi\u00adko\u00adwa\u00adny zgod\u00adnie z \u201cRama\u00admi pry\u00adwat\u00adno\u00ad\u015bci danych UE-USA\u201d (DPF) lub posia\u00adda odpo\u00adwied\u00adnie dodat\u00adko\u00adwe gwa\u00adran\u00adcje. Infor\u00adma\u00adcje na temat prze\u00adka\u00adzy\u00adwa\u00adnia danych do kra\u00adj\u00f3w trze\u00adcich, w tym odbior\u00adc\u00f3w danych, mo\u017c\u00adna zna\u00adle\u017a\u0107 w niniej\u00adszej Poli\u00adty\u00adce prywatno\u015bci.&nbsp;<\/p>\n\n<h3 class=\"wp-block-heading\">Odbior\u00adcy danych osobowych<\/h3>\n\n<p>W ramach naszej dzia\u00ad\u0142al\u00adno\u00ad\u015bci biz\u00adne\u00adso\u00adwej wsp\u00f3\u0142\u00adpra\u00adcu\u00adje\u00admy z r\u00f3\u017c\u00adny\u00admi pod\u00admio\u00adta\u00admi zewn\u0119trz\u00adny\u00admi. W nie\u00adkt\u00f3\u00adrych przy\u00adpad\u00adkach wyma\u00adga to r\u00f3w\u00adnie\u017c prze\u00adka\u00adza\u00adnia danych oso\u00adbo\u00adwych tym pod\u00admio\u00adtom zewn\u0119trz\u00adnym. Ujaw\u00adnia\u00admy dane oso\u00adbo\u00adwe stro\u00adnom zewn\u0119trz\u00adnym tyl\u00adko wte\u00addy, gdy jest to wyma\u00adga\u00adne w ramach reali\u00adza\u00adcji umo\u00adwy, je\u015bli jeste\u00ad\u015bmy do tego praw\u00adnie zobo\u00adwi\u0105\u00adza\u00adni (np. ujaw\u00adnie\u00adnie danych orga\u00adnom podat\u00adko\u00adwym), je\u015bli mamy uza\u00adsad\u00adnio\u00adny inte\u00adres w ujaw\u00adnie\u00adniu danych zgod\u00adnie z art. 6 ust. 1 lit. f RODO lub je\u015bli inna pod\u00adsta\u00adwa praw\u00adna zezwa\u00adla na ujaw\u00adnie\u00adnie danych. 6 (1) (f) RODO lub je\u015bli inna pod\u00adsta\u00adwa praw\u00adna zezwa\u00adla na ujaw\u00adnie\u00adnie tych danych. Korzy\u00adsta\u00adj\u0105c z us\u0142ug pod\u00admio\u00adt\u00f3w prze\u00adtwa\u00adrza\u00adj\u0105\u00adcych, ujaw\u00adnia\u00admy dane oso\u00adbo\u00adwe naszych klien\u00adt\u00f3w wy\u0142\u0105cz\u00adnie na pod\u00adsta\u00adwie wa\u017c\u00adnej umo\u00adwy o prze\u00adtwa\u00adrza\u00adnie danych. W przy\u00adpad\u00adku wsp\u00f3l\u00adne\u00adgo prze\u00adtwa\u00adrza\u00adnia danych zawie\u00adra\u00adna jest umo\u00adwa o wsp\u00f3l\u00adnym prze\u00adtwa\u00adrza\u00adniu danych.&nbsp;<\/p>\n\n<h3 class=\"wp-block-heading\">Cof\u00adni\u0119\u00adcie zgo\u00addy na prze\u00adtwa\u00adrza\u00adnie danych<\/h3>\n\n<p>Sze\u00adro\u00adki zakres trans\u00adak\u00adcji prze\u00adtwa\u00adrza\u00adnia danych jest mo\u017c\u00adli\u00adwy wy\u0142\u0105cz\u00adnie za wyra\u017a\u00adn\u0105 zgo\u00add\u0105 u\u017cyt\u00adkow\u00adni\u00adka. U\u017cyt\u00adkow\u00adnik mo\u017ce r\u00f3w\u00adnie\u017c w dowol\u00adnym momen\u00adcie odwo\u00ad\u0142a\u0107 zgo\u00add\u0119, kt\u00f3\u00adrej ju\u017c nam udzie\u00adli\u0142. Pozo\u00adsta\u00adje to bez uszczerb\u00adku dla legal\u00adno\u00ad\u015bci gro\u00adma\u00addze\u00adnia danych, kt\u00f3\u00adre mia\u00ad\u0142o miej\u00adsce przed cof\u00adni\u0119\u00adciem&nbsp;zgody.&nbsp;<\/p>\n\n<h3 class=\"wp-block-heading\">Pra\u00adwo do sprze\u00adci\u00adwu wobec gro\u00adma\u00addze\u00adnia danych w szcze\u00adg\u00f3l\u00adnych przy\u00adpad\u00adkach; pra\u00adwo do sprze\u00adci\u00adwu wobec rekla\u00admy bez\u00adpo\u00ad\u015bred\u00adniej (art. 21&nbsp;RODO)<\/h3>\n\n<p>W PRZYPADKU PRZETWARZANIA DANYCH NA PODSTAWIE ART. 6(1)(E) LUB (F) RODO, U\u017bYTKOWNIK MA PRAWO W DOWOLNYM MOMENCIE WNIE\u015a\u0106 SPRZECIW WOBEC PRZETWARZANIA JEGO DANYCH OSOBOWYCH Z PRZYCZYN WYNIKAJ\u0104CYCH Z JEGO WYJ\u0104TKOWEJ SYTUACJI. DOTYCZY TO R\u00d3WNIE\u017b PROFILOWANIA OPARTEGO NA TYCH PRZEPISACH. ABY OKRE\u015aLI\u0106 PODSTAW\u0118 PRAWN\u0104, NA KT\u00d3REJ OPIERA SI\u0118 PRZETWARZANIE DANYCH, NALE\u017bY ZAPOZNA\u0106 SI\u0118 Z NINIEJSZYM O\u015aWIADCZENIEM O OCHRONIE DANYCH. JE\u015aLI U\u017bYTKOWNIK ZG\u0141OSI SPRZECIW, NIE B\u0118DZIEMY JU\u017b PRZETWARZA\u0106 JEGO DANYCH OSOBOWYCH, CHYBA \u017bE B\u0118DZIEMY W STANIE PRZEDSTAWI\u0106 PRZEKONUJ\u0104CE, GODNE OCHRONY PODSTAWY PRZETWARZANIA DANYCH, KT\u00d3RE PRZEWA\u017bAJ\u0104 NAD JEGO INTERESAMI, PRAWAMI I WOLNO\u015aCIAMI LUB JE\u015aLI CELEM PRZETWARZANIA JEST DOCHODZENIE, WYKONYWANIE LUB OBRONA UPRAWNIE\u0143 PRAWNYCH (SPRZECIW ZGODNIE Z ART. 21 UST. 1 RODO). 21(1)&nbsp;RODO).<\/p>\n\n<p>JE\u015aLI DANE OSOBOWE U\u017bYTKOWNIKA S\u0104 PRZETWARZANE W CELU ZAANGA\u017bOWANIA SI\u0118 W REKLAM\u0118 BEZPO\u015aREDNI\u0104, U\u017bYTKOWNIK MA PRAWO W DOWOLNYM MOMENCIE SPRZECIWI\u0106 SI\u0118 PRZETWARZANIU DANYCH OSOBOWYCH, KT\u00d3RYCH TO DOTYCZY, DO CEL\u00d3W TAKIEJ REKLAMY. DOTYCZY TO R\u00d3WNIE\u017b PROFILOWANIA W ZAKRESIE, W JAKIM JEST ONO POWI\u0104ZANE Z TAK\u0104 REKLAM\u0104 BEZPO\u015aREDNI\u0104. W PRZYPADKU WNIESIENIA SPRZECIWU DANE OSOBOWE U\u017bYTKOWNIKA NIE B\u0118D\u0104 JU\u017b WYKORZYSTYWANE DO CEL\u00d3W REKLAMY BEZPO\u015aREDNIEJ (SPRZECIW ZGODNIE Z ART. 21 UST. 2 RODO). 21(2)&nbsp;RODO).&nbsp;<\/p>\n\n<h3 class=\"wp-block-heading\">Pra\u00adwo do z\u0142o\u00ad\u017ce\u00adnia skar\u00adgi do w\u0142a\u00ad\u015bci\u00adwe\u00adgo orga\u00adnu nadzorczego<\/h3>\n\n<p>W przy\u00adpad\u00adku naru\u00adsze\u00adnia RODO oso\u00adby, kt\u00f3\u00adrych dane doty\u00adcz\u0105, s\u0105 upraw\u00adnio\u00adne do zare\u00adje\u00adstro\u00adwa\u00adnia skar\u00adgi w orga\u00adnie nad\u00adzor\u00adczym, w szcze\u00adg\u00f3l\u00adno\u00ad\u015bci w pa\u0144\u00adstwie cz\u0142on\u00adkow\u00adskim, w kt\u00f3\u00adrym zwy\u00adkle maj\u0105 miej\u00adsce zamiesz\u00adka\u00adnia, miej\u00adsce pra\u00adcy lub miej\u00adsce, w kt\u00f3\u00adrym dosz\u0142o do domnie\u00adma\u00adne\u00adgo naru\u00adsze\u00adnia. Pra\u00adwo do zare\u00adje\u00adstro\u00adwa\u00adnia skar\u00adgi obo\u00adwi\u0105\u00adzu\u00adje nie\u00adza\u00adle\u017c\u00adnie od wszel\u00adkich innych post\u0119\u00adpo\u00adwa\u0144 admi\u00adni\u00adstra\u00adcyj\u00adnych lub s\u0105do\u00adwych dost\u0119p\u00adnych jako \u015brod\u00adki prawne.&nbsp;<\/p>\n\n<h3 class=\"wp-block-heading\">Pra\u00adwo do prze\u00adno\u00adsze\u00adnia danych<\/h3>\n\n<p>U\u017cyt\u00adkow\u00adnik ma pra\u00adwo do tego, aby dane, kt\u00f3\u00adre prze\u00adtwa\u00adrza\u00admy auto\u00adma\u00adtycz\u00adnie na pod\u00adsta\u00adwie jego zgo\u00addy lub w ramach reali\u00adza\u00adcji umo\u00adwy, zosta\u00ad\u0142y prze\u00adka\u00adza\u00adne u\u017cyt\u00adkow\u00adni\u00adko\u00adwi lub stro\u00adnie trze\u00adciej w powszech\u00adnie u\u017cy\u00adwa\u00adnym for\u00adma\u00adcie nada\u00adj\u0105\u00adcym si\u0119 do odczy\u00adtu maszy\u00adno\u00adwe\u00adgo. Je\u015bli u\u017cyt\u00adkow\u00adnik za\u017c\u0105\u00adda bez\u00adpo\u00ad\u015bred\u00adnie\u00adgo prze\u00adka\u00adza\u00adnia danych inne\u00admu admi\u00adni\u00adstra\u00adto\u00adro\u00adwi, zosta\u00adnie to zro\u00adbio\u00adne tyl\u00adko wte\u00addy, gdy b\u0119dzie to tech\u00adnicz\u00adnie wykonalne.&nbsp;<\/p>\n\n<h3 class=\"wp-block-heading\">Infor\u00adma\u00adcje o danych, ich popra\u00adwia\u00adnie i usuwanie<\/h3>\n\n<p>W ramach obo\u00adwi\u0105\u00adzu\u00adj\u0105\u00adcych prze\u00adpi\u00ads\u00f3w usta\u00adwo\u00adwych u\u017cyt\u00adkow\u00adnik ma pra\u00adwo w dowol\u00adnym momen\u00adcie za\u017c\u0105\u00adda\u0107 infor\u00adma\u00adcji o zar\u00adchi\u00adwi\u00adzo\u00adwa\u00adnych danych oso\u00adbo\u00adwych, ich \u017ar\u00f3\u00addle i odbior\u00adcach, a tak\u00ad\u017ce celu prze\u00adtwa\u00adrza\u00adnia danych. U\u017cyt\u00adkow\u00adnik mo\u017ce mie\u0107 r\u00f3w\u00adnie\u017c pra\u00adwo do spro\u00adsto\u00adwa\u00adnia lub usu\u00adni\u0119\u00adcia swo\u00adich danych. W przy\u00adpad\u00adku pyta\u0144 doty\u00adcz\u0105\u00adcych tego tema\u00adtu lub jakich\u00adkol\u00adwiek innych pyta\u0144 doty\u00adcz\u0105\u00adcych danych oso\u00adbo\u00adwych, pro\u00adsi\u00admy o kon\u00adtakt z nami w dowol\u00adnym momencie.&nbsp;<\/p>\n\n<h3 class=\"wp-block-heading\">Pra\u00adwo do \u017c\u0105da\u00adnia ogra\u00adni\u00adcze\u00adnia przetwarzania<\/h3>\n\n<p>U\u017cyt\u00adkow\u00adnik ma pra\u00adwo za\u017c\u0105\u00adda\u0107 na\u0142o\u00ad\u017ce\u00adnia ogra\u00adni\u00adcze\u0144 w zakre\u00adsie prze\u00adtwa\u00adrza\u00adnia jego danych oso\u00adbo\u00adwych. W tym celu u\u017cyt\u00adkow\u00adnik mo\u017ce skon\u00adtak\u00adto\u00adwa\u0107 si\u0119 z nami w dowol\u00adnym momen\u00adcie. Pra\u00adwo do \u017c\u0105da\u00adnia ogra\u00adni\u00adcze\u00adnia prze\u00adtwa\u00adrza\u00adnia ma zasto\u00adso\u00adwa\u00adnie w nast\u0119\u00adpu\u00adj\u0105\u00adcych przypadkach:&nbsp;<\/p>\n\n<ul class=\"wp-block-list\">\n<li>W przy\u00adpad\u00adku zakwe\u00adstio\u00adno\u00adwa\u00adnia przez u\u017cyt\u00adkow\u00adni\u00adka popraw\u00adno\u00ad\u015bci zar\u00adchi\u00adwi\u00adzo\u00adwa\u00adnych przez nas danych, zwy\u00adkle b\u0119dzie\u00admy potrze\u00adbo\u00adwa\u0107 tro\u00adch\u0119 cza\u00adsu na zwe\u00adry\u00adfi\u00adko\u00adwa\u00adnie tego rosz\u00adcze\u00adnia. W cza\u00adsie trwa\u00adnia tego docho\u00addze\u00adnia u\u017cyt\u00adkow\u00adnik ma pra\u00adwo za\u017c\u0105\u00adda\u0107 od nas ogra\u00adni\u00adcze\u00adnia prze\u00adtwa\u00adrza\u00adnia jego danych osobowych.&nbsp;<\/li>\n\n\n\n<li>Je\u015bli prze\u00adtwa\u00adrza\u00adnie danych oso\u00adbo\u00adwych u\u017cyt\u00adkow\u00adni\u00adka by\u0142o\/jest pro\u00adwa\u00addzo\u00adne w spo\u00ads\u00f3b nie\u00adzgod\u00adny z pra\u00adwem, u\u017cyt\u00adkow\u00adnik ma mo\u017c\u00adli\u00adwo\u015b\u0107 za\u017c\u0105\u00adda\u00adnia ogra\u00adni\u00adcze\u00adnia prze\u00adtwa\u00adrza\u00adnia swo\u00adich danych zamiast \u017c\u0105da\u00adnia ich usuni\u0119cia.<\/li>\n\n\n\n<li>Je\u015bli nie potrze\u00adbu\u00adje\u00admy ju\u017c danych oso\u00adbo\u00adwych u\u017cyt\u00adkow\u00adni\u00adka, a u\u017cyt\u00adkow\u00adnik potrze\u00adbu\u00adje ich do wyko\u00adny\u00adwa\u00adnia, obro\u00adny lub docho\u00addze\u00adnia rosz\u00adcze\u0144 praw\u00adnych, u\u017cyt\u00adkow\u00adnik ma pra\u00adwo za\u017c\u0105\u00adda\u0107 ogra\u00adni\u00adcze\u00adnia prze\u00adtwa\u00adrza\u00adnia swo\u00adich danych oso\u00adbo\u00adwych zamiast ich usuni\u0119cia.<\/li>\n\n\n\n<li>Je\u015bli u\u017cyt\u00adkow\u00adnik zg\u0142o\u00adsi\u0142 sprze\u00adciw zgod\u00adnie z art. 21(1) RODO, pra\u00adwa u\u017cyt\u00adkow\u00adni\u00adka i nasze pra\u00adwa b\u0119d\u0105 musia\u00ad\u0142y zosta\u0107 zesta\u00adwio\u00adne ze sob\u0105. Dop\u00f3\u00adki nie zosta\u00adnie usta\u00adlo\u00adne, czy\u00adje inte\u00adre\u00adsy prze\u00adwa\u00ad\u017ca\u00adj\u0105, u\u017cyt\u00adkow\u00adnik ma pra\u00adwo \u017c\u0105da\u0107 ogra\u00adni\u00adcze\u00adnia prze\u00adtwa\u00adrza\u00adnia jego danych osobowych.&nbsp;<\/li>\n<\/ul>\n\n<p>Je\u015bli u\u017cyt\u00adkow\u00adnik ogra\u00adni\u00adczy\u0142 prze\u00adtwa\u00adrza\u00adnie swo\u00adich danych oso\u00adbo\u00adwych, dane te \u2014 z wyj\u0105t\u00adkiem ich archi\u00adwi\u00adza\u00adcji \u2014 mog\u0105 by\u0107 prze\u00adtwa\u00adrza\u00adne wy\u0142\u0105cz\u00adnie za jego zgo\u00add\u0105 lub w celu docho\u00addze\u00adnia, wyko\u00adny\u00adwa\u00adnia lub obro\u00adny rosz\u00adcze\u0144 praw\u00adnych lub w celu ochro\u00adny praw innych os\u00f3b fizycz\u00adnych lub praw\u00adnych lub z wa\u017c\u00adnych wzgl\u0119\u00add\u00f3w inte\u00adre\u00adsu publicz\u00adne\u00adgo wska\u00adza\u00adnych przez Uni\u0119 Euro\u00adpej\u00adsk\u0105 lub pa\u0144\u00adstwo cz\u0142on\u00adkow\u00adskie&nbsp;UE.<\/p>\n\n<h3 class=\"wp-block-heading\">Szy\u00adfro\u00adwa\u00adnie SSL i\/lub&nbsp;TLS<\/h3>\n\n<p>Ze wzgl\u0119\u00add\u00f3w bez\u00adpie\u00adcze\u0144\u00adstwa i w celu ochro\u00adny trans\u00admi\u00adsji pouf\u00adnych tre\u00ad\u015bci, takich jak zam\u00f3\u00adwie\u00adnia zaku\u00adpu lub zapy\u00adta\u00adnia prze\u00adsy\u00ad\u0142a\u00adne do nas jako ope\u00adra\u00adto\u00adra witry\u00adny, niniej\u00adsza witry\u00adna korzy\u00adsta z pro\u00adgra\u00admu szy\u00adfru\u00adj\u0105\u00adce\u00adgo SSL lub TLS. Po\u0142\u0105\u00adcze\u00adnie szy\u00adfro\u00adwa\u00adne mo\u017c\u00adna roz\u00adpo\u00adzna\u0107, spraw\u00addza\u00adj\u0105c, czy wiersz adre\u00adsu prze\u00adgl\u0105\u00addar\u00adki zmie\u00adnia si\u0119 z \u201chttp:\/\/\u201d na \u201chttps:\/\/\u201d, a tak\u00ad\u017ce po poja\u00adwie\u00adniu si\u0119 iko\u00adny k\u0142\u00f3d\u00adki w wier\u00adszu przegl\u0105darki.&nbsp;<\/p>\n\n<p>Je\u015bli szy\u00adfro\u00adwa\u00adnie SSL lub TLS jest w\u0142\u0105\u00adczo\u00adne, dane prze\u00adsy\u00ad\u0142a\u00adne do nas nie mog\u0105 by\u0107 odczy\u00adta\u00adne przez oso\u00adby trzecie.<\/p>\n\n<h3 class=\"wp-block-heading\">Odrzu\u00adca\u00adnie nie\u00adchcia\u00adnych wia\u00addo\u00admo\u00ad\u015bci e\u2011mail<\/h3>\n\n<p>Niniej\u00adszym sprze\u00adci\u00adwia\u00admy si\u0119 wyko\u00adrzy\u00adsty\u00adwa\u00adniu danych kon\u00adtak\u00adto\u00adwych opu\u00adbli\u00adko\u00adwa\u00adnych w po\u0142\u0105\u00adcze\u00adniu z obo\u00adwi\u0105z\u00adko\u00adwy\u00admi infor\u00adma\u00adcja\u00admi, kt\u00f3\u00adre nale\u00ad\u017cy poda\u0107 w naszym Powia\u00addo\u00admie\u00adniu o witry\u00adnie, do wysy\u00ad\u0142a\u00adnia nam mate\u00adria\u00ad\u0142\u00f3w pro\u00admo\u00adcyj\u00adnych i infor\u00adma\u00adcyj\u00adnych, o kt\u00f3\u00adre wyra\u017a\u00adnie nie pro\u00adsi\u00adli\u00ad\u015bmy. Ope\u00adra\u00adto\u00adrzy tej witry\u00adny i jej stron zastrze\u00adga\u00adj\u0105 sobie wyra\u017a\u00adne pra\u00adwo do pod\u00adj\u0119\u00adcia kro\u00adk\u00f3w praw\u00adnych w przy\u00adpad\u00adku nie\u00adza\u00adm\u00f3\u00adwio\u00adne\u00adgo wysy\u00ad\u0142a\u00adnia infor\u00adma\u00adcji pro\u00admo\u00adcyj\u00adnych, na przy\u00adk\u0142ad za po\u015bred\u00adnic\u00adtwem wia\u00addo\u00admo\u00ad\u015bci&nbsp;SPAM.&nbsp;<\/p>\n\n<h2 class=\"wp-block-heading\">4. Reje\u00adstro\u00adwa\u00adnie danych na tej stro\u00adnie internetowej<\/h2>\n\n<h3 class=\"wp-block-heading\">Pli\u00adki cookie<\/h3>\n\n<p>Nasze witry\u00adny i stro\u00adny wyko\u00adrzy\u00adstu\u00adj\u0105 pli\u00adki okre\u00ad\u015bla\u00adne w bran\u00ad\u017cy jako \u201cpli\u00adki cookie\u201d. Pli\u00adki cookie to ma\u0142e pakie\u00adty danych, kt\u00f3\u00adre nie powo\u00addu\u00adj\u0105 \u017cad\u00adnych uszko\u00addze\u0144 urz\u0105\u00addze\u00adnia. S\u0105 one prze\u00adcho\u00adwy\u00adwa\u00adne tym\u00adcza\u00adso\u00adwo na czas trwa\u00adnia sesji (sesyj\u00adne pli\u00adki cookie) lub s\u0105 trwa\u00adle archi\u00adwi\u00adzo\u00adwa\u00adne na urz\u0105\u00addze\u00adniu u\u017cyt\u00adkow\u00adni\u00adka (trwa\u00ad\u0142e pli\u00adki cookie). Pli\u00adki cookie sesji s\u0105 auto\u00adma\u00adtycz\u00adnie usu\u00adwa\u00adne po zako\u0144\u00adcze\u00adniu wizy\u00adty. Sta\u00ad\u0142e pli\u00adki cookie pozo\u00adsta\u00adj\u0105 zar\u00adchi\u00adwi\u00adzo\u00adwa\u00adne na urz\u0105\u00addze\u00adniu u\u017cyt\u00adkow\u00adni\u00adka do momen\u00adtu ich aktyw\u00adne\u00adgo usu\u00adni\u0119\u00adcia lub auto\u00adma\u00adtycz\u00adne\u00adgo usu\u00adni\u0119\u00adcia przez prze\u00adgl\u0105\u00addar\u00adk\u0119 internetow\u0105.&nbsp;<\/p>\n\n<p>Pli\u00adki cookie mog\u0105 by\u0107 wyda\u00adwa\u00adne przez nas (w\u0142a\u00adsne pli\u00adki cookie) lub przez fir\u00admy zewn\u0119trz\u00adne (tzw. pli\u00adki cookie stron trze\u00adcich). Pli\u00adki cookie stron trze\u00adcich umo\u017c\u00adli\u00adwia\u00adj\u0105 inte\u00adgra\u00adcj\u0119 nie\u00adkt\u00f3\u00adrych us\u0142ug firm zewn\u0119trz\u00adnych ze stro\u00adna\u00admi inter\u00adne\u00adto\u00adwy\u00admi (np. pli\u00adki cookie do obs\u0142u\u00adgi us\u0142ug p\u0142atniczych).&nbsp;<\/p>\n\n<p>Pli\u00adki cookie pe\u0142\u00adni\u0105 r\u00f3\u017c\u00adne funk\u00adcje. Wie\u00adle pli\u00adk\u00f3w cookie jest tech\u00adnicz\u00adnie nie\u00adzb\u0119d\u00adnych, ponie\u00adwa\u017c nie\u00adkt\u00f3\u00adre funk\u00adcje witry\u00adny nie dzia\u00ad\u0142a\u00ad\u0142y\u00adby bez tych pli\u00adk\u00f3w cookie (np. funk\u00adcja koszy\u00adka na zaku\u00adpy lub wy\u015bwie\u00adtla\u00adnie fil\u00adm\u00f3w). Inne pli\u00adki cookie mog\u0105 by\u0107 wyko\u00adrzy\u00adsty\u00adwa\u00adne do ana\u00adli\u00adzy zacho\u00adwa\u0144 u\u017cyt\u00adkow\u00adni\u00adk\u00f3w lub do cel\u00f3w promocyjnych.&nbsp;<\/p>\n\n<p>Pli\u00adki cookie, kt\u00f3\u00adre s\u0105 wyma\u00adga\u00adne do reali\u00adza\u00adcji trans\u00adak\u00adcji komu\u00adni\u00adka\u00adcji elek\u00adtro\u00adnicz\u00adnej, do zapew\u00adnie\u00adnia okre\u00ad\u015blo\u00adnych funk\u00adcji, z kt\u00f3\u00adrych u\u017cyt\u00adkow\u00adnik chce korzy\u00adsta\u0107 (np. do funk\u00adcji koszy\u00adka zaku\u00adp\u00f3w) lub tych, kt\u00f3\u00adre s\u0105 nie\u00adzb\u0119d\u00adne do opty\u00adma\u00adli\u00adza\u00adcji (wyma\u00adga\u00adne pli\u00adki cookie) stro\u00adny inter\u00adne\u00adto\u00adwej (np. pli\u00adki cookie, kt\u00f3\u00adre zapew\u00adnia\u00adj\u0105 mie\u00adrzal\u00adny wgl\u0105d w odbior\u00adc\u00f3w inter\u00adne\u00adto\u00adwych), b\u0119d\u0105 prze\u00adcho\u00adwy\u00adwa\u00adne na pod\u00adsta\u00adwie art. 6 ust. 1 lit. f) RODO, chy\u00adba \u017ce powo\u00ad\u0142a\u00adno si\u0119 na inn\u0105 pod\u00adsta\u00adw\u0119 praw\u00adn\u0105. 6(1)(f) RODO, chy\u00adba \u017ce poda\u00adno inn\u0105 pod\u00adsta\u00adw\u0119 praw\u00adn\u0105. Ope\u00adra\u00adtor stro\u00adny inter\u00adne\u00adto\u00adwej ma uza\u00adsad\u00adnio\u00adny inte\u00adres w prze\u00adcho\u00adwy\u00adwa\u00adniu wyma\u00adga\u00adnych pli\u00adk\u00f3w cookie w celu zapew\u00adnie\u00adnia tech\u00adnicz\u00adnie bez\u00adb\u0142\u0119d\u00adne\u00adgo i zop\u00adty\u00adma\u00adli\u00adzo\u00adwa\u00adne\u00adgo \u015bwiad\u00adcze\u00adnia us\u0142ug ope\u00adra\u00adto\u00adra. Je\u015bli za\u017c\u0105\u00adda\u00adno zgo\u00addy u\u017cyt\u00adkow\u00adni\u00adka na prze\u00adcho\u00adwy\u00adwa\u00adnie pli\u00adk\u00f3w cookie i podob\u00adnych tech\u00adno\u00adlo\u00adgii roz\u00adpo\u00adzna\u00adwa\u00adnia, prze\u00adtwa\u00adrza\u00adnie odby\u00adwa si\u0119 wy\u0142\u0105cz\u00adnie na pod\u00adsta\u00adwie uzy\u00adska\u00adnej zgo\u00addy (art. 6 ust. 1 lit. a) RODO i \u00a7 25 ust. 1 RODO); zgo\u00adda ta mo\u017ce zosta\u0107 odwo\u00ad\u0142a\u00adna w dowol\u00adnym momencie.&nbsp;<\/p>\n\n<p>U\u017cyt\u00adkow\u00adnik ma mo\u017c\u00adli\u00adwo\u015b\u0107 skon\u00adfi\u00adgu\u00adro\u00adwa\u00adnia prze\u00adgl\u0105\u00addar\u00adki w taki spo\u00ads\u00f3b, aby by\u0142 powia\u00adda\u00admia\u00adny za ka\u017c\u00addym razem, gdy pli\u00adki cookie s\u0105 umiesz\u00adcza\u00adne, oraz aby zezwo\u00adli\u0107 na akcep\u00adta\u00adcj\u0119 pli\u00adk\u00f3w cookie tyl\u00adko w okre\u00ad\u015blo\u00adnych przy\u00adpad\u00adkach. U\u017cyt\u00adkow\u00adnik mo\u017ce r\u00f3w\u00adnie\u017c wy\u0142\u0105\u00adczy\u0107 akcep\u00adta\u00adcj\u0119 pli\u00adk\u00f3w cookie w okre\u00ad\u015blo\u00adnych przy\u00adpad\u00adkach lub og\u00f3l\u00adnie lub akty\u00adwo\u00adwa\u0107 funk\u00adcj\u0119 usu\u00adwa\u00adnia w celu auto\u00adma\u00adtycz\u00adne\u00adgo usu\u00adwa\u00adnia pli\u00adk\u00f3w cookie po zamkni\u0119\u00adciu prze\u00adgl\u0105\u00addar\u00adki. W przy\u00adpad\u00adku dez\u00adak\u00adty\u00adwa\u00adcji pli\u00adk\u00f3w cookie funk\u00adcje tej witry\u00adny mog\u0105 by\u0107 ograniczone.&nbsp;<\/p>\n\n<p>Infor\u00adma\u00adcje o tym, kt\u00f3\u00adre pli\u00adki cookie i us\u0142u\u00adgi s\u0105 u\u017cy\u00adwa\u00adne w tej witry\u00adnie, mo\u017c\u00adna zna\u00adle\u017a\u0107 w niniej\u00adszej poli\u00adty\u00adce prywatno\u015bci.<\/p>\n\n<h3 class=\"wp-block-heading\">Zgo\u00adda za pomo\u00adc\u0105 pli\u00adku cookie Borlabs<\/h3>\n\n<p>Nasza stro\u00adna inter\u00adne\u00adto\u00adwa korzy\u00adsta z tech\u00adno\u00adlo\u00adgii zgo\u00addy Bor\u00adlabs w celu uzy\u00adska\u00adnia zgo\u00addy u\u017cyt\u00adkow\u00adni\u00adka na prze\u00adcho\u00adwy\u00adwa\u00adnie okre\u00ad\u015blo\u00adnych pli\u00adk\u00f3w cookie w prze\u00adgl\u0105\u00addar\u00adce lub na korzy\u00adsta\u00adnie z okre\u00ad\u015blo\u00adnych tech\u00adno\u00adlo\u00adgii oraz na ich doku\u00admen\u00adta\u00adcj\u0119 zgod\u00adn\u0105 z ochro\u00adn\u0105 pry\u00adwat\u00adno\u00ad\u015bci danych. Dostaw\u00adc\u0105 tej tech\u00adno\u00adlo\u00adgii jest Bor\u00adlabs GmbH, R\u00fcben\u00adkamp 32, 22305 Ham\u00adburg, Niem\u00adcy (zwa\u00adna dalej Borlabs).&nbsp;<\/p>\n\n<p>Za ka\u017c\u00addym razem, gdy odwie\u00addzasz nasz\u0105 stro\u00adn\u0119 inter\u00adne\u00adto\u00adw\u0105, w Two\u00adjej prze\u00adgl\u0105\u00addar\u00adce zapi\u00adsy\u00adwa\u00adny jest plik cookie Bor\u00adlabs, kt\u00f3\u00adry archi\u00adwi\u00adzu\u00adje wszel\u00adkie wpro\u00adwa\u00addzo\u00adne przez Cie\u00adbie dekla\u00adra\u00adcje lub odwo\u00ad\u0142a\u00adnia zgo\u00addy. Dane te nie s\u0105 udo\u00adst\u0119p\u00adnia\u00adne dostaw\u00adcy tech\u00adno\u00adlo\u00adgii Borlabs.&nbsp;<\/p>\n\n<p>Zare\u00adje\u00adstro\u00adwa\u00adne dane pozo\u00adsta\u00adn\u0105 zar\u00adchi\u00adwi\u00adzo\u00adwa\u00adne do momen\u00adtu, gdy u\u017cyt\u00adkow\u00adnik popro\u00adsi nas o ich usu\u00adni\u0119\u00adcie, samo\u00addziel\u00adnie usu\u00adnie plik cookie Bor\u00adlabs lub gdy cel prze\u00adcho\u00adwy\u00adwa\u00adnia danych prze\u00adsta\u00adnie ist\u00adnie\u0107. Pozo\u00adsta\u00adje to bez uszczerb\u00adku dla wszel\u00adkich obo\u00adwi\u0105z\u00adk\u00f3w prze\u00adcho\u00adwy\u00adwa\u00adnia danych wyni\u00adka\u00adj\u0105\u00adcych z prze\u00adpi\u00ads\u00f3w pra\u00adwa. Aby zapo\u00adzna\u0107 si\u0119 ze szcze\u00adg\u00f3\u00ad\u0142a\u00admi zasad prze\u00adtwa\u00adrza\u00adnia danych przez Bor\u00adlabs, odwied\u017a stro\u00adn\u0119 <a href=\"https:\/\/de.borlabs.io\/kb\/welche-daten-speichert-borlabs-cookie\/\" target=\"_blank\" rel=\"noreferrer noopener\">https:\/\/de.borlabs.io\/kb\/welche-daten-speichert-borlabs-cookie\/.<\/a>  <\/p>\n\n<p>Korzy\u00adsta\u00admy z tech\u00adno\u00adlo\u00adgii zgo\u00addy na pli\u00adki cookie Bor\u00adlabs w celu uzy\u00adska\u00adnia wyma\u00adga\u00adnych pra\u00adwem o\u015bwiad\u00adcze\u0144 o wyra\u00ad\u017ce\u00adniu zgo\u00addy na korzy\u00adsta\u00adnie z pli\u00adk\u00f3w cookie. Pod\u00adsta\u00adw\u0105 praw\u00adn\u0105 korzy\u00adsta\u00adnia z takich pli\u00adk\u00f3w cookie jest art. 6 ust. 1 lit. c RODO. 6(1)\u00a9&nbsp;RODO.&nbsp;<\/p>\n\n<h3 class=\"wp-block-heading\">Pli\u00adki dzien\u00adni\u00adka serwera<\/h3>\n\n<p>Dostaw\u00adca tej witry\u00adny i jej stron auto\u00adma\u00adtycz\u00adnie gro\u00adma\u00addzi i prze\u00adcho\u00adwu\u00adje infor\u00adma\u00adcje w tak zwa\u00adnych pli\u00adkach dzien\u00adni\u00adka ser\u00adwe\u00adra, kt\u00f3\u00adre prze\u00adgl\u0105\u00addar\u00adka u\u017cyt\u00adkow\u00adni\u00adka prze\u00adka\u00adzu\u00adje nam auto\u00adma\u00adtycz\u00adnie. Infor\u00adma\u00adcje te obejmuj\u0105:&nbsp;<\/p>\n\n<ul class=\"wp-block-list\">\n<li>Typ i wer\u00adsja u\u017cy\u00adwa\u00adnej przegl\u0105darki<\/li>\n\n\n\n<li>U\u017cy\u00adwa\u00adny sys\u00adtem operacyjny<\/li>\n\n\n\n<li>Adres URL stro\u00adny odsy\u0142aj\u0105cej<\/li>\n\n\n\n<li>Nazwa hosta kom\u00adpu\u00adte\u00adra uzy\u00adsku\u00adj\u0105\u00adce\u00adgo dost\u0119p<\/li>\n\n\n\n<li>Czas zapy\u00adta\u00adnia serwera<\/li>\n\n\n\n<li>Adres IP<\/li>\n<\/ul>\n\n<p>Dane te nie s\u0105 \u0142\u0105czo\u00adne z inny\u00admi \u017ar\u00f3\u00add\u0142a\u00admi danych.<\/p>\n\n<p>Dane te s\u0105 reje\u00adstro\u00adwa\u00adne na pod\u00adsta\u00adwie art. 6 ust. 1 lit. f RODO. 6(1)(f) RODO. Ope\u00adra\u00adtor stro\u00adny inter\u00adne\u00adto\u00adwej ma uza\u00adsad\u00adnio\u00adny inte\u00adres w tech\u00adnicz\u00adnie bez\u00adb\u0142\u0119d\u00adnym wy\u015bwie\u00adtla\u00adniu i opty\u00adma\u00adli\u00adza\u00adcji stro\u00adny inter\u00adne\u00adto\u00adwej ope\u00adra\u00adto\u00adra. Aby to osi\u0105\u00adgn\u0105\u0107, pli\u00adki dzien\u00adni\u00adka ser\u00adwe\u00adra musz\u0105 by\u0107 rejestrowane.&nbsp;<\/p>\n\n<h3 class=\"wp-block-heading\">For\u00admu\u00adlarz kontaktowy<\/h3>\n\n<p>W przy\u00adpad\u00adku prze\u00ads\u0142a\u00adnia do nas zapy\u00adta\u00adnia za po\u015bred\u00adnic\u00adtwem nasze\u00adgo for\u00admu\u00adla\u00adrza kon\u00adtak\u00adto\u00adwe\u00adgo, infor\u00adma\u00adcje poda\u00adne w for\u00admu\u00adla\u00adrzu kon\u00adtak\u00adto\u00adwym, a tak\u00ad\u017ce wszel\u00adkie poda\u00adne w nim dane kon\u00adtak\u00adto\u00adwe b\u0119d\u0105 prze\u00adcho\u00adwy\u00adwa\u00adne przez nas w celu obs\u0142u\u00adgi zapy\u00adta\u00adnia oraz w przy\u00adpad\u00adku dal\u00adszych pyta\u0144. Nie b\u0119dzie\u00admy udo\u00adst\u0119p\u00adnia\u0107 tych infor\u00adma\u00adcji bez zgo\u00addy u\u017cytkownika.&nbsp;<\/p>\n\n<p>Prze\u00adtwa\u00adrza\u00adnie tych danych odby\u00adwa si\u0119 na pod\u00adsta\u00adwie art. 6 ust. 1 lit. b) RODO. 6(1)(b) RODO, je\u015bli \u017c\u0105da\u00adnie u\u017cyt\u00adkow\u00adni\u00adka jest zwi\u0105\u00adza\u00adne z wyko\u00adna\u00adniem umo\u00adwy lub je\u015bli jest to koniecz\u00adne do prze\u00adpro\u00adwa\u00addze\u00adnia dzia\u00ad\u0142a\u0144 poprze\u00addza\u00adj\u0105\u00adcych zawar\u00adcie umo\u00adwy. We wszyst\u00adkich innych przy\u00adpad\u00adkach prze\u00adtwa\u00adrza\u00adnie opie\u00adra si\u0119 na naszym uza\u00adsad\u00adnio\u00adnym inte\u00adre\u00adsie w sku\u00adtecz\u00adnym prze\u00adtwa\u00adrza\u00adniu kie\u00adro\u00adwa\u00adnych do nas \u017c\u0105da\u0144 (art. 6 ust. 1 lit. f RODO) lub na zgo\u00addzie u\u017cyt\u00adkow\u00adni\u00adka (art. 6 ust. 1 lit. a RODO), je\u015bli zosta\u00ad\u0142a ona wyra\u00ad\u017co\u00adna; zgo\u00adda mo\u017ce zosta\u0107 cof\u00adni\u0119\u00adta w dowol\u00adnym momencie.<\/p>\n\n<p>Infor\u00adma\u00adcje wpro\u00adwa\u00addzo\u00adne przez u\u017cyt\u00adkow\u00adni\u00adka w for\u00admu\u00adla\u00adrzu kon\u00adtak\u00adto\u00adwym pozo\u00adsta\u00adn\u0105 u nas do momen\u00adtu, gdy u\u017cyt\u00adkow\u00adnik popro\u00adsi nas o ich usu\u00adni\u0119\u00adcie, cof\u00adnie zgo\u00add\u0119 na archi\u00adwi\u00adza\u00adcj\u0119 danych lub gdy cel, dla kt\u00f3\u00adre\u00adgo infor\u00adma\u00adcje s\u0105 archi\u00adwi\u00adzo\u00adwa\u00adne, prze\u00adsta\u00adnie ist\u00adnie\u0107 (np. po udzie\u00adle\u00adniu przez nas odpo\u00adwie\u00addzi na zapy\u00adta\u00adnie u\u017cyt\u00adkow\u00adni\u00adka). Pozo\u00adsta\u00adje to bez uszczerb\u00adku dla wszel\u00adkich bez\u00adwzgl\u0119d\u00adnie obo\u00adwi\u0105\u00adzu\u00adj\u0105\u00adcych prze\u00adpi\u00ads\u00f3w pra\u00adwa, w szcze\u00adg\u00f3l\u00adno\u00ad\u015bci okre\u00ads\u00f3w prze\u00adcho\u00adwy\u00adwa\u00adnia danych.&nbsp;<\/p>\n\n<h3 class=\"wp-block-heading\">Wnio\u00adsek prze\u00ads\u0142a\u00adny pocz\u00adt\u0105 elek\u00adtro\u00adnicz\u00adn\u0105, tele\u00adfo\u00adnicz\u00adnie lub faksem<\/h3>\n\n<p>Je\u015bli u\u017cyt\u00adkow\u00adnik skon\u00adtak\u00adtu\u00adje si\u0119 z nami za po\u015bred\u00adnic\u00adtwem pocz\u00adty elek\u00adtro\u00adnicz\u00adnej, tele\u00adfo\u00adnu lub fak\u00adsu, jego \u017c\u0105da\u00adnie, w tym wszyst\u00adkie wyni\u00adka\u00adj\u0105\u00adce z nie\u00adgo dane oso\u00adbo\u00adwe (imi\u0119 i nazwi\u00adsko, \u017c\u0105da\u00adnie), b\u0119d\u0105 przez nas prze\u00adcho\u00adwy\u00adwa\u00adne i prze\u00adtwa\u00adrza\u00adne w celu prze\u00adtwo\u00adrze\u00adnia \u017c\u0105da\u00adnia u\u017cyt\u00adkow\u00adni\u00adka. Nie prze\u00adka\u00adzu\u00adje\u00admy tych danych dalej bez zgo\u00addy u\u017cytkownika.&nbsp;<\/p>\n\n<p>Dane te s\u0105 prze\u00adtwa\u00adrza\u00adne na pod\u00adsta\u00adwie Art. 6(1)(b) RODO, je\u015bli zapy\u00adta\u00adnie jest zwi\u0105\u00adza\u00adne z reali\u00adza\u00adcj\u0105 umo\u00adwy lub jest wyma\u00adga\u00adne do wyko\u00adna\u00adnia \u015brod\u00adk\u00f3w prze\u00addumow\u00adnych. We wszyst\u00adkich innych przy\u00adpad\u00adkach dane s\u0105 prze\u00adtwa\u00adrza\u00adne na pod\u00adsta\u00adwie nasze\u00adgo uza\u00adsad\u00adnio\u00adne\u00adgo inte\u00adre\u00adsu pole\u00adga\u00adj\u0105\u00adce\u00adgo na sku\u00adtecz\u00adnej obs\u0142u\u00addze prze\u00ads\u0142a\u00adnych do nas zapy\u00adta\u0144 (art. 6 ust. 1 lit. f RODO) lub na pod\u00adsta\u00adwie Two\u00adjej zgo\u00addy (art. 6 ust. 1 lit. a RODO), je\u015bli zosta\u00ad\u0142a ona uzy\u00adska\u00adna; zgo\u00adda mo\u017ce zosta\u0107 odwo\u00ad\u0142a\u00adna w dowol\u00adnym momencie.<\/p>\n\n<p>Dane prze\u00ads\u0142a\u00adne nam przez u\u017cyt\u00adkow\u00adni\u00adka za po\u015bred\u00adnic\u00adtwem pr\u00f3\u015bb o kon\u00adtakt pozo\u00adsta\u00adj\u0105 u nas do cza\u00adsu, gdy u\u017cyt\u00adkow\u00adnik za\u017c\u0105\u00adda ich usu\u00adni\u0119\u00adcia, cof\u00adnie zgo\u00add\u0119 na ich prze\u00adcho\u00adwy\u00adwa\u00adnie lub gdy cel prze\u00adcho\u00adwy\u00adwa\u00adnia danych wyga\u00ad\u015bnie (np. po wype\u0142\u00adnie\u00adniu pro\u015b\u00adby). Obo\u00adwi\u0105z\u00adko\u00adwe prze\u00adpi\u00adsy usta\u00adwo\u00adwe \u2014 w szcze\u00adg\u00f3l\u00adno\u00ad\u015bci usta\u00adwo\u00adwe okre\u00adsy prze\u00adcho\u00adwy\u00adwa\u00adnia \u2014 pozo\u00adsta\u00adj\u0105 nienaruszone.&nbsp;<\/p>\n\n<h2 class=\"wp-block-heading\">5. Narz\u0119\u00addzia ana\u00adli\u00adtycz\u00adne i reklama<\/h2>\n\n<h3 class=\"wp-block-heading\">Mato\u00admo<\/h3>\n\n<p>Ta witry\u00adna korzy\u00adsta z us\u0142u\u00adgi ana\u00adli\u00adzy sie\u00adcio\u00adwej Mato\u00admo typu open source.<\/p>\n\n<p>Dzi\u0119\u00adki Mato\u00admo jeste\u00ad\u015bmy w sta\u00adnie gro\u00adma\u00addzi\u0107 i ana\u00adli\u00adzo\u00adwa\u0107 dane doty\u00adcz\u0105\u00adce korzy\u00adsta\u00adnia z naszej stro\u00adny inter\u00adne\u00adto\u00adwej przez odwie\u00addza\u00adj\u0105\u00adcych. Dzi\u0119\u00adki temu mo\u017ce\u00admy na przy\u00adk\u0142ad dowie\u00addzie\u0107 si\u0119, kie\u00addy mia\u00ad\u0142y miej\u00adsce ods\u0142o\u00adny stro\u00adny i z jakie\u00adgo regio\u00adnu pocho\u00addzi\u00ad\u0142y. Ponad\u00adto gro\u00adma\u00addzi\u00admy r\u00f3\u017c\u00adne pli\u00adki dzien\u00adni\u00adka (np. adres IP, stro\u00adn\u0119 odsy\u00ad\u0142a\u00adj\u0105\u00adc\u0105, prze\u00adgl\u0105\u00addar\u00adk\u0119 i u\u017cy\u00adwa\u00adny sys\u00adtem ope\u00adra\u00adcyj\u00adny) i mo\u017ce\u00admy zmie\u00adrzy\u0107, czy odwie\u00addza\u00adj\u0105\u00adcy nasz\u0105 witry\u00adn\u0119 wyko\u00adnu\u00adj\u0105 okre\u00ad\u015blo\u00adne czyn\u00adno\u00ad\u015bci (np. klik\u00adni\u0119\u00adcia, zaku\u00adpy&nbsp;itp.).&nbsp;<\/p>\n\n<p>Korzy\u00adsta\u00adnie z tego narz\u0119\u00addzia ana\u00adli\u00adtycz\u00adne\u00adgo opie\u00adra si\u0119 na art. 6 ust. 1 lit. f RODO. 6(1)(f) RODO. Ope\u00adra\u00adtor stro\u00adny inter\u00adne\u00adto\u00adwej ma uza\u00adsad\u00adnio\u00adny inte\u00adres w ana\u00adli\u00adzie wzor\u00adc\u00f3w u\u017cyt\u00adkow\u00adni\u00adk\u00f3w w celu opty\u00adma\u00adli\u00adza\u00adcji ofer\u00adty inter\u00adne\u00adto\u00adwej i rekla\u00admy ope\u00adra\u00adto\u00adra. Je\u015bli uzy\u00adska\u00adno odpo\u00adwied\u00adni\u0105 zgo\u00add\u0119, prze\u00adtwa\u00adrza\u00adnie odby\u00adwa si\u0119 wy\u0142\u0105cz\u00adnie na pod\u00adsta\u00adwie art. 6 ust. 1 lit. a RODO. 6(1)(a) RODO i \u00a7 25 (1) RODO, o ile zgo\u00adda obej\u00admu\u00adje prze\u00adcho\u00adwy\u00adwa\u00adnie pli\u00adk\u00f3w cookie lub dost\u0119p do infor\u00adma\u00adcji w urz\u0105\u00addze\u00adniu ko\u0144\u00adco\u00adwym u\u017cyt\u00adkow\u00adni\u00adka (np. odci\u00adski pal\u00adc\u00f3w urz\u0105\u00addze\u00adnia) w rozu\u00admie\u00adniu RODO. Zgo\u00adda ta mo\u017ce zosta\u0107 odwo\u00ad\u0142a\u00adna w dowol\u00adnym momencie.&nbsp;<\/p>\n\n<h4 class=\"wp-block-heading\">Ano\u00adni\u00admi\u00adza\u00adcja adre\u00ads\u00f3w&nbsp;IP<\/h4>\n\n<p>Do ana\u00adli\u00adzy za pomo\u00adc\u0105 Mato\u00admo u\u017cy\u00adwa\u00admy ano\u00adni\u00admi\u00adza\u00adcji IP. Adres IP u\u017cyt\u00adkow\u00adni\u00adka jest skra\u00adca\u00adny przed ana\u00adli\u00adz\u0105, dzi\u0119\u00adki cze\u00admu nie mo\u017c\u00adna go jed\u00adno\u00adznacz\u00adnie przy\u00adpi\u00adsa\u0107 do u\u017cytkownika.&nbsp;<\/p>\n\n<h4 class=\"wp-block-heading\">Hosting<\/h4>\n\n<p>Hostu\u00adje\u00admy Mato\u00admo u nast\u0119\u00adpu\u00adj\u0105\u00adce\u00adgo zewn\u0119trz\u00adne\u00adgo dostawcy:<\/p>\n\n<p>SaaS Web Inter\u00adnet Solu\u00adtions GmbH<br>Ste\u00adin\u00adstra\u00ad\u00dfe 25<br>76133 Karls\u00adru\u00adhe<\/p>\n\n<h4 class=\"wp-block-heading\">Prze\u00adtwa\u00adrza\u00adnie danych<\/h4>\n\n<p>Zawar\u00adli\u00ad\u015bmy umo\u00adw\u0119 o prze\u00adtwa\u00adrza\u00adniu danych (DPA) w celu korzy\u00adsta\u00adnia z wy\u017cej wymie\u00adnio\u00adnej us\u0142u\u00adgi. Jest to umo\u00adwa wyma\u00adga\u00adna przez prze\u00adpi\u00adsy doty\u00adcz\u0105\u00adce pry\u00adwat\u00adno\u00ad\u015bci danych, kt\u00f3\u00adra gwa\u00adran\u00adtu\u00adje, \u017ce dane oso\u00adbo\u00adwe os\u00f3b odwie\u00addza\u00adj\u0105\u00adcych nasz\u0105 witry\u00adn\u0119 b\u0119d\u0105 prze\u00adtwa\u00adrza\u00adne wy\u0142\u0105cz\u00adnie na pod\u00adsta\u00adwie naszych instruk\u00adcji i zgod\u00adnie z&nbsp;RODO.&nbsp;<\/p>\n\n<h2 class=\"wp-block-heading\">6. New\u00adslet\u00adter<\/h2>\n\n<h3 class=\"wp-block-heading\">Dane biu\u00adle\u00adty\u00adnu<\/h3>\n\n<p>Je\u015bli u\u017cyt\u00adkow\u00adnik chce sub\u00adskry\u00adbo\u00adwa\u0107 biu\u00adle\u00adtyn ofe\u00adro\u00adwa\u00adny na tej stro\u00adnie inter\u00adne\u00adto\u00adwej, b\u0119dzie\u00admy potrze\u00adbo\u00adwa\u0107 od nie\u00adgo adre\u00adsu e\u2011mail, a tak\u00ad\u017ce infor\u00adma\u00adcji, kt\u00f3\u00adre pozwo\u00adl\u0105 nam zwe\u00adry\u00adfi\u00adko\u00adwa\u0107, czy jest w\u0142a\u00ad\u015bci\u00adcie\u00adlem poda\u00adne\u00adgo adre\u00adsu e\u2011mail i wyra\u00adzi\u0107 zgo\u00add\u0119 na otrzy\u00admy\u00adwa\u00adnie biu\u00adle\u00adty\u00adnu. \u017bad\u00adne inne dane nie b\u0119d\u0105 gro\u00adma\u00addzo\u00adne lub b\u0119d\u0105 gro\u00adma\u00addzo\u00adne wy\u0142\u0105cz\u00adnie na zasa\u00addzie dobro\u00adwol\u00adno\u00ad\u015bci. B\u0119dzie\u00admy wyko\u00adrzy\u00adsty\u00adwa\u0107 te dane wy\u0142\u0105cz\u00adnie w celu wysy\u00ad\u0142a\u00adnia \u017c\u0105da\u00adnych infor\u00adma\u00adcji i nie b\u0119dzie\u00admy udo\u00adst\u0119p\u00adnia\u0107 ich stro\u00adnom trzecim.&nbsp;<\/p>\n\n<p>Prze\u00adtwa\u00adrza\u00adnie infor\u00adma\u00adcji wpro\u00adwa\u00addzo\u00adnych do for\u00admu\u00adla\u00adrza sub\u00adskryp\u00adcji new\u00adslet\u00adte\u00adra odby\u00adwa si\u0119 wy\u0142\u0105cz\u00adnie na pod\u00adsta\u00adwie zgo\u00addy u\u017cyt\u00adkow\u00adni\u00adka (art. 6 ust. 1 lit. a RODO). U\u017cyt\u00adkow\u00adnik mo\u017ce w dowol\u00adnym momen\u00adcie wyco\u00adfa\u0107 zgo\u00add\u0119 na archi\u00adwi\u00adza\u00adcj\u0119 danych, adre\u00adsu e\u2011mail i wyko\u00adrzy\u00adsta\u00adnie tych infor\u00adma\u00adcji do wysy\u00ad\u0142a\u00adnia new\u00adslet\u00adte\u00adra, na przy\u00adk\u0142ad kli\u00adka\u00adj\u0105c link \u201cAnu\u00adluj sub\u00adskryp\u00adcj\u0119\u201d w new\u00adslet\u00adte\u00adrze. Pozo\u00adsta\u00adje to bez uszczerb\u00adku dla legal\u00adno\u00ad\u015bci wszel\u00adkich trans\u00adak\u00adcji prze\u00adtwa\u00adrza\u00adnia danych, kt\u00f3\u00adre mia\u00ad\u0142y miej\u00adsce do tej&nbsp;pory.&nbsp;<\/p>\n\n<p>Dane prze\u00adka\u00adza\u00adne nam w celu sub\u00adskryp\u00adcji biu\u00adle\u00adty\u00adnu b\u0119d\u0105 prze\u00adcho\u00adwy\u00adwa\u00adne przez nas do momen\u00adtu rezy\u00adgna\u00adcji z sub\u00adskryp\u00adcji biu\u00adle\u00adty\u00adnu lub przez dostaw\u00adc\u0119 us\u0142u\u00adgi biu\u00adle\u00adty\u00adnu i zosta\u00adn\u0105 usu\u00adni\u0119\u00adte z listy dys\u00adtry\u00adbu\u00adcyj\u00adnej biu\u00adle\u00adty\u00adnu po rezy\u00adgna\u00adcji z sub\u00adskryp\u00adcji biu\u00adle\u00adty\u00adnu lub po usta\u00adniu celu. Zastrze\u00adga\u00admy sobie pra\u00adwo do usu\u00adni\u0119\u00adcia lub zablo\u00adko\u00adwa\u00adnia adre\u00ads\u00f3w e\u2011mail z naszej listy dys\u00adtry\u00adbu\u00adcyj\u00adnej new\u00adslet\u00adte\u00adra wed\u0142ug w\u0142a\u00adsne\u00adgo uzna\u00adnia w ramach nasze\u00adgo uza\u00adsad\u00adnio\u00adne\u00adgo inte\u00adre\u00adsu zgod\u00adnie z art. 6 ust. 1 lit. f) RODO. 6(1)(f) RODO.&nbsp;<\/p>\n\n<p>Dane prze\u00adcho\u00adwy\u00adwa\u00adne w innych celach pozo\u00adsta\u00adj\u0105 nienaruszone.<\/p>\n\n<p>Po wypi\u00adsa\u00adniu si\u0119 z listy dys\u00adtry\u00adbu\u00adcyj\u00adnej biu\u00adle\u00adty\u00adnu adres e\u2011mail u\u017cyt\u00adkow\u00adni\u00adka mo\u017ce zosta\u0107 zapi\u00adsa\u00adny przez nas lub dostaw\u00adc\u0119 us\u0142u\u00adgi biu\u00adle\u00adty\u00adnu na czar\u00adnej li\u015bcie, je\u015bli takie dzia\u00ad\u0142a\u00adnie jest koniecz\u00adne, aby zapo\u00adbiec wysy\u00ad\u0142a\u00adniu wia\u00addo\u00admo\u00ad\u015bci w przy\u00adsz\u0142o\u00ad\u015bci. Dane z czar\u00adnej listy s\u0105 wyko\u00adrzy\u00adsty\u00adwa\u00adne wy\u0142\u0105cz\u00adnie w tym celu i nie s\u0105 \u0142\u0105czo\u00adne z inny\u00admi dany\u00admi. S\u0142u\u00ad\u017cy to zar\u00f3w\u00adno inte\u00adre\u00adso\u00adwi u\u017cyt\u00adkow\u00adni\u00adka, jak i nasze\u00admu inte\u00adre\u00adso\u00adwi w prze\u00adstrze\u00adga\u00adniu wymo\u00adg\u00f3w praw\u00adnych przy wysy\u00ad\u0142a\u00adniu new\u00adslet\u00adte\u00adr\u00f3w (uza\u00adsad\u00adnio\u00adny inte\u00adres w rozu\u00admie\u00adniu art. 6 ust. 1 lit. f RODO). 6(1)(f) RODO). Prze\u00adcho\u00adwy\u00adwa\u00adnie na czar\u00adnej li\u015bcie jest bez\u00adter\u00admi\u00adno\u00adwe.     <strong>U\u017cyt\u00adkow\u00adnik mo\u017ce sprze\u00adci\u00adwi\u0107 si\u0119 prze\u00adcho\u00adwy\u00adwa\u00adniu danych, je\u015bli jego inte\u00adre\u00adsy prze\u00adwa\u00ad\u017ca\u00adj\u0105 nad naszym uza\u00adsad\u00adnio\u00adnym interesem.<\/strong><\/p>\n\n<h2 class=\"wp-block-heading\">7. Wtycz\u00adki i narz\u0119dzia<\/h2>\n\n<h3 class=\"wp-block-heading\">YouTu\u00adbe<\/h3>\n\n<p>Ta stro\u00adna inter\u00adne\u00adto\u00adwa zawie\u00adra fil\u00admy z ser\u00adwi\u00adsu YouTu\u00adbe. Ope\u00adra\u00adto\u00adrem witry\u00adny jest Google Ire\u00adland Limi\u00adted (\u201cGoogle\u201d), Gor\u00addon House, Bar\u00adrow Stre\u00adet, Dublin 4, Irlandia.&nbsp;<\/p>\n\n<p>Je\u015bli u\u017cyt\u00adkow\u00adnik odwie\u00addzi stro\u00adn\u0119 w tej witry\u00adnie, na kt\u00f3\u00adrej osa\u00addzo\u00adno YouTu\u00adbe, zosta\u00adnie nawi\u0105\u00adza\u00adne po\u0142\u0105\u00adcze\u00adnie z ser\u00adwe\u00adra\u00admi YouTu\u00adbe. W rezul\u00adta\u00adcie ser\u00adwer YouTu\u00adbe zosta\u00adnie powia\u00addo\u00admio\u00adny, kt\u00f3\u00adr\u0105 z naszych stron odwiedzi\u0142e\u015b.&nbsp;<\/p>\n\n<p>Ponad\u00adto YouTu\u00adbe b\u0119dzie m\u00f3g\u0142 umiesz\u00adcza\u0107 r\u00f3\u017c\u00adne pli\u00adki cookie na urz\u0105\u00addze\u00adniu u\u017cyt\u00adkow\u00adni\u00adka lub por\u00f3w\u00adny\u00adwal\u00adne tech\u00adno\u00adlo\u00adgie roz\u00adpo\u00adzna\u00adwa\u00adnia (np. odci\u00adski pal\u00adc\u00f3w urz\u0105\u00addze\u00adnia). W ten spo\u00ads\u00f3b YouTu\u00adbe b\u0119dzie w sta\u00adnie uzy\u00adska\u0107 infor\u00adma\u00adcje o odwie\u00addza\u00adj\u0105\u00adcych t\u0119 witry\u00adn\u0119. Infor\u00adma\u00adcje te b\u0119d\u0105 mi\u0119\u00addzy inny\u00admi wyko\u00adrzy\u00adsty\u00adwa\u00adne do gene\u00adro\u00adwa\u00adnia sta\u00adty\u00adstyk wideo w celu popra\u00adwy przy\u00adja\u00adzno\u00ad\u015bci witry\u00adny dla u\u017cyt\u00adkow\u00adni\u00adka i zapo\u00adbie\u00adga\u00adnia pr\u00f3\u00adbom pope\u0142\u00adnie\u00adnia oszustwa.&nbsp;<\/p>\n\n<p>Je\u015bli u\u017cyt\u00adkow\u00adnik jest zalo\u00adgo\u00adwa\u00adny na swo\u00adim kon\u00adcie YouTu\u00adbe pod\u00adczas odwie\u00addza\u00adnia naszej witry\u00adny, umo\u017c\u00adli\u00adwia YouTu\u00adbe bez\u00adpo\u00ad\u015bred\u00adnie przy\u00adpi\u00adsa\u00adnie wzor\u00adc\u00f3w prze\u00adgl\u0105\u00adda\u00adnia do jego oso\u00adbi\u00adste\u00adgo pro\u00adfi\u00adlu. U\u017cyt\u00adkow\u00adnik mo\u017ce temu zapo\u00adbiec, wylo\u00adgo\u00adwu\u00adj\u0105c si\u0119 z kon\u00adta YouTube.&nbsp;<\/p>\n\n<p>Korzy\u00adsta\u00adnie z YouTu\u00adbe wyni\u00adka z nasze\u00adgo zain\u00adte\u00adre\u00adso\u00adwa\u00adnia pre\u00adzen\u00adto\u00adwa\u00adniem naszych tre\u00ad\u015bci onli\u00adne w atrak\u00adcyj\u00adny spo\u00ads\u00f3b. Zgod\u00adnie z art. 6(1)(f) RODO, jest to uza\u00adsad\u00adnio\u00adny inte\u00adres. Je\u015bli uzy\u00adska\u00adno odpo\u00adwied\u00adni\u0105 zgo\u00add\u0119, prze\u00adtwa\u00adrza\u00adnie odby\u00adwa si\u0119 wy\u0142\u0105cz\u00adnie na pod\u00adsta\u00adwie art. 6 ust. 1 lit. a RODO. 6(1)(a) RODO i \u00a7 25 (1) RODO, o ile zgo\u00adda obej\u00admu\u00adje prze\u00adcho\u00adwy\u00adwa\u00adnie pli\u00adk\u00f3w cookie lub dost\u0119p do infor\u00adma\u00adcji w urz\u0105\u00addze\u00adniu ko\u0144\u00adco\u00adwym u\u017cyt\u00adkow\u00adni\u00adka (np. pobie\u00adra\u00adnie odci\u00adsk\u00f3w pal\u00adc\u00f3w urz\u0105\u00addze\u00adnia) w rozu\u00admie\u00adniu RODO. Zgo\u00adda ta mo\u017ce zosta\u0107 odwo\u00ad\u0142a\u00adna w dowol\u00adnym momencie.&nbsp;<\/p>\n\n<p>Wi\u0119\u00adcej infor\u00adma\u00adcji na temat spo\u00adso\u00adbu prze\u00adtwa\u00adrza\u00adnia danych u\u017cyt\u00adkow\u00adni\u00adk\u00f3w przez YouTu\u00adbe mo\u017c\u00adna zna\u00adle\u017a\u0107 w Poli\u00adty\u00adce pry\u00adwat\u00adno\u00ad\u015bci danych YouTu\u00adbe pod adre\u00adsem: <a href=\"https:\/\/policies.google.com\/privacy?hl=en\" target=\"_blank\" rel=\"noreferrer noopener\">https:\/\/policies.google.com\/privacy?hl=en.<\/a><\/p>\n\n<p>Fir\u00adma jest cer\u00adty\u00adfi\u00adko\u00adwa\u00adna zgod\u00adnie z \u201cEU-US Data Pri\u00adva\u00adcy Fra\u00adme\u00adwork\u201d (DPF). DPF to umo\u00adwa mi\u0119\u00addzy Uni\u0105 Euro\u00adpej\u00adsk\u0105 a USA, kt\u00f3\u00adra ma na celu zapew\u00adnie\u00adnie zgod\u00adno\u00ad\u015bci z euro\u00adpej\u00adski\u00admi stan\u00addar\u00adda\u00admi ochro\u00adny danych w zakre\u00adsie prze\u00adtwa\u00adrza\u00adnia danych w USA. Ka\u017c\u00adda fir\u00adma cer\u00adty\u00adfi\u00adko\u00adwa\u00adna w ramach DPF jest zobo\u00adwi\u0105\u00adza\u00adna do prze\u00adstrze\u00adga\u00adnia tych stan\u00addar\u00add\u00f3w ochro\u00adny danych. Aby uzy\u00adska\u0107 wi\u0119\u00adcej infor\u00adma\u00adcji, nale\u00ad\u017cy skon\u00adtak\u00adto\u00adwa\u0107 si\u0119 z dostaw\u00adc\u0105 pod nast\u0119\u00adpu\u00adj\u0105\u00adcym lin\u00adkiem: <a href=\"https:\/\/www.dataprivacyframework.gov\/participant\/5780\" target=\"_blank\" rel=\"noreferrer noopener\">https:\/\/www.dataprivacyframework.gov\/participant\/5780.<\/a>   <\/p>\n\n<h3 class=\"wp-block-heading\">Word\u00adfen\u00adce<\/h3>\n\n<p>W tej witry\u00adnie zasto\u00adso\u00adwa\u00adli\u00ad\u015bmy opro\u00adgra\u00admo\u00adwa\u00adnie Word\u00adfen\u00adce. Dostaw\u00adc\u0105 jest Defiant Inc, Defiant, Inc, 800 5th Ave Ste 4100, Seat\u00adtle, WA 98104, USA (dalej \u201cWord\u00adfen\u00adce\u201d). <\/p>\n\n<p>Word\u00adfen\u00adce ma na celu ochro\u00adn\u0119 naszej witry\u00adny przed nie\u00adpo\u00ad\u017c\u0105\u00adda\u00adnym dost\u0119\u00adpem lub z\u0142o\u00ad\u015bli\u00adwy\u00admi cybe\u00adra\u00adta\u00adka\u00admi. W tym celu nasza witry\u00adna nawi\u0105\u00adzu\u00adje sta\u00ad\u0142e po\u0142\u0105\u00adcze\u00adnie z ser\u00adwe\u00adra\u00admi Word\u00adfen\u00adce, kt\u00f3\u00adre spraw\u00addza\u00adj\u0105 i blo\u00adku\u00adj\u0105 swo\u00adje bazy danych przed dost\u0119\u00adpem do naszej witryny.&nbsp;<\/p>\n\n<p>Korzy\u00adsta\u00adnie z Word\u00adfen\u00adce opie\u00adra si\u0119 na Art. 6(1)(f) RODO. Ope\u00adra\u00adtor stro\u00adny inter\u00adne\u00adto\u00adwej ma uza\u00adsad\u00adnio\u00adny inte\u00adres w jak naj\u00adsku\u00adtecz\u00adniej\u00adszej ochro\u00adnie swo\u00adjej stro\u00adny inter\u00adne\u00adto\u00adwej przed cybe\u00adra\u00adta\u00adka\u00admi. Je\u015bli uzy\u00adska\u00adno odpo\u00adwied\u00adni\u0105 zgo\u00add\u0119, prze\u00adtwa\u00adrza\u00adnie odby\u00adwa si\u0119 wy\u0142\u0105cz\u00adnie na pod\u00adsta\u00adwie art. 6 ust. 1 lit. a RODO. 6(1)(a) RODO i \u00a7 25 (1) RODO, o ile zgo\u00adda obej\u00admu\u00adje prze\u00adcho\u00adwy\u00adwa\u00adnie pli\u00adk\u00f3w cookie lub dost\u0119p do infor\u00adma\u00adcji w urz\u0105\u00addze\u00adniu ko\u0144\u00adco\u00adwym u\u017cyt\u00adkow\u00adni\u00adka (np. pobie\u00adra\u00adnie odci\u00adsk\u00f3w pal\u00adc\u00f3w urz\u0105\u00addze\u00adnia) w rozu\u00admie\u00adniu RODO. Zgo\u00adda ta mo\u017ce zosta\u0107 odwo\u00ad\u0142a\u00adna w dowol\u00adnym momencie.&nbsp;<\/p>\n\n<p>Prze\u00adsy\u00ad\u0142a\u00adnie danych do USA odby\u00adwa si\u0119 na pod\u00adsta\u00adwie stan\u00addar\u00addo\u00adwych klau\u00adzul umow\u00adnych Komi\u00adsji Euro\u00adpej\u00adskiej. Szcze\u00adg\u00f3\u00ad\u0142y mo\u017c\u00adna zna\u00adle\u017a\u0107 tutaj: <a href=\"https:\/\/www.wordfence.com\/help\/general-data-protection-regulation\/\" target=\"_blank\" rel=\"noreferrer noopener\">https:\/\/www.wordfence.com\/help\/general-data-protection-regulation\/.<\/a> <\/p>\n\n<h4 class=\"wp-block-heading\">Prze\u00adtwa\u00adrza\u00adnie danych<\/h4>\n\n<p>Zawar\u00adli\u00ad\u015bmy umo\u00adw\u0119 o prze\u00adtwa\u00adrza\u00adniu danych (DPA) w celu korzy\u00adsta\u00adnia z wy\u017cej wymie\u00adnio\u00adnej us\u0142u\u00adgi. Jest to umo\u00adwa wyma\u00adga\u00adna przez prze\u00adpi\u00adsy doty\u00adcz\u0105\u00adce pry\u00adwat\u00adno\u00ad\u015bci danych, kt\u00f3\u00adra gwa\u00adran\u00adtu\u00adje, \u017ce dane oso\u00adbo\u00adwe os\u00f3b odwie\u00addza\u00adj\u0105\u00adcych nasz\u0105 witry\u00adn\u0119 b\u0119d\u0105 prze\u00adtwa\u00adrza\u00adne wy\u0142\u0105cz\u00adnie na pod\u00adsta\u00adwie naszych instruk\u00adcji i zgod\u00adnie z&nbsp;RODO.&nbsp;<\/p>\n\n<h2 class=\"wp-block-heading\">8. eCom\u00admer\u00adce i dostaw\u00adcy us\u0142ug p\u0142atniczych<\/h2>\n\n<h3 class=\"wp-block-heading\">Prze\u00adtwa\u00adrza\u00adnie danych klien\u00adt\u00f3w i&nbsp;um\u00f3w<\/h3>\n\n<p>Gro\u00adma\u00addzi\u00admy, prze\u00adtwa\u00adrza\u00admy i wyko\u00adrzy\u00adstu\u00adje\u00admy dane oso\u00adbo\u00adwe klien\u00adt\u00f3w i dane doty\u00adcz\u0105\u00adce um\u00f3w w celu usta\u00adno\u00adwie\u00adnia, usta\u00adle\u00adnia tre\u00ad\u015bci i mody\u00adfi\u00adka\u00adcji naszych sto\u00adsun\u00adk\u00f3w umow\u00adnych. Dane z oso\u00adbi\u00adsty\u00admi odnie\u00adsie\u00adnia\u00admi do korzy\u00adsta\u00adnia z tej stro\u00adny inter\u00adne\u00adto\u00adwej (dane doty\u00adcz\u0105\u00adce u\u017cyt\u00adko\u00adwa\u00adnia) b\u0119d\u0105 gro\u00adma\u00addzo\u00adne, prze\u00adtwa\u00adrza\u00adne i wyko\u00adrzy\u00adsty\u00adwa\u00adne tyl\u00adko wte\u00addy, gdy jest to koniecz\u00adne, aby umo\u017c\u00adli\u00adwi\u0107 u\u017cyt\u00adkow\u00adni\u00adko\u00adwi korzy\u00adsta\u00adnie z naszych us\u0142ug lub wyma\u00adga\u00adne do cel\u00f3w roz\u00adli\u00adcze\u00adnio\u00adwych. Pod\u00adsta\u00adw\u0105 praw\u00adn\u0105 tych pro\u00adce\u00ads\u00f3w jest art. 6(1)(b) RODO.&nbsp;<\/p>\n\n<p>Zebra\u00adne dane klien\u00adta zosta\u00adn\u0105 usu\u00adni\u0119\u00adte po zre\u00adali\u00adzo\u00adwa\u00adniu zam\u00f3\u00adwie\u00adnia lub zako\u0144\u00adcze\u00adniu rela\u00adcji biz\u00adne\u00adso\u00adwej oraz po up\u0142y\u00adwie wszel\u00adkich ist\u00adnie\u00adj\u0105\u00adcych usta\u00adwo\u00adwych okre\u00ads\u00f3w archi\u00adwi\u00adza\u00adcji. Pozo\u00adsta\u00adje to bez uszczerb\u00adku dla wszel\u00adkich usta\u00adwo\u00adwych okre\u00ads\u00f3w archiwizacji.&nbsp;<\/p>\n\n<p>Data: 31.07.2024<\/p>\n","protected":false},"excerpt":{"rendered":"<p>Poli\u00adty\u00adka pry\u00adwat\u00adno\u00ad\u015bci 1. Prze\u00adgl\u0105d ochro\u00adny danych Infor\u00adma\u00adcje og\u00f3l\u00adne Poni\u017c\u00adsze infor\u00adma\u00adcje zapew\u00adnia\u00adj\u0105 \u0142atwy w nawi\u00adga\u00adcji prze\u00adgl\u0105d tego, co sta\u00adnie si\u0119 z Two\u00adimi dany\u00admi oso\u00adbo\u00adwy\u00admi pod\u00adczas odwie\u00addza\u00adnia tej witry\u00adny. Ter\u00admin \u201cdane oso\u00adbo\u00adwe\u201d&nbsp;<a class=\"moretag\" href=\"https:\/\/www.anika-net.de\/pl\/polityka-prywatnosci\/\">czy\u00adtaj wi\u0119cej<\/a><\/p>\n","protected":false},"author":12,"featured_media":0,"parent":0,"menu_order":103,"comment_status":"closed","ping_status":"closed","template":"","meta":{"_acf_changed":false,"inline_featured_image":false,"_uag_custom_page_level_css":"","wp_typography_post_enhancements_disabled":false,"footnotes":""},"class_list":["post-58704","page","type-page","status-publish","hentry"],"acf":[],"featured_image_urls_v2":{"full":"","thumbnail":"","medium":"","medium_large":"","large":"","1536x1536":"","2048x2048":"","event-overview":"","event-archive-thumb":"","grid-item-thumbnail":"","network-partner-icon":"","organiser-icon":"","gform-image-choice-sm":"","gform-image-choice-md":"","gform-image-choice-lg":""},"post_excerpt_stackable_v2":"<p>Poli\u00adty\u00adka pry\u00adwat\u00adno\u00ad\u015bci 1. Prze\u00adgl\u0105d ochro\u00adny danych Infor\u00adma\u00adcje og\u00f3l\u00adne Poni\u017c\u00adsze infor\u00adma\u00adcje zapew\u00adnia\u00adj\u0105 \u0142atwy w nawi\u00adga\u00adcji prze\u00adgl\u0105d tego, co sta\u00adnie si\u0119 z Two\u00adimi dany\u00admi oso\u00adbo\u00adwy\u00admi pod\u00adczas odwie\u00addza\u00adnia tej witry\u00adny. Ter\u00admin \u201cdane oso\u00adbo\u00adwe\u201d obej\u00admu\u00adje wszyst\u00adkie dane, kt\u00f3\u00adre mo\u017c\u00adna wyko\u00adrzy\u00adsta\u0107 do oso\u00adbi\u00adstej iden\u00adty\u00adfi\u00adka\u00adcji u\u017cyt\u00adkow\u00adni\u00adka. Aby uzy\u00adska\u0107 szcze\u00adg\u00f3\u00ad\u0142o\u00adwe infor\u00adma\u00adcje na temat ochro\u00adny danych, nale\u00ad\u017cy zapo\u00adzna\u0107 si\u0119 z nasz\u0105 Dekla\u00adra\u00adcj\u0105 ochro\u00adny danych, kt\u00f3\u00adr\u0105 zamie\u00ad\u015bci\u00adli\u00ad\u015bmy pod niniej\u00adsz\u0105&nbsp;kopi\u0105.&nbsp; Reje\u00adstro\u00adwa\u00adnie danych na tej stro\u00adnie inter\u00adne\u00adto\u00adwej Kto jest pod\u00admio\u00adtem odpo\u00adwie\u00addzial\u00adnym za reje\u00adstro\u00adwa\u00adnie danych na tej stro\u00adnie inter\u00adne\u00adto\u00adwej (tj. \u201cadmi\u00adni\u00adstra\u00adto\u00adrem danych\u201d)? Dane na tej stro\u00adnie inter\u00adne\u00adto\u00adwej s\u0105 prze\u00adtwa\u00adrza\u00adne przez ope\u00adra\u00adto\u00adra stro\u00adny inter\u00adne\u00adto\u00adwej, kt\u00f3\u00adre\u00adgo dane kon\u00adtak\u00adto\u00adwe s\u0105 dost\u0119p\u00adne w sek\u00adcji \u201cInfor\u00adma\u00adcje&nbsp;o\u2026<\/p>\n","category_list_v2":"","author_info_v2":{"name":"Andrea Ramirez","url":"https:\/\/www.anika-net.de\/pl\/author\/andrea-ramirez\/"},"comments_num_v2":"0 comments","uagb_featured_image_src":{"full":false,"thumbnail":false,"medium":false,"medium_large":false,"large":false,"1536x1536":false,"2048x2048":false,"event-overview":false,"event-archive-thumb":false,"grid-item-thumbnail":false,"network-partner-icon":false,"organiser-icon":false,"gform-image-choice-sm":false,"gform-image-choice-md":false,"gform-image-choice-lg":false},"uagb_author_info":{"display_name":"Andrea Ramirez","author_link":"https:\/\/www.anika-net.de\/pl\/author\/andrea-ramirez\/"},"uagb_comment_info":0,"uagb_excerpt":"Poli\u00adty\u00adka prywatno\u015bci 1. Prze\u00adgl\u0105d ochro\u00adny danych Infor\u00adma\u00adcje og\u00f3lne Poni\u017c\u00adsze infor\u00adma\u00adcje zapew\u00adnia\u00adj\u0105 \u0142atwy w nawi\u00adga\u00adcji prze\u00adgl\u0105d tego, co sta\u00adnie si\u0119 z Two\u00adimi dany\u00admi oso\u00adbo\u00adwy\u00admi pod\u00adczas odwie\u00addza\u00adnia tej witry\u00adny. Ter\u00admin \u201cdane oso\u00adbo\u00adwe\u201d&nbsp;czytaj wi\u0119cej","_links":{"self":[{"href":"https:\/\/www.anika-net.de\/pl\/wp-json\/wp\/v2\/pages\/58704","targetHints":{"allow":["GET"]}}],"collection":[{"href":"https:\/\/www.anika-net.de\/pl\/wp-json\/wp\/v2\/pages"}],"about":[{"href":"https:\/\/www.anika-net.de\/pl\/wp-json\/wp\/v2\/types\/page"}],"author":[{"embeddable":true,"href":"https:\/\/www.anika-net.de\/pl\/wp-json\/wp\/v2\/users\/12"}],"replies":[{"embeddable":true,"href":"https:\/\/www.anika-net.de\/pl\/wp-json\/wp\/v2\/comments?post=58704"}],"version-history":[{"count":1,"href":"https:\/\/www.anika-net.de\/pl\/wp-json\/wp\/v2\/pages\/58704\/revisions"}],"predecessor-version":[{"id":58705,"href":"https:\/\/www.anika-net.de\/pl\/wp-json\/wp\/v2\/pages\/58704\/revisions\/58705"}],"wp:attachment":[{"href":"https:\/\/www.anika-net.de\/pl\/wp-json\/wp\/v2\/media?parent=58704"}],"curies":[{"name":"wp","href":"https:\/\/api.w.org\/{rel}","templated":true}]}}