{"id":58689,"date":"2025-02-19T10:25:55","date_gmt":"2025-02-19T09:25:55","guid":{"rendered":"https:\/\/www.anika-net.de\/osrodki-doradztwa-dla-migrantow\/"},"modified":"2026-01-26T11:00:23","modified_gmt":"2026-01-26T10:00:23","slug":"osrodki-doradztwa-dla-migrantow","status":"publish","type":"page","link":"https:\/\/www.anika-net.de\/pl\/pierwsze-kroki\/doradztwo-i-obsluga\/osrodki-doradztwa-dla-migrantow\/","title":{"rendered":"O\u015brod\u00adki doradz\u00adtwa dla migrant\u00f3w"},"content":{"rendered":"\n<p>W Karls\u00adru\u00adhe znaj\u00addu\u00adje si\u0119 kil\u00adka cen\u00adtr\u00f3w doradz\u00adtwa dla migran\u00adt\u00f3w, zar\u00f3w\u00adno dla nowo przy\u00adby\u00ad\u0142ych, jak i wszyst\u00adkich migran\u00adt\u00f3w. Ist\u00adnie\u00adj\u0105 cen\u00adtra doradz\u00adtwa migra\u00adcyj\u00adne\u00adgo dla doro\u00ads\u0142ych i m\u0142o\u00addzie\u00ad\u017cy, a tak\u00ad\u017ce cen\u00adtra doradz\u00adtwa w zakre\u00adsie kon\u00adkret\u00adnych tema\u00adt\u00f3w, takich jak pra\u00adca, uzna\u00adwa\u00adnie cer\u00adty\u00adfi\u00adka\u00adt\u00f3w. Pra\u00adcow\u00adni\u00adcy <em>Migra\u00adtions\u00adbe\u00adra\u00adtung<\/em> (s\u0142u\u017c\u00adby doradz\u00adtwa migra\u00adcyj\u00adne\u00adgo) pomo\u00adg\u0105 ci roz\u00adwi\u0105\u00adza\u0107 pro\u00adble\u00admy w takich obsza\u00adrach&nbsp;jak:&nbsp;<\/p>\n\n<ul class=\"wp-block-list\">\n<li><strong>Nauka j\u0119zy\u00adka nie\u00admiec\u00adkie\u00adgo<\/strong> (np. orga\u00adni\u00adza\u00adcja kur\u00ads\u00f3w j\u0119zy\u00adko\u00adwych i integracyjnych),<\/li>\n\n\n\n<li><strong>Pyta\u00adnia doty\u00adcz\u0105\u00adce zezwo\u00adle\u0144 na pobyt<\/strong>,<\/li>\n\n\n\n<li><strong>Karie\u00adra zawo\u00addo\u00adwa i uzna\u00adwa\u00adnie kwa\u00adli\u00adfi\u00adka\u00adcji <\/strong>(np. uzna\u00adwa\u00adnie \u015bwia\u00addectw uko\u0144\u00adcze\u00adnia szko\u00ad\u0142y, prak\u00adtyk zawo\u00addo\u00adwych, stop\u00adni nauko\u00adwych, poszu\u00adki\u00adwa\u00adnie&nbsp;pracy),<\/li>\n\n\n\n<li><strong>Miesz\u00adkal\u00adnic\u00adtwo<\/strong> (np. wspar\u00adcie i pod\u00adsta\u00adwo\u00adwe infor\u00adma\u00adcje na temat zna\u00adle\u00adzie\u00adnia zakwaterowania),<\/li>\n\n\n\n<li><strong>Zdro\u00adwie<\/strong> (np. opie\u00adka medycz\u00adna, ubez\u00adpie\u00adcze\u00adnie zdrowotne),<\/li>\n\n\n\n<li><strong>Rodzi\u00adna i dzie\u00adci<\/strong> (np. pyta\u00adnia doty\u00adcz\u0105\u00adce opie\u00adki nad dzie\u0107\u00admi, szko\u0142y),<\/li>\n\n\n\n<li><strong>Ma\u0142\u00ad\u017ce\u0144\u00adstwo i zwi\u0105z\u00adki part\u00adner\u00adskie<\/strong> (np. wspar\u00adcie w cza\u00adsie ci\u0105\u00ad\u017cy, doradz\u00adtwo ma\u0142\u017ce\u0144skie).<\/li>\n<\/ul>\n\n<h3 class=\"wp-block-heading\"><span style=\"color: #0baa9d;\" class=\"stk-highlight\">Cen\u00adtra doradz\u00adtwa dla migran\u00adt\u00f3w<\/span> <span style=\"color: #0baa9d;\" class=\"stk-highlight\">w Karls\u00adru\u00adhe<\/span><\/h3>\n\n<p>W Karls\u00adru\u00adhe znaj\u00addu\u00adje si\u0119 <strong>pi\u0119\u0107 o\u015brod\u00adk\u00f3w doradz\u00adtwa migra\u00adcyj\u00adne\u00adgo dla doro\u00ads\u0142ych imi\u00adgran\u00adt\u00f3w<\/strong> (MBE):<\/p>\n\n<ul class=\"wp-block-list\">\n<li>od 27 roku \u017cycia, kt\u00f3\u00adrzy nie miesz\u00adka\u00adli w Niem\u00adczech d\u0142u\u00ad\u017cej ni\u017c trzy lata i\/lub ucz\u0119sz\u00adcza\u00adj\u0105 na kurs integracyjny.<\/li>\n\n\n\n<li>od 27 roku \u017cycia, kt\u00f3\u00adrzy miesz\u00adka\u00adj\u0105 w Niem\u00adczech od d\u0142u\u017c\u00adsze\u00adgo cza\u00adsu i musz\u0105 nad\u00adro\u00adbi\u0107 zale\u00adg\u0142o\u00ad\u015bci w integracji.<\/li>\n<\/ul>\n\n<p>Oraz <strong>us\u0142u\u00adga migra\u00adcji m\u0142o\u00addzie\u00ad\u017cy (JMD) dla m\u0142o\u00addych ludzi w<\/strong> <strong>wie\u00adku<\/strong> <strong>od 12 do 27 lat<\/strong>. <br><strong>Kon\u00adsul\u00adta\u00adcje s\u0105 bezp\u0142atne.<\/strong><\/p>\n\n<p>List\u0119 <strong>innych o\u015brod\u00adk\u00f3w doradz\u00adtwa dla migran\u00adt\u00f3w<\/strong> i <strong>miej\u00adskich o\u015brod\u00adk\u00f3w doradz\u00adtwa<\/strong> w <strong>Karls\u00adru\u00adhe<\/strong> mo\u017c\u00adna zna\u00adle\u017a\u0107 tutaj <a href=\"https:\/\/www.anika-net.de\/events\/?type=recurring&amp;my_categories%5B0%5D=counselling-assistance-services\"><strong>tutaj<\/strong><\/a><\/p>\n\n<div class=\"wp-block-ugb-spacer ugb-spacer ugb-46a2835 ugb-spacer--v2 ugb-main-block\"><div class=\"ugb-inner-block\"><div class=\"ugb-block-content\"><div class=\"ugb-spacer--inner\"><\/div><\/div><\/div><\/div>\n\n<h2 class=\"wp-block-heading\"><span style=\"color: #cf2e2e;\" class=\"stk-highlight\">O\u015brod\u00adki dorad\u00adcze dla doro\u00ads\u0142ych imi\u00adgran\u00adt\u00f3w (MBE)<\/span><\/h2>\n\n<div class=\"wp-block-ugb-accordion ugb-accordion ugb-d931b4d ugb-accordion--v2 ugb-accordion--design-basic ugb-main-block\" aria-expanded=\"false\"><div class=\"ugb-inner-block\"><div class=\"ugb-block-content\"><div class=\"ugb-accordion__item\"><div class=\"ugb-accordion__heading\" role=\"button\" tabindex=\"0\"><h4 class=\"ugb-accordion__title\"><strong>Doradz\u00adtwo migra\u00adcyj\u00adne&nbsp;AWO<\/strong><\/h4><svg viewBox=\"0 0 20 20\" class=\"ugb-accordion__arrow\" width=\"20\" height=\"20\"><path d=\"M16.7 3.3L10 10 3.3 3.4 0 6.7l10 10v-.1l10-9.9z\" \/><\/svg><\/div><div class=\"ugb-accordion__content\" role=\"region\"><div class=\"ugb-accordion__content-inner\">\n<p>\ud83c\udf10<strong><a href=\"https:\/\/www.awo-karlsruhe.de\/leistungen\/besondere-lebenslagen\/migrationsberatung\/?gclid=EAIaIQobChMIwr_f2aGs9QIVCs93Ch2wwQ_fEAAYASAAEgJtNPD_BwE&amp;nowprocket=1\" rel=\"noopener\">AWO Karls\u00adru\u00adhe<\/a><\/strong><br>\ud83d\udccd Ste\u00adpha\u00adnien\u00adstra\u00ad\u00dfe 52, 76133 Karls\u00adru\u00adhe  0721\/ 16089\u2013413 <br>\ud83d\udcde<br>\ud83d\udce7 <a href=\"mailto:mbe@awo-karlsruhe.de\">mbe@awo-karlsruhe.de<\/a><br><br><strong><span style=\"color: #cf2e2e;\" class=\"stk-highlight\">Otwar\u00adte godzi\u00adny kon\u00adsul\u00adta\u00adcji dla kr\u00f3t\u00adkie\u00adgo doradz\u00adtwa<br>Czwar\u00adtek od 14:00 do 16:00 i po wcze\u00ad\u015bniej\u00adszym um\u00f3\u00adwie\u00adniu&nbsp;si\u0119<\/span><\/strong><\/p>\n\n\n\n<p><strong>J\u0119zy\u00adki:<\/strong> Nie\u00admiec\u00adki, bo\u015bniac\u00adki, bu\u0142\u00adgar\u00adski, chor\u00adwac\u00adki, angiel\u00adski, fran\u00adcu\u00adski, rumu\u0144\u00adski, rosyj\u00adski, serb\u00adski, hisz\u00adpa\u0144\u00adski, turecki<\/p>\n<\/div><\/div><\/div><\/div><\/div><\/div>\n\n<div class=\"wp-block-ugb-accordion ugb-accordion ugb-7ec77a9 ugb-accordion--v2 ugb-accordion--design-basic ugb-main-block\" aria-expanded=\"false\"><div class=\"ugb-inner-block\"><div class=\"ugb-block-content\"><div class=\"ugb-accordion__item\"><div class=\"ugb-accordion__heading\" role=\"button\" tabindex=\"0\"><h4 class=\"ugb-accordion__title\"><strong>Freun\u00adde\u00adskre\u00adis Asyl Karls\u00adru\u00adhe<\/strong> <strong>e.V.<\/strong><\/h4><svg viewBox=\"0 0 20 20\" class=\"ugb-accordion__arrow\" width=\"20\" height=\"20\"><path d=\"M16.7 3.3L10 10 3.3 3.4 0 6.7l10 10v-.1l10-9.9z\" \/><\/svg><\/div><div class=\"ugb-accordion__content\" role=\"region\"><div class=\"ugb-accordion__content-inner\">\n<p>\ud83c\udf10 <a href=\"https:\/\/fka-ka.de\/migrationsberatung-fuer-erwachsene-zuwanderer-mbe\/\" rel=\"noopener\"><strong>Freun\u00adde\u00adskre\u00adis Asyl Karls\u00adru\u00adhe<\/strong> <strong>e.V.<\/strong><\/a><br><strong><span style=\"color: #747474;\" class=\"stk-highlight\">(Der Pari\u00adt\u00e4ti\u00adsche Migra\u00adtions\u00adbe\u00adra\u00adtung)<\/span><\/strong><br>\ud83d\udccd Alter Schlach\u00adthof 59, 76137 Karls\u00adru\u00adhe<br>\ud83d\udcde 0721 78193 352 \u2014 \ud83d\udcde 0179 4038 861<br>\ud83d\udce7 <a href=\"mailto:mbe.karlsruhe@fka-ka.de\">mbe.karlsruhe@fka-ka.de<\/a><br><br><strong><span style=\"color: #cf2e2e;\" class=\"stk-highlight\">Doradz\u00adtwo po wcze\u00ad\u015bniej\u00adszym um\u00f3\u00adwie\u00adniu<\/span><\/strong><br><strong>J\u0119zy\u00adki:<\/strong> Nie\u00admiec\u00adki i rosyjski<\/p>\n\n\n\n<p><\/p>\n\n\n\n<p>\ud83d\udccd Kaiser\u00adstra\u00ad\u00dfe 41, 76131 Karls\u00adru\u00adhe<br>Sta\u00adcja Kro\u00adnen\u00adplatz<br>\ud83d\udcde 0157 34597 235<br>\ud83d\udce7 sabine.meglio@fka-ka.de<br><br><strong><span style=\"color: #cf2e2e;\" class=\"stk-highlight\"><strong><span style=\"color: #cf2e2e;\" class=\"stk-highlight\">Doradz\u00adtwo po wcze\u00ad\u015bniej\u00adszym um\u00f3wieniu<\/span><\/strong><\/span><\/strong><\/p>\n<\/div><\/div><\/div><\/div><\/div><\/div>\n\n<div class=\"wp-block-ugb-accordion ugb-accordion ugb-60a412f ugb-accordion--v2 ugb-accordion--design-basic ugb-main-block\" aria-expanded=\"false\"><div class=\"ugb-inner-block\"><div class=\"ugb-block-content\"><div class=\"ugb-accordion__item\"><div class=\"ugb-accordion__heading\" role=\"button\" tabindex=\"0\"><h4 class=\"ugb-accordion__title\"><strong>Land\u00adsman\u00adn\u00adschaft der Deut\u00adschen aus Rus\u00adsland e.&nbsp;V.&nbsp;<\/strong><\/h4><svg viewBox=\"0 0 20 20\" class=\"ugb-accordion__arrow\" width=\"20\" height=\"20\"><path d=\"M16.7 3.3L10 10 3.3 3.4 0 6.7l10 10v-.1l10-9.9z\" \/><\/svg><\/div><div class=\"ugb-accordion__content\" role=\"region\"><div class=\"ugb-accordion__content-inner\">\n<p>\ud83c\udf10  <strong><a href=\"https:\/\/lmdr.de\/mbe-stellen\/\" rel=\"noopener\">Land\u00adsman\u00adn\u00adschaft der Deut\u00adschen aus Rus\u00adsland e. V. <\/a><\/strong><br>\ud83d\udccd Schef\u00adfel\u00adstra\u00ad\u00dfe 54, 76135 Karls\u00adru\u00adhe<br>Sta\u00adcja Sophien\u00adstra\u00ad\u00dfe lub M\u00fchl\u00adbur\u00adger Tor<br>\ud83d\udcde 0721\/ 8933 8385<br>\ud83d\udcde 0721\/ 83145 70<br>\ud83d\udce7 a.kastalion@lmdr.de \/ \ud83d\udce7 a.scheifel@lmdr.de<br><br><strong><span style=\"color: #cf2e2e;\" class=\"stk-highlight\">Doradz\u00adtwo po wcze\u00ad\u015bniej\u00adszym um\u00f3\u00adwie\u00adniu<\/span><\/strong><br><strong>J\u0119zy\u00adki:<\/strong> Nie\u00admiec\u00adki, Angiel\u00adski, Rosyjski<\/p>\n<\/div><\/div><\/div><\/div><\/div><\/div>\n\n<div class=\"wp-block-ugb-accordion ugb-accordion ugb-2e7268a ugb-accordion--v2 ugb-accordion--design-basic ugb-main-block\" aria-expanded=\"false\"><div class=\"ugb-inner-block\"><div class=\"ugb-block-content\"><div class=\"ugb-accordion__item\"><div class=\"ugb-accordion__heading\" role=\"button\" tabindex=\"0\"><h4 class=\"ugb-accordion__title\"><strong>Cari\u00adta\u00adsver\u00adband Karlsruhe<\/strong><\/h4><svg viewBox=\"0 0 20 20\" class=\"ugb-accordion__arrow\" width=\"20\" height=\"20\"><path d=\"M16.7 3.3L10 10 3.3 3.4 0 6.7l10 10v-.1l10-9.9z\" \/><\/svg><\/div><div class=\"ugb-accordion__content\" role=\"region\"><div class=\"ugb-accordion__content-inner\">\n<p>\ud83c\udf10 <strong><a href=\"https:\/\/www.caritas-karlsruhe.de\/hilfen-und-beratung\/menschen-mit-migrationsgeschichte\/der-oekumenische-migrationsdienst\/der-oekumenische-migrationsdienst\" rel=\"noopener\">Cari\u00adta\u00adsver\u00adband Karls\u00adru\u00adhe<\/a><\/strong><br><span style=\"color: #767676;\" class=\"stk-highlight\">(<strong>\u00d6ku\u00adme\u00adni\u00adscher Migra\u00adtions\u00addienst \u00d6MD)<\/strong><\/span><br>\ud83d\udccd Sophien\u00adstra\u00ad\u00dfe 33, 76133 Karls\u00adru\u00adhe<br>Sta\u00adcja Karl\u00adstor  <br><br>\ud83d\udcde 0721\/ 91243\u201316 <br>\ud83d\udce7 sekretariat-oemd@caritas-karlsruhe.de<br><strong><span style=\"color: #cf2e2e;\" class=\"stk-highlight\"><strong><span style=\"color: #cf2e2e;\" class=\"stk-highlight\">Doradz\u00adtwo<\/span><\/strong> po wcze\u00ad\u015bniej\u00adszym um\u00f3\u00adwie\u00adniu<\/span><\/strong><br><br><strong>Dost\u0119p\u00adno\u015b\u0107 tele\u00adfo\u00adnicz\u00adna<\/strong> <br>Ponie\u00addzia\u00ad\u0142ek \u2014 pi\u0105\u00adtek: 8:30 \u2014 12:30<br>Ponie\u00addzia\u00ad\u0142ek \u2014 czwar\u00adtek: 13:30 \u2014 16:00<\/p>\n<\/div><\/div><\/div><\/div><\/div><\/div>\n\n<div class=\"wp-block-ugb-accordion ugb-accordion ugb-c647ddb ugb-accordion--v2 ugb-accordion--design-basic ugb-main-block\" aria-expanded=\"false\"><div class=\"ugb-inner-block\"><div class=\"ugb-block-content\"><div class=\"ugb-accordion__item\"><div class=\"ugb-accordion__heading\" role=\"button\" tabindex=\"0\"><h4 class=\"ugb-accordion__title\"><strong><strong>J\u00fcdi\u00adsche Kul\u00adtus\u00adge\u00adme\u00adin\u00adde Karlsruhe<\/strong><\/strong><\/h4><svg viewBox=\"0 0 20 20\" class=\"ugb-accordion__arrow\" width=\"20\" height=\"20\"><path d=\"M16.7 3.3L10 10 3.3 3.4 0 6.7l10 10v-.1l10-9.9z\" \/><\/svg><\/div><div class=\"ugb-accordion__content\" role=\"region\"><div class=\"ugb-accordion__content-inner\">\n<p>\ud83c\udf10 <strong><a href=\"https:\/\/www.jg-karlsruhe.de\/index.php\/de\/soziales\/sozialberatung\" rel=\"noopener\">J\u00fcdi\u00adsche Kul\u00adtus\u00adge\u00adme\u00adin\u00adde Karls\u00adru\u00adhe<\/a><\/strong><br><strong>Zen\u00adtral\u00adwohl\u00adfahrts\u00adstel\u00adle der Juden in Deutsch\u00adland e. V. <\/strong><br>\ud83d\udccd Knie\u00adlin\u00adger Allee 11, 76133 Karls\u00adru\u00adhe<br>Sta\u00adcja Karls\u00adru\u00adhe Syna\u00adgo\u00adge<br><br>\ud83d\udcde 0721\/ 7565 39<br>\ud83d\udce7 <a href=\"mailto:info@jg-karlsruhe.de\">mbe@jg-karlsruhe.de<\/a><br><strong><span style=\"color: #cf2e2e;\" class=\"stk-highlight\"><strong><span style=\"color: #cf2e2e;\" class=\"stk-highlight\"><strong><span style=\"color: #cf2e2e;\" class=\"stk-highlight\">Doradz\u00adtwo<\/span><\/strong> po wcze\u00ad\u015bniej\u00adszym um\u00f3\u00adwie\u00adniu<\/span><\/strong><\/span><\/strong><br><br><strong>Godzi\u00adny otwar\u00adcia<\/strong>:<br>Ponie\u00addzia\u00ad\u0142ek \u2014 pi\u0105\u00adtek: 9:00 \u2014 12:00<br>Wto\u00adrek i czwar\u00adtek: 14:30 \u2014 16:30<\/p>\n<\/div><\/div><\/div><\/div><\/div><\/div>\n\n<div class=\"wp-block-ugb-spacer ugb-spacer ugb-2a72161 ugb-spacer--v2 ugb-main-block\"><div class=\"ugb-inner-block\"><div class=\"ugb-block-content\"><div class=\"ugb-spacer--inner\"><\/div><\/div><\/div><\/div>\n\n<h2 class=\"wp-block-heading\"><span style=\"color: #0693e3;\" class=\"stk-highlight\">S\u0142u\u017c\u00adba migra\u00adcji m\u0142o\u00addzie\u00ad\u017cy (JMD)<\/span><\/h2>\n\n<div class=\"wp-block-ugb-accordion ugb-accordion ugb-dd92ed6 ugb-accordion--v2 ugb-accordion--design-basic ugb-main-block\" aria-expanded=\"false\"><div class=\"ugb-inner-block\"><div class=\"ugb-block-content\"><div class=\"ugb-accordion__item\"><div class=\"ugb-accordion__heading\" role=\"button\" tabindex=\"0\"><h4 class=\"ugb-accordion__title\">Jugend\u00admi\u00adgra\u00adtions\u00addienst (JMD)&nbsp;IB<\/h4><svg viewBox=\"0 0 20 20\" class=\"ugb-accordion__arrow\" width=\"20\" height=\"20\"><path d=\"M16.7 3.3L10 10 3.3 3.4 0 6.7l10 10v-.1l10-9.9z\" \/><\/svg><\/div><div class=\"ugb-accordion__content\" role=\"region\"><div class=\"ugb-accordion__content-inner\">\n<p><a href=\"https:\/\/www.jugendmigrationsdienste.de\/jmd\/karlsruhe\" rel=\"noopener\"><strong>Jugend\u00admi\u00adgra\u00adtions\u00addienst (JMD)<\/strong> <strong>Karls\u00adru\u00adhe<\/strong><\/a><br>Sie\u00admen\u00adsal\u00adlee 84, EG, Room 2004<br>76187 Karls\u00adru\u00adhe<br>Przy\u00adsta\u00adnek tram\u00adwa\u00adjo\u00adwy: Knie\u00adlin\u00adgen Sie\u00admen\u00adsal\u00adlee<br>\ud83d\udcde 0721 85019\u2013816 \/ 0151 742 410 30<br><a href=\"mailto:jmd-karlsruhe@ib.de\">\ud83d\udce7 jmd-karlsruhe@ib.de<\/a><br><strong><span style=\"color: #0693e3;\" class=\"stk-highlight\">Spo\u00adtka\u00adnia po uzgod\u00adnie\u00adniu<\/span><\/strong><br><br><em>Dla m\u0142o\u00addych ludzi ze \u015bro\u00addo\u00adwisk migra\u00adcyj\u00adnych w wie\u00adku od 12 do 27 lat.<\/em><br>Kon\u00adsul\u00adta\u00adcje w j\u0119zy\u00adku <strong>nie\u00admiec\u00adkim, angiel\u00adskim, w\u0142o\u00adskim, rumu\u0144\u00adskim, rosyj\u00adskim, <strong>hisz\u00adpa\u0144\u00adskim<\/strong><\/strong>.<\/p>\n<\/div><\/div><\/div><\/div><\/div><\/div>\n\n<div class=\"wp-block-ugb-spacer ugb-spacer ugb-6bb873a ugb-spacer--v2 ugb-main-block\"><div class=\"ugb-inner-block\"><div class=\"ugb-block-content\"><div class=\"ugb-spacer--inner\"><\/div><\/div><\/div><\/div>\n\n<h4 class=\"wp-block-heading\">Mia\u00adsto Karls\u00adru\u00adhe: <em>Us\u0142u\u00adgi dorad\u00adcze w Urz\u0119\u00addzie ds. Inte\u00adgra\u00adcji <\/em> <\/h4>\n\n<div class=\"wp-block-ugb-accordion ugb-accordion ugb-5ca6e08 ugb-accordion--v2 ugb-accordion--design-basic ugb-main-block\" aria-expanded=\"false\"><div class=\"ugb-inner-block\"><div class=\"ugb-block-content\"><div class=\"ugb-accordion__item\"><div class=\"ugb-accordion__heading\" role=\"button\" tabindex=\"0\"><h4 class=\"ugb-accordion__title\">Us\u0142u\u00adga doradz\u00adtwa w zakre\u00adsie skie\u00adro\u00adwa\u0144 w Urz\u0119\u00addzie ds. Integracji<\/h4><svg viewBox=\"0 0 20 20\" class=\"ugb-accordion__arrow\" width=\"20\" height=\"20\"><path d=\"M16.7 3.3L10 10 3.3 3.4 0 6.7l10 10v-.1l10-9.9z\" \/><\/svg><\/div><div class=\"ugb-accordion__content\" role=\"region\"><div class=\"ugb-accordion__content-inner\">\n<p>\ud83c\udf10 <strong><a href=\"https:\/\/www.karlsruhe.de\/bildung-soziales\/integration-chancengerechtigkeit\/integration-in-karlsruhe\" rel=\"noopener\">Cen\u00adtrum inte\u00adgra\u00adcji<\/a><\/strong><br>\ud83d\udccd Kaiser\u00adstra\u00ad\u00dfe 235, 76133 Karls\u00adru\u00adhe<br>\ud83d\udcde 0721\/ 133\u20115727<br>\ud83d\udce7 <a href=\"mailto:buero.fuer.integration@sjb.karlsruhe.de\">buero.fuer.integration@sjb.karlsruhe.de<\/a><\/p>\n<\/div><\/div><\/div><\/div><\/div><\/div>\n\n<p><strong>\ud83d\udcce<\/strong> <strong><a href=\"https:\/\/www.anika-net.de\/wp-content\/uploads\/2025\/02\/Migrationsberatungsstellen_2025.pdf\">Ulot\u00adka doty\u00adcz\u0105\u00adca o\u015brod\u00adk\u00f3w doradz\u00adtwa migra\u00adcyj\u00adne\u00adgo w Karlsruhe<\/a><\/strong><\/p>\n","protected":false},"excerpt":{"rendered":"<p>W Karls\u00adru\u00adhe znaj\u00addu\u00adje si\u0119 kil\u00adka cen\u00adtr\u00f3w doradz\u00adtwa dla migran\u00adt\u00f3w, zar\u00f3w\u00adno dla nowo przy\u00adby\u00ad\u0142ych, jak i wszyst\u00adkich migran\u00adt\u00f3w. Ist\u00adnie\u00adj\u0105 cen\u00adtra doradz\u00adtwa migra\u00adcyj\u00adne\u00adgo dla doro\u00ads\u0142ych i m\u0142o\u00addzie\u00ad\u017cy, a tak\u00ad\u017ce cen\u00adtra doradz\u00adtwa w&nbsp;<a class=\"moretag\" href=\"https:\/\/www.anika-net.de\/pl\/pierwsze-kroki\/doradztwo-i-obsluga\/osrodki-doradztwa-dla-migrantow\/\">czy\u00adtaj wi\u0119cej<\/a><\/p>\n","protected":false},"author":12,"featured_media":59374,"parent":60606,"menu_order":0,"comment_status":"closed","ping_status":"closed","template":"","meta":{"_acf_changed":false,"inline_featured_image":false,"_uag_custom_page_level_css":"","wp_typography_post_enhancements_disabled":false,"footnotes":""},"class_list":["post-58689","page","type-page","status-publish","has-post-thumbnail","hentry"],"acf":[],"featured_image_urls_v2":{"full":["https:\/\/www.anika-net.de\/wp-content\/uploads\/2025\/03\/beratung-fuer-gefluechtete.png",2000,1111,false],"thumbnail":["https:\/\/www.anika-net.de\/wp-content\/uploads\/2025\/03\/beratung-fuer-gefluechtete-150x150.png",150,150,true],"medium":["https:\/\/www.anika-net.de\/wp-content\/uploads\/2025\/03\/beratung-fuer-gefluechtete-300x167.png",300,167,true],"medium_large":["https:\/\/www.anika-net.de\/wp-content\/uploads\/2025\/03\/beratung-fuer-gefluechtete-768x427.png",640,356,true],"large":["https:\/\/www.anika-net.de\/wp-content\/uploads\/2025\/03\/beratung-fuer-gefluechtete-1024x569.png",640,356,true],"1536x1536":["https:\/\/www.anika-net.de\/wp-content\/uploads\/2025\/03\/beratung-fuer-gefluechtete-1536x853.png",1536,853,true],"2048x2048":["https:\/\/www.anika-net.de\/wp-content\/uploads\/2025\/03\/beratung-fuer-gefluechtete.png",2000,1111,false],"event-overview":["https:\/\/www.anika-net.de\/wp-content\/uploads\/2025\/03\/beratung-fuer-gefluechtete-960x640.png",960,640,true],"event-archive-thumb":["https:\/\/www.anika-net.de\/wp-content\/uploads\/2025\/03\/beratung-fuer-gefluechtete-480x267.png",480,267,true],"grid-item-thumbnail":["https:\/\/www.anika-net.de\/wp-content\/uploads\/2025\/03\/beratung-fuer-gefluechtete-360x200.png",360,200,true],"network-partner-icon":["https:\/\/www.anika-net.de\/wp-content\/uploads\/2025\/03\/beratung-fuer-gefluechtete-100x100.png",100,100,true],"organiser-icon":["https:\/\/www.anika-net.de\/wp-content\/uploads\/2025\/03\/beratung-fuer-gefluechtete-200x200.png",200,200,true],"gform-image-choice-sm":["https:\/\/www.anika-net.de\/wp-content\/uploads\/2025\/03\/beratung-fuer-gefluechtete.png",300,167,false],"gform-image-choice-md":["https:\/\/www.anika-net.de\/wp-content\/uploads\/2025\/03\/beratung-fuer-gefluechtete.png",400,222,false],"gform-image-choice-lg":["https:\/\/www.anika-net.de\/wp-content\/uploads\/2025\/03\/beratung-fuer-gefluechtete.png",600,333,false]},"post_excerpt_stackable_v2":"<p>W Karls\u00adru\u00adhe znaj\u00addu\u00adje si\u0119 kil\u00adka cen\u00adtr\u00f3w doradz\u00adtwa dla migran\u00adt\u00f3w, zar\u00f3w\u00adno dla nowo przy\u00adby\u00ad\u0142ych, jak i wszyst\u00adkich migran\u00adt\u00f3w. Ist\u00adnie\u00adj\u0105 cen\u00adtra doradz\u00adtwa migra\u00adcyj\u00adne\u00adgo dla doro\u00ads\u0142ych i m\u0142o\u00addzie\u00ad\u017cy, a tak\u00ad\u017ce cen\u00adtra doradz\u00adtwa w zakre\u00adsie kon\u00adkret\u00adnych tema\u00adt\u00f3w, takich jak pra\u00adca, uzna\u00adwa\u00adnie cer\u00adty\u00adfi\u00adka\u00adt\u00f3w. Pra\u00adcow\u00adni\u00adcy Migra\u00adtions\u00adbe\u00adra\u00adtung (s\u0142u\u017c\u00adby doradz\u00adtwa migra\u00adcyj\u00adne\u00adgo) pomo\u00adg\u0105 ci roz\u00adwi\u0105\u00adza\u0107 pro\u00adble\u00admy w takich obsza\u00adrach&nbsp;jak:&nbsp; Nauka j\u0119zy\u00adka nie\u00admiec\u00adkie\u00adgo (np. orga\u00adni\u00adza\u00adcja kur\u00ads\u00f3w j\u0119zy\u00adko\u00adwych i inte\u00adgra\u00adcyj\u00adnych), Pyta\u00adnia doty\u00adcz\u0105\u00adce zezwo\u00adle\u0144 na pobyt, Karie\u00adra zawo\u00addo\u00adwa i uzna\u00adwa\u00adnie kwa\u00adli\u00adfi\u00adka\u00adcji (np. uzna\u00adwa\u00adnie \u015bwia\u00addectw uko\u0144\u00adcze\u00adnia szko\u00ad\u0142y, prak\u00adtyk zawo\u00addo\u00adwych, stop\u00adni nauko\u00adwych, poszu\u00adki\u00adwa\u00adnie&nbsp;pra\u00adcy), Miesz\u00adkal\u00adnic\u00adtwo (np. wspar\u00adcie i pod\u00adsta\u00adwo\u00adwe infor\u00adma\u00adcje na temat zna\u00adle\u00adzie\u00adnia zakwa\u00adte\u00adro\u00adwa\u00adnia), Zdro\u00adwie (np. opie\u00adka medycz\u00adna, ubez\u00adpie\u00adcze\u00adnie zdro\u00adwot\u00adne), Rodzi\u00adna i dzie\u00adci (np. pytania\u2026<\/p>\n","category_list_v2":"","author_info_v2":{"name":"Andrea Ramirez","url":"https:\/\/www.anika-net.de\/pl\/author\/andrea-ramirez\/"},"comments_num_v2":"0 comments","uagb_featured_image_src":{"full":["https:\/\/www.anika-net.de\/wp-content\/uploads\/2025\/03\/beratung-fuer-gefluechtete.png",2000,1111,false],"thumbnail":["https:\/\/www.anika-net.de\/wp-content\/uploads\/2025\/03\/beratung-fuer-gefluechtete-150x150.png",150,150,true],"medium":["https:\/\/www.anika-net.de\/wp-content\/uploads\/2025\/03\/beratung-fuer-gefluechtete-300x167.png",300,167,true],"medium_large":["https:\/\/www.anika-net.de\/wp-content\/uploads\/2025\/03\/beratung-fuer-gefluechtete-768x427.png",640,356,true],"large":["https:\/\/www.anika-net.de\/wp-content\/uploads\/2025\/03\/beratung-fuer-gefluechtete-1024x569.png",640,356,true],"1536x1536":["https:\/\/www.anika-net.de\/wp-content\/uploads\/2025\/03\/beratung-fuer-gefluechtete-1536x853.png",1536,853,true],"2048x2048":["https:\/\/www.anika-net.de\/wp-content\/uploads\/2025\/03\/beratung-fuer-gefluechtete.png",2000,1111,false],"event-overview":["https:\/\/www.anika-net.de\/wp-content\/uploads\/2025\/03\/beratung-fuer-gefluechtete-960x640.png",960,640,true],"event-archive-thumb":["https:\/\/www.anika-net.de\/wp-content\/uploads\/2025\/03\/beratung-fuer-gefluechtete-480x267.png",480,267,true],"grid-item-thumbnail":["https:\/\/www.anika-net.de\/wp-content\/uploads\/2025\/03\/beratung-fuer-gefluechtete-360x200.png",360,200,true],"network-partner-icon":["https:\/\/www.anika-net.de\/wp-content\/uploads\/2025\/03\/beratung-fuer-gefluechtete-100x100.png",100,100,true],"organiser-icon":["https:\/\/www.anika-net.de\/wp-content\/uploads\/2025\/03\/beratung-fuer-gefluechtete-200x200.png",200,200,true],"gform-image-choice-sm":["https:\/\/www.anika-net.de\/wp-content\/uploads\/2025\/03\/beratung-fuer-gefluechtete.png",300,167,false],"gform-image-choice-md":["https:\/\/www.anika-net.de\/wp-content\/uploads\/2025\/03\/beratung-fuer-gefluechtete.png",400,222,false],"gform-image-choice-lg":["https:\/\/www.anika-net.de\/wp-content\/uploads\/2025\/03\/beratung-fuer-gefluechtete.png",600,333,false]},"uagb_author_info":{"display_name":"Andrea Ramirez","author_link":"https:\/\/www.anika-net.de\/pl\/author\/andrea-ramirez\/"},"uagb_comment_info":0,"uagb_excerpt":"W Karls\u00adru\u00adhe znaj\u00addu\u00adje si\u0119 kil\u00adka cen\u00adtr\u00f3w doradz\u00adtwa dla migran\u00adt\u00f3w, zar\u00f3w\u00adno dla nowo przy\u00adby\u00ad\u0142ych, jak i wszyst\u00adkich migran\u00adt\u00f3w. Ist\u00adnie\u00adj\u0105 cen\u00adtra doradz\u00adtwa migra\u00adcyj\u00adne\u00adgo dla doro\u00ads\u0142ych i m\u0142o\u00addzie\u00ad\u017cy, a tak\u00ad\u017ce cen\u00adtra doradz\u00adtwa w&nbsp;czytaj wi\u0119cej","_links":{"self":[{"href":"https:\/\/www.anika-net.de\/pl\/wp-json\/wp\/v2\/pages\/58689","targetHints":{"allow":["GET"]}}],"collection":[{"href":"https:\/\/www.anika-net.de\/pl\/wp-json\/wp\/v2\/pages"}],"about":[{"href":"https:\/\/www.anika-net.de\/pl\/wp-json\/wp\/v2\/types\/page"}],"author":[{"embeddable":true,"href":"https:\/\/www.anika-net.de\/pl\/wp-json\/wp\/v2\/users\/12"}],"replies":[{"embeddable":true,"href":"https:\/\/www.anika-net.de\/pl\/wp-json\/wp\/v2\/comments?post=58689"}],"version-history":[{"count":3,"href":"https:\/\/www.anika-net.de\/pl\/wp-json\/wp\/v2\/pages\/58689\/revisions"}],"predecessor-version":[{"id":118082,"href":"https:\/\/www.anika-net.de\/pl\/wp-json\/wp\/v2\/pages\/58689\/revisions\/118082"}],"up":[{"embeddable":true,"href":"https:\/\/www.anika-net.de\/pl\/wp-json\/wp\/v2\/pages\/60606"}],"wp:featuredmedia":[{"embeddable":true,"href":"https:\/\/www.anika-net.de\/pl\/wp-json\/wp\/v2\/media\/59374"}],"wp:attachment":[{"href":"https:\/\/www.anika-net.de\/pl\/wp-json\/wp\/v2\/media?parent=58689"}],"curies":[{"name":"wp","href":"https:\/\/api.w.org\/{rel}","templated":true}]}}