{"id":34654,"date":"2023-03-07T13:32:39","date_gmt":"2023-03-07T12:32:39","guid":{"rendered":"https:\/\/www.anika-net.de\/nauka-jezyka-niemieckiego\/kurs-jezyka-niemieckiego-z-opieka-nad-dziecmi\/"},"modified":"2026-04-16T13:47:50","modified_gmt":"2026-04-16T11:47:50","slug":"kurs-jezyka-niemieckiego-z-opieka-nad-dziecmi","status":"publish","type":"page","link":"https:\/\/www.anika-net.de\/pl\/nauka-jezyka-niemieckiego\/kurs-jezyka-niemieckiego-z-opieka-nad-dziecmi\/","title":{"rendered":"Kurs j\u0119zy\u00adka nie\u00admiec\u00adkie\u00adgo z opie\u00adk\u0105 nad dzie\u0107mi"},"content":{"rendered":"\n<p>Oso\u00adby, kt\u00f3\u00adre nie kwa\u00adli\u00adfi\u00adku\u00adj\u0105 si\u0119 do stan\u00addar\u00addo\u00adwych kur\u00ads\u00f3w inte\u00adgra\u00adcyj\u00adnych lub z przy\u00adczyn oso\u00adbi\u00adstych nie mog\u0105 w nich uczest\u00adni\u00adczy\u0107, maj\u0105 mo\u017c\u00adli\u00adwo\u015b\u0107 nauki j\u0119zy\u00adka w ramach spe\u00adcjal\u00adne\u00adgo roz\u00adpo\u00adrz\u0105\u00addze\u00adnia admi\u00adni\u00adstra\u00adcyj\u00adne\u00adgo (<strong>VwV Deutsch<\/strong>) <em>(Ver\u00adwal\u00adtung\u00adsvor\u00adschrift<\/em>&nbsp;VwV).<\/p>\n\n\n\n<p><span style=\"color: #078c88;\" class=\"stk-highlight\"><strong>Dla kogo s\u0105 te kur\u00adsy?<\/strong> (<strong>Gru\u00adpa doce\u00adlo\u00adwa<\/strong>)<\/span><br>Ofer\u00adta jest skie\u00adro\u00adwa\u00adna do rodzi\u00adc\u00f3w, kt\u00f3rzy:<\/p>\n\n\n\n<ul class=\"wp-block-list\">\n<li>Maj\u0105 ma\u0142e dzie\u00adci, ale nie maj\u0105 zapew\u00adnio\u00adnej dla nich opie\u00adki, co unie\u00admo\u017c\u00adli\u00adwia im udzia\u0142 w zwy\u00adk\u0142ym kur\u00adsie integracyjnym.<\/li>\n<\/ul>\n\n\n\n<ul class=\"wp-block-list\">\n<li>Nie posia\u00adda\u00adj\u0105 jesz\u00adcze zezwo\u00adle\u00adnia na pobyt (Aufen\u00adthalt\u00adsti\u00adtel) i z tego powo\u00addu nie mog\u0105 sko\u00adrzy\u00adsta\u0107 z kur\u00ads\u00f3w&nbsp;BAMF.<\/li>\n<\/ul>\n\n\n\n<p><strong><span style=\"color: #078c88;\" class=\"stk-highlight\"><strong>Orga\u00adni\u00adza\u00adcja i zapi\u00adsy<\/strong><\/span><\/strong><br>Zaj\u0119\u00adcia odby\u00adwa\u00adj\u0105 si\u0119 w godzi\u00adnach <strong>poran\u00adnych oraz popo\u00ad\u0142u\u00addnio\u00adwych<\/strong>.&nbsp;<br>Aby si\u0119 zare\u00adje\u00adstro\u00adwa\u0107, nale\u00ad\u017cy skon\u00adtak\u00adto\u00adwa\u0107 si\u0119 bez\u00adpo\u00ad\u015bred\u00adnio z organizatorami:<\/p>\n\n\n\n<p>\ud83c\udf10<strong><a href=\"https:\/\/www.aaw.de\/sprach-und-integrationskurse\" rel=\"noopener\">AAW Karls\u00adru\u00adhe<\/a><\/strong><br>\ud83d\udccd Gries\u00adbach\u00adstra\u00ad\u00dfe 12, 76185 Karls\u00adru\u00adhe<br>\ud83d\udcde 0157 3392 7304 lub 0721 850290<br>\ud83d\udce7 kibe.karlsruhe@aaw.de<br><strong>Gdzie:<\/strong> \u2197 <strong><a href=\"https:\/\/www.anika-net.de\/wp-content\/uploads\/2021\/10\/20_07_Flyer_Deutschkurse_mit_Kinderbetreuung.pdf\">ibz Karls\u00adru\u00adhe<\/a><\/strong> <br>\ud83d\udccdKaise\u00adral\u00adlee 12 d, 76133 Karlsruhe<\/p>\n\n\n\n<p>\ud83c\udf10 <strong><a href=\"https:\/\/future-gate.eu\/\" rel=\"noopener\">Futu\u00adre Gate Bil\u00addung und Tra\u00adining<\/a><\/strong><br>\ud83d\udccd Kaiser\u00adstra\u00ad\u00dfe 156, 76133 Karls\u00adru\u00adhe<br>\ud83d\udcde 0721 6697 1359<br>\ud83d\udce7 info@future-gate.eu<br><strong>Gdzie<\/strong>: \u2197 <a href=\"https:\/\/future-gate.eu\/\" rel=\"noopener\"><strong>Futu\u00adre Gate<\/strong><\/a><br>\ud83d\udccd Kaiser\u00adstra\u00ad\u00dfe 156, 76133 Karlsruhe<\/p>\n\n\n\n<div class=\"wp-block-stackable-divider stk-block-divider stk-block stk-a03b86a\" data-block-id=\"a03b86a\"><hr class=\"stk-block-divider__hr\"><\/div>\n\n\n\n<p><strong>Finan\u00adso\u00adwa\u00adnie i wspar\u00adcie<\/strong><br>Pro\u00adgra\u00admy te s\u0105 reali\u00adzo\u00adwa\u00adne dzi\u0119\u00adki wspar\u00adciu:<br> \u2197 \u201c<a href=\"https:\/\/www.fruehe-chancen.de\/themen\/integration-und-inklusion\/bundesprogramm-integrationskurs-mit-kind\" rel=\"noopener\"><strong>Kurs inte\u00adgra\u00adcyj\u00adny z dziec\u00adkiem<\/strong><\/a>\u201d Fede\u00adral\u00adne\u00adgo Mini\u00adster\u00adstwa Rodzin, Senio\u00adr\u00f3w, Kobiet i M\u0142o\u00addzie\u00ad\u017cy (BMFSFJ). Ofer\u00adta jest wspie\u00adra\u00adna przez Urz\u0105d ds. Inte\u00adgra\u00adcji i Wydzia\u0142 Opie\u00adki Dzien\u00adnej nad Dzie\u0107\u00admi mia\u00adsta Karls\u00adru\u00adhe.<br><br>Kur\u00adsy j\u0119zy\u00adka nie\u00admiec\u00adkie\u00adgo VwV s\u0105 finan\u00adso\u00adwa\u00adne przez kraj zwi\u0105z\u00adko\u00adwy Bade\u00adnia-Wir\u00adtem\u00adber\u00adgia i mia\u00adsto Karlsruhe.&nbsp;<\/p>\n\n\n\n<p>Ofer\u00adta jest reali\u00adzo\u00adwa\u00adna we wsp\u00f3\u0142\u00adpra\u00adcy z \u2197<strong><a href=\"https:\/\/www.aaw.de\/\" rel=\"noopener\">Arbe\u00adit\u00adskre\u00adis f\u00fcr Aus- und Weiter\u00adbil\u00addung Karls\u00adru\u00adhe (AAW)<\/a><\/strong> i The \u2197<strong><a href=\"https:\/\/www.ibz-karlsruhe.de\/\" rel=\"noopener\">Mi\u0119\u00addzy\u00adna\u00adro\u00addo\u00adwe Cen\u00adtrum Spo\u00adtka\u0144 Karls\u00adru\u00adhe e. V. (ibz)<\/a><\/strong> jak r\u00f3w\u00adnie\u017c dzi\u0119\u00adki uprzej\u00adme\u00admu wspar\u00adciu \u2197 <strong><a href=\"https:\/\/www.jobcenter-stadt-karlsruhe.de\/\" rel=\"noopener\">Job\u00adcen\u00adter Karls\u00adru\u00adhe<\/a><\/strong>.<\/p>\n\n\n\n<h2 class=\"wp-block-heading\"><strong>\ud83d\udce2<\/strong> <span style=\"color: #078c88;\" class=\"stk-highlight\">Aktu\u00adal\u00adno\u00ad\u015bci<\/span><\/h2>\n\n\n\n<details class=\"wp-block-stackable-accordion stk-block-accordion stk-inner-blocks stk-block-content stk-block stk-586a212 is-style-default\" data-block-id=\"586a212\">\n<summary class=\"wp-block-stackable-column stk-block-column stk-column stk-block stk-b82b200 stk--container-small stk-block-accordion__heading\" data-v=\"4\" data-block-id=\"b82b200\"><div class=\"stk-column-wrapper stk-block-column__content stk-container stk-b82b200-container stk-hover-parent\"><div class=\"stk-block-content stk-inner-blocks stk-b82b200-inner-blocks\">\n<div class=\"wp-block-stackable-icon-label stk-block-icon-label stk-block stk-adc16ac\" data-block-id=\"adc16ac\"><div class=\"stk-row stk-inner-blocks stk-block-content\">\n<div class=\"wp-block-stackable-heading stk-block-heading stk-block-heading--v2 stk-block stk-3e53cec\" id=\"parents-meeting-and-childrens-language-course\" data-block-id=\"3e53cec\"><h4 class=\"stk-block-heading__text\">Spo\u00adtka\u00adnia dla rodzi\u00adc\u00f3w i kurs j\u0119zy\u00adko\u00adwy dla dzieci<\/h4><\/div>\n\n\n\n<div class=\"wp-block-stackable-icon stk-block-icon stk-block stk-ec26a2c\" data-block-id=\"ec26a2c\"><span class=\"stk--svg-wrapper\"><div class=\"stk--inner-svg\"><svg style=\"height:0;width:0\"><defs><linearGradient id=\"linear-gradient-ec26a2c\" x1=\"0\" x2=\"100%\" y1=\"0\" y2=\"0\"><stop offset=\"0%\" style=\"stop-opacity:1;stop-color:var(--linear-gradient-ec-26-a-2-c-color-1)\" \/><stop offset=\"100%\" style=\"stop-opacity:1;stop-color:var(--linear-gradient-ec-26-a-2-c-color-2)\" \/><\/linearGradient><\/defs><\/svg><svg data-prefix=\"fas\" data-icon=\"chevron-down\" class=\"svg-inline--fa fa-chevron-down fa-w-14\" viewBox=\"0 0 448 512\" aria-hidden=\"true\" width=\"32\" height=\"32\"><path fill=\"currentColor\" d=\"M207.029 381.476L12.686 187.132c-9.373-9.373-9.373-24.569 0-33.941l22.667-22.667c9.357-9.357 24.522-9.375 33.901-.04L224 284.505l154.745-154.021c9.379-9.335 24.544-9.317 33.901.04l22.667 22.667c9.373 9.373 9.373 24.569 0 33.941L240.971 381.476c-9.373 9.372-24.569 9.372-33.942 0z\" \/><\/svg><\/div><\/span><\/div>\n<\/div><\/div>\n<\/div><\/div><\/summary>\n\n\n\n<div class=\"wp-block-stackable-column stk-block-column stk-column stk-block stk-5156b07 stk-block-accordion__content\" data-v=\"4\" data-block-id=\"5156b07\"><div class=\"stk-column-wrapper stk-block-column__content stk-container stk-5156b07-container stk--no-background stk--no-padding\"><div class=\"stk-block-content stk-inner-blocks stk-5156b07-inner-blocks\">\n<div class=\"wp-block-stackable-text stk-block-text stk-block stk-538f2fb\" data-block-id=\"538f2fb\"><p class=\"stk-block-text__text\"><strong>Spo\u00adtka\u00adnia dla rodzi\u00adc\u00f3w i kurs j\u0119zy\u00adko\u00adwy dla dzieci<\/strong><\/p><\/div>\n\n\n\n<p>Urz\u0105d ds. Inte\u00adgra\u00adcji we wsp\u00f3\u0142\u00adpra\u00adcy z <strong>AWO Karls\u00adru\u00adhe<\/strong> zapra\u00adsza do udzia\u00ad\u0142u w pro\u00adjek\u00adcie wspie\u00adra\u00adj\u0105\u00adcym nauk\u0119 j\u0119zy\u00adka nie\u00admiec\u00adkie\u00adgo dla dzie\u00adci, kt\u00f3\u00adre nie maj\u0105 jesz\u00adcze miej\u00adsca w przedszkolu.<\/p>\n\n\n\n<ul class=\"wp-block-list\">\n<li><strong>Dla kogo:<\/strong> Nowo przy\u00adby\u00adli rodzi\u00adce-imi\u00adgran\u00adci oraz ich dzie\u00adci w wie\u00adku <strong>4\u20136 lat<\/strong>, kt\u00f3\u00adre nie maj\u0105 jesz\u00adcze miej\u00adsca w przedszkolu.<\/li>\n\n\n\n<li><strong>Ter\u00admi\u00adny:<\/strong> Zg\u0142o\u00adsze\u00adnia przyj\u00admo\u00adwa\u00adne s\u0105 w try\u00adbie ci\u0105\u00adg\u0142ym (w przy\u00adpad\u00adku bra\u00adku miejsc obo\u00adwi\u0105\u00adzu\u00adje lista oczekuj\u0105cych).<\/li>\n\n\n\n<li><strong>Miej\u00adsce:<\/strong> \ud83d\udccd Ble\u00adich\u00adstra\u00ad\u00dfe 9, 76227 Karlsruhe.<\/li>\n<\/ul>\n\n\n\n<h3 class=\"wp-block-heading\"><strong>Kon\u00adtakt i zapi\u00adsy (wyma\u00adga\u00adne wcze\u00ad\u015bniej\u00adsze um\u00f3wienie):<\/strong><\/h3>\n\n\n\n<p><strong>Orga\u00adni\u00adza\u00adtor kur\u00adsu:<\/strong> AWO Karls\u00adru\u00adhe gGmbH, Grit\u00adzner\u00adstra\u00ad\u00dfe 8, 76227 Karls\u00adru\u00adhe<br><strong>Oso\u00adby do kon\u00adtak\u00adtu:<\/strong> Sil\u00adke Telt\u00adscher i Sami\u00adra Ahmed<br>\ud83d\udcde 0171 68 13 739<br>\ud83d\udcde 0171 62 86 094<br>\ud83d\udce7 s.teltscher@awo-karlsruhe.de<br>\ud83d\udce7 s.ahmed@awo-karlsruhe.de<br><br><strong>Reje\u00adstra\u00adcja i oso\u00adbi\u00adste kon\u00adsul\u00adta\u00adcje tyl\u00adko po wcze\u00ad\u015bniej\u00adszym um\u00f3\u00adwie\u00adniu<\/strong><br>Us\u0142u\u00adga jest finan\u00adso\u00adwa\u00adna przez kraj zwi\u0105z\u00adko\u00adwy Bade\u00adnia-Wir\u00adtem\u00adber\u00adgia i Urz\u0105d&nbsp;ds.<\/p>\n<\/div><\/div><\/div>\n<\/details>\n","protected":false},"excerpt":{"rendered":"<p>Oso\u00adby, kt\u00f3\u00adre nie kwa\u00adli\u00adfi\u00adku\u00adj\u0105 si\u0119 do stan\u00addar\u00addo\u00adwych kur\u00ads\u00f3w inte\u00adgra\u00adcyj\u00adnych lub z przy\u00adczyn oso\u00adbi\u00adstych nie mog\u0105 w nich uczest\u00adni\u00adczy\u0107, maj\u0105 mo\u017c\u00adli\u00adwo\u015b\u0107 nauki j\u0119zy\u00adka w ramach spe\u00adcjal\u00adne\u00adgo roz\u00adpo\u00adrz\u0105\u00addze\u00adnia admi\u00adni\u00adstra\u00adcyj\u00adne\u00adgo (VwV Deutsch) (Ver\u00adwal\u00adtung\u00adsvor\u00adschrift&nbsp;VwV).&nbsp;<a class=\"moretag\" href=\"https:\/\/www.anika-net.de\/pl\/nauka-jezyka-niemieckiego\/kurs-jezyka-niemieckiego-z-opieka-nad-dziecmi\/\">czy\u00adtaj wi\u0119cej<\/a><\/p>\n","protected":false},"author":12,"featured_media":37371,"parent":34531,"menu_order":20,"comment_status":"closed","ping_status":"closed","template":"","meta":{"_acf_changed":false,"inline_featured_image":false,"_uag_custom_page_level_css":"","wp_typography_post_enhancements_disabled":false,"footnotes":""},"class_list":["post-34654","page","type-page","status-publish","has-post-thumbnail","hentry"],"acf":[],"featured_image_urls_v2":{"full":["https:\/\/www.anika-net.de\/wp-content\/uploads\/2023\/04\/Kinderbetreuung-05n-05.png",2000,1111,false],"thumbnail":["https:\/\/www.anika-net.de\/wp-content\/uploads\/2023\/04\/Kinderbetreuung-05n-05-150x150.png",150,150,true],"medium":["https:\/\/www.anika-net.de\/wp-content\/uploads\/2023\/04\/Kinderbetreuung-05n-05-300x167.png",300,167,true],"medium_large":["https:\/\/www.anika-net.de\/wp-content\/uploads\/2023\/04\/Kinderbetreuung-05n-05-768x427.png",640,356,true],"large":["https:\/\/www.anika-net.de\/wp-content\/uploads\/2023\/04\/Kinderbetreuung-05n-05-1024x569.png",640,356,true],"1536x1536":["https:\/\/www.anika-net.de\/wp-content\/uploads\/2023\/04\/Kinderbetreuung-05n-05-1536x853.png",1536,853,true],"2048x2048":["https:\/\/www.anika-net.de\/wp-content\/uploads\/2023\/04\/Kinderbetreuung-05n-05.png",2000,1111,false],"event-overview":["https:\/\/www.anika-net.de\/wp-content\/uploads\/2023\/04\/Kinderbetreuung-05n-05-960x640.png",960,640,true],"event-archive-thumb":["https:\/\/www.anika-net.de\/wp-content\/uploads\/2023\/04\/Kinderbetreuung-05n-05-480x267.png",480,267,true],"grid-item-thumbnail":["https:\/\/www.anika-net.de\/wp-content\/uploads\/2023\/04\/Kinderbetreuung-05n-05-360x200.png",360,200,true],"network-partner-icon":["https:\/\/www.anika-net.de\/wp-content\/uploads\/2023\/04\/Kinderbetreuung-05n-05-100x100.png",100,100,true],"organiser-icon":["https:\/\/www.anika-net.de\/wp-content\/uploads\/2023\/04\/Kinderbetreuung-05n-05-200x200.png",200,200,true],"gform-image-choice-sm":["https:\/\/www.anika-net.de\/wp-content\/uploads\/2023\/04\/Kinderbetreuung-05n-05.png",300,167,false],"gform-image-choice-md":["https:\/\/www.anika-net.de\/wp-content\/uploads\/2023\/04\/Kinderbetreuung-05n-05.png",400,222,false],"gform-image-choice-lg":["https:\/\/www.anika-net.de\/wp-content\/uploads\/2023\/04\/Kinderbetreuung-05n-05.png",600,333,false]},"post_excerpt_stackable_v2":"<p>Oso\u00adby, kt\u00f3\u00adre nie kwa\u00adli\u00adfi\u00adku\u00adj\u0105 si\u0119 do stan\u00addar\u00addo\u00adwych kur\u00ads\u00f3w inte\u00adgra\u00adcyj\u00adnych lub z przy\u00adczyn oso\u00adbi\u00adstych nie mog\u0105 w nich uczest\u00adni\u00adczy\u0107, maj\u0105 mo\u017c\u00adli\u00adwo\u015b\u0107 nauki j\u0119zy\u00adka w ramach spe\u00adcjal\u00adne\u00adgo roz\u00adpo\u00adrz\u0105\u00addze\u00adnia admi\u00adni\u00adstra\u00adcyj\u00adne\u00adgo (VwV Deutsch) (Ver\u00adwal\u00adtung\u00adsvor\u00adschrift&nbsp;VwV). Dla kogo s\u0105 te kur\u00adsy? (Gru\u00adpa doce\u00adlo\u00adwa)Ofer\u00adta jest skie\u00adro\u00adwa\u00adna do rodzi\u00adc\u00f3w, kt\u00f3\u00adrzy: Maj\u0105 ma\u0142e dzie\u00adci, ale nie maj\u0105 zapew\u00adnio\u00adnej dla nich opie\u00adki, co unie\u00admo\u017c\u00adli\u00adwia im udzia\u0142 w zwy\u00adk\u0142ym kur\u00adsie inte\u00adgra\u00adcyj\u00adnym. Nie posia\u00adda\u00adj\u0105 jesz\u00adcze zezwo\u00adle\u00adnia na pobyt (Aufen\u00adthalt\u00adsti\u00adtel) i z tego powo\u00addu nie mog\u0105 sko\u00adrzy\u00adsta\u0107 z kur\u00ads\u00f3w&nbsp;BAMF. Orga\u00adni\u00adza\u00adcja i zapi\u00adsyZaj\u0119\u00adcia odby\u00adwa\u00adj\u0105 si\u0119 w godzi\u00adnach poran\u00adnych oraz popo\u00ad\u0142u\u00addnio\u00adwych.&nbsp;Aby si\u0119 zare\u00adje\u00adstro\u00adwa\u0107, nale\u00ad\u017cy skon\u00adtak\u00adto\u00adwa\u0107 si\u0119 bez\u00adpo\u00ad\u015bred\u00adnio z orga\u00adni\u00adza\u00adto\u00adra\u00admi: \ud83c\udf10AAW Karls\u00adru\u00adhe\ud83d\udccd Gries\u00adbach\u00adstra\u00ad\u00dfe 12, 76185 Karlsruhe\ud83d\udcde\u2026<\/p>\n","category_list_v2":"","author_info_v2":{"name":"Andrea Ramirez","url":"https:\/\/www.anika-net.de\/pl\/author\/andrea-ramirez\/"},"comments_num_v2":"0 comments","uagb_featured_image_src":{"full":["https:\/\/www.anika-net.de\/wp-content\/uploads\/2023\/04\/Kinderbetreuung-05n-05.png",2000,1111,false],"thumbnail":["https:\/\/www.anika-net.de\/wp-content\/uploads\/2023\/04\/Kinderbetreuung-05n-05-150x150.png",150,150,true],"medium":["https:\/\/www.anika-net.de\/wp-content\/uploads\/2023\/04\/Kinderbetreuung-05n-05-300x167.png",300,167,true],"medium_large":["https:\/\/www.anika-net.de\/wp-content\/uploads\/2023\/04\/Kinderbetreuung-05n-05-768x427.png",640,356,true],"large":["https:\/\/www.anika-net.de\/wp-content\/uploads\/2023\/04\/Kinderbetreuung-05n-05-1024x569.png",640,356,true],"1536x1536":["https:\/\/www.anika-net.de\/wp-content\/uploads\/2023\/04\/Kinderbetreuung-05n-05-1536x853.png",1536,853,true],"2048x2048":["https:\/\/www.anika-net.de\/wp-content\/uploads\/2023\/04\/Kinderbetreuung-05n-05.png",2000,1111,false],"event-overview":["https:\/\/www.anika-net.de\/wp-content\/uploads\/2023\/04\/Kinderbetreuung-05n-05-960x640.png",960,640,true],"event-archive-thumb":["https:\/\/www.anika-net.de\/wp-content\/uploads\/2023\/04\/Kinderbetreuung-05n-05-480x267.png",480,267,true],"grid-item-thumbnail":["https:\/\/www.anika-net.de\/wp-content\/uploads\/2023\/04\/Kinderbetreuung-05n-05-360x200.png",360,200,true],"network-partner-icon":["https:\/\/www.anika-net.de\/wp-content\/uploads\/2023\/04\/Kinderbetreuung-05n-05-100x100.png",100,100,true],"organiser-icon":["https:\/\/www.anika-net.de\/wp-content\/uploads\/2023\/04\/Kinderbetreuung-05n-05-200x200.png",200,200,true],"gform-image-choice-sm":["https:\/\/www.anika-net.de\/wp-content\/uploads\/2023\/04\/Kinderbetreuung-05n-05.png",300,167,false],"gform-image-choice-md":["https:\/\/www.anika-net.de\/wp-content\/uploads\/2023\/04\/Kinderbetreuung-05n-05.png",400,222,false],"gform-image-choice-lg":["https:\/\/www.anika-net.de\/wp-content\/uploads\/2023\/04\/Kinderbetreuung-05n-05.png",600,333,false]},"uagb_author_info":{"display_name":"Andrea Ramirez","author_link":"https:\/\/www.anika-net.de\/pl\/author\/andrea-ramirez\/"},"uagb_comment_info":0,"uagb_excerpt":"Oso\u00adby, kt\u00f3\u00adre nie kwa\u00adli\u00adfi\u00adku\u00adj\u0105 si\u0119 do stan\u00addar\u00addo\u00adwych kur\u00ads\u00f3w inte\u00adgra\u00adcyj\u00adnych lub z przy\u00adczyn oso\u00adbi\u00adstych nie mog\u0105 w nich uczest\u00adni\u00adczy\u0107, maj\u0105 mo\u017c\u00adli\u00adwo\u015b\u0107 nauki j\u0119zy\u00adka w ramach spe\u00adcjal\u00adne\u00adgo roz\u00adpo\u00adrz\u0105\u00addze\u00adnia admi\u00adni\u00adstra\u00adcyj\u00adne\u00adgo (VwV Deutsch) (Ver\u00adwal\u00adtung\u00adsvor\u00adschrift&nbsp;VwV).&nbsp;czytaj wi\u0119cej","_links":{"self":[{"href":"https:\/\/www.anika-net.de\/pl\/wp-json\/wp\/v2\/pages\/34654","targetHints":{"allow":["GET"]}}],"collection":[{"href":"https:\/\/www.anika-net.de\/pl\/wp-json\/wp\/v2\/pages"}],"about":[{"href":"https:\/\/www.anika-net.de\/pl\/wp-json\/wp\/v2\/types\/page"}],"author":[{"embeddable":true,"href":"https:\/\/www.anika-net.de\/pl\/wp-json\/wp\/v2\/users\/12"}],"replies":[{"embeddable":true,"href":"https:\/\/www.anika-net.de\/pl\/wp-json\/wp\/v2\/comments?post=34654"}],"version-history":[{"count":4,"href":"https:\/\/www.anika-net.de\/pl\/wp-json\/wp\/v2\/pages\/34654\/revisions"}],"predecessor-version":[{"id":120978,"href":"https:\/\/www.anika-net.de\/pl\/wp-json\/wp\/v2\/pages\/34654\/revisions\/120978"}],"up":[{"embeddable":true,"href":"https:\/\/www.anika-net.de\/pl\/wp-json\/wp\/v2\/pages\/34531"}],"wp:featuredmedia":[{"embeddable":true,"href":"https:\/\/www.anika-net.de\/pl\/wp-json\/wp\/v2\/media\/37371"}],"wp:attachment":[{"href":"https:\/\/www.anika-net.de\/pl\/wp-json\/wp\/v2\/media?parent=34654"}],"curies":[{"name":"wp","href":"https:\/\/api.w.org\/{rel}","templated":true}]}}