{"id":34610,"date":"2023-03-07T13:24:41","date_gmt":"2023-03-07T12:24:41","guid":{"rendered":"https:\/\/www.anika-net.de\/nauka-jezyka-niemieckiego\/ucz-sie-niemieckiego-online\/"},"modified":"2026-04-20T11:23:32","modified_gmt":"2026-04-20T09:23:32","slug":"ucz-sie-niemieckiego-online","status":"publish","type":"page","link":"https:\/\/www.anika-net.de\/pl\/nauka-jezyka-niemieckiego\/ucz-sie-niemieckiego-online\/","title":{"rendered":"Ucz si\u0119 nie\u00admiec\u00adkie\u00adgo online"},"content":{"rendered":"\n<p>Nauka j\u0119zy\u00adka nie\u00admiec\u00adkie\u00adgo jest wa\u017c\u00adnym kro\u00adkiem do osie\u00addle\u00adnia si\u0119 w codzien\u00adnym \u017cyciu w Niem\u00adczech. Nie\u00adza\u00adle\u017c\u00adnie od tego, czy chcesz samo\u00addziel\u00adnie roz\u00adwi\u00adja\u0107 swo\u00adje umie\u00adj\u0119t\u00adno\u00ad\u015bci, przy\u00adgo\u00adto\u00adwa\u0107 si\u0119 do typo\u00adwych sytu\u00adacji dnia codzien\u00adne\u00adgo, czy uzu\u00adpe\u0142\u00adni\u0107 kurs j\u0119zy\u00adko\u00adwy, w inter\u00adne\u00adcie znaj\u00addziesz wie\u00adle pomoc\u00adnych mate\u00adria\u00ad\u0142\u00f3w \u2014 cz\u0119\u00adsto dost\u0119p\u00adnych ca\u0142\u00adko\u00adwi\u00adcie bezp\u0142atnie.<\/p>\n\n\n\n<p>Poni\u00ad\u017cej znaj\u00addziesz zestaw spraw\u00addzo\u00adnych stron inter\u00adne\u00adto\u00adwych, apli\u00adka\u00adcji i plat\u00adform edu\u00adka\u00adcyj\u00adnych, kt\u00f3\u00adre wspie\u00adra\u00adj\u0105 nauk\u0119 nie\u00admiec\u00adkie\u00adgo na r\u00f3\u017c\u00adnych pozio\u00admach zaawan\u00adso\u00adwa\u00adnia \u2014 od pocz\u0105t\u00adku\u00adj\u0105\u00adce\u00adgo po bar\u00addziej zaawan\u00adso\u00adwa\u00adny. Wi\u0119k\u00adszo\u015b\u0107 z nich jest ela\u00adstycz\u00adna, intu\u00adicyj\u00adna w obs\u0142u\u00addze i pozwa\u00adla uczy\u0107 si\u0119 we w\u0142a\u00adsnym tempie.<\/p>\n\n\n\n<h3 class=\"wp-block-heading\"><strong>Plat\u00adfor\u00admy i apli\u00adka\u00adcje onli\u00adne do nauki niemieckiego<\/strong><\/h3>\n\n\n\n<div class=\"wp-block-stackable-columns stk-block-columns stk-block stk-0e01465\" data-block-id=\"0e01465\"><div class=\"stk-row stk-inner-blocks stk-block-content stk-content-align stk-0e01465-column\">\n<div class=\"wp-block-stackable-column stk-block-column stk-column stk-block stk-de81e12\" data-v=\"4\" data-block-id=\"de81e12\"><style>@media screen and (min-width:901px){.stk-de81e12 {flex:var(--stk-flex-grow, 1) 1 66.7% !important;}}<\/style><div class=\"stk-column-wrapper stk-block-column__content stk-container stk-de81e12-container stk--no-background stk--no-padding\"><div class=\"stk-block-content stk-inner-blocks stk-de81e12-inner-blocks\">\n<ul class=\"wp-block-list\">\n<li><a href=\"https:\/\/www.bbc.co.uk\/languages\/german\/\" rel=\"noopener\"><strong>BBC Lan\u00adgu\u00adages \u2014 Niemiecki<\/strong><\/a><\/li>\n\n\n\n<li><strong><a href=\"https:\/\/www.berlitz.com\/de-de\/sprachen\/deutsch\/online\" rel=\"noopener\">Ber\u00adlitz<\/a><\/strong> <em>(ofer\u00adta p\u0142atna)<\/em><\/li>\n\n\n\n<li><strong><a href=\"https:\/\/learngerman.dw.com\/de\/deutsch-lernen\/s-9095\" rel=\"noopener\">Deut\u00adsche Wel\u00adle<\/a><\/strong> (DW) \u2014 bez\u00adp\u0142at\u00adne kur\u00adsy i fil\u00admy wideo z j\u0119zy\u00adka niemieckiego<\/li>\n\n\n\n<li><strong><a href=\"https:\/\/www.duolingo.com\/course\/de\/en\/Lerne-Deutsch\" rel=\"noopener\"><\/a><strong><a href=\"https:\/\/www.duolingo.com\/course\/de\/en\/Lerne-Deutsch\" rel=\"noopener\">Doulin\u00adgo<\/a><\/strong><\/strong> \u2014 apli\u00adka\u00adcja do nauki j\u0119zyk\u00f3w<\/li>\n\n\n\n<li><a href=\"https:\/\/www.goethe.de\/de\/spr\/ueb.html\" rel=\"noopener\"><strong>Goethe-Ver\u00adlag<\/strong><\/a> \u2014 s\u0142ow\u00adnic\u00adtwo i prak\u00adty\u00adka j\u0119zykowa<\/li>\n\n\n\n<li><strong><a href=\"https:\/\/www.goethe.de\/de\/spr\/ueb\/kuj\/dt1.html\" rel=\"noopener\">Goethe \u2014 Tre\u00adner j\u0119zy\u00adka nie\u00admiec\u00adkie\u00adgo&nbsp;A1<\/a><\/strong><\/li>\n\n\n\n<li><a href=\"https:\/\/www.memrise.com\/en\/learn-german\" rel=\"noopener\"><strong>Mem\u00adri\u00adse<\/strong><\/a> \u2014 tre\u00adning s\u0142ownictwa<\/li>\n\n\n\n<li><a href=\"https:\/\/www.vhs-lernportal.de\/wws\/9.php#\/wws\/home.php\" rel=\"noopener\"><strong>vhs ler\u00adning por\u00adtal<\/strong><\/a> \u2014 bez\u00adp\u0142at\u00adna plat\u00adfor\u00adma edu\u00adka\u00adcyj\u00adna dla o\u015brod\u00adk\u00f3w kszta\u0142\u00adce\u00adnia doros\u0142ych<\/li>\n\n\n\n<li><a href=\"https:\/\/www.jicki.de\/deutsch-ukrainisch\/\" rel=\"noopener\"><strong>Nie\u00admiec\u00adko-ukra\u00adi\u0144\u00adski i ukra\u00adi\u0144\u00adsko-nie\u00admiec\u00adki<\/strong><\/a> \u2014 zaso\u00adby edukacyjne<\/li>\n<\/ul>\n<\/div><\/div><\/div>\n\n\n\n<div class=\"wp-block-stackable-column stk-block-column stk-column stk-block stk-b3f6f19\" data-v=\"4\" data-block-id=\"b3f6f19\"><style>@media screen and (min-width:901px){.stk-b3f6f19 {flex:var(--stk-flex-grow, 1) 1 33.3% !important;}}<\/style><div class=\"stk-column-wrapper stk-block-column__content stk-container stk-b3f6f19-container stk--no-background stk--no-padding\"><div class=\"stk-block-content stk-inner-blocks stk-b3f6f19-inner-blocks\">\n<figure class=\"wp-block-image size-full\"><img decoding=\"async\" width=\"843\" height=\"663\" src=\"https:\/\/www.anika-net.de\/wp-content\/uploads\/2024\/12\/Deutsch-lernen.jpg\" alt class=\"wp-image-56101\" srcset=\"https:\/\/www.anika-net.de\/wp-content\/uploads\/2024\/12\/Deutsch-lernen.jpg 843w, https:\/\/www.anika-net.de\/wp-content\/uploads\/2024\/12\/Deutsch-lernen-300x236.jpg 300w, https:\/\/www.anika-net.de\/wp-content\/uploads\/2024\/12\/Deutsch-lernen-768x604.jpg 768w, https:\/\/www.anika-net.de\/wp-content\/uploads\/2024\/12\/Deutsch-lernen-480x378.jpg 480w\" sizes=\"(max-width: 843px) 100vw, 843px\"><figcaption class=\"wp-element-caption\">Zapro\u00adjek\u00adto\u00adwa\u00adny przez <a href=\"https:\/\/www.freepik.com\/free-photo\/learn-german-language-online-education-concept_16449386.htm#fromView=image_search_similar&amp;page=1&amp;position=0&amp;uuid=8c918af6-d111-457f-998e-75c0637637c9\" rel=\"noopener\">Fre\u00adepik<\/a><\/figcaption><\/figure>\n<\/div><\/div><\/div>\n<\/div><\/div>\n\n\n\n<div class=\"wp-block-stackable-divider stk-block-divider stk-block stk-35a93cf\" data-block-id=\"35a93cf\"><hr class=\"stk-block-divider__hr\"><\/div>\n\n\n\n<h3 class=\"wp-block-heading\">Narz\u0119\u00addzia onli\u00adne wspie\u00adra\u00adj\u0105\u00adce nauk\u0119 j\u0119zy\u00adka nie\u00admiec\u00adkie\u00adgo <span style=\"color: #06949c;\" class=\"stk-highlight\">dla uczni\u00f3w szk\u00f3\u0142 pod\u00adsta\u00adwo\u00adwych<\/span> <\/h3>\n\n\n\n<ul class=\"wp-block-list\">\n<li><strong><a href=\"https:\/\/amira-lesen.de\/#page=home\" rel=\"noopener\">AMIRA<\/a><\/strong> \u2014 Pro\u00adgram czy\u00adta\u00adnia dla dzie\u00adci ze szk\u00f3\u0142 pod\u00adsta\u00adwo\u00adwych w <strong>9 j\u0119zy\u00adkach<\/strong><\/li>\n\n\n\n<li><strong><a href=\"https:\/\/anton.app\/de\/\" rel=\"noopener\">ANTON<\/a><\/strong> \u2014 apli\u00adka\u00adcja edu\u00adka\u00adcyj\u00adna dla uczni\u00f3w od <strong>kla\u00adsy 1 do&nbsp;10<\/strong><\/li>\n\n\n\n<li><strong><a href=\"https:\/\/www.bilingual-picturebooks.org\/\" rel=\"noopener\">bilin\u00adgu\u00adal-pic\u00adtu\u00adre\u00adbo\u00adoks<\/a><\/strong> \u2014 Ucz si\u0119 j\u0119zy\u00adk\u00f3w z dar\u00admo\u00adwy\u00admi <strong>dwu\u00adj\u0119\u00adzycz\u00adny\u00admi ksi\u0105\u017c\u00adka\u00admi obrazkowymi<\/strong><\/li>\n\n\n\n<li><a href=\"https:\/\/www.goethe.de\/de\/spr\/ueb\/led.html\" rel=\"noopener\"><strong>Nauka nie\u00admiec\u00adkie\u00adgo \u201cMia\u00adsto s\u0142\u00f3w<\/strong>\u201d<\/a> \u2014 gra onli\u00adne Goethe-Insti\u00adtut do nauki <strong>nie\u00admiec\u00adkie\u00adgo jako j\u0119zy\u00adka obce\u00adgo (poziom A1)<\/strong><\/li>\n<\/ul>\n\n\n\n<p><\/p>\n","protected":false},"excerpt":{"rendered":"<p>Nauka j\u0119zy\u00adka nie\u00admiec\u00adkie\u00adgo jest wa\u017c\u00adnym kro\u00adkiem do osie\u00addle\u00adnia si\u0119 w codzien\u00adnym \u017cyciu w Niem\u00adczech. Nie\u00adza\u00adle\u017c\u00adnie od tego, czy chcesz samo\u00addziel\u00adnie roz\u00adwi\u00adja\u0107 swo\u00adje umie\u00adj\u0119t\u00adno\u00ad\u015bci, przy\u00adgo\u00adto\u00adwa\u0107 si\u0119 do typo\u00adwych sytu\u00adacji dnia codzien\u00adne\u00adgo,&nbsp;<a class=\"moretag\" href=\"https:\/\/www.anika-net.de\/pl\/nauka-jezyka-niemieckiego\/ucz-sie-niemieckiego-online\/\">czy\u00adtaj wi\u0119cej<\/a><\/p>\n","protected":false},"author":12,"featured_media":34399,"parent":34531,"menu_order":50,"comment_status":"closed","ping_status":"closed","template":"","meta":{"_acf_changed":false,"inline_featured_image":false,"_uag_custom_page_level_css":"","wp_typography_post_enhancements_disabled":false,"footnotes":""},"class_list":["post-34610","page","type-page","status-publish","has-post-thumbnail","hentry"],"acf":[],"featured_image_urls_v2":{"full":["https:\/\/www.anika-net.de\/wp-content\/uploads\/2023\/03\/Online-Deutsch-lernen_Kacheln-6.png",2000,1111,false],"thumbnail":["https:\/\/www.anika-net.de\/wp-content\/uploads\/2023\/03\/Online-Deutsch-lernen_Kacheln-6-150x150.png",150,150,true],"medium":["https:\/\/www.anika-net.de\/wp-content\/uploads\/2023\/03\/Online-Deutsch-lernen_Kacheln-6-300x167.png",300,167,true],"medium_large":["https:\/\/www.anika-net.de\/wp-content\/uploads\/2023\/03\/Online-Deutsch-lernen_Kacheln-6-768x427.png",640,356,true],"large":["https:\/\/www.anika-net.de\/wp-content\/uploads\/2023\/03\/Online-Deutsch-lernen_Kacheln-6-1024x569.png",640,356,true],"1536x1536":["https:\/\/www.anika-net.de\/wp-content\/uploads\/2023\/03\/Online-Deutsch-lernen_Kacheln-6-1536x853.png",1536,853,true],"2048x2048":["https:\/\/www.anika-net.de\/wp-content\/uploads\/2023\/03\/Online-Deutsch-lernen_Kacheln-6.png",2000,1111,false],"event-overview":["https:\/\/www.anika-net.de\/wp-content\/uploads\/2023\/03\/Online-Deutsch-lernen_Kacheln-6-960x640.png",960,640,true],"event-archive-thumb":["https:\/\/www.anika-net.de\/wp-content\/uploads\/2023\/03\/Online-Deutsch-lernen_Kacheln-6-480x267.png",480,267,true],"grid-item-thumbnail":["https:\/\/www.anika-net.de\/wp-content\/uploads\/2023\/03\/Online-Deutsch-lernen_Kacheln-6-360x200.png",360,200,true],"network-partner-icon":["https:\/\/www.anika-net.de\/wp-content\/uploads\/2023\/03\/Online-Deutsch-lernen_Kacheln-6-100x100.png",100,100,true],"organiser-icon":["https:\/\/www.anika-net.de\/wp-content\/uploads\/2023\/03\/Online-Deutsch-lernen_Kacheln-6-200x200.png",200,200,true],"gform-image-choice-sm":["https:\/\/www.anika-net.de\/wp-content\/uploads\/2023\/03\/Online-Deutsch-lernen_Kacheln-6.png",300,167,false],"gform-image-choice-md":["https:\/\/www.anika-net.de\/wp-content\/uploads\/2023\/03\/Online-Deutsch-lernen_Kacheln-6.png",400,222,false],"gform-image-choice-lg":["https:\/\/www.anika-net.de\/wp-content\/uploads\/2023\/03\/Online-Deutsch-lernen_Kacheln-6.png",600,333,false]},"post_excerpt_stackable_v2":"<p>Nauka j\u0119zy\u00adka nie\u00admiec\u00adkie\u00adgo jest wa\u017c\u00adnym kro\u00adkiem do osie\u00addle\u00adnia si\u0119 w codzien\u00adnym \u017cyciu w Niem\u00adczech. Nie\u00adza\u00adle\u017c\u00adnie od tego, czy chcesz samo\u00addziel\u00adnie roz\u00adwi\u00adja\u0107 swo\u00adje umie\u00adj\u0119t\u00adno\u00ad\u015bci, przy\u00adgo\u00adto\u00adwa\u0107 si\u0119 do typo\u00adwych sytu\u00adacji dnia codzien\u00adne\u00adgo, czy uzu\u00adpe\u0142\u00adni\u0107 kurs j\u0119zy\u00adko\u00adwy, w inter\u00adne\u00adcie znaj\u00addziesz wie\u00adle pomoc\u00adnych mate\u00adria\u00ad\u0142\u00f3w \u2014 cz\u0119\u00adsto dost\u0119p\u00adnych ca\u0142\u00adko\u00adwi\u00adcie bez\u00adp\u0142at\u00adnie. Poni\u00ad\u017cej znaj\u00addziesz zestaw spraw\u00addzo\u00adnych stron inter\u00adne\u00adto\u00adwych, apli\u00adka\u00adcji i plat\u00adform edu\u00adka\u00adcyj\u00adnych, kt\u00f3\u00adre wspie\u00adra\u00adj\u0105 nauk\u0119 nie\u00admiec\u00adkie\u00adgo na r\u00f3\u017c\u00adnych pozio\u00admach zaawan\u00adso\u00adwa\u00adnia \u2014 od pocz\u0105t\u00adku\u00adj\u0105\u00adce\u00adgo po bar\u00addziej zaawan\u00adso\u00adwa\u00adny. Wi\u0119k\u00adszo\u015b\u0107 z nich jest ela\u00adstycz\u00adna, intu\u00adicyj\u00adna w obs\u0142u\u00addze i pozwa\u00adla uczy\u0107 si\u0119 we w\u0142a\u00adsnym tem\u00adpie. Plat\u00adfor\u00admy i apli\u00adka\u00adcje onli\u00adne do nauki nie\u00admiec\u00adkie\u00adgo BBC Lan\u00adgu\u00adages \u2014 Nie\u00admiec\u00adki Ber\u00adlitz (ofer\u00adta p\u0142at\u00adna) Deut\u00adsche&nbsp;Welle\u2026<\/p>\n","category_list_v2":"","author_info_v2":{"name":"Andrea Ramirez","url":"https:\/\/www.anika-net.de\/pl\/author\/andrea-ramirez\/"},"comments_num_v2":"0 comments","uagb_featured_image_src":{"full":["https:\/\/www.anika-net.de\/wp-content\/uploads\/2023\/03\/Online-Deutsch-lernen_Kacheln-6.png",2000,1111,false],"thumbnail":["https:\/\/www.anika-net.de\/wp-content\/uploads\/2023\/03\/Online-Deutsch-lernen_Kacheln-6-150x150.png",150,150,true],"medium":["https:\/\/www.anika-net.de\/wp-content\/uploads\/2023\/03\/Online-Deutsch-lernen_Kacheln-6-300x167.png",300,167,true],"medium_large":["https:\/\/www.anika-net.de\/wp-content\/uploads\/2023\/03\/Online-Deutsch-lernen_Kacheln-6-768x427.png",640,356,true],"large":["https:\/\/www.anika-net.de\/wp-content\/uploads\/2023\/03\/Online-Deutsch-lernen_Kacheln-6-1024x569.png",640,356,true],"1536x1536":["https:\/\/www.anika-net.de\/wp-content\/uploads\/2023\/03\/Online-Deutsch-lernen_Kacheln-6-1536x853.png",1536,853,true],"2048x2048":["https:\/\/www.anika-net.de\/wp-content\/uploads\/2023\/03\/Online-Deutsch-lernen_Kacheln-6.png",2000,1111,false],"event-overview":["https:\/\/www.anika-net.de\/wp-content\/uploads\/2023\/03\/Online-Deutsch-lernen_Kacheln-6-960x640.png",960,640,true],"event-archive-thumb":["https:\/\/www.anika-net.de\/wp-content\/uploads\/2023\/03\/Online-Deutsch-lernen_Kacheln-6-480x267.png",480,267,true],"grid-item-thumbnail":["https:\/\/www.anika-net.de\/wp-content\/uploads\/2023\/03\/Online-Deutsch-lernen_Kacheln-6-360x200.png",360,200,true],"network-partner-icon":["https:\/\/www.anika-net.de\/wp-content\/uploads\/2023\/03\/Online-Deutsch-lernen_Kacheln-6-100x100.png",100,100,true],"organiser-icon":["https:\/\/www.anika-net.de\/wp-content\/uploads\/2023\/03\/Online-Deutsch-lernen_Kacheln-6-200x200.png",200,200,true],"gform-image-choice-sm":["https:\/\/www.anika-net.de\/wp-content\/uploads\/2023\/03\/Online-Deutsch-lernen_Kacheln-6.png",300,167,false],"gform-image-choice-md":["https:\/\/www.anika-net.de\/wp-content\/uploads\/2023\/03\/Online-Deutsch-lernen_Kacheln-6.png",400,222,false],"gform-image-choice-lg":["https:\/\/www.anika-net.de\/wp-content\/uploads\/2023\/03\/Online-Deutsch-lernen_Kacheln-6.png",600,333,false]},"uagb_author_info":{"display_name":"Andrea Ramirez","author_link":"https:\/\/www.anika-net.de\/pl\/author\/andrea-ramirez\/"},"uagb_comment_info":0,"uagb_excerpt":"Nauka j\u0119zy\u00adka nie\u00admiec\u00adkie\u00adgo jest wa\u017c\u00adnym kro\u00adkiem do osie\u00addle\u00adnia si\u0119 w codzien\u00adnym \u017cyciu w Niem\u00adczech. Nie\u00adza\u00adle\u017c\u00adnie od tego, czy chcesz samo\u00addziel\u00adnie roz\u00adwi\u00adja\u0107 swo\u00adje umie\u00adj\u0119t\u00adno\u00ad\u015bci, przy\u00adgo\u00adto\u00adwa\u0107 si\u0119 do typo\u00adwych sytu\u00adacji dnia codzien\u00adne\u00adgo,&nbsp;czytaj wi\u0119cej","_links":{"self":[{"href":"https:\/\/www.anika-net.de\/pl\/wp-json\/wp\/v2\/pages\/34610","targetHints":{"allow":["GET"]}}],"collection":[{"href":"https:\/\/www.anika-net.de\/pl\/wp-json\/wp\/v2\/pages"}],"about":[{"href":"https:\/\/www.anika-net.de\/pl\/wp-json\/wp\/v2\/types\/page"}],"author":[{"embeddable":true,"href":"https:\/\/www.anika-net.de\/pl\/wp-json\/wp\/v2\/users\/12"}],"replies":[{"embeddable":true,"href":"https:\/\/www.anika-net.de\/pl\/wp-json\/wp\/v2\/comments?post=34610"}],"version-history":[{"count":4,"href":"https:\/\/www.anika-net.de\/pl\/wp-json\/wp\/v2\/pages\/34610\/revisions"}],"predecessor-version":[{"id":121062,"href":"https:\/\/www.anika-net.de\/pl\/wp-json\/wp\/v2\/pages\/34610\/revisions\/121062"}],"up":[{"embeddable":true,"href":"https:\/\/www.anika-net.de\/pl\/wp-json\/wp\/v2\/pages\/34531"}],"wp:featuredmedia":[{"embeddable":true,"href":"https:\/\/www.anika-net.de\/pl\/wp-json\/wp\/v2\/media\/34399"}],"wp:attachment":[{"href":"https:\/\/www.anika-net.de\/pl\/wp-json\/wp\/v2\/media?parent=34610"}],"curies":[{"name":"wp","href":"https:\/\/api.w.org\/{rel}","templated":true}]}}