{"id":34590,"date":"2023-03-07T13:15:39","date_gmt":"2023-03-07T12:15:39","guid":{"rendered":"https:\/\/www.anika-net.de\/nauka-jezyka-niemieckiego\/kursy-integracyjne\/"},"modified":"2026-04-29T13:37:31","modified_gmt":"2026-04-29T11:37:31","slug":"kursy-integracyjne","status":"publish","type":"page","link":"https:\/\/www.anika-net.de\/pl\/nauka-jezyka-niemieckiego\/kursy-integracyjne\/","title":{"rendered":"Kur\u00adsy integracyjne"},"content":{"rendered":"\n<h2 class=\"wp-block-heading\"><span style=\"color: #f7ac15;\" class=\"stk-highlight\">Aktu\u00adal\u00adno\u00ad\u015bci<\/span><span style=\"color: #f0b620;\" class=\"stk-highlight\">!<\/span><\/h2>\n\n<details class=\"wp-block-stackable-accordion stk-block-accordion stk-inner-blocks stk-block-content stk-block stk-346137f is-style-default\" data-block-id=\"346137f\">\n<summary class=\"wp-block-stackable-column stk-block-column stk-column stk-block stk-6f2f8c1 stk--container-small stk-block-accordion__heading\" data-v=\"4\" data-block-id=\"6f2f8c1\"><div class=\"stk-column-wrapper stk-block-column__content stk-container stk-6f2f8c1-container stk-hover-parent\"><div class=\"stk-block-content stk-inner-blocks stk-6f2f8c1-inner-blocks\">\n<div class=\"wp-block-stackable-icon-label stk-block-icon-label stk-block stk-fb064fe\" data-block-id=\"fb064fe\"><div class=\"stk-row stk-inner-blocks stk-block-content\">\n<div class=\"wp-block-stackable-heading stk-block-heading stk-block-heading--v2 stk-block stk-19e943c\" id=\"initial-orientation-course-at-the-vhs\" data-block-id=\"19e943c\"><h4 class=\"stk-block-heading__text\">Wst\u0119p\u00adny kurs orien\u00adta\u00adcyj\u00adny w&nbsp;vhs<\/h4><\/div>\n\n\n\n<div class=\"wp-block-stackable-icon stk-block-icon stk-block stk-113a4b2\" data-block-id=\"113a4b2\"><span class=\"stk--svg-wrapper\"><div class=\"stk--inner-svg\"><svg style=\"height:0;width:0\"><defs><linearGradient id=\"linear-gradient-113a4b2\" x1=\"0\" x2=\"100%\" y1=\"0\" y2=\"0\"><stop offset=\"0%\" style=\"stop-opacity:1;stop-color:var(--linear-gradient-113-a-4-b-2-color-1)\" \/><stop offset=\"100%\" style=\"stop-opacity:1;stop-color:var(--linear-gradient-113-a-4-b-2-color-2)\" \/><\/linearGradient><\/defs><\/svg><svg data-prefix=\"fas\" data-icon=\"chevron-down\" class=\"svg-inline--fa fa-chevron-down fa-w-14\" viewBox=\"0 0 448 512\" aria-hidden=\"true\" width=\"32\" height=\"32\"><path fill=\"currentColor\" d=\"M207.029 381.476L12.686 187.132c-9.373-9.373-9.373-24.569 0-33.941l22.667-22.667c9.357-9.357 24.522-9.375 33.901-.04L224 284.505l154.745-154.021c9.379-9.335 24.544-9.317 33.901.04l22.667 22.667c9.373 9.373 9.373 24.569 0 33.941L240.971 381.476c-9.373 9.372-24.569 9.372-33.942 0z\" \/><\/svg><\/div><\/span><\/div>\n<\/div><\/div>\n<\/div><\/div><\/summary>\n\n\n\n<div class=\"wp-block-stackable-column stk-block-column stk-column stk-block stk-f0b04c4 stk-block-accordion__content\" data-v=\"4\" data-block-id=\"f0b04c4\"><div class=\"stk-column-wrapper stk-block-column__content stk-container stk-f0b04c4-container stk--no-background stk--no-padding\"><div class=\"stk-block-content stk-inner-blocks stk-f0b04c4-inner-blocks\">\n<div class=\"wp-block-stackable-text stk-block-text stk-block stk-4f78a63\" data-block-id=\"4f78a63\"><p class=\"stk-block-text__text\">\u2705 300 Unter\u00adrichts\u00adstun\u00adden<br><strong>Kie\u00addy:<\/strong> 18.05.2026 do <strong>21.08.2026<\/strong><br><strong>Gdzie:<\/strong> Volks\u00adhoch\u00adschu\u00adle Karls\u00adru\u00adhe<br>\ud83c\udfaf <strong>Gru\u00adpa doce\u00adlo\u00adwa: <\/strong>Uchod\u017a\u00adcy i imi\u00adgran\u00adci<br><strong> <a href=\"https:\/\/www.anika-net.de\/pl\/event\/wstepny-kurs-orientacyjny-w-vhs\/\">Wi\u0119\u00adcej infor\u00adma\u00adcji tutaj<\/a><\/strong><a href=\"https:\/\/www.anika-net.de\/pl\/event\/wstepny-kurs-orientacyjny-w-vhs\/\"> <\/a><\/p><\/div>\n<\/div><\/div><\/div>\n<\/details>\n\n<p><strong>Kur\u00adsy inte\u00adgra\u00adcyj\u00adne<\/strong> to naj\u00adpo\u00adpu\u00adlar\u00adniej\u00adsze kur\u00adsy j\u0119zy\u00adko\u00adwe dla os\u00f3b, kt\u00f3\u00adre dopie\u00adro przy\u00adby\u00ad\u0142y do Nie\u00admiec. Poma\u00adga\u00adj\u0105 migran\u00adtom sta\u0107 si\u0119 cz\u0119\u00ad\u015bci\u0105 codzien\u00adne\u00adgo \u017cycia \u2014 w pra\u00adcy, w spo\u00ad\u0142e\u00adcze\u0144\u00adstwie i w spo\u0142eczno\u015bci.&nbsp;<\/p>\n\n<p>Wi\u0119k\u00adszo\u015b\u0107 kur\u00ads\u00f3w ko\u0144\u00adczy si\u0119 egza\u00admi\u00adnem <strong>\u201cNie\u00admiec\u00adki test dla imi\u00adgran\u00adt\u00f3w\u201d (DTZ)<\/strong>. Po zda\u00adniu egza\u00admi\u00adnu mo\u017c\u00adna osi\u0105\u00adgn\u0105\u0107 <strong>poziom B1 j\u0119zy\u00adka nie\u00admiec\u00adkie\u00adgo<\/strong>. <\/p>\n\n<h3 class=\"wp-block-heading\">Kto mo\u017ce wzi\u0105\u0107 udzia\u0142 w kur\u00adsie integracyjnym?<\/h3>\n\n<ul class=\"wp-block-list\">\n<li><strong>Nowi imi\u00adgran\u00adci<\/strong> maj\u0105 zazwy\u00adczaj pra\u00adwo do jed\u00adno\u00adra\u00adzo\u00adwe\u00adgo udzia\u00ad\u0142u w kur\u00adsie integracyjnym.<\/li>\n\n\n\n<li><strong>Oso\u00adby miesz\u00adka\u00adj\u0105\u00adce w Niem\u00adczech od d\u0142u\u017c\u00adsze\u00adgo cza\u00adsu<\/strong> i <strong>oby\u00adwa\u00adte\u00adle UE<\/strong> r\u00f3w\u00adnie\u017c mog\u0105 do\u0142\u0105\u00adczy\u0107, w zale\u017c\u00adno\u00ad\u015bci od dost\u0119p\u00adnych miejsc.<\/li>\n\n\n\n<li><strong>Oby\u00adwa\u00adte\u00adle Nie\u00admiec<\/strong> mog\u0105 zosta\u0107 przy\u00adj\u0119\u00adci, je\u015bli nie maj\u0105 wystar\u00adcza\u00adj\u0105\u00adcej zna\u00adjo\u00admo\u00ad\u015bci j\u0119zy\u00adka nie\u00admiec\u00adkie\u00adgo i potrze\u00adbu\u00adj\u0105 wspar\u00adcia w inte\u00adgra\u00adcji (je\u015bli s\u0105 dost\u0119p\u00adne miejsca).<\/li>\n<\/ul>\n\n<p>\ud83d\udc49 <span style=\"color: #3d52a0;\" class=\"stk-highlight\"><strong>Kur\u00adsy inte\u00adgra\u00adcyj\u00adne s\u0105 wa\u017c\u00adnym kro\u00adkiem do popra\u00adwy zna\u00adjo\u00admo\u00ad\u015bci j\u0119zy\u00adka nie\u00admiec\u00adkie\u00adgo i lep\u00adsze\u00adgo zro\u00adzu\u00admie\u00adnia \u017cycia w Niemczech.<\/strong><\/span><\/p>\n\n<h4 class=\"wp-block-heading\"><strong>Wi\u0119\u00adcej infor\u00adma\u00adcji na temat kur\u00ads\u00f3w inte\u00adgra\u00adcyj\u00adnych i innych kur\u00ads\u00f3w j\u0119zy\u00adko\u00adwych (r\u00f3w\u00adnie\u017c w innych j\u0119zykach):<\/strong><\/h4>\n\n<p><a href=\"https:\/\/www.bamf.de\/DE\/Themen\/Integration\/ZugewanderteTeilnehmende\/Integrationskurse\/integrationskurse-node.html\" rel=\"noopener\"><strong>Fede\u00adral\u00adny Urz\u0105d ds. Migra\u00adcji i Uchod\u017a\u00adc\u00f3w (BAMF)<\/strong><\/a><\/p>\n\n<p>\ud83d\udd0e <a href=\"https:\/\/bamf-navi.bamf.de\/de\/Themen\/Integrationskurse\/\" rel=\"noopener\"><strong>Kur\u00adsy inte\u00adgra\u00adcyj\u00adne w Two\u00adjej oko\u00adli\u00adcy mo\u017cesz zna\u00adle\u017a\u0107 na inte\u00adrak\u00adtyw\u00adnej mapie&nbsp;BAMF<\/strong><\/a><\/p>\n\n<div class=\"wp-block-kioken-spacer\" style=\"color:#999999;height:50px\"><hr><\/div>\n\n<h2 class=\"wp-block-heading\"><strong>Nast\u0119\u00adpu\u00adj\u0105\u00adce szko\u00ad\u0142y j\u0119zy\u00adko\u00adwe ofe\u00adru\u00adj\u0105 kur\u00adsy inte\u00adgra\u00adcyj\u00adne w Karlsruhe:<\/strong><\/h2>\n\n<div class=\"wp-block-stackable-columns stk-block-columns stk-block stk-1d2c13c\" data-block-id=\"1d2c13c\"><div class=\"stk-row stk-inner-blocks stk-block-content stk-content-align stk-1d2c13c-column\">\n<div class=\"wp-block-stackable-column stk-block-column stk-column stk-block stk-e2e2c68\" data-v=\"4\" data-block-id=\"e2e2c68\"><div class=\"stk-column-wrapper stk-block-column__content stk-container stk-e2e2c68-container stk--no-background stk--no-padding\"><div class=\"stk-block-content stk-inner-blocks stk-e2e2c68-inner-blocks\">\n<div class=\"wp-block-stackable-card stk-block-card stk-block stk-f256f4f is-style-default-2\" data-v=\"2\" data-block-id=\"f256f4f\"><style>.stk-f256f4f .stk-block-card__image{height:180px !important;}.stk-f256f4f .stk-block-card__image img{transform:scale(0.68) !important;}<\/style><div class=\"stk--no-padding stk-container stk-f256f4f-container stk-hover-parent\"><figure class=\"stk-block-card__image stk-img-wrapper stk-image--shape-stretch\"><img decoding=\"async\" class=\"stk-img wp-image-42903\" src=\"https:\/\/www.anika-net.de\/wp-content\/uploads\/2023\/10\/aaw_q.jpg\" width=\"300\" height=\"300\" srcset=\"https:\/\/www.anika-net.de\/wp-content\/uploads\/2023\/10\/aaw_q.jpg 300w, https:\/\/www.anika-net.de\/wp-content\/uploads\/2023\/10\/aaw_q-150x150.jpg 150w, https:\/\/www.anika-net.de\/wp-content\/uploads\/2023\/10\/aaw_q-100x100.jpg 100w, https:\/\/www.anika-net.de\/wp-content\/uploads\/2023\/10\/aaw_q-200x200.jpg 200w\" sizes=\"(max-width: 300px) 100vw, 300px\"><\/figure><div class=\"stk-container-padding stk-block-card__content\"><div class=\"stk-block-content stk-inner-blocks stk-f256f4f-inner-blocks\">\n<div class=\"wp-block-stackable-heading stk-block-heading stk-block-heading--v2 stk-block stk-d972a80\" id=\"aaw-karlsruhe\" data-block-id=\"d972a80\"><h2 class=\"stk-block-heading__text\">AAW Karls\u00adru\u00adhe<\/h2><\/div>\n\n\n\n<div class=\"wp-block-stackable-text stk-block-text stk-block stk-af6789f\" data-block-id=\"af6789f\"><p class=\"stk-block-text__text\">\ud83d\udccdGries\u00adbach\u00adstra\u00ad\u00dfe 12<br>76185 Karls\u00adru\u00adhe<br>\ud83d\udcde 0721 85 02 90<br>\ud83d\udce7 <a href=\"javascript:linkTo_UnCryptMailto(%27drzckf1bricjilyvRrrn5uv%27);\">karlsruhe(at)aaw.de<\/a><br>\ud83c\udf10 <a href=\"https:\/\/www.aaw.de\/post\/deutschkurse-nach-vwv\" rel=\"noopener\">Stro\u00adna internetowa<\/a><\/p><\/div>\n<\/div><\/div><\/div><\/div>\n<\/div><\/div><\/div>\n\n\n\n<div class=\"wp-block-stackable-column stk-block-column stk-column stk-block stk-4221ff9\" data-v=\"4\" data-block-id=\"4221ff9\"><div class=\"stk-column-wrapper stk-block-column__content stk-container stk-4221ff9-container stk--no-background stk--no-padding\"><div class=\"stk-block-content stk-inner-blocks stk-4221ff9-inner-blocks\">\n<div class=\"wp-block-stackable-card stk-block-card stk-block stk-8bad549 is-style-default\" data-v=\"2\" data-block-id=\"8bad549\"><style>.stk-8bad549 .stk-block-card__image{height:180px !important;}.stk-8bad549 .stk-block-card__image img{transform:scale(0.68) !important;}<\/style><div class=\"stk--no-padding stk-container stk-8bad549-container stk-hover-parent\"><figure class=\"stk-block-card__image stk-img-wrapper stk-image--shape-stretch\"><img decoding=\"async\" class=\"stk-img wp-image-42841\" src=\"https:\/\/www.anika-net.de\/wp-content\/uploads\/2023\/10\/Berlitz_q-e1777459276576.jpg\" width=\"300\" height=\"213\" alt=\"Berlitz\"><\/figure><div class=\"stk-container-padding stk-block-card__content\"><div class=\"stk-block-content stk-inner-blocks stk-8bad549-inner-blocks\">\n<div class=\"wp-block-stackable-heading stk-block-heading stk-block-heading--v2 stk-block stk-35d4741\" id=\"strong-berlitz-gmb-h-strong\" data-block-id=\"35d4741\"><h2 class=\"stk-block-heading__text\"><strong>Ber\u00adlitz&nbsp;GmbH<\/strong><\/h2><\/div>\n\n\n\n<div class=\"wp-block-stackable-text stk-block-text stk-block stk-88d634c\" data-block-id=\"88d634c\"><p class=\"stk-block-text__text\">\ud83d\udccd Kaiser\u00adstra\u00ad\u00dfe 215<br>76133 Karls\u00adru\u00adhe<br>\ud83d\udcde 0721 266 25<br>\ud83d\udce7 <a href=\"javascript:linkTo_UnCryptMailto(%27drzckf1bricjilyvRsviczkq5uv%27);\">karlsruhe(at)berlitz.de<\/a><br>\ud83c\udf10 <a href=\"https:\/\/www.berlitz.com\/de-de\/sprachschulen\/karlsruhe\" rel=\"noopener\">Stro\u00adna internetowa<\/a><\/p><\/div>\n<\/div><\/div><\/div><\/div>\n<\/div><\/div><\/div>\n\n\n\n<div class=\"wp-block-stackable-column stk-block-column stk-column stk-block stk-54559ce\" data-v=\"4\" data-block-id=\"54559ce\"><div class=\"stk-column-wrapper stk-block-column__content stk-container stk-54559ce-container stk--no-background stk--no-padding\"><div class=\"stk-block-content stk-inner-blocks stk-54559ce-inner-blocks\">\n<div class=\"wp-block-stackable-card stk-block-card stk-block stk-5aece95 is-style-default-2\" data-v=\"2\" data-block-id=\"5aece95\"><style>.stk-5aece95 .stk-block-card__image{height:180px !important;}.stk-5aece95 .stk-block-card__image img{transform:scale(0.68) !important;}<\/style><div class=\"stk--no-padding stk-container stk-5aece95-container stk-hover-parent\"><figure class=\"stk-block-card__image stk-img-wrapper stk-image--shape-stretch\"><img decoding=\"async\" class=\"stk-img wp-image-23364\" src=\"https:\/\/www.anika-net.de\/wp-content\/uploads\/2022\/06\/edu-e1777459141632.png\" width=\"1002\" height=\"510\" srcset=\"https:\/\/www.anika-net.de\/wp-content\/uploads\/2022\/06\/edu-e1777459141632.png 1002w, https:\/\/www.anika-net.de\/wp-content\/uploads\/2022\/06\/edu-e1777459141632-300x153.png 300w, https:\/\/www.anika-net.de\/wp-content\/uploads\/2022\/06\/edu-e1777459141632-768x391.png 768w, https:\/\/www.anika-net.de\/wp-content\/uploads\/2022\/06\/edu-e1777459141632-480x244.png 480w\" sizes=\"(max-width: 1002px) 100vw, 1002px\"><\/figure><div class=\"stk-container-padding stk-block-card__content\"><div class=\"stk-block-content stk-inner-blocks stk-5aece95-inner-blocks\">\n<div class=\"wp-block-stackable-heading stk-block-heading stk-block-heading--v2 stk-block stk-c1947b7\" id=\"strong-edu-global-strong\" data-block-id=\"c1947b7\"><h2 class=\"stk-block-heading__text\"><strong>edu\u00adGLO\u00adBAL<\/strong><\/h2><\/div>\n\n\n\n<div class=\"wp-block-stackable-text stk-block-text stk-block stk-ff0f5c5\" data-block-id=\"ff0f5c5\"><p class=\"stk-block-text__text\">\ud83d\udccdErb\u00adprin\u00adzen\u00adstra\u00ad\u00dfe 27<br>76133 Karls\u00adru\u00adhe<br>\ud83d\udcde 0721 203 99 90<br>\ud83d\udce7 <a href=\"javascript:linkTo_UnCryptMailto(%27drzckf1zewfRvulxcfsrc5uv%27);\">info(at)eduglobal.de<\/a><br>\ud83c\udf10 <a href=\"http:\/\/www.eduglobal.de\" rel=\"noopener\">Stro\u00adna internetowa<\/a><\/p><\/div>\n<\/div><\/div><\/div><\/div>\n<\/div><\/div><\/div>\n<\/div><\/div>\n\n<div class=\"wp-block-stackable-columns stk-block-columns stk-block stk-16c033c\" data-block-id=\"16c033c\"><div class=\"stk-row stk-inner-blocks stk-block-content stk-content-align stk-16c033c-column\">\n<div class=\"wp-block-stackable-column stk-block-column stk-column stk-block stk-237c0a6\" data-v=\"4\" data-block-id=\"237c0a6\"><div class=\"stk-column-wrapper stk-block-column__content stk-container stk-237c0a6-container stk--no-background stk--no-padding\"><div class=\"stk-block-content stk-inner-blocks stk-237c0a6-inner-blocks\">\n<div class=\"wp-block-stackable-card stk-block-card stk-block stk-cb82847 is-style-default-2\" data-v=\"2\" data-block-id=\"cb82847\"><style>.stk-cb82847 .stk-block-card__image{aspect-ratio:4\/3 !important;height:auto !important;}.stk-cb82847 .stk-block-card__image img{transform:scale(0.68) !important;}@media screen and (max-width:1200px){.stk-cb82847 .stk-block-card__image{height:auto !important;}}@media screen and (max-width:900px){.stk-cb82847 .stk-block-card__image{height:auto !important;}}<\/style><div class=\"stk--no-padding stk-container stk-cb82847-container stk-hover-parent\"><figure class=\"stk-block-card__image stk-img-wrapper stk-image--shape-stretch\"><img decoding=\"async\" class=\"stk-img wp-image-42867\" src=\"https:\/\/www.anika-net.de\/wp-content\/uploads\/2023\/10\/Future-Gate.png\" width=\"1024\" height=\"1024\" srcset=\"https:\/\/www.anika-net.de\/wp-content\/uploads\/2023\/10\/Future-Gate.png 1024w, https:\/\/www.anika-net.de\/wp-content\/uploads\/2023\/10\/Future-Gate-300x300.png 300w, https:\/\/www.anika-net.de\/wp-content\/uploads\/2023\/10\/Future-Gate-150x150.png 150w, https:\/\/www.anika-net.de\/wp-content\/uploads\/2023\/10\/Future-Gate-768x768.png 768w, https:\/\/www.anika-net.de\/wp-content\/uploads\/2023\/10\/Future-Gate-600x600.png 600w, https:\/\/www.anika-net.de\/wp-content\/uploads\/2023\/10\/Future-Gate-480x480.png 480w, https:\/\/www.anika-net.de\/wp-content\/uploads\/2023\/10\/Future-Gate-100x100.png 100w, https:\/\/www.anika-net.de\/wp-content\/uploads\/2023\/10\/Future-Gate-200x200.png 200w\" sizes=\"(max-width: 1024px) 100vw, 1024px\"><\/figure><div class=\"stk-container-padding stk-block-card__content\"><div class=\"stk-block-content stk-inner-blocks stk-cb82847-inner-blocks\">\n<div class=\"wp-block-stackable-heading stk-block-heading stk-block-heading--v2 stk-block stk-52d261c\" id=\"future-gate\" data-block-id=\"52d261c\"><h2 class=\"stk-block-heading__text\">Futu\u00adre&nbsp;Gate<\/h2><\/div>\n\n\n\n<div class=\"wp-block-stackable-text stk-block-text stk-block stk-f5eb0de\" data-block-id=\"f5eb0de\"><p class=\"stk-block-text__text\">\ud83d\udccdKaiser\u00adstra\u00ad\u00dfe 156<br>76133 Karls\u00adru\u00adhe<br>\ud83d\udcde 0721 669 713 59<br>\ud83d\udce7 <a href=\"javascript:linkTo_UnCryptMailto(%27drzckf1zewfRwlkliv4xrkv5vl%27);\">info(at)future-gate.eu<\/a><br>\ud83c\udf10 <a href=\"https:\/\/future-gate.eu\/\" rel=\"noopener\">Stro\u00adna internetowa<\/a><\/p><\/div>\n<\/div><\/div><\/div><\/div>\n<\/div><\/div><\/div>\n\n\n\n<div class=\"wp-block-stackable-column stk-block-column stk-column stk-block stk-f732161\" data-v=\"4\" data-block-id=\"f732161\"><div class=\"stk-column-wrapper stk-block-column__content stk-container stk-f732161-container stk--no-background stk--no-padding\"><div class=\"stk-block-content stk-inner-blocks stk-f732161-inner-blocks\">\n<div class=\"wp-block-stackable-card stk-block-card stk-block stk-6f8a2ac is-style-default\" data-v=\"2\" data-block-id=\"6f8a2ac\"><style>.stk-6f8a2ac .stk-block-card__image{height:200px !important;}.stk-6f8a2ac .stk-block-card__image img{transform:scale(0.68) !important;}<\/style><div class=\"stk--no-padding stk-container stk-6f8a2ac-container stk-hover-parent\"><figure class=\"stk-block-card__image stk-img-wrapper stk-image--shape-stretch\"><img decoding=\"async\" class=\"stk-img wp-image-43808\" src=\"https:\/\/www.anika-net.de\/wp-content\/uploads\/2023\/11\/IB-Logo_RGB.jpg\" width=\"1113\" height=\"1117\" srcset=\"https:\/\/www.anika-net.de\/wp-content\/uploads\/2023\/11\/IB-Logo_RGB.jpg 1113w, https:\/\/www.anika-net.de\/wp-content\/uploads\/2023\/11\/IB-Logo_RGB-300x300.jpg 300w, https:\/\/www.anika-net.de\/wp-content\/uploads\/2023\/11\/IB-Logo_RGB-1020x1024.jpg 1020w, https:\/\/www.anika-net.de\/wp-content\/uploads\/2023\/11\/IB-Logo_RGB-150x150.jpg 150w, https:\/\/www.anika-net.de\/wp-content\/uploads\/2023\/11\/IB-Logo_RGB-768x771.jpg 768w, https:\/\/www.anika-net.de\/wp-content\/uploads\/2023\/11\/IB-Logo_RGB-480x482.jpg 480w, https:\/\/www.anika-net.de\/wp-content\/uploads\/2023\/11\/IB-Logo_RGB-100x100.jpg 100w, https:\/\/www.anika-net.de\/wp-content\/uploads\/2023\/11\/IB-Logo_RGB-200x200.jpg 200w\" sizes=\"(max-width: 1113px) 100vw, 1113px\"><\/figure><div class=\"stk-container-padding stk-block-card__content\"><div class=\"stk-block-content stk-inner-blocks stk-6f8a2ac-inner-blocks\">\n<div class=\"wp-block-stackable-heading stk-block-heading stk-block-heading--v2 stk-block stk-3b2e4a5\" id=\"internationaler-bund\" data-block-id=\"3b2e4a5\"><h2 class=\"stk-block-heading__text\">Inter\u00adna\u00adtio\u00adna\u00adler&nbsp;Bund<\/h2><\/div>\n\n\n\n<div class=\"wp-block-stackable-text stk-block-text stk-block stk-0508e73\" data-block-id=\"0508e73\"><p class=\"stk-block-text__text\">\ud83d\udccdSie\u00admen\u00adsal\u00adlee 84<br>76187 Karls\u00adru\u00adhe<br>\ud83d\udcde 0721 850 19 29<br>\ud83d\udce7 <a href=\"javascript:linkTo_UnCryptMailto(%27drzckf1zewfRwlkliv4xrkv5vl%27);\">melina.urena(at)i<\/a>b.de<br>viktoria.belsch(at)ib.de<br>\ud83c\udf10 <a href=\"https:\/\/www.internationaler-bund.de\/angebot\/10602\" rel=\"noopener\">Stro\u00adna internetowa<\/a><\/p><\/div>\n<\/div><\/div><\/div><\/div>\n<\/div><\/div><\/div>\n\n\n\n<div class=\"wp-block-stackable-column stk-block-column stk-column stk-block stk-e2e3202\" data-v=\"4\" data-block-id=\"e2e3202\"><div class=\"stk-column-wrapper stk-block-column__content stk-container stk-e2e3202-container stk--no-background stk--no-padding\"><div class=\"stk-block-content stk-inner-blocks stk-e2e3202-inner-blocks\">\n<div class=\"wp-block-stackable-card stk-block-card stk-block stk-03047ab is-style-default\" data-v=\"2\" data-block-id=\"03047ab\"><style>.stk-03047ab .stk-block-card__image{height:200px !important;}.stk-03047ab .stk-block-card__image img{transform:scale(0.68) !important;}<\/style><div class=\"stk--no-padding stk-container stk-03047ab-container stk-hover-parent\"><figure class=\"stk-block-card__image stk-img-wrapper stk-image--shape-stretch\"><img decoding=\"async\" class=\"stk-img wp-image-37764\" src=\"https:\/\/www.anika-net.de\/wp-content\/uploads\/2023\/05\/logo-500-x-500.jpg\" width=\"500\" height=\"500\" srcset=\"https:\/\/www.anika-net.de\/wp-content\/uploads\/2023\/05\/logo-500-x-500.jpg 500w, https:\/\/www.anika-net.de\/wp-content\/uploads\/2023\/05\/logo-500-x-500-300x300.jpg 300w, https:\/\/www.anika-net.de\/wp-content\/uploads\/2023\/05\/logo-500-x-500-150x150.jpg 150w, https:\/\/www.anika-net.de\/wp-content\/uploads\/2023\/05\/logo-500-x-500-480x480.jpg 480w, https:\/\/www.anika-net.de\/wp-content\/uploads\/2023\/05\/logo-500-x-500-100x100.jpg 100w, https:\/\/www.anika-net.de\/wp-content\/uploads\/2023\/05\/logo-500-x-500-200x200.jpg 200w\" sizes=\"(max-width: 500px) 100vw, 500px\"><\/figure><div class=\"stk-container-padding stk-block-card__content\"><div class=\"stk-block-content stk-inner-blocks stk-03047ab-inner-blocks\">\n<div class=\"wp-block-stackable-heading stk-block-heading stk-block-heading--v2 stk-block stk-98571af\" id=\"qew-bildungszentrum\" data-block-id=\"98571af\"><h2 class=\"stk-block-heading__text\">QEW-Bil\u00addung\u00adszen\u00adtrum<\/h2><\/div>\n\n\n\n<div class=\"wp-block-stackable-text stk-block-text stk-block stk-3c63190\" data-block-id=\"3c63190\"><p class=\"stk-block-text__text\">\ud83d\udccd Bahn\u00adho\u00adfstra\u00ad\u00dfe 46<br>76137 Karls\u00adru\u00adhe<br>\ud83d\udcde 0721 383 168 10<br>\ud83d\udce7 info(at)qew-bildungszentrum.de<br>\ud83c\udf10 <a href=\"https:\/\/qew-bildungszentrum.de\/\" rel=\"noopener\">Stro\u00adna internetowa<\/a><\/p><\/div>\n<\/div><\/div><\/div><\/div>\n<\/div><\/div><\/div>\n<\/div><\/div>\n\n<div class=\"wp-block-stackable-columns stk-block-columns stk-block stk-afeed89\" data-block-id=\"afeed89\"><div class=\"stk-row stk-inner-blocks stk-block-content stk-content-align stk-afeed89-column\">\n<div class=\"wp-block-stackable-column stk-block-column stk-column stk-block stk-a74e8d8\" data-v=\"4\" data-block-id=\"a74e8d8\"><div class=\"stk-column-wrapper stk-block-column__content stk-container stk-a74e8d8-container stk--no-background stk--no-padding\"><div class=\"stk-block-content stk-inner-blocks stk-a74e8d8-inner-blocks\">\n<div class=\"wp-block-stackable-card stk-block-card stk-block stk-930e2f4 is-style-default\" data-v=\"2\" data-block-id=\"930e2f4\"><style>.stk-930e2f4 .stk-block-card__image{aspect-ratio:4\/3 !important;height:auto !important;}.stk-930e2f4 .stk-block-card__image img{transform:scale(0.68) !important;}@media screen and (max-width:1200px){.stk-930e2f4 .stk-block-card__image{height:auto !important;}}@media screen and (max-width:900px){.stk-930e2f4 .stk-block-card__image{height:auto !important;}}<\/style><div class=\"stk--no-padding stk-container stk-930e2f4-container stk-hover-parent\"><figure class=\"stk-block-card__image stk-img-wrapper stk-image--shape-stretch\"><img decoding=\"async\" class=\"stk-img wp-image-5684\" src=\"https:\/\/www.anika-net.de\/wp-content\/uploads\/2021\/10\/Logo-Sprachakademie-Karlsruhe-1.png\" width=\"2000\" height=\"2000\" srcset=\"https:\/\/www.anika-net.de\/wp-content\/uploads\/2021\/10\/Logo-Sprachakademie-Karlsruhe-1.png 2000w, https:\/\/www.anika-net.de\/wp-content\/uploads\/2021\/10\/Logo-Sprachakademie-Karlsruhe-1-300x300.png 300w, https:\/\/www.anika-net.de\/wp-content\/uploads\/2021\/10\/Logo-Sprachakademie-Karlsruhe-1-1024x1024.png 1024w, https:\/\/www.anika-net.de\/wp-content\/uploads\/2021\/10\/Logo-Sprachakademie-Karlsruhe-1-150x150.png 150w, https:\/\/www.anika-net.de\/wp-content\/uploads\/2021\/10\/Logo-Sprachakademie-Karlsruhe-1-768x768.png 768w, https:\/\/www.anika-net.de\/wp-content\/uploads\/2021\/10\/Logo-Sprachakademie-Karlsruhe-1-1536x1536.png 1536w, https:\/\/www.anika-net.de\/wp-content\/uploads\/2021\/10\/Logo-Sprachakademie-Karlsruhe-1-600x600.png 600w, https:\/\/www.anika-net.de\/wp-content\/uploads\/2021\/10\/Logo-Sprachakademie-Karlsruhe-1-320x320.png 320w, https:\/\/www.anika-net.de\/wp-content\/uploads\/2021\/10\/Logo-Sprachakademie-Karlsruhe-1-100x100.png 100w, https:\/\/www.anika-net.de\/wp-content\/uploads\/2021\/10\/Logo-Sprachakademie-Karlsruhe-1-200x200.png 200w\" sizes=\"(max-width: 2000px) 100vw, 2000px\"><\/figure><div class=\"stk-container-padding stk-block-card__content\"><div class=\"stk-block-content stk-inner-blocks stk-930e2f4-inner-blocks\">\n<div class=\"wp-block-stackable-heading stk-block-heading stk-block-heading--v2 stk-block stk-2ad450c\" id=\"sprac\" data-block-id=\"2ad450c\"><h2 class=\"stk-block-heading__text\">Spra\u00adcha\u00adka\u00adde\u00admie Karlsruhe<\/h2><\/div>\n\n\n\n<div class=\"wp-block-stackable-text stk-block-text stk-block stk-3202787\" data-block-id=\"3202787\"><p class=\"stk-block-text__text\">\ud83d\udccdWald\u00adstra\u00ad\u00dfe 41 \u2014 43<br>76133 Karls\u00adru\u00adhe<br>\ud83d\udcde 0721 203 99 60<br>\ud83d\udce7 <a href=\"javascript:linkTo_UnCryptMailto(%27drzckf1zewfRjgirtyrbruvdzv4bricjilyv5uv%27);\">info(at)sprachakademie-karlsruhe.de<\/a><br>\ud83c\udf10 <a href=\"https:\/\/sprachakademie-karlsruhe.de\/grundstufeintergrationskurse_kurse\/\" rel=\"noopener\">Stro\u00adna internetowa<\/a><\/p><\/div>\n<\/div><\/div><\/div><\/div>\n<\/div><\/div><\/div>\n\n\n\n<div class=\"wp-block-stackable-column stk-block-column stk-column stk-block stk-0c129aa\" data-v=\"4\" data-block-id=\"0c129aa\"><div class=\"stk-column-wrapper stk-block-column__content stk-container stk-0c129aa-container stk--no-background stk--no-padding\"><div class=\"stk-block-content stk-inner-blocks stk-0c129aa-inner-blocks\">\n<div class=\"wp-block-stackable-card stk-block-card stk-block stk-6c67e5a is-style-default\" data-v=\"2\" data-block-id=\"6c67e5a\"><style>.stk-6c67e5a .stk-block-card__image{aspect-ratio:4\/3 !important;height:auto !important;}.stk-6c67e5a .stk-block-card__image img{transform:scale(0.68) !important;}@media screen and (max-width:1200px){.stk-6c67e5a .stk-block-card__image{height:auto !important;}}@media screen and (max-width:900px){.stk-6c67e5a .stk-block-card__image{height:auto !important;}}<\/style><div class=\"stk--no-padding stk-container stk-6c67e5a-container stk-hover-parent\"><figure class=\"stk-block-card__image stk-img-wrapper stk-image--shape-stretch\"><img decoding=\"async\" class=\"stk-img wp-image-315\" src=\"https:\/\/www.anika-net.de\/wp-content\/uploads\/2021\/05\/VHS_Logo.png\" width=\"151\" height=\"112\" alt=\"VHS Karlsruhe\"><\/figure><div class=\"stk-container-padding stk-block-card__content\"><div class=\"stk-block-content stk-inner-blocks stk-6c67e5a-inner-blocks\">\n<div class=\"wp-block-stackable-heading stk-block-heading stk-block-heading--v2 stk-block stk-93c2473\" id=\"vhs-karlsruhe\" data-block-id=\"93c2473\"><h2 class=\"stk-block-heading__text\">vhs Karls\u00adru\u00adhe<\/h2><\/div>\n\n\n\n<div class=\"wp-block-stackable-text stk-block-text stk-block stk-c88f902\" data-block-id=\"c88f902\"><p class=\"stk-block-text__text\">\ud83d\udccd Kaise\u00adral\u00adlee 12 e<br>76133 Karls\u00adru\u00adhe<br>\ud83d\udcde 0721 985 75 902<br><a href=\"javascript:linkTo_UnCryptMailto(%27drzckf1zewfRmyj4bricjilyv5uv%27);\">\ud83d\udce7 daf@vhs-karlsruhe.de<\/a><br>\ud83c\udf10 S <a href=\"https:\/\/www.vhs-karlsruhe.de\/p\/deutsch\/integration-bamf-699-CAT-KAT514\" rel=\"noopener\">tro\u00adna internetowa<\/a><\/p><\/div>\n<\/div><\/div><\/div><\/div>\n<\/div><\/div><\/div>\n\n\n\n<div class=\"wp-block-stackable-column stk-block-column stk-column stk-block stk-1691e4d\" data-v=\"4\" data-block-id=\"1691e4d\"><div class=\"stk-column-wrapper stk-block-column__content stk-container stk-1691e4d-container stk--no-background stk--no-padding\"><div class=\"stk-block-content stk-inner-blocks stk-1691e4d-inner-blocks\"><\/div><\/div><\/div>\n<\/div><\/div>\n","protected":false},"excerpt":{"rendered":"<p>Aktu\u00adal\u00adno\u00ad\u015bci! Wst\u0119p\u00adny kurs orien\u00adta\u00adcyj\u00adny w&nbsp;vhs \u2705 300 Unter\u00adrichts\u00adstun\u00addenKie\u00addy: 18.05.2026 do 21.08.2026Gdzie: Volks\u00adhoch\u00adschu\u00adle Karls\u00adru\u00adhe\ud83c\udfaf Gru\u00adpa doce\u00adlo\u00adwa: Uchod\u017a\u00adcy i imi\u00adgran\u00adci Wi\u0119\u00adcej infor\u00adma\u00adcji tutaj Kur\u00adsy inte\u00adgra\u00adcyj\u00adne to naj\u00adpo\u00adpu\u00adlar\u00adniej\u00adsze kur\u00adsy j\u0119zy\u00adko\u00adwe dla os\u00f3b, kt\u00f3\u00adre&nbsp;<a class=\"moretag\" href=\"https:\/\/www.anika-net.de\/pl\/nauka-jezyka-niemieckiego\/kursy-integracyjne\/\">czy\u00adtaj wi\u0119cej<\/a><\/p>\n","protected":false},"author":12,"featured_media":34229,"parent":34531,"menu_order":0,"comment_status":"closed","ping_status":"closed","template":"","meta":{"_acf_changed":false,"inline_featured_image":false,"_uag_custom_page_level_css":"","wp_typography_post_enhancements_disabled":false,"footnotes":""},"class_list":["post-34590","page","type-page","status-publish","has-post-thumbnail","hentry"],"acf":[],"featured_image_urls_v2":{"full":["https:\/\/www.anika-net.de\/wp-content\/uploads\/2023\/03\/integration-courses-360x200-1.jpg",360,200,false],"thumbnail":["https:\/\/www.anika-net.de\/wp-content\/uploads\/2023\/03\/integration-courses-360x200-1-150x150.jpg",150,150,true],"medium":["https:\/\/www.anika-net.de\/wp-content\/uploads\/2023\/03\/integration-courses-360x200-1-300x167.jpg",300,167,true],"medium_large":["https:\/\/www.anika-net.de\/wp-content\/uploads\/2023\/03\/integration-courses-360x200-1.jpg",360,200,false],"large":["https:\/\/www.anika-net.de\/wp-content\/uploads\/2023\/03\/integration-courses-360x200-1.jpg",360,200,false],"1536x1536":["https:\/\/www.anika-net.de\/wp-content\/uploads\/2023\/03\/integration-courses-360x200-1.jpg",360,200,false],"2048x2048":["https:\/\/www.anika-net.de\/wp-content\/uploads\/2023\/03\/integration-courses-360x200-1.jpg",360,200,false],"event-overview":["https:\/\/www.anika-net.de\/wp-content\/uploads\/2023\/03\/integration-courses-360x200-1.jpg",360,200,false],"event-archive-thumb":["https:\/\/www.anika-net.de\/wp-content\/uploads\/2023\/03\/integration-courses-360x200-1.jpg",360,200,false],"grid-item-thumbnail":["https:\/\/www.anika-net.de\/wp-content\/uploads\/2023\/03\/integration-courses-360x200-1-360x200.jpg",360,200,true],"network-partner-icon":["https:\/\/www.anika-net.de\/wp-content\/uploads\/2023\/03\/integration-courses-360x200-1-100x100.jpg",100,100,true],"organiser-icon":["https:\/\/www.anika-net.de\/wp-content\/uploads\/2023\/03\/integration-courses-360x200-1-200x200.jpg",200,200,true],"gform-image-choice-sm":["https:\/\/www.anika-net.de\/wp-content\/uploads\/2023\/03\/integration-courses-360x200-1.jpg",300,167,false],"gform-image-choice-md":["https:\/\/www.anika-net.de\/wp-content\/uploads\/2023\/03\/integration-courses-360x200-1.jpg",360,200,false],"gform-image-choice-lg":["https:\/\/www.anika-net.de\/wp-content\/uploads\/2023\/03\/integration-courses-360x200-1.jpg",360,200,false]},"post_excerpt_stackable_v2":"<p>Aktu\u00adal\u00adno\u00ad\u015bci! Wst\u0119p\u00adny kurs orien\u00adta\u00adcyj\u00adny w&nbsp;vhs \u2705 300 Unter\u00adrichts\u00adstun\u00addenKie\u00addy: 18.05.2026 do 21.08.2026Gdzie: Volks\u00adhoch\u00adschu\u00adle Karls\u00adru\u00adhe\ud83c\udfaf Gru\u00adpa doce\u00adlo\u00adwa: Uchod\u017a\u00adcy i imi\u00adgran\u00adci Wi\u0119\u00adcej infor\u00adma\u00adcji tutaj Kur\u00adsy inte\u00adgra\u00adcyj\u00adne to naj\u00adpo\u00adpu\u00adlar\u00adniej\u00adsze kur\u00adsy j\u0119zy\u00adko\u00adwe dla os\u00f3b, kt\u00f3\u00adre dopie\u00adro przy\u00adby\u00ad\u0142y do Nie\u00admiec. Poma\u00adga\u00adj\u0105 migran\u00adtom sta\u0107 si\u0119 cz\u0119\u00ad\u015bci\u0105 codzien\u00adne\u00adgo \u017cycia \u2014 w pra\u00adcy, w spo\u00ad\u0142e\u00adcze\u0144\u00adstwie i w spo\u00ad\u0142ecz\u00adno\u00ad\u015bci.&nbsp; Wi\u0119k\u00adszo\u015b\u0107 kur\u00ads\u00f3w ko\u0144\u00adczy si\u0119 egza\u00admi\u00adnem \u201cNie\u00admiec\u00adki test dla imi\u00adgran\u00adt\u00f3w\u201d (DTZ). Po zda\u00adniu egza\u00admi\u00adnu mo\u017c\u00adna osi\u0105\u00adgn\u0105\u0107 poziom B1 j\u0119zy\u00adka nie\u00admiec\u00adkie\u00adgo. Kto mo\u017ce wzi\u0105\u0107 udzia\u0142 w kur\u00adsie inte\u00adgra\u00adcyj\u00adnym? Nowi imi\u00adgran\u00adci maj\u0105 zazwy\u00adczaj pra\u00adwo do jed\u00adno\u00adra\u00adzo\u00adwe\u00adgo udzia\u00ad\u0142u w kur\u00adsie inte\u00adgra\u00adcyj\u00adnym. Oso\u00adby miesz\u00adka\u00adj\u0105\u00adce w Niem\u00adczech od d\u0142u\u017c\u00adsze\u00adgo cza\u00adsu i oby\u00adwa\u00adte\u00adle UE r\u00f3w\u00adnie\u017c mog\u0105 do\u0142\u0105\u00adczy\u0107,&nbsp;w\u2026<\/p>\n","category_list_v2":"","author_info_v2":{"name":"Andrea Ramirez","url":"https:\/\/www.anika-net.de\/pl\/author\/andrea-ramirez\/"},"comments_num_v2":"0 comments","uagb_featured_image_src":{"full":["https:\/\/www.anika-net.de\/wp-content\/uploads\/2023\/03\/integration-courses-360x200-1.jpg",360,200,false],"thumbnail":["https:\/\/www.anika-net.de\/wp-content\/uploads\/2023\/03\/integration-courses-360x200-1-150x150.jpg",150,150,true],"medium":["https:\/\/www.anika-net.de\/wp-content\/uploads\/2023\/03\/integration-courses-360x200-1-300x167.jpg",300,167,true],"medium_large":["https:\/\/www.anika-net.de\/wp-content\/uploads\/2023\/03\/integration-courses-360x200-1.jpg",360,200,false],"large":["https:\/\/www.anika-net.de\/wp-content\/uploads\/2023\/03\/integration-courses-360x200-1.jpg",360,200,false],"1536x1536":["https:\/\/www.anika-net.de\/wp-content\/uploads\/2023\/03\/integration-courses-360x200-1.jpg",360,200,false],"2048x2048":["https:\/\/www.anika-net.de\/wp-content\/uploads\/2023\/03\/integration-courses-360x200-1.jpg",360,200,false],"event-overview":["https:\/\/www.anika-net.de\/wp-content\/uploads\/2023\/03\/integration-courses-360x200-1.jpg",360,200,false],"event-archive-thumb":["https:\/\/www.anika-net.de\/wp-content\/uploads\/2023\/03\/integration-courses-360x200-1.jpg",360,200,false],"grid-item-thumbnail":["https:\/\/www.anika-net.de\/wp-content\/uploads\/2023\/03\/integration-courses-360x200-1-360x200.jpg",360,200,true],"network-partner-icon":["https:\/\/www.anika-net.de\/wp-content\/uploads\/2023\/03\/integration-courses-360x200-1-100x100.jpg",100,100,true],"organiser-icon":["https:\/\/www.anika-net.de\/wp-content\/uploads\/2023\/03\/integration-courses-360x200-1-200x200.jpg",200,200,true],"gform-image-choice-sm":["https:\/\/www.anika-net.de\/wp-content\/uploads\/2023\/03\/integration-courses-360x200-1.jpg",300,167,false],"gform-image-choice-md":["https:\/\/www.anika-net.de\/wp-content\/uploads\/2023\/03\/integration-courses-360x200-1.jpg",360,200,false],"gform-image-choice-lg":["https:\/\/www.anika-net.de\/wp-content\/uploads\/2023\/03\/integration-courses-360x200-1.jpg",360,200,false]},"uagb_author_info":{"display_name":"Andrea Ramirez","author_link":"https:\/\/www.anika-net.de\/pl\/author\/andrea-ramirez\/"},"uagb_comment_info":0,"uagb_excerpt":"Aktu\u00adal\u00adno\u00ad\u015bci! Wst\u0119p\u00adny kurs orien\u00adta\u00adcyj\u00adny w&nbsp;vhs \u2705 300 Unter\u00adrichts\u00adstun\u00addenKie\u00addy: 18.05.2026 do 21.08.2026Gdzie: Volks\u00adhoch\u00adschu\u00adle Karls\u00adru\u00adhe\ud83c\udfaf Gru\u00adpa doce\u00adlo\u00adwa: Uchod\u017a\u00adcy i imi\u00adgran\u00adci Wi\u0119\u00adcej infor\u00adma\u00adcji tutaj Kur\u00adsy inte\u00adgra\u00adcyj\u00adne to naj\u00adpo\u00adpu\u00adlar\u00adniej\u00adsze kur\u00adsy j\u0119zy\u00adko\u00adwe dla os\u00f3b, kt\u00f3\u00adre&nbsp;czytaj wi\u0119cej","_links":{"self":[{"href":"https:\/\/www.anika-net.de\/pl\/wp-json\/wp\/v2\/pages\/34590","targetHints":{"allow":["GET"]}}],"collection":[{"href":"https:\/\/www.anika-net.de\/pl\/wp-json\/wp\/v2\/pages"}],"about":[{"href":"https:\/\/www.anika-net.de\/pl\/wp-json\/wp\/v2\/types\/page"}],"author":[{"embeddable":true,"href":"https:\/\/www.anika-net.de\/pl\/wp-json\/wp\/v2\/users\/12"}],"replies":[{"embeddable":true,"href":"https:\/\/www.anika-net.de\/pl\/wp-json\/wp\/v2\/comments?post=34590"}],"version-history":[{"count":7,"href":"https:\/\/www.anika-net.de\/pl\/wp-json\/wp\/v2\/pages\/34590\/revisions"}],"predecessor-version":[{"id":121688,"href":"https:\/\/www.anika-net.de\/pl\/wp-json\/wp\/v2\/pages\/34590\/revisions\/121688"}],"up":[{"embeddable":true,"href":"https:\/\/www.anika-net.de\/pl\/wp-json\/wp\/v2\/pages\/34531"}],"wp:featuredmedia":[{"embeddable":true,"href":"https:\/\/www.anika-net.de\/pl\/wp-json\/wp\/v2\/media\/34229"}],"wp:attachment":[{"href":"https:\/\/www.anika-net.de\/pl\/wp-json\/wp\/v2\/media?parent=34590"}],"curies":[{"name":"wp","href":"https:\/\/api.w.org\/{rel}","templated":true}]}}